{"id":8669,"date":"2025-01-19T15:16:31","date_gmt":"2025-01-19T14:16:31","guid":{"rendered":"https:\/\/lecompagnonrouge.fr\/?page_id=8669"},"modified":"2026-03-28T11:56:14","modified_gmt":"2026-03-28T10:56:14","slug":"nano-lexique","status":"publish","type":"page","link":"https:\/\/lecompagnonrouge.fr\/?page_id=8669","title":{"rendered":"Nano lexique."},"content":{"rendered":"\n<p class=\"has-text-align-right has-small-font-size\"><em>Sur ce dont on ne peut parler, il faut garder le silence.<\/em> L.W.<\/p>\n\n\n\n<p class=\"has-text-align-center has-medium-font-size\" id=\"haut-de-page\"><a href=\"#A\">A<\/a>, <a href=\"#b\">B<\/a>, <a href=\"#c\">C<\/a>, <a href=\"#d\">D<\/a>, <a href=\"#e\">E<\/a>, <a href=\"#f\">F<\/a>, <a href=\"#g\">G<\/a>, <a href=\"#h\">H<\/a>, <a href=\"#i\">I<\/a>, <a href=\"#l\">L<\/a>, <a href=\"#m\">M<\/a>, <a href=\"#n\">N<\/a>, <a href=\"#o\">O<\/a>,<a href=\"#p\">P<\/a>, <a href=\"#q\">Q<\/a>, <a href=\"#r\">R<\/a>, <a href=\"#s\">S<\/a>, <a href=\"#t\">T<\/a>, <a href=\"#u\">U<\/a>, <a href=\"#v\">V<\/a>, <a href=\"#x\">X<\/a>, <a href=\"#z\">Z<\/a><\/p>\n\n\n\n<p><\/p>\n\n\n\n<p><\/p>\n\n\n\n<h2 class=\"wp-block-heading has-text-align-center has-medium-font-size\" id=\"A\"><mark style=\"background-color:rgba(0, 0, 0, 0)\" class=\"has-inline-color has-luminous-vivid-orange-color\">A. <a href=\"#haut-de-page\">Haut de page<\/a><\/mark><\/h2>\n\n\n\n<p class=\"has-medium-font-size\" id=\"a-\"><br><strong>A-&nbsp;: <\/strong><\/p>\n\n\n\n<p class=\"has-medium-font-size\">Pr\u00e9fixe privatif&nbsp;: aphylle&nbsp;: sans feuille, ap\u00e9tale&nbsp;: sans p\u00e9tale, apt\u00e8re&nbsp;: un dimanche sur deux, acaule&nbsp;: sans tige.<\/p>\n\n\n\n<h2 class=\"wp-block-heading has-medium-font-size\" id=\"abiotique\"><strong>Abiotique<\/strong> <strong>[descripteur. \u00e9cologie]<\/strong><\/h2>\n\n\n\n<p class=\"has-medium-font-size\">Concerne des situations qui ne sont pas engag\u00e9es par le vivant: <a href=\"#\u00e9cologie-climat\">climat<\/a>, min\u00e9ralogie du sol, etc. Voir <a href=\"#ellenberg\">Ellenberg<\/a>.<\/p>\n\n\n\n<h2 class=\"wp-block-heading has-medium-font-size\" id=\"accidentelle\"><br><strong>Accidentelle&nbsp;[descripteur. phytosociologie; notion botanique] : <\/strong><\/h2>\n\n\n\n<p class=\"has-medium-font-size\">En <a href=\"#phytosociologie\">phytosociologie<\/a> (\u00e9tude des communaut\u00e9s de plantes&nbsp;: la mani\u00e8re dont elles se rassemblent fonction des limites et faveurs \u00e9cologiques)&nbsp;: plante dont la pr\u00e9sence n\u2019est pas significative. Car arriv\u00e9e l\u00e0 par hasard. <\/p>\n\n\n\n<p class=\"has-medium-font-size\">En botanique, plante qui n&rsquo;est pas indig\u00e8ne, qui a un comportement spontan\u00e9, et qui a \u00e9t\u00e9 introduite par accident, mais non <a href=\"#subspontan\u00e9e\">\u00e9chapp\u00e9e d&rsquo;une culture<\/a>.<\/p>\n\n\n\n<p><\/p>\n\n\n\n<h2 class=\"wp-block-heading has-medium-font-size\" id=\"accrescent\"><strong>Accrescent [descripteur botanique]:<\/strong><\/h2>\n\n\n\n<p class=\"has-medium-font-size\">Qualifie n&rsquo;importe quel organe floral qui continue \u00e0 grandir en post-floraison.<\/p>\n\n\n\n<p><\/p>\n\n\n\n<h2 class=\"wp-block-heading has-medium-font-size\" id=\"ach\u00e8ne\"><strong>Ach\u00e8ne<\/strong> <strong>[descripteur botanique. type de fruit]<\/strong><\/h2>\n\n\n\n<p class=\"has-medium-font-size\">voir <a href=\"#ak\u00e8ne\">ak\u00e8ne<\/a><\/p>\n\n\n\n<p><\/p>\n\n\n\n<h2 class=\"wp-block-heading has-medium-font-size\" id=\"acicul\u00e9\"><strong>Acicul\u00e9.e<\/strong> <strong>[descripteur botanique]<\/strong>:<\/h2>\n\n\n\n<p class=\"has-medium-font-size\">En forme d&rsquo;aiguillon souvent droit tr\u00e8s mince\/\u00e9troit.<\/p>\n\n\n\n<p><\/p>\n\n\n\n<h2 class=\"wp-block-heading has-medium-font-size\" id=\"acumin\u00e9\"><strong>Acumin\u00e9<\/strong> <strong>[descripteur botanique]<\/strong><\/h2>\n\n\n\n<p class=\"has-medium-font-size\">Se dit d&rsquo;un organe se terminant par une pointe fine, effil\u00e9e, plus longue qu&rsquo;un <a href=\"#apicul\u00e9\">apicule<\/a>. Un acumen.<\/p>\n\n\n\n<h2 class=\"wp-block-heading has-medium-font-size\" id=\"adaptatif\"><strong>Adaptation\/ \u00e9volution<\/strong> <strong>[Sciences de l&rsquo;\u00e9volution]<\/strong><\/h2>\n\n\n\n<p class=\"has-medium-font-size\">On est dans le champ darwinien. En g\u00e9n\u00e9ral, le terme \u00e9volution est utilis\u00e9. Lorsqu&rsquo;une solution s&rsquo;est fait jour et qu&rsquo;elle est pertinente, elle a vocation \u00e0 se r\u00e9pandre. L&rsquo;exemple darwinien le plus c\u00e9l\u00e8bre concernant ce sujet est l&rsquo;\u00e9tude des becs chez les pinsons. Le terme d&rsquo;\u00e9volution risque de sous entendre la disparition de solutions apparues plus anciennement. Mais il reste utilis\u00e9 justement car il permet de montrer qu&rsquo;une innovation est suppos\u00e9e plus r\u00e9cente qu&rsquo;une autre. Cela simplifie les raisonnements et la m\u00e9morisation. Le terme d&rsquo;adaptation permet au contraire d&rsquo;indiquer que les innovations plus anciennes et les innovations consid\u00e9r\u00e9es comme plus r\u00e9centes cohabitent.<\/p>\n\n\n\n<p class=\"has-medium-font-size\">La version ultra simplifi\u00e9e pr\u00e9sume de la disparition des innovations plus anciennes du fait des ph\u00e9nom\u00e8nes de concurrences, mais sans prendre en compte la commensalit\u00e9, les parasitismes, la coop\u00e9ration &#8230; Ainsi que toutes autres formes d&rsquo;interactions ou d&rsquo;absences d&rsquo;interactions, et la mani\u00e8re dont se mod\u00e8le le vivant \u00e0 travers le temps.<\/p>\n\n\n\n<p class=\"has-medium-font-size\">R\u00e9fl\u00e9chir cet axiome \u00e0 l&rsquo;int\u00e9rieur d&rsquo;une seule esp\u00e8ce est une grave erreur de raisonnement. Les diff\u00e9rentes versions du darwinisme social sont ineptes par nature et ont \u00e9galement plut\u00f4t souvent (bien moins chez l&rsquo;ami Kropotkine) une dimension insultante. Et cela d&rsquo;autant plus que cela concerne en premier lieu la morphologie: la tronche que peuvent avoir des corps.<\/p>\n\n\n\n<p class=\"has-medium-font-size\">L&rsquo;adaption est consid\u00e9r\u00e9e comme une r\u00e9sultante de la fitness darwinienne. La fitness indique l&rsquo;avantage quant \u00e0 la reproduction des esp\u00e8ces les mieux adapt\u00e9es \u00e0 leurs environnement. Cela renvoie \u00e9galement \u00e0 la question de l&rsquo;\u00e9nergie. <\/p>\n\n\n\n<p class=\"has-medium-font-size\">L&rsquo;expression de l&rsquo;adaptation et de la fitness, si on veut la prendre en compte, est un peu particuli\u00e8re en ce qui concerne les plantes. Cela se r\u00e9f\u00e8re \u00e0 la <a href=\"#grime\">strat\u00e9gie CSR<\/a> et \u00e0 la typologie de <a href=\"#raunkaier\">Raunkaier<\/a>, ainsi qu&rsquo;\u00e0 l&rsquo;\u00e9chelle d&rsquo;<a href=\"#ellenberg\">Ellenberg<\/a> et \u00e0 la <a href=\"#trophie\">trophie<\/a>. La typologie de Raunkaier d\u00e9finit diff\u00e9rent profils \u00e9cologiques correspondant \u00e0 diff\u00e9rent p\u00e9rim\u00e8tres strat\u00e9giques (CSR). Ainsi classiquement les annuelles (th\u00e9rophytes) ont pour strat\u00e9gies de produire de tr\u00e8s grandes quantit\u00e9s de graines, et de mourir suite \u00e0 la fructification. Alors que les cham\u00e9phytes sont arrach\u00e9es par des manipulations aux sols tels des sarclages, les graines des annuelles restent et s&rsquo;exprimeront \u00e0 la prochaine saison favorable. Il s&rsquo;agit d&rsquo;une modalit\u00e9 d&rsquo;adaptation. Il s&rsquo;agit des plantes rud\u00e9rales. Ces plantes ont une grande descendance mais &#8230; pour ainsi dire sont les plus \u00ab\u00a0faibles\u00a0\u00bb.<\/p>\n\n\n\n<p class=\"has-medium-font-size\">Les cham\u00e9phytes quant \u00e0 elles sont r\u00e9sistantes \u00e0 des situations particuli\u00e8res: un peu trop froide ou un peu trop s\u00e8ches. L&rsquo;\u00e9chelle d&rsquo;Ellenberg pr\u00e9sente des caract\u00e9ristiques \u00e9cologiques, et trophiques.<\/p>\n\n\n\n<p class=\"has-medium-font-size\">Voir \u00e0 <a href=\"#\u00e9nergie\">Energie<\/a>.<\/p>\n\n\n\n<p><\/p>\n\n\n\n<h2 class=\"wp-block-heading has-medium-font-size\" id=\"Adventice\"><strong><br>Adventice&nbsp;: <\/strong><\/h2>\n\n\n\n<p class=\"has-medium-font-size\">Terme un peu chic pour dire \u00ab&nbsp;mauvaise herbe&nbsp;\u00bb. Plantes profitant des conditions de cultures, pour s\u2019y installer. Elles pr\u00e9f\u00e8rent ces situations. Soit g\u00e9n\u00e9ralement en raison de la <a href=\"#trophie\">trophie<\/a>, soit en raison de la <a href=\"#rud\u00e9ral\">rud\u00e9ralit\u00e9<\/a>. Soit encore parce qu&rsquo;elles n&rsquo;ont pas le choix. Elle s&rsquo;y r\u00e9fugient d&rsquo;une concurrence trop importante ailleurs. Ce terme n&rsquo;est plus utilis\u00e9 que dans le contexte agricole ou jardin.<\/p>\n\n\n\n<h2 class=\"wp-block-heading has-medium-font-size\" id=\"agriculture\"><strong>Agriculture (points de rep\u00e8res)<\/strong><\/h2>\n\n\n\n<p class=\"has-medium-font-size\">Concernant l\u2019agriculture, il faut d\u2019abord remarquer que les San et les Sentinelles forment sans doute les seuls contre-mod\u00e8les ne pratiquant aucune forme d&rsquo;\u00e9levage ni de cultures.<\/p>\n\n\n\n<p class=\"has-medium-font-size\">Quelques rep\u00e8res temporels&nbsp;:<\/p>\n\n\n\n<p class=\"has-medium-font-size\">Les faveurs aux engrais n\u2019ont pas forc\u00e9ment de d\u00e9but d\u2019histoire (?) La mise en culture du bl\u00e9 n\u2019implique pas automatiquement le sarclage. Mais il y a tout de m\u00eame possiblement la question du d\u00e9sherbage. Sa domestication il y a un peu moins de 10 000 ans en Asie occidentale, je serais vraiment surpris que cela n\u2019implique pas le sarclage. Idem du Ma\u00efs (a priori domestiqu\u00e9 il y a environ 9000 ans dans le sud ouest du Mexique), Soja (domestiqu\u00e9 il y a environ 5000 ans, probablement au sud de la Chine) et du riz. L\u2019ensemble de ces aliments implique la cuisson ou la fermentation. Le manioc (Manihot) \u00e9t\u00e9 domestiqu\u00e9 dans une aire partag\u00e9e entre le Br\u00e9sil et la Bolivie entre 5050 et 4050 BP. Le sarrasin est \u00e0 peu pr\u00e8s deux fois moins nutritif que le bl\u00e9 (il m&rsquo;int\u00e9resse car c&rsquo;est un aliment plut\u00f4t pauvre, et supportant les sols maigres). Sa domestication est des confins de l&rsquo;Himalaya (sud-ouest de la chine), il y a environ 3000 ou 4000 ans. Les Yi semblent suspect\u00e9s de l&rsquo;avoir r\u00e9pandu au Sichuan, ainsi que de l&rsquo;avoir plus tardivement r\u00e9pandu vers le nord de la Chine. D&rsquo;o\u00f9 il nous serait venu. Les soci\u00e9t\u00e9s n\u00e9olithiques qui ont domestiqu\u00e9s la banane pratiquaient certainement le sarclage ou des manipulations sur le sol (cultures sur buttes au niveau des marais de hauts plateaux de Papouasie-Nouvelle Guin\u00e9e, il y a un peu plus de 6000 ans).<\/p>\n\n\n\n<p class=\"has-medium-font-size\">Concernant l&rsquo;\u00e9levage, ce qui m&rsquo;int\u00e9resse un peu plus au d\u00e9part: \u00e0 savoir les parcours, les landes, les pr\u00e9s et les prairies &#8230; J&rsquo;avoue ne pas avoir pour l&rsquo;instant d&rsquo;id\u00e9e tr\u00e8s convaincante pour chercher comment trouver un historique un peu \u00ab\u00a0fiable\u00a0\u00bb. En effet, aux probl\u00e9matiques propres \u00e0 la pal\u00e9ontologie et \u00e0 l&rsquo;arch\u00e9ologie (un endroit intouch\u00e9 depuis telle date), s&rsquo;applique une typologie: parcours donn\u00e9s ou libres, zones closes. Et continuit\u00e9s entre les diff\u00e9rents types. Trouvable mais avec un peu de patience.<\/p>\n\n\n\n<p class=\"has-medium-font-size\">Les manipulations de sols en surface &#8230; Donc concernant en priorit\u00e9 le sarclage. Les raisonnements impliquent pas mal de petits aspects. On peut aller beaucoup plus profond dans le sol avec une houe qu&rsquo;avec une charrue contemporaine. On ne peut pas seulement de mon point de vue, ou en tous cas \u00e0 \u00e9chelle un peu mondiale, consid\u00e9rer l&rsquo;outil comme avanc\u00e9e technologique. Il est l\u00e0 aussi int\u00e9ressant d&rsquo;estimer \u00e0 quoi il sert. Donc d\u00e9j\u00e0 ce qu&rsquo;il produit. Or il va produire des changements dans le sol qui d\u00e9passe la question de l&rsquo;ameublissement. Mais selon les types de sols, c&rsquo;est \u00e0 dire selon la p\u00e9dog\u00e9n\u00e8se concern\u00e9e (qui ne sera pas la m\u00eame en climat temp\u00e9r\u00e9 atlantique et sous les tropiques). Peut-\u00eatre aura t&rsquo;on bient\u00f4t des informations compl\u00e9mentaires sur la p\u00e9riode durant laquelle le soc a pu \u00eatre ajout\u00e9e \u00e0 la charrue. Cet aspect technique, d&rsquo;assez belle importance je pense, implique l&rsquo;efficacit\u00e9 ou confort du geste (toujours plus facile et rapide qu&rsquo;avec une houe), mais \u00e9galement des co\u00fbts comme par exemple nourrir un cheval &#8230; (le moins cher c&rsquo;est toujours de le faire \u00e0 la main, donc la houe). D&rsquo;autres outils, tr\u00e8s \u00e9tonnant, dont je me souviens pas le nom, sortes de b\u00e2tons \u00e0 fouir &#8230; ont \u00e9galement exist\u00e9s. <\/p>\n\n\n\n<p class=\"has-medium-font-size\">Les premi\u00e8res manipulations de pentes, donc les terrasses agricoles ne sont pas tr\u00e8s faciles \u00e0 dater. On ne peut trop y appliquer un point de d\u00e9part. La fonction reconnue est la ma\u00eetrise des flux, en g\u00e9n\u00e9ral l&rsquo;eau mais parfois des flux a\u00e9riens (vent). Sur l&rsquo;\u00eele du Cap-Vert, il a \u00e9t\u00e9 remarqu\u00e9 des terrasses qui ne soutenaient pas longtemps les flux d&rsquo;eaux sur la pente (Mollard, Walter, 2008). Se transformant en bourrelets. Et r\u00e9pondant donc mal \u00e0 la fonction attendue. Il semble difficile de retrouver arch\u00e9ologiquement ou g\u00e9omorphologiquement la trace de telles terrasses molles si elles ont exist\u00e9s auparavant. Je crois qu&rsquo;il est d&rsquo;usage de consid\u00e9rer les dates de -4000 \u00e0 -3000 avant 0 pour les premi\u00e8res terrasses.<\/p>\n\n\n\n<p class=\"has-medium-font-size\">Le bocage dans l\u2019absolu n\u2019a pas vraiment d\u2019\u00e2ge mais son point de d\u00e9part doit \u00eatre situ\u00e9 \u00e0 l\u2019\u00e9poque moderne (Europe).<\/p>\n\n\n\n<p class=\"has-medium-font-size\">Au xviii (Europe), avec les physiocrates, un changement de mod\u00e8le accompagne l\u2019id\u00e9e d\u2019un abandon de l\u2019\u00c9tat. Les mati\u00e8res sont plus facilement \u00e9changeables. Et si en une r\u00e9gion une production est mauvaise, elle peut en th\u00e9orie par la \u00ab\u00a0loi du march\u00e9\u00a0\u00bb \u00eatre trouv\u00e9e en provenance d\u2019une autre r\u00e9gion.<\/p>\n\n\n\n<p class=\"has-medium-font-size\">Au XIX, des \u00ab&nbsp;agronomes&nbsp;\u00bb (il ne portaient pas ce nom l\u00e0) parcourent la France et incitent au bocage.<\/p>\n\n\n\n<p class=\"has-medium-font-size\">L\u2019agriculture industrielle a une histoire plus longue dans l\u2019ancienne URSS et aux USA. Cependant l\u2019\u00e9conomie lib\u00e9rale depuis donc le xviii implique n\u00e9cessairement une interaction (ou m\u00eame une interd\u00e9pendance \u2013cas actuel) des diff\u00e9rentes r\u00e9gions dans le monde. L\u2019agriculture industrielle implique plusieurs aspects, particuli\u00e8rement li\u00e9s \u00e0 la soci\u00e9t\u00e9 de consommation. Il peut s\u2019agir des pratiques agricoles et on remonte a la premi\u00e8re partie du XX pour l\u2019URSS et les USA (la France en ce domaine n\u2019appara\u00eet comme un exemple particuli\u00e8rement convaincant), on peut aussi remarquer la n\u00e9cessit\u00e9 d\u2019acheminer la production vers le consommateurs (la question des autoroutes nous m\u00e8ne peu avant Mussolini, en Italie). Mais globalement l\u2019interaction entre les diff\u00e9rentes r\u00e9gions du monde a dans ce contexte son importance aussi. Donc plut\u00f4t peu avant 1950. Notamment dans l\u2019hexagone, o\u00f9 l\u2019auto consommation, les produits locaux \u2026 etc (souvenir de lecture de Jean-Loup Trassard). L\u2019abandon de cette derni\u00e8re dimension est extr\u00eamement r\u00e9cente. Autrement dit, le poids de la production locale a une importance au moins jusque dans les ann\u00e9es 1950.<\/p>\n\n\n\n<p class=\"has-medium-font-size\">Fin de la seconde guerre mondiale&nbsp;: d\u00e9but de la r\u00e9volution verte. Industrialisation de l\u2019agriculture avec des parcours techniques se rapprochant de ce qui existe aux USA et en URSS, nouveaux produits intrants (li\u00e9 aux industries p\u00e9troli\u00e8res et pharmaceutiques\/ d\u2019origine parfois militaires). Agrandissement des parcelles par la suppression du bocage. Cr\u00e9ation des coop\u00e9ratives agricoles pour aider les agriculteurs. Cela permet de centraliser en chaque point, les produits n\u00e9cessaires aux parcours techniques agricoles, mais aussi les produits destin\u00e9s \u00e0 la vente. Et donc une d\u00e9pendance au syst\u00e8me routier accrue. Ces coop\u00e9ratives s\u2019inscriront par la suite dans le mod\u00e8le mondialis\u00e9 de l\u2019agriculture.<\/p>\n\n\n\n<p class=\"has-medium-font-size\"><br>L\u2019histoire de l\u2019agriculture n\u2019est pas uniquement limit\u00e9e \u00e0 son volet d\u2019industrie lourde. Sont \u00e9tudi\u00e9s par l\u2019ORSTOM\/IRD et par le Ren\u00e9 Dumont \u00e0 partir de la fin des ann\u00e9es 1950 d\u2019autres solutions. Sur le plan des parcours techniques traditionnels et sur l\u2019innovation. Dans le cadre de la permaculture laquelle prend un envol dans les ann\u00e9es 1970, la date d\u2019apparition du syst\u00e8me VAC vi\u00eatnamien n\u2019est pas connue mais remonte avant les ann\u00e9es 1970 (bien avant, hypoth\u00e8se&nbsp;: durant la p\u00e9riode o\u00f9 le pays \u00e9tait ferm\u00e9 ou encore possiblement avant). C\u2019est au tout d\u00e9but des ann\u00e9es 1970 que le bois ram\u00e9al fragment\u00e9 est exp\u00e9riment\u00e9 au Canada. Par ailleurs les progr\u00e8s en Pal\u00e9o \u00e9cologie et en Arch\u00e9ologie permettent d\u00e9sormais de comprendre avec assez de finesse les parcours techniques agricoles de soci\u00e9t\u00e9s totalement disparues. Il y a une diff\u00e9rence entre l\u2019\u00e9tude de parcours traditionnels, et les m\u00eames \u00e9tudes dans un contexte agronomique (permaculture incluse \u2013 je n\u2019aime pas qu\u2019on qualifie la permaculture de simple pratique car Mollison comme Fukuoka lequel commence \u00e0 s\u2019interroger \u00e0 partir de 1938 sont agronome et physiopatholgiste, Mark Shepard ne l\u2019est pas je crois par dipl\u00f4me mais ses essais et r\u00e9flexions sont un travail d\u2019agronomie), c\u2019est qu\u2019il s\u2019agit bien, malgr\u00e9 l\u2019absence d\u2019invention ou de recours \u00e0 des produits nouveaux sur la terre et malgr\u00e9 l\u2019absence parfois de machines formidables, de progr\u00e8s techniques et scientifiques o\u00f9 sont particuli\u00e8rement \u00e9tudi\u00e9s l\u2019eau et la pente, la s\u00e9dimentologie, la p\u00e9dologie, le milieu (\u00e9cologie) \u2026 Ce mouvement de connaissances, aujourd\u2019hui reconnu (le e \u00e9cologique de l\u2019Inrae a \u00e9t\u00e9 ajout\u00e9), prend une certaine force \u00e0 partir donc des ann\u00e9es 1960-1970.<\/p>\n\n\n\n<h2 class=\"wp-block-heading has-medium-font-size\" id=\"fukuoka\"><strong>Agriculture naturelle\/agriculture de conservation<\/strong> <strong>[typologie des traitements agricoles]<\/strong><\/h2>\n\n\n\n<p class=\"has-medium-font-size\">Bien avant la permaculture, l&rsquo;initiant en partie, mais aussi bien apr\u00e8s avec l&rsquo;agriculture de conservation, le XX \u00e8me a remarqu\u00e9 avec int\u00e9r\u00eat les cycles naturels, biog\u00e9ochimique, permettant la fertilit\u00e9. La \u00ab\u00a0for\u00eat\u00a0\u00bb, la for\u00eat senso lato, devient un mod\u00e8le de r\u00e9flexion agronomique.<\/p>\n\n\n\n<p class=\"has-medium-font-size\">L&rsquo;agronome et agriculteur Masanobu Fukuoka a mis au point ce qu&rsquo;il a appel\u00e9 l&rsquo;agriculture naturelle. Je veux simplement souligner de sa proposition l&rsquo;absence totale de travail du sol par l&rsquo;humain.<\/p>\n\n\n\n<p class=\"has-medium-font-size\">C&rsquo;est la p\u00e9dosph\u00e8re qui est convoqu\u00e9e pour l&rsquo;ameublissement des sols. Notamment les myc\u00e8tes. Cela passe par des rotations vari\u00e9es, un important travail de couverture des sols, de mulchage: une technique possible de lutte contre les <a href=\"#Adventice\">adventices<\/a>. En ce qui concerne le riz, il propose pour cette lutte un noyage p\u00e9riodique des cultures.<\/p>\n\n\n\n<p class=\"has-medium-font-size\">L&rsquo;agriculture de conservation est en tous cas cens\u00e9e reprendre des principes du m\u00eame type. En remarquant le co\u00fbt potentiel du mulchage, des probl\u00e8mes de conceptions peuvent \u00e9videmment survenir. Malheureusement, en tous cas pour l&rsquo;Hexagone, une d\u00e9rive a fait jour. Et la lutte contre les adventices n&rsquo;est plus organis\u00e9e autour de la question du paillage mais avec le glyphosate. Ce raccourci \u00e9loigne l&rsquo;agriculture de conservation fran\u00e7aise des principes qui la gouverne en g\u00e9n\u00e9ral.<\/p>\n\n\n\n<p class=\"has-medium-font-size\">Ces parcours techniques ont pour cons\u00e9quences de pouvoir augmenter la <a href=\"#cec\">CEC<\/a>, avec comme limite le risque d&rsquo;un <a href=\"#carbone-azote\">C\/N<\/a> \u00e9lev\u00e9. <\/p>\n\n\n\n<p class=\"has-medium-font-size\">Les adventices n&rsquo;appartiennent pas au Stellarietea mediae, mais si pr\u00e9sentes, tiennent a priori plut\u00f4t des ourlets.<\/p>\n\n\n\n<p>(Permaculture: ce que l&rsquo;on peut synth\u00e9tiser de la permaculture est qu&rsquo;il s&rsquo;agit d&rsquo;une pratique agronomique qui cherche \u00e0 synth\u00e9tiser des parcours techniques de toutes origines possibles, qui autrement sont con\u00e7us s\u00e9par\u00e9ment. Elle prend souvent la forme agricole d&rsquo;une solution extr\u00eamement intensive, avec une protection des cultures d&rsquo;origine biotique extr\u00eamement vari\u00e9e et forte, sous l&rsquo;influence notamment des agronomes australiens Molisson et Holmgren)<\/p>\n\n\n\n<p><\/p>\n\n\n\n<h2 class=\"wp-block-heading has-medium-font-size\"><strong>Aigrette<\/strong> <strong>[descripteur botanique]<\/strong><\/h2>\n\n\n\n<p class=\"has-medium-font-size\">voir <a href=\"#pappus\">Pappus<\/a><\/p>\n\n\n\n<p><\/p>\n\n\n\n<h2 class=\"wp-block-heading has-medium-font-size\" id=\"ak\u00e8ne\"><strong>Ak\u00e8ne<\/strong> <strong>[descripteur botanique. Typologie des fructifications]<\/strong><\/h2>\n\n\n\n<p class=\"has-medium-font-size\">Un ak\u00e8ne. Normalement je dis une, mais c&rsquo;est pour mieux me tromper. Un ak\u00e8ne est un fruit sec (dur ou scl\u00e9rifi\u00e9) et qui ne s&rsquo;ouvre pas (c&rsquo;est donc marqu\u00e9 dans le nom mais en grec). Fruit sec (dur ou scl\u00e9rifi\u00e9) et ind\u00e9hiscent, donc. Il n&rsquo;y a qu&rsquo;une seule graine. Et celle-ci n&rsquo;est pas soud\u00e9e \u00e0 l&rsquo;enveloppe de la fructification.<\/p>\n\n\n\n<p class=\"has-medium-font-size\">Souvent: des diak\u00e8nes, deux ak\u00e8nes li\u00e9es l&rsquo;une \u00e0 l&rsquo;autre.<\/p>\n\n\n\n<p class=\"has-medium-font-size\">Dans la cuisine, le cumin, l&rsquo;anis, le fenouil sont des ak\u00e8nes (des diak\u00e8nes quand ils sont sur la plante).<\/p>\n\n\n\n<p><\/p>\n\n\n\n<h2 class=\"wp-block-heading has-medium-font-size\" id=\"aire-minimale\"><strong>Aire minimale (pour relev\u00e9s phytosociologiques)[m\u00e9thode]:<\/strong><\/h2>\n\n\n\n<p class=\"has-medium-font-size\">L&rsquo;aire minimale correspond \u00e0 la surface minimale pour chaque type de <a href=\"#relev\u00e9-phytosociologique\">relev\u00e9 concernant des taxons phytosociologiques<\/a> (associations, alliances, etc.) En de\u00e7\u00e0 d&rsquo;une certaine surface, la communaut\u00e9 de plantes vis\u00e9e ne trouvera pas une expression pertinente. L&rsquo;aire minimale est la surface minimale pour laquelle on estime que toutes les esp\u00e8ces caract\u00e9ristiques seront l\u00e0. Si l&rsquo;aire minimale n&rsquo;est pas respect\u00e9e, il s&rsquo;agit alors d&rsquo;une <a href=\"#communaut\u00e9-fragmentaire\">communaut\u00e9 fragmentaire<\/a>.<\/p>\n\n\n\n<p class=\"has-medium-font-size\">L&rsquo;aire minimale se calcule. A partir d&rsquo;un m\u00e8tre carr\u00e9 de <a href=\"#relev\u00e9-phytosociologique\">relev\u00e9<\/a>, compter la divers!t\u00e9 floristique. Doubler le carr\u00e9, compter la divers!t\u00e9 floristique. Recommencer jusqu&rsquo;\u00e0 saturation de la divers!t\u00e9. La divers!t\u00e9 n&rsquo;augmente plus.<\/p>\n\n\n\n<p class=\"has-medium-font-size\">Indicativement, selon de grands types de <a href=\"#v\u00e9g\u00e9tation\">v\u00e9g\u00e9tations<\/a>, des ordres de grandeurs empiriques (en gros, il faut s&rsquo;attendre \u00e0) :<\/p>\n\n\n\n<ul class=\"wp-block-list\">\n<li><a href=\"#pelouse\">Pelousaires<\/a>. De 1 ou 2 jusqu&rsquo;\u00e0 10 m\u00e8tres carr\u00e9s doivent faire l&rsquo;objet d&rsquo;un relev\u00e9 sur un espace homog\u00e8ne<\/li>\n\n\n\n<li>Bas marais ou tourbi\u00e8res: entre 5 et 20 m\u00e8tres carr\u00e9s.<\/li>\n\n\n\n<li><a href=\"#prairie\">Prairial<\/a>: de 16 \u00e0 25 m\u00e8tres carr\u00e9s. 50 m\u00e8tres carr\u00e9s si n\u00e9cessaire. Concernant les prairies pi\u00e9tin\u00e9es uniquement celles l\u00e0: le chiffre de 16 m me semble large. L&rsquo;effet du pi\u00e9tinement semble assez rapidement distinct. <\/li>\n\n\n\n<li><a href=\"http:\/\/m\u00e9gaphorbiaie\">M\u00e9gaphorbiaies<\/a>. Au moins de 16 \u00e0 25 m\u00e8tres carr\u00e9s et jusqu&rsquo;\u00e0 50 m\u00e8tres carr\u00e9s.<\/li>\n\n\n\n<li>Roseli\u00e8res et cari\u00e7aies: au moins de 30 \u00e0 50 m\u00e8tres carr\u00e9s.<\/li>\n\n\n\n<li>Les <a href=\"#ourlet\">ourlets<\/a> lin\u00e9aires: de 10 \u00e0 20 m\u00e8tres carr\u00e9s<\/li>\n\n\n\n<li>Les <a href=\"#lande\">landes<\/a>: de 50 \u00e0 200 m\u00e8tres carr\u00e9s.<\/li>\n\n\n\n<li>Les fourr\u00e9s, de 50 \u00e0 100, ou 200 m\u00e8tres carr\u00e9s<\/li>\n\n\n\n<li>La for\u00eat: de 200 \u00e0 800 m\u00e8tres carr\u00e9s.<\/li>\n\n\n\n<li>(Friches &#8230; Les v\u00e9g\u00e9tations de friches sont fonctionnellement sur des sols perturb\u00e9s: pas d&rsquo;aire minimale recens\u00e9e. Cependant, il apparait que de nombreux sols perturb\u00e9s en biog\u00e9omorphologie ne sont pas \u00e0 m\u00eame de l&rsquo;\u00eatre sur une aire suffisante pour donner lieu \u00e0 une v\u00e9g\u00e9tation particuli\u00e8re, avant m\u00eame son expression par composition florisitique)<\/li>\n<\/ul>\n\n\n\n<p class=\"has-medium-font-size\">Un point important, on remarque que les 2 m\u00e8tres carr\u00e9s de pelousaires, les 25 m\u00e8tres carr\u00e9s de prairial jusqu&rsquo;au 600 m\u00e8tres carr\u00e9s de for\u00eats montre une augmentation en fonction de la situation biologique des v\u00e9g\u00e9taux (voir <a href=\"#raunkaier\">Raunkaier<\/a>), cette augmentation n&rsquo;est pas r\u00e9guli\u00e8rement lin\u00e9aire, mais semble d\u00e9pendre d&rsquo;un coefficient multiplicateur (voir Gillet, p 20 \u00e0 propos de Gounot dans la phytosociologie synusiale int\u00e9gr\u00e9e, guide m\u00e9thodologique). <\/p>\n\n\n\n<p class=\"has-medium-font-size\">Les jardins comportent des cultures sarcl\u00e9es \u00e0 rapporter au chenopodetalia, et du prairial: en toute logique, sauf exception, les communaut\u00e9s sarcl\u00e9es en tout cas de l&rsquo;ornemental qui s&rsquo;y trouvent sont fragmentaires. Les pelouses sont concern\u00e9es par le <a href=\"https:\/\/lecompagnonrouge.fr\/?page_id=3348#lolio-cynosurenion\">festuco-crepidetum capillaris (voir Fiche 06-88)<\/a> .<\/p>\n\n\n\n<p><\/p>\n\n\n\n<h2 class=\"wp-block-heading has-medium-font-size\" id=\"allogame\"><strong>Allogame<\/strong> <strong>[descripteur \u00e9cologie, botanique]<\/strong><\/h2>\n\n\n\n<p class=\"has-medium-font-size\">Esp\u00e8ce dont les individus sont soumis \u00e0 pollinisation par un individu diff\u00e9rent. L&rsquo;allogamie est le plus souvent obligatoire, pour les plantes qui le sont. S&rsquo;oppose \u00e0 <a href=\"#autogame\">autogame<\/a>.<\/p>\n\n\n\n<h2 class=\"wp-block-heading has-medium-font-size\"><br><strong>Androc\u00e9e&nbsp;<strong>[Organe, pour description botanique]<\/strong>: <\/strong><\/h2>\n\n\n\n<p class=\"has-medium-font-size\">Partie m\u00e2le de la fleur.<\/p>\n\n\n\n<p><\/p>\n\n\n\n<h2 class=\"wp-block-heading has-medium-font-size\" id=\"annuelle\"><strong>Annuelle<\/strong> <strong>[concept: botanique]<\/strong><\/h2>\n\n\n\n<p class=\"has-medium-font-size\">D\u00e9sol\u00e9.e. Merci d&rsquo;aller voir \u00e0 <a href=\"#therophyte\">th\u00e9rophyte<\/a> (\u00e9galement \u00e0 <a href=\"#monocarpique\">monocarpique<\/a>).<\/p>\n\n\n\n<p><\/p>\n\n\n\n<h2 class=\"wp-block-heading has-medium-font-size\" id=\"anth\u00e8le\"><strong>Anth\u00e8le <strong>[Organe. Type d&rsquo;inflorescence. descripteur botanique]<\/strong>.<\/strong><\/h2>\n\n\n\n<p class=\"has-medium-font-size\">Inflorescence (ou fleur compos\u00e9e) en cyme dont les rameaux de premier ordre ont des longueurs d\u00e9croissantes de l&rsquo;ext\u00e9rieur vers l&rsquo;int\u00e9rieur. Typiquement pr\u00e9sent dans le genre Juncus.<\/p>\n\n\n\n<h2 class=\"wp-block-heading has-medium-font-size\" id=\"anth\u00e8re\"><br><strong>Anth\u00e8re&nbsp;<strong>[Partie d&rsquo;un organe. Pour description botanique]<\/strong>: <\/strong><\/h2>\n\n\n\n<p class=\"has-medium-font-size\">Partie terminale d\u2019une \u00e9tamine. Produisant, r\u00e9servant et lib\u00e9rant le&nbsp;pollen&nbsp;g\u00e9n\u00e9ralement par d\u00e9hiscence. Distingu\u00e9e par son mode de fixation. M\u00e9difixe&nbsp;: l\u2019anth\u00e8re est fix\u00e9e par le milieu&nbsp;; basifixe&nbsp;: l\u2019anth\u00e8re est fix\u00e9e par la base \u2026&nbsp;<\/p>\n\n\n\n<p><\/p>\n\n\n\n<h2 class=\"wp-block-heading has-medium-font-size\" id=\"anthropique\"><strong>Anthropique<\/strong><\/h2>\n\n\n\n<p class=\"has-medium-font-size\">En lien avec l&rsquo;action d&rsquo;Homo sapiens (plut\u00f4t \u00e9tat de fait; diff\u00e9rence n\u00e9gligeable avec <a href=\"#anthropog\u00e8ne\">anthropog\u00e8ne<\/a>)<\/p>\n\n\n\n<h2 class=\"wp-block-heading has-medium-font-size\" id=\"anthropoc\u00e8ne\"><strong>Anthropoc\u00e8ne [G\u00e9ologie, climatologie. Concept (?) Notion temporelle(?)]:<\/strong><\/h2>\n\n\n\n<p class=\"has-medium-font-size\">L&rsquo;Anthropoc\u00e8ne est une \u00e9poque g\u00e9ologique (ou \u00e9v\u00e8nement d&rsquo;un rang inf\u00e9rieur) commen\u00e7ant dans les ann\u00e9es 1950. Le concept a \u00e9t\u00e9 refus\u00e9 par la commission internationale de stratigraphie en tant qu&rsquo;\u00e9poque, notamment en raison d&rsquo;un manque de recul, et notamment d&rsquo;un doute sur la dur\u00e9e possible. J&rsquo;admet ce terme sans juger de son rang. La notion est utile. Et elle reste discut\u00e9e. Les datations correspondent \u00e0 ce qui \u00e9tait nomm\u00e9 \u00ab\u00a0grande acc\u00e9l\u00e9ration\u00a0\u00bb, ou exprim\u00e9 par ailleurs par la terminologie \u00ab\u00a0soci\u00e9t\u00e9 de consommation\u00a0\u00bb comme effet poussoir. Le marqueur choisi est le plutonium (d&rsquo;origine anthropique: industrie militaire nucl\u00e9aire). Des \u00e9l\u00e9ments indicatifs d&rsquo;un changement d\u00fb \u00e0 l&rsquo;humain sont repr\u00e9sent\u00e9s par ailleurs avec le concept de <a href=\"#limite-plan\u00e9taire\">limites plan\u00e9taires<\/a>.<\/p>\n\n\n\n<p><\/p>\n\n\n\n<h2 class=\"wp-block-heading has-medium-font-size\" id=\"anthropohile\"><strong>Anthropophile [Notion, \u00e9cologie]:<\/strong><\/h2>\n\n\n\n<p class=\"has-medium-font-size\">Esp\u00e8ce qui suit l&rsquo;humain, sans pr\u00e9cision de facteurs explicatifs.<\/p>\n\n\n\n<h2 class=\"wp-block-heading has-medium-font-size\" id=\"anthropog\u00e8ne\"><strong>Anthropog\u00e8ne: <\/strong><\/h2>\n\n\n\n<p class=\"has-medium-font-size\">Du \u00e0 la pr\u00e9sence de l&rsquo;humain (voie de cons\u00e9quence. Diff\u00e9rence n\u00e9gligeable avec <a href=\"#anthropique\">anthropique<\/a>).<\/p>\n\n\n\n<p class=\"has-medium-font-size\">Anthropozoog\u00e8ne: du \u00e0 la pr\u00e9sence d&rsquo;animaux, Homo sapiens compris. <\/p>\n\n\n\n<h2 class=\"wp-block-heading has-medium-font-size\" id=\"apex\"><strong>Apex <strong>[descripteur botanique]<\/strong>:<\/strong><\/h2>\n\n\n\n<p class=\"has-medium-font-size\">Extr\u00e9mit\u00e9 terminale<\/p>\n\n\n\n<p><\/p>\n\n\n\n<h2 class=\"wp-block-heading has-medium-font-size\" id=\"apicul\u00e9\"><strong>Apicul\u00e9<\/strong> <strong>[descripteur botanique]<\/strong><\/h2>\n\n\n\n<p class=\"has-medium-font-size\">Se dit d&rsquo;un organe termin\u00e9 par une pointe courte.<\/p>\n\n\n\n<h2 class=\"wp-block-heading has-medium-font-size\" id=\"Apprim\u00e9\"><br><strong>Apprim\u00e9&nbsp;<strong>[descripteur botanique]<\/strong>: <\/strong><\/h2>\n\n\n\n<p class=\"has-medium-font-size\">Appliqu\u00e9 et couch\u00e9 contre l\u2019organe qui le porte sans qu\u2019il y ait adh\u00e9rence.<\/p>\n\n\n\n<p><\/p>\n\n\n\n<h2 class=\"wp-block-heading has-medium-font-size\" id=\"arch\u00e9e\"><strong>Arch\u00e9e<\/strong> <strong>[R\u00e8gne. sciences dites de l&rsquo;\u00e9volution]:<\/strong><\/h2>\n\n\n\n<p class=\"has-medium-font-size\">R\u00e8gne d&rsquo;organismes procaryotes unicellulaires sans doute un peu myst\u00e9rieux et dans lequel on trouve Plasmodium falciparum. Lequel cause le plus grave et le plus l\u00e9tal des paludismes.<\/p>\n\n\n\n<h2 class=\"wp-block-heading has-medium-font-size\" id=\"arch\u00e9ophyte\"><br><strong>Arch\u00e9ophyte&nbsp;<strong>[concept (temporel) botanique]<\/strong>: <\/strong><\/h2>\n\n\n\n<p class=\"has-medium-font-size\">Les arch\u00e9ophytes sont les plantes non tr\u00e8s strictement&nbsp;<a href=\"#indig\u00e8ne\">indig\u00e8nes<\/a>&nbsp;qui sont parvenues \u00e0 tel ou tel endroit de la plan\u00e8te avant la r\u00e9gularit\u00e9 des travers\u00e9es notamment transatlantiques&nbsp;: avant 1500 apr\u00e8s J.C. Et depuis le n\u00e9olithique&nbsp;: d\u00e9signe donc plus souvent les cort\u00e8ges de plantes en lien avec l\u2019invention de l\u2019agriculture au Moyen Orient, pour les europ\u00e9ens&nbsp;: messicoles et linicoles, etc.<\/p>\n\n\n\n<p>Concernant l&rsquo;aspect temporel, voir \u00e9galement <a href=\"#n\u00e9ophyte\">n\u00e9ophyte<\/a><\/p>\n\n\n\n<p class=\"has-medium-font-size\">Ce dernier groupe m\u00e9rite un petit stationnement. Les communaut\u00e9s de plantes des sols sarcl\u00e9s sont distingu\u00e9es dans le groupe du <a href=\"https:\/\/lecompagnonrouge.fr\/?page_id=3348#Stellarietea-mediae\">Stellarietea<\/a>. Celui-ci partage de nombreuses plantes avec le groupe des friches du Sysimbrietea. Mais il regroupe en outre des arch\u00e9ophytes. Fonctionnellement, les herbes spontan\u00e9es dans les champs r\u00e9pondent \u00e0 la logique de <a href=\"#friche\">reconqu\u00eate de la friche<\/a>. J&rsquo;utilise abusivement ce mot pour les d\u00e9signer en langage vernaculaire. Mais ce n&rsquo;est pas pr\u00e9cis. D&rsquo;autant que le raisonnement par la fonctionnalit\u00e9 est secondaire vis \u00e0 vis de la floristique (les esp\u00e8ces rencontr\u00e9es et leurs recouvrements du sol respectifs).  En ce qui concerne les arch\u00e9ophytes, certaines se retrouvent dans les friches, mais pas dans toutes les r\u00e9gions. C&rsquo;est le cas du grand coquelicot. Il semble qu&rsquo;en Normandie (autour de Caen), ce coquelicot ne daigne pas forc\u00e9ment sortir des champs. <\/p>\n\n\n\n<p class=\"has-medium-font-size\">Ce que le groupe des arch\u00e9ophytes indique des champs cultiv\u00e9s, c&rsquo;est que ceux-ci conditionnent la pr\u00e9sence de ce genre de plantes en supprimant tout <a href=\"#ellenberg\">effet de concurrence (par le d\u00e9sherbage: ombrothermie, recours aux nutriments, etc.)<\/a> Les champs cultiv\u00e9s forment donc une niche \u00e9cologique ouverte pour ces plantes. Elles y sont en position de refuge (sauf celles qui parvenant \u00e0 manifestement vivre en dehors de cette niche et qui prennent alors le statut propre \u00e0 celui des friche: celui de <a href=\"#rud\u00e9ral\">rud\u00e9rales<\/a>.). Aussi le Stelleriatea se pr\u00e9sente comme une \u00e9volution ou quelque chose d&rsquo;analogue \u00e0 une sp\u00e9cialisation du Sisymbrietea. <\/p>\n\n\n\n<p class=\"has-medium-font-size\">Les arch\u00e9ophytes sont \u00e0 distinguer des <a href=\"#pal\u00e9otonlogie\">pal\u00e9ophytes<\/a>.<\/p>\n\n\n\n<p><\/p>\n\n\n\n<h2 class=\"wp-block-heading has-medium-font-size\" id=\"architecture\"><strong>Architecture v\u00e9g\u00e9tale.<\/strong><\/h2>\n\n\n\n<p class=\"has-medium-font-size\">En principe, je l&rsquo;indique de temps en temps dans chaque fiche. <\/p>\n\n\n\n<p class=\"has-medium-font-size\">Cette discipline qui d\u00e9sormais fait appel \u00e0 la mod\u00e9lisation informatique ou \u00e0 la g\u00e9n\u00e9tique a tout d&rsquo;abord, et c&rsquo;est l&rsquo;int\u00e9r\u00eat en tous cas sur le terrain, \u00e9t\u00e9 synth\u00e9tis\u00e9s par les botanistes Oldemann et Hall\u00e9. <\/p>\n\n\n\n<p class=\"has-medium-font-size\">Les noms des mod\u00e8les font r\u00e9f\u00e9rences \u00e0 des botanistes s&rsquo;int\u00e9ressant \u00e0 ce sujet (la morphog\u00e9n\u00e8se).<\/p>\n\n\n\n<p class=\"has-medium-font-size\">(je compl\u00e9terai au fur et \u00e0 mesure car je trouve \u00e7\u00e0 un peu long)<\/p>\n\n\n\n<p class=\"has-medium-font-size\">Le mod\u00e8le le plus classique, et le plus courant en tous cas sous nos latitudes est en Rauh.<\/p>\n\n\n\n<p class=\"has-medium-font-size\">C&rsquo;est le mod\u00e8le le plus efficient (le plus efficace avec le moins de co\u00fbt).<\/p>\n\n\n\n<figure class=\"wp-block-image size-full\"><img loading=\"lazy\" decoding=\"async\" width=\"382\" height=\"488\" src=\"https:\/\/lecompagnonrouge.fr\/wp-content\/uploads\/2025\/12\/rauh.png\" alt=\"\" class=\"wp-image-11251\" srcset=\"https:\/\/lecompagnonrouge.fr\/wp-content\/uploads\/2025\/12\/rauh.png 382w, https:\/\/lecompagnonrouge.fr\/wp-content\/uploads\/2025\/12\/rauh-235x300.png 235w, https:\/\/lecompagnonrouge.fr\/wp-content\/uploads\/2025\/12\/rauh-300x383.png 300w\" sizes=\"auto, (max-width: 382px) 100vw, 382px\" \/><\/figure>\n\n\n\n<p class=\"has-medium-font-size\">Ce mod\u00e8le pr\u00e9sente un tronc (monopode) d&rsquo;o\u00f9 s&rsquo;expriment des branches. toutes les branches s&rsquo;\u00e9l\u00e8vent vers le haut. La floraison a lieu sur le c\u00f4t\u00e9 des branches et non au sommet de celles-ci (et donc n&rsquo;interrompt pas la croissance. Cela permet en outre plusieurs fleurs ou plusieurs groupes de fleurs). Le d\u00e9veloppement est rythmique. C&rsquo;est \u00e0 dire qu&rsquo;il s&rsquo;interrompt (programmatiquement). Il produit ce qu&rsquo;on appelle des phytom\u00e8res. C&rsquo;est \u00e0 dire des unit\u00e9s de croissance qui se trouvent \u00eatre toutes identiques (rep\u00e9rable sur l&rsquo;image au points verts repr\u00e9sentant la feuille ou la cicatrice foliaire axillant le bourgeon devenu branche).<\/p>\n\n\n\n<p class=\"has-medium-font-size\">Le mod\u00e8le en Attims est pratiquement identique mais sa croissance est continue. L&rsquo;Aulne est en Attims, pourtant sous nos climats. Comme sa croissance est continue les branches se pr\u00e9sentent de mani\u00e8re plus diffuses, moins r\u00e9guli\u00e8res le long des axes.<\/p>\n\n\n\n<figure class=\"wp-block-image size-full\"><img loading=\"lazy\" decoding=\"async\" width=\"379\" height=\"523\" src=\"https:\/\/lecompagnonrouge.fr\/wp-content\/uploads\/2025\/12\/attims.png\" alt=\"\" class=\"wp-image-11252\" srcset=\"https:\/\/lecompagnonrouge.fr\/wp-content\/uploads\/2025\/12\/attims.png 379w, https:\/\/lecompagnonrouge.fr\/wp-content\/uploads\/2025\/12\/attims-217x300.png 217w, https:\/\/lecompagnonrouge.fr\/wp-content\/uploads\/2025\/12\/attims-300x414.png 300w\" sizes=\"auto, (max-width: 379px) 100vw, 379px\" \/><\/figure>\n\n\n\n<p class=\"has-medium-font-size\">Les mod\u00e8les \u00e0 croissances rythmiques sont plus typiques des climats \u00e0 saisons contrast\u00e9es. Il pr\u00e9sentent donc par principe des cernes de croissance (mais heureusement ce n&rsquo;est pas si simple). Les mod\u00e8les \u00e0 croissances continues sont plus typiques des climats pas ou peu contrast\u00e9s dans lesquels les arbres ne pr\u00e9sentent pas de cernes de croissance. L&rsquo;aulne glutineux est en Attims, comme il subit la saison froide. Il s&rsquo;arr\u00eate n\u00e9anmoins de cro\u00eetre et reprend aux beaux jours: il pr\u00e9sente donc des cernes de croissances (couper l&rsquo;arbre permet donc de d\u00e9terminer pr\u00e9cis\u00e9ment son \u00e2ge. technique simple mais interpr\u00e9tation pas toujours \u00e9vidente).<\/p>\n\n\n\n<p><\/p>\n\n\n\n<p class=\"has-medium-font-size\">Le mod\u00e8le en Holttum concerne essentiellement les <a href=\"#th\u00e9rophyte\">th\u00e9rophyte<\/a>s. Une tige est termin\u00e9e par une  fleur ou une inflorescence (cas le plus courant). La plante meurent apr\u00e8s la fructification.<\/p>\n\n\n\n<p class=\"has-medium-font-size\">Le mod\u00e8le en Tomlinsonn concerne les plantes <a href=\"#cespiteux\">cespiteuses<\/a>.<\/p>\n\n\n\n<p class=\"has-medium-font-size\">Le mod\u00e8le en Bell concerne les plantes \u00e0 axe principal (tronc\/tige) souterrain tel des plantes \u00e0 rhizomes. De cet axe souterrain \u00e9mergent des tiges.<\/p>\n\n\n\n<figure class=\"wp-block-image size-full\"><img loading=\"lazy\" decoding=\"async\" width=\"523\" height=\"379\" src=\"https:\/\/lecompagnonrouge.fr\/wp-content\/uploads\/2025\/12\/bell.png\" alt=\"\" class=\"wp-image-11261\" srcset=\"https:\/\/lecompagnonrouge.fr\/wp-content\/uploads\/2025\/12\/bell.png 523w, https:\/\/lecompagnonrouge.fr\/wp-content\/uploads\/2025\/12\/bell-300x217.png 300w\" sizes=\"auto, (max-width: 523px) 100vw, 523px\" \/><\/figure>\n\n\n\n<p class=\"has-medium-font-size\">Le comptage absolu des individus de plantes pr\u00e9sentant cette architecture est probl\u00e9matique.<\/p>\n\n\n\n<p><\/p>\n\n\n\n<h2 class=\"wp-block-heading has-medium-font-size\" id=\"ardoise\"><strong>Ardoise [lithologie. g\u00e9ologie, p\u00e9dologie]:<\/strong><\/h2>\n\n\n\n<p class=\"has-medium-font-size\" id=\"ar\">L&rsquo;ardoise est une <a href=\"#argile\">argile<\/a> m\u00e9tamorphique friable, se pr\u00e9sentant en feuillets, un schiste donc. Elle contient beaucoup de silice et tout comme le <a href=\"#granite\">granite<\/a>, elle favorise un <a href=\"#potentiel-hydrog\u00e8ne\">pH<\/a> bas du sol.<\/p>\n\n\n\n<p><\/p>\n\n\n\n<h2 class=\"wp-block-heading has-medium-font-size\" id=\"argile\"><strong>Argile&nbsp;[lithologie, g\u00e9ologie, p\u00e9dologie]: <\/strong><\/h2>\n\n\n\n<p class=\"has-medium-font-size\">El\u00e9ment min\u00e9ral du sol \u00e0 granulom\u00e9trie tr\u00e8s fine. Souvent (argiles \u00e0 feuillets)&nbsp;: tr\u00e8s forte capacit\u00e9 de r\u00e9tention en eau, et en <a href=\"#trophie\">nutriments<\/a>.<\/p>\n\n\n\n<p class=\"has-medium-font-size\">Voir \u00e9galement <a href=\"#texture-de-sol\">texture de sol<\/a><\/p>\n\n\n\n<h2 class=\"wp-block-heading has-medium-font-size\" id=\"argilite\"><strong>Argilite<\/strong> <strong>[lithologie, g\u00e9ologie, lithologie]<\/strong><\/h2>\n\n\n\n<p class=\"has-medium-font-size\"><a href=\"#argile\">Argile<\/a> sous forme de bloc rocheux. A mettre en rapport avec la <a href=\"#siltite\">siltite<\/a> et avec le <a href=\"#gr\u00e8s\">gr\u00e8s<\/a>.<\/p>\n\n\n\n<h2 class=\"wp-block-heading has-medium-font-size\" id=\"autogame\"><strong>Autogame<\/strong> <strong>[Biologie. utilis\u00e9 conceptuellement en botanique: sciences dites de l&rsquo;\u00e9volution]<\/strong><\/h2>\n\n\n\n<p class=\"has-medium-font-size\">La pollinisation peut se faire sur un m\u00eame individu. M\u00eame individu, ou m\u00eame fleur. S&rsquo;oppose \u00e0 <a href=\"#allogame\">allogame<\/a><\/p>\n\n\n\n<p><\/p>\n\n\n\n<h2 class=\"wp-block-heading has-text-align-center has-medium-font-size\" id=\"b\"><mark style=\"background-color:rgba(0, 0, 0, 0)\" class=\"has-inline-color has-luminous-vivid-amber-color\">B. <a href=\"#haut-de-page\">Haut de page<\/a><\/mark><\/h2>\n\n\n\n<p><\/p>\n\n\n\n<h2 class=\"wp-block-heading has-medium-font-size\" id=\"banalisation\"><strong>Banalisation<\/strong> <strong>[notion, \u00e9cologie]<\/strong><\/h2>\n\n\n\n<p class=\"has-medium-font-size\">Appauvrissement de la biodivers!t\u00e9. Remplacement d&rsquo;esp\u00e8ces ou de formations v\u00e9g\u00e9tales par des esp\u00e8ces \u00e0 plus larges spectres \u00e9cologiques, ou moins rares. Ou par des formations toujours moins diverses. Que les causes soit dues \u00e0 des raisons de mont\u00e9es trophiques des sols, ou encore \u00e0 l&rsquo;abandon des pratiques ou de certaines pratiques agricoles, etc.<\/p>\n\n\n\n<p><\/p>\n\n\n\n<h2 class=\"wp-block-heading has-medium-font-size\" id=\"basalte\"><strong>Basalte [lithologie, g\u00e9ologie, p\u00e9dologie]:<\/strong><\/h2>\n\n\n\n<p class=\"has-medium-font-size\">Roche magmatique volcanique de <a href=\"#potentiel-hydrog\u00e8ne\">pH<\/a> basique.<\/p>\n\n\n\n<p><\/p>\n\n\n\n<h2 class=\"wp-block-heading has-medium-font-size\" id=\"bioindication\"><strong>Bioindication<\/strong> <strong>[notion; \u00e9cologie]<\/strong><\/h2>\n\n\n\n<p class=\"has-medium-font-size\">La bioindication a quelque chose de d\u00e9licat. Notamment au jardin o\u00f9 la <a href=\"https:\/\/lecompagnonrouge.fr\/?p=3676\">renoncule rampante<\/a> est souvent prise comme indicatrice d&rsquo;<a href=\"#hydromorphose\">hydromorphose<\/a>. Je n&rsquo;ai jamais vu dans un jardin des situations aussi humides que celles o\u00f9 cette renoncule se trouvent parfois mais non syst\u00e9matiquement. Cette renoncule n&rsquo;est pas pour moi une bio indicatrice.<\/p>\n\n\n\n<p class=\"has-medium-font-size\">Le tatou g\u00e9ant d&rsquo;Amazonie semble \u00eatre un indicateur de <a href=\"#primaire\">for\u00eat primaire<\/a>. Je renvoie \u00e0 la lecture de Stephen Rostain pour savoir pourquoi c&rsquo;est important. <\/p>\n\n\n\n<p class=\"has-medium-font-size\">Jean-Claude Rameau avait tent\u00e9 de circonscrire quelques plantes bioindicatrices &#8230; <\/p>\n\n\n\n<p class=\"has-medium-font-size\">L&rsquo;habitat, qu&rsquo;il soit appauvri en code <a href=\"#eunis\">EUNIS<\/a> ou sur la base d&rsquo;un r\u00e9f\u00e9rentiel phytosociologique, est par contre plus parlant. Voir <a href=\"#ellenberg\">Ellenberg<\/a><\/p>\n\n\n\n<p class=\"has-medium-font-size\">Cependant que des esp\u00e8ces en particuliers (ou l&rsquo;absence de certaines esp\u00e8ces dans une zone donn\u00e9e: le cas de la lichenologie) sont effectivement bien bio-indicatrices. Certains odonates par exemple. A l&rsquo;\u00e9chelle mondiale, un pourcentage non n\u00e9gligeable de Carex mais avec peut-\u00eatre un reste \u00e0 v\u00e9rifier (combien, est-ce vraiment certain?? A quelle p\u00e9riode dans le temps les la\u00eeches d&rsquo;\u00e9cologies moins humides ont d\u00e9riv\u00e9es?) sont inf\u00e9od\u00e9s aux zones humides. Le <a href=\"https:\/\/lecompagnonrouge.fr\/?p=5719\">Fr\u00eane<\/a> est plut\u00f4t des zones fra\u00eeches (et ombrag\u00e9es. Il y domine). Le <a href=\"https:\/\/lecompagnonrouge.fr\/?p=157\">Lycope<\/a> est des zones humides &#8230;<\/p>\n\n\n\n<p><\/p>\n\n\n\n<h2 class=\"wp-block-heading has-medium-font-size\" id=\"biome\"><strong>Biome<\/strong> <strong>[concept. Phytog\u00e9ographie]<\/strong><\/h2>\n\n\n\n<p class=\"has-medium-font-size\">Un biome est une tr\u00e8s grande aire, un tr\u00e8s grande \u00e9co-r\u00e9gion phyto-climatique: les caract\u00e9ristiques climatiques donnent lieux \u00e0 de tr\u00e8s grands types d&rsquo;habitats.<\/p>\n\n\n\n<p><\/p>\n\n\n\n<h2 class=\"wp-block-heading has-medium-font-size\" id=\"biotique\"><strong>Biotique<\/strong> <strong>[concept. \u00e9cologie]<\/strong><\/h2>\n\n\n\n<p class=\"has-medium-font-size\">Concerne des situations qui sont engag\u00e9es par le vivant. Plut\u00f4t \u00e0 l&rsquo;exception de Sapiens sapiens, eu \u00e9gard \u00e0 son exceptionnelle capacit\u00e9 de d\u00e9ploiement d&rsquo;\u00e9nergie, notamment. <\/p>\n\n\n\n<p class=\"has-medium-font-size\" id=\"arch\u00e9e\">Le vivant peut commencer avec les arch\u00e9es ou les bact\u00e9ries \u2026 En tous cas un procaryote ou quelque chose d&rsquo;assez proche, tel qu&rsquo;on peut se l&rsquo;imaginer et qui s&rsquo;appelle LUCA pour Last universal common ancestor (noter que pr\u00e9supposer LUCA indique un peu une vision \u00e9volutive de la vie, ou encore th\u00e9ique)<\/p>\n\n\n\n<p>Dans ce contexte, il peut \u00eatre indiqu\u00e9 qu&rsquo;on ne sait pas si les virus font partie du vivant.<\/p>\n\n\n\n<h2 class=\"wp-block-heading has-medium-font-size\" id=\"bract\u00e9e\"><strong>Bract\u00e9e&nbsp;<strong>[Organe. Pour description botanique]<\/strong>: <\/strong><\/h2>\n\n\n\n<p class=\"has-medium-font-size\">Feuille axillante g\u00e9n\u00e9ralement la \u00ab&nbsp;fleur&nbsp;\u00bb, l\u2019inflorescence. G\u00e9n\u00e9ralement au niveau du <a href=\"#p\u00e9doncule\">p\u00e9doncule<\/a>. Les bract\u00e9es forment aussi la partie feuill\u00e9e sous le r\u00e9ceptacle d&rsquo;un <a href=\"#capitule\">capitule<\/a><\/p>\n\n\n\n<h2 class=\"wp-block-heading has-medium-font-size\" id=\"bract\u00e9ole\"><br><strong>Bract\u00e9ole&nbsp;<strong>[Organe. descripteur ou pour description botanique]<\/strong>: <\/strong><\/h2>\n\n\n\n<p class=\"has-medium-font-size\">J\u2019utilise ce terme de mani\u00e8re extensive (voir donc, <a href=\"#\u00e9caille\">\u00e9caille<\/a>). Petite <a href=\"#bract\u00e9e\">bract\u00e9e<\/a> se trouvant \u00e0 la base des <a href=\"http:\/\/p\u00e9dicelle\">p\u00e9dicelles<\/a> des \u00ab&nbsp;fleurs&nbsp;complexes \u00bb, des inflorescences <a href=\"#compos\u00e9\">compos\u00e9es<\/a>.<\/p>\n\n\n\n<p><\/p>\n\n\n\n<h2 class=\"wp-block-heading has-medium-font-size\" id=\"brachyblaste\"><strong>Brachyblaste<\/strong> <strong>[Organe non d\u00e9velopp\u00e9, modifi\u00e9. Descripteur botanique]<\/strong><\/h2>\n\n\n\n<p class=\"has-medium-font-size\">Les brachyblastes sont des rameaux qui restent courts, prenant parfois la forme d&rsquo;\u00e9pines.<\/p>\n\n\n\n<p><\/p>\n\n\n\n<h2 class=\"wp-block-heading has-medium-font-size\" id=\"bryophyte\"><strong>Bryophyte<\/strong> <strong>[Botanique; sciences dites de l&rsquo;\u00e9volution]<\/strong><\/h2>\n\n\n\n<p class=\"has-medium-font-size\">Groupe des mousses<\/p>\n\n\n\n<p><\/p>\n\n\n\n<h2 class=\"wp-block-heading has-text-align-center has-medium-font-size\" id=\"c\"><mark style=\"background-color:rgba(0, 0, 0, 0)\" class=\"has-inline-color has-luminous-vivid-amber-color\">C. <a href=\"#haut-de-page\">Haut de page<\/a><\/mark><\/h2>\n\n\n\n<h2 class=\"wp-block-heading has-medium-font-size\" id=\"caduc\"><br><strong>Caduc<\/strong> <strong>[descripteur botanique]<\/strong>:<\/h2>\n\n\n\n<p class=\"has-medium-font-size\">S\u2019oppose \u00e0&nbsp;souvent \u00e0 <a href=\"#sempervirent\">sempervirent<\/a>. Qualifie la perte d\u2019un organe en raison de la saison d\u00e9favorable (par exemples&nbsp;: saison froide chez nous, saison s\u00e8che en climat tropical sec), ou en raison de la transformation, le grossissement d\u2019un organe sus-jacent. Les plantes sempervirentes perdent \u00e9galement leurs feuilles mais les renouvelles r\u00e9guli\u00e8rement.<\/p>\n\n\n\n<p><\/p>\n\n\n\n<h2 class=\"wp-block-heading has-medium-font-size\" id=\"calcaire\"><strong>Calcaire (on dit parfois \u00ab\u00a0calcium, calcique\u00a0\u00bb) [lithologie, g\u00e9ologie, p\u00e9dologie]:<\/strong><\/h2>\n\n\n\n<p class=\"has-medium-font-size\">Roche s\u00e9dimentaire riche en carbonate de calcium, en carbonate de magn\u00e9sium. Le calcaire peut \u00eatre dit \u00ab\u00a0insoluble\u00a0\u00bb et n&rsquo;avoir alors que peu d&rsquo;incidence sur la v\u00e9g\u00e9tation. Sinon, basique, il influence la mont\u00e9e du <a href=\"#potentiel-hydrog\u00e8ne\">pH<\/a>. Les sols calcaires sont susceptibles d&rsquo;\u00eatre appr\u00e9ci\u00e9s par les agriculteurs (cas de sol calacaires dits actifs), car les liaisons entre le calcaire et les nutriments min\u00e9raux sont tr\u00e8s fortes. Calcaire n&rsquo;est cependant pas synonyme de <a href=\"#trophie\">trophie<\/a>. Il exite par exemple des pelouses calcaires oligotrophes, qui sont souvent dans un \u00e9tat pr\u00e9caire et qui si elles ne sont pas prot\u00e9g\u00e9es m\u00e9riteraient de l&rsquo;\u00eatre.<\/p>\n\n\n\n<p class=\"has-medium-font-size\">Existe sous forme de bloc rocheux (ici il s&rsquo;agit de la pierre de Montmartin, de couleur gris claire):<\/p>\n\n\n\n<figure class=\"wp-block-image size-full\"><img loading=\"lazy\" decoding=\"async\" width=\"850\" height=\"594\" src=\"https:\/\/lecompagnonrouge.fr\/wp-content\/uploads\/2025\/09\/calcaire.jpg\" alt=\"\" class=\"wp-image-10864\" srcset=\"https:\/\/lecompagnonrouge.fr\/wp-content\/uploads\/2025\/09\/calcaire.jpg 850w, https:\/\/lecompagnonrouge.fr\/wp-content\/uploads\/2025\/09\/calcaire-300x210.jpg 300w, https:\/\/lecompagnonrouge.fr\/wp-content\/uploads\/2025\/09\/calcaire-768x537.jpg 768w\" sizes=\"auto, (max-width: 850px) 100vw, 850px\" \/><\/figure>\n\n\n\n<p class=\"has-white-color has-black-background-color has-text-color has-background has-link-color has-medium-font-size wp-elements-d440997be57d4846e27509dd9a58141c\">Alt text: la photo montre un morceau de calcaire (roche calcaire) de la taille d&rsquo;un gros gravier. La pierre est claire. Pas tout \u00e0 fait blanche, grise et un peu de terre dessus qui doit rester.<\/p>\n\n\n\n<h2 class=\"wp-block-heading has-medium-font-size\" id=\"calice\"><strong>Calice <strong>[Groupe d&rsquo;organes, pour description botanique]<\/strong>: <\/strong><\/h2>\n\n\n\n<p class=\"has-medium-font-size\">Le calice est form\u00e9 de l&rsquo;ensemble des <a href=\"#s\u00e9pale\">s\u00e9pales<\/a>.<\/p>\n\n\n\n<p><\/p>\n\n\n\n<h2 class=\"wp-block-heading has-medium-font-size\" id=\"cec\"><strong>Capacit\u00e9 d&rsquo;\u00e9change cationique (CEC) [p\u00e9dologie, mesure]:<\/strong><\/h2>\n\n\n\n<p class=\"has-medium-font-size\">La CEC est une mesure de fertilit\u00e9 du <a href=\"#cah\">complexe argilo-humique <\/a>(de la couche de sol fertile et colonisable par les plantes). Les cations vis\u00e9s sont donc le plus souvent ce que l&rsquo;on d\u00e9signe comme <a href=\"#trophie\">nutriments<\/a>: azote, phosphore, potassium, etc. \u00e0 l&rsquo;\u00e9tat assimilable par les plantes. Mais il s&rsquo;agit d&rsquo;une mesure, d&rsquo;un comptage cationique.<\/p>\n\n\n\n<p class=\"has-medium-font-size\">La CEC correspond \u00e0 la quantit\u00e9 (potentielle) de cations fixables par le sol.<\/p>\n\n\n\n<p class=\"has-medium-font-size\">Elle est fortement d\u00e9pendante du rapport <a href=\"#carbone-azote\">carbone azote<\/a> d&rsquo;une part (la quantit\u00e9 de carbone par rapport \u00e0 la quantit\u00e9 d&rsquo;azote), et du <a href=\"#potentiel-hydrog\u00e8ne\">pH<\/a> d&rsquo;autre part.<\/p>\n\n\n\n<p class=\"has-medium-font-size\">La CEC diff\u00e8re du taux de saturation. Le taux de saturation correspond \u00e0 la somme des cations \u00e9changeables dans la CEC. On la calcule par la somme des cations basiques (ce qu&rsquo;on appelle souvent les bases) sur la somme des cations totaux.<\/p>\n\n\n\n<p>Noter que les bases sont: Ca++, Mg++, K+, Na+<\/p>\n\n\n\n<h2 class=\"wp-block-heading has-medium-font-size\" id=\"capitule\"><strong>Capitule&nbsp;<strong>[descripteur botanique. Typologie des inflorescences]<\/strong>: <\/strong><\/h2>\n\n\n\n<p class=\"has-medium-font-size\">Le capitule est un ensemble de fleurs sessiles souvent petites, regroup\u00e9es sur un r\u00e9ceptacle ou disque, et donnant l\u2019impression d\u2019une unique fleur. Exemple&nbsp;: la p\u00e2querette.<\/p>\n\n\n\n<p><\/p>\n\n\n\n<h2 class=\"wp-block-heading has-medium-font-size\" id=\"carbone-azote\"><strong>Carbone-Azote<\/strong> <strong>[p\u00e9dologie, g\u00e9ologie, \u00e9cologie]<\/strong><\/h2>\n\n\n\n<p class=\"has-medium-font-size\">Le carbone, qui est issu des plantes (feuilles mortes, etc.) n&rsquo;est pas fertile (pour le r\u00e8gne des plantes). L&rsquo;azote est un constituant de l&rsquo;air.<\/p>\n\n\n\n<p class=\"has-medium-font-size\">Le carbone que l&rsquo;on trouve au sol est transform\u00e9 en azote gr\u00e2ce \u00e0 des enzymes produites par des bact\u00e9ries ou des champignons.<\/p>\n\n\n\n<p class=\"has-medium-font-size\">Cela permet de transformer le carbone en azote. Pour transformer l&rsquo;azote en carbone, les plantes sont utiles.<\/p>\n\n\n\n<p class=\"has-medium-font-size\">Selon la vitesse de cette transformation, laquelle d\u00e9pend du pH et de la quantit\u00e9 d&rsquo;oxyg\u00e8ne dans l&rsquo;atmosph\u00e8re du sol (dans la couche de sol superficielle), on a diff\u00e9rents types d&rsquo;<a href=\"#humus\">humus<\/a>.<\/p>\n\n\n\n<p><\/p>\n\n\n\n<h2 class=\"wp-block-heading has-medium-font-size\" id=\"Carpelles\"><strong>Carpelles <strong>[Partie d&rsquo;organe, pour description botanique]<\/strong>&nbsp;: <\/strong><\/h2>\n\n\n\n<p class=\"has-medium-font-size\">Parties feuill\u00e9es, enveloppe du gyn\u00e9c\u00e9e.<\/p>\n\n\n\n<p><\/p>\n\n\n\n<h2 class=\"wp-block-heading has-medium-font-size\" id=\"catena\"><strong>Catena<\/strong> <strong>[concept et descripteur, phytosociologie]<\/strong><\/h2>\n\n\n\n<p class=\"has-medium-font-size\">Groupement en mosa\u00efque ou zonation de plusieurs <a href=\"#tesela\">tesela<\/a> au sein d&rsquo;une grande et m\u00eame unit\u00e9 <a href=\"#g\u00e9omorphologie\">g\u00e9omorphologique<\/a>, et d\u00e9rivant par <a href=\"#succession\">succession primaire<\/a>. Le domaine <a href=\"#phytosociologie\">phytosociologique<\/a> est celui de la synusiale. Analyse de grandes \u00e9chelles, mais moins gigantesques que celles de la phytog\u00e9ographie.<\/p>\n\n\n\n<p><\/p>\n\n\n\n<h2 class=\"wp-block-heading has-medium-font-size\" id=\"caulinaire\"><strong>Caulinaire <strong>[descripteur botanique]<\/strong>. <\/strong><\/h2>\n\n\n\n<p class=\"has-medium-font-size\">En rapport \u00e0 la tige.<\/p>\n\n\n\n<p><\/p>\n\n\n\n<h2 class=\"wp-block-heading has-medium-font-size\" id=\"Centre-de-diversification\"><strong>Centre de diversification (centre de divers!t\u00e9) [notion. sciences dites de l&rsquo;\u00e9volution. \u00e9cologie] :<\/strong><\/h2>\n\n\n\n<p class=\"has-medium-font-size\">Ce ph\u00e9nom\u00e8ne a \u00e9t\u00e9 remarqu\u00e9 par le proto-g\u00e9n\u00e9ticien Nikola\u00ef Vavilov (1887-1943), notamment sp\u00e9cialis\u00e9 dans le ph\u00e9nom\u00e8ne de s\u00e9lections, et par extension sur les c\u00e9r\u00e9ales. L\u00e0 o\u00f9 un genre appara\u00eet, il y a plus d&rsquo;esp\u00e8ces. Les esp\u00e8ces se forment dans la m\u00eame zone g\u00e9ographique. Avant \u00e9ventuellement de se d\u00e9placer. Ce ph\u00e9nom\u00e8ne est toujours susceptible d&rsquo;\u00eatre \u00e9tudi\u00e9 pour cerner l&rsquo;origine d&rsquo;une esp\u00e8ce, mais sous un jour plus purement g\u00e9n\u00e9tique. Ce qui permet de mieux \u00e9vacuer les erreurs interpr\u00e9tatives. On utilise parfois aujourd&rsquo;hui la notion de polytomie: \u00e9clatement apparemment simultan\u00e9 d&rsquo;un taxon en plusieurs esp\u00e8ces (plus de deux). Soit, beaucoup de dichotomies sur une \u00e9chelle de temps rapproch\u00e9e, mais pas ou peu distinctes (manque d&rsquo;informations).<\/p>\n\n\n\n<p>Pour des exemples, sur ce site voir: <a href=\"https:\/\/lecompagnonrouge.fr\/?p=7101\">Ceiba pentendra<\/a> ou <a href=\"https:\/\/lecompagnonrouge.fr\/?p=7027\">Adansonia digitata<\/a><\/p>\n\n\n\n<p><\/p>\n\n\n\n<h2 class=\"wp-block-heading has-medium-font-size\" id=\"Centre-de-domestication:\"><strong>Centre de domestication [notion. agriculture. sciences dites de l&rsquo;\u00e9volution]:<\/strong><\/h2>\n\n\n\n<p class=\"has-medium-font-size\">Un centre de domestication consid\u00e8re l&rsquo;aire o\u00f9 une esp\u00e8ce a \u00e9t\u00e9 domestiqu\u00e9e.<\/p>\n\n\n\n<p><\/p>\n\n\n\n<h2 class=\"wp-block-heading has-medium-font-size\" id=\"cespiteux\"><strong>Cespiteux<\/strong> <strong>[descripteur botanique]<\/strong><\/h2>\n\n\n\n<p class=\"has-medium-font-size\">En touffe. Se dit des esp\u00e8ces qui forment des touffes.<\/p>\n\n\n\n<p><\/p>\n\n\n\n<h2 class=\"wp-block-heading has-medium-font-size\" id=\"changement-global\"><strong>Changement global<\/strong> <strong>[termes pr\u00e9sentant cette situation. Valeur temporelle]<\/strong><\/h2>\n\n\n\n<p class=\"has-medium-font-size\">Le changement global d\u00e9signe la modification du syst\u00e8me-Terre, suite \u00e0 l&rsquo;acc\u00e9l\u00e9ration de la production depuis le XIX \u00e8me si\u00e8cle et des \u00e9changes internationaux depuis la mi-temps du XX \u00e8me si\u00e8cle. Il fait finalement r\u00e9f\u00e9rence \u00e0 l&rsquo;<a href=\"#anthropoc\u00e8ne\">anthropoc\u00e8ne<\/a>. Et il est d\u00e9crit par les <a href=\"#limite-plan\u00e9taire\">limites plan\u00e9taire<\/a>.<\/p>\n\n\n\n<p><\/p>\n\n\n\n<h2 class=\"wp-block-heading has-medium-font-size\" id=\"chasmophyte\"><strong>Chasmophyte<\/strong> <strong>[Concept. Botanique]:<\/strong><\/h2>\n\n\n\n<p class=\"has-medium-font-size\">Se r\u00e9f\u00e8re \u00e0 \u00ab\u00a0parois\u00a0\u00bb. Plante poussant sur des parois. Pour beaucoup l&rsquo;appareil racinaire a pour adaptation la possibilit\u00e9 de s&rsquo;ins\u00e9rer dans les fissures des parois. Il existe des communaut\u00e9s de plantes chasmo-<a href=\"#chomophyte\">chomo<\/a>phytiques.<\/p>\n\n\n\n<p><\/p>\n\n\n\n<h2 class=\"wp-block-heading has-medium-font-size\" id=\"ch\u00e9lation\"><strong>Ch\u00e9lation<\/strong> <strong>[chimie. p\u00e9dologie]<\/strong><\/h2>\n\n\n\n<p class=\"has-medium-font-size\">Un composant chimique est li\u00e9 \u00e0 ses voisins par au moins 2 liaisons (\u00ab\u00a0pris en pince\u00a0\u00bb)<\/p>\n\n\n\n<p class=\"has-medium-font-size\"><\/p>\n\n\n\n<h2 class=\"wp-block-heading has-medium-font-size\" id=\"chiono\"><strong>Chiono-<\/strong> <strong>[descripteur. sciences et pratiques dites de la nature]<\/strong><\/h2>\n\n\n\n<p class=\"has-medium-font-size\">Relatif \u00e0 la neige<\/p>\n\n\n\n<p><\/p>\n\n\n\n<h2 class=\"wp-block-heading has-medium-font-size\" id=\"chomophyte\"><strong>Chomophyte [concept. Botanique]:<\/strong><\/h2>\n\n\n\n<p class=\"has-medium-font-size\">Pas franchement le cas le plus courant. Ce terme qualifie des plantes vivant dans des d\u00e9bris v\u00e9g\u00e9taux. Les racines \u00e9tant superficielles. A distinguer de <a href=\"#chasmophyte\">chasmophyte<\/a>.<\/p>\n\n\n\n<p><\/p>\n\n\n\n<h2 class=\"wp-block-heading has-medium-font-size\" id=\"cah\"><strong>Complexe argilo-humique (CAH)[concept. P\u00e9dologie et agriculture]:  <\/strong><\/h2>\n\n\n\n<p class=\"has-medium-font-size\">Ce qu&rsquo;il faut retenir c&rsquo;est ce que les diff\u00e9rents \u00e9l\u00e9ments de ce qu&rsquo;on appelle habituellement le sol sont li\u00e9s entre eux par des liaisons charg\u00e9es n\u00e9gativement et positivement (exactement comme des aimants), et permettant de lier les \u00e9l\u00e9ments min\u00e9raux et les \u00e9l\u00e9ments organiques. Les <a href=\"#trophie\">nutriments<\/a> cationiques (charg\u00e9s positivement) lient l&rsquo;humus et l&rsquo;argile qui sont anioniques (charg\u00e9s n\u00e9gativement).<\/p>\n\n\n\n<p class=\"has-medium-font-size\">Si un nutriment est sous forme anionique (-), il aura tendance \u00e0 filer \u00e0 la rivi\u00e8re, ou encore \u00e0 \u00ab\u00a0s&rsquo;aimanter\u00a0\u00bb \u00e0 un cation (+), lui m\u00eame \u00ab\u00a0aimant\u00e9\u00a0\u00bb \u00e0 une particule d&rsquo;humus ou \u00e0 une particule d&rsquo;argile.<\/p>\n\n\n\n<p class=\"has-medium-font-size\">Les ions qui sont fix\u00e9s en premiers (donc sur argile+humus) sont beaucoup plus fortement fix\u00e9s que les ions fix\u00e9s sur eux.<\/p>\n\n\n\n<p class=\"has-medium-font-size\">Les cations se fixent au sol en fonction de leurs valences et de leurs hydratations, les plus \u00ab\u00a0sec\u00a0\u00bb \u00e9tant \u00ab\u00a0aimant\u00e9s\u00a0\u00bb en priorit\u00e9. Cela d\u00e9pend de leurs natures. Sous notre climat, dans les climats \u00e0 saison humide, on obtient: <\/p>\n\n\n\n<p>(Al 3+ selon la nature du sol, ou encore l&rsquo;absence trop importante de mati\u00e8re organique)&gt; Ca2+&gt;Mg2+&gt;K+&gt;Na+<\/p>\n\n\n\n<p class=\"has-medium-font-size\">Dans les climats plus arides, le sodium (Na+) est susceptible de prendre la place du calcium et\/ou du magn\u00e9sium chez nous.<\/p>\n\n\n\n<p class=\"has-medium-font-size\">Aussi les formules min\u00e9rales concernant les \u00e9l\u00e9ments fertilisants sont celles ci: Mg<sup>2+<\/sup>, Ca<sup>2+<\/sup>, K<sup>+<\/sup>, H<sup>+<\/sup>, Na<sup>+<\/sup>, etc. Il est plus couramment choisi de mettre des engrais sous forme cationique alors que les plantes assimilent pr\u00e9f\u00e9rablement des anions, car dans le CAH, les cations se trouvent \u00eatre moins rapidement lessiv\u00e9s. Un agriculteur qui introduit de l&rsquo;engrais d\u00e9sire que celui-ci puisse rester au sol d&rsquo;une part, et d&rsquo;autre part qu&rsquo;il puisse passer ais\u00e9ment dans la solution du sol \u00e0 laquelle les plantes ont recours. Enfin que cet engrais soit converti par les vivants du sol en mol\u00e9cules assimilables par les plantes.<\/p>\n\n\n\n<p class=\"has-medium-font-size\">La <a href=\"#cec\">capacit\u00e9 d&rsquo;\u00e9change cationique<\/a> mesure la quantit\u00e9 de ces \u00e9l\u00e9ments cationiques fix\u00e9s dans le complexe argilo-humique.<\/p>\n\n\n\n<p class=\"has-medium-font-size\">De mani\u00e8re g\u00e9n\u00e9rale, la p\u00e9dog\u00e9n\u00e8se d\u00e9crite sur cette page est celle du climat temp\u00e9r\u00e9 atlantique qui domine dans l&rsquo;Hexagone. La p\u00e9dog\u00e9n\u00e8se exc\u00e8de en <a href=\"#horizons\">horizons<\/a> p\u00e9dologiques l&rsquo;Horizon A (+ horizon humif\u00e8re) impliqu\u00e9 dans le complexe argilo-humique.<\/p>\n\n\n\n<p class=\"has-medium-font-size\">Les sols <a href=\"#fersiallitique\">fersiallitiques<\/a> du climat (subtropical) m\u00e9diterran\u00e9en pr\u00e9sentent des caract\u00e9ristiques p\u00e9dog\u00e9n\u00e9tiques diff\u00e9rentes de celles en cours dans le domaine atlantique.<\/p>\n\n\n\n<h2 class=\"wp-block-heading has-medium-font-size\" id=\"chorologie\"><strong>Chorologie [concept. Ecologie. et toutes sciences dites de la nature]:<\/strong><\/h2>\n\n\n\n<p class=\"has-medium-font-size\">C\u00e0 peut surprendre. Mais l\u00e0 c&rsquo;est marrant. Il s&rsquo;agit de l&rsquo;\u00e9tude de la dispersion d&rsquo;un <a href=\"#taxon\">taxon<\/a>. Permet \u00e9galement d&rsquo;orienter la pens\u00e9e pour situer l&rsquo;origine d&rsquo;une <a href=\"#esp\u00e8ce\">esp\u00e8ce<\/a>, en regardant la cartographie d&rsquo;un genre. Voir: <a href=\"#Centre-de-diversification\">centre de diversification<\/a>.<\/p>\n\n\n\n<p><\/p>\n\n\n\n<h2 class=\"wp-block-heading has-medium-font-size\" id=\"climax\"><strong>Climax (climacique)<\/strong> <strong>[concept. Phytosociologie]<\/strong><\/h2>\n\n\n\n<p class=\"has-medium-font-size\">Voir <a href=\"#paraclimax\">paraclimax<\/a><\/p>\n\n\n\n<p><\/p>\n\n\n\n<h2 class=\"wp-block-heading has-medium-font-size\" id=\"communaut\u00e9-basale\"><strong>Communaut\u00e9 basale<\/strong> <strong>[concept. phytosociologie]<\/strong>:<\/h2>\n\n\n\n<p class=\"has-medium-font-size\">Une communaut\u00e9 basale est une communaut\u00e9 de plantes souvent pionni\u00e8re et <a href=\"#phytoc\u00e9nose\">immature<\/a> ou encore tr\u00e8s fortement perturb\u00e9e comme c&rsquo;est le cas en zones urbaines. Et ne pr\u00e9sentant alors qu&rsquo;un petit nombre de taxons \u00e0 larges amplitudes \u00e9cologiques, \u00e0 larges amplitudes <a href=\"#phytosociologie\">phytosociologiques<\/a>. Nombre trop court pour une identification, et alors rapport\u00e9 au rang sup\u00e9rieur de la classification phytosociologique le plus pertinent.<\/p>\n\n\n\n<p class=\"has-medium-font-size\"><\/p>\n\n\n\n<h2 class=\"wp-block-heading has-medium-font-size\" id=\"communaut\u00e9s-de-plantes\"><strong>Communaut\u00e9s de plantes<\/strong> <strong>[phytosociologie]<\/strong><\/h2>\n\n\n\n<p class=\"has-medium-font-size\">Terme pouvant \u00eatre utilis\u00e9 pour \u00e9viter le flonflon du terme <a href=\"#phytosociologie\">phytosociologie<\/a><\/p>\n\n\n\n<p><\/p>\n\n\n\n<h2 class=\"wp-block-heading has-medium-font-size\" id=\"communaut\u00e9-d\u00e9riv\u00e9e\"><strong>Communaut\u00e9 d\u00e9riv\u00e9e [concept. phytosociologie].<\/strong><\/h2>\n\n\n\n<p class=\"has-medium-font-size\">Une communaut\u00e9 d\u00e9riv\u00e9e est une communaut\u00e9 dont le cort\u00e8ge floristique, sa divers!t\u00e9\/richesse floristique est impact\u00e9e par la domination d&rsquo;une esp\u00e8ce. Il y a un appauvrissement de la divers!t\u00e9 floristique. Le cas le plus typique, est celui du \u00e0 la pr\u00e9sence d&rsquo;une plante <a href=\"#envahissant\">invasive<\/a> dans cette communaut\u00e9. Les plantes envahissantes ayant tendance \u00e0 transformer les <a href=\"#phytoc\u00e9nose\">phytoc\u00e9noses<\/a> o\u00f9 elles s&rsquo;installent en espace paucisp\u00e9cifique, ou m\u00eame tout simplement monosp\u00e9cifique: elle-m\u00eame, c&rsquo;est tout.<\/p>\n\n\n\n<p class=\"has-medium-font-size\">Cette communaut\u00e9 est alors rapport\u00e9 au rang sup\u00e9rieur de la classification phytosociologique le  plus pertinent.<\/p>\n\n\n\n<p><\/p>\n\n\n\n<h2 class=\"wp-block-heading has-medium-font-size\" id=\"communaut\u00e9-fragmentaire\"><strong>Communaut\u00e9 fragmentaire [descripteur. phytosociologie]:<\/strong><\/h2>\n\n\n\n<p class=\"has-medium-font-size\">La station est de surface insuffisante et ne permet l&rsquo;expression correcte de la communaut\u00e9. Egalement rapport\u00e9 au rang sup\u00e9rieur de la classification phytosociologique le plus pertinent.<\/p>\n\n\n\n<p class=\"has-medium-font-size\">Voir: <a href=\"#aire-minimale\">Aire minimale<\/a>.<\/p>\n\n\n\n<p><\/p>\n\n\n\n<h2 class=\"wp-block-heading has-medium-font-size\" id=\"complexe-organe\"><strong>Complexe (organe):<\/strong><\/h2>\n\n\n\n<p class=\"has-medium-font-size\">Parfois utilis\u00e9 sur ce site pour indiquer qu&rsquo;un organe est <a href=\"#compos\u00e9\">compos\u00e9<\/a><\/p>\n\n\n\n<p><\/p>\n\n\n\n<h2 class=\"wp-block-heading has-medium-font-size\" id=\"compos\u00e9\"><strong>Compos\u00e9(e)<\/strong> <strong>[descripteur. Botanique]<\/strong><\/h2>\n\n\n\n<p class=\"has-medium-font-size\">Se dit d&rsquo;un organe complexe, compos\u00e9 en plusieurs parties de m\u00eame nature: feuille ou fleur.<\/p>\n\n\n\n<p><\/p>\n\n\n\n<h2 class=\"wp-block-heading has-medium-font-size\" id=\"cord\u00e9\"><strong>Cord\u00e9<\/strong> <strong>[descripteur. Botanique]<\/strong>:<\/h2>\n\n\n\n<p><\/p>\n\n\n\n<p class=\"has-medium-font-size\">se dit d&rsquo;un organe qui a la forme d&rsquo;un c\u0153ur, la pointe \u00e9tant \u00e0 l&rsquo;extr\u00e9mit\u00e9 terminale. Une feuille obcord\u00e9e \u00e0 la forme d&rsquo;un c\u0153ur mais la pointe est \u00e0 l&rsquo;extr\u00e9mit\u00e9 basale.<\/p>\n\n\n\n<p><\/p>\n\n\n\n<h2 class=\"wp-block-heading has-medium-font-size\" id=\"corolle\"><strong>Corolle <strong>[groupe d&rsquo;organe, pour description. Botanique]<\/strong>. <\/strong><\/h2>\n\n\n\n<p class=\"has-medium-font-size\">La corolle est form\u00e9e de l&rsquo;ensemble des p\u00e9tales.<\/p>\n\n\n\n<p><\/p>\n\n\n\n<h2 class=\"wp-block-heading has-medium-font-size\" id=\"corymbe\"><strong>Corymbe<\/strong> <strong>[descripteur. Botanique. Typologie des inflorescences]<\/strong><\/h2>\n\n\n\n<p class=\"has-medium-font-size\">Inflorescence (ou fleur compos\u00e9e) dont les <a href=\"#p\u00e9dicelle\">p\u00e9dicelles<\/a>, de longueurs in\u00e9gales, partent de niveaux diff\u00e9rents, et situant les <a href=\"#p\u00e9rianthe\">p\u00e9rianthes<\/a> plut\u00f4t sur un m\u00eame plan.<\/p>\n\n\n\n<p><\/p>\n\n\n\n<h2 class=\"wp-block-heading has-medium-font-size\" id=\"coul\u00e9e\"><strong>Coul\u00e9e<\/strong><\/h2>\n\n\n\n<p class=\"has-medium-font-size\">Les coul\u00e9es sont les sentiers trac\u00e9s par les autres animaux que nous. Etroites la plupart du temps, ce sont ce que j&rsquo;appelle des sentes (lorsque Homo sapiens en produit une bien \u00e9troite, elle fait environ 15 jusqu&rsquo;\u00e0 20 cm de large &#8211;au del\u00e0 de 20-25 cm je commence \u00e0 la trouver un peu large).<\/p>\n\n\n\n<p class=\"has-medium-font-size\">Les coul\u00e9es sont susceptibles d&rsquo;\u00eatre \u00ab\u00a0<a href=\"#rud\u00e9ral\">rud\u00e9ralis\u00e9es<\/a>\u00a0\u00bb mais le terme ne convient pas car l&rsquo;espace concern\u00e9 est trop petit pour \u00eatre significatif.<\/p>\n\n\n\n<p class=\"has-medium-font-size\">Elles ne seront pas prises en compte dans un <a href=\"#relev\u00e9-phytosociologique\">relev\u00e9 phytosociologique<\/a>: les animaux transportent des graines sur leurs poils, et ces graines tombent. Cela cr\u00e9e du \u00ab\u00a0bruit\u00a0\u00bb dans les communaut\u00e9s de plantes \u00e0 relever. Le sol est certes un peu tass\u00e9, et cela m\u00e9rite alors une attention. <\/p>\n\n\n\n<p class=\"has-medium-font-size\">&gt;Cas A. Quelques coul\u00e9es ne laissent pas la possibilit\u00e9 aux herbes de pousser ou elles sont arrach\u00e9es: pas de relev\u00e9 floristique possible sauf en post-abandon: la typologie qui serait alors attendue est une flore de friche, si toutefois elle en a l&rsquo;espace. Les coul\u00e9es \u00e9tant \u00e9troites, la flore jouxtante n&rsquo;a pas a priori de difficult\u00e9 \u00e0 re-coloniser. Ici, il y a une nette question d&rsquo;\u00e9chelles entre l&rsquo;\u00e9troitesse de la sente, la capacit\u00e9 des m\u00eames plantes \u00e0 la re-coloniser sans m\u00eame laisser (trop) d&rsquo;espace \u00e0 une autre flore fonctionnellement attendue: celles de friches. Cependant les routes trac\u00e9es par les bandes de p\u00e9cari \u00e0 l\u00e8vres blanches font jusque 3 m\u00e8tres de larges. C&rsquo;est imposant.<\/p>\n\n\n\n<p class=\"has-medium-font-size\">&gt;Cas B. Beaucoup de coul\u00e9es montrent des herbes simplement couch\u00e9es: pas de rud\u00e9ralisation.<\/p>\n\n\n\n<p class=\"has-medium-font-size\">&gt;Cas C. Il est possible que des coul\u00e9es laissent place \u00e0 des communaut\u00e9s pi\u00e9tin\u00e9es (ce dernier cas m&rsquo;int\u00e9resse, m&rsquo;intrigue): \u00e0 parcourir laborieusement les images de l&rsquo;internet, on obtient une r\u00e9p\u00e9tition peut-\u00eatre pas significative de la <a href=\"https:\/\/lecompagnonrouge.fr\/?p=5831\">ficaire<\/a> (indiqu\u00e9e r\u00e9sistante au pi\u00e9tinement sur e-flora-sys &#8230;) Les photos montrant un environnement plut\u00f4t convenable \u00e0 la ficaire bulbeuse. Bulbes alors dispers\u00e9s par le pi\u00e9tinement. Le pi\u00e9tinement est en rapport \u00e0 la longueur des pas, plus il est petit, plus le pi\u00e9tinement est fort. La morphologie des cervid\u00e9s permet de sugg\u00e9rer un pi\u00e9tinement plut\u00f4t faible. Coul\u00e9es de cervid\u00e9s: <em>Ficariae<\/em> (?), ???, quelles plantes ici et quelle plantes l\u00e0 (pas de structure de communaut\u00e9s de plantes possible \u00e0 synth\u00e9tiser ?).<\/p>\n\n\n\n<p class=\"has-medium-font-size\">Sur le cas C (voire <a href=\"#aire-minimale\">aire minimale<\/a>), la largeur des coul\u00e9es est \u00e0 prendre en compte. Si fonction de la vigueur biologique des individus fonction des strates concern\u00e9es, l&rsquo;augmentation de surface pour une coh\u00e9rence d&rsquo;un groupement de v\u00e9g\u00e9tation est plut\u00f4t logarithmique que simplement lin\u00e9aire, on obtiendrait potentiellement sur la partie concern\u00e9e de la coul\u00e9e, un plus faible besoin en diversit\u00e9 sp\u00e9cifique pour d\u00e9terminer une communaut\u00e9 ad hoc (communaut\u00e9 de pi\u00e9tinement du cerf &#8211;lol). Car la flore de reconqu\u00eate de friche ou pionni\u00e8re serait probablement de petite taille. Or ce pi\u00e9tinement a lieu sur une autre communaut\u00e9 d\u00e9j\u00e0 pr\u00e9sente. Et ce qui compte c&rsquo;est qu&rsquo;\u00e9tant donn\u00e9e la faible largeur des coul\u00e9es, seules les strates de pelousaires a priori peuvent marquer, et donc il s&rsquo;agit alors tonsure sur coul\u00e9e r\u00e9alis\u00e9e sur pelouse sachant que les pelouses sont sur milieux contraints y compris parfois par lapins (cf: aire minimale). Au final, les autres strates sont plus hautes, plus fortes si l&rsquo;on veut, et vont reprendre leurs droits \u00e0 l&rsquo;identique (d\u00e8s que possible: lors d&rsquo;un arr\u00eat de fr\u00e9quentation). Par ailleurs, chose \u00e9vidente: la coul\u00e9e est susceptible de traverser plusieurs milieux.<\/p>\n\n\n\n<p class=\"has-medium-font-size\">Sur le cas A, le pi\u00e9tinement semble plus important, et notamment si enfoncement du sol, cela pose des question sur l&rsquo;eau et sa circulation. <\/p>\n\n\n\n<p class=\"has-medium-font-size\">Dans la plupart des cas, \u00e0 cause notamment du \u00ab\u00a0bruit\u00a0\u00bb des semis al\u00e9atoires par les animaux mais aussi en lien avec la pauvret\u00e9 floristique possible et l&rsquo;\u00e9troitesse des loci, la phytosociologie n&rsquo;est pas adapt\u00e9e ni ne semble adaptable \u00e0 une description de l&rsquo;impact des animaux en g\u00e9n\u00e9ral sur l&rsquo;environnement. La floristique disparait, et ne reste que les aspects fonctionnels. Cela ne me semble pourtant pas inint\u00e9ressant de regarder\/ d\u00e9crire ce qu&rsquo;il se passe. Cependant qu&rsquo;il ne faut ni l&#8217;emprunter ni y stationner car sinon risque qu&rsquo;elle ne soit plus emprunt\u00e9e par les animaux.<\/p>\n\n\n\n<p class=\"has-medium-font-size\">Les coul\u00e9es sont peut-\u00eatre plus int\u00e9ressantes que les g\u00eetes\/bauges et autres couches au sens large du point de vue de la pr\u00e9sence de plantes, bien que du \u00ab\u00a0bruit \u00a0\u00bb du \u00e0 des semis al\u00e9atoire s&rsquo;y pr\u00e9sente d\u00e9j\u00e0. Un endroit o\u00f9 un animal se couche pour dormir ou se d\u00e9barrasser d&rsquo;ectoparasites &#8230; Sauf bisons am\u00e9ricain semble t&rsquo;il, suscpetibles de montrer la pr\u00e9sence de plantes de reconqu\u00eate\/friches (mais le bison est en milieu tr\u00e8s contraint, des steppes, ce qui rend cette question plus complexe).<\/p>\n\n\n\n<p class=\"has-medium-font-size\">Les coul\u00e9es produites par une esp\u00e8ce sont emprunt\u00e9es par les autres esp\u00e8ces animales &#8230; Sauf Homo sapiens a priori (?) Ce \u00ab\u00a0sauf\u00a0\u00bb(?), est-ce parce qu&rsquo;il pr\u00e9f\u00e8re sa propre technologie? Est-ce \u00e0 cause d&rsquo;une peur atavique? Est-ce (hypoth\u00e8se a priori la plus probable, mais non suffisante) parce qu&rsquo;il craint de marquer la coul\u00e9e de son odeur, et qu&rsquo;elle ne soient plus exploit\u00e9e par le gibier qu&rsquo;il convoite?<\/p>\n\n\n\n<p>S&rsquo;attarder un peu sur le p\u00e9cari \u00e0 l\u00e8vre blanche. <br>Je demande \u00e0 l&rsquo;anthropologue Esteban Arias de me parler des coul\u00e9es de p\u00e9cari \u00e0 l\u00e8vres blanches qu\u2019il a pu voir. Manifestement, ils \u00e9crasent des fourr\u00e9s, mais il s\u2019agit de fourr\u00e9s qui ne sont pas forc\u00e9ment directement jointifs aux cours d\u2019eau. Il s\u2019agit plut\u00f4t de fourr\u00e9s jointifs \u00e0 la pr\u00e9sence de Bertholletia excelsa qu\u2019ils recherchent. L\u2019impact des coul\u00e9es de p\u00e9caris semblent important sur le milieu. On pourrait presque parler d&rsquo;une sorte de succession r\u00e9gressive comme secondaire mais produite par autre vivant que l&rsquo;homme, parasecondaire donc. Mais dans le cas indiqu\u00e9 en tous cas, la pr\u00e9sence des fourr\u00e9s proches des noyers du Br\u00e9sil semble plut\u00f4t indiquer que les conditions d\u2019ouverture du milieu qui permettent l\u2019\u00e9tablissement de fourr\u00e9s (et non des arbres) soit le plus probablement anthropique.<\/p>\n\n\n\n<h2 class=\"wp-block-heading has-medium-font-size\" id=\"coumarine\"><strong>Coumarine (odeur de)<\/strong> <strong>[descripteur. Botanique]<\/strong><\/h2>\n\n\n\n<p class=\"has-medium-font-size\">La coumarine, parfum naturel pr\u00e9sent dans certaines plantes et li\u00e9e au sucre, d\u00e9gage une odeur tr\u00e8s caract\u00e9ristique que je ne sais pas qualifier. Elle est souvent compar\u00e9e \u00e0 celle du foin, de la vanille. Cette odeur parfum\u00e9e est tout particuli\u00e8rement connue des amateurs d&rsquo;une vodka polonaise parfum\u00e9e \u00e0 l&rsquo;Erochloe odorata.<\/p>\n\n\n\n<p class=\"has-medium-font-size\">Egalement utilis\u00e9e en parfumerie et pour am\u00e9liorer le go\u00fbt des aliments (F\u00e8ve Tonka).<\/p>\n\n\n\n<p class=\"has-medium-font-size\">Il semblerait que le mot Coumarine provienne soit du Kali&rsquo;na (Galibi) soit du Tupi. Mais les Tupi ne sont pas Karib.<\/p>\n\n\n\n<p><\/p>\n\n\n\n<h2 class=\"wp-block-heading has-medium-font-size\" id=\"croissance\"><strong>Croissance:<\/strong><\/h2>\n\n\n\n<p class=\"has-medium-font-size\">\u00e7\u00e0 grandit. Diff\u00e9rent de d\u00e9veloppement. Le d\u00e9veloppement est trait\u00e9 par la <a href=\"#ph\u00e9nologie\">ph\u00e9nologie<\/a>.<\/p>\n\n\n\n<p><\/p>\n\n\n\n<h2 class=\"wp-block-heading has-medium-font-size\" id=\"cryptog\u00e8ne\"><strong>Cryptog\u00e8ne&nbsp;[concept. botanique. \u00e9cologie]:<\/strong><\/h2>\n\n\n\n<p class=\"has-medium-font-size\">Plante dont la pr\u00e9sence, l\u2019arriv\u00e9e sur le territoire concern\u00e9 n\u2019est pas explicite, n\u2019est pas bien connu.<\/p>\n\n\n\n<p><\/p>\n\n\n\n<h2 class=\"wp-block-heading has-medium-font-size\" id=\"cultig\u00e8ne\"><strong>Cultig\u00e8ne <strong>[concept. botanique]<\/strong>&nbsp;:<\/strong><\/h2>\n\n\n\n<p class=\"has-medium-font-size\">Plante n\u2019existant pas \u00e0 l\u2019\u00e9tat <a href=\"#spontan\u00e9\">spontan\u00e9<\/a>, provenant d\u2019un acte de s\u00e9lection par les humains.<\/p>\n\n\n\n<p><\/p>\n\n\n\n<h2 class=\"wp-block-heading has-medium-font-size\" id=\"cultivar\"><strong>Cultivar&nbsp;<strong>[Botanique]<\/strong>: <\/strong><\/h2>\n\n\n\n<p class=\"has-medium-font-size\">Vari\u00e9t\u00e9 au sens large ou au sens strict d\u2019un cultig\u00e8ne. N\u2019est jamais consid\u00e9r\u00e9 comme <a href=\"#indig\u00e8ne\">indig\u00e8ne<\/a>&nbsp;: plante non <a href=\"#spontan\u00e9\">spontan\u00e9e<\/a>.<\/p>\n\n\n\n<p><\/p>\n\n\n\n<h2 class=\"wp-block-heading has-medium-font-size\" id=\"cun\u00e9iforme\"><strong>Cun\u00e9iforme, cunn\u00e9(-e) <strong>[descripteur. Botanique]<\/strong>:<\/strong><\/h2>\n\n\n\n<p class=\"has-medium-font-size\">En forme de triangle, de coin.<\/p>\n\n\n\n<p><\/p>\n\n\n\n<h2 class=\"wp-block-heading has-medium-font-size\" id=\"cyathe\"><strong>Cyathe<\/strong> <strong>[descripteur. Botanique. Typologie des inflorescence]<\/strong><\/h2>\n\n\n\n<p class=\"has-medium-font-size\">Fleur \u00e9tonnante dans le genre Euphorbia. L&rsquo;<a href=\"#involucre\">involucre<\/a> form\u00e9 de 5 <a href=\"#bract\u00e9e\">bract\u00e9es<\/a> est soud\u00e9 en urne. Chaque bract\u00e9e est s\u00e9par\u00e9e par une glande ( il s&rsquo;agit d&rsquo;un <a href=\"#stipule\">stipule<\/a> transform\u00e9), et axile une petite <a href=\"#cyme\">cyme<\/a> de fleurs m\u00e2les. Au centre de l&rsquo;urne, la fleur femelle r\u00e9duite \u00e0 ses carpelles. Se remarque \u00e0 l&rsquo;urne et aux glandes.<\/p>\n\n\n\n<p><\/p>\n\n\n\n<h2 class=\"wp-block-heading has-medium-font-size\" id=\"cycle-azote\"><strong>Cycle de l&rsquo;azote<\/strong> <strong>[g\u00e9ologie. climatologie. p\u00e9dologie]<\/strong><\/h2>\n\n\n\n<p class=\"has-medium-font-size\">Un point auquel on pense moins spontan\u00e9ment concerne les gaz \u00e0 effets de serres.<\/p>\n\n\n\n<p class=\"has-medium-font-size\">L&rsquo;un deux, le dioxyde d&rsquo;azote, \u00e9mane des moteurs thermiques (par exemple les voitures). Il participe \u00e0 maintenir en ville, la communaut\u00e9 du <a href=\"https:\/\/lecompagnonrouge.fr\/?p=5593\">Xanthorion parietinea<\/a>. Il s&rsquo;agit d&rsquo;une communaut\u00e9 de Lichens qui supporte des doses d&rsquo;azote, et qui rend cette pollution atmosph\u00e9rique rep\u00e9rable.<\/p>\n\n\n\n<p class=\"has-medium-font-size\">Un autre gaz \u00e0 effet de serre est plus particuli\u00e8rement surveill\u00e9 dans les cultures. Lorsque le sol est gorg\u00e9 d&rsquo;eau, il est pauvre en oxyg\u00e8ne. Cela favorise les bact\u00e9ries d\u00e9nitrifiantes qui sont facultativement ana\u00e9robies, alors que les bact\u00e9ries nitrifiantes de nitratation et de nitritation sont a\u00e9robies. La d\u00e9nitrification entra\u00eene la pollution en protoxyde d&rsquo;azote (N2O) qui pr\u00e9sente un effet n\u00e9gatif sur le climat.<\/p>\n\n\n\n<p class=\"has-medium-font-size\">Lorsque ces sols ne sont pas laiss\u00e9s nus, les plantes ont recours \u00e0 l&rsquo;eau du sol, ainsi qu&rsquo;au <a href=\"#trophie\">nutriments<\/a> min\u00e9raux. Le sol s\u00e8che plus vite. Les cycles de l&rsquo;azote au sol restent en cours. Noter par ailleurs que lorsque l&rsquo;on voit un champs labour\u00e9 nu en hiver, c&rsquo;est souvent en raison d&rsquo;une argile trop lourde pour laquelle l&rsquo;alternance de gel et de d\u00e9gel est importante pour la d\u00e9compaction.<\/p>\n\n\n\n<p class=\"has-medium-font-size\">Les plus importantes \u00e9missions de N2O semblent avoir lieux apr\u00e8s de gros \u00e9pisodes pluvieux, en suite de la fertilisation des sols. La fertilisation des sols, en tous cas mal guid\u00e9e, et jamais compens\u00e9e par une culture CIPAN (culture ayant pour fonction de maintenir les cycles de l&rsquo;azote au sol) est la cause la plus importante d&rsquo;\u00e9missions de N2O en agriculture.<\/p>\n\n\n\n<p class=\"has-medium-font-size\">Les grandes pluies que l&rsquo;on conna\u00eet l&rsquo;hiver sont favorables aux lessivages des sols. Ces pluies ont tendance \u00e0 emporter les nutriments en direction de la rivi\u00e8re. Dans ces lessivats, une faible part semble pouvoir se transformer en N2O. Il se pourrait cependant que l&rsquo;hiver soit favorable \u00e0 ce que les sols sous nos climats se comportent comme puits plut\u00f4t que comme source de N2O.<\/p>\n\n\n\n<p class=\"has-medium-font-size\">Les sols ayant un humus de type mull, c&rsquo;est notamment le cas des sols de cultures, voient les processus de transformation impliqu\u00e9s majoritairement par des bact\u00e9ries (mais, voir <a href=\"#cycle-phosphore\">cycle du phosphore<\/a>).<\/p>\n\n\n\n<p class=\"has-medium-font-size\">Les sols ayant un humus de type moder voient plus de myc\u00e8tes dans les processus impliqu\u00e9s. Ces sols sont plus acides. Le voisinage des racines est aussi acidifi\u00e9 par l&rsquo;absorption d&rsquo;azote qui n&rsquo;existe dans ces sols pratiquement que sous forme ammoniacale. <\/p>\n\n\n\n<p class=\"has-medium-font-size\">De la m\u00eame mani\u00e8re, on voit que le comportement de l&rsquo;azote en prairie permanente est diff\u00e9rent que dans un sol nu de culture. En sous bois, la liti\u00e8re va faire intervenir les myc\u00e8tes &#8230;<\/p>\n\n\n\n<p class=\"has-medium-font-size\">Dans les sols, <\/p>\n\n\n\n<p class=\"has-medium-font-size\">la plus grande pauvret\u00e9 en oxyg\u00e8ne, c&rsquo;est \u00e0 dire la plus grande quantit\u00e9 en CO2 dans les sols, cela semble provenir de l&rsquo;activit\u00e9 transformatrice des processus p\u00e9dologiques. Oxyg\u00e8ne n\u00e9cessaire aux bact\u00e9ries nitrifiantes comme \u00e0 la fonge, et qui donc le consomme pour transformer l&rsquo;azote en azotes assimilables pour les plantes. Cela appauvrit l&rsquo;atmosph\u00e8re du sol en oxyg\u00e8ne, et le rench\u00e9rit en CO2, ce qui peut tr\u00e8s bien convenir aux bact\u00e9ries d\u00e9nitrifiantes. Ces derni\u00e8res participant \u00e0 l&rsquo;abaissement du taux d&rsquo;azote au sol. Ce qui n&rsquo;est pas forc\u00e9ment partout toujours une mauvaise chose.<\/p>\n\n\n\n<p>Des bact\u00e9ries participent \u00e0 la production, \u00e0 la fixation d&rsquo;azote au sol: <\/p>\n\n\n\n<p>Pour commencer, les bact\u00e9ries \u00e0 respiration ana\u00e9robies obligatoires (dans des zones anoxiques), tel des Chlorobium, des Clostridium (dont le botulisme) &#8230;<\/p>\n\n\n\n<p>Des bact\u00e9ries \u00e0 respiration a\u00e9robies facultatives tel <a href=\"#sid\u00e9rophore\">Pseudomonas<\/a>, des bact\u00e9ries totalement a\u00e9robies comme des cyanoboact\u00e9ries (le Nostoc)<\/p>\n\n\n\n<p>Et les tr\u00e8s appr\u00e9ci\u00e9es bact\u00e9ries symbiotiques. Les symbioses se voient par des nodulations au niveau du racinaire. Les bact\u00e9ries du genre Frankia pour les Aulnes, le Myrica gale, etc. Plus connues les bact\u00e9ries du groupe Rhizobia concernent essentiellement les Fabaceae. En \u00e9change de produits carbon\u00e9s (du sucre au sens large), la bact\u00e9rie bien prot\u00e9g\u00e9e par la plante lui fournit de l&rsquo;azote.<\/p>\n\n\n\n<p class=\"has-medium-font-size\">Contrairement au phosphore, l&rsquo;azote est extr\u00eamement labile et prend diverses formes: ammonium, nitrates et nitrites, protoxide d&rsquo;azote &#8230; L&rsquo;azote est tr\u00e8s sensible au <a href=\"#cah\">lessivage<\/a>.<\/p>\n\n\n\n<p class=\"has-medium-font-size\">Il y a une sorte d&rsquo;\u00e9quilibre du pH au niveau de la <a href=\"#rhizosph\u00e8re\">rhizosph\u00e8re<\/a> des racines qui se produit. Ne serait-ce que dans le contexte de la <a href=\"#nutrition\">rhizod\u00e9position<\/a>. L&rsquo;azote est donn\u00e9 comme acidifiant. C&rsquo;est \u00e0 dire que des quantit\u00e9s trop importantes d&rsquo;azote sont acidifiantes. Les lessivats azot\u00e9s sont susceptibles d&rsquo;acidifier les milieux, ou plut\u00f4t de participer \u00e0 l&rsquo;acidification des milieux, notamment aquatiques.<\/p>\n\n\n\n<p class=\"has-medium-font-size\">L&rsquo;azote quitte le sol par lessivage (lixivation est le terme \u00e9l\u00e9gant et technique), et sous forme gazeuse.<\/p>\n\n\n\n<h2 class=\"wp-block-heading has-medium-font-size\" id=\"cycle-eau\"><strong>Cycle de l&rsquo;eau<\/strong> <strong>[g\u00e9ologie. climatologie. p\u00e9dologie]<\/strong><\/h2>\n\n\n\n<p class=\"has-medium-font-size\">Tr\u00e8s peu de surfaces agricoles connaissent un syst\u00e8me d&rsquo;irrigation, lequel entra\u00eene un investissement. Syst\u00e8me d&rsquo;irrigation compris au sens contemporain du terme. Les foss\u00e9s qui bordaient les <a href=\"#talus\">talus<\/a> des bocages formaient un syst\u00e8me de gestion de l&rsquo;eau, par exemple, mais depuis longtemps bouch\u00e9s par le passage des machines.<\/p>\n\n\n\n<p class=\"has-medium-font-size\">Ne serait-ce que sur le plan agricole, le cycle de l&rsquo;eau est important \u00e0 se rem\u00e9morer. L&rsquo;eau des glaciers, l&rsquo;eau des cours d&rsquo;eau &#8230; L&rsquo;\u00e9vaporation et l&rsquo;\u00e9vapotranspiration &#8230; Contre les id\u00e9es re\u00e7ues, l&rsquo;\u00e9vapotranspiration a une grande importance dans les quantit\u00e9s de pr\u00e9cipitations. Sous notre climat, la moyenne de consommation d&rsquo;eau d&rsquo;un arbre adulte est de 200 litres d&rsquo;eau par jour. Une large partie \u00e9tant renvoy\u00e9e dans l&rsquo;atmosph\u00e8re.<\/p>\n\n\n\n<p class=\"has-medium-font-size\">Ce rapport entre \u00e9vapo-transpiration et pr\u00e9cipitations va d\u00e9pendre du type de plantes, de la temp\u00e9rature, et in fine du climat concern\u00e9. Les plantes grasses ne transpirent que tr\u00e8s peu, par exemple.<\/p>\n\n\n\n<p class=\"has-medium-font-size\">Sous notre climat c&rsquo;est pour s&rsquo;en faire une id\u00e9e indicative: parfois un peu \u00e0 partir de 25\u00b0C, et plus souvent \u00e0 partir de 30\u00b0C que nos plantes en C3 ferment leurs <a href=\"#stomates\">stomates<\/a>. On dit qu&rsquo;elles entrent en pseudo-dormance, ou dormance estivale. La respiration est \u00e9galement ralentie. Mais il semble qu&rsquo;il y ait adaptabilit\u00e9. Les <a href=\"#stress-thermique\">indicateurs de temp\u00e9ratures sup\u00e9rieures<\/a> sont plus stressants.<\/p>\n\n\n\n<p><\/p>\n\n\n\n<h2 class=\"wp-block-heading has-medium-font-size\" id=\"cycle-phosphore\"><strong>Cycle du phosphore <strong>[g\u00e9ologie. climatologie. p\u00e9dologie]<\/strong>.<\/strong><\/h2>\n\n\n\n<p class=\"has-medium-font-size\">Le phosphore n&rsquo;a pas de cycle a\u00e9rien. Qu&rsquo;il soit au sol ou dans l&rsquo;eau, il se trouve tr\u00e8s rapidement sous une forme non assimilable par les plantes. Il s&rsquo;en suit que les quantit\u00e9s de phosphore dans les parcelles cultiv\u00e9es sont gigantesques mais inutilisables. On a pendant des d\u00e9cennies introduit du phosphore aux parcelles. Plut\u00f4t en vain.<\/p>\n\n\n\n<p class=\"has-medium-font-size\"><mark style=\"background-color:rgba(0, 0, 0, 0)\" class=\"has-inline-color has-vivid-red-color\">Les plantes pour avoir recours au phosphore d\u00e9pendent du pH 5,5-6 mais aussi beaucoup de la fonge: la <a href=\"#rhizosph\u00e8re\">rhizosph\u00e8re<\/a>.<\/mark> <mark style=\"background-color:rgba(0, 0, 0, 0)\" class=\"has-inline-color has-vivid-red-color\">Par ailleurs, les <a href=\"#sid\u00e9rophore\">sid\u00e9rophores<\/a>: des bact\u00e9ries peuvent \u00e9galement permettre la biodisponibilit\u00e9 du phosphore, et les Poaceae en situation de carence en fer produisent des phytosid\u00e9rophores.<\/mark> Les vers de terres semblent aussi cit\u00e9s.<\/p>\n\n\n\n<p class=\"has-medium-font-size\">Noter que le <a href=\"#pratiques-agricoles\">labour<\/a> d\u00e9range les myc\u00e8tes.<\/p>\n\n\n\n<p class=\"has-medium-font-size\">Le phosphore est plut\u00f4t tr\u00e8s fix\u00e9 aux particules. Aussi, lorsqu&rsquo;il quitte le sol, c&rsquo;est beaucoup par \u00e9rosion (eau, vent).<\/p>\n\n\n\n<h2 class=\"wp-block-heading has-medium-font-size\" id=\"cyme\"><strong>Cyme [descripteur. Botanique]&nbsp;: <\/strong><\/h2>\n\n\n\n<p class=\"has-medium-font-size\">Inflorescence o\u00f9 tous les axes sont termin\u00e9es par une fleur, notamment l\u2019axe principal poss\u00e8de une fleur qui bloque la croissance de cet axe, renvoyant \u00e0 la production d\u2019axes floraux sous-jacents. Si bract\u00e9es, elles apparaissent comme oppos\u00e9es \u00e0 la fleur.<\/p>\n\n\n\n<p><\/p>\n\n\n\n<p><\/p>\n\n\n\n<h2 class=\"wp-block-heading has-text-align-center has-medium-font-size\" id=\"d\"><mark style=\"background-color:rgba(0, 0, 0, 0)\" class=\"has-inline-color has-luminous-vivid-amber-color\">D. <a href=\"#haut-de-page\">Haut de page<\/a><\/mark><\/h2>\n\n\n\n<h2 class=\"wp-block-heading has-medium-font-size\" id=\"d\u00e9current\"><strong>D\u00e9current <strong>[descripteur. Botanique]<\/strong>:<\/strong><\/h2>\n\n\n\n<p class=\"has-medium-font-size\">Prolongation d&rsquo;un organe sur un autre. Le limbe d&rsquo;une feuille peut \u00eatre d\u00e9current sur la tige et forme alors des ailes.<\/p>\n\n\n\n<p><\/p>\n\n\n\n<h2 class=\"wp-block-heading has-medium-font-size\" id=\"d\u00e9mographie\"><strong>D\u00e9mographie<\/strong><\/h2>\n\n\n\n<p class=\"has-medium-font-size\">Que ce soit du c\u00f4t\u00e9 de la diversit\u00e9 botanique ( et donc des statuts de protection des esp\u00e8ces), ou que ce soit en phytosociologie, les \u00ab\u00a0sciences\u00a0\u00bb consid\u00e9r\u00e9es sont d&rsquo;abord statistiques. Cet aspect est important \u00e0 mettre en valeur car sur l&rsquo;\u00e9chelle de la <a href=\"#preuve\">preuve<\/a>, ces sciences botaniques partent d&rsquo;assez loin. On obtient d&rsquo;abord des corr\u00e9lations. L&rsquo;analyse en post relev\u00e9s va pouvoir les homog\u00e9n\u00e9iser, les rendre coh\u00e9rents entre eux et vis \u00e0 vis de r\u00e9f\u00e9rentiels, ou de la construction \u00e9ventuelle de ce(s) dernier(s).<\/p>\n\n\n\n<p class=\"has-medium-font-size\">Du c\u00f4t\u00e9 de la botanique et de la diversit\u00e9 toutes les plantes ne peuvent \u00eatre compt\u00e9s de la m\u00eame mani\u00e8re. Un arbre monopode ne peut pas \u00eatre compt\u00e9 de la m\u00eame mani\u00e8re qu&rsquo;une plante ayant une <a href=\"#architecture\">architecture<\/a> en Bell. Le monopode b\u00e9n\u00e9ficiant d&rsquo;un d\u00e9compte absolu exact. Il faut donc pouvoir rendre coh\u00e9rent des modes d&rsquo;approches diff\u00e9rents.<\/p>\n\n\n\n<p class=\"has-medium-font-size\">Du c\u00f4t\u00e9 de la phytosociologie, m\u00eame si il s&rsquo;agit de la m\u00eame association, diff\u00e9rents relev\u00e9s en relevant peuvent l&rsquo;exprimer de mani\u00e8re assez diff\u00e9rente. C&rsquo;est aussi l&rsquo;int\u00e9r\u00eat d&rsquo;avoir une sorte d&rsquo;arrondi avec par exemple le coefficient d&rsquo;abondance\/dominance. Il faut pouvoir ensuite donner la coh\u00e9rence n\u00e9cessaire \u00e0 ces <a href=\"#relev\u00e9-phytosociologique\">relev\u00e9s<\/a> correspondant \u00e0 un seul groupement type de plantes. Mais si l&rsquo;on prend ce dernier coefficient d&rsquo;abondance\/dominance, il se trouve qu&rsquo;il y a une diff\u00e9rence d&rsquo;amplitude entre le 1 et le 2, et les 3 \u00e0 5. Plusieurs solutions sont propos\u00e9es pour r\u00e9gler le probl\u00e8me. <\/p>\n\n\n\n<p class=\"has-medium-font-size\">Tout cela \u00e9tant dit, les calculs statistiques en jeux ne sont pas aussi complexes qu&rsquo;en d\u00e9mographie humaine. <\/p>\n\n\n\n<p class=\"has-medium-font-size\"><mark style=\"background-color:rgba(0, 0, 0, 0)\" class=\"has-inline-color has-vivid-red-color\">\/!\\ Un point d&rsquo;attention: les statistiques utilis\u00e9es en phytosociologie sont assez rudimentaires pour qu&rsquo;on puisse imaginer les faire \u00e0 la main. Cependant, le calcul statistique est souvent chronophage. Il importe donc d&rsquo;importer dans le logiciel des donn\u00e9es suffisamment pr\u00e9cises et justes.<\/mark><\/p>\n\n\n\n<p>Il faut encore prendre en compte la repr\u00e9sentativit\u00e9 de l&rsquo;\u00e9chantillon. Je vais m&rsquo;adosser sur les sciences humaines, non que cela soit plus courant mais que cela soit beaucoup plus parlant. L&rsquo;enqu\u00eat\u00e9 ne r\u00e9pondra plut\u00f4t pas honn\u00eatement et sinc\u00e8rement \u00e0 des questions dont il sait que la r\u00e9ponse est tabou dans la culture dont est issu.e l&rsquo;enqu\u00eateur.ice. Ainsi de la question de la repr\u00e9sentation de l&rsquo;inceste, plus ferm\u00e9e dans la culture occidentale contemporaine (mariage avec le cousin crois\u00e9), de la question de l&rsquo;infanticide, de la question du cannibalisme, etc. L&rsquo;enqu\u00eateur.ice peut \u00e9galement subir des biais par projection affective sur les enqu\u00eat\u00e9.e. s. Enfin, les enqu\u00eat\u00e9.e.s peuvent \u00e9galement pr\u00e9senter du d\u00e9ni (question de la repr\u00e9sentation de l&rsquo;inceste, par exemple; plus g\u00e9n\u00e9ralement dans le cas d&rsquo;un changement de paradigme concernant une caract\u00e9ristique culturelle), y compris dans un domaine aussi partageable (car apparemment tr\u00e8s amusant) que la question des structures familiales. Et la somme des personnes dans le d\u00e9ni (enqu\u00eat\u00e9.e.s et enqu\u00eateur.ice) peut \u00eatre sup\u00e9rieure \u00e0 la somme des personnes qui ne le sont pas.<\/p>\n\n\n\n<p class=\"has-medium-font-size\">Quelques symboles pour l&rsquo;aide \u00e0 la lecture:<br><br>\u03a3 : sigma majuscule pour: somme<\/p>\n\n\n\n<p class=\"has-medium-font-size\">\u03c3: sigma minuscule (celui ressemblant \u00e0 un o en cursive): pour d\u00e9signer l&rsquo;\u00e9cart-type<\/p>\n\n\n\n<p class=\"has-medium-font-size\"><br>n<sup>2<\/sup> : un chiffre en exposant est un multiplicateur. un multiplicateur r\u00e9p\u00e9t\u00e9. C&rsquo;est la puissance. Si l&rsquo;exposant est 2, le calcul se fait au carr\u00e9, si l&rsquo;exposant est 3 le calcul se fait au cube, etc. exemple: 5<sup>2<\/sup>= 5.5 soit 25; 7<sup>3<\/sup>= 7.7.7= 343; En puissance 4: 2<sup>4<\/sup> =32<\/p>\n\n\n\n<p>Repr\u00e9sentation\ud83e\udd11: <br>1000<sup>2<\/sup>=1000.1000= 1 000 000 (1 million); 1000<sup>3<\/sup>= 1000.1000.1000= le milliard; On consid\u00e8re le smic \u00e0 1500 soit: (smic\/3,375).smic.smic= le milliard= 1500<sup>2,8336717264<\/sup> (mais comment multiplier par lui-m\u00eame 2,833 fois ??? \ud83d\ude42 )<\/p>\n\n\n\n<p class=\"has-medium-font-size\">\u221a: racine carr\u00e9e. La racine carr\u00e9 de 25 est 5 (voir les puissances au dessus), la racine au cube de 343 est 7, etc. La racine carr\u00e9 de 100 est 10; la racine carr\u00e9 de 64 est 8, etc.<\/p>\n\n\n\n<p class=\"has-medium-font-size\"><br>n\u0305 :une lettre surlign\u00e9e dite n barre correspond ici \u00e0 l\u00e0 moyenne. Il est donc demand\u00e9 de calculer une moyenne.<\/p>\n\n\n\n<p class=\"has-medium-font-size\">. le point est un signe de multiplication. 5.2=10; 4.3.2=24<\/p>\n\n\n\n<p class=\"has-medium-font-size\">\/ est le signe de la division. La barre peut aussi \u00eatre horizontale avec le diviseur dessous. 10\/2=5; (4.3)\/2=6<\/p>\n\n\n\n<p class=\"has-medium-font-size\">(1,2,3,4,5); (\ud83d\udd96\ud83c\udffe,\ud83d\udc04,\ud83d\udc2e,\ud83d\udd96\ud83c\udffe) sont des suites<\/p>\n\n\n\n<p class=\"has-medium-font-size\">+ est le signe de l&rsquo;addition, la somme est le r\u00e9sultat de l&rsquo;addition. 1+2+3+4+5=15<\/p>\n\n\n\n<p class=\"has-medium-font-size\">\u03a3 u<sub>n<\/sub> = 1+2+3+4 &#8230; Cela correspond \u00e0 une s\u00e9rie. <br>\u2211&nbsp;<sub>n&gt;1<\/sub> u<sub>n<\/sub>=1+2+3+4+5.Dans cette derni\u00e8re formule avec n&gt;1 en indice, la s\u00e9rie est calcul\u00e9e \u00e0 partir de 2. La s\u00e9rie se pr\u00e9sente comme la somme d&rsquo;une suite. Selon les indications en exposant et en indice de la somme (sigma) et \u00e0 sa droite, diff\u00e9rents calculs &#8230;<\/p>\n\n\n\n<p class=\"has-medium-font-size\">Une formule de calcul de l&rsquo;\u00e9cart type, avec n pour le nombre d\u2019individus, xi pour la valeur de ce qui est mesur\u00e9: <br>\u03c3 =\u221a 1\/n \u2211&nbsp;<sup>n<\/sup><sub>i <\/sub>(xi- x\u0305)<sup>2<\/sup><\/p>\n\n\n\n<p class=\"has-medium-font-size\">\u03c3 =\u221a 1\/n-1 \u2211&nbsp;<sup>n<\/sup><sub>i <\/sub>(xi- x\u0305)<sup>2<\/sup> (&lt;- ici, \u00e9chantillon. L&rsquo;\u00e9cart type type qu&rsquo;on utilise plut\u00f4t en phytosocio)<\/p>\n\n\n\n<p class=\"has-medium-font-size\"><br>\u222b: Le S allong\u00e9 qui ressemble \u00e0 une ou\u00efe de violoncelle s&rsquo;appelle int\u00e9grale. Bon, c&rsquo;est bien \u00e7\u00e0. C&rsquo;est bien mais je crois qu&rsquo;on utilise pas. L&rsquo;int\u00e9grale est concern\u00e9e par ce que repr\u00e9sente une courbe, l&rsquo;aire remplie par la courbe. Il s&rsquo;agit donc de calculer l&rsquo;aire consid\u00e9r\u00e9e. En n\u00e9gatif, sous l&rsquo;abscisse x<\/p>\n\n\n\n<figure class=\"wp-block-image size-full\"><img loading=\"lazy\" decoding=\"async\" width=\"500\" height=\"500\" src=\"https:\/\/lecompagnonrouge.fr\/wp-content\/uploads\/2026\/02\/integral.png\" alt=\"\" class=\"wp-image-11609\" srcset=\"https:\/\/lecompagnonrouge.fr\/wp-content\/uploads\/2026\/02\/integral.png 500w, https:\/\/lecompagnonrouge.fr\/wp-content\/uploads\/2026\/02\/integral-300x300.png 300w, https:\/\/lecompagnonrouge.fr\/wp-content\/uploads\/2026\/02\/integral-150x150.png 150w\" sizes=\"auto, (max-width: 500px) 100vw, 500px\" \/><\/figure>\n\n\n\n<p class=\"has-medium-font-size\">En phytosociologie, les s\u00e9ries sont raccourcies puisque les donn\u00e9es r et + sont consid\u00e9r\u00e9es non significatives et donc non prises en comptes. Pour la partie analytique, je conseille:  Bouxin, Analyse statistique des relev\u00e9s de v\u00e9g\u00e9tations &#8230;<\/p>\n\n\n\n<p class=\"has-small-font-size\">Symboles issus de Latex table de caract\u00e8re, indiqu\u00e9 en Cr\u00e9ative Commons: https:\/\/web.maths.unsw.edu.au\/~lafaye\/CCM\/latex\/latex-caracteres.htm<br><\/p>\n\n\n\n<h2 class=\"wp-block-heading has-medium-font-size\" id=\"dent\u00e9\"><strong>Dent\u00e9, denticul\u00e9 <strong>[descripteur. Botanique]<\/strong>:<\/strong><\/h2>\n\n\n\n<p class=\"has-medium-font-size\">Marge d&rsquo;une feuille. les \u00e9chancrures donnent lieu \u00e0 des dents:  comme des <a href=\"#lob\u00e9\">lobes<\/a> mais triangulaires aigus.<\/p>\n\n\n\n<p class=\"has-medium-font-size\">Denticul\u00e9: marge bord\u00e9e de petites dents.<\/p>\n\n\n\n<p><\/p>\n\n\n\n<h2 class=\"wp-block-heading has-medium-font-size\" id=\"d\u00e9rive\"><strong>D\u00e9rive<\/strong> <strong>[en rapport \u00e0 un concept. Sciences dites de l&rsquo;\u00e9volution et aff\u00e9rentes]<\/strong><\/h2>\n\n\n\n<p class=\"has-medium-font-size\">J&rsquo;ai du utiliser ce terme dans le contexte de sp\u00e9ciation. Voir end\u00e9movicariance \u00e0 <a href=\"#vicariance\">vicariance.<\/a><\/p>\n\n\n\n<p><\/p>\n\n\n\n<h2 class=\"wp-block-heading has-medium-font-size\" id=\"dicotyl\u00e8done\"><strong>Dicotyl\u00e9done, ou extensivement dicot [Ancien groupe de la syst\u00e9matique en botanique, dite de l&rsquo;\u00e9volution. Botanique pratique.]&nbsp;:&nbsp;<\/strong>&nbsp;<\/h2>\n\n\n\n<p class=\"has-medium-font-size\">Qualifie une plante dont la semence est form\u00e9e de deux cotyl\u00e9dons. Ces cotyl\u00e9dons s\u2019expriment de mani\u00e8re foliaire sur les plantules. Et chez de nombreuses esp\u00e8ces, les plantules montrent deux petites feuilles&nbsp;: les cotyl\u00e9dons.&nbsp;&nbsp;Les feuilles des dicots montrent souvent des nervures&nbsp;ramifi\u00e9es.<\/p>\n\n\n\n<p><\/p>\n\n\n\n<h2 class=\"wp-block-heading has-medium-font-size\" id=\"digit\u00e9e\"><strong>Digit\u00e9.e<\/strong> <strong>[descripteur. Botanique]<\/strong><\/h2>\n\n\n\n<p class=\"has-medium-font-size\">voir: <a href=\"#palm\u00e9e\">palmatis\u00e9qu\u00e9e<\/a>.<\/p>\n\n\n\n<p><\/p>\n\n\n\n<h2 class=\"wp-block-heading has-medium-font-size\" id=\"dioique\"><strong>Dio\u00efque <strong>[concept. Botanique. Biologie]<\/strong>:<\/strong><\/h2>\n\n\n\n<p class=\"has-medium-font-size\">Esp\u00e8ce pr\u00e9sentant de mani\u00e8re s\u00e9par\u00e9e des individus \u00e0 fleurs m\u00e2les et des individus \u00e0 fleurs femelles.<\/p>\n\n\n\n<p><\/p>\n\n\n\n<h2 class=\"wp-block-heading has-medium-font-size\" id=\"diorite\"><strong>Diorite<\/strong> <strong>[G\u00e9ologie. Lithologie]<\/strong><\/h2>\n\n\n\n<p class=\"has-medium-font-size\">Roche plutonique grenue. Roche interm\u00e9diaire. Plus pauvre en <a href=\"#quartzite\">quartz<\/a> que le <a href=\"#granite\">granite<\/a>, ou d\u00e9pourvue de quartz. Se diff\u00e9rencie du <a href=\"#gabbro\">gabbro<\/a> par l&rsquo;absence d&rsquo;<a href=\"#olivine\">olivine<\/a>.<\/p>\n\n\n\n<p><\/p>\n\n\n\n<h2 class=\"wp-block-heading has-medium-font-size\" id=\"distal\"><strong>Distal <strong>[descripteur. Botanique]<\/strong>:<\/strong><\/h2>\n\n\n\n<p class=\"has-medium-font-size\">Contraire de <a href=\"#proximal\">proximal<\/a>. L&rsquo;<a href=\"#apex\">apex<\/a> est distal. Partie la plus \u00e9loign\u00e9e de la fixation d&rsquo;un organe.<\/p>\n\n\n\n<p><\/p>\n\n\n\n<h2 class=\"wp-block-heading has-medium-font-size\" id=\"distique\"><strong>Distique<\/strong> <strong>[descripteur. Botanique]<\/strong><\/h2>\n\n\n\n<p class=\"has-medium-font-size\">Qualifie la disposition d&rsquo;organes le long d&rsquo;un axe: sur deux rangs, et dans un m\u00eame plan.<\/p>\n\n\n<div class=\"wp-block-image\">\n<figure class=\"aligncenter size-full\"><a href=\"https:\/\/lecompagnonrouge.fr\/?p=6074\"><img loading=\"lazy\" decoding=\"async\" width=\"850\" height=\"567\" src=\"https:\/\/lecompagnonrouge.fr\/wp-content\/uploads\/2025\/05\/IMG_0834.jpg\" alt=\"\" class=\"wp-image-9935\" srcset=\"https:\/\/lecompagnonrouge.fr\/wp-content\/uploads\/2025\/05\/IMG_0834.jpg 850w, https:\/\/lecompagnonrouge.fr\/wp-content\/uploads\/2025\/05\/IMG_0834-300x200.jpg 300w, https:\/\/lecompagnonrouge.fr\/wp-content\/uploads\/2025\/05\/IMG_0834-768x512.jpg 768w\" sizes=\"auto, (max-width: 850px) 100vw, 850px\" \/><\/a><figcaption class=\"wp-element-caption\">Feuilles de Taxus baccata<\/figcaption><\/figure>\n<\/div>\n\n\n<p><\/p>\n\n\n\n<p class=\"has-medium-font-size\">tristique: sur trois rangs.<\/p>\n\n\n\n<p><\/p>\n\n\n\n<h2 class=\"wp-block-heading has-medium-font-size\" id=\"dynamique\"><strong>Dynamique [Concept botanique. Concept phytosociologique]: <\/strong><\/h2>\n\n\n\n<p class=\"has-medium-font-size\">La dynamique d\u2019une population, d\u2019un&nbsp;taxon d\u00e9signe sa capacit\u00e9 d\u2019expansion, de colonisation. <\/p>\n\n\n\n<p class=\"has-medium-font-size\">En phytosociologie, par contre, la dynamique correspond \u00e0 la rapidit\u00e9 de la succession&nbsp;(+-)&nbsp;\u00ab\u00a0naturelle\u00a0\u00bb d\u2019une communaut\u00e9 v\u00e9g\u00e9tale vers une nouvelle communaut\u00e9 v\u00e9g\u00e9tale: par exemple de la prairie vers la for\u00eat. &nbsp;Exemple la dynamique d\u2019une prairie est bloqu\u00e9e par la r\u00e9gularit\u00e9 de la fauche.<\/p>\n\n\n\n<p><\/p>\n\n\n\n<p><\/p>\n\n\n\n<h2 class=\"wp-block-heading has-text-align-center has-medium-font-size\" id=\"e\"><mark style=\"background-color:rgba(0, 0, 0, 0)\" class=\"has-inline-color has-luminous-vivid-amber-color\">E. <a href=\"#haut-de-page\">Haut de page<\/a><\/mark><\/h2>\n\n\n\n<h2 class=\"wp-block-heading has-medium-font-size\" id=\"\u00e9caille\"><br><strong>Ecaille&nbsp;<strong>[descripteur. Botanique. organes]<\/strong>:&nbsp;<\/strong><\/h2>\n\n\n\n<p class=\"has-medium-font-size\">Sorte de petit organe plat accompagnant et\/ou prot\u00e9geant certains organes. Notamment parties des c\u00f4nes de gymnosperme (pomme de pin au sens large : ses diff\u00e9rentes petites pi\u00e8ces directement visibles). Extensivement, \u00e9caille est utilis\u00e9e pour d\u00e9crire des feuilles axillantes des fleurs tubul\u00e9es au centre d\u2019inflorescences en capitules. Dans ce cas, j\u2019ai tendance \u00e0 utiliser le terme de bract\u00e9ole (si elle n&rsquo;est pas <a href=\"#paillette\">translucide<\/a>, et si elle est axillante).<\/p>\n\n\n\n<p><\/p>\n\n\n\n<h2 class=\"wp-block-heading has-medium-font-size\" id=\"auto-\u00e9cologie\"><strong>Ecologie (Auto-\u00e9cologie)<\/strong><\/h2>\n\n\n\n<p class=\"has-medium-font-size\">Situation pr\u00e9f\u00e9rentielle d&rsquo;une esp\u00e8ce ou d&rsquo;un groupe d&rsquo;esp\u00e8ce. Voir: <a href=\"#ellenberg\">Ellenberg<\/a> (\u00e9chelle); Voir \u00e9galement: <a href=\"#raunkaier\">Raunkaier<\/a> (\u00e9chelle)<\/p>\n\n\n\n<h2 class=\"wp-block-heading has-medium-font-size\" id=\"\u00e9cologie-climat\"><strong>Ecologie (climat)<\/strong>:<\/h2>\n\n\n\n<p class=\"has-medium-font-size\">Sur ce site, le climat concern\u00e9 est franchement oc\u00e9anique et suboc\u00e9anique (oc\u00e9anique alt\u00e9r\u00e9). L&rsquo;hexagone conna\u00eet \u00e9galement une bande de climat continentalis\u00e9 \u00e0 l&rsquo;est (subcontinental ou semi continental), de climats m\u00e9diterran\u00e9en et \u00ab\u00a0subm\u00e9diterran\u00e9en\u00a0\u00bb, ainsi qu&rsquo;un climat montagnard. Les flores et guides expriment en g\u00e9n\u00e9ral: les climats m\u00e9diterran\u00e9en, sub m\u00e9diterran\u00e9en, (sub-) continental, oc\u00e9anique, montagnard.<\/p>\n\n\n\n<p class=\"has-medium-font-size\">Noter cependant que biog\u00e9ographiquement: le limousin, et plus g\u00e9n\u00e9ralement le massif central est (parfois) raccroch\u00e9 \u00e0 l&rsquo;aire d&rsquo;Europe centrale, et est consid\u00e9r\u00e9 comme continental (i.e: colin\u00e9en et moyenne montagne non atlantique), avec pr\u00e9sence notamment de Ch\u00eanaies-H\u00eatraies (le H\u00eatre \u00e9tant tout de m\u00eame peu courant dans mes p\u00e9r\u00e9grinations en tous cas, sur la fronti\u00e8re nord du parc de Millevaches.). L&rsquo;influence collin\u00e9enne est perceptible sur les temp\u00e9ratures.<\/p>\n\n\n\n<figure class=\"wp-block-image size-full\"><img loading=\"lazy\" decoding=\"async\" width=\"488\" height=\"411\" src=\"https:\/\/lecompagnonrouge.fr\/wp-content\/uploads\/2025\/05\/clim.jpeg\" alt=\"\" class=\"wp-image-9941\" srcset=\"https:\/\/lecompagnonrouge.fr\/wp-content\/uploads\/2025\/05\/clim.jpeg 488w, https:\/\/lecompagnonrouge.fr\/wp-content\/uploads\/2025\/05\/clim-300x253.jpeg 300w\" sizes=\"auto, (max-width: 488px) 100vw, 488px\" \/><\/figure>\n\n\n\n<p class=\"has-medium-font-size\">S&rsquo;articule avec la temp\u00e9rature (altitude) dans l&rsquo;\u00e9chelle d&rsquo;<a href=\"#ellenberg\">Ellenberg<\/a>. Correspond \u00e0 continentalit\u00e9 dans cette m\u00eame \u00e9chelle.<\/p>\n\n\n\n<p class=\"has-medium-font-size\">Le climat a une incidence sur les plantes (adaptation de celles-ci), sur les communaut\u00e9s de plantes que l&rsquo;on peut trouver mais aussi sur les processus biog\u00e9ochimiques du sol.<\/p>\n\n\n\n<p class=\"has-medium-font-size\">M\u00e9soclimat: le climat d&rsquo;une r\u00e9gion. En dizaine ou centaine de km. Le m\u00e9soclimat int\u00e9resse plus particuli\u00e8rement la phytosociologie.<\/p>\n\n\n\n<p class=\"has-medium-font-size\">Microclimat: le microclimat consid\u00e8re des zones extr\u00eamement restreinte: du climat particulier qui r\u00e8gne autour d&rsquo;une feuille ou d&rsquo;un groupe de feuille sur une plante, au climat li\u00e9 au sarclage d&rsquo;une parcelle.<\/p>\n\n\n\n<p>Concernant les vastes \u00e9chelles de temps, et au niveau plan\u00e9taire (sachant que l&rsquo;optimum climatique m\u00e9di\u00e9val comme le petit \u00e2ge glaciaire \u00e9taient dispos\u00e9s sur l&rsquo;Atlantique Nord)<\/p>\n\n\n\n<a title=\"RCraig09, CC BY-SA 4.0 &lt;https:\/\/creativecommons.org\/licenses\/by-sa\/4.0&gt;, via Wikimedia Commons\" href=\"https:\/\/commons.wikimedia.org\/wiki\/File:2000%2B_year_global_temperature_including_Medieval_Warm_Period_and_Little_Ice_Age_-_Ed_Hawkins.svg\"><img decoding=\"async\" width=\"512\" alt=\"2000+ year graph of global temperature including &quot;Medieval Warm Period&quot; and &quot;Little Ice Age&quot; - derived from graphic by Ed Hawkins\" src=\"https:\/\/upload.wikimedia.org\/wikipedia\/commons\/thumb\/f\/f8\/2000%2B_year_global_temperature_including_Medieval_Warm_Period_and_Little_Ice_Age_-_Ed_Hawkins.svg\/langfr-960px-2000%2B_year_global_temperature_including_Medieval_Warm_Period_and_Little_Ice_Age_-_Ed_Hawkins.svg.png?20241219105632\"><\/a>\n\n\n\n<p class=\"has-small-font-size\">RCraig09, CC BY-SA 4.0 <a href=\"https:\/\/creativecommons.org\/licenses\/by-sa\/4.0\">https:\/\/creativecommons.org\/licenses\/by-sa\/4.0<\/a>, via Wikimedia Commons<\/p>\n\n\n\n<h2 class=\"wp-block-heading has-medium-font-size\" id=\"\u00e9cologie-g\u00e9ologie\"><strong>Ecologie (g\u00e9ologie)<\/strong><\/h2>\n\n\n\n<p class=\"has-medium-font-size\">La g\u00e9ologie peut avoir une incidence sur la partie du sol qui concerne les plantes. La g\u00e9ologie de l&rsquo;Hexagone est consultable sur le <a href=\"https:\/\/infoterre.brgm.fr\/page\/cartes-geologiques\">BRGM<\/a>. Cela demande quelques connaissances.<\/p>\n\n\n\n<p>La carte g\u00e9ologique, la carte hydrog\u00e9ologique et la carte des grandes <a href=\"#v\u00e9g\u00e9tation\">v\u00e9g\u00e9tations<\/a> sont dans une totale correspondance. Sans surprise.<\/p>\n\n\n\n<p class=\"has-medium-font-size\">Les roches de surface peuvent \u00eatre diff\u00e9rentes des roches g\u00e9ologiques (lesquelles sont pr\u00e9sent\u00e9es sur les cartes du BRGM).<\/p>\n\n\n\n<p class=\"has-medium-font-size\">Aussi une carte lithologique (bien que t\u00e9moignant de roches tr\u00e8s affleurantes) est peut-\u00eatre d&rsquo;appr\u00e9hension plus ais\u00e9e &#8230;<\/p>\n\n\n\n<figure class=\"wp-block-image size-full\"><img loading=\"lazy\" decoding=\"async\" width=\"800\" height=\"754\" src=\"https:\/\/lecompagnonrouge.fr\/wp-content\/uploads\/2025\/06\/carte-litho.jpg\" alt=\"\" class=\"wp-image-10067\" srcset=\"https:\/\/lecompagnonrouge.fr\/wp-content\/uploads\/2025\/06\/carte-litho.jpg 800w, https:\/\/lecompagnonrouge.fr\/wp-content\/uploads\/2025\/06\/carte-litho-300x283.jpg 300w, https:\/\/lecompagnonrouge.fr\/wp-content\/uploads\/2025\/06\/carte-litho-768x724.jpg 768w\" sizes=\"auto, (max-width: 800px) 100vw, 800px\" \/><\/figure>\n\n\n\n<p class=\"has-medium-font-size\">L&rsquo;\u00e9cueil de certaines cartes g\u00e9ologiques est l&rsquo;expression en nom de datations de morphog\u00e9n\u00e8ses des roches, et l&rsquo;obligation alors de consulter le livret d&rsquo;accompagnement. La nouvelle version BRGM d&rsquo;infoterre est par contre vraiment tr\u00e8s pratique. Le nom des roches est demand\u00e9 dans les relev\u00e9s de plantes.<\/p>\n\n\n\n<p>Noter qu&rsquo;en dehors du climat, et de la g\u00e9ologie, un relev\u00e9 de plantes r\u00e9clame le plus souvent les donn\u00e9es phytosociologiques correspondantes, parfois simplifi\u00e9 avec un code <a href=\"#eunis\">EUNIS<\/a> (code que j&rsquo;aime moins)<\/p>\n\n\n\n<p>Le recours aux fondamentaux de la p\u00e9dologie aide certainement \u00e0 comprendre bien des petites situations.<\/p>\n\n\n\n<p class=\"has-medium-font-size\">Quelques roches:<\/p>\n\n\n\n<p class=\"has-medium-font-size\">Selon la taille des grains: <a href=\"#argile\">argile<\/a>, <a href=\"#limon\">limon<\/a>, <a href=\"#sable\">sable<\/a><\/p>\n\n\n\n<p class=\"has-medium-font-size\">Selon la nature: <a href=\"#ardoise\">ardoise<\/a>, <a href=\"http:\/\/argilite\">argilite<\/a>, <a href=\"#basalte\">basalte<\/a>, <a href=\"#diorite\">diorite<\/a>, <a href=\"#calcaire\">calcaire<\/a>, <a href=\"#gabbro\">gabbro<\/a>, <a href=\"#gneiss\">gneiss<\/a>, <a href=\"#granite\">granite<\/a>, <a href=\"http:\/\/granodiorite\">granodiorite<\/a>, <a href=\"#grauwacke\">grauwacke<\/a>, <a href=\"#gr\u00e8s\">gr\u00e8s<\/a>, <a href=\"#micaschiste\">micaschiste (mica)<\/a>, <a href=\"#olivine\">olivine<\/a>, <a href=\"#p\u00e9ridotite\">p\u00e9ridotite<\/a>, <a href=\"#plagioclases\">plagioclases<\/a>, <a href=\"#quartzite\">quartzite (quartz)<\/a>, <a href=\"#serpentinite\">serpentinite<\/a>, <a href=\"#siltite\">siltite<\/a><\/p>\n\n\n\n<p><\/p>\n\n\n\n<h2 class=\"wp-block-heading has-medium-font-size\" id=\"\u00e9cologie-historique-des-parcelles\"><strong>Ecologie (Incidence humaine, historique des parcelles)<\/strong><\/h2>\n\n\n\n<p class=\"has-medium-font-size\">Les humains ont une grosse influence sur le paysage. Il peut \u00e9ventuellement et parfois arriver le besoin de conna\u00eetre l&rsquo;historique du \u00ab\u00a0paysage\u00a0\u00bb, de sa partie \u00e9tudi\u00e9e. Dans ce cas, il y a d&rsquo;abord la possibilit\u00e9 de demander aux habitants.<\/p>\n\n\n\n<p class=\"has-medium-font-size\">Le site <a href=\"https:\/\/www.geoportail.gouv.fr\">g\u00e9oportail<\/a> pr\u00e9sente la topographie, les grandes missions de photographies a\u00e9riennes, les parcelles cadastrales. Assez riche en enseignements.<\/p>\n\n\n\n<p class=\"has-medium-font-size\">L&rsquo;observation des artefacts, et \u00e9ventuellement du grand type d&rsquo;habitat peut occasionnellement orienter la r\u00e9flexion. Cela demande une certaine attention. <a href=\"#talus\">Talus<\/a> (<a href=\"#haie-bocag\u00e8re\">haies<\/a>), <a href=\"#murs\">murets<\/a>, terrasses, etc. Habitat concentr\u00e9 ou dispers\u00e9.<\/p>\n\n\n\n<p class=\"has-medium-font-size\">Voir <a href=\"#pratiques-agricoles\">Pratiques agricoles<\/a> (3 grands traitements). Et voir \u00e9galement <a href=\"#feu\">Feu<\/a><\/p>\n\n\n\n<h2 class=\"wp-block-heading has-medium-font-size\" id=\"\u00e9cotone\"><strong>Ecotone<\/strong> <strong>[Concept. Ecologie]<\/strong><\/h2>\n\n\n\n<p class=\"has-medium-font-size\">Zone de transition entre types de formations v\u00e9g\u00e9tales distinctes et \u00e9cologiquement homog\u00e8nes. Les lisi\u00e8res sont des \u00e9cotones.<\/p>\n\n\n\n<h2 class=\"wp-block-heading has-medium-font-size\" id=\"\u00e9cotype\"><strong>Ecotype<\/strong> <strong>[notion. Botanique]<\/strong>:<\/h2>\n\n\n\n<p class=\"has-medium-font-size\">Groupe d&rsquo;individus au sein d&rsquo;une m\u00eame esp\u00e8ce adapt\u00e9s \u00e0 des conditions \u00e9cologiques particuli\u00e8res, avec le plus souvent une morphologie ayant des traits distincts. A distinguer de <a href=\"#vari\u00e9t\u00e9\">vari\u00e9t\u00e9<\/a> dont il peut sembler analogue, car ne rentre pas dans la nomenclature. Moins bien d\u00e9fini que cette derni\u00e8re, il est \u00e0 consid\u00e9rer comme un accommodat.<\/p>\n\n\n\n<p><\/p>\n\n\n\n<h2 class=\"wp-block-heading has-medium-font-size\" id=\"eee\"><strong>EEE<\/strong><\/h2>\n\n\n\n<p class=\"has-medium-font-size\">Pour d\u00e9signer ce qui est cat\u00e9goris\u00e9 comme les Esp\u00e8ces Envahissantes Exotiques. Voir: <a href=\"#envahissant\">Envahissant<\/a><\/p>\n\n\n\n<p><\/p>\n\n\n\n<h2 class=\"wp-block-heading has-medium-font-size\" id=\"ellenberg\"><strong>Ellenberg (\u00e9chelles d&rsquo;)[notion car doit \u00eatre adapt\u00e9e pour chaque r\u00e9gion climatique. Notion essentielle. Ecologie. Phytosociologie]: <\/strong><\/h2>\n\n\n\n<p class=\"has-medium-font-size\">L&rsquo;\u00e9chelle d&rsquo;Ellenberg sert \u00e0 classer les contraintes \u00e9cologiques propres \u00e0 la satisfaction des diff\u00e9rentes esp\u00e8ces. Cette \u00e9chelle concerne l&rsquo;auto-\u00e9cologie des esp\u00e8ces: les optima. Il y a plusieurs aspects qui viennent contrarier l&rsquo;appr\u00e9hension de l&rsquo;\u00e9cologie d&rsquo;une esp\u00e8ce ou d&rsquo;un groupe d&rsquo;esp\u00e8ces par l&rsquo;amplitude.<\/p>\n\n\n\n<p>Par exemple, si dans une communaut\u00e9s d&rsquo;esp\u00e8ces, il y a de la place. Cette communaut\u00e9s va pouvoir laisser du \u00ab\u00a0mou\u00a0\u00bb \u00e0 l&rsquo;apparition d&rsquo;esp\u00e8ces moins strictement caract\u00e9ris\u00e9es par les valeurs \u00e9cologiques que propose le type d&rsquo;\u00e9cologie de cette communaut\u00e9; niche \u00ab\u00a0ouverte\u00a0\u00bb, donc. Cette question de niche ouverte devant parfois \u00eatre mise en rapport avec un ph\u00e9nom\u00e8ne s&rsquo;exprimant sur un autre plan (en p\u00e9dologie). Si l&rsquo;on trouve une plante basiphile sur un sol acide (ou une plante basiphile parmi une communaut\u00e9 acidophile), des conditions sont probablement pr\u00e9sentes: \u00e0 savoir un ph\u00e9nom\u00e8ne tel la formation de l&rsquo;humus qui sera \u00e0 m\u00eame de <a href=\"#tampon\">tamponner<\/a> l&rsquo;acidit\u00e9 du sol, acidit\u00e9 qui serait autrement toxique pour la plante basiphile.<\/p>\n\n\n\n<p>Autre exemple, il y a une sorte d&rsquo;interpolation entre la pr\u00e9sence de plantes <a href=\"#nitrophile\">nitrophiles<\/a> selon le degr\u00e9 d&rsquo;humidit\u00e9 du sol et selon la latitude.<\/p>\n\n\n\n<p class=\"has-medium-font-size\">L&rsquo;\u00e9chelle d&rsquo;Ellenberg utilise ces crit\u00e8res. Les \u00ab\u00a0notes\u00a0\u00bb ont \u00e9t\u00e9 adapt\u00e9es \u00e0 nos r\u00e9gions par le phytosociologue Philippe Julve:<\/p>\n\n\n\n<ul class=\"wp-block-list\">\n<li>lumi\u00e8re indiqu\u00e9e de 1 \u00e0 9 (la m\u00e9diane \u00e9tant 5)<\/li>\n\n\n\n<li>temp\u00e9rature indiqu\u00e9e de 1 \u00e0 9 (la m\u00e9diane \u00e9tant 5)<\/li>\n\n\n\n<li>continentalit\u00e9 indiqu\u00e9e de 1 \u00e0 9 (la m\u00e9diane \u00e9tant 5)<\/li>\n\n\n\n<li>Humidit\u00e9 atmosph\u00e9rique indiqu\u00e9e de 1 \u00e0 9 (la m\u00e9diane \u00e9tant 4)<\/li>\n\n\n\n<li>Humidit\u00e9 du sol indiqu\u00e9e de 1 \u00e0 12 (la m\u00e9diane se situant entre 5 et  6, ou: 5 et 6)<\/li>\n\n\n\n<li><a href=\"#potentiel-hydrog\u00e8ne\">Potentiel hydrog\u00e8ne<\/a> indiqu\u00e9 de 1 \u00e0 9 ( la m\u00e9diane \u00e9tant 5)<\/li>\n\n\n\n<li><a href=\"#trophie\">Nutriments pr\u00e9sents aux sols<\/a> indiqu\u00e9s de 1 \u00e0 9 (la m\u00e9diane \u00e9tant 5)<\/li>\n\n\n\n<li>Salinit\u00e9 (sel et chlorures) indiqu\u00e9e de 1 \u00e0 9<\/li>\n<\/ul>\n\n\n\n<p><\/p>\n\n\n\n<h2 class=\"wp-block-heading has-medium-font-size\" id=\"elliptique\"><strong>Elliptique<\/strong> <strong>[descripteur. Botanique]<\/strong><\/h2>\n\n\n\n<p class=\"has-medium-font-size\">En forme d&rsquo;ellipse. De forme <a href=\"#ovale\">ovale<\/a>, mais dont la plus grande largeur est vers le milieu du <a href=\"#limbe\">limbe<\/a><\/p>\n\n\n\n<p><\/p>\n\n\n\n<h2 class=\"wp-block-heading has-medium-font-size\" id=\"\u00e9margin\u00e9\"><strong>Emargin\u00e9 <strong>[descripteur. Botanique]<\/strong>:<\/strong><\/h2>\n\n\n\n<p class=\"has-medium-font-size\">Qualifie un organe l\u00e9g\u00e8rement \u00e9chancr\u00e9 au sommet.<\/p>\n\n\n\n<p><\/p>\n\n\n\n<h2 class=\"wp-block-heading has-medium-font-size\" id=\"Embrassant\"><br><strong>Embrassant&nbsp;<strong>[descripteur. Botanique]<\/strong>: <\/strong><\/h2>\n\n\n\n<p class=\"has-medium-font-size\">Qualifie une feuille sessile dont l\u2019extr\u00e9mit\u00e9 basale enveloppe partiellement ou totalement la tige.<\/p>\n\n\n\n<p><\/p>\n\n\n\n<h2 class=\"wp-block-heading has-medium-font-size\" id=\"end\u00e9misme\"><strong>End\u00e9misme<\/strong> <strong>[concept. \u00e9cologie]<\/strong><\/h2>\n\n\n\n<p class=\"has-medium-font-size\">L&rsquo;end\u00e9misme concerne le zonage g\u00e9ographique d&rsquo;une esp\u00e8ce. En fait. Urtica atrovirens est pr\u00e9sente seulement en Corse (un tout petit peu en r\u00e9gion PACA \u00e9galement il me semble): elle est donc end\u00e9mique de la Corse. Le lion, la girafe sont end\u00e9miques des <a href=\"#biome\">biomes<\/a> de <a href=\"#savane\">savanes<\/a> africaines. Le jaguar est end\u00e9mique des for\u00eats m\u00e9so et sud am\u00e9ricaines (plusieurs biomes).<\/p>\n\n\n\n<p class=\"has-medium-font-size\">L&rsquo;end\u00e9misme strict concerne des zonages g\u00e9ographiques tr\u00e8s limit\u00e9s: pays, r\u00e9gions d\u00e9partements, \u00eeles.<\/p>\n\n\n\n<p class=\"has-medium-font-size\">Le mot \u00ab\u00a0end\u00e9mique\u00a0\u00bb tel qu&rsquo;utilis\u00e9 vernaculairement provient de la m\u00e9decine. Le sens est le m\u00eame. La malaria est end\u00e9mique des r\u00e9gions intertropicales notamment d&rsquo;Afrique. Il s&rsquo;agit l\u00e0 de Plasmodium falciparum. Mais en m\u00e9decine, l&rsquo;end\u00e9mie s&rsquo;articule avec les notions d&rsquo;\u00e9pid\u00e9mie (ou m\u00eame de pand\u00e9mie): il s&rsquo;articule donc avec la notion de conqu\u00eate territoriale d&rsquo;un pathog\u00e8ne.<\/p>\n\n\n\n<p><\/p>\n\n\n\n<p class=\"has-medium-font-size\">En ce sens, l&rsquo;end\u00e9misme \u00e9cologique ne conna\u00eet pas une telle articulation. Une esp\u00e8ce cosmopolite est une esp\u00e8ce tr\u00e8s largement r\u00e9partie dans le monde, sans que la notion de conqu\u00eate plus ou moins soudaine intervienne. Et le cosmopolitisme s&rsquo;oppose \u00e0 l&rsquo;end\u00e9misme.<\/p>\n\n\n\n<h2 class=\"wp-block-heading has-medium-font-size\" id=\"\u00e9nergie\"><strong>Energie [Angle de lecture]<\/strong><\/h2>\n\n\n\n<p class=\"has-medium-font-size\">L&rsquo;\u00e9nergie semble avoir un lien assez int\u00e9ressant avec la <a href=\"#adaptatif\">fitness<\/a>. Cela s&rsquo;exprime de mani\u00e8re un peu particuli\u00e8re en ce qui concerne la botanique. Les plantes comp\u00e9titives comme des arbres, le sont parce qu&rsquo;elles b\u00e9n\u00e9ficient d&rsquo;une situation favorable: plus grande \u00e9tendue des racines, ombre port\u00e9e de leurs ramifications limitant la concurrence. I.e: cette limitation de concurrence se traduit par une limitation <a href=\"#trophie\">trophique<\/a> pour les autres plantes. Ces plantes comp\u00e9titives produisent potentiellement peu de fruits. Beaucoup moins que les annuelles, qui sont les moins concurrentielles, les plus \u00ab\u00a0faibles\u00a0\u00bb. Aussi, ce n&rsquo;est pas tant la descendance que l&rsquo;on observe vis \u00e0 vis de la trophie que les esp\u00e8ces en pr\u00e9sence (communaut\u00e9 de plantes eutrophes ou oligotrophes), ou bien leurs vigueurs (si elles sont individuellement plut\u00f4t plus grandes, plus robustes ou plut\u00f4t plus petites qu&rsquo;habituellement). Il y a aussi plus d&rsquo;\u00e9nergie pass\u00e9e dans une plante robuste comme arbre que dans une petite annuelle (visible \u00e0 la quantit\u00e9 de carbone par plante).<\/p>\n\n\n\n<p class=\"has-medium-font-size\">L&rsquo;aspect trophique, l&rsquo;\u00e9nergie, est en g\u00e9n\u00e9ral est un bon angle d&rsquo;approche selon moi.<\/p>\n\n\n\n<p class=\"has-medium-font-size\">Par ailleurs consid\u00e9rer des ph\u00e9nom\u00e8nes distingu\u00e9s non seulement par leurs qualit\u00e9s particuli\u00e8res, mais aussi comme des \u00e9quivalents \u00e9nergie m&rsquo;est particuli\u00e8rement pratique pour entreprendre Homo sapiens et son emprise sur l&rsquo;environnement. Un lieu rud\u00e9ral par exemple ne l&rsquo;est que parce qu&rsquo;il s&rsquo;est pass\u00e9 quelque chose, et donc qu&rsquo;une \u00e9nergie a \u00e9t\u00e9 inject\u00e9e dans l&rsquo;environnement. Les cultures n\u00e9cessitent l&rsquo;injection d&rsquo;\u00e9nergie. C&rsquo;est de cette mani\u00e8re que les <a href=\"##limite-plan\u00e9taire\">limites plan\u00e9taires<\/a> m&rsquo;apparaissent comme le reflet de l&rsquo;\u00e9nergie utilis\u00e9e essentiellement par Homo sapiens. Pour le dire autrement, \u00e0 part Homo sapiens, et exclusivement sous la responsabilit\u00e9 des soci\u00e9t\u00e9s que Descola qualifie de naturalistes, seuls des volcans ont la possibilit\u00e9 de franchir certaines de ces limites.<\/p>\n\n\n\n<h2 class=\"wp-block-heading has-medium-font-size\" id=\"ensiforme\"><strong>Ensiforme<\/strong> <strong>[descripteur. Botanique]<\/strong><\/h2>\n\n\n\n<p class=\"has-medium-font-size\">Ensi- en forme d&rsquo;\u00e9p\u00e9e. Plus pr\u00e9cis\u00e9ment, feuilles longues en formes d&rsquo;\u00e9p\u00e9es, aplaties lat\u00e9ralement et imbriqu\u00e9es en faisceaux, comme face contre face. Voir les feuilles d&rsquo;<a href=\"https:\/\/lecompagnonrouge.fr\/?p=6584\">Iris<\/a>. Ou voir le Serment des Horaces de Jacques Louis David.<\/p>\n\n\n\n<p><\/p>\n\n\n\n<h2 class=\"wp-block-heading has-medium-font-size\" id=\"Entier\"><br><strong>Entier <strong>[descripteur. Botanique]<\/strong>&nbsp;: <\/strong><\/h2>\n\n\n\n<p class=\"has-medium-font-size\">Qualifie le limbe d\u2019une feuille, d\u2019un <a href=\"#p\u00e9tale\">p\u00e9tale<\/a>, d\u2019un <a href=\"#s\u00e9pale\">s\u00e9pale<\/a>, d\u2019une <a href=\"#bract\u00e9e\">bract\u00e9e<\/a> qui n\u2019est&nbsp;ni dent\u00e9 ni lob\u00e9 ni cr\u00e9nel\u00e9.<\/p>\n\n\n\n<p><\/p>\n\n\n\n<h2 class=\"wp-block-heading has-medium-font-size\" id=\"envahissant\"><br><strong>Envahissant [notion car concept en cours de d\u00e9termination]: <\/strong><\/h2>\n\n\n\n<p class=\"has-medium-font-size\">Notion un peu difficile. Depuis mars 2024 (parution du la revue Naturae num\u00e9ro 4), le terme Invasive d\u00e9signe strictement la dynamique d&rsquo;une plante <a href=\"#exog\u00e8ne\">exog\u00e8ne.<\/a> Or la probl\u00e9matique li\u00e9e aux plantes envahissantes se situe au dernier degr\u00e9 du type d&rsquo;invasion, tel que d\u00e9sormais admis. A savoir si la plante est: <a href=\"#transformatrice\">transformatrice. <\/a> Sur ce site, je conserve en tous cas pour l&rsquo;instant la notions d&rsquo;invasive (sous les termes EEE et Envahissant) pour les esp\u00e8ces que l&rsquo;on doit en principe d\u00e9crire maintenant comme transformatrices. Ce qui correspond du reste \u00e0 la terminologie de l&rsquo;Union Europ\u00e9enne.<\/p>\n\n\n\n<p class=\"has-medium-font-size\">En effet, il y a deux aspects. 1) La dynamique d&rsquo;une esp\u00e8ce. Des esp\u00e8ces indig\u00e8nes ou naturalis\u00e9es peuvent avoir une forte dynamique sans impact, sans produire de <a href=\"#transformatrice\">transformation<\/a> sur le milieu. 2) L&rsquo;impact: lorsque des esp\u00e8ces transforment le milieu en zone paucisp\u00e9cifique (ici, encore si on prends des bambous \u00e0 chaque fois indig\u00e8nes que ce soit en Chine ou en Amazonie, leurs colonisations post <a href=\"#rud\u00e9ral\">rud\u00e9ralisation<\/a> produisent des communaut\u00e9s plus ou moins grandes mais \u00e0 chaque fois pratiquement monosp\u00e9cifiques. Il peut donc y avoir des esp\u00e8ces <a href=\"#indig\u00e8ne\">indig\u00e8nes<\/a> ayant un trait de transformatrice. Je n&rsquo;aper\u00e7ois pas ce cas a priori dans l&rsquo;hexagone.)<\/p>\n\n\n\n<p class=\"has-medium-font-size\">Ce qui peut me d\u00e9ranger dans la terminologie d&rsquo;invasive=exog\u00e8ne dynamique s&rsquo;explique par la notion de post-invasive.<\/p>\n\n\n\n<p><strong>Post invasive.<\/strong> Une post invasive est une esp\u00e8ce que l&rsquo;on ne consid\u00e8re plus comme invasive du fait d&rsquo;un ralentissement ou d&rsquo;un arr\u00eat de sa dynamique populationnelle. Or cela peut induire plusieurs hypoth\u00e8ses, dont l&rsquo;une pourrait \u00eatre que cette dynamique est en fait une dynamique normale. Or si la dynamique est normale, cela sans impacter l&rsquo;environnement, et que malgr\u00e9 cela elle a auparavant \u00e9t\u00e9 class\u00e9e sp\u00e9cialement comme invasive, cela appuie alors sur la dynamique populationnelle des plantes envahissantes. En tirant un peu, si l&rsquo;on s&rsquo;attarde beaucoup sous cet angle. Cela ne d\u00e9crit plus un ph\u00e9nom\u00e8ne particuli\u00e8rement botanique (comme l&rsquo;expansion), mais un ph\u00e9nom\u00e8ne psychologique dans des cultures ou des sous cultures de certaines soci\u00e9t\u00e9s humaines: l&rsquo;inqui\u00e9tude, en l&rsquo;occurrence &#8230; De voir des esp\u00e8ces montrer une telle puissance de conqu\u00eates. Bien entendu, ce type d&rsquo;interpr\u00e9tation se r\u00e9v\u00e8le alors \u00e0 c\u00f4t\u00e9 des clous. Mais n\u00e9anmoins, je pr\u00e9f\u00e8re suivre les \u00ab\u00a0tablatures\u00a0\u00bb de Jauzein en tous cas pour l&rsquo;instant, puisqu&rsquo;elles dissocient d\u00e9j\u00e0 la dynamique de populations et l&rsquo;\u00e9ventuelle capacit\u00e9 de nuisance de telle ou telle esp\u00e8ces (en tel ou tel lieu)<\/p>\n\n\n\n<p>Si, ces nouvelles d\u00e9finitions semble pouvoir vider peut-\u00eatre et sur la marge un peu de son sens le terme d&rsquo;invasive, cela met surtout en valeur les 2 aspects en les s\u00e9parant clairement. Et du c\u00f4t\u00e9 de la dynamique, pouvoir peut-\u00eatre mieux questionner les blooms, les acc\u00e9l\u00e9rations un peu soudaines quand il y en a.<\/p>\n\n\n\n<p><strong>Facteurs:<\/strong> Les facteurs permettant \u00e0 cette probl\u00e9matique de surgir sont \u00e0 la fois des facteurs internes \u00e0 la plante (amplitude \u00e9cologique, all\u00e9lopathie, etc.) et des facteurs externes (la niche \u00e9cologique pr\u00e9sente suffisamment de place, <a href=\"#rud\u00e9ral\">rud\u00e9ralit\u00e9<\/a>, ombrothermie, <a href=\"#trophie\">nutriments<\/a>).<\/p>\n\n\n\n<p class=\"has-medium-font-size\">Pour le cas g\u00e9n\u00e9ral, sont consid\u00e9r\u00e9es <a href=\"#transformatrice\">envahissantes<\/a> les esp\u00e8ces (quelque soit leur r\u00e8gne) ayant un impact significatif et n\u00e9gatif (notamment en termes de diversit\u00e9) sur l&rsquo;environnement.<\/p>\n\n\n\n<h2 class=\"wp-block-heading has-medium-font-size\" id=\"\u00e9pi\"><br><strong>Epi <strong>[descripteur. Botanique. Typologie des inflorescences]<\/strong>&nbsp;:<\/strong><\/h2>\n\n\n\n<p class=\"has-medium-font-size\">Inflorescence (fleur complexe) allong\u00e9e dont toutes les fleurs sont <a href=\"#sessile\">sessiles<\/a> et ins\u00e9r\u00e9es sur un axe central. Si fleurs non sessiles, il s\u2019agit d\u2019un <a href=\"#grappe\">rac\u00e8me<\/a>.<\/p>\n\n\n\n<p><\/p>\n\n\n\n<h2 class=\"wp-block-heading has-medium-font-size\" id=\"\u00e9pillet\"><br><strong>Epillet <strong>[descripteur. Botanique]<\/strong>: <\/strong><\/h2>\n\n\n\n<p class=\"has-medium-font-size\">Partie \u00e9l\u00e9mentaire d&rsquo;un \u00e9pi, d&rsquo;une grappe de Poaceae. Voir: <a href=\"#fleur,structure-(poaceae)\">Fleur (structure; Poacae)<\/a><\/p>\n\n\n\n<p><\/p>\n\n\n\n<h2 class=\"wp-block-heading has-medium-font-size\" id=\"equipement\"><strong>Equipement<\/strong><\/h2>\n\n\n\n<p class=\"has-medium-font-size\">Sortir couvert. Manches ferm\u00e9es. V\u00eatements tout aussi que ferm\u00e9s que possibles (tiques). Une casquette, un chapeau et de l&rsquo;eau par temps chaud. Si temps vraiment chaud, pr\u00e9f\u00e9rer de l&rsquo;eau faiblement ou microsal\u00e9e.<\/p>\n\n\n\n<p class=\"has-medium-font-size\">Bonnes chaussures ou bottes selon les endroits.<\/p>\n\n\n\n<p class=\"has-medium-font-size\">Eventuellement papier. Crayon: de quoi prendre des notes. Ou en tous cas les fiches de relev\u00e9s. Surtout si on veut faire le truc.<\/p>\n\n\n\n<p class=\"has-medium-font-size\">Quelque chose de pr\u00e9cis pour mesurer. mesures millim\u00e9triques (normalement ins\u00e9r\u00e9 dans les flores et guides).<\/p>\n\n\n\n<p class=\"has-medium-font-size\">De quoi faire un point GPS (cf: logiciel de cartographie).<\/p>\n\n\n\n<p class=\"has-medium-font-size\">Optique: loupe X30 pour les v\u00e9g\u00e9taux, mais loupe x10 pour les pierres. Appareil photo (macro pour les d\u00e9tails les plus fins, et dans ce cas un pied peut \u00eatre utile). Un petit microscope. Une loupe binoculaire si possible (je n&rsquo;en ai pas)<\/p>\n\n\n\n<p class=\"has-medium-font-size\">(Drone?)<\/p>\n\n\n\n<p class=\"has-medium-font-size\">Cadre 1&#215;1 m (quadrat) si c&rsquo;est le programme diversit\u00e9, normalement confi\u00e9 par l&rsquo;organisateur qui vous convie.<\/p>\n\n\n\n<p class=\"has-medium-font-size\">Flores et guides. Voir <a href=\"https:\/\/lecompagnonrouge.fr\/?page_id=324\/#Bibliographie\">biblio<\/a>.<\/p>\n\n\n\n<p class=\"has-medium-font-size\">Sa m\u00e9moire!<\/p>\n\n\n\n<p class=\"has-medium-font-size\">Logiciel Qgis pour la cartographie.<\/p>\n\n\n\n<p><\/p>\n\n\n\n<h2 class=\"wp-block-heading has-medium-font-size\" id=\"esp\u00e8ce\"><strong>Esp\u00e8ce [Concept fondamental. Toutes sciences aff\u00e9rentes \u00e0 celles dite de l&rsquo;\u00e9volution]:<\/strong><\/h2>\n\n\n\n<p class=\"has-medium-font-size\">L&rsquo;esp\u00e8ce outre le fait d&rsquo;\u00eatre un rang taxonomique, est d\u00e9termin\u00e9e biologiquement (elle a une descendance durablement f\u00e9conde), g\u00e9n\u00e9tiquement, et est plut\u00f4t morphologiquement bien distincte. Elle est constante, morphologiquement, g\u00e9n\u00e9tiquement. Sa valeur statistique est donc : \u00ab\u00a0toujours\u00a0\u00bb. Soit, plus forte que pour une <a href=\"#vari\u00e9t\u00e9\">vari\u00e9t\u00e9<\/a>, et plus forte encore que pour une <a href=\"#forma\">forme<\/a>.<\/p>\n\n\n\n<p class=\"has-medium-font-size\">La labilit\u00e9 de ce rang d&rsquo;esp\u00e8ce existe parfois &#8230; Elle me semble assez souvent \u00e0 mettre en lien avec les diff\u00e9rents types de sp\u00e9ciations existants: sp\u00e9ciation par <a href=\"#vicariance\">vicariance<\/a> (allopatrique), sp\u00e9ciation par <a href=\"#hybride\">hybridation<\/a>, par migration (voir \u00e0 <a href=\"#plo\u00efdie\">plo\u00efdie<\/a>), par colonisations de niches. Mais parfois \u00e9galement, voir ci-dessous la continuit\u00e9 des esp\u00e8ces.<\/p>\n\n\n\n<p class=\"has-medium-font-size\">Des variations dans le rang d&rsquo;esp\u00e8ce peuvent d\u00e9pendre en outre de la m\u00e9thode de d\u00e9finition d&rsquo;une esp\u00e8ce. M\u00e9thode classique morphologique, m\u00e9thode g\u00e9n\u00e9tique &#8230; La m\u00e9thode morphologique peut poser des probl\u00e8mes (voir le genre Festuca ou Brassica). La m\u00e9thode g\u00e9n\u00e9tique est susceptible de donner parfois des r\u00e9sultats qui ne sont pas traduits morphologiquement. On ne voit rien. Ce qui rend l&rsquo;identification beaucoup moins pratique ou m\u00eame tout \u00e0 fait impossible, en fait (sauf \u00e0 poss\u00e9der le bon gros laboratoire). <\/p>\n\n\n\n<p class=\"has-medium-font-size\">Jauzein pr\u00e9conise donc la m\u00e9thode cytologique qui permet de reconna\u00eetre visuellement les diff\u00e9rentes esp\u00e8ces tout en \u00e9tant beaucoup plus pertinente que la m\u00e9thode classique morphologique. Mais il s&rsquo;en suit que les rangs choisis (esp\u00e8ce, sous-esp\u00e8ce &#8230;) ne sont pas toujours identiques \u00e0 ceux de la m\u00e9thode g\u00e9n\u00e9tique.<\/p>\n\n\n\n<p class=\"has-medium-font-size\">En outre le nombre d&rsquo;\u00e9tudes permettant d&rsquo;accorder le rang de genre, d&rsquo;esp\u00e8ce, de sous esp\u00e8ce n&rsquo;est pas toujours communiqu\u00e9. <\/p>\n\n\n\n<p>CONTINUITE DES ESPECES<\/p>\n\n\n\n<p class=\"has-medium-font-size\">D\u00e9terminer une esp\u00e8ce implique une sorte de cadre homog\u00e8ne, qui peut para\u00eetre a posteriori comme \u00e9tabli d&rsquo;autorit\u00e9. Mais si cela fonctionne, on peut se dire que ce n&rsquo;est pas trop mauvais.<\/p>\n\n\n\n<p class=\"has-medium-font-size\">Ainsi il existe des continuit\u00e9s sans int\u00e9r\u00eat particulier qui sautent les \u00e9l\u00e9ments de la classification tels que r\u00e9pertori\u00e9s. L&rsquo;ornithorynque poss\u00e8de un bec, mais qui plus est un bec qui conviendrait \u00e0 un canard (anatid\u00e9), simplement il n&rsquo;a pas de plumes mais surtout il a des poils. Les poils \u00e9tant une caract\u00e9ristique majeure des mammif\u00e8res. L&rsquo;exception ne fait pas la r\u00e8gle, et on aime avoir une classification la plus homog\u00e8ne possible.<\/p>\n\n\n\n<p class=\"has-medium-font-size\">Le plus souvent, ou assez souvent, les groupes sont beaucoup plus dans une continuit\u00e9, plus difficile \u00e0 appr\u00e9hender. Dans ce contexte, les botanistes essaient d&rsquo;\u00e9tablir ce qui appartient plut\u00f4t \u00e0 cette esp\u00e8ce, ce genre qu&rsquo;\u00e0 une autre esp\u00e8ces, un autre genre. Ce qui est recherch\u00e9 c&rsquo;est un groupe homog\u00e8ne.<\/p>\n\n\n\n<p class=\"has-medium-font-size\">Il peut parfois en ressortir un aspect un peu autoritaire. Ainsi pour d\u00e9terminer si deux \u00ab\u00a0types\u00a0\u00bb de <a href=\"https:\/\/lecompagnonrouge.fr\/?p=9998\">Carex leporina<\/a> sont des sous-esp\u00e8ces ou des vari\u00e9t\u00e9s, la g\u00e9n\u00e9tique (la <a href=\"#chorologie\">chorologie<\/a> laissant sans doute une part de doute) a r\u00e9pondu qu&rsquo;\u00e0 moins de 1% de diff\u00e9rence, il s&rsquo;agit d&rsquo;une vari\u00e9t\u00e9.<\/p>\n\n\n\n<p><\/p>\n\n\n\n<p>HOLO-ESPECE?<\/p>\n\n\n\n<p class=\"has-medium-font-size\">Le concept d&rsquo;holo-esp\u00e8ce, parfois pr\u00e9sent\u00e9 de mani\u00e8re \u00e0 interroger le concept d&rsquo;esp\u00e8ce, n&rsquo;\u00e9puise en fait pas la pertinence du concept d&rsquo;esp\u00e8ce, puisque le caract\u00e8re symbiotique (notamment avec des bact\u00e9ries) de toutes les esp\u00e8ces, l&rsquo;est aussi en fait pour chaque esp\u00e8ce, exceptions faites des procaryotes (mais ici c&rsquo;est de la plante, pour l&rsquo;instant on s&rsquo;en fout).<\/p>\n\n\n\n<p class=\"has-medium-font-size\">ESPECE BINOMIALE.<\/p>\n\n\n\n<p class=\"has-medium-font-size\">L&rsquo;esp\u00e8ce est indiqu\u00e9e par un bin\u00f4me du nom du genre et de son \u00e9pith\u00e8te.<\/p>\n\n\n\n<p class=\"has-medium-font-size\"><a href=\"https:\/\/lecompagnonrouge.fr\/?p=906\">Geranium dissectum<\/a> pr\u00e9sente le nom du genre Geranium accompagn\u00e9 de l&rsquo;\u00e9pith\u00e8te dissectum, en r\u00e9f\u00e9rence \u00e0 ses feuilles d\u00e9coup\u00e9es.<\/p>\n\n\n\n<p class=\"has-medium-font-size\"><a href=\"https:\/\/lecompagnonrouge.fr\/?p=7027\">Adansonia digitata<\/a>. Le nom du genre est donn\u00e9 en hommage au botaniste Michel Adanson, et l&rsquo;\u00e9pith\u00e8te souligne que les feuilles sont digit\u00e9es. Ce qui est le cas aussi des autres Guye (Baobab).<\/p>\n\n\n\n<h2 class=\"wp-block-heading has-medium-font-size\" id=\"\u00e9tamine\"><br><strong>Etamine <strong>[descripteur. Organe. Botanique]<\/strong>: <\/strong><\/h2>\n\n\n\n<p class=\"has-medium-font-size\">L\u2019\u00e9tamine est donn\u00e9e&nbsp;comme la pi\u00e8ce m\u00e2le de la fleur. Elle produit du pollen, des gam\u00e8tes dites m\u00e2les qui iront f\u00e9conder la partie femelle de la fleur (le&nbsp;gyn\u00e9c\u00e9e&nbsp;ou pistil). L &lsquo;\u00e9tamine est constitu\u00e9e du filet, et tout en haut des anth\u00e8res. En tous cas des anth\u00e8res, le filet \u00e9tant facultatif (anth\u00e8res sessiles).<\/p>\n\n\n\n<p><\/p>\n\n\n\n<h2 class=\"wp-block-heading has-medium-font-size\" id=\"Etats-alternatifs-stables\"><strong>Etats alternatifs stables<\/strong> <strong>[Loi. Concept. Ecologie]<\/strong><\/h2>\n\n\n\n<p class=\"has-medium-font-size\">Voir <a href=\"#hysteresis\">Hysteresis<\/a><\/p>\n\n\n\n<h2 class=\"wp-block-heading has-medium-font-size\" id=\"ethologie\"><strong>Ethologie (une discipline)<\/strong><\/h2>\n\n\n\n<p class=\"has-medium-font-size\">L&rsquo;\u00e9thologie concerne l&rsquo;\u00e9tude du comportement (en principe animal. Et n&rsquo;existe pas pour les plantes). Des donn\u00e9es d&rsquo;\u00e9thologie peuvent permettre l&rsquo;aide \u00e0 la sp\u00e9ciation des esp\u00e8ces animales. Pour comprendre par des activit\u00e9s de quoi il s&rsquo;agit, je renvoie \u00e0 Physarum polycephalum et cie, puisque l&rsquo;\u00e9thologue Audrey Dussutour, ayant eu besoin de donn\u00e9es \u00e0 grande \u00e9chelle a organis\u00e9 une popularisation p\u00e9dagogique du \u00ab\u00a0Blob\u00a0\u00bb. C&rsquo;est vraiment tr\u00e8s dr\u00f4le. Cela peut faire un tr\u00e8s bon cadeau.<\/p>\n\n\n\n<p>Sous l&rsquo;angle de l&rsquo;\u00e9thologie, l&rsquo;intelligence, la pratique des outils, etc. Le rapport inn\u00e9\/acquis, lequel a depuis longtemps \u00e9t\u00e9 remis en question, n&rsquo;apparaissent pas comme des sp\u00e9cificit\u00e9s de l&rsquo;esp\u00e8ce Homo sapiens.<\/p>\n\n\n\n<h2 class=\"wp-block-heading has-medium-font-size\" id=\"Eu-\"><br><strong>Eu-&nbsp;: <\/strong><\/h2>\n\n\n\n<p class=\"has-medium-font-size\">Vrai. Ou par adjectivation&nbsp;: v\u00e9ritablement, vraiment. Tr\u00e8s, beaucoup par extension. Eutrophe&nbsp;: sati\u00e9t\u00e9 assur\u00e9e. Eudicotyl\u00e9dones&nbsp;: groupe des vraies dicotyl\u00e9dones (une sorte de subtilit\u00e9 de la classification).<\/p>\n\n\n\n<p><\/p>\n\n\n\n<h2 class=\"wp-block-heading has-medium-font-size\" id=\"eunis\"><strong>EUNIS<\/strong> <strong>[(nouvelle) organisation des communaut\u00e9s de plantes. Plus pratique]<\/strong><\/h2>\n\n\n\n<p class=\"has-medium-font-size\">Le code EUNIS est un r\u00e9f\u00e9rentiel permettant la qualification des <a href=\"#v\u00e9g\u00e9tation\">v\u00e9g\u00e9tations<\/a> de mani\u00e8re simple, pr\u00e9cise et intuitive.<\/p>\n\n\n\n<p class=\"has-medium-font-size\">Il s&rsquo;agit cependant d&rsquo;un r\u00e9f\u00e9rentiel tr\u00e8s simplifi\u00e9 vis \u00e0 vis de la phytosociologie, et je ne l&rsquo;aime pas beaucoup.<\/p>\n\n\n\n<p class=\"has-medium-font-size\">D&rsquo;une part, parce que d&rsquo;autres disciplines s&rsquo;appuient d\u00e9j\u00e0 sur la phytosociologie (\u00e9co pal\u00e9ontologie), d&rsquo;autres part parce qu&rsquo;il m&rsquo;apparait trop peu pr\u00e9cis pour mettre en valeur comment s&rsquo;articulent les diff\u00e9rentes caract\u00e9ristiques qui t\u00e9moignent d&rsquo;un \u00ab\u00a0phytopaysage\u00a0\u00bb &#8230; Comment s&rsquo;articulent les influences du climat, de la g\u00e9ologie (on est sur du tr\u00e8s large), mais aussi de la lithosph\u00e8re, de la p\u00e9dologie, des influences biotiques, et notamment des influences humaines &#8230;<\/p>\n\n\n\n<p class=\"has-medium-font-size\">Cependant des caract\u00e9ristiques phytosociologiques demandent plus de temps, et selon les situations, il n&rsquo;est pas garanti d&rsquo;obtenir un niveau de pr\u00e9cisions sup\u00e9rieur au code Eunis.<\/p>\n\n\n\n<p><\/p>\n\n\n\n<h2 class=\"wp-block-heading has-medium-font-size\" id=\"exog\u00e8ne\"><strong>Exog\u00e8ne<\/strong> <strong>[concept. Botanique]<\/strong><\/h2>\n\n\n\n<p class=\"has-medium-font-size\">Contraire d&rsquo;<a href=\"#indig\u00e8ne\">indig\u00e8ne<\/a>. La plupart des exog\u00e8nes sont des <a href=\"#occasionelle\">occasionnelles<\/a>. Autrement dit, elles disparaissent \ud83d\udd96\ud83c\udffe\ud83d\udd96\ud83c\udffe. Certaines peuvent encore \u00eatre <a href=\"#subspontan\u00e9e\">subspontan\u00e9es<\/a> et pour les plus veinardes, elle peuvent m\u00eame parfois se <a href=\"#naturalis\u00e9\">naturaliser<\/a>.<\/p>\n\n\n\n<p><\/p>\n\n\n\n<p><\/p>\n\n\n\n<h2 class=\"wp-block-heading has-text-align-center has-medium-font-size\" id=\"f\"><mark style=\"background-color:rgba(0, 0, 0, 0)\" class=\"has-inline-color has-luminous-vivid-amber-color\">F. <a href=\"#haut-de-page\">Haut de page<\/a><\/mark><\/h2>\n\n\n\n<h2 class=\"wp-block-heading has-medium-font-size\" id=\"falciforme\"><strong>Falciforme, falqu\u00e9e <strong>[descripteur. Botanique]<\/strong>:<\/strong><\/h2>\n\n\n\n<p class=\"has-medium-font-size\">En forme de faux. le limbe d&rsquo;une feuille est courb\u00e9 d&rsquo;un c\u00f4t\u00e9, il est arqu\u00e9.<\/p>\n\n\n\n<h2 class=\"wp-block-heading has-medium-font-size\" id=\"feu\"><strong>Feu<\/strong> <strong>[\u00e9cologie et sciences de l&rsquo;humain; agriculture: typologie]<\/strong>:<\/h2>\n\n\n\n<p class=\"has-medium-font-size\">Le feu est un traitement particulier que l&rsquo;humain applique \u00e0 son environnement. Tr\u00e8s rare dans l&rsquo;hexagone, il est interdit. Il se distingue en trois types (en correspondance \u00e0 2 termes parfois remplac\u00e9s l&rsquo;un par l&rsquo;autre, l&rsquo;\u00e9cobuage et le br\u00fblis):<\/p>\n\n\n\n<ul class=\"wp-block-list\">\n<li>l&rsquo;espace est d\u00e9broussaill\u00e9, et ce qui est export\u00e9 est br\u00fbl\u00e9 \u00e0 part<\/li>\n\n\n\n<li>Le feu n&rsquo;est mis qu&rsquo;au parties a\u00e9riennes des v\u00e9g\u00e9taux.<\/li>\n\n\n\n<li>Le feu est mis au sol.<\/li>\n<\/ul>\n\n\n\n<p class=\"has-medium-font-size\">Ce dernier cas est le plus particulier. Car il br\u00fble la partie superficielle du sol et la vie qui en est constituante. Ce type de feu pour ne pas avoir d&rsquo;impacts \u00e0 long terme sur le sol doit \u00eatre \u00e9cart\u00e9 par des p\u00e9riodes d&rsquo;environ 10 ans. Mais cela d\u00e9pend aussi du climat.<\/p>\n\n\n\n<p class=\"has-medium-font-size\" id=\"feu\">C&rsquo;est ce dernier type de feu qui semble utilis\u00e9 au moins dans certains \u00ab\u00a0essartages\u00a0\u00bb amazoniens (Matsigenka, en tous cas). Or l&rsquo;impact sur le sol est probable. Impliquant l&rsquo;hypoth\u00e8se d&rsquo;une modification \u00e9cologique mais ne brisant pas le fait de successions vers la for\u00eat arborescente (a savoir quelles incidences sur la particularit\u00e9s des groupements v\u00e9g\u00e9taux en post-abandon?). A cet aspect s&rsquo;ajoute tant chez William Ball\u00e9e que chez Glenn H. Shepard Jr l&rsquo;observation d&rsquo;une plus grande biodiversit\u00e9 \u00e0 proximit\u00e9 d&rsquo;anciens hameaux. Et donc la n\u00e9cessit\u00e9 d&rsquo;une certaine d\u00e9licatesse peut-\u00eatre dans la circonscription des groupements v\u00e9g\u00e9taux amazoniens.<\/p>\n\n\n\n<p class=\"has-medium-font-size\">Les signaux d&rsquo;incendies en Amazonie orientale (remontant jusqu&rsquo;en Bolivie) ont \u00e9t\u00e9 remarqu\u00e9 \u00e0 des p\u00e9riodes tr\u00e8s recul\u00e9es et concernent des mises \u00e0 feu \u00ab\u00a0agressives\u00a0\u00bb (Cf: Arroyo-Khalin, Terres noires anthropiques du biome amazonien dans Arch\u00e9ologie de l&rsquo;Amazonie dir: Rostain &amp; Betancourt; texte mal traduit. Il aurait \u00e9t\u00e9 plus facile de le lire en espagnol). Ont \u00e9t\u00e9 moins ou peu explor\u00e9e la for\u00eat pluviale d&rsquo;interfluves. Je ne c\u00e8de pas \u00e0 l&rsquo;\u00e9motion et ne crois pas par projection \u00e0 une colonisation humaine aussi importante dans l&rsquo;interfluve qu&rsquo;en basse amazonie notamment fluviale ou rivulaire. Disons qu&rsquo;il faut le d\u00e9montrer. Int\u00e9ressant de voir que le feu semble utilis\u00e9 de mani\u00e8re diff\u00e9rentes selon p\u00e9riodes\/cultures\/objectifs. <\/p>\n\n\n\n<p class=\"has-medium-font-size\">Les amazoniens ne fondent pas de m\u00e9taux \u00e0 base de fer. Utiliser le feu pour ouvrir une for\u00eat ou une zone \u00e0 fourr\u00e9s constitue donc une solution intellectuellement tr\u00e8s envisageable. Les Matsigenka continuent donc d&rsquo;utiliser au moins occasionnellement le feu \u00e0 cet effet (cela fait un moment qu&rsquo;ils ont des outils de technologie occidentale). Je voudrais encore faire remarquer quelque chose, surtout pour les soci\u00e9t\u00e9s vivant en montagnes. Plut\u00f4t que pr\u00e8s des fleuves: les places centrales, quelque soient leurs formes, sont plates, parfaitement d\u00e9sherb\u00e9es (et il en va \u00e9galement des avenues), et &#8230; Horizontales (quelque soit la d\u00e9mographie). C&rsquo;est pour moi un autre myst\u00e8re. Le parc de la Manu o\u00f9 vivent les Matsigenka (soci\u00e9t\u00e9s \u00e0 d\u00e9mographies faibles) semblent int\u00e9ressant \u00e0 plusieurs \u00e9gards. Ils semblent assez proche de la for\u00eat pluviale d&rsquo;interfluves et de zones potentiellement <a href=\"#bioindication\">peu parcourue<\/a> par H. sapiens, cependant que leur territoire est parsem\u00e9 de st\u00e8les \u00ab\u00a0Incas\u00a0\u00bb. La technologie \u00ab\u00a0Inca\u00a0\u00bb a t&rsquo;elle produit quelque chose \u00e0 cet endroit l\u00e0?<\/p>\n\n\n\n<p class=\"has-medium-font-size\">L&rsquo;avantage du feu pour les plantes: restitution d&rsquo;une grande quantit\u00e9 de K, P \u00e0 travers les cendres. Et \u00e9ventuellement compenser l&rsquo;acidit\u00e9 de certains sols.<\/p>\n\n\n\n<p class=\"has-medium-font-size\">Le feu n&rsquo;est pas le seul moyen d&rsquo;obtenir des essarts. Ce type de feu peut conna\u00eetre une autre fonction. Les plantes fleurissent globalement mieux \u00e0 la lumi\u00e8re. Des fruitiers ou d&rsquo;autres plantes utiles d&rsquo;ourlets peuvent \u00eatre recherch\u00e9s. Le feu permet d&rsquo;agrandir la lisi\u00e8re.<\/p>\n\n\n\n<p class=\"has-medium-font-size\">Le feu est connu par plusieurs esp\u00e8ces d&rsquo;Homo (et non H. sapiens seulement, mais sans maitrise a priori pour nos \u00ab\u00a0cousins\u00a0\u00bb disparus), dont la n\u00f4tre qui continuons \u00e0 l&rsquo;utiliser. Le feu correspond \u00e0 une utilisation d&rsquo;\u00e9nergie. <\/p>\n\n\n\n<p class=\"has-medium-font-size\">En Australie, 2 milans et un faucon ont \u00e9t\u00e9 signal\u00e9s comme utilisant le feu (Milvius migrans, Haliastus sphenurus, Falco berigora). Il s&rsquo;agirait en ce qui concerne ces rapaces d&rsquo;une technique de chasse. Et \u00e0 consid\u00e9rer plut\u00f4t a priori comme un acquis r\u00e9cent &#8230;<\/p>\n\n\n\n<p><\/p>\n\n\n\n<h2 class=\"wp-block-heading has-medium-font-size\" id=\"fersiallitique\"><strong>Fersiallitique<\/strong> <strong>[p\u00e9dologie]<\/strong><\/h2>\n\n\n\n<p class=\"has-medium-font-size\">Les sols fersiallitiques sont des sols que l&rsquo;on trouve essentiellement en climat subtropical. Dans l&rsquo;Hexagone, en climat m\u00e9diterran\u00e9en. Surtout Bouche du Rh\u00f4ne (et ponctuations du Causse du M\u00e9jean, et de l&rsquo;arri\u00e8re pays ni\u00e7ois). La p\u00e9dog\u00e9n\u00e8se diff\u00e8re de ce que l&rsquo;on trouve ailleurs de mani\u00e8re dominante dans l&rsquo;Hexagone. Ces sols sont tr\u00e8s riches en argile fine, stables. Ils sont rub\u00e9fi\u00e9s. Le fer de la roche m\u00e8re s&rsquo;est oxyd\u00e9. Ils sont donc riches en oxyde de fer (Fe2O3), mais aussi en Silice et en Aluminium. Ils sont plut\u00f4t de pH neutres, et pr\u00e9sentent une saturation importante (cations). La disponibilit\u00e9 en Fer favorise l&rsquo;\u00e9change pour le phosphore.<\/p>\n\n\n\n<p class=\"has-medium-font-size\">Le climat tropical, connait quant \u00e0 lui des sols ferralsoliques, ferrugineux, ferralitiques. Ces trois types de sols sont susceptibles donner lieu \u00e0 un horizon lat\u00e9ritique (durcissement tr\u00e8s prononc\u00e9 en surface du sol, cuirasse)<\/p>\n\n\n\n<h2 class=\"wp-block-heading has-medium-font-size\" id=\"filet\"><strong>Filet <strong>[descripteur. Partie d&rsquo;organe. Botanique]<\/strong>. <\/strong><\/h2>\n\n\n\n<p class=\"has-medium-font-size\">Pi\u00e8ce des \u00e9tamines soutenant les anth\u00e8res. Les \u00e9tamines n\u2019ont pas toujours de filet. L\u2019anth\u00e8re pouvant \u00eatre&nbsp;sessile.<\/p>\n\n\n\n<p><\/p>\n\n\n\n<h2 class=\"wp-block-heading has-medium-font-size\" id=\"fitness\"><strong>Fitness<\/strong><\/h2>\n\n\n\n<p class=\"has-medium-font-size\">Voir <a href=\"#adaptatif\">adaptation<\/a><\/p>\n\n\n\n<p><\/p>\n\n\n\n<h2 class=\"wp-block-heading has-medium-font-size\" id=\"fleur\"><strong>Fleur <strong>[descripteur. agr\u00e9gat d&rsquo;organes. Botanique]<\/strong>&nbsp;: <\/strong><\/h2>\n\n\n\n<p class=\"has-medium-font-size\">La fleur au sens strict est compos\u00e9e du&nbsp;gyn\u00e9c\u00e9e&nbsp;et de l\u2019androc\u00e9e. Sur ce site, le terme fleur est utilis\u00e9 au sens habituel ou vernaculaire, et parfois au sens le plus strict, mais alors c&rsquo;est indiqu\u00e9.<\/p>\n\n\n\n<p><\/p>\n\n\n\n<h2 class=\"wp-block-heading has-medium-font-size\" id=\"fleur-en-languette\"><strong>Fleur en languette <strong>[descripteur. Botanique. typologie des fleurs]<\/strong>&nbsp;: <\/strong><\/h2>\n\n\n\n<p class=\"has-medium-font-size\">Chez les Asteraceae (p\u00e2querette), concerne les fleurs ext\u00e9rieures ressemblant \u00e0 des p\u00e9tales. Voir <a href=\"#ligule\">ligule<\/a> pour plus de pr\u00e9cisions.<\/p>\n\n\n\n<p><\/p>\n\n\n\n<h2 class=\"wp-block-heading has-medium-font-size\" id=\"fleuron\"><strong>Fleuron <strong>[descripteur. Botanique. Typologie des fleurs]<\/strong>:<\/strong><\/h2>\n\n\n\n<p class=\"has-medium-font-size\">Fleurs de petites taille. Chez les Poaceae, la fleur au sens strict, et parfois lemme et pal\u00e9ole. Voir <a href=\"#fleur,structure-(poaceae)\">structure de la fleur chez les Poaceae<\/a><\/p>\n\n\n\n<p><\/p>\n\n\n\n<h2 class=\"wp-block-heading has-medium-font-size\" id=\"fleur,structure-(poaceae)\"><strong>Fleur, structure (Poaceae):<\/strong><\/h2>\n\n\n<div class=\"wp-block-image\">\n<figure class=\"aligncenter size-full\"><img loading=\"lazy\" decoding=\"async\" width=\"850\" height=\"609\" src=\"https:\/\/lecompagnonrouge.fr\/wp-content\/uploads\/2024\/07\/amsolo.jpg\" alt=\"\" class=\"wp-image-6949\" srcset=\"https:\/\/lecompagnonrouge.fr\/wp-content\/uploads\/2024\/07\/amsolo.jpg 850w, https:\/\/lecompagnonrouge.fr\/wp-content\/uploads\/2024\/07\/amsolo-300x215.jpg 300w, https:\/\/lecompagnonrouge.fr\/wp-content\/uploads\/2024\/07\/amsolo-768x550.jpg 768w\" sizes=\"auto, (max-width: 850px) 100vw, 850px\" \/><\/figure>\n<\/div>\n\n\n<h2 class=\"wp-block-heading has-medium-font-size\" id=\"fleur-tubul\u00e9e\"><br><\/h2>\n\n\n\n<p class=\"has-medium-font-size\" id=\"fleur-tubul\u00e9e\"><strong>Fleur tubul\u00e9e <strong>[descripteur. Botanique. Typologie des fleurs]<\/strong>. <\/strong><\/p>\n\n\n\n<p class=\"has-medium-font-size\">Chez les Asteraceae, concerne les fleurs souvent tr\u00e8s petites se trouvant au moins au c\u0153ur de l\u2019inflorescence. Elles ont en effet des p\u00e9tales dont la base soud\u00e9e forme un tube.<\/p>\n\n\n\n<p><\/p>\n\n\n\n<h2 class=\"wp-block-heading has-medium-font-size\" id=\"foliole\"><strong>Foliole <strong>[descripteur. Botanique]<\/strong>:<\/strong><\/h2>\n\n\n\n<p class=\"has-medium-font-size\">Les folioles sont les parties du <a href=\"#limbe\">limbe<\/a> d&rsquo;une feuille <a href=\"#compos\u00e9\">compos\u00e9e<\/a>. Elle ressemble \u00e0 de petites feuilles mais n&rsquo;ont pas de bourgeons \u00e0 la naissance de leurs axes. L&rsquo;axe principal ou s&rsquo;ins\u00e8rent les folioles est un rachis.<\/p>\n\n\n\n<p><\/p>\n\n\n\n<h2 class=\"wp-block-heading has-medium-font-size\" id=\"forma\"><strong>Forma; forme [Concept. Botanique]: <\/strong><\/h2>\n\n\n\n<p class=\"has-medium-font-size\">S&rsquo;\u00e9crit: fo ou f. Cat\u00e9gorie taxonomique tr\u00e8s mineure. Rang presque le plus bas juste avant subforma. Rang sans pertinence particuli\u00e8re. Morphologie divergente vis \u00e0 vis de l&rsquo;esp\u00e8ce ou de la vari\u00e9t\u00e9, mais cela \u00e9tant plut\u00f4t consid\u00e9r\u00e9 comme une sorte d&rsquo;accident. La diff\u00e9rence morphologique est attribuable \u00e0 une mutation sporadique. Sa valeur statistique est consid\u00e9r\u00e9e cons\u00e9quemment comme faible, plus faible que celle de la <a href=\"#vari\u00e9t\u00e9\">vari\u00e9t\u00e9<\/a>, et bien plus faible que celle de l&rsquo;<a href=\"#esp\u00e8ce\">esp\u00e8ce<\/a>. On peut presque dire d&rsquo;une plante dont que l&rsquo;on qualifie au niveau formel: \u00ab\u00a0cela arrive\u00a0\u00bb.<\/p>\n\n\n\n<p><\/p>\n\n\n\n<h2 class=\"wp-block-heading has-medium-font-size\" id=\"friche\"><strong>Friche [concept ou notion selon la rigueur d&rsquo;utilisation. Phytosociologie. Ecologie]:<\/strong><\/h2>\n\n\n\n<p class=\"has-medium-font-size\">Au sens large: abandon de cultures laiss\u00e9es \u00e0 la dynamique des successions naturelles. Il s&rsquo;agit de formations post <a href=\"https:\/\/lecompagnonrouge.fr\/?page_id=3348#Stellarietea-mediae\">culturales<\/a> au sens large, en tous cas rud\u00e9rales, surtout pionni\u00e8res, et \u00e0 distinguer des <a href=\"#ourlet\">ourlets<\/a>. Senso stricto pionni\u00e8res rud\u00e9rales (souvent sur sols riches), en reconqu\u00eate sur des sols d\u00e9nud\u00e9s.<\/p>\n\n\n\n<p><\/p>\n\n\n\n<p><\/p>\n\n\n\n<h2 class=\"wp-block-heading has-text-align-center has-medium-font-size\" id=\"g\"><mark style=\"background-color:rgba(0, 0, 0, 0)\" class=\"has-inline-color has-luminous-vivid-amber-color\">G. <a href=\"#haut-de-page\">Haut de page<\/a><\/mark><\/h2>\n\n\n\n<h2 class=\"wp-block-heading has-medium-font-size\" id=\"gabbro\"><strong>Gabbro [lithologie. G\u00e9ologie]:<\/strong><\/h2>\n\n\n\n<p class=\"has-medium-font-size\">Les gabbros sont des roches plutoniques \u00e0 texture grenue de <a href=\"#potentiel-hydrog\u00e8ne\">pH<\/a> basique. Se diff\u00e9rencie du granite car poss\u00e9dant de l&rsquo;<a href=\"#olivine\">olivine<\/a> et ne poss\u00e9dant pas de quartz. Le <a href=\"#quartzite\">quartz<\/a> se remarque bien \u00e0 l&rsquo;oeil nu.<\/p>\n\n\n\n<h2 class=\"wp-block-heading has-medium-font-size\" id=\"g\u00e9omorphologie\"><strong>G\u00e9omorphologie<\/strong> <strong>[une discipline]<\/strong><\/h2>\n\n\n\n<p class=\"has-medium-font-size\">Lorsque j&rsquo;\u00e9tais au coll\u00e8ge, on a eu le droit \u00e0 un petit point, un cours sans doute, sur la g\u00e9ologie et la g\u00e9omorphologie. Cela devait \u00eatre int\u00e9ressant et pas totalement central. Pour m&rsquo;aider \u00e0 distinguer les deux dimensions. J&rsquo;ai grossi le trait et j&rsquo;ai appos\u00e9 le nom de s\u00e9dimentologie \u00e0 la g\u00e9omorphologie. Ce qui est un terrible grossissement. Je garde cette tendance \u00e0 nommer cette discipline par ce terme inappropri\u00e9. La g\u00e9omorphologie a pour objet l&rsquo;\u00e9tude des reliefs. La discipline s&rsquo;int\u00e9resse donc aux reliefs et \u00e0 leurs formations, \u00e0 l&rsquo;\u00e9rosion et donc beaucoup aux s\u00e9diments. Les reliefs de types naturels sont concern\u00e9s par la g\u00e9ologie, l&rsquo;\u00e9rosion (etc.) Deux sous-disciplines indiqu\u00e9es comme transverses sont peut-\u00eatre plus particuli\u00e8rement int\u00e9ressante (?) L&rsquo;une s&rsquo;occupe de l&rsquo;influence du vivant, l&rsquo;autre de l&rsquo;influence d&rsquo;Homo sapiens. Le pendant de la terminologie \u00e9cologique \u00ab\u00a0<a href=\"#ing\u00e9nieur-de-l'\u00e9cosyst\u00e8me\">Ing\u00e9nieurs de l&rsquo;\u00e9cosyst\u00e8me<\/a>\u00a0\u00bb est dans cette discipline: la biog\u00e9omorphologie (qui semble se distinguer de la g\u00e9omorphologie humaine &#8211; car en fait arriv\u00e9e plus tardivement et alors consid\u00e9r\u00e9e anecdotique). Dans cette derni\u00e8re l&rsquo;influence des v\u00e9g\u00e9taux, bact\u00e9ries, animaux sur l&rsquo;\u00e9volution du relief (pi\u00e9geage de s\u00e9diments, bioturbation, etc.) et les constructions (termiti\u00e8res, nids bomb\u00e9s de fourmis rousses, la formidable Formica rufa, etc.) sont \u00e9tudi\u00e9s. En g\u00e9omorphologie humaine du c\u00f4t\u00e9 de l&rsquo;arch\u00e9ologie, le magn\u00e9tisme du Fer (Fe) n&rsquo;est pas le m\u00eame lorsque pass\u00e9 par le <a href=\"#feu\">feu<\/a>. Le signal feu du pass\u00e9 est d\u00e9sormais recherch\u00e9 plus favorablement ainsi plut\u00f4t que par l&rsquo;anthracologie. <\/p>\n\n\n\n<p class=\"has-medium-font-size\">Concernant les r\u00e9gions et espaces concern\u00e9s par ce site:<\/p>\n\n\n\n<p class=\"has-medium-font-size\">Les reliefs du parc des Beaumonts (\u00e0 Montreuil, 93), et du parc des Guillands (montreuil et prolong\u00e9 \u00e0 Bagnolet, 93) sont en grande partie artificiels: Les buttes sont form\u00e9es par les restes des creusements des anciennes carri\u00e8res de gypse (le gypse permet d&rsquo;obtenir du pl\u00e2tre).<\/p>\n\n\n\n<p class=\"has-medium-font-size\">Les reliefs de l&rsquo;\u00efle Saint Denis sont artificiels, ils sont form\u00e9s par l&rsquo;apport de terre lors de la construction de l&rsquo;autoroute A 86.<\/p>\n\n\n\n<p class=\"has-medium-font-size\">Un peu plus complexe: la Haute Marche (felletinois) et notamment une commune (dont je tais le nom par respect pour une personne) \u00e0 une vingtaine de km, et faisant face aux Combrailles.<\/p>\n\n\n\n<p class=\"has-medium-font-size\">La g\u00e9ologie de la Haute Marche proc\u00e8de \u00e0 l&rsquo;instar de la p\u00e9ninsule armoricaine de la chaine varisque ou hercynienne (m\u00eame \u00ab\u00a0\u00e2ge\u00a0\u00bb). Les reliefs sont apparus lors de la formation de la Pang\u00e9e. Les Combrailles marque le point septentrional de la chaine (volcanique) des puys. Mais uniquement de l&rsquo;autre c\u00f4t\u00e9 des Combrailles vis \u00e0 vis de la commune. Les plissements de terrains sont issus de la collision des plaques lors de la formation de la Pang\u00e9e. Ils n&rsquo;ont pas donn\u00e9 lieu \u00e0 la formation de volcans en ce qui concerne les communes vis\u00e9es ici. <\/p>\n\n\n\n<p class=\"has-medium-font-size\">Le collin\u00e9en est form\u00e9 de mamelons et de p\u00e9n\u00e9plaines. Les mamelons dominent la p\u00e9n\u00e9plaine. Cette derni\u00e8re \u00e9tant creus\u00e9e et donnant lieu \u00e0 un fond de vallon o\u00f9 circule des cours d&rsquo;eau temporaires ou permanents. Vu du fond de vallon, la p\u00e9n\u00e9plaine fait l&rsquo;impression d&rsquo;un plateau.<\/p>\n\n\n\n<p class=\"has-medium-font-size\">Si je prends le mamelon assez \u00e9lev\u00e9 de la seconde commune (je vais l&rsquo;appeler black mountain): proche du sommet on trouve un important chaos granitique qui je pense fait plus de 2 m de haut et se trouve \u00eatre de forme sph\u00e9rique. Ce chaos indique qu&rsquo;il y a eu une forte \u00e9rosion.<\/p>\n\n\n\n<p class=\"has-medium-font-size\">A l&rsquo;\u00e9chelle d&rsquo;un humain qui est en train de marcher, et non \u00e0 l&rsquo;\u00e9chelle des cartes de g\u00e9ologie BRGM, on va pouvoir se rendre compte (avec un peu d&rsquo;attention et pas mal de curiosit\u00e9) que les reliefs que l&rsquo;on per\u00e7oit de loin comme r\u00e9gulier et plut\u00f4t comme semblant en pente douce (pas toujours tant que \u00e7\u00e0, le mamelon pr\u00e9cit\u00e9 a une pente moyenne d&rsquo;environ 20\u00b0, soit un drainage d\u00e9j\u00e0 un tout petit peu rapide, et comprenant de longues plages \u00e0 plus de 25) sont pourtant tr\u00e8s irr\u00e9guliers. Dans une prairie que je connais la partie la plus \u00e9lev\u00e9e est comme un tr\u00e8s large roc tr\u00e8s irr\u00e9gulier et en descendant on parvient sur une prairie plus plane, plus r\u00e9guli\u00e8re mais semblant comme rid\u00e9e \u00e0 mesure que l&rsquo;on marche: il s&rsquo;agit d&rsquo;un effet des reliefs sous-jacent. En continuant \u00e0 descendre on arrive jusqu&rsquo;\u00e0 un mur de sout\u00e8nement de cette prairie. Le sol de la prairie est donc principalement un horizon de colluvionement. Voir, donc \u00e0 <a href=\"#murs\">murets<\/a>. Le colluvionement dans la r\u00e9gion est en partie conduit par l&rsquo;existence de ces murets, et cela rends plus indistinct les reliefs naturels.<\/p>\n\n\n\n<p class=\"has-medium-font-size\">Le colluvionnement c&rsquo;est l&rsquo;\u00e9rosion depuis le sommet vers le fond de vall\u00e9e en une nappe (une couche ou horizon).<\/p>\n\n\n\n<p class=\"has-medium-font-size\">Manche, les photos prises en Manche le sont plus souvent sur sols d&rsquo;alluvions et de <a href=\"#gr\u00e8s\">gr\u00e8s<\/a> (-<a href=\"#grauwacke\">grauwacke<\/a> et <a href=\"#siltite\">siltstone<\/a>). Le paysage est tendrement vallonn\u00e9. Sinon: littoral: estran, etc. Voir aussi \u00e0 <a href=\"#talus\">talus<\/a>.<\/p>\n\n\n\n<h2 class=\"wp-block-heading has-medium-font-size\" id=\"gam\u00e8te\"><br><strong>Gam\u00e8te [biologie]&nbsp;: <\/strong><\/h2>\n\n\n\n<p class=\"has-medium-font-size\">Cellule reproductrice, qu\u2019elle soit m\u00e2le ou femelle.<\/p>\n\n\n\n<p><\/p>\n\n\n\n<h2 class=\"wp-block-heading has-medium-font-size\" id=\"glom\u00e9rule\"><strong>Glom\u00e9rule&nbsp;<strong>[descripteur. Botanique. Typologie des inflorescences]<\/strong>: <\/strong><\/h2>\n\n\n\n<p class=\"has-medium-font-size\">Groupe de fleurs sessiles se pr\u00e9sentant en petite boule. Il s\u2019agit d\u2019une <a href=\"#cyme\">cyme<\/a>.<\/p>\n\n\n\n<p><\/p>\n\n\n\n<h2 class=\"wp-block-heading has-medium-font-size\" id=\"glume\"><strong>Glume <strong>[descripteur. Botanique]<\/strong>: <\/strong><\/h2>\n\n\n\n<p class=\"has-medium-font-size\">Voir <a href=\"#fleur,structure-(poaceae)\">fleur (structure, Poaceae)<\/a>. Semble parfois assimil\u00e9e \u00e0 des <a href=\"#s\u00e9pale\">s\u00e9pales<\/a>. Je l&rsquo;assimile \u00e0 une bract\u00e9e.<\/p>\n\n\n\n<p><\/p>\n\n\n\n<h2 class=\"wp-block-heading has-medium-font-size\" id=\"glycophile\"><strong>Glycophile <strong>[Concept. Botanique. Ecologie]<\/strong>: <\/strong><\/h2>\n\n\n\n<p class=\"has-medium-font-size\">Mot form\u00e9 en opposition \u00e0 <a href=\"#halo\">halophile<\/a>. Souligne la douceur &#8230; Concerne les plantes strictement inf\u00e9od\u00e9es aux milieux o\u00f9 l&rsquo;eau qui parvient est douce.<\/p>\n\n\n\n<h2 class=\"wp-block-heading has-medium-font-size\" id=\"gneiss\"><strong>Gneiss<\/strong> <strong>[lithologie. G\u00e9ologie. P\u00e9dologie]<\/strong><\/h2>\n\n\n\n<p class=\"has-medium-font-size\" id=\"serpentinite\">Le gneiss est constitu\u00e9 des m\u00eame mat\u00e9riaux que le <a href=\"#granite\">granite<\/a>. Mais les diff\u00e9rents constituants sont align\u00e9s. Tout comme le granite, il favorise un <a href=\"#potentiel-hydrog\u00e8ne\">pH<\/a> bas du sol<\/p>\n\n\n\n<h2 class=\"wp-block-heading has-medium-font-size\" id=\"granite\"><br><strong>Granit, granite&nbsp;(inclus: microgranite)[lithologie. G\u00e9ologie. P\u00e9dologie]: <\/strong><\/h2>\n\n\n\n<p class=\"has-medium-font-size\">Roche plutonique caract\u00e9ris\u00e9e par sa granularit\u00e9&nbsp;: fait d\u2019inclusions de <a href=\"#quartzite\">quartz<\/a> de feldspath, etc. Les roches plutoniques apparaissent par la lenteur du refroidissement du magma, elles sont typiques des affleurements de montagnes. Les sous-sols granitiques favorisent un <a href=\"#potentiel-hydrog\u00e8ne\">pH<\/a> bas du sol.<\/p>\n\n\n\n<p><\/p>\n\n\n\n<h2 class=\"wp-block-heading has-medium-font-size\" id=\"granodiorite\"><br><strong>Granodiorite&nbsp;[lithologie. G\u00e9ologie. p\u00e9dologie.] : <\/strong><\/h2>\n\n\n\n<p class=\"has-medium-font-size\">Roche granitique, un peu moins dure que le granite, identifiable \u00e0 certaines de ses inclusions. Les sous-sols granodioritiques favorisent \u00e9galement un pH bas du sol.<\/p>\n\n\n\n<p><\/p>\n\n\n\n<h2 class=\"wp-block-heading has-medium-font-size\" id=\"grappe\"><strong>Grappe&nbsp;ou rac\u00e8me&nbsp;<strong>[descripteur. Botanique. Typologie des inflorescences]<\/strong>: <\/strong><\/h2>\n\n\n\n<p class=\"has-medium-font-size\">Inflorescence pourvu d\u2019un axe principal portant des fleurs p\u00e9dicell\u00e9es. Si axes secondaires ramifi\u00e9s&nbsp;: <a href=\"#panicule\">panicule<\/a>, rac\u00e8me complexe.<\/p>\n\n\n\n<h2 class=\"wp-block-heading has-medium-font-size\" id=\"grauwacke\"><strong>Grauwacke [lithologie. G\u00e9ologie. p\u00e9dologie]: <\/strong><\/h2>\n\n\n\n<p class=\"has-medium-font-size\">Le greywacke est un <a href=\"#gr\u00e8s\">gr\u00e8s<\/a> dans lequel on trouve de veine de <a href=\"#quartzite\">quartz<\/a> (en blanc). Ici un grauwacke marin (de couleur sombre). Il ne s&rsquo;agit pas d&rsquo;une roche m\u00e9tamorphique.<\/p>\n\n\n\n<div class=\"wp-block-cover\"><img loading=\"lazy\" decoding=\"async\" width=\"850\" height=\"826\" class=\"wp-block-cover__image-background wp-image-10865 size-full\" alt=\"\" src=\"https:\/\/lecompagnonrouge.fr\/wp-content\/uploads\/2025\/09\/grauwacke.jpg\" data-object-fit=\"cover\" srcset=\"https:\/\/lecompagnonrouge.fr\/wp-content\/uploads\/2025\/09\/grauwacke.jpg 850w, https:\/\/lecompagnonrouge.fr\/wp-content\/uploads\/2025\/09\/grauwacke-300x292.jpg 300w, https:\/\/lecompagnonrouge.fr\/wp-content\/uploads\/2025\/09\/grauwacke-768x746.jpg 768w\" sizes=\"auto, (max-width: 850px) 100vw, 850px\" \/><span aria-hidden=\"true\" class=\"wp-block-cover__background has-background-dim-0 has-background-dim\"><\/span><div class=\"wp-block-cover__inner-container is-layout-flow wp-block-cover-is-layout-flow\">\n<p><\/p>\n\n\n\n<p><\/p>\n\n\n\n<p><\/p>\n\n\n\n<p><\/p>\n\n\n\n<p><\/p>\n\n\n\n<p><\/p>\n<\/div><\/div>\n\n\n\n<p class=\"has-white-color has-black-background-color has-text-color has-background has-link-color has-medium-font-size wp-elements-ee8933187b50dad495cba741ac1ceef5\">Alt text: <strong>La photos du dessus montrent une pierre constitu\u00e9e de grains assez fort. La nature des grains est homog\u00e8ne. Travers\u00e9e d&rsquo;une ligne claire, laquelle est en quartz: du Grauwacke. La photo suivante est en plus gros plan.<\/strong><\/p>\n\n\n<div class=\"wp-block-image\">\n<figure class=\"aligncenter size-full\"><img loading=\"lazy\" decoding=\"async\" width=\"573\" height=\"544\" src=\"https:\/\/lecompagnonrouge.fr\/wp-content\/uploads\/2025\/09\/grauwacke2.jpg\" alt=\"\" class=\"wp-image-10866\" srcset=\"https:\/\/lecompagnonrouge.fr\/wp-content\/uploads\/2025\/09\/grauwacke2.jpg 573w, https:\/\/lecompagnonrouge.fr\/wp-content\/uploads\/2025\/09\/grauwacke2-300x285.jpg 300w\" sizes=\"auto, (max-width: 573px) 100vw, 573px\" \/><\/figure>\n<\/div>\n\n\n<p><\/p>\n\n\n\n<h2 class=\"wp-block-heading has-medium-font-size\" id=\"gr\u00e8s\"><strong>Gr\u00e8s [lithologie. g\u00e9ologie. p\u00e9dologie]:<\/strong><\/h2>\n\n\n\n<p class=\"has-medium-font-size\">Le gr\u00e8s est du <a href=\"#sable\">sable<\/a> sous forme de bloc rocheux. A distinguer notamment de la <a href=\"#siltite\">siltite<\/a>. Voir aussi \u00e0 <a href=\"#grauwacke\">greywacke<\/a>. Le grain de la roche est donc visible \u00e0 l&rsquo;oeil nu contrairement \u00e0 la siltite ou \u00e0 l&rsquo;<a href=\"#argilite\">argilite<\/a>.<\/p>\n\n\n\n<h2 class=\"wp-block-heading has-medium-font-size\" id=\"grime\"><strong>Grime (strat\u00e9gie CSR de) [loi, concept ou notion selon la robustesse]: <\/strong><\/h2>\n\n\n\n<p class=\"has-medium-font-size\">Le triangle de Grime permet de visualiser des traits \u00e9cologiques en rapport \u00e0 des grands types biologiques chez les plantes (correspond \u00e0 la question des strat\u00e9gies r-K chez les animaux). Il est donc en lien avec le classement de <a href=\"#raunkaier\">Raunkaier.<\/a><\/p>\n\n\n\n<p class=\"has-medium-font-size\">C. pour comp\u00e9titives; S. pour tol\u00e9rance au stress, R. pour rud\u00e9ral<\/p>\n\n\n\n<p class=\"has-medium-font-size\">Lien avec le classement de Raunkaier:<\/p>\n\n\n\n<ul class=\"wp-block-list\">\n<li>C. correspond aux formations ligneuses: \u00e9l\u00e9vation de la plante, profondeur et \u00e9talement des racines, \u00e9talement foliaire, croissance jusqu&rsquo;\u00e0 rapide. Reproduction sexu\u00e9e pouvant \u00eatre moindre.<\/li>\n\n\n\n<li>S. correspond aux formations \u00e0 chamaephytes: Plantes de croissances lentes, \u00e0 reproduction moindre. haute altitudes, d\u00e9serts &#8230;<\/li>\n\n\n\n<li>R. correspond aux formations \u00e0 annuelles. Les <a href=\"#therophyte\">th\u00e9rophytes<\/a> misent sur la reproduction sexu\u00e9e. rapidit\u00e9 du d\u00e9veloppement, forte reproduction sexu\u00e9e. Vit dans les friches, les jach\u00e8res, les cultures sarcl\u00e9es. Plut\u00f4t dans des espaces riches en <a href=\"#trophie\">nutriments<\/a>.<\/li>\n<\/ul>\n\n\n\n<p class=\"has-medium-font-size\" id=\"gyn\u00e9c\u00e9e\"><strong>Gyn\u00e9c\u00e9e&nbsp;<strong>[Organe. Pour description botanique]<\/strong>: <\/strong><\/p>\n\n\n\n<p class=\"has-medium-font-size\">Partie femelle de la fleur.<\/p>\n\n\n\n<p><\/p>\n\n\n\n<p><\/p>\n\n\n\n<p><\/p>\n\n\n\n<h2 class=\"wp-block-heading has-text-align-center has-medium-font-size\" id=\"h\"><mark style=\"background-color:rgba(0, 0, 0, 0)\" class=\"has-inline-color has-luminous-vivid-amber-color\">H. <a href=\"#haut-de-page\">Haut de page<\/a><\/mark><\/h2>\n\n\n\n<p><\/p>\n\n\n\n<h2 class=\"wp-block-heading has-medium-font-size\" id=\"haie-bocag\u00e8re\"><strong>Haie bocag\u00e8re [typologie agricole]:<\/strong><\/h2>\n\n\n\n<p class=\"has-medium-font-size\">La haie qu&rsquo;elle soit sur <a href=\"#talus\">talus<\/a> ou non, bord\u00e9e ou non d&rsquo;un foss\u00e9 est \u00e0 rapporter \u00e0 une for\u00eat lin\u00e9aire. Cela qu&rsquo;elle soit principalement instaur\u00e9e (on semait les glands de ch\u00eane \u00e0 la vol\u00e9e) ou encore pour sa part de flore spontan\u00e9e. La Haie \u00e9tait taill\u00e9e tous les dix ans. La haie bocag\u00e8re fait partie de la mosa\u00efque paysag\u00e8re de l&rsquo;ouest de la France. Longtemps confin\u00e9e aux notables religieux en Bretagne. Puis d\u00e9mocratisation tr\u00e8s lente \u00e0 partir du XVI (les plus gros exploitants).<\/p>\n\n\n\n<p class=\"has-medium-font-size\">La Bretagne fait aussi partie des r\u00e9gions dont des d\u00e9partements ont connus des campagnes de <a href=\"#marnage\">marnage<\/a>, en tous cas depuis le XVIII \u00e8me si\u00e8cle (C\u00f4te d&rsquo;Armor, Morbihan). Peut-\u00eatre avant?<\/p>\n\n\n\n<h2 class=\"wp-block-heading has-medium-font-size\" id=\"halo\"><strong>Halo<\/strong>-: <\/h2>\n\n\n\n<p class=\"has-medium-font-size\">En rapport au sel. Halophile qui tol\u00e8re le sel ou vit dans des milieux sal\u00e9s. Contraire de <a href=\"#glycophile\">glycophile<\/a>.<\/p>\n\n\n\n<p><\/p>\n\n\n\n<h2 class=\"wp-block-heading has-medium-font-size\" id=\"hast\u00e9\"><strong>Hast\u00e9.e<\/strong> <strong>[descripteur. Botanique]<\/strong><\/h2>\n\n\n\n<p class=\"has-medium-font-size\">De forme <a href=\"#sagitt\u00e9\">sagitt\u00e9e<\/a>, mais avec les pointes, les oreillettes qui divergent vers l&rsquo;ext\u00e9rieur.<\/p>\n\n\n\n<p><\/p>\n\n\n\n<h2 class=\"wp-block-heading has-medium-font-size\" id=\"h\u00e9lophyte\"><strong>H\u00e9lophyte [Concept. Botanique]: <\/strong><\/h2>\n\n\n\n<p class=\"has-medium-font-size\">Esp\u00e8ce dont les organes de survie subsistent \u00e0 la mauvaise saison sous le niveau de l&rsquo;eau. Elles sont amphibies saisonni\u00e8res et alors exond\u00e9es une petite partie de l&rsquo;ann\u00e9e. Ou amphibies permanentes: leurs bases sont toujours noy\u00e9es. Les aquatiques vivent dans l&rsquo;eau. En situation encore plus hydrique, donc.<\/p>\n\n\n\n<h2 class=\"wp-block-heading has-medium-font-size\" id=\"hermaphrodite\"><strong>Hermaphrodite<\/strong> <strong>(biologie botanique. Descripteur.)<\/strong><\/h2>\n\n\n\n<p class=\"has-medium-font-size\">Qualifie une fleur ou une esp\u00e8ce dont les fleurs poss\u00e8dent un gyn\u00e9c\u00e9e et une androc\u00e9e.<\/p>\n\n\n\n<h2 class=\"wp-block-heading has-medium-font-size\" id=\"histoire\"><strong>Histoire<\/strong> <strong>[une discipline<\/strong>]<\/h2>\n\n\n\n<p class=\"has-medium-font-size\">Discipline s&rsquo;occupant en principe du pass\u00e9 d&rsquo;Homo-sapiens avec un grain temporel particuli\u00e8rement fin. L&rsquo;histoire peut-\u00eatre d&rsquo;un secours pour orienter la pens\u00e9e vis \u00e0 vis d&rsquo;observations sur le terrains. On est sur une richesse un peu formidable au niveau des informations. Pas toujours facile, rien que sous cet angle \u00e0 mettre en perspective. Voir <a href=\"http:\/\/\u00e9cologie-historique-des-parcelles\">historique des parcelles<\/a><\/p>\n\n\n\n<p class=\"has-medium-font-size\"><\/p>\n\n\n\n<p class=\"has-medium-font-size\">La m\u00e9thode est extr\u00eamement diff\u00e9rente. Presque d&rsquo;apparence contradictoire, sous certains aspects. Et la m\u00e9thode ne suffit pas, puisque je recherche des donn\u00e9es de recherches <a href=\"#interdisciplinarit\u00e9\">articulables<\/a>. J&rsquo;avoue \u00eatre devenu tout particuli\u00e8rement exigeant vis \u00e0 vis de la question de la <a href=\"#structuralisme\">subjectivit\u00e9<\/a> d&rsquo;une part, et regardant vis \u00e0 vis de la question de la <a href=\"#preuve\">preuve<\/a>. C&rsquo;est sans doute regrettable. Mais pour l&rsquo;instant je mets \u00e7\u00e0 sur le compte d&rsquo;\u00eatre devenu vieux con. Ces diff\u00e9rences d&rsquo;approches ne reprochent rien aux disciplines historiques. Cela ne me regarde en fait pas. D&rsquo;autant qu&rsquo;il m&rsquo;importe un peu de me renseigner de ce c\u00f4t\u00e9 l\u00e0. Mais elles ont pour effets, soit d&rsquo;impliquer un tr\u00e8s gros travail de ma part, soit de d\u00e9clencher de la timidit\u00e9 et de consid\u00e9rer alors ce que je lis comme ayant surtout un aspect informatif. Les donn\u00e9es ou informations sont donc en ce qui me concerne difficiles \u00e0 consid\u00e9rer comme outil conceptuel, d&rsquo;autant qu&rsquo;il n&rsquo;est pas toujours possible de croiser les r\u00e9sultats avec d&rsquo;autres disciplines telles la pal\u00e9ontologie ou l&rsquo;arch\u00e9ologie.<\/p>\n\n\n\n<p class=\"has-medium-font-size\">Je ne suis pas indiff\u00e9rent \u00e0 la col\u00e8re que j&rsquo;ai ressenti avec Fressoz, on est \u00e0 peu pr\u00e8s de la m\u00eame g\u00e9n\u00e9ration, c&rsquo;est \u00e0 dire tr\u00e8s influenc\u00e9e par la \u00ab\u00a0m\u00e9ta-anthropologie\u00a0\u00bb (l&rsquo;anthropologie ontologique si l&rsquo;on acc\u00e8de \u00e0 une terminologie descolienne). Son dernier exploit, \u00e7\u00e0 a \u00e9t\u00e9 de la col\u00e8re. Il est l\u00e9gitime de remettre en cause le GIEC, lorsque la port\u00e9e est critique. Mais que pour la port\u00e9e soit critique, a minima, il est utile d&rsquo;en lire les rapports. Ce que son discours ne d\u00e9note pas. Or ce n&rsquo;est pas la premi\u00e8re fois qu&rsquo;il y a des sortes de verticalit\u00e9s &#8230; Mon propre p\u00e8re, au moins une fois, pour commencer. Et puis &#8230; Et puis &#8230; Tout cela me rem\u00e9more, geste rare, le l\u00e2ch\u00e9 ou m\u00eame le jet\u00e9 de livre. Ce type d&rsquo;attitude contribue \u00e0 donner le sentiment d&rsquo;une sociologie un peu particuli\u00e8re des historiens quand tous n&rsquo;y r\u00e9pondent pas. Un peu \u00e0 l&rsquo;instar de ce qui se passe pour les journalistes, dont la plupart sont tout ce qu&rsquo;il y a de plus chics, mais dont certains font beaucoup de bruits bizarres. Il y a du reste dans toutes les disciplines du reste des aspects tr\u00e8s irritants. Ce tr\u00e8s regrett\u00e9 Francis Hall\u00e9, dans son d\u00e9sir de partager et de populariser la dendrologie, ne s&rsquo;est pas \u00e9pargn\u00e9 des inexactitudes dans les ouvrages \u00e0 destination du grand public (euh non la lignine n&rsquo;est pas un d\u00e9chet, ce n&rsquo;est pas l&rsquo;\u00e9quivalent de nos f\u00e8ces, et quelques chapitres plus haut sa fonction est bien indiqu\u00e9e). <\/p>\n\n\n\n<p class=\"has-medium-font-size\">Ce discours: une fois indiqu\u00e9s les tours et d\u00e9tours de l&rsquo;histoire quant \u00e0 l&rsquo;utilisation de l&rsquo;\u00e9nergie (est-ce utile?), il faut toutefois admettre les leviers en jeux (ceux qui sont utilisables et ceux qui ne le sont pas, et faire sortir l&rsquo;\u00e9nergie carbon\u00e9e des leviers est un gros probl\u00e8me, car comme not\u00e9 nous disposons d&rsquo;autres formes d&rsquo;\u00e9nergies. Par contre il n&rsquo;est pas possible de demander aux bact\u00e9ries telluriques de bien vouloir changer de comportement afin d&rsquo;am\u00e9liorer la situation des sols agricoles vis \u00e0 vis du CO2). Une fois indiqu\u00e9e l&rsquo;implication n\u00e9cessaire des femmes, hommes et instances (&amp; entreprises) de pouvoirs, on peut toujours se reporter \u00e0 de plus anciens rapports IPCC (commun\u00e9ment dit rapports du GIEC), et se rem\u00e9morer l&rsquo;un des sch\u00e9mas propos\u00e9 par le groupe de sociologues qui y travaillait \u00e0 l&rsquo;\u00e9poque. Ce sch\u00e9ma indiquait une voie technologique et autoritaire sur le plan politique, ce que Fressoz rejette. La toute derni\u00e8re possibilit\u00e9 dans ces anciens sch\u00e9mas \u00e9tait tout simplement qu&rsquo;il serait d\u00e9cid\u00e9 de ne rien faire. Ce que l&rsquo;Am\u00e9rique du nord semble actuellement vouloir nous sugg\u00e9rer. Une autre d&rsquo;entre elles \u00e9tait a contrario de promouvoir des modes de productions biologiques, ou traditionnels ainsi des propositions techniques agricoles de ce que l&rsquo;on se permet parfois d&rsquo;appeler le \u00ab\u00a0sud global\u00a0\u00bb. Aujourd&rsquo;hui cependant, alors que des leviers tels que ceux en agriculture qui \u00e9taient jug\u00e9s peu utilisables, chacun essaie une am\u00e9lioration. Une fois tout cela bien indiqu\u00e9, et en ce sens on peut \u00e9couter Fressoz (et Bonneuil), la question est effectivement celle de stimuler l&rsquo;\u00e9coute sur certains probl\u00e8mes.<\/p>\n\n\n\n<p class=\"has-medium-font-size\">Mais au del\u00e0 d&rsquo;une approche pouvant m&rsquo;appara\u00eetre assez superficielle bien qu&rsquo;int\u00e9ressante de la th\u00e9matique, quelque chose d&rsquo;autre semble encore pouvoir appara\u00eetre \u00e0 travers ce type de discours. Regretter la mise en abstraction de notre plan\u00e8te, de nos soci\u00e9t\u00e9s par les scientifiques, c&rsquo;est d&rsquo;abord la possibilit\u00e9 d&rsquo;omettre que ce n&rsquo;est pas des soci\u00e9t\u00e9s qui sont en danger, mais que c&rsquo;est bien Homo sapiens qui l&rsquo;est (et par suite, les soci\u00e9t\u00e9s &#8230;) C&rsquo;est surtout la possibilit\u00e9 de craindre un gouvernement mondial des techniciens et scientifiques (\u00ab\u00a0holoc\u00e8nologues\u00a0\u00bb disait Bonneuil), sur la base d&rsquo;exemple auquel le pluriel manque ou encore un peu discutables. Parce que cela nie qu&rsquo;entre le constat des soucis climatiques et les propositions (si il y en a), des personnes fussent-elles climatologues, physiciennes, etc. Il y a deux moments et deux approches diff\u00e9rentes et que dans la seconde approche, la qualit\u00e9 de citoyen intervient. Et que de ce fait, cela devient une histoire de personnes. C&rsquo;est d&rsquo;autant plus distinct qu&rsquo;aucun rapport IPCC ne peut faire de propositions politiques. Ce type de discours contient un peu les germes d&rsquo;une forme de complotisme.<\/p>\n\n\n\n<h2 class=\"wp-block-heading has-medium-font-size\" id=\"holo-esp\u00e8ce\"><strong>Holo-esp\u00e8ce<\/strong><\/h2>\n\n\n\n<p>Voir: <a href=\"#esp\u00e8ce\">esp\u00e8ce<\/a><\/p>\n\n\n\n<p><\/p>\n\n\n\n<h2 class=\"wp-block-heading has-medium-font-size\" id=\"homo-sapiens\"><strong>Homo sapiens<\/strong> <strong>[Une esp\u00e8ce, class\u00e9e de mani\u00e8re non homog\u00e8ne dans toutes les disciplines]<\/strong><\/h2>\n\n\n\n<p class=\"has-medium-font-size\">Homo sapiens est un mammif\u00e8re hominin\u00e9 du genre Homo. Parmi tous les mammif\u00e8res terrestres, il se distingue par sa grande glabr\u00e9it\u00e9. Une large touffe de longs poils sur le sommet de la t\u00eate. Les deux esp\u00e8ces encore vivantes les plus proches sont, on le voit, un peu \u00e9loign\u00e9es (il n&rsquo;y a plus d&rsquo;autres esp\u00e8ces du genre Homo): le bonobo et le chimpanz\u00e9.<\/p>\n\n\n\n<p class=\"has-medium-font-size\">Du c\u00f4t\u00e9 fonctionnel, le pied semble apparu chez des esp\u00e8ces du genre Homo si je ne me trompe pas. Ce qui est fort pratique pour courir, mais en terrain d\u00e9gag\u00e9. Les bras courts, le fait de ne plus avoir de mains aux membres post\u00e9rieurs rend beaucoup plus difficile en revanche le fait de se d\u00e9placer dans les arbres et surtout d&rsquo;un arbre \u00e0 l&rsquo;autre, bien qu&rsquo;il grimpe (situation arboricole qui permet d&rsquo;\u00e9viter des obstacles, avec un d\u00e9placement en revanche plus lent). L&rsquo;acquisition de la bip\u00e9die, une caract\u00e9ristique du genre Homo, semble avoir eue lieu en <a href=\"#savane\">savane<\/a> arborescente (milieu semi ouvert mais encore sombre) et s&rsquo;est am\u00e9lior\u00e9e dans des savanes plus claires. Noter que l&rsquo;homme de Touma\u00ef avait la capacit\u00e9 de marcher sur ses doigts, poss\u00e9daient de longs bras et que son d\u00e9placement dans les arbres \u00e9taient plus ais\u00e9 que pour nous. Le d\u00e9bat pass\u00e9 sur sa bip\u00e9die ne change pas forc\u00e9ment grand chose. C&rsquo;est un pr\u00e9-humain. Proche de nous d&rsquo;une certaine mani\u00e8re. La situation de savane claire avec le rift est africain, alors th\u00e9oris\u00e9e par Coppens, posait un contexte simplement plus facile et plus rapide d&rsquo;appr\u00e9hension. De Lucy \u00e0 Toumai, de Coppens \u00e0 Brunet, il n&rsquo;y a pas une explosion des cadres intellectuels mais un tr\u00e8s int\u00e9ressant constat. Noter que les espaces ouverts <a href=\"#succession\">sont l&rsquo;exception et non la loi<\/a>. C&rsquo;est somme toute des espaces semi-ouverts (ou en tous cas partiellement ouverts) qui semblent avoir favoris\u00e9 cette caract\u00e9ristique. En ce qui concerne en tout cas Homo sapiens, la faible expression de sa pilosit\u00e9 favorise la synth\u00e8se de la vitamine D par la lumi\u00e8re, relativement aux autres esp\u00e8ces de mammif\u00e8res terrestres, mais \u00e9galement vrai pour \u00e9l\u00e9phants, rhinos, et hippopotames (questionnement sur son confort de vie, son <a href=\"#adaptatif\">adaptabilit\u00e9<\/a> \u00e9ventuellement), et sachant l&rsquo;importance du r\u00e9gime alimentaire sur la question de cette vitamine.<\/p>\n\n\n\n<p>Ce point pilosit\u00e9\/nutrition tient pour moi d&rsquo;une intuition: si on prend un animal \u00e0 fourrure, les UV n&rsquo;atteigne pas plus la peau sous le couvert forestier que dans l&rsquo;ouverture d&rsquo;une prairie. Si l&rsquo;on prend un rhinoc\u00e9ros, les UV atteignent son dos plus facilement dans la savane o\u00f9 il vit que sous un couvert forestier. Si l&rsquo;on compare, Homo sapiens est susceptible d&rsquo;\u00eatre atteint par les UV tant au niveau du dos que sur sa face avant puisqu&rsquo;il se tient debout. On pourrait en conclure \u00e0 un avantage en terme de nutrition, de temps ou d&rsquo;\u00e9nergie \u00e0 d\u00e9penser pour cela. Ce qui pourrait \u00e0 confort ainsi acquis \u00e9gal justifier un plus grand int\u00e9r\u00eat pour lui \u00e0 se trouver plus favorablement en milieu ouvert. Ce qui contredit l&rsquo;intuition: les animaux \u00e0 fourrures ont \u00e9galement besoin de synth\u00e9tiser la vitamine. La question de la nutrition concernant cette vitamine semble effectivement plus complexe que cela. <\/p>\n\n\n\n<p class=\"has-medium-font-size\">Homo sapiens rencontre l&rsquo;\u00e9tude des v\u00e9g\u00e9tations de mani\u00e8re tr\u00e8s forte et tr\u00e8s particuli\u00e8re dans la d\u00e9finition de milieu <a href=\"#primaire\">secondaire<\/a> en phytosociologie synusiale (suppression du stade <a href=\"#paraclimax\">climacique<\/a>, car il semblerait que peu d&rsquo;animaux en soit capable \u00e0 part lui). Cependant que cela semble pouvoir \u00eatre utile aux sciences humaines (et je crois que cela l&rsquo;est) et donc semble d\u00e9border largement la discipline, cette d\u00e9finition ne semble pas \u00e0 entreprendre comme subissant sp\u00e9cialement des biais notamment anthropocentr\u00e9s. Elle semble au contraire th\u00e9oriquement et techniquement bien fonctionnelle: autrement dit, cet aspect anthropologique est possible \u00e0 consid\u00e9rer dans le champs des sciences humaines. <\/p>\n\n\n\n<p><br>L\u2019incidence de la lumi\u00e8re au sol permet d\u2019interpr\u00e9ter, hors facteurs limitants, la v\u00e9g\u00e9tation de sous-bois et donc la capacit\u00e9 \u00e0 correctement circuler pour des bip\u00e8des. Sachant qu\u2019une for\u00eat de ch\u00eanaie-h\u00eatraie \u00e0 une incidence de luminosit\u00e9 au sol r\u00e9duite \u00e0 environ \u00e0 6-12&nbsp;%, et qu\u2019une for\u00eat \u00e9quatoriale dense \u00e0 une incidence de luminosit\u00e9 au sol r\u00e9duite \u00e0 environ 0,3 \u00e0 0,7&nbsp;% (oui, il y fait presque nuit), il s\u2019en suit que dans le second cas la marche ou la course n\u2019est pas contrari\u00e9e par des fourr\u00e9s imp\u00e9n\u00e9trables. Par contre les cours d\u2019eau traversant ces for\u00eats sont des espaces ouverts, et sont donc largement bord\u00e9s de ces fourr\u00e9s imp\u00e9n\u00e9trables. Par contre, la force de l\u2019ombre ne propose pas une situation qu\u2019on puisse qualifier d\u2019optimale pour la vie d\u2019Homos, en tous cas au sol. Les savanes arborescentes subissent le facteur limitant d\u2019une chaleur trop forte pour la conservation optimale de l\u2019eau au sol. Cependant l&rsquo;acc\u00e8s \u00e0 l&rsquo;eau (cours d&rsquo;eau) semble pouvoir \u00eatre g\u00ean\u00e9 par des buissons (fourr\u00e9s) en savane soudano guin\u00e9enne (exemple du Niokolo Koba dont la ripisylve subit une influence guin\u00e9enne. Le reste du Niokolo Koba est sous influence climatique surtout soudanaise). Dans un tel cas si l&rsquo;acc\u00e8s \u00e0 l&rsquo;eau est complexe, il est n\u00e9cessaire de compter sur d&rsquo;autres animaux \u00e0 m\u00eame de coucher les fourr\u00e9s(?)<\/p>\n\n\n\n<p class=\"has-medium-font-size\">Un grand nombre de facteurs sont troublants lorsqu&rsquo;on int\u00e8gre Homo sapiens dans une \u00ab\u00a0\u00e9tude\u00a0\u00bb <a href=\"#naturaliste\">naturaliste<\/a>. Il est donc semble t&rsquo;il exclu en tant qu&rsquo;animal. On constate sa pr\u00e9sence par ses effets.<\/p>\n\n\n\n<p class=\"has-medium-font-size\"><\/p>\n\n\n\n<p class=\"has-medium-font-size\">-&gt;Il forme probablement l&rsquo;objet inconscient (mais aussi parfois conscient, et cela n&rsquo;est alors plus un probl\u00e8me) de \u00ab\u00a0l&rsquo;\u00e9tude\u00a0\u00bb.<\/p>\n\n\n\n<p class=\"has-medium-font-size\">-&gt; le fait est qu&rsquo;il sculpte de nombreux paysages. Qu&rsquo;il cultive. Que l&rsquo;on ne consid\u00e8re pas les plantes de cultures comme automatiquement \u00e9galement spontan\u00e9e. Il introduit certaines plantes de mani\u00e8re volontaire. Mais ce faisant, il transporte involontairement des graines d&rsquo;autres plantes, des spores, des poussi\u00e8res diverses. En ce qui concerne ce qui int\u00e9resse ici, les plantes volontairement introduites sont sorties du champ disciplinaire. Si l&rsquo;on consid\u00e8re Homo sapiens dans sa phylog\u00e9nie, donc en tant qu&rsquo;animal &#8230; Il pourrait sembler que les champs de ma\u00efs sont naturels (puisque le produit d&rsquo;un animal. Bon &#8230;) Or pour le ma\u00efs c&rsquo;est simple: il n&rsquo;est pas capable de se reproduire sans l&rsquo;aide de Sapiens. Si l&rsquo;on prends le bl\u00e9. Le bl\u00e9 qui s&rsquo;\u00e9chappe est consid\u00e9r\u00e9 comme une \u00e9chapp\u00e9e de culture et rentre dans la discipline. Celui qui reste au champ est cultiv\u00e9. En fait la c\u00e9sure se recr\u00e9e d&rsquo;elle m\u00eame. Cependant, Homo sapiens poss\u00e8de plusieurs traits remarquables:<\/p>\n\n\n\n<p class=\"has-medium-font-size\">Sa <a href=\"#chorologie\">chorologie<\/a> couvre la plan\u00e8te.<\/p>\n\n\n\n<p class=\"has-medium-font-size\">Il a pour particularit\u00e9 la capacit\u00e9 \u00e0 un d\u00e9ploiement d&rsquo;\u00e9nergie que l&rsquo;on ne retrouve pas ailleurs. Voir <a href=\"#limite-plan\u00e9taire\">limites plan\u00e9taires<\/a>.<\/p>\n\n\n\n<p class=\"has-medium-font-size\"><\/p>\n\n\n\n<p class=\"has-medium-font-size\">En dehors m\u00eame, de ce d\u00e9ploiement d&rsquo;\u00e9nergie, il a domestiqu\u00e9 et transform\u00e9 morphologiquement plantes et animaux.  Il a \u00e0 minima modifi\u00e9 souvent la couche superficielle des sols.<\/p>\n\n\n\n<p class=\"has-medium-font-size\">Il s&rsquo;est souvent \u00e9vertu\u00e9 \u00e0 maintenir des espaces <a href=\"#ouvrir\">ouverts<\/a> (participant alors \u00e0 une plus grande biodivers!t\u00e9, en favorisant les esp\u00e8ces qui appr\u00e9cient ce type d&rsquo;espace). Il utilise le feu depuis 400 000 ans d\u00e9sormais. Et cela interroge sur les d\u00e9placements d&rsquo;esp\u00e8ces, la mise en contact \u00e9ventuellement facilit\u00e9e d&rsquo;esp\u00e8ces dans des situations de milieux ouverts (pollinisation et vent, par ailleurs floraison et soleil), et donc sur la g\u00e9n\u00e9ration de nouvelles esp\u00e8ces au moins v\u00e9g\u00e9tales. Par ailleurs une r\u00e9cente \u00e9tude sur les effets de Yersinia pestis sur l&rsquo;environnement indique sur la p\u00e9riode consid\u00e9r\u00e9e une perte de diversit\u00e9 (Gordon, J. D. et al, Black Death Land Abandonment Drove European Diversity Losses. dans <em>Ecology Letters<\/em>). Moins d&rsquo;humains, moins de diversit\u00e9. L&rsquo;hypoth\u00e8se d&rsquo;Homo sapiens comme ayant longtemps \u00e9t\u00e9 favorable \u00e0 la biodiversit\u00e9 semble devoir \u00eatre consid\u00e9r\u00e9e.<\/p>\n\n\n\n<p class=\"has-medium-font-size\">Cela \u00e9tant dit, une appr\u00e9hension positive de la question semble pouvoir \u00eatre interrog\u00e9e par l&rsquo;anthropologie culturelle (Descola). Pourquoi pas. Je ne sais trop quoi en faire, mais il est difficile de ne pas admettre que la vie est une somme de solutions vari\u00e9es, et quand elles concernent l&rsquo;humain, on dirait que ces qualit\u00e9s (cultures, intelligence, ing\u00e9niosit\u00e9s, territorialit\u00e9s) qui pourraient le caract\u00e9riser, il les exploites avec une plus grande force que d&rsquo;autres vivants.<\/p>\n\n\n\n<p class=\"has-medium-font-size\">Aujourd&rsquo;hui, il commence \u00e0 comprendre l&rsquo;ampleur de sa gaffe.<\/p>\n\n\n\n<p>Ce qu&rsquo;il faut noter: dans les contextes de l&rsquo;histoire dite de l&rsquo;\u00e9volution, de la g\u00e9n\u00e9tique et de la biologie, Homo sapiens va \u00eatre class\u00e9 comme le mammif\u00e8re Hominin\u00e9 qu&rsquo;il est. Par contre, et curieusement \u00e0 l&rsquo;instar des disciplines de l&rsquo;anthropologie et de l&rsquo;ethnologie, en ce qui concerne l&rsquo;\u00e9cologie de la plante et notamment de ses communaut\u00e9s (i.e, la phytosociologie), Homo sapiens n&rsquo;est pas class\u00e9. Or, son absence de classement tend \u00e0 r\u00e9v\u00e9ler non que cela soit du &#8212; comme n&rsquo;importe quel animal- \u00e0 une absence de rapport avec la discipline &#8230; Mais qu&rsquo;il n&rsquo;est potentiellement pas class\u00e9 en tant qu&rsquo;animal non plus. Voir le fait que la cat\u00e9gorie des <a href=\"#ing\u00e9nieur-de-l'\u00e9cosyst\u00e8me\">ing\u00e9nieurs de l&rsquo;\u00e9cosyst\u00e8me<\/a> ne le prend pas en compte et donc le distingue (ces ing\u00e9nieurs sp\u00e9cifiques sont une notion \u00e9cologique, et non de phytosociologie). Cela pose un probl\u00e8me conceptuel. Notamment en raison des nombreux questionnements plus ou moins r\u00e9cents sur le concept d&rsquo;esp\u00e8ce (notamment la continuit\u00e9 intersp\u00e9cifique), en raison aussi des interrogations pos\u00e9es dans le sillage des travaux de Descola, et d&rsquo;autres en rapport avec les notions d&rsquo;<a href=\"#naturaliste\">artificialit\u00e9\/naturalit\u00e9<\/a> &#8230; Et de mani\u00e8re tr\u00e8s prosa\u00efque, et moins fortement pertinente peut-\u00eatre mais tout de m\u00eame: parce que le fait qu&rsquo;un am\u00e9nagement d&rsquo;origine humaine est susceptible de modifier le sol, l&rsquo;\u00e9coulement de l&rsquo;eau dans le temps long et m\u00eame tr\u00e8s long, et par suite, l&rsquo;installation la plus spontan\u00e9e qui soit de communaut\u00e9s de plantes bien sp\u00e9cifiques, en dehors m\u00eame des groupes identifi\u00e9s comme <a href=\"#anthropog\u00e8ne\">anthropog\u00e8nes<\/a> (justesse de l&rsquo;analyse phytosociologique bien s\u00fbr, mais risque de non signalement d&rsquo;une autre causalit\u00e9 bien qu&rsquo;importante).<\/p>\n\n\n\n<h2 class=\"wp-block-heading has-medium-font-size\" id=\"horizons\"><strong>Horizons de sols<\/strong> <strong>[p\u00e9dologie]<\/strong><\/h2>\n\n\n\n<p class=\"has-medium-font-size\">Les horizons d\u00e9crivent la formation et l&rsquo;\u00e9volution stratigraphiques des sols. Les couches de sols. Typiquement: l&rsquo;horizon O correspond \u00e0 l&rsquo;horizon organique, la mati\u00e8re organique qui recouvre le sol. Sous l&rsquo;horizon O, on trouve l&rsquo;horizon A (horizon <em>A<\/em>rable). Dans les sols sarcl\u00e9s, ces deux horizons sont en m\u00e9lange. Ici, c&rsquo;est surtout ces deux horizons sur lesquels l&rsquo;attention est port\u00e9e. <\/p>\n\n\n\n<p class=\"has-medium-font-size\">D&rsquo;autres horizons interviennent cependant. Sous l&rsquo;horizon A, un horizon plus min\u00e9ralis\u00e9, \u00e9galement colonis\u00e9 par le racinaire: l&rsquo;horizon B. L&rsquo;horizon B est un horizon d&rsquo;illuviation. Les min\u00e9raux s&rsquo;y accumulent depuis la surface sous l&rsquo;influence de l&rsquo;eau.<\/p>\n\n\n\n<p class=\"has-medium-font-size\">Sous cet horizon, l&rsquo;horizon C, plus grossier, fragment\u00e9 recouvre la roche m\u00e8re (horizon R).<\/p>\n\n\n\n<p class=\"has-medium-font-size\">Selon ce qu&rsquo;il se passe, d&rsquo;autres horizon interviennent. Ainsi dans les <a href=\"#Podzolisation\">podzols<\/a>, Entre A et B, se trouve un horizon d&rsquo;eluviation E. Eluviation signifiant le lessivage vertical des \u00e9l\u00e9ments min\u00e9raux, sous l&rsquo;influence de l&rsquo;eau et du froid. Il s&rsquo;agit d&rsquo;un ph\u00e9nom\u00e8ne d&rsquo;illuviation mais entrainant la perte en min\u00e9raux tels argiles, fer, aluminium &#8230;<\/p>\n\n\n\n<p class=\"has-medium-font-size\">L&rsquo;horizon FS des sols <a href=\"#fersiallitique\">fersiallitiques<\/a> prends place de l&rsquo;horizon A \u00e0 l&rsquo;horizon C. Dans les sols bruns, l&rsquo;horizon S prend place entre l&rsquo;horizon A et l&rsquo;horizon C (pas d&rsquo;horizon B); cet horizon S est riche en oxyde de fer et en argiles.<\/p>\n\n\n\n<p class=\"has-medium-font-size\">Etc. <\/p>\n\n\n\n<h2 class=\"wp-block-heading has-medium-font-size\" id=\"humus\"><strong>Humus [p\u00e9dologie]:<\/strong><\/h2>\n\n\n\n<p class=\"has-medium-font-size\">L&rsquo;humus est la partie plus ou moins d\u00e9grad\u00e9e du sol, de teinte sombre et est constitu\u00e9e de d\u00e9chets v\u00e9g\u00e9taux et animaux.<\/p>\n\n\n\n<p class=\"has-medium-font-size\">La lignine, les lipides et le carbone sont longs \u00e0 d\u00e9grader, les prot\u00e9ines et les sucres de d\u00e9gradations plus rapides.<\/p>\n\n\n\n<p class=\"has-medium-font-size\">Selon la rapidit\u00e9 de d\u00e9gradation du <a href=\"#carbone-azote\">carbone en azote<\/a>, il y a plusieurs type d&rsquo;humus. Cette rapidit\u00e9 de d\u00e9gradation est li\u00e9e \u00e0 la pr\u00e9sence d&rsquo;oxyg\u00e8ne dans l&rsquo;atmosph\u00e8re du sol ainsi qu&rsquo;au <a href=\"#potentiel-hydrog\u00e8ne\">pH<\/a><\/p>\n\n\n\n<ul class=\"wp-block-list\">\n<li>Mor: le mor est un humus tr\u00e8s acide tr\u00e8s sombre, tr\u00e8s peu d\u00e9grad\u00e9, formant une couche \u00e9paisse.<\/li>\n\n\n\n<li>moder: La liti\u00e8re est moyennement \u00e9paisse. La fonge intervient beaucoup dans la d\u00e9gradation. Type d&rsquo;humus un peu typique de la for\u00eat.<\/li>\n\n\n\n<li>mulls: les mulls oligotrophes \u00e0 carbonat\u00e9s sont des sols fertiles. En for\u00eat, ou en tous cas l\u00e0 o\u00f9 la liti\u00e8re est visible, ils se pr\u00e9sentent comme tr\u00e8s nettement discontinus entre la partie superficielle plut\u00f4t peu \u00e9paisse, et moins \u00e9paisse \u00e0 mesure de la fertilit\u00e9, et le sol min\u00e9ral sous jacent. Ils sont rapidement d\u00e9grad\u00e9s. Les bact\u00e9ries interviennent beaucoup dans les mulls Les mulls oligotrophes contiennent moins d&rsquo;azote, en principe plus acides, et se d\u00e9gradent donc plus lentement que les mulls doux m\u00e9sotrophes et eutrophes. Dans les mulls calciques, une partie de la d\u00e9gradation va \u00eatre en partie bloqu\u00e9e par la pr\u00e9sence de \u00ab\u00a0gangues\u00a0\u00bb de calcium autour des particules organiques.<\/li>\n<\/ul>\n\n\n\n<h2 class=\"wp-block-heading has-medium-font-size\" id=\"hybride\"><br><strong>Hybride [concept. botanique, etc.]&nbsp;: <\/strong><\/h2>\n\n\n\n<p class=\"has-medium-font-size\">Indiqu\u00e9 x. Un hybride est un nothotaxon. Issu du croisement de deux parents de deux sous-esp\u00e8ces diff\u00e9rentes, ou de vari\u00e9t\u00e9s diff\u00e9rentes. En ce qui concerne les hybrides entre <a href=\"#esp\u00e8ce\">esp\u00e8ces<\/a>, si la descendance est durablement f\u00e9conde, cela tend \u00e0 interroger le statut d&rsquo;esp\u00e8ces des parents. Ils peuvent alors \u00eatre ramen\u00e9s (ou non) \u00e0 un statut de <a href=\"http:\/\/sous-esp\u00e8ce\">sous-esp\u00e8ces<\/a>. Plusieurs crit\u00e8res rentrent en compte dans la d\u00e9finition d&rsquo;une esp\u00e8ce. <\/p>\n\n\n\n<p class=\"has-medium-font-size\"><\/p>\n\n\n\n<p class=\"has-medium-font-size\">Noter, voir <a href=\"#hybridog\u00e8ne\">hybridog\u00e8ne<\/a> qui me semble plus souvent utilis\u00e9 dans ce cas: le taux d&rsquo;hybridation n&rsquo;est pas forc\u00e9ment de 50% des deux parents. Homo sapiens qui rencontre Homo neanderthalensis ne le rencontre plus suite \u00e0 sa disparition. Par cons\u00e9quence le taux de g\u00e8nes appartenant au second baisse dans les g\u00e9n\u00e9rations suivantes, mais subsiste tout de m\u00eame.<\/p>\n\n\n\n<p><\/p>\n\n\n\n<p class=\"has-medium-font-size\">Les hybrides peuvent \u00eatre <a href=\"#spontan\u00e9\">spontan\u00e9s<\/a> ou concerner les <a href=\"#cultig\u00e8ne\">cultig\u00e8nes<\/a>.<\/p>\n\n\n\n<h2 class=\"wp-block-heading has-medium-font-size\" id=\"hybridog\u00e8ne\"><br><strong>Hybridog\u00e8ne&nbsp;: <\/strong><\/h2>\n\n\n\n<p class=\"has-medium-font-size\">D\u2019origine hybride.<\/p>\n\n\n\n<h2 class=\"wp-block-heading has-medium-font-size\" id=\"hydro\"><strong>Hydro<\/strong><\/h2>\n\n\n\n<p class=\"has-medium-font-size\">Relatif \u00e0 l&rsquo;eau. <\/p>\n\n\n\n<h2 class=\"wp-block-heading has-medium-font-size\" id=\"hydromorphose\"><strong>Hydromorphose<\/strong> <strong>[p\u00e9dologie]<\/strong><\/h2>\n\n\n\n<p class=\"has-medium-font-size\">Une hydropmorphose est une \u00e9comorphose arrivant sous l&rsquo;influence de l&rsquo;eau, remarquable \u00e0 la transformation notamment du fer (Fe) dans le sol. Les pores du sol sont satur\u00e9s en eau longuement ou plus courtement. Cr\u00e9ant durant les p\u00e9riodes concern\u00e9es un espace anoxique. Pr\u00e9sence de t\u00e2ches gris bleu ou gris vertes (due \u00e0 la p\u00e9riode d&rsquo;engorgement), ou pr\u00e9sence de t\u00e2ches de rouilles (li\u00e9e \u00e0 la respiration oxydante de bact\u00e9ries ana\u00e9robies ou \u00e0 la p\u00e9riode d&rsquo;ass\u00e8chement: oxydation). Les t\u00e2ches noires sont dues \u00e0 du  mangan\u00e8se (Mn) oxyd\u00e9. <\/p>\n\n\n\n<p class=\"has-medium-font-size\">L&rsquo;hydromorphose provoque des sols de type \u00ab\u00a0gley\u00a0\u00bb. <\/p>\n\n\n\n<p class=\"has-medium-font-size\">Comme les min\u00e9raux se d\u00e9placent cr\u00e9ant alors ces t\u00e2ches rouges et noires, des parties de sols peuvent \u00eatre \u00e9claircies en gris ou ocre (l\u00e0 o\u00f9 le Fe et le Mn ne s&rsquo;y trouvent plus). Ici, de type pseudogley (engorgement p\u00e9riodique)<\/p>\n\n\n\n<p class=\"has-medium-font-size\">Le gley bleu ou vert est compos\u00e9 d&rsquo;argile \u00e0 fer r\u00e9duit et forme le lit imperm\u00e9able des plans et cours d&rsquo;eau. Ici de type gley.<\/p>\n\n\n\n<h2 class=\"wp-block-heading has-medium-font-size\" id=\"hydrophile\"><strong>Hydrophile<\/strong> <strong>[concept. botanique]<\/strong><\/h2>\n\n\n\n<p class=\"has-medium-font-size\">Une plante hydrophile est une plante n\u00e9cessitant la pr\u00e9sence d&rsquo;eau libre. En zone longuement inondable (plusieurs mois par an).<\/p>\n\n\n\n<h2 class=\"wp-block-heading has-medium-font-size\" id=\"hygro\"><strong>Hygro<\/strong> <strong>[concept. botanique]<\/strong><\/h2>\n\n\n\n<p class=\"has-medium-font-size\">Relatif \u00e0 l&rsquo;humidit\u00e9. Une esp\u00e8ce hygrophile est une esp\u00e8ce qui marque de forts besoins en humidit\u00e9 quelle soit atmosph\u00e9rique ( on parle d&rsquo;a\u00e9ro-hygrophilie), ou en parlant d&rsquo;hygrophilie: il s&rsquo;agit d&rsquo;une plante vivant dans des zones courtement inondables (plusieurs semaines par an).<\/p>\n\n\n\n<h2 class=\"wp-block-heading has-medium-font-size\" id=\"hypertrophe\"><br><strong>Hypertrophe, indiqu\u00e9 ici hypereutrophe [concept. Botanique. Ecologie de la plante]&nbsp;: <\/strong><\/h2>\n\n\n\n<p class=\"has-medium-font-size\">D\u00e9signe un sol ou l\u2019azote et le phosphore (de mani\u00e8re peu distincte) sont en quantit\u00e9s tr\u00e8s importantes. Le terme utilis\u00e9 par Philippe Julve est polytrophe. Exemples de plantes hypertrophes&nbsp;:&nbsp;<em>Arctium lappa, Arctium tomentosum, Armoracia rusticana, Asperugo procubems, Blitum bonus-henricus, Chaerophyllum aureum, <a href=\"https:\/\/lecompagnonrouge.fr\/?p=2866\">Chenopodiastrum murale<\/a>, Chenopodium vulvaria, <a href=\"https:\/\/lecompagnonrouge.fr\/?p=1926\">Convolvulus sepium<\/a>, Glyceria maxima, <a href=\"https:\/\/lecompagnonrouge.fr\/?p=146\">Leonurus cardiaca<\/a>, <a href=\"https:\/\/lecompagnonrouge.fr\/?p=2121\">Urtica dioica<\/a>, <a href=\"https:\/\/lecompagnonrouge.fr\/?p=2116\">Urtica urens<\/a>.<\/em><\/p>\n\n\n\n<p><\/p>\n\n\n\n<h2 class=\"wp-block-heading has-medium-font-size\" id=\"hysteresis\"><strong>Hysteresis [Loi plus que concept. Ecologie (en provenance de la physique, et modifi\u00e9)]: <\/strong><\/h2>\n\n\n\n<p class=\"has-medium-font-size\">Dans le domaine \u00e9cologique, cela renvoie \u00e0 des \u00e9tats stables alternatifs. Et cela concerne essentiellement les ph\u00e9nom\u00e8nes de <a href=\"#trophie\">trophie<\/a> \u00e9lev\u00e9e. A conditions \u00e9gales par ailleurs, compar\u00e9 \u00e0 son \u00e9tat pr\u00e9c\u00e9dent ou \u00e0 un sol n&rsquo;ayant pas acquis en azote\/phosphore, un sol ayant acquis en trophie va se maintenir dans un \u00e9tat de trophie \u00e9lev\u00e9e, ne serait-ce que par la restitution de la biomasse, ou par d&rsquo;autres facteurs. Il s&rsquo;en suit que l&rsquo;\u00e9limination de la source de pollut!ons ne suffit pas \u00e0 r\u00e9tablir la situation pr\u00e9c\u00e9dente.<\/p>\n\n\n\n<p><\/p>\n\n\n\n<h2 class=\"wp-block-heading has-text-align-center has-medium-font-size\" id=\"i\"><mark style=\"background-color:rgba(0, 0, 0, 0)\" class=\"has-inline-color has-luminous-vivid-amber-color\">I. <a href=\"#haut-de-page\">Haut de page<\/a><\/mark><\/h2>\n\n\n\n<h2 class=\"wp-block-heading has-medium-font-size\" id=\"impact\"><strong>Impact<\/strong><\/h2>\n\n\n\n<p class=\"has-medium-font-size\">d\u00e9crit \u00e0:  <a href=\"#transformatrice\">Transformatrice<\/a><\/p>\n\n\n\n<p><\/p>\n\n\n\n<h2 class=\"wp-block-heading has-medium-font-size\" id=\"indig\u00e8ne\"><br><strong>Indig\u00e8ne [concept (\u00e0 valeur temporelle). Botanique]. <\/strong><\/h2>\n\n\n\n<p class=\"has-medium-font-size\">Plante dont les populations se sont d\u00e9velopp\u00e9es sur le territoire concern\u00e9 sans intervention humaine, ou provenant d\u2019un territoire imm\u00e9diatement voisin o\u00f9 la plante est indig\u00e8ne. Comprend donc la notion de <a href=\"#n\u00e9o-indig\u00e8ne\">n\u00e9o-indig\u00e8ne<\/a>. Cela souvent entendu comme au-del\u00e0 des limites temporelles donn\u00e9e par la lexicographie&nbsp;: par exemple&nbsp;: <a href=\"#arch\u00e9ophyte\">arch\u00e9ophyte<\/a>, <a href=\"#n\u00e9ophyte\">n\u00e9ophyte<\/a>. Donc est indig\u00e8ne une plante qui \u00e9tait pr\u00e9sente sur un territoire donn\u00e9 avant le n\u00e9olithique, abstraction faite des grands temps g\u00e9ologiques pr\u00e9c\u00e9dents: i.e: l&rsquo;indig\u00e9nat a logiquement lieu au sein de l&rsquo;\u00e9poque g\u00e9ologique de l&rsquo;Holoc\u00e8ne (depuis seulement 12 000 ans), agrandir la fen\u00eatre impliquant trop de modifications climatiques et g\u00e9ologiques. Cependant, factuellement, l\u2019indig\u00e9nat est +- souvent accord\u00e9 au bout de 50 ans de pr\u00e9sence d&rsquo;une plante sur un territoire donn\u00e9 (pour les <a href=\"#therophyte\">th\u00e9rophytes<\/a>).<\/p>\n\n\n\n<p>Du fait, des plantes \u00e0 spores notamment et de leurs r\u00e9partitions, et notamment pour les lecteurs de Pierre Lieutaghi, et d&rsquo;une mani\u00e8re beaucoup plus interrogative pour les lecteurs de Fran\u00e7is Hall\u00e9, il importe de bien cadrer la temporalit\u00e9 g\u00e9ologique au sein de l&rsquo;Holoc\u00e8ne pour ne pas perdre ce que cela signifie. Les \u00e9volutions laissent songeurs et c&rsquo;est une belle chose. <\/p>\n\n\n\n<p>Les plantes \u00e0 spores pouvant nous faire remonter trankilou jusqu&rsquo;au Carbonif\u00e8re. Ci-dessous une image de la plan\u00e8te \u00e0 cette p\u00e9riode. Notre sol est alors durant cette longue p\u00e9riode tr\u00e8s anim\u00e9e, souvent plus proche de l&rsquo;Equateur. Sur l&rsquo;image &#8230; Une fois que l&rsquo;on sait o\u00f9 est la chaine varisque &#8230; Cette chaine hercynienne qui va de l&rsquo;Asie \u00e0 la Bretagne correspond \u00e0 la barre de la partie en T (en ce qui concerne notre continent actuel), chapeaut\u00e9 par une forme un peu en forme de chou-fleur. On se situe bien plus pr\u00e8s de l&rsquo;Equateur. Le carbonif\u00e8re \u00e9tait p\u00e9riode plut\u00f4t donn\u00e9e comme luxuriante. Sa fin correspond \u00e0 un refroidissement en lien avec une chute du carbone atmosph\u00e9rique. Le cycle de Milankovitch et qui concerne les modifications orbitales de la plan\u00e8te poss\u00e8de une influence sur les saisons locales mais <a href=\"https:\/\/archive.ipcc.ch\/publications_and_data\/ar4\/wg1\/fr\/faq-6-1.html\">pas sur les temp\u00e9ratures mondiales<\/a>. <\/p>\n\n\n\n<p>Sammy2012, CC BY-SA 4.0 <a href=\"https:\/\/creativecommons.org\/licenses\/by-sa\/4.0\">https:\/\/creativecommons.org\/licenses\/by-sa\/4.0<\/a>, via Wikimedia Commons:<\/p>\n\n\n\n<a title=\"Sammy2012, CC BY-SA 4.0 &lt;https:\/\/creativecommons.org\/licenses\/by-sa\/4.0&gt;, via Wikimedia Commons\" href=\"https:\/\/commons.wikimedia.org\/wiki\/File:330_Ma_paleoglobe.png\"><img decoding=\"async\" width=\"512\" alt=\"330 Ma paleoglobe\" src=\"https:\/\/upload.wikimedia.org\/wikipedia\/commons\/thumb\/6\/6d\/330_Ma_paleoglobe.png\/512px-330_Ma_paleoglobe.png?20230814134334\"><\/a>\n\n\n\n<h2 class=\"wp-block-heading has-medium-font-size\" id=\"inf\u00e8re\"><br><strong>Inf\u00e8re<\/strong> <strong>[descripteur. Botanique]<\/strong>:<\/h2>\n\n\n\n<p class=\"has-medium-font-size\">Fleur pr\u00e9sentant une ovaire qui se trouve sous le calice et la corolle.<\/p>\n\n\n\n<p><\/p>\n\n\n\n<h2 class=\"wp-block-heading has-medium-font-size\" id=\"inflorescence\"><strong>Inflorescence <strong>[descripteur. Botanique. Organe compos\u00e9]<\/strong>:<\/strong><\/h2>\n\n\n\n<p class=\"has-medium-font-size\">Ensemble de fleurs et de bract\u00e9es, non s\u00e9par\u00e9es par des feuilles vraies.<\/p>\n\n\n\n<p><\/p>\n\n\n\n<h2 class=\"wp-block-heading has-medium-font-size\" id=\"ing\u00e9nieur-de-l'\u00e9cosyst\u00e8me\"><strong>Ing\u00e9nieur de l&rsquo;\u00e9cosyst\u00e8me [notion de l&rsquo;\u00e9cologie].<\/strong><\/h2>\n\n\n\n<p class=\"has-medium-font-size\">Ing\u00e9nieurs de l&rsquo;\u00e9cosyst\u00e8mes d\u00e9signe les autres esp\u00e8ces que l&rsquo;humain ayant une incidence significative sur l&rsquo;environnement. Termites, vers de terres, fourmis, champignons en particuliers, bact\u00e9ries, castors, etc. Et de mani\u00e8re paradoxale ou d\u00e9plaisante mais sous certaines conditions, peuvent aussi \u00eatre incluses les <a href=\"#envahissant\">envahissantes<\/a> (condition de <a href=\"#chorologie\">chorologie<\/a> au moins, car les envahissantes ne le sont pas partout, et \u00e0 minima ne le sont sauf \u00e9ventuelles et extr\u00eamement rares exceptions dans leurs r\u00e9gions d&rsquo;origines).<\/p>\n\n\n\n<p class=\"has-medium-font-size\">Si par go\u00fbt de la distinction \ud83d\ude42 , <a href=\"#homo-sapiens\">Homo sapiens<\/a> est int\u00e9gr\u00e9 ici, il faut alors prendre en compte et signaler la capacit\u00e9 qu&rsquo;il a \u00e0 utiliser de l&rsquo;\u00e9nergie. Les <a href=\"#limite-plan\u00e9taire\">limites plan\u00e9taires<\/a> sont le reflet de l&rsquo;\u00e9nergie d\u00e9ploy\u00e9e par Homo sapiens. Cette notion issue de l&rsquo;\u00e9cologie insiste en effet sur la \u00ab\u00a0naturalit\u00e9\u00a0\u00bb des effets produits. <\/p>\n\n\n\n<p class=\"has-medium-font-size\"><br>II y a en fait un petit point bancal \u2026 Si l\u2019on consid\u00e8re l\u2019humain comme point \u00e0 partir duquel on compare les effets des esp\u00e8ces vivantes sur l\u2019environnement, on obtient bien le c\u00f4t\u00e9 comparatif. Seulement on pr\u00e9sume des effets exceptionnels de l\u2019homme sur son environnement. Si on cherche ce qui a le plus fort effet, aussi bien, on s\u2019aper\u00e7oit que les myc\u00e8tes et bact\u00e9ries a\u00e9robies sont des cha\u00eenons indispensables de la p\u00e9dologie, et poss\u00e8dent donc un effet plus important que l\u2019homme sur l\u2019environnement. Si l\u2019on part des effets non significatifs (eh oui, bizarre mais oui), un chat forestier qui marche transporte sur sa robe toutes sortes de choses qu\u2019il a rencontr\u00e9 durant ses p\u00e9r\u00e9grinations. Nos semelles, idem ou presque. Le \u00ab&nbsp;presque&nbsp;\u00bb compte car il t\u00e9moigne de la mondialisation dans laquelle <em>nous<\/em> vivons. Les spores et poussi\u00e8res qui se trouvent sous nos semelles sont susceptibles de venir de beaucoup plus loin qu\u2019on le pense habituellement ( et potentiellement cons\u00e9quent, ou craint comme tel en tous cas en Australie). Ces deux points indiquent d\u2019une part qu\u2019inconsciemment l\u2019homme est sorti du syst\u00e8me animal (d\u00e9tach\u00e9 de sa phylog\u00e9nie) dans le choix de cette notion d\u2019ing\u00e9nieur de l\u2019\u00e9cosyst\u00e8me, et surtout un flou&nbsp;: on ne sait pas de quoi on parle. Les bact\u00e9ries telluriques sont indispensables aux processus p\u00e9dologiques. Et par ailleurs, nos \u0153uvres et la puissance de nos effets bien \u00e0 nous sur l&rsquo;environnement. <\/p>\n\n\n\n<p class=\"has-medium-font-size\">On aper\u00e7oit par ailleurs avec des questions actuelles et moins r\u00e9centes que la fronti\u00e8re entre <a href=\"#naturaliste\">artificiel et naturel<\/a> est apparemment fort visible mais analytiquement plus que floue, sinon sans objet. Si l&rsquo;on introduisait Homo sapiens dans ce contexte, le concept phytosociologique de <a href=\"#secondaire\">secondaire<\/a> (<a href=\"#primaire\">primaire<\/a>\/ <a href=\"#secondaire\">secondaire<\/a>) s&rsquo;\u00e9largirait potentiellement (mais en appliquant un autre terme) \u00e0 certains autres ing\u00e9nieurs, notamment les manipulations produites par les Castors (impliquant en amont un habitat d&rsquo;eau calme contre un tout petit peu plus de courant auparavant). Ce qui ne fait pas \u00e0 mes yeux trop d&rsquo;importance, mais attention \u00e0 rester dans le <a href=\"#phytosociologie\">champ disciplinaire<\/a>.<\/p>\n\n\n\n<p class=\"has-medium-font-size\">Quoi qu&rsquo;il en soit, il y a peut-\u00eatre un moment o\u00f9 il vaut mieux proc\u00e9der ainsi. Qu&rsquo;est ce qui peut permettre, par exemple l&rsquo;<a href=\"#ouvrir\">ouverture<\/a> et le maintien de milieux ouverts?<\/p>\n\n\n\n<figure class=\"wp-block-table\"><table class=\"has-fixed-layout\"><tbody><tr><td>Macroparasites (insectes lignivores), et microparasites (pathologies&nbsp;: champignons, bact\u00e9ries, virus)<\/td><td>Impact mod\u00e9r\u00e9. Sauf autres facteurs.<\/td><td>bof<\/td><\/tr><tr><td>Renards<\/td><td>Impacts pratiquement nuls&nbsp;; [correction du 14\/02\/2026:] Le renard est capable de produire au besoin des <a href=\"#coul\u00e9e\">coul\u00e9es<\/a>. Et curieux de comprendre le poids de leurs passages sur les sentes que nous cr\u00e9ons, empruntons. On est quelque part sur un z\u00e9ro du significatif. Presque rien: une coul\u00e9e quoi.<\/td><td>Je cherche un effet minimal<\/td><\/tr><tr><td>Chats sauvage (felis silvestris)<\/td><td>O impacts. on est tr\u00e8s en dessous du significatif. Ce chat utilise les <a href=\"#coul\u00e9e\">coul\u00e9es<\/a> des autres mais n&rsquo;en produit pas lui-m\u00eame. De mani\u00e8re g\u00e9n\u00e9rale, les animaux utilisent les coul\u00e9es des autres, y compris les notres. Nous n&rsquo;utilisons pas, en tous cas en Europe, les coul\u00e9es des autres animaux en g\u00e9n\u00e9ral. De mani\u00e8re particuli\u00e8re, les coul\u00e9es de p\u00e9caris \u00e0 l\u00e8vres blanches sont susceptibles d&rsquo;\u00eatre pratiqu\u00e9es par les Machiguenga (chasse, et alors, ils s&rsquo;enduisent de l&rsquo;odeur de la proie). Parfois, il se peut que nous, europ\u00e9ens, en utilisions sans le savoir (autour de 10 cm de large pour un renard, et 15 \u00e0 20 pour nos plus \u00e9troites sentes par exemple. Les coul\u00e9es de renard sentent \u00e0 la saison.)<\/td><td>Effet tr\u00e8s tr\u00e8s z\u00e9ro.<\/td><\/tr><tr><td>Cervid\u00e9s<\/td><td>\u00c9claircissage plut\u00f4t mod\u00e9r\u00e9. Les cervid\u00e9s sont en principe de zones ouvertes, et ont pris des habitudes foresti\u00e8res pour se prot\u00e9ger des humains. Ils pr\u00e9f\u00e8rent manger de l\u2019herbe. Donc d\u00e9pendants des zones ouvertes.<\/td><td>Effet faible<\/td><\/tr><tr><td>Lapins<\/td><td>Alors l\u00e0 je suis beaucoup moins s\u00fbr que l\u2019effet lapin soit totalement mod\u00e9r\u00e9. Un lapin peut ronger un jeune tronc. Or il n\u2019y a jamais un seul lapin. Ils semblent n\u2019avoir pas peur du \u00ab&nbsp;bois&nbsp;\u00bb. Aussi, ce qui freine leurs allants sur les plus vieux sujets est-il li\u00e9 aux m\u00e9tabolites secondaires des \u00e9corces scl\u00e9rifi\u00e9es&nbsp;??? Terriers mais \u00e0 minima: maintien des espaces ouverts, par abroutissement des herbes mais aussi des petits ligneux. implication sur les communaut\u00e9s de plantes. Esp\u00e8ce ing\u00e9nieure. Grosse bestiole.<\/td><td>Consid\u00e9r\u00e9 comme l&rsquo;un des facteurs possibles de communaut\u00e9s de plantes subissant des contraintes (tonsures) mais sans doute rien de caract\u00e9risable au niveau de la flore. Entretien des zones ouvertes, + faible mais net effet sur les jeunes ligneux.<\/td><\/tr><tr><td>Vers de terre<\/td><td>Plusieurs types de vers de terre. Les vers de terre de for\u00eat adapt\u00e9s \u00e0 des restes v\u00e9g\u00e9taux beaucoup plus riches en carbone ont un effet moins prioritaire, ou plus mod\u00e9r\u00e9 que les champignons, lesquels jouent le r\u00f4le en milieux couverts des vers de terre de milieux ouverts. En milieux ouverts, le ver de terre a impact tr\u00e8s significatif. Sur la structure du sol, sur sa trophie (il transporte les bact\u00e9ries dans son estomac), sur le m\u00e9lange de couches de sols profondes jusque sur les horizons de surface. Cependant qu\u2019il est absolument pr\u00e9sent partout en zones ouvertes. Ces vers de terre sont d\u00e9pendants d&rsquo;herbes riches en eau et en azote: d\u00e9pendants de milieux ouverts. Les vers sont remplac\u00e9s par fourmis et termites en milieux intertropicaux. Pour les vers de milieux ouverts: esp\u00e8ces ing\u00e9nieures.<\/td><td>Pour cycle bio g\u00e9o chimique milieu ouvert\/milieu ferm\u00e9. <\/td><\/tr><tr><td>Loup<\/td><td>Le loup est \u00e0 mettre en rapport avec son plat pr\u00e9f\u00e9r\u00e9&nbsp;: il r\u00e9gule les cervid\u00e9s. Sa pr\u00e9sence implique donc encore un peu plus de petits troncs, avec des arbres \u00e0 architectures un poil mieux respect\u00e9es, de jeune sujets. Meilleur renouvellement des arbres si nombre tr\u00e8s important de cervid\u00e9s (et plus d&rsquo;herbes prairiale pour les animaux domestiques).<\/td><td>Voir cervid\u00e9s<\/td><\/tr><tr><td>Fourmis et termites<\/td><td>En principe pas sous notre climat. Ici: vers de terre. Cependant, l\u2019effet des fourmis jaunes de prairies (Lasius flavus) \u2026 Je m\u2019interroge. Elles sont susceptibles d\u2019occuper de grandes aires, et leurs nids sont imposants. Aspect apparemment polydomique (sauf changement\/renouvellement de nids?), et donc changement de la structure du sol am\u00e9liorant l&rsquo;a\u00e9ration et la circulation de l&rsquo;eau, enrichissement en mati\u00e8re organique. Espaces favorables ou bact\u00e9ries\/myc\u00e8tes min\u00e9ralisants. Formica rufa la cousine des bois, monodomes ou polydomes chez F. polytecna plus imposants. Des choix sont op\u00e9r\u00e9s sur les graines. Et donc sur la dispersion de tels ou tels semis. Pour nos fourmis et nos termites: esp\u00e8ce ing\u00e9nieure???effet mineur??<\/td><td>Les d\u00f4mes sont de terres nues. Lasius flavus est bien cit\u00e9e dans Zoogeomorphology de Butler. La multiplication des domes (polydomisme) forme un effet particulier: multiplication des zones avec absence de v\u00e9g\u00e9tation. Effet complexe, et d&rsquo;autant plus complexe si cela se met en rapport avec les cycles bio g\u00e9o chimiques.<\/td><\/tr><tr><td>Castor<\/td><td>Celui l\u00e0 je l\u2019aime bien aussi. Sa pr\u00e9sence est globalement consid\u00e9r\u00e9e comme positive. Changement au niveau de la vitesse de l\u2019eau. \u00c9largissement des cours d\u2019eau, transformation des v\u00e9g\u00e9tations&nbsp;: l\u2019aulne est repouss\u00e9 apparemment jusqu\u2019\u00e0 une dizaine de m\u00e8tres de la zone devenue inondable, suite \u00e0 la construction du barrage par le castor (et non du nouveau lit, d&rsquo;apr\u00e8s ce que je comprend). Voir: Liarsou Alexandra, Prise en compte des activit\u00e9s du Castor (castor fiber L. ) sur la reconstitution des dynamiques d&nbsp;\u2018\u00e9volution du couvert v\u00e9g\u00e9tal &#8230; (\u00e0 bestioles dans la biblio): esp\u00e8ce ing\u00e9nieure.<\/td><td>Suppression partielle du stade climacique. Effet d&rsquo;augmentation de l&rsquo;\u00e9clairement au sol (soit implication d&rsquo;un shoot d&rsquo;azote dans la partie parcouru mais au del\u00e0 de la ligne d&rsquo;aulnes. Azote r\u00e9cup\u00e9r\u00e9 dans un cycle impliquant une v\u00e9g\u00e9tation ad hoc, si la queue r\u00e2peuse de l&rsquo;admirable bestiole l&rsquo;accepte)<\/td><\/tr><tr><td>P\u00e9cari \u00e0 l\u00e8vres blanches<\/td><td>Ses coul\u00e9es sont des routes. A travers bois jusqu&rsquo;\u00e0 zones en eau qu&rsquo;il recherche. <\/td><td>\u00e9crase des fourr\u00e9s au besoin (coul\u00e9es), ce qui maintient le long de ses d\u00e9placement un effet r\u00e9gressif sur la v\u00e9g\u00e9tation.<\/td><\/tr><tr><td>Humains<\/td><td>A mon avis, on ne s\u2019en rend pas tr\u00e8s bien compte, mais potentiellement tr\u00e8s peu de nos passages sont susceptibles d\u2019apporter ne serait-ce que de petites modifications. On transporte \u00e0 notre insu toute sortes de choses sous nos semelles. De surcro\u00eet, on a tendance \u00e0 passer plut\u00f4t dans le passage d\u2019un autre humain que nous, et nous entretenons ainsi les passages cr\u00e9es auparavant. Donc cela sans parler d\u2019effets volontaires ayant de plus grands impacts. Juste sur l&rsquo;effet le plus petit. Si il y a une esp\u00e8ce qui modifie son environnement, et qui modifie l&rsquo;environnement &#8230; Il y a en fait un tr\u00e8s gros gap entre Homo sapiens et les autres esp\u00e8ces concernant la modification de l&rsquo;environnement. Cependant d&rsquo;autres groupes d&rsquo;esp\u00e8ces participent au flux bio g\u00e9o chimique de notre plan\u00e8te. Et de mani\u00e8re tr\u00e8s essentielle (myc\u00e8tes, bact\u00e9ries).  Je ne trouve pas tr\u00e8s coh\u00e9rent de ne pas rattacher Homo sapiens \u00e0 sa phylog\u00e9nie, d\u00e8s lors que l&rsquo;on traite des sciences du vivant. Mais le poids de ce dernier sur l&rsquo;environnement est sans commune mesure.<\/td><td>Suppression du stade climacique: oui, souvent. D\u00e9sormais, Esp\u00e8ce int\u00e9grant le groupe d&rsquo;esp\u00e8ces animales ayant une fonction bio g\u00e9o chimique. <\/td><\/tr><\/tbody><\/table><\/figure>\n\n\n\n<p><\/p>\n\n\n\n<p>AUTRES ANIMAUX TRES INTERESSANTS:<\/p>\n\n\n\n<ul class=\"wp-block-list\">\n<li>La ch\u00e8vre des montagnes rocheuses (USA) est indiqu\u00e9 par Butler comme ayant \u00e0 10 ans un effet sur l&rsquo;\u00e9rosion 10 fois plus important qu&rsquo;une avalanche dans un biotope de m\u00eame type. Je ne l&rsquo;ai pas indiqu\u00e9 dans le tableau sur les effets sur le milieu ouvert (tableau ci-dessus) en raison du biotope concern\u00e9 qui semble tr\u00e8s contraint climatiquement.<\/li>\n\n\n\n<li>L&rsquo;\u00e9l\u00e9phant de for\u00eat africain, est le seul (?) ou rare mammif\u00e8re terrestre non hominin\u00e9, ayant une tr\u00e8s faible pilosit\u00e9 \u00e0 vivre dans des milieux ferm\u00e9s. Ses effets semblent tellement \u00e9tonnant qu&rsquo;il semble \u00eatre un candidat s\u00e9rieux pour am\u00e9liorer la reconstitution de pal\u00e9o-paysage. Il fait partie de la m\u00e9gafaune, et ses coul\u00e9es sont emprunt\u00e9s par d&rsquo;autres animaux. Son herbivorie assez forte (il est gourmand) produit une selection d&rsquo;esp\u00e8ces (arbres \u00e0 bois tr\u00e8s denses, contenant donc beaucoup de carbone), ses bouses semblent favoriser la foliaison des esp\u00e8ces d&rsquo;ombres. <\/li>\n\n\n\n<li>Tatou g\u00e9ant d&rsquo;Amazonie (et blaireaux). Le tatou g\u00e9ant d&rsquo;Amazonie semble vivre essentiellement dans des parties de for\u00eats primaires (intouch\u00e9es par Homo sapiens ou analogues \u00e0). Ce tatou est connu par les Machiguenga. Ce qui indique qu&rsquo;une partie d&rsquo;entre eux vivent suffisamment pr\u00e8s d&rsquo;un tel milieu pour le parcourir \u00e0 l&rsquo;occasion ou que ce tatou fasse des incursions de leurs c\u00f4t\u00e9s. Ce tatou a une repr\u00e9sentation particuli\u00e8re chez eux, il est associ\u00e9 aux tremblements de terre. B\u00eatement je me suis demand\u00e9 si il n&rsquo;y avait pas des fontis. Mais je n&rsquo;ai rien lu de tel pour l&rsquo;instant. Le tatou g\u00e9ant d&rsquo;Amazonie est connu pour produire des galeries-terriers particuli\u00e8rement gigantesques et servant \u00e0 d&rsquo;autres animaux. Ce qui connaissent le blaireau reconnaissent quelque chose.<\/li>\n<\/ul>\n\n\n\n<h2 class=\"wp-block-heading has-medium-font-size\" id=\"invasive\"><strong>Invasive<\/strong> <strong>[notion car concept en cours de d\u00e9termination]<\/strong>:<\/h2>\n\n\n\n<p class=\"has-medium-font-size\">Voir <a href=\"#envahissant\">envahissante<\/a>, et pr\u00e9f\u00e9rer sans doute ce dernier terme.<\/p>\n\n\n\n<p><\/p>\n\n\n\n<h2 class=\"wp-block-heading has-medium-font-size\" id=\"involucelle\"><strong>Involucelle <strong>[descripteur. Botanique. Groupe d&rsquo;organes]<\/strong>.<\/strong><\/h2>\n\n\n\n<p class=\"has-medium-font-size\">L\u2019involucelle est comme un <a href=\"#involucre\">involucre<\/a> mais \u00e0 la base des inflorescences secondaires.<\/p>\n\n\n\n<p><\/p>\n\n\n\n<h2 class=\"wp-block-heading has-medium-font-size\" id=\"involucre\"><strong>Involucre <strong>[descripteur. Groupe d&rsquo;organes. Botanique]<\/strong>&nbsp;: <\/strong><\/h2>\n\n\n\n<p class=\"has-medium-font-size\">Ensemble de <a href=\"#bract\u00e9e\">bract\u00e9es<\/a> formant coupe (voir l\u2019exemple des Asteraceae), ou une collerette (voir l\u2019exemple des Apiaceae) \u00e0 la base de l\u2019inflorescence principale.<\/p>\n\n\n\n<p><\/p>\n\n\n\n<h2 class=\"wp-block-heading has-medium-font-size\" id=\"interdisciplinarit\u00e9\"><br><strong>Interdisciplinarit\u00e9<\/strong><\/h2>\n\n\n\n<p class=\"has-medium-font-size\">La sp\u00e9cialisation des diff\u00e9rentes disciplines fait que les cha\u00eenes de causalit\u00e9s mises \u00e0 jours le sont au sein des disciplines concern\u00e9es.<\/p>\n\n\n\n<p class=\"has-medium-font-size\">C\u2019est un point en ce qui concerne la phytosociologie en tous cas m\u00e9rite une d\u00e9focalisation, soit au niveau de la p\u00e9dologie, soit au niveau de la g\u00e9ologie et de la <a href=\"#g\u00e9omorphologie\">g\u00e9omorphologie<\/a>, soit aux niveaux des sciences humaines et sociales.<\/p>\n\n\n\n<p class=\"has-medium-font-size\">Tout simplement car une cause de plus grand impact que celle indiqu\u00e9e au sein de la discipline peut \u00eatre trait\u00e9e dans une ou plusieurs autres disciplines.<\/p>\n\n\n\n<p class=\"has-medium-font-size\">Mais s\u2019int\u00e9resser \u00e0 une autre discipline, ce n\u2019est pas prendre un \u00ab&nbsp;nous on a \u00e7\u00e0&nbsp;&nbsp;\u00bb, c\u2019est d\u2019abord comment ce \u00ab&nbsp;nous&nbsp;\u00bb obtient ce \u00ab&nbsp;\u00e7\u00e0&nbsp;\u00bb. Autrement dit de se permettre aussi une sorte de visite m\u00e9thodologique.<\/p>\n\n\n\n<p class=\"has-medium-font-size\">\u00c9tant donn\u00e9 les particularit\u00e9s des Sciences humaines et sociales, un peu plus de temps, d\u2019expression de ce qui semble s\u2019y passer, et notamment de ce qui semble s\u2019\u00e9loigner de ce qui pourrait \u00eatre attendu est d\u00e9crit. Sont attendus mais par principe (on ne se m\u00eale non plus de ce qui ne nous regarde pas) l\u2019existence et la bonne constitution des sources primaires, le champ classique de la constitution de la <a href=\"#preuve\">preuve<\/a>. Toutes possibilit\u00e9s permettant de chasser la probl\u00e9matique de la subjectivit\u00e9 tant de l\u2019auteur que des sujets observ\u00e9s. Quand c\u2019est possible ou n\u00e9cessaire, et seulement dans ce cas, la conduite rigoureuses d\u2019exp\u00e9rimentations.<\/p>\n\n\n\n<p class=\"has-medium-font-size\">Je ne m\u2019attarde effectivement pas sur les disciplines des sciences de la terre et dites naturelles \u2026 Car justement, il est plus rare que des choses s\u2019\u00e9loignent de ce que je pourrai attendre. C\u2019est seulement quand cela s\u2019\u00e9loigne que je me demande ce que je peux en faire (et j&rsquo;aime pas non plus qu&rsquo;on me prenne pour un luron).<\/p>\n\n\n\n<p class=\"has-medium-font-size\">Un filtrage est donc produit.<\/p>\n\n\n\n<p class=\"has-medium-font-size\">Je vais m\u2019expliquer avec l\u2019exemple de l\u2019anthropologue B.<\/p>\n\n\n\n<p class=\"has-medium-font-size\">Des livres tr\u00e8s charmants. Mais rien ne correspond \u00e0 rien de ce que je peux attendre. B. utilise des sources journalistiques. Ce sont donc des sources secondaires. Il pr\u00e9sume l\u2019honn\u00eatet\u00e9 et l\u2019objectivit\u00e9 journalistique en g\u00e9n\u00e9ral. Cette pr\u00e9somption para\u00eet d\u2019abord logique. Cependant le minimum est de v\u00e9rifier si \u00e7\u00e0 tient. Dire \u00ab&nbsp;si il y a une erreur quelque part, il n\u2019y en aura pas dans la masse moyenne&nbsp;\u00bb doit \u00eatre interrog\u00e9, v\u00e9rifi\u00e9. Or l\u2019observation trouve vite une r\u00e9ponse&nbsp;: le traitement m\u00e9diatique des musulmans en France depuis les ann\u00e9es 90, jusqu\u2019aux USA, en Belgique, et au Canada d\u00e9sormais ne correspond pas n\u00e9cessairement aux enqu\u00eates d\u2019opinions, et ne correspond apparemment pas aux travaux sociologiques. Il y a sans doute donc l\u2019existence d\u2019un marronnier m\u00e9diatique de tr\u00e8s grande ampleur (lequel ne parle au fond que des m\u00e9dias). Le r\u00e9f\u00e9rendum de 2001 sur le trait\u00e9 de constitution pour l&rsquo;Europe a \u00e9galement montr\u00e9 un gap entre la soci\u00e9t\u00e9 dans son ensemble et les m\u00e9dias. Je pense que les travaux que propose cet anthropologue ne sont pas suffisamment prudents. Par chance, cela ne concerne pas ce qui m\u2019int\u00e9resse (en dehors du fait qu\u2019il forme un tr\u00e8s bon exemple de ce que je vais avoir tendance \u00e0 filtrer tr\u00e8s fort).<\/p>\n\n\n\n<p><\/p>\n\n\n\n<h2 class=\"wp-block-heading has-text-align-center has-medium-font-size\" id=\"l\"><mark style=\"background-color:rgba(0, 0, 0, 0)\" class=\"has-inline-color has-luminous-vivid-amber-color\">L. <a href=\"#haut-de-page\">Haut de page<\/a><\/mark><\/h2>\n\n\n\n<h2 class=\"wp-block-heading has-medium-font-size\" id=\"labour\"><strong>Labour (champs)<\/strong> <strong>[typologie agricole. P\u00e9dologie. Phytosociologie]<\/strong><\/h2>\n\n\n\n<p class=\"has-medium-font-size\">Voir <a href=\"#pratiques-agricoles\">Pratiques agricoles<\/a> et voir <a href=\"#fukuoka\">Agriculture naturelle\/agriculture de conservation<\/a><\/p>\n\n\n\n<h2 class=\"wp-block-heading has-medium-font-size\" id=\"lacini\u00e9\"><strong>Lacini\u00e9, laciniata <strong>[descripteur. Botanique]<\/strong>. <\/strong><\/h2>\n\n\n\n<p class=\"has-medium-font-size\">Lacini\u00e9: lani\u00e8re. G\u00e9n\u00e9ralement d\u00e9crit comme \u00ab\u00a0d\u00e9chir\u00e9e\u00a0\u00bb finement. En bandes fines.<\/p>\n\n\n\n<p><\/p>\n\n\n\n<h2 class=\"wp-block-heading has-medium-font-size\" id=\"lanc\u00e9ol\u00e9\"><strong>Lanc\u00e9ol\u00e9 <strong>[descripteur. Botanique]<\/strong>:<\/strong><\/h2>\n\n\n\n<p class=\"has-medium-font-size\">Se dit d&rsquo;une feuille de forme assez ovale, mais \u00e9troitement ovale. Nettement plus \u00e9troit qu&rsquo;une feuille ovale, \u00e9voquant un fer de lance, et donc plus large du c\u00f4t\u00e9 de la base.<\/p>\n\n\n\n<p><\/p>\n\n\n\n<h2 class=\"wp-block-heading has-medium-font-size\" id=\"languette\"><strong>Languette&nbsp;<strong>[descripteur. Botanique. Typologie des fleurs]<\/strong>: <\/strong><\/h2>\n\n\n\n<p class=\"has-medium-font-size\">voir <a href=\"#fleur-en-languette\">fleur en languette<\/a>.<\/p>\n\n\n\n<p><\/p>\n\n\n\n<h2 class=\"wp-block-heading has-medium-font-size\" id=\"lande\"><strong>Lande [descripteur. Jusqu&rsquo;\u00e0 concept (?) Phytosociologie]:<\/strong><\/h2>\n\n\n\n<p class=\"has-medium-font-size\">Formation v\u00e9g\u00e9tale basse et ligneuse, r\u00e9gressive <a href=\"#secondaire\">secondairement<\/a> (plus rarement naturellement), caract\u00e9ris\u00e9e par les \u00e9ricac\u00e9es, \u00e9galement mais moins caract\u00e9risant par des ajoncs des gen\u00eats. Diff\u00e9rents types de landes dont certaines peuvent appara\u00eetre proche du prairial. Certaines associations de landes ont \u00e9t\u00e9 historiquement revers\u00e9es dans le prairial (2 ou 3 de souvenir).<\/p>\n\n\n\n<p class=\"has-medium-font-size\">Les landes \u00e9taient brout\u00e9es, ou encore l&rsquo;ajonc export\u00e9 et broy\u00e9 pour nourrir le b\u00e9tail. Pacage faiblement nutritif. En ce qui concerne le grand ouest, fait partie de la mosa\u00efque paysag\u00e8re agricole. Noter qu&rsquo;en Bretagne, tr\u00e8s longtemps, les bovins \u00e9taient libres. <\/p>\n\n\n\n<p><\/p>\n\n\n\n<h2 class=\"wp-block-heading has-medium-font-size\" id=\"lemme\"><strong>Lemme <strong>[descripteur. Botanique]<\/strong>: <\/strong><\/h2>\n\n\n\n<p class=\"has-medium-font-size\">Voir: <a href=\"#fleur,structure-(poaceae)\">Fleur (structure, Poaceae)<\/a>. Sorte de t\u00e9pale. Parfois +- p\u00e9dagogiquement assimil\u00e9 \u00e0 des p\u00e9tales.<\/p>\n\n\n\n<h2 class=\"wp-block-heading has-medium-font-size\" id=\"lenticelle\"><strong>Lenticelle<\/strong> <strong>[descripteur. Botanique]<\/strong><\/h2>\n\n\n\n<p class=\"has-medium-font-size\">Les lenticelles sont des orifices visibles sur l&rsquo;\u00e9corce de certains ligneux afin de favoriser l&rsquo;\u00e9change gazeux du li\u00e8ge avec l&rsquo;ext\u00e9rieur.<\/p>\n\n\n\n<p><\/p>\n\n\n\n<h2 class=\"wp-block-heading has-medium-font-size\" id=\"ligule\"><strong>Ligule<\/strong> <strong>[descripteur. Botanique. Typologie des fleurs]<\/strong><\/h2>\n\n\n\n<p class=\"has-medium-font-size\">Ligule, en r\u00e9f\u00e9rence \u00e0 langue, languette. <\/p>\n\n\n\n<p class=\"has-medium-font-size\">Pour les ast\u00e9rac\u00e9es, ce dernier terme est pr\u00e9f\u00e9rablement utilis\u00e9 en raison de la description tr\u00e8s pr\u00e9cise de \u00ab\u00a0ligule\u00a0\u00bb (fleur plate et tubul\u00e9e, comportant 5 p\u00e9tales soud\u00e9s et rep\u00e9rables \u00e0 5 dents au sommet du tube).<\/p>\n\n\n\n<p class=\"has-medium-font-size\">Les ligules sont les fleurs ext\u00e9rieures en forme de languettes (de p\u00e9tales) chez certaines asteraceae. Une ligule est une fleur \u00e9galement tubul\u00e9e (les asterac\u00e9es comportent des fleurs tubul\u00e9es souvent centrales et souvent des fleurs en languettes rayonnant sur le pourtour), mais totalement applatie. Une ligule est une fleur qui comporte 5 p\u00e9tales soud\u00e9s entre eux, et pr\u00e9sente donc &#8230; 5 dents. Dans la vie, on prend rarement le temps de compter ces dents. Donc languette est utilis\u00e9 par d\u00e9faut.<\/p>\n\n\n\n<p class=\"has-medium-font-size\">Les ligules des Poaceae sont des articles membraneux qui se trouvent entre la feuille (\u00e0 la base de celle-ci) et la gaine, la tige. C&rsquo;est un point d&rsquo;observation courant chez les Poaceae.<\/p>\n\n\n\n<p><\/p>\n\n\n\n<h2 class=\"wp-block-heading has-medium-font-size\" id=\"limite-plan\u00e9taire\"><strong>Limites plan\u00e9taire<\/strong> <strong>[outil ou notion; descripteur: climatologie. ecologie]<\/strong><\/h2>\n\n\n\n<p class=\"has-medium-font-size\">Cet outil permet de montrer un certain nombre d&rsquo;\u00e9v\u00e8nements que les naturalistes sont susceptibles de rencontrer. Il pr\u00e9sente un certain nombres de crit\u00e8res dont beaucoup ont exc\u00e9d\u00e9s le souhaitable. Ces crit\u00e8res sont directement li\u00e9s \u00e0 l&rsquo;activit\u00e9 humaine. Et sont g\u00e9n\u00e9ralement repr\u00e9sent\u00e9s sous forme de roue. Ce qui permet de mettre en autre en valeur leurs interactions. Aussi l&rsquo;outil Limite plan\u00e9taire est articulable avec la notion d&rsquo;<a href=\"#anthropoc\u00e8ne\">anthropoc\u00e8ne<\/a>.<\/p>\n\n\n\n<ul class=\"wp-block-list\">\n<li>Dans le contexte du r\u00e9chauffement climatique:\n<ul class=\"wp-block-list\">\n<li>le for\u00e7age radiatif (effet de serre)<\/li>\n\n\n\n<li>La concentration en CO2<\/li>\n<\/ul>\n<\/li>\n<\/ul>\n\n\n\n<ul class=\"wp-block-list\">\n<li>Le contexte de l&rsquo;acidification oc\u00e9anique (zone c\u00f4ti\u00e8re. L&rsquo;acidification est li\u00e9e au CO2 ainsi qu&rsquo;aux flux bio-g\u00e9o-chimique)<\/li>\n<\/ul>\n\n\n\n<ul class=\"wp-block-list\">\n<li>Le contexte des a\u00e9rosols atmosph\u00e9riques (+ lien avec le for\u00e7age radiatif)<\/li>\n<\/ul>\n\n\n\n<ul class=\"wp-block-list\">\n<li>L&rsquo;appauvrissement de la couche d&rsquo;ozone dans la stratosph\u00e8re<\/li>\n<\/ul>\n\n\n\n<ul class=\"wp-block-list\">\n<li>Nouveaux produits, nouvelle allure: il peut s&rsquo;agir de plastiques, de m\u00e9taux lourds, etc.<\/li>\n<\/ul>\n\n\n\n<ul class=\"wp-block-list\">\n<li>Dans le contexte de l&rsquo;occupation des sols:\n<ul class=\"wp-block-list\">\n<li>La quotit\u00e9 de for\u00eat (estim\u00e9e \u00e0 70% avant les d\u00e9frichements par l&rsquo;humanit\u00e9: ce qui nous renvoie assez loin dans le temps)<\/li>\n<\/ul>\n<\/li>\n<\/ul>\n\n\n\n<ul class=\"wp-block-list\">\n<li>Dans le contexte de la biosph\u00e8re:\n<ul class=\"wp-block-list\">\n<li>La biodivers!t\u00e9 au sens large: les pertes ou les changements en biodivers!t\u00e9. La biodivers!t\u00e9 fonctionnelle peut par exemple faire remarquer un changement de taille dans des esp\u00e8ces fonction d&rsquo;une datation; La biodivers!t\u00e9 g\u00e9n\u00e9tique correspond \u00e0 peu pr\u00e8s \u00e0 la biodivers!t\u00e9 telle qu&rsquo;on l&rsquo;imagine en g\u00e9n\u00e9ral<\/li>\n<\/ul>\n<\/li>\n<\/ul>\n\n\n\n<ul class=\"wp-block-list\">\n<li>Dans le contexte de l&rsquo;eau douce:\n<ul class=\"wp-block-list\">\n<li>L&rsquo;humidit\u00e9 des sols (actuellement probl\u00e9matique); <\/li>\n\n\n\n<li>L&rsquo;utilisation de l&rsquo;eau douce<\/li>\n<\/ul>\n<\/li>\n<\/ul>\n\n\n\n<ul class=\"wp-block-list\">\n<li>Dans le contexte des cycles bio-g\u00e9o-chimique, on a \u00e9videmment 2 \u00e9l\u00e9ments:\n<ul class=\"wp-block-list\">\n<li>L&rsquo;azote<\/li>\n\n\n\n<li>et le phosphore: tous deux des <a href=\"#nutrition\">nutriments<\/a> essentiels \u00e0 la vie des plantes, mais dont l&rsquo;exc\u00e8s g\u00e9n\u00e9ralis\u00e9 tend \u00e0 faire dispara\u00eetre les communaut\u00e9s v\u00e9g\u00e9tales de sols pauvres, par exemple. Donc ici appauvrissement de la biodivers!t\u00e9. Assez perceptible par un naturaliste: <a href=\"#banalisation\">banalisation<\/a> des esp\u00e8ces, et m\u00eame des communaut\u00e9s de plantes.<\/li>\n<\/ul>\n<\/li>\n<\/ul>\n\n\n\n<p><\/p>\n\n\n\n<h2 class=\"wp-block-heading has-medium-font-size\" id=\"limbe\"><strong>Limbe&nbsp;<strong>[descripteur. Botanique]<\/strong>: <\/strong><\/h2>\n\n\n\n<p class=\"has-medium-font-size\">Partie principale d\u2019une feuille, g\u00e9n\u00e9ralement plane.<\/p>\n\n\n\n<h2 class=\"wp-block-heading has-medium-font-size\" id=\"limon\"><strong>Limon<\/strong> <strong>[lithologie. p\u00e9dologie. agronomie, etc.]<\/strong><\/h2>\n\n\n\n<p class=\"has-medium-font-size\">Les limons ont une granularit\u00e9 plus grosse que les <a href=\"#argile\">argiles<\/a>, et plus fine que les sables. La taille du grain se situe entre 0.002 mm et 0.05 mm. Leurs <a href=\"#potentiel-hydrog\u00e8ne\">pH<\/a> d\u00e9pend de leurs natures. Ils r\u00e9agissent diff\u00e9remment \u00e0 l&rsquo;eau: notamment aux pluies. En cas de fortes pluies, les limons ont tendance \u00e0 former une cro\u00fbte superficielle sur laquelle l&rsquo;eau glisse ensuite sans correctement p\u00e9n\u00e9trer le sol.<\/p>\n\n\n\n<p class=\"has-medium-font-size\">Les sols limoneux sont par ailleurs appr\u00e9ci\u00e9s aux jardins en raison de la facilit\u00e9 de travail. Voir \u00e9galement <a href=\"#texture-de-sol\">texture de sol<\/a>.<\/p>\n\n\n\n<h2 class=\"wp-block-heading has-medium-font-size\" id=\"lin\u00e9aire\"><strong>Lin\u00e9aire<\/strong> <strong>[descripteur. Botanique]<\/strong><\/h2>\n\n\n\n<p class=\"has-medium-font-size\">Se dit d&rsquo;un organe long et \u00e9troit<\/p>\n\n\n\n<p><\/p>\n\n\n\n<h2 class=\"wp-block-heading has-medium-font-size\" id=\"linicole\"><strong>Linicole: <\/strong><\/h2>\n\n\n\n<p class=\"has-medium-font-size\">D\u00e9signe les adventices de la culture du lin.<\/p>\n\n\n\n<p><\/p>\n\n\n\n<h2 class=\"wp-block-heading has-medium-font-size\" id=\"lobe\"><strong>Lobe<\/strong> <strong>[descripteur. Botanique]<\/strong><\/h2>\n\n\n\n<p class=\"has-medium-font-size\">Division large n&rsquo;atteignant pas la moiti\u00e9 du limbe d&rsquo;un p\u00e9tale ou d&rsquo;une feuille, et souvent arrondie. Pouvant se terminer de mani\u00e8re aigue (voir par ex. <a href=\"#roncin\u00e9\">Roncin\u00e9<\/a>)<\/p>\n\n\n\n<h2 class=\"wp-block-heading has-medium-font-size\"><strong>Locus, Loci: <\/strong><\/h2>\n\n\n\n<p class=\"has-medium-font-size\" id=\"locus\">Je ne parviens \u00e0 rendre en fran\u00e7ais la mani\u00e8re dont on utilise ce terme. Le mot le plus proche est \u00ab\u00a0site\u00a0\u00bb mais dans sa valeur th\u00e9orique et g\u00e9n\u00e9ralis\u00e9e-g\u00e9n\u00e9ralisable: partout o\u00f9 l&rsquo;on construit un barrage, l&rsquo;eau ralentit. Partout o\u00f9 l&rsquo;on laboure, les populations de myc\u00e8tes et de bact\u00e9ries sont p\u00e9riodiquement modifi\u00e9es &#8230;<\/p>\n\n\n\n<h2 class=\"wp-block-heading has-medium-font-size\" id=\"lyr\u00e9\"><strong>Lyr\u00e9 (e)<strong>[descripteur. Botanique]<\/strong>:<\/strong><\/h2>\n\n\n\n<p class=\"has-medium-font-size\">Pr\u00e9sente plusieurs segments dont le terminal est beaucoup plus grand que les lat\u00e9raux.<\/p>\n\n\n\n<h2 class=\"wp-block-heading has-text-align-center has-medium-font-size\" id=\"m\"><mark style=\"background-color:rgba(0, 0, 0, 0)\" class=\"has-inline-color has-luminous-vivid-amber-color\">M. <a href=\"#haut-de-page\">Haut de page<\/a><\/mark><\/h2>\n\n\n\n<h2 class=\"wp-block-heading has-medium-font-size\" id=\"malacophyte\"><strong>Malacophyte <strong>[concept. et\/ou descripteur. Botanique]<\/strong>:<\/strong><\/h2>\n\n\n\n<p class=\"has-medium-font-size\">Plante \u00e0 feuilles tendres, et non \u00e9paisses. Normalement caduque. A l&rsquo;oppos\u00e9 les <a href=\"#scl\u00e9rophyte\">scl\u00e9rophytes<\/a><\/p>\n\n\n\n<h2 class=\"wp-block-heading has-medium-font-size\" id=\"manteau\"><strong>Manteau<\/strong> <strong>[concept. Ecologie de la plante: Phytosociologie]<\/strong><\/h2>\n\n\n\n<p class=\"has-medium-font-size\">Formation arbustive de l&rsquo;<a href=\"#\u00e9cotone\">\u00e9cotone<\/a> entre un espace ouvert et le boisement. Se formant dans une dynamique vers la for\u00eat. Les manteaux phytosociologiquement d\u00e9crits sont \u00e0 comprendre comme l&rsquo;avenir de l&rsquo;espace ouvert si les conditions qui en maintiennent l&rsquo;<a href=\"#ouvrir\">ouverture<\/a> cessaient. Voir \u00e9galement <a href=\"#pratiques-agricoles\">Pratiques agricoles<\/a>, et <a href=\"#feu\">Feu<\/a><\/p>\n\n\n\n<p class=\"has-medium-font-size\"><\/p>\n\n\n\n<h2 class=\"wp-block-heading has-medium-font-size\" id=\"Marcescent\"><strong>Marcescent (e) <strong>[descripteur. Botanique]<\/strong>:<\/strong><\/h2>\n\n\n\n<p class=\"has-medium-font-size\">Les feuilles ou fleurs s\u00e8ches restent longtemps sur la plante. Feuilles de <a href=\"https:\/\/lecompagnonrouge.fr\/?p=5567\">Carpinus betulus<\/a>, par exemple.<\/p>\n\n\n\n<h2 class=\"wp-block-heading has-medium-font-size\" id=\"marnage\"><strong>Marnage<\/strong> <strong>[une pratique agricole]<\/strong><\/h2>\n\n\n\n<p class=\"has-medium-font-size\">Le marnage consiste \u00e0 introduite de la marne en principe calcaire pour faire remonter le pH, et la quotit\u00e9 d&rsquo;argile dans des sols trop limoneux, trop sableux et trop siliceux. Les meilleures parmi les campagnes de marnages ont consid\u00e9r\u00e9ment am\u00e9lior\u00e9es la nature des sols de cultures en Bretagne par exemple. Fin XVIII, en comparaison, le marnage n&rsquo;\u00e9tait pas pratiqu\u00e9e en Creuse, par exemple. Mais y aurait-il eu une raison pour cela?<\/p>\n\n\n\n<p><\/p>\n\n\n\n<h2 class=\"wp-block-heading has-medium-font-size\" id=\"matorral\"><strong>Matorral [descripteur. Eventuellement notion si utilis\u00e9e au sens large. Phytosociologie, phytog\u00e9ographie]:<\/strong><\/h2>\n\n\n\n<p class=\"has-medium-font-size\">terme susceptible d&rsquo;\u00eatre utilis\u00e9 extensivement pour d\u00e9signer garigues et maquis.<\/p>\n\n\n\n<p class=\"has-medium-font-size\">Formation r\u00e9gressive d&rsquo;arbustes et buissons (la succession est bloqu\u00e9e le plus souvent par le <a href=\"#feu\">feu<\/a>) de la for\u00eat \u00e0 ch\u00eane vert.<\/p>\n\n\n\n<p class=\"has-medium-font-size\">Garigues et maquis sont \u00e9galement des formations r\u00e9gressives. Le maquis sur sol siliceux (acide), la garigue sur sol basique.<\/p>\n\n\n\n<p class=\"has-medium-font-size\">Ces 3 formations sont m\u00e9diterran\u00e9ennes.<\/p>\n\n\n\n<p><\/p>\n\n\n\n<h2 class=\"wp-block-heading has-medium-font-size\" id=\"m\u00e9gaphorbiaie\"><strong>M\u00e9gaphorbiaies<\/strong> <strong>[descripteur. Eventuellement notion ou concept, selon la classification op\u00e9r\u00e9e ou \u00e0 op\u00e9rer. Phytosociologie]<\/strong><\/h2>\n\n\n\n<p class=\"has-medium-font-size\">Concerne les communaut\u00e9s o\u00f9 sont pr\u00e9sentes de grandes <a href=\"#dicotyl\u00e9done\">dicotyl\u00e9dones<\/a> vivaces, le plus souvent maintenues <a href=\"#secondaire\">secondairement<\/a> (fauchage, p\u00e2turage). Mais parfois \u00ab\u00a0naturelle\u00a0\u00bb, en bords de cours d&rsquo;eau (ou au niveau de suintements), et alors potentiellement maintenue par des ph\u00e9nom\u00e8nes de crues. Concern\u00e9 pour beaucoup par la classe du <em>Filipendulo-Convolvutea<\/em>, ainsi que par celle du <em>Mulgedio alpini-Aconitetea variegati<\/em>. Plusieurs degr\u00e9s de <a href=\"#trophie\">trophie<\/a>.<\/p>\n\n\n\n<p><\/p>\n\n\n\n<h2 class=\"wp-block-heading has-medium-font-size\" id=\"m\u00e9so-\"><strong>M\u00e9so-&nbsp;: <\/strong><\/h2>\n\n\n\n<p class=\"has-medium-font-size\">Moyen, moyennement. M\u00e9sophile: intervalle de situation d&rsquo;humidit\u00e9 moyenne des sols.<\/p>\n\n\n\n<p><\/p>\n\n\n\n<h2 class=\"wp-block-heading has-medium-font-size\" id=\"messicole\"><strong>Messicole [botanique]&nbsp;:<\/strong><\/h2>\n\n\n\n<p class=\"has-medium-font-size\">D\u00e9signe les <a href=\"#adventice\">adventices<\/a> des cultures moissonn\u00e9es.<\/p>\n\n\n\n<p><\/p>\n\n\n\n<h2 class=\"wp-block-heading has-medium-font-size\" id=\"micaschiste\"><strong>Micaschiste (Mica)[g\u00e9ologie. lithologie. p\u00e9dologie]: <\/strong><\/h2>\n\n\n\n<p class=\"has-medium-font-size\">Le mica favorise un <a href=\"#potentiel-hydrog\u00e8ne\">pH<\/a> bas du sol.<\/p>\n\n\n\n<p><\/p>\n\n\n\n<h2 class=\"wp-block-heading has-medium-font-size\" id=\"microgranite\"><strong>Microgranite<\/strong> <strong>[g\u00e9ologie. lithologie. p\u00e9dologie]<\/strong><\/h2>\n\n\n\n<p class=\"has-medium-font-size\">Granite \u00e0 inclusion plus petites. Voir <a href=\"#granite\">granite<\/a><\/p>\n\n\n\n<h2 class=\"wp-block-heading has-medium-font-size\" id=\"micropolis\"><strong>Micropolis<\/strong><\/h2>\n\n\n\n<p class=\"has-medium-font-size\">J&rsquo;appelle micropolis toutes les strat\u00e9gies, et notamment les <a href=\"#structuralisme\">syst\u00e8mes familiaux<\/a>, tenant d&rsquo;adaptablilit\u00e9 soci\u00e9tale, face \u00e0 une situation donn\u00e9e. Elle ressort par un \u00ab\u00a0on a toujours fait comme \u00e7\u00e0. On vit ainsi. C&rsquo;est normal\u00a0\u00bb qui t\u00e9moigne de la moralit\u00e9. Le grain familial reste soit au niveau de la famille soit au niveau de la localit\u00e9 (une majorit\u00e9 de familles dans la localit\u00e9), soit sur une \u00e9chelle plus large encore. De cette mani\u00e8re, on comprend que les familles de type communautaire trouvent ce type peut-\u00eatre (cela reste une hypoth\u00e8se) comme une solution permettant de se \u00ab\u00a0serrer les coudes\u00a0\u00bb face \u00e0 l&rsquo;adversit\u00e9 (l&rsquo;adversit\u00e9 pouvant \u00eatre un sol trop peu productif en comparaison du march\u00e9 national ou international). <\/p>\n\n\n\n<p class=\"has-medium-font-size\">Aussi, le fait de signaler ici les syst\u00e8me familiaux dont certains traits ont des incidences directes sur le travail agricole, et donc sur l&#8217;emprise de l&rsquo;humain sur les <a href=\"#phytoc\u00e9nose\">phytoc\u00e9noses<\/a>, apparait comme un facteur explicatif mais restant \u00e0 l&rsquo;\u00e9tat d&rsquo;hypoth\u00e8se.<\/p>\n\n\n\n<h2 class=\"wp-block-heading has-medium-font-size\" id=\"mono-\"><strong>Mono-&nbsp;:<\/strong><\/h2>\n\n\n\n<p class=\"has-medium-font-size\">Mono&nbsp;: 1<\/p>\n\n\n\n<p><\/p>\n\n\n\n<h2 class=\"wp-block-heading has-medium-font-size\" id=\"monocarpique\"><strong>Monocarpique [concept. Botanique]:<\/strong><\/h2>\n\n\n\n<p class=\"has-medium-font-size\">Les plantes monocarpiques ne fleurissent qu&rsquo;une seule fois. Elles meurent suit \u00e0 la seule fructification qu&rsquo;elles produisent. La plupart du temps, il s&rsquo;agit de <a href=\"#therophyte\">th\u00e9rophytes.<\/a> Quelques arbres monocarpiques dans l&rsquo;espace intertropical font exceptions.<\/p>\n\n\n\n<p><\/p>\n\n\n\n<h2 class=\"wp-block-heading has-medium-font-size\" id=\"monocotyl\u00e9done\"><strong>Monocotyl\u00e9done, ou extensivement monocot&nbsp;<strong>[Ancien groupe de la syst\u00e9matique en botanique, dite de l&rsquo;\u00e9volution. Botanique pratique.<\/strong><\/strong>]<strong>: <\/strong><\/h2>\n\n\n\n<p class=\"has-medium-font-size\">Grand groupe de plantes caract\u00e9ris\u00e9 par le fait que la graine n\u2019est constitu\u00e9e que d\u2019un seul cotyl\u00e9don. La plantule donne d&rsquo;abord lieu \u00e0 une feuille unique. Le plus souvent, donne des feuilles \u00e0 nervures parall\u00e8les.<\/p>\n\n\n\n<h2 class=\"wp-block-heading has-medium-font-size\" id=\"monoique\"><strong>Mono\u00efque<\/strong> <strong>[concept. botanique]<\/strong><\/h2>\n\n\n\n<p class=\"has-medium-font-size\">Esp\u00e8ce pr\u00e9sentant des individus portant des fleurs m\u00e2les et des fleurs femelles.<\/p>\n\n\n\n<p><\/p>\n\n\n\n<h2 class=\"wp-block-heading has-medium-font-size\" id=\"morphe\"><strong>Morphe:<\/strong><\/h2>\n\n\n\n<p class=\"has-medium-font-size\">Forme.<\/p>\n\n\n\n<p><\/p>\n\n\n\n<h2 class=\"wp-block-heading has-medium-font-size\" id=\"mucron\"><strong>Mucron, mucron\u00e9.e, mucronul\u00e9.e<\/strong> <strong>[descripteur. Botanique]<\/strong><\/h2>\n\n\n\n<p class=\"has-medium-font-size\">Pointe (tr\u00e8s) courte et raide, terminant un organe. Mucronul\u00e9: pointe plus courte que mucron\u00e9.<\/p>\n\n\n\n<p><\/p>\n\n\n\n<h2 class=\"wp-block-heading has-medium-font-size\" id=\"murs\"><strong>Murs et murets<\/strong> <strong>[pratique humaine, d\u00e9passant les pratiques agricoles.]<\/strong><\/h2>\n\n\n\n<p class=\"has-medium-font-size\">Les murs et murets vont accueillir une faune et une flore particuli\u00e8res. Pour la flore, celles des parois, des fissures de murs et celles des dalles rocheuses.<\/p>\n\n\n\n<p class=\"has-medium-font-size\">Certains murs de sout\u00e8nements sont en fait des <a href=\"#talus\">talus<\/a>, et sont alors couverts de la v\u00e9g\u00e9tation ad-hoc: souvent des ourlets (si sous frondaisons). Ils peuvent \u00e9galement \u00eatre totalement arbor\u00e9s.<\/p>\n\n\n\n<p class=\"has-medium-font-size\">Puisqu&rsquo;ils accompagnent la pente en en mod\u00e9rant le model\u00e9, ils ont aussi une incidence sur les <a href=\"#v\u00e9g\u00e9tation\">v\u00e9g\u00e9tations<\/a>.<\/p>\n\n\n\n<p class=\"has-medium-font-size\">Ces murs sont le plus souvent en pierres s\u00e8ches, et quelques-uns, rares, sont vitrifi\u00e9s: on a fait fondre par le feu la silice contenu dans le granito\u00efde, et le verre retient alors les pierres.<\/p>\n\n\n\n<p class=\"has-medium-font-size\">Ces artefacts ont un caract\u00e8re tr\u00e8s particulier, et appartiennent semble t&rsquo;il majoritairement \u00e0 la France siliceuse. Ceux du nord Finist\u00e8re, plus rares disait on, ont finit par disparaitre courant XX, parfois fragilis\u00e9 ou simplement abattus. Mais il semble qu&rsquo;il en restait pourtant bon nombres dans le L\u00e9on (j&rsquo;en ai vu \u00e0 Plougonvelin mais j&rsquo;ai toujours pens\u00e9 de cette commune qu&rsquo;elle aimait \u00eatre jolie et accueillante). Mais de mani\u00e8re moins affirm\u00e9e sans doute. Ceux du sud finist\u00e8re sont bien pr\u00e9sents. Le Morbihan en contient aussi, je crois &#8230;<\/p>\n\n\n\n<p class=\"has-medium-font-size\">Le Limousin brille un peu par la densit\u00e9 impressionnante de ses murets. Et si on les prends dans un ensemble (je ne vois pas de raison qui puisse s&rsquo;y opposer), cela forme un tr\u00e8s important monument, dont je trouverais int\u00e9ressant la cartographie. On finit par comprendre. C&rsquo;est certain que faucher dans les rochers affleurants implique de marteler souvent sa lame, ou d&rsquo;avancer vraiment lentement. Il semblerait donc que le but tout premier \u00e9tait l&rsquo;\u00e9pierrage des parcelles.<\/p>\n\n\n\n<p class=\"has-medium-font-size\">Ces murs et murets vont d&rsquo;une trentaine de centim\u00e8tres \u00e0 3 m de haut. Ils sont le long des routes et chemins, en limites de parcelles, mais aussi \u00e0 l&rsquo;int\u00e9rieur et dessinent un paysage qui se trouve presque en terrasses, mais terrasses conservant une part du model\u00e9 collin\u00e9en. Les pentes sont adoucies. Le parcellaire affirm\u00e9. Le sol par ailleurs, riche en composantes sableuses et limoneuses, est sans doute mieux retenu: l&rsquo;eau aussi puisque les pentes sont moins fortes.<\/p>\n\n\n\n<p class=\"has-medium-font-size\">En Limousin, dans cette partie du Limousin &#8230; L&rsquo;habitat est dispers\u00e9, les murets soulignent le cadastre &#8230; Et il semble qu&rsquo;historiquement, en rapport aux migrations saisonni\u00e8res concernant une large partie de la population (hommes en \u00e2ges de travailler), il y ait une sensibilit\u00e9 aux familles complexes (notamment zones rurales), \u00e0 priori sans atteindre le niveau de syst\u00e8me-\u00e0-maison (familles souches), cela jusqu&rsquo;au XIX \u00e8me en tous cas (pour Ussel). On peut pr\u00e9f\u00e9rer, c&rsquo;est mon cas, utiliser un cluster car les dates peuvent avoir une sorte de relativit\u00e9 (donn\u00e9es insuffisantes et lacunaires aux extr\u00e9mit\u00e9s de la p\u00e9riode consid\u00e9r\u00e9e, pour obtenir un tableau statistique fiable). Pour les familles non nucl\u00e9aires (lesquelles sont institu\u00e9es par le code civil depuis Napol\u00e9on), la fin du cluster peut \u00eatre plut\u00f4t situ\u00e9 avec les effets dramatiques sur la d\u00e9mographie humaine de la premi\u00e8re guerre mondiale, et le d\u00e9but plut\u00f4t situ\u00e9 vers la fin du Moyen-\u00c2ge selon G. Delille.<\/p>\n\n\n\n<p class=\"has-medium-font-size\">Un autre int\u00e9r\u00eat des murets, li\u00e9s \u00e0 la retenue des sols tient \u00e0 l&rsquo;\u00e9ventuel effet sur l&rsquo;am\u00e9lioration pour l&rsquo;agriculture de ceux-ci. Notamment si ils soutiennent de la v\u00e9g\u00e9tation (sauf <a href=\"#scl\u00e9rophyte\">scl\u00e9rophytes<\/a>).<\/p>\n\n\n\n<p class=\"has-medium-font-size\">Les murets commencent \u00e0 retenir le sol, <\/p>\n\n\n\n<p class=\"has-medium-font-size\">Il y a donc en premier lieu un effet d&rsquo;\u00e9paississement physique du sol. Et la mise en place d&rsquo;un horizon de colluvionement organo-min\u00e9ral sur l&rsquo;horizon organo-min\u00e9ral pr\u00e9c\u00e9dent.<\/p>\n\n\n\n<p class=\"has-medium-font-size\">En second lieu,  mais notamment, si le talus est surmont\u00e9 d&rsquo;une haie, les feuilles apportent de la mati\u00e8re organique. Cet effet est sans doute tr\u00e8s important sur le sols siliceux. Par apport de mati\u00e8re organique (douce), il y a une modification de la p\u00e9dog\u00e9n\u00e8se.<\/p>\n\n\n\n<p class=\"has-medium-font-size\">En troisi\u00e8me lieu, donc une plus forte bioturbation \u00e0 proximit\u00e9 des murets (dans le champ d&rsquo;influence des murets: l\u00e0 o\u00f9 le sol re\u00e7oit un horizon de colluvionement. I.e: sur une grande aire).<\/p>\n\n\n\n<p class=\"has-medium-font-size\">Le type de murets \u00e0 terrasses paysag\u00e8res breton a donc un effet positif sur le sol. Am\u00e9lioration des qualit\u00e9s du sol pour la culture.<\/p>\n\n\n\n<p class=\"has-medium-font-size\">En Creuse, les haies n&rsquo;ont rien d&rsquo;obligatoire sur les murets. Il peut sembler que ces murets sont rest\u00e9s longtemps nus. C&rsquo;est parfois \u00e0 leur pieds du c\u00f4t\u00e9 int\u00e9rieur, donc dans le sol \u00e9paissi que des haies peuvent avoir tendance \u00e0 s&rsquo;installer spontan\u00e9ment. Mais pas seulement \u00e0 cet endroit.<\/p>\n\n\n\n<p class=\"has-medium-font-size\">Sur les dispositifs de terrasses \u00e0 murets nus, il reste donc l&rsquo;\u00e9paississement progressif du sol. Par colluvionement (et donc aussi pour une part de la mati\u00e8re organique se trouvant en amont). Et peut-\u00eatre aussi du fait, de cet \u00e9paississement, un peu plus de bio-turbation??? (ce qui serait vraiment \u00e0 v\u00e9rifier)<\/p>\n\n\n\n<p class=\"has-medium-font-size\">Au vu des formations v\u00e9g\u00e9tales contemporaines, les murets de la zone 0 en tous cas, situ\u00e9e en Creuse (Haute-Marche; Par respect pour quelqu&rsquo;un je ne g\u00e9ocalise pas) ont plusieurs effets:<\/p>\n\n\n\n<ol class=\"wp-block-list\">\n<li>ils rendent plus difficile la perception des al\u00e9as topographiques naturels. <\/li>\n\n\n\n<li>bien que fait de monts et de cuvettes, ils favorisent g\u00e9n\u00e9ralement des sols d&rsquo;humidit\u00e9s moyennes (<a href=\"#v\u00e9g\u00e9tation\">v\u00e9g\u00e9tations<\/a> m\u00e9sophiles sauf dans le tout fond de vallon o\u00f9 coure la rivi\u00e8re, le long des foss\u00e9s, ou dans des d\u00e9pressions naturelles plus affirm\u00e9es)<\/li>\n<\/ol>\n\n\n\n<p class=\"has-medium-font-size\">Les prairies m\u00e9sophiles pr\u00e9sente l&rsquo;aspect prairial sans doute le plus classique. Cela permet d&rsquo;avoir une masse de mati\u00e8re v\u00e9g\u00e9tale, et si elles ne sont pas trop riches en nutriments, le fourrage sera int\u00e9ressant (elles peuvent perdre de l&rsquo;int\u00e9r\u00eat parfois aussi cependant quand le sol s&rsquo;appauvrit, sans que ce ne soit la r\u00e8gle g\u00e9n\u00e9rale). Le syst\u00e8me surtout permet apr\u00e8s la fauche, souvent assez t\u00f4t dans la saison, de profiter du regain automnal soit pour une p\u00e2ture, soit pour une fauche. Traditionnellement, dans la Haute-Marche, le b\u00e9tail est mis \u00e0 pa\u00eetre surtout dans l&rsquo;<em>Agrostietea<\/em>, pr\u00e8s de la rivi\u00e8re. Les parcelles sus-jacentes d\u00e9di\u00e9es \u00e0 la fauche, et des cultures pr\u00e8s des maisons ou encore juste au dessus des prairies de fauche. Les sommets des collines est d\u00e9sormais d\u00e9di\u00e9es aux boisements, mais formaient des parcours pour les b\u00eates.<\/p>\n\n\n\n<p class=\"has-medium-font-size\">Actuellement, cependant que le prix du foin a augment\u00e9, dans les deux communes de Haute-Marche que j&rsquo;ai pu un peu voir, les ovins et bovins (petits troupeaux) paissent aussi bien dans l&rsquo;<em>Agrostietea<\/em> (avec ou sans acc\u00e8s \u00e0 de l&rsquo;<em>Arrheneteretea<\/em>), ou dans l&rsquo;<em>Arrheneteretea<\/em>. <\/p>\n\n\n\n<p class=\"has-medium-font-size\">Voir aussi: <a href=\"#g\u00e9omorphologie\">g\u00e9omorphologie<\/a><\/p>\n\n\n\n<h2 class=\"wp-block-heading has-text-align-center has-medium-font-size\" id=\"n\"><mark style=\"background-color:rgba(0, 0, 0, 0)\" class=\"has-inline-color has-luminous-vivid-amber-color\">N. <a href=\"#haut-de-page\">Haut de page<\/a><\/mark><\/h2>\n\n\n\n<h2 class=\"wp-block-heading has-medium-font-size\" id=\"naturalis\u00e9\"><strong>Naturalis\u00e9&nbsp;[Concept. Botanique]: <\/strong><\/h2>\n\n\n\n<p class=\"has-medium-font-size\">Taxon d\u2019origine <a href=\"#exog\u00e8ne\">exog\u00e8ne<\/a> capable de se maintenir <a href=\"#spontan\u00e9\">spontan\u00e9ment<\/a> sur au moins 10 g\u00e9n\u00e9rations (ce nombre de g\u00e9n\u00e9rations pour les <a href=\"#therophyte\">th\u00e9rophytes<\/a>).<\/p>\n\n\n\n<h2 class=\"wp-block-heading has-medium-font-size\" id=\"naturaliste\"><strong>Naturaliste (nature)[probl\u00e8me conceptuel]:<\/strong><\/h2>\n\n\n\n<p>Ce terme est proscrit. \ud83d\ude42<\/p>\n\n\n\n<p class=\"has-medium-font-size\">Un naturaliste est une personne qui s&rsquo;int\u00e9resse aux choses de la nature. Mais comment d\u00e9finir la nature?<\/p>\n\n\n\n<p class=\"has-medium-font-size\">Ce terme est trop flou pour \u00eatre utilis\u00e9 de mani\u00e8re pertinente dans les sciences de la vie. Cette notion peut renvoyer \u00e0 milieu (ou succession) <a href=\"#primaire\">primaire<\/a>, \u00e0 <a href=\"#spontan\u00e9\">spontan\u00e9<\/a>, etc. Le terme de culture \u00e0 <a href=\"#secondaire\">secondaire<\/a>, <a href=\"#rud\u00e9ral\">rud\u00e9ral<\/a> &#8230; Pour \u00eatre parfaitement honn\u00eate, mon sentiment est qu&rsquo;il reste bien des traces de l&rsquo;\u00e9poque durant laquelle le savant \u00e9tait un grand homme de savoirs inatteignables au commun (ou m\u00eame un d\u00e9miurge), parfois pleutre sur les bords et m\u00eame parfois un peu racelard qui posait un grand ensemble comme une alt\u00e9rit\u00e9 devant lui \u00e0 \u00e9tudier, et qu&rsquo;il \u00e9tait alors libre de nommer \u00ab\u00a0nature\u00a0\u00bb. Cependant, l&rsquo;aspect d&rsquo;apparence pratique ne l&rsquo;est plus tant que \u00e7\u00e0 &#8230; Nous n&rsquo;avons plus besoin de poser au loin l&rsquo;objet d&rsquo;\u00e9tude comme pour mieux l&rsquo;observer (on peut remonter au XIX avec le salopard de Francis Galton, mais il semble que les stats multivari\u00e9es se soient vraiment d\u00e9velopp\u00e9es dans le courant du XX \u00e8me si\u00e8cle). Parmi les indices qui me laisse penser qu&rsquo;il reste encore un peu de cela, la timidit\u00e9 \u00e0 accepter des caract\u00e9ristiques plus ou moins communes avec notre esp\u00e8ce (le fait que les bonobos utilisent un langage complexe aurait pu faire plus de bruits), le fait encore que l&rsquo;on puisse soup\u00e7onner qu&rsquo;au moins inconsciemment, l&rsquo;humain est humain et n&rsquo;est donc pas Homo &#8230; Le rattachement semblant plus ou moins oubli\u00e9 de notre nature \u00e0 la nature. Les perspectives divergent alors tr\u00e8s l\u00e9g\u00e8rement. Voir: <a href=\"#ing\u00e9nieur-de-l'\u00e9cosyst\u00e8me\">ing\u00e9nieurs de l&rsquo;\u00e9cosyst\u00e8me<\/a>.<\/p>\n\n\n\n<p class=\"has-medium-font-size\">Ce questionnement est beaucoup port\u00e9 par l&rsquo;anthropologie culturelle de Descola, avec le concept de nature. Il me semble loin d&rsquo;\u00eatre inutile de s&rsquo;y attarder. Notamment parce que la position qu&rsquo;il propose int\u00e8gre aussi la position d&rsquo;autres soci\u00e9t\u00e9s que la notre sur le sujet. Ce qui m\u00e9rite toujours un point d&rsquo;attention. De plus, l&rsquo;opposition unique remarqu\u00e9e par Descola dans l&rsquo;histoire et de culture occidentale homme\/nature ou nature\/culture est \u00e9puis\u00e9e par les connaissances que l&rsquo;on peut en avoir dans le contexte des connaissances dites naturalistes. L&rsquo;ornithologie notamment <a href=\"#ethologie\">a pu faire \u00e9merger la connaissance de cultures chez des esp\u00e8ces d&rsquo;oiseaux. Les anciennes notions d&rsquo;inn\u00e9 et d&rsquo;acquis apparaissent finalement comme les 2 faces d&rsquo;une seule m\u00e9daille<\/a>, y compris le plus probablement chez <a href=\"#homo-sapiens\">Homo sapiens<\/a> &#8230;<\/p>\n\n\n\n<p class=\"has-medium-font-size\">En outre, la pr\u00e9sence de l&rsquo;humain a profond\u00e9ment modifi\u00e9 ce qui adviendrait sans lui, y compris en for\u00eat amazonienne (modification de nombreux sols, notamment par le <a href=\"#feu\">feu<\/a>, par des terrassements &#8212; pour ce dernier point je renvoie \u00e0 St\u00e9phen Rostain). Cela implique qu&rsquo;il n&rsquo;existe pas ou tr\u00e8s peu d&rsquo;environnements sur notre plan\u00e8te n&rsquo;ayant subi l&rsquo;influence de l&rsquo;homme, \u00e0 un moment ou \u00e0 un autre. Pour autant, les \u00e9l\u00e9ments structurants des environnements dits ou suppos\u00e9 naturels, des environnements <a href=\"#primaire\">primaires<\/a> (environ 500 ans sans interventions humaines en ce qui concerne les for\u00eats primaires*) sont soumis outre les \u00e9ventuels effets continus de d\u00e9gradations anthropiques pass\u00e9s (si traitement r\u00e9guliers d&rsquo;essarts par le <a href=\"#feu\">feu<\/a>), \u00e0 des facteurs biotiques et \u00e0 des facteurs abiotiques. Or l&rsquo;implication, c&rsquo;est de consid\u00e9rer la structuration d&rsquo;un environnement y compris par d&rsquo;autres vivants. Et ici, il y a un hic possible &#8230; Car cela est susceptible de s&rsquo;opposer \u00e0 un continuum des effets sur leurs environnements de diff\u00e9rentes esp\u00e8ces au moins animales. Ainsi il se pourrait que la structuration h\u00e9t\u00e9rog\u00e8ne en terme d&rsquo;esp\u00e8ces v\u00e9g\u00e9tales tr\u00e8s nombreuses \u00e0 l&rsquo;hectare propre aux for\u00eats \u00e9quatoriales soit en partie dues aux animaux. Mais dans ce cas la notion d&rsquo;<a href=\"#ing\u00e9nieur-de-l'\u00e9cosyst\u00e8me\">ing\u00e9nieurs de l&rsquo;\u00e9cosyst\u00e8me<\/a> convient. Mais il s&rsquo;agit d&rsquo;une notion, comportant donc du flou. Et m\u00eame un peu difficile \u00e0 utiliser. Surtout lorsqu&rsquo;on s&rsquo;admet enfin Homo sapiens &#8230; C&rsquo;est \u00e0 dire acteur parmi les autres, m\u00eame si parmi les plus puissants. <\/p>\n\n\n\n<p class=\"has-medium-font-size\">Des questions soulev\u00e9s par le domaine du vivant en p\u00e9dologie, en zoologie mais aussi en anthropologie culturelle interroge donc un peu l&rsquo;influence restant peut-\u00eatre un peu cart\u00e9sienne de l&rsquo;appr\u00e9hension des formations v\u00e9g\u00e9tales <a href=\"#primaire\">primaires<\/a>\/<a href=\"#secondaire\">secondaires<\/a> notamment, cependant qu&rsquo;il faut surtout correctement circonscrire les questions (pour observer ce que cela donne, j&rsquo;ai pos\u00e9 des notions bis \u00e0 primaire et secondaire. Ces notions bis sont uniquement des notions de travail, lesquelles me servent \u00e0 observer ce que cela donne si l&rsquo;on int\u00e8gre compl\u00e8tement notre esp\u00e8ce dans la matrice).<\/p>\n\n\n\n<p class=\"has-medium-font-size\">Surtout si l&rsquo;observation ou l&rsquo;\u00e9tude a lieu sur une aire suffisamment large, plus grande qu&rsquo;un <a href=\"#biome\">biome<\/a> ou dans un biome tr\u00e8s hostile (Sahara ou r\u00e9gion de l&rsquo;Afar, Arctique posant cet \u00ab\u00a0mais comment mangent-ils?\u00a0\u00bb), ou encore dans un temps long (jusqu&rsquo;\u00e0 une \u00e9poque o\u00f9 d&rsquo;autres Homo existaient), alors Homo sapiens sapiens revient spontan\u00e9ment \u00e0 l&rsquo;esprit en tant que partie d&rsquo;un tout. Et donc reprend alors ses droits d&rsquo;homin\u00e9s.<\/p>\n\n\n\n<p class=\"has-medium-font-size\">Pour aller un peu plus loin je me permets de conseiller \u00ab\u00a0Par del\u00e0 nature et culture\u00a0\u00bb de Philippe Descola.<\/p>\n\n\n\n<p>*La limite des 500 ans est arbitraire, et je crois qu&rsquo;elle n&rsquo;est plus utilis\u00e9e. Elle implique de toutes les fa\u00e7ons un paraclimax tr\u00e8s \u00e9volu\u00e9.<\/p>\n\n\n\n<h2 class=\"wp-block-heading has-medium-font-size\" id=\"n\u00e9o-indig\u00e8ne\"><strong>N\u00e9o indig\u00e8ne [concept. Botanique]. <\/strong><\/h2>\n\n\n\n<p class=\"has-medium-font-size\">Cat\u00e9gorie d\u2019<a href=\"#indig\u00e8ne\">indig\u00e9nat<\/a>. Plante provenant d\u2019un territoire imm\u00e9diatement voisin, o\u00f9 elle est indig\u00e8ne.<\/p>\n\n\n\n<p><\/p>\n\n\n\n<h2 class=\"wp-block-heading has-medium-font-size\" id=\"n\u00e9ophyte\"><strong>N\u00e9ophyte [Concept temporel. Botanique].<\/strong><\/h2>\n\n\n\n<p class=\"has-medium-font-size\">Taxon <a href=\"#exog\u00e8ne\">exog\u00e8ne<\/a>, apparu sur un territoire donn\u00e9 apr\u00e8s 1500, suite \u00e0 la r\u00e9gularit\u00e9 de grandes travers\u00e9es (Am\u00e9rique, Asie, etc.). Des sous-cat\u00e9gories possibles interrogent le XVII, le XIX &#8230; Concernant la seconde partie du XX \u00e8me si\u00e8cle, on arrive l\u00e0 tout \u00e0 fait sur un nouvel \u00e9lan. Je ne me souviens pas de l&rsquo;avoir vu d\u00e9crit dans ce contexte disciplinaire (?) Se r\u00e9f\u00e9rer \u00e0 <a href=\"#anthropoc\u00e8ne\">Anthropoc\u00e8ne<\/a>, ou pr\u00e9f\u00e9rablement \u00e0 <a href=\"#changement-global\">changement global<\/a>.<\/p>\n\n\n\n<p>Voir \u00e9galement <a href=\"#arch\u00e9ophyte\">Arch\u00e9ophyte<\/a>, et <a href=\"#indig\u00e8ne\">Indig\u00e8ne<\/a> pour les aspects temporels.<\/p>\n\n\n\n<p><\/p>\n\n\n\n<h2 class=\"wp-block-heading has-medium-font-size\" id=\"n\u00e9otaxon\"><strong>N\u00e9otaxon [Concept. Botanique]: <\/strong><\/h2>\n\n\n\n<p class=\"has-medium-font-size\">Un n\u00e9otaxon est un taxon form\u00e9 sur un territoire donn\u00e9 et de mani\u00e8re <a href=\"#spontan\u00e9\">spontan\u00e9e<\/a> d\u2019un ou de deux taxons parents <a href=\"#exog\u00e8ne\">exog\u00e8nes<\/a>.<\/p>\n\n\n\n<h2 class=\"wp-block-heading has-medium-font-size\" id=\"nitrophile\"><strong>Nitrophile<\/strong> <strong>[\u00e9cologie de la plante. Botanique]<\/strong><\/h2>\n\n\n\n<p class=\"has-medium-font-size\">Plante qui aime les situations o\u00f9 il y a beaucoup d&rsquo;azote (N). Comment savoir si il s&rsquo;agit de N, de P, de K ??? Ce terme longtemps utilis\u00e9, devrait \u00eatre remplac\u00e9 par eutrophe, <a href=\"#hypertrophe\">hypertrophe<\/a> &#8230; Voir <a href=\"#trophie\">trophie<\/a><\/p>\n\n\n\n<p class=\"has-medium-font-size\">Son utilisation a pu \u00eatre justifi\u00e9e selon la loi de Liebig qui indique que les plantes r\u00e8glent leurs absorptions en <a href=\"#nutrition\">nutriments<\/a> sur celle de l&rsquo;azote.<\/p>\n\n\n\n<h2 class=\"wp-block-heading has-medium-font-size\" id=\"nomenclature\"><strong>Nomenclature<\/strong> <strong>[discipline botanique et autres sciences du vivant]<\/strong><\/h2>\n\n\n\n<p class=\"has-medium-font-size\">La nomenclature \u00e9dicte les r\u00e8gles qui permettent la bonne lisibilit\u00e9 de l&rsquo;ensemble des parties d&rsquo;une cha\u00eene taxonomique, mais aussi des rapports entre ces parties.<\/p>\n\n\n\n<p><a href=\"https:\/\/lecompagnonrouge.fr\/?s=Caryophyllales\">Caryophyllales<\/a>&gt;<a href=\"https:\/\/lecompagnonrouge.fr\/?s=Caryophyllaceae\">Caryophyllaceae<\/a>&gt;<a href=\"https:\/\/lecompagnonrouge.fr\/?s=Silene\">Silene<\/a>&nbsp;nutans subsp. nutans<\/p>\n\n\n\n<p class=\"has-medium-font-size\">Ainsi ci-dessus, la mention de sous-esp\u00e8ce implique dans les r\u00e8gles nomenclaturales l&rsquo;existence d&rsquo;au moins une autre sous-esp\u00e8ce. Plus encore, la mention d&rsquo;une vari\u00e9t\u00e9 dans la fiche descriptive, implique pour cette sous-esp\u00e8ce qu&rsquo;il s&rsquo;agisse de Silene nutans subps. nutans (\u00e9lid\u00e9:) var. nutans<\/p>\n\n\n\n<p class=\"has-medium-font-size\">Mais ces r\u00e8gles \u00ab\u00a0grammaticales\u00a0\u00bb sont parfois travaill\u00e9es par l&rsquo;\u0153uvre de la <a href=\"#taxonomie\">taxonomie<\/a>. Le rang attribu\u00e9 \u00e0 une plante pouvant \u00eatre r\u00e9vis\u00e9.<\/p>\n\n\n\n<h2 class=\"wp-block-heading has-medium-font-size\" id=\"notho\"><strong>Notho-<\/strong> <strong>[concept. botanique]<\/strong><\/h2>\n\n\n\n<p class=\"has-medium-font-size\">Utilis\u00e9 pour d\u00e9signer les <a href=\"#hybride\">hybrides<\/a>.<\/p>\n\n\n\n<p><\/p>\n\n\n\n<h2 class=\"wp-block-heading has-medium-font-size\" id=\"nutrition\"><strong>Nutrition<\/strong> <strong>[biologie]<\/strong><\/h2>\n\n\n\n<p class=\"has-medium-font-size\">La nutrition de la plante int\u00e9resse peu la d\u00e9marche qui consiste \u00e0 la situer dans son environnement. Contrairement \u00e0 la reproduction de la plante, laquelle est comportementale.<\/p>\n\n\n\n<p class=\"has-medium-font-size\">La plante pour se nourrir extrait par les <a href=\"#stomates\">stomates <\/a>du carbone a\u00e9rien (CO2) et le transforme en cellulose et en amidon (sucres de r\u00e9serves). La cellulose comme l&rsquo;amidon sont des carbones. Pour cet exploit, elle a recours \u00e0 des nutriments, des min\u00e9raux qu&rsquo;elle trouve au sol. Parmi ceux-ci, le <a href=\"#cycle-phosphore\">phosphore<\/a> a une importance particuli\u00e8re. L&rsquo;<a href=\"#cycle-azote\">azote<\/a> \u00e9galement. L&rsquo;azote dans la plante va se transformer en prot\u00e9ines. Le phosphore et l&rsquo;azote vont se transformer en nucl\u00e9otides. Et en particulier en ad\u00e9nosine triphosphate (ATP), c&rsquo;est \u00e0 dire en \u00e9nergie.<\/p>\n\n\n\n<p class=\"has-medium-font-size\">Au niveau des racines, la nutrition fait intervenir la <a href=\"#rhizosph\u00e8re\">rhizosph\u00e8re<\/a>: bact\u00e9ries et myc\u00e8tes.<\/p>\n\n\n\n<p class=\"has-medium-font-size\">Les racines vont par la suite red\u00e9poser au sol par rhizod\u00e9position (le terme consacr\u00e9) un certain nombre d&rsquo;\u00e9l\u00e9ments. La rhizod\u00e9position concerne la restitution de d\u00e9bris v\u00e9g\u00e9taux au sol par les racines, les cellules mortes de la coiffe. Mais concerne en outre toutes formes de carbone, des lysats, des exsudats (sucres, peptides, acides organiques &#8230;), des compos\u00e9s min\u00e9raux, tel l&rsquo;azote et le phosphore.<\/p>\n\n\n\n<p class=\"has-medium-font-size\">La cellulose est le principal mat\u00e9riau qui constitue une plante. Ce que l&rsquo;on appelle le bois, c&rsquo;est de la cellulose enduite de lignine (la lignine \u00e9tant une m\u00e9tabolite secondaire ayant comme avantage pour la plante de la rigidifier).<\/p>\n\n\n\n<p class=\"has-medium-font-size\">Des parasites, des maladies de nutritions, ou des br\u00fblures chimiques (notamment \u00e0 l&rsquo;ozone de basse altitude) sont susceptibles d&rsquo;alt\u00e9rer le processus de photosynth\u00e8se n\u00e9cessaire au processus nutritionnel de la plante. Des parasites et des d\u00e9pr\u00e9dateurs existent au niveau des racines (certains n\u00e9matodes par exemple).<\/p>\n\n\n\n<p><\/p>\n\n\n\n<h2 class=\"wp-block-heading has-medium-font-size\" id=\"nyctinastie\"><strong>Nyctinastie: <\/strong><\/h2>\n\n\n\n<p class=\"has-medium-font-size\">Par extension, concerne des plantes dont les fleurs s&rsquo;ouvrent la nuit (pollinisation par des papillons, des chiropt\u00e8res, etc.)<\/p>\n\n\n\n<p><\/p>\n\n\n\n<p><\/p>\n\n\n\n<h2 class=\"wp-block-heading has-text-align-center has-medium-font-size\" id=\"o\"><mark style=\"background-color:rgba(0, 0, 0, 0)\" class=\"has-inline-color has-luminous-vivid-amber-color\">O. <a href=\"#haut-de-page\">Haut de page<\/a><\/mark><\/h2>\n\n\n\n<h2 class=\"wp-block-heading has-medium-font-size\" id=\"ob\"><strong>Ob- <strong>[descripteur. Botanique]<\/strong>:<\/strong><\/h2>\n\n\n\n<p class=\"has-medium-font-size\">Marque l&rsquo;inverse. Oblanc\u00e9ol\u00e9 se dit d&rsquo;une feuille de forme <a href=\"#lanc\u00e9ol\u00e9\">lanc\u00e9ol\u00e9<\/a> mais qui est plus \u00e9troite du c\u00f4t\u00e9 de la base que du c\u00f4t\u00e9 de l&rsquo;extr\u00e9mit\u00e9 terminale. Idem avec obovale.<\/p>\n\n\n\n<h2 class=\"wp-block-heading has-medium-font-size\" id=\"oblong\"><strong>Oblong.ue<\/strong> <strong>[descripteur. Botanique]<\/strong><\/h2>\n\n\n\n<p class=\"has-medium-font-size\">Plus long que large, termin\u00e9e de mani\u00e8re arrondie, et \u00e0 bords presque parall\u00e8les. <\/p>\n\n\n\n<p><\/p>\n\n\n\n<h2 class=\"wp-block-heading has-medium-font-size\" id=\"occasionelle\"><strong>Occasionnelle&nbsp;[Concept. Botanique]: <\/strong><\/h2>\n\n\n\n<p class=\"has-medium-font-size\">Taxon pouvant appara\u00eetre comme <a href=\"#spontan\u00e9\">spontan\u00e9<\/a> mais ne l\u2019\u00e9tant pas. Pr\u00e9sent et fleurissant sur le territoire donn\u00e9, mais ne parvenant pas \u00e0 former une population se maintenant durablement (10 ans pour les plantes dont l\u2019expansion est majoritairement due \u00e0 la reproduction sexu\u00e9e).<\/p>\n\n\n\n<p><\/p>\n\n\n\n<h2 class=\"wp-block-heading has-medium-font-size\" id=\"oligo\"><strong>Oligo: <\/strong><\/h2>\n\n\n\n<p class=\"has-medium-font-size\">Petit \u2026 utilis\u00e9 comme: peu.<\/p>\n\n\n\n<p><\/p>\n\n\n\n<h2 class=\"wp-block-heading has-medium-font-size\" id=\"oligotrophe\"><strong>Oligotrophe [p\u00e9dologie. botanique. phytosociologie]&nbsp;: <\/strong><\/h2>\n\n\n\n<p class=\"has-medium-font-size\">Sols comportant peu de min\u00e9raux servant \u00e0 la trophie des plantes. Sols dit \u00ab&nbsp;pauvres&nbsp;\u00bb.<\/p>\n\n\n\n<h2 class=\"wp-block-heading has-medium-font-size\" id=\"olivine\"><strong>Olivine<\/strong> <strong>[g\u00e9ologie. lithologie. p\u00e9dologie]<\/strong><\/h2>\n\n\n\n<p class=\"has-medium-font-size\">L&rsquo;olivine est un cristal ultramafique (riche en magn\u00e9sium, fer &#8230; et calcium), particuli\u00e8rement pr\u00e9sent dans la <a href=\"#p\u00e9ridotite\">p\u00e9ridotite<\/a> et le <a href=\"#basalte\">basalte<\/a>. Roche favorable \u00e0 l&rsquo;alt\u00e9ration en argile.<\/p>\n\n\n\n<h2 class=\"wp-block-heading has-medium-font-size\" id=\"ombelle\"><strong>Ombelle <strong>[descripteur. Botanique. Typologie des inflorescences]<\/strong>:<\/strong><\/h2>\n\n\n\n<p class=\"has-medium-font-size\">Inflorescence (ou fleur compos\u00e9e), o\u00f9 tous les <a href=\"#p\u00e9dicelle\">p\u00e9dicelles<\/a> partent du m\u00eame point, et sont approximativement de m\u00eame longueurs.<\/p>\n\n\n\n<p><\/p>\n\n\n\n<h2 class=\"wp-block-heading has-medium-font-size\" id=\"onglet\"><strong>Onglet <strong>[descripteur. Botanique]<\/strong>:<\/strong><\/h2>\n\n\n\n<p class=\"has-medium-font-size\">L&rsquo;onglet d\u00e9signe la partie r\u00e9tr\u00e9cie et <a href=\"#proximal\">proximale<\/a> d&rsquo;un p\u00e9tale (si partie r\u00e9tr\u00e9cie). Partie distincte par ce r\u00e9tr\u00e9cissement. <\/p>\n\n\n\n<p><\/p>\n\n\n\n<h2 class=\"wp-block-heading has-medium-font-size\" id=\"orbiculaire\"><strong>Orbiculaire<\/strong> <strong>[descripteur. Botanique]<\/strong><\/h2>\n\n\n\n<p class=\"has-medium-font-size\">Se dit d&rsquo;un organe de forme arrondie.<\/p>\n\n\n\n<p><\/p>\n\n\n\n<h2 class=\"wp-block-heading has-medium-font-size\" id=\"oreillettes\"><strong>Oreillettes <strong>[descripteur. Botanique]<\/strong>. <\/strong><\/h2>\n\n\n\n<p class=\"has-medium-font-size\">Appendice d\u2019une feuille au sens large prolongeant le limbe, ou se situant sur l\u2019axe de maintien du limbe. Terme utilis\u00e9 extensivement: peut d\u00e9signer des parties du limbe, mais mentalement \u00ab\u00a0d\u00e9tachables\u00a0\u00bb de celui-ci dans sa globalit\u00e9.<\/p>\n\n\n\n<h2 class=\"wp-block-heading has-medium-font-size\" id=\"oro\"><strong>Oro-<\/strong><\/h2>\n\n\n\n<p class=\"has-medium-font-size\">Relatif au hautes altitudes.<\/p>\n\n\n\n<h2 class=\"wp-block-heading has-medium-font-size\" id=\"ourlet\"><strong>Ourlet (ourlification) [Descripteur. Concept. Phytosociologie]:<\/strong><\/h2>\n\n\n\n<p class=\"has-medium-font-size\">Formations v\u00e9g\u00e9tales herbac\u00e9es et cicatrisant les espaces ouverts (mais parfois dans les prairies, les ourlets se d\u00e9veloppent en nappes et se r\u00e9partissent donc petitement au sein de l&rsquo;espace ouvert), et donc se situant dans la partie ext\u00e9rieure des lisi\u00e8res, de l&rsquo;<a href=\"#\u00e9cotone\">\u00e9cotone<\/a>. Bordant le <a href=\"#manteau\">manteau<\/a>.<\/p>\n\n\n\n<p class=\"has-medium-font-size\">L&rsquo;ourlification peut faire r\u00e9f\u00e9rence extensivement \u00e0 \u00ab\u00a0l&rsquo;enfrichement\u00a0\u00bb des prairies, mais d\u00e9signe in fine la dynamique de successions vers la frutic\u00e9e, ou vers la for\u00eat. Il s&rsquo;agit de l&rsquo;avanc\u00e9e de la lisi\u00e8re herbac\u00e9e, en g\u00e9n\u00e9ral vers la prairie (ou encore sur les chemins). L&rsquo;ourlet est le bord d&rsquo;un boisement.<\/p>\n\n\n\n<p class=\"has-medium-font-size\">Alors que la <a href=\"#friche\">friche<\/a> correspond \u00e0 des formations de reconqu\u00eates sur des sols d\u00e9nud\u00e9s, et au sens large souvent sarcl\u00e9s donc, l&rsquo;ourlet correspond \u00e0 une avanc\u00e9e du boisement sur les espaces ouverts.<\/p>\n\n\n\n<p class=\"has-medium-font-size\">Voir les taxons suivants (comprenant \u00e9galement des pelouses): <em><em>Lamio albi-Chenopodietalia boni-henrici<\/em><\/em> (=<em>Galio aparines-Alliarietalia petiolatae<\/em>), <em>Melampyro-Holcetea mollis<\/em> sur sols plus acidophiles, et le <em>Trifolio medii-Geranietea sanguinei <\/em>(sur sols acidophiles \u00e0 basiques).<\/p>\n\n\n\n<p class=\"has-medium-font-size\">Les ourlets phytosociologiquement d\u00e9crits sont \u00e0 comprendre comme l&rsquo;avenir de l&rsquo;espace ouvert si les conditions qui en maintiennent l&rsquo;ouverture cessaient. Voir \u00e9galement <a href=\"#pratiques-agricoles\">Pratiques agricoles<\/a><\/p>\n\n\n\n<h2 class=\"wp-block-heading has-medium-font-size\" id=\"ouvrir\"><strong>Ouvrir<\/strong><\/h2>\n\n\n\n<p class=\"has-medium-font-size\">Ce qui est susceptible de s\u2019opposer au <a href=\"#paraclimax\">paraclimax<\/a> et \u00e0 la <a href=\"#succession\">successions<\/a> progressive primaire.<\/p>\n\n\n\n<p class=\"has-medium-font-size\">L\u2019ouverture de milieux peut \u00eatre primordialement offert par des situations primaires autog\u00e8nes (littoral, zones en eaux, situations climatiques tr\u00e8s contraignantes ou encore parfois phytotoxiques tel le sel, par l\u2019instabilit\u00e9 du sol telles dunes non fix\u00e9es) par le noyage (telles larges bordures des fleuves Mississippi, Amazonie, Niger &#8230; Ou primaire allog\u00e8nes (de types accidentels ou catastrophiques\u00a0: feux dus \u00e0 des orages, volcanisme, glissements de terrains, d\u00e9valement de galets).<\/p>\n\n\n\n<p class=\"has-medium-font-size\">Il semble que le genre Homo ait d\u2019abord du profiter de ce genre de situation.<\/p>\n\n\n\n<p class=\"has-medium-font-size\">Les zones de fourr\u00e9s peuvent en outre \u00eatre \u00e9cras\u00e9s <a href=\"#ing\u00e9nieur-de-l'\u00e9cosyst\u00e8me\">par des animaux<\/a> (bordure de zones en eau).<\/p>\n\n\n\n<p class=\"has-medium-font-size\">L\u2019ouverture de milieu est provoqu\u00e9e secondairement par le <a href=\"#feu\">feu<\/a>, par des d\u00e9frichements souvent m\u00e9caniques (d\u00e9forestations, essarts)<\/p>\n\n\n\n<p class=\"has-medium-font-size\">L\u2019ouverture de milieux peut \u00eatre <a href=\"#pratiques-agricoles\">maintenue par<\/a> le sarclage (labour, hersage, binage), par la fauche, par l\u2019abroutissement (souvent animaux domestiques mais \u00e9galement quelques esp\u00e8ces \u00ab\u00a0sauvages\u00a0\u00bb), par l\u2019utilisation de mol\u00e9cules chimiques (actuellement exclusivement synth\u00e9tiques mais existent certains phytotoxiques \u00ab\u00a0primaires\u00a0\u00bb). Par le surpi\u00e9tinnement. \u00c9ventuellement par le <a href=\"#fukuoka\">noyage temporaire<\/a>. \u00c9ventuellement facilit\u00e9 par la suppression de la couche arable (<a href=\"#horizons\">horizons<\/a> O-A) ainsi apparemment des voies creuses amazoniennes ou encore des retournements de couches de sols (technique du top soil inversion). Par l\u2019imperm\u00e9abilisation des surfaces.<\/p>\n\n\n\n<h2 class=\"wp-block-heading has-medium-font-size\" id=\"ovaire\"><strong>Ovaire&nbsp;<strong>[Partie d&rsquo;organe, pour description. Botanique]<\/strong>: <\/strong><\/h2>\n\n\n\n<p class=\"has-medium-font-size\">Partie inf\u00e9rieure du gyn\u00e9c\u00e9e&nbsp;; Partie qui s\u2019exprimera le plus visiblement comme le fruit.<\/p>\n\n\n\n<p><\/p>\n\n\n\n<h2 class=\"wp-block-heading has-medium-font-size\" id=\"ovale\"><strong>Ovale [descripteur. Botanique]<\/strong><\/h2>\n\n\n\n<p class=\"has-medium-font-size\">se dit d&rsquo;une feuille dont le limbe est ovale et plus large du c\u00f4t\u00e9 de la base, assez large. Plus large que <a href=\"#lanc\u00e9ol\u00e9\">lanc\u00e9ol\u00e9<\/a>. Ovale de ovum (soit \u0153uf) pour donner une id\u00e9e de la largeur.<\/p>\n\n\n\n<p><\/p>\n\n\n\n<p><\/p>\n\n\n\n<p><\/p>\n\n\n\n<h2 class=\"wp-block-heading has-text-align-center has-medium-font-size\" id=\"p\"><mark style=\"background-color:rgba(0, 0, 0, 0)\" class=\"has-inline-color has-luminous-vivid-amber-color\">P. <a href=\"#haut-de-page\">Haut de page<\/a><\/mark><\/h2>\n\n\n\n<h2 class=\"wp-block-heading has-medium-font-size\" id=\"paillette\"><strong>Paillette<\/strong> <strong>[descripteur. Botanique]<\/strong><\/h2>\n\n\n\n<p class=\"has-medium-font-size\">Petite <a href=\"#\u00e9caille\">\u00e9caille<\/a> translucide m\u00eal\u00e9es aux <a href=\"#fleur-tubul\u00e9e\">fleurs tubul\u00e9es<\/a> des ast\u00e9rac\u00e9es<\/p>\n\n\n\n<p><\/p>\n\n\n\n<p class=\"has-medium-font-size\" id=\"pal\u00e9ole\"><strong>Pal\u00e9ole <strong>[descripteur. Botanique]<\/strong>: <\/strong><\/p>\n\n\n\n<p class=\"has-medium-font-size\">Voir <a href=\"#fleur,structure-(poaceae)\">Fleur (structure, Poaceae)<\/a>. Sorte de t\u00e9pale. Parfois assimil\u00e9 \u00e0 des p\u00e9tales.<\/p>\n\n\n\n<p><\/p>\n\n\n\n<h2 class=\"wp-block-heading has-medium-font-size\" id=\"pal\u00e9otonlogie\"><strong>Pal\u00e9otonlogie<\/strong> <strong>[une discipline<\/strong>]<\/h2>\n\n\n\n<p class=\"has-medium-font-size\">Discipline s&rsquo;occupant de ce qui f\u00fbt vivant. Du vivant disparu (en principe). Elle est le pendant de l&rsquo;arch\u00e9ologie, laquelle s&rsquo;occupe des traces restant des artefacts humains.<\/p>\n\n\n\n<p class=\"has-medium-font-size\">Ainsi une pal\u00e9ophyte est une plante ayant v\u00e9cu mais disparu. A distinguer donc des <a href=\"#arch\u00e9ophyte\">arch\u00e9ophytes<\/a>.<\/p>\n\n\n\n<p class=\"has-medium-font-size\">La pal\u00e9o-botanique s&rsquo;occupe donc des fossiles de plantes. Prioritairement. Elle est d&rsquo;un secours pour la <a href=\"#syst\u00e9matique\">syst\u00e9matique<\/a>.<\/p>\n\n\n\n<p class=\"has-medium-font-size\">La pal\u00e9o-\u00e9cologie s&rsquo;occupe de l&rsquo;\u00e9cologie disparue. Pour cette discipline, la phytosociologie est susceptible d&rsquo;\u00eatre utilis\u00e9e. La phytosociologie utilise une m\u00e9thode floristique, qui permet donc le travail sur les traces des plantes en pr\u00e9sence. Le code EUNIS ne me semble pas utilisable car descriptif d&rsquo;un paysage qui par d\u00e9finition pour cette discipline n&rsquo;est plus l\u00e0. Cette discipline fin XX, et sans doute plus encore en ce d\u00e9but de si\u00e8cle tend \u00e0 s&rsquo;orienter de plus en plus vers des aspects ethno-anthropologiques. C&rsquo;est \u00e9videmment l&rsquo;humain qui fascine. En France contrairement aux \u00e9coles am\u00e9ricaines (je pense notamment \u00e0 Glenn Shepard), les disciplines tendent \u00e0 rester bien s\u00e9par\u00e9es, il n&rsquo;y a pas ou peu de cursus dans l&rsquo;interdisciplinarit\u00e9, et cette pratique semble souvent renvoy\u00e9e au cursus de g\u00e9ographie. Je regrette un peu cette absence apparente au MNHN. Noter qu&rsquo;en 1987, l&rsquo;\u00e9cologue Bernard Cl\u00e9ment passe une th\u00e8se d&rsquo;\u00e9cologie, largement orient\u00e9e arch\u00e9ologie (et donc visant Homo sapiens).<\/p>\n\n\n\n<p><\/p>\n\n\n\n<h2 class=\"wp-block-heading has-medium-font-size\" id=\"palm\u00e9e\"><strong>Palm\u00e9.e<\/strong> <strong>[descripteur. Botanique]<\/strong><\/h2>\n\n\n\n<p class=\"has-medium-font-size\">Dans une feuille plam\u00e9e, toutes les nervures divergent \u00e0 partir du sommet du <a href=\"#p\u00e9tiole\">p\u00e9tiole<\/a>, y compris les <a href=\"#proximale\">proximales<\/a>.<\/p>\n\n\n\n<p class=\"has-medium-font-size\">Palmatilob\u00e9e: les \u00e9chancrures des lobes atteignent moins de 50% de la longeur de la nervure du lobe concern\u00e9 (jusqu&rsquo;au <a href=\"#rachis\">rachis<\/a>): peu \u00e9chancr\u00e9.<\/p>\n\n\n\n<p class=\"has-medium-font-size\">Palmatis\u00e9qu\u00e9e: les \u00e9chancrures des lobes atteignent plus de 50% de la longueur de la nervure du lobe concern\u00e9 (jusqu&rsquo;au rachis): tr\u00e8s \u00e9chancr\u00e9.<\/p>\n\n\n\n<p class=\"has-medium-font-size\">Digit\u00e9e, Palmatipartite: l&rsquo;\u00e9chancrure atteint le rachis de la feuille, sa nervure principale.<\/p>\n\n\n\n<p><\/p>\n\n\n\n<p><\/p>\n\n\n\n<h2 class=\"wp-block-heading has-medium-font-size\" id=\"panicule\"><strong>Panicule <strong>[descripteur. Botanique. Typologie des inflorescences]<\/strong>: <\/strong><\/h2>\n\n\n\n<p class=\"has-medium-font-size\"><a href=\"#grappe\">Grappe<\/a> dont les fleurons sont au moins 2 x <a href=\"#p\u00e9dicelle\">p\u00e9dicell\u00e9s<\/a>.<\/p>\n\n\n\n<p><\/p>\n\n\n\n<h2 class=\"wp-block-heading has-medium-font-size\" id=\"pappus\"><strong>Pappus<\/strong> <strong>[descripteur. Botanique. Partie d&rsquo;organe]<\/strong><\/h2>\n\n\n\n<p class=\"has-medium-font-size\">L&rsquo;aigrette est un faisceau de soie qui surmonte certaines ak\u00e8nes (ou ach\u00e8nes), leur permettant la dispersion par le vent en vols fa\u00e7on parapente.<\/p>\n\n\n\n<p><\/p>\n\n\n\n<h2 class=\"wp-block-heading has-medium-font-size\" id=\"pauci\"> <strong>Pauci- :<\/strong><\/h2>\n\n\n\n<p class=\"has-medium-font-size\">Pauci veut dire peu.<\/p>\n\n\n\n<p><\/p>\n\n\n\n<h2 class=\"wp-block-heading has-medium-font-size\" id=\"paraclimax\"><strong>Paraclimax<\/strong> <strong>[Concept. Phytosociologie]<\/strong><\/h2>\n\n\n\n<p class=\"has-medium-font-size\">Stade donn\u00e9 comme terminal d&rsquo;une <a href=\"#succession\">succession<\/a> v\u00e9g\u00e9tale: souvent forestier. Le terme est pr\u00e9f\u00e9r\u00e9 \u00e0 celui de climax pour souligner qu&rsquo;il y a involution et \u00e9volution, m\u00eame au dernier stade de successions.<\/p>\n\n\n\n<p class=\"has-medium-font-size\" id=\"parasitisme\"><strong>Parasitisme [concept. \u00e9cologie]:<\/strong><\/p>\n\n\n\n<p class=\"has-medium-font-size\">Relation asym\u00e9trique entre deux ou plus organismes vivants dont l&rsquo;un vit au d\u00e9pens d&rsquo;un ou des autres. Homo sapiens sapiens conna\u00eet cela avec les infections (bact\u00e9ries ou champignons), les virus &#8230; Cela ne d\u00e9termine pas n\u00e9cessairement une maladie. Une esp\u00e8ce v\u00e9g\u00e9tale peut se trouver h\u00f4te d&rsquo;une autre esp\u00e8ce v\u00e9g\u00e9tale, parasite, et qui \u00e0 elle seule n&rsquo;a pas la capacit\u00e9 de se nourrir. Le parasite vit enti\u00e8rement au d\u00e9pens de la plante h\u00f4te. Celles de ces plantes parasites qui parviennent toutefois \u00e0 faire de la photosynth\u00e8se sont dite h\u00e9miparasites. L&rsquo;h\u00e9miparasite vit partiellement au d\u00e9pens de la plante h\u00f4te.<\/p>\n\n\n\n<p><\/p>\n\n\n\n<h2 class=\"wp-block-heading has-medium-font-size\" id=\"patrimoine\"><strong>Patrimoine<\/strong> <strong>[notion vague, ici. ]<\/strong><\/h2>\n\n\n\n<p class=\"has-medium-font-size\">Esp\u00e8ce ou espace patrimonial.e: il s&rsquo;agit d&rsquo;une notion subjective. Elle diff\u00e8re du patrimoine culturel. Le tabac, les 2 esp\u00e8ces connues des europ\u00e9ens notamment pourrait \u00eatre propos\u00e9es, si ce n&rsquo;est le cas au patrimoine culturel de l&rsquo;humanit\u00e9 en raison de son r\u00f4le dans les cultures des soci\u00e9t\u00e9s amazoniennes. Ces esp\u00e8ces \u00e0 caract\u00e8re ethno-anthropologique tr\u00e8s marqu\u00e9es prennent le nom d&rsquo;esp\u00e8ces embl\u00e9matiques.<\/p>\n\n\n\n<p class=\"has-medium-font-size\">Cette valeur alors donn\u00e9e comme symbolique, peut toutefois parfois intervenir dans les crit\u00e8res d&rsquo;attribution de cette notion. Ainsi que l&rsquo;int\u00e9r\u00eat scientifique.  <\/p>\n\n\n\n<p class=\"has-medium-font-size\">La raret\u00e9 au sens large va d\u00e9finir une esp\u00e8ce ou un espace patrimonial-e. Elles sont extraites des listes rouges, elles sont en danger ou vuln\u00e9rables. Elles sont prot\u00e9g\u00e9es ou r\u00e9glement\u00e9es. <\/p>\n\n\n\n<p class=\"has-medium-font-size\">Si non prot\u00e9g\u00e9es ou non r\u00e9glement\u00e9es, elles sont en limites d&rsquo;aires o\u00f9 la population est exceptionnelle (<a href=\"#end\u00e9misme\">end\u00e9misme<\/a>, effectifs remarquables).<\/p>\n\n\n\n<p class=\"has-medium-font-size\">L&rsquo;int\u00e9r\u00eat de cette notion est d&rsquo;insister sur la fragilit\u00e9 de certaines esp\u00e8ces ou espaces. Cela \u00e9tant dit qu&rsquo;\u00e9videmment elle attribue \u00e9motionnellement une valeur plus importante aux esp\u00e8ces et habitats en situations de pr\u00e9carit\u00e9s.<\/p>\n\n\n\n<p><\/p>\n\n\n\n<h2 class=\"wp-block-heading has-medium-font-size\" id=\"p\u00e9dal\u00e9e\"><strong>P\u00e9dal\u00e9e <strong>[descripteur. Botanique]<\/strong>.<\/strong><\/h2>\n\n\n\n<p class=\"has-medium-font-size\">Une feuille p\u00e9dal\u00e9e pr\u00e9sente 3 nervures principales avec les deux nervures <a href=\"#proximal\">proximales<\/a> ramifi\u00e9es.<\/p>\n\n\n\n<p><\/p>\n\n\n\n<h2 class=\"wp-block-heading has-medium-font-size\" id=\"p\u00e9dicelle\"><strong>P\u00e9dicelle <strong>[descripteur. Botanique]<\/strong> : <\/strong><\/h2>\n\n\n\n<p class=\"has-medium-font-size\">Dans des inflorescences, des fleurs complexes. Des tiges partent du p\u00e9doncule. Le p\u00e9doncule soutient ces tiges, et ces tiges soutiennent les p\u00e9rianthes. Ces tiges sont, si l&rsquo;on veut, de \u00ab\u00a0petits p\u00e9doncules \u00bb, des p\u00e9doncules secondaires : des p\u00e9dicelles.<\/p>\n\n\n\n<p><\/p>\n\n\n\n<h2 class=\"wp-block-heading has-medium-font-size\" id=\"p\u00e9do\"><strong>P\u00e9do:<\/strong><\/h2>\n\n\n\n<p class=\"has-medium-font-size\">Relatif au sol.<\/p>\n\n\n\n<h2 class=\"wp-block-heading has-medium-font-size\" id=\"p\u00e9doncule\"><strong>P\u00e9doncule <strong>[descripteur. Botanique]<\/strong>:<\/strong><\/h2>\n\n\n\n<p class=\"has-medium-font-size\">Le p\u00e9doncule est la tige qui soutient le <a href=\"#p\u00e9rianthe\">p\u00e9rianthe<\/a>.<\/p>\n\n\n\n<h2 class=\"wp-block-heading has-medium-font-size\" id=\"pelouse\"><strong>Pelouse<\/strong> <strong>[Descripteur. Concept. Phytosociologie. Phytog\u00e9ographie]<\/strong><\/h2>\n\n\n\n<p class=\"has-medium-font-size\">Formation naturelle v\u00e9g\u00e9tale herbac\u00e9e, souvent de faible hauteur (40 cm max, en principe). Montrant le sol. Le sol est \u00e0 nu par endroit. La biomasse est faible.<\/p>\n\n\n\n<p class=\"has-medium-font-size\">Si les pelouses peuvent se trouver en sous strates de certaines prairies. Elles sont souvent le fait de certaines contraintes (eau, temp\u00e9ratures). Plus contraint encore parmi elles: les tonsures.<\/p>\n\n\n\n<p class=\"has-medium-font-size\">Extensivement, ce qui tient du gazon dans les jardins. Ce gazon est en fait une <a href=\"#prairie\">prairie<\/a> maintenue basse par une fauche tr\u00e8s r\u00e9guli\u00e8re, compos\u00e9e principalement de <a href=\"https:\/\/lecompagnonrouge.fr\/?p=4141\">Lolium perenne<\/a>, de Poa pratensis, de Festuca rubra, de <a href=\"https:\/\/lecompagnonrouge.fr\/?p=4954\">Lolium arundinaceum<\/a>.<\/p>\n\n\n\n<h2 class=\"wp-block-heading has-medium-font-size\" id=\"pelt\u00e9e\"><strong>Pelt\u00e9e<\/strong> <strong>[descripteur. Botanique]<\/strong><\/h2>\n\n\n\n<p class=\"has-medium-font-size\">Se dit d&rsquo;une feuille <a href=\"#orbiculaire\">orbiculaire<\/a> mais dont le <a href=\"#p\u00e9tiole\">p\u00e9tiole<\/a> est attach\u00e9 au milieu du <a href=\"#limbe\">limbe<\/a><\/p>\n\n\n\n<h2 class=\"wp-block-heading has-medium-font-size\" id=\"penn\u00e9\"><strong>Penn\u00e9e<\/strong> <strong>[descripteur. Botanique]<\/strong><\/h2>\n\n\n\n<p class=\"has-medium-font-size\">Comme les pennes d&rsquo;une plume. Un <a href=\"#limbe\">limbe<\/a> penn\u00e9 pr\u00e9sente des <a href=\"#segment\">segments<\/a>, des <a href=\"#lobe\">lobes<\/a> des <a href=\"#foliole\">folioles<\/a> l&rsquo;un en face de l&rsquo;autre de chaque c\u00f4t\u00e9 du <a href=\"#rachis\">rachis<\/a> (<a href=\"#tern\u00e9\">au moins 3<\/a>).<\/p>\n\n\n\n<p class=\"has-medium-font-size\">Imparipenn\u00e9e: la feuille est termin\u00e9e par une foliole \u00e0 son extr\u00e9mit\u00e9 ext\u00e9rieure.<\/p>\n\n\n\n<p class=\"has-medium-font-size\">paripenn\u00e9e: sans cette foliole.<\/p>\n\n\n\n<figure class=\"wp-block-image size-full\"><img loading=\"lazy\" decoding=\"async\" width=\"850\" height=\"567\" src=\"https:\/\/lecompagnonrouge.fr\/wp-content\/uploads\/2025\/05\/IMG_0812.jpg\" alt=\"\" class=\"wp-image-9936\" srcset=\"https:\/\/lecompagnonrouge.fr\/wp-content\/uploads\/2025\/05\/IMG_0812.jpg 850w, https:\/\/lecompagnonrouge.fr\/wp-content\/uploads\/2025\/05\/IMG_0812-300x200.jpg 300w, https:\/\/lecompagnonrouge.fr\/wp-content\/uploads\/2025\/05\/IMG_0812-768x512.jpg 768w\" sizes=\"auto, (max-width: 850px) 100vw, 850px\" \/><figcaption class=\"wp-element-caption\">Feuille de <a href=\"https:\/\/lecompagnonrouge.fr\/?p=5719\">Fr\u00eane<\/a>. <\/figcaption><\/figure>\n\n\n\n<p><\/p>\n\n\n\n<p class=\"has-medium-font-size\">Pennatilob\u00e9e: les \u00e9chancrures des lobes atteignent moins de 50% de la longueur de la nervure du lobe concern\u00e9 (jusqu&rsquo;au <a href=\"#rachis\">rachis<\/a>): peu \u00e9chancr\u00e9.<\/p>\n\n\n\n<p class=\"has-medium-font-size\">Pennatis\u00e9qu\u00e9e: les \u00e9chancrures des lobes atteignent plus de 50% de la longueur de la nervure du lobe concern\u00e9 (jusqu&rsquo;au rachis): tr\u00e8s \u00e9chancr\u00e9.<\/p>\n\n\n\n<p class=\"has-medium-font-size\">pennatipartite: l&rsquo;\u00e9chancrure atteint le rachis de la feuille, sa nervure principale.<\/p>\n\n\n\n<p><\/p>\n\n\n\n<p><\/p>\n\n\n\n<h2 class=\"wp-block-heading has-medium-font-size\" id=\"p\u00e9rianthe\"><strong>P\u00e9rianthe <strong>[descripteur. Botanique]<\/strong>: <\/strong><\/h2>\n\n\n\n<p class=\"has-medium-font-size\">Le p\u00e9rianthe constitue grosso modo ce qu&rsquo;on appelle commun\u00e9ment la fleur. Il est constitu\u00e9 de pi\u00e8ces de protections tel que <a href=\"#s\u00e9pale\">s\u00e9pales<\/a> et <a href=\"#p\u00e9tale\">p\u00e9tales<\/a>.<\/p>\n\n\n\n<h2 class=\"wp-block-heading has-medium-font-size\" id=\"p\u00e9ridotite\"><strong>P\u00e9ridotite<\/strong> <strong>[g\u00e9ologie, lithologie. p\u00e9dologie]<\/strong><\/h2>\n\n\n\n<p class=\"has-medium-font-size\">Roche grenue contenant beaucoup d&rsquo;<a href=\"#olivine\">olivine<\/a>. La p\u00e9ridotite est ultramafique (contenant beaucoup de magn\u00e9sium et de fer), de pH basique.<\/p>\n\n\n\n<h2 class=\"wp-block-heading has-medium-font-size\" id=\"p\u00e9tale\"><strong>P\u00e9tale <strong>[descripteur. Botanique]<\/strong>: <\/strong><\/h2>\n\n\n\n<p class=\"has-medium-font-size\">Les p\u00e9tales sont le plus probablement des feuilles transform\u00e9es. Les p\u00e9tales sont plus tendres que les <a href=\"#s\u00e9pale\">s\u00e9pales<\/a>. Ils constituent notamment des pi\u00e8ces de protections (avec les s\u00e9pales) de la <a href=\"#fleur\">fleur<\/a> proprement dite (<a href=\"#\u00e9tamine\">\u00e9tamines<\/a> et <a href=\"#pistil\">pistils<\/a>) et peuvent prot\u00e9ger compl\u00e8tement ou incompl\u00e8tement cette fleur selon la position de l&rsquo;ovaire (<a href=\"#inf\u00e8re\">inf\u00e8re<\/a> ou <a href=\"#sup\u00e8re\">sup\u00e8re<\/a>).<\/p>\n\n\n\n<p><\/p>\n\n\n\n<h2 class=\"wp-block-heading has-medium-font-size\" id=\"p\u00e9tiole\"><strong>P\u00e9tiole&nbsp;<strong>[descripteur. Botanique]<\/strong>: <\/strong><\/h2>\n\n\n\n<p class=\"has-medium-font-size\">Tige d\u2019une feuille.<\/p>\n\n\n\n<p><\/p>\n\n\n\n<h2 class=\"wp-block-heading has-medium-font-size\" id=\"petiolule\"><strong>Petiolule <strong>[descripteur. Botanique]<\/strong>:<\/strong><\/h2>\n\n\n\n<p class=\"has-medium-font-size\">Tige ou presque une tige mais secondaire, en tous cas <strong>petite<\/strong>, et portant le <a href=\"#limbe\">limbe<\/a> dans une feuille <a href=\"#compos\u00e9\">compos\u00e9e<\/a>.<\/p>\n\n\n\n<p><\/p>\n\n\n\n<h2 class=\"wp-block-heading has-medium-font-size\" id=\"pH\"><strong>pH&nbsp;: <\/strong><\/h2>\n\n\n\n<p class=\"has-medium-font-size\">voir <a href=\"#potentiel-hydrog\u00e8ne\">potentiel Hydrog\u00e8ne<\/a>.<\/p>\n\n\n\n<p><\/p>\n\n\n\n<h2 class=\"wp-block-heading has-medium-font-size\" id=\"ph\u00e9nologie\"><strong>Ph\u00e9nologie<\/strong> <strong>[concepts: science du vivant]<\/strong><\/h2>\n\n\n\n<p class=\"has-medium-font-size\">Ph\u00e9no: apparence. La ph\u00e9nologie s&rsquo;int\u00e9resse aux diff\u00e9rents stades de d\u00e9veloppement d&rsquo;une plante. Stade semis, stade plantule, etc.<\/p>\n\n\n\n<p class=\"has-medium-font-size\">Les diff\u00e9rents stades sont provoqu\u00e9s par l&rsquo;accumulation de chaleur par la plante. Chaque esp\u00e8ce a des besoins diff\u00e9rents et montre une ph\u00e9nologie diff\u00e9rente. De sorte qu&rsquo;il y a des groupes d&rsquo;esp\u00e8ces \u00e0 floraisons hivernale, printani\u00e8re, estivale, tardi-estivale.<\/p>\n\n\n\n<p class=\"has-medium-font-size\">Les tous premiers stades concernant la germination peuvent en tous cas n\u00e9cessiter froid et\/ou ombre.<\/p>\n\n\n\n<p class=\"has-medium-font-size\">Les dates de floraison \u00e9taient assez pr\u00e9cises et indicatives, si l&rsquo;on se r\u00e9f\u00e8re \u00e0 la flore de Coste, par exemple. Elles le sont rest\u00e9es longtemps. L&rsquo;amplitude de pr\u00e9cision \u00e9tait de l&rsquo;ordre de 15 jours environ, et sachant qu&rsquo;il y a un d\u00e9calage d&rsquo;environ un mois parfois entre le nord et le sud de l&rsquo;hexagone. Actuellement, et plus encore dans les hyper-agglom\u00e9rations, le gradient de chaleur g\u00e9n\u00e9ral a chang\u00e9. Il s&rsquo;en suit que les floraisons peuvent \u00eatre d\u00e9cal\u00e9es mais pas toujours plus t\u00f4t. Et pas tous les ans pareils, bien \u00e9videmment (c&rsquo;\u00e9tait d\u00e9j\u00e0 le cas avant pour ce point). On peut alors choisir ou non d&rsquo;indiquer les dates de floraisons, lesquelles ont tendance \u00e0 devenir de plus en plus th\u00e9oriques, mais si positivement, il faut comprendre que c&rsquo;est une indication un peu fragile.<\/p>\n\n\n\n<h2 class=\"wp-block-heading has-medium-font-size\" id=\"phorbe\"><strong>Phorbe<\/strong><\/h2>\n\n\n\n<p class=\"has-medium-font-size\">Comme cela ne l&rsquo;indique pas forc\u00e9ment. Phorbe concerne, non pas les plantes sp\u00e9cialement p\u00e2tur\u00e9es, mais les plantes <a href=\"http:\/\/dicotyl\u00e8done\">dicotyl\u00e9dones<\/a>.<\/p>\n\n\n\n<p><\/p>\n\n\n\n<h2 class=\"wp-block-heading has-medium-font-size\" id=\"phytoc\u00e9nose\"><strong>Phytoc\u00e9nologie<\/strong> <strong>[une discipline]<\/strong><\/h2>\n\n\n\n<p class=\"has-medium-font-size\">Synonyme de <a href=\"#phytosociologie\">phytosociologie<\/a>. <\/p>\n\n\n\n<h2 class=\"wp-block-heading has-medium-font-size\" id=\"phytoc\u00e9nose\"><strong>Phytoc\u00e9nose [Concept fondamental. Phytosociologie]:<\/strong><\/h2>\n\n\n\n<p class=\"has-medium-font-size\">Formation v\u00e9g\u00e9tales, communaut\u00e9s v\u00e9g\u00e9tales suffisamment matures et constitu\u00e9es, fonctionnelles, et autonomes. Et cependant d\u00e9pendantes de facteurs biog\u00e9oclimatiques \u00e0 plus grande \u00e9chelle (atmosph\u00e8re, hydrosph\u00e8re, lithosph\u00e8re, <a href=\"#p\u00e9do\">p\u00e9dosph\u00e8re<\/a> impliquant une interrelation de toutes les parties).<\/p>\n\n\n\n<p class=\"has-medium-font-size\">En sont en principe plus ou moins exclues les <a href=\"#communaut\u00e9-basale\">communaut\u00e9s basales<\/a>. Parmi les plus courantes dans les espaces urbains.<\/p>\n\n\n\n<p class=\"has-medium-font-size\">Les phytoc\u00e9noses sont susceptibles de rassembler plusieurs <a href=\"#synusie\">synusies<\/a>. Des p\u00e9riodes de <a href=\"#relev\u00e9-phytosociologique\">relev\u00e9s<\/a> sont indiqu\u00e9es.<\/p>\n\n\n\n<h2 class=\"wp-block-heading has-medium-font-size\" id=\"phytosociologie\"><strong>Phytosociologie [une discipline]: <\/strong><\/h2>\n\n\n\n<p class=\"has-medium-font-size\">Etude des communaut\u00e9s de plantes (ou v\u00e9g\u00e9tations). Les plantes montrant des besoins sp\u00e9cifiques, se rassemblent en fonction de facteurs \u00e9cologiques notamment en lien avec le sol, le <a href=\"#\u00e9cologie-climat\">climat<\/a>. Ainsi une formation de <a href=\"#savane\">Savane<\/a>, une formation foresti\u00e8re, une prairie, un champs cultiv\u00e9 (retourn\u00e9), une prairie grasse, une prairie pauvre, etc.&nbsp;<\/p>\n\n\n\n<p class=\"has-medium-font-size\">La phytosociologie est une science statistique et <a href=\"#d\u00e9mographie\">d\u00e9mographique<\/a>. Aussi, je conseille le livre de Bouxin pour prolonger, Analyse statistique des v\u00e9g\u00e9tations. Egalement disponible \u00e0 la lecture ouverte.<\/p>\n\n\n\n<p class=\"has-medium-font-size\">Des ing\u00e9nieurs \u00e9cologues s&rsquo;interrogent parfois sur la pertinence de cette discipline vis \u00e0 vis de la typologie <a href=\"#eunis\">Eunis<\/a> bien coh\u00e9rente et extr\u00eamement pratique. La phytosociologie semble plus chronophage. L&rsquo;effectuation des <a href=\"#relev\u00e9-phytosociologique\">relev\u00e9s<\/a>, etc. Cependant, de mani\u00e8re plus g\u00e9n\u00e9rale, il faut prendre en compte que la phytosociologie s&rsquo;articule avec la botanique du c\u00f4t\u00e9 de l&rsquo;\u00e9cologie de la plante (son auto-\u00e9cologie). Elle est \u00e9galement utilis\u00e9e en pal\u00e9o-\u00e9cologie &#8230; Il me vient au fond juste l&rsquo;id\u00e9e que si il y avait un besoin interdisciplinaire, il y a alors ce petit c\u00f4t\u00e9 pratique o\u00f9 toutes les donn\u00e9es peuvent se mettre bien en place. Au fond, c&rsquo;est une question de perspective de travail.<\/p>\n\n\n\n<p class=\"has-medium-font-size\">Elle me semble cependant beaucoup plus pr\u00e9cise. Je pense notamment \u00e0 un cas devenu plut\u00f4t courant. L&rsquo;abandon de culture. Une prairie ou une culture sarcl\u00e9e \u00e9ventuellement. Mais essentiellement le prairial. En abandon de culture. Jusqu&rsquo;\u00e0 quand on est sur du prairial, et \u00e0 partir de quand on est sur de la \u00ab\u00a0friche\u00a0\u00bbau sens large autrement dit pour le prairial de l&rsquo;ourlet ? La proposition de Catteau et al dans le guide de d\u00e9termination des v\u00e9g\u00e9tations du nord de la France semble claire: moins de 50% de recouvrement ou plus de 50% par des plantes d&rsquo;<a href=\"#ourlet\">ourlets<\/a> dans le prairial. Sachant donc que tout cela peut-\u00eatre tr\u00e8s \u00ab\u00a0discret\u00a0\u00bb, pas toujours compl\u00e8tement perceptible de mani\u00e8re spontan\u00e9e.<\/p>\n\n\n\n<p class=\"has-medium-font-size\">Les communaut\u00e9s de plantes \u00e9tudi\u00e9es t\u00e9moignent des conditions anthropiques et <a href=\"#abiotique\">abiotiques<\/a> (<a href=\"#\u00e9cologie-climat\">climat<\/a>, sols) o\u00f9 elles se trouvent.<\/p>\n\n\n\n<p class=\"has-medium-font-size\">Elle est donc cens\u00e9e se pr\u00e9senter comme comprenant ou avoir des r\u00e9f\u00e9rence \u00e0 la phyto-\u00e9cologie (ce qui ressort de la p\u00e9dologie, et de la g\u00e9ologie), et les \u00e9ventuels caract\u00e8res indicateurs. Elle pr\u00e9sente historiquement deux m\u00e9thodes, la sigmatiste ou braun-blanquetienne, et la synusiale. La premi\u00e8re est une m\u00e9thode mis au point Josias Braun-Blanquet et correspond au terrain. La seconde mise au point par Bruno de Foucault, Fran\u00e7ois Gillet et Philippe Julve est beaucoup plus analytique. Les r\u00e9f\u00e9rentiels qui servent sur le terrain indiquent par principe les donn\u00e9es de la phytosociologie synusiale. Cette derni\u00e8re travaille sur les rapports logiques concernant les donn\u00e9es g\u00e9ographiques, temporels, ou d&rsquo;\u00e9v\u00e8nements et de traitements entre les diff\u00e9rentes <a href=\"#synusie\">synusies<\/a>. C&rsquo;est ainsi que dans un r\u00e9f\u00e9rentiel concernant par exemple une prairie, il est aussi fait r\u00e9f\u00e9rence aux groupements v\u00e9g\u00e9taux qui la borde et qui repr\u00e9sente l&rsquo;avenir des groupements v\u00e9g\u00e9taux de la prairie si toutefois le traitement que l&rsquo;humain procure au <a href=\"#locus\">locus<\/a> devait s&rsquo;arr\u00eater. Par ailleurs des r\u00e9f\u00e9rentiels font \u00e9tat de la physionomie du groupement v\u00e9g\u00e9tal d\u00e9crit. Cette physionomie est fort pratique, et c&rsquo;est sur cette logique qu&rsquo;est aussi construit le code Eunis.<\/p>\n\n\n\n<p class=\"has-medium-font-size\"><\/p>\n\n\n\n<p class=\"has-medium-font-size\">Finalement, l&rsquo;objet donc de cette discipline subit deux influences signal\u00e9es comme permanentes et obligatoires. Ce sont donc les seules, dans le champs de cette discipline, \u00e0 devoir \u00eatre mentionn\u00e9e avec un haut degr\u00e9 de priorit\u00e9: la g\u00e9ologie ( ou lithologie+ remarques \u00e9ventuelles sur la p\u00e9dologie ou idem et chimie et mouvement concernant les plantes flottantes dans le domaine aquatique) et le climat (atmosph\u00e8re et hydrosph\u00e8re, etc.). Les espaces rud\u00e9raux et sarcl\u00e9s donnent lieux \u00e0 des communaut\u00e9s de plantes li\u00e9es \u00e0 des espaces secondaires anthropis\u00e9s mais tout particuli\u00e8rement distincts des autres communaut\u00e9s par leurs floristiques.<\/p>\n\n\n\n<p>Si un groupe de ligneux (boisement) identifiable au travers d&rsquo;une phytoc\u00e9nose ad hoc ne correspond pas compl\u00e8tement \u00e0 l&rsquo;\u00e9cologie perceptible du lieu: la <a href=\"#phytoc\u00e9nose\">phytoc\u00e9nose<\/a> est n\u00e9anmoins juste. C&rsquo;est ce qui int\u00e9resse. Cela n&#8217;emp\u00eache dans un second temps, mais de mani\u00e8re s\u00e9par\u00e9e donc, de chercher et de trouver l&rsquo;autre influence, tr\u00e8s probablement d&rsquo;origine humaine, et tr\u00e8s probablement: un am\u00e9nagement.<\/p>\n\n\n\n<p>Dans le cas d&rsquo;incidence de gros <a href=\"#ing\u00e9nieur-de-l'\u00e9cosyst\u00e8me\">ing\u00e9nieurs de l&rsquo;\u00e9cosyst\u00e8me<\/a>, ou plus pr\u00e9cis\u00e9ment des autres b\u00e2tisseurs que l&rsquo;humain (je reste un peu bloqu\u00e9 sur le castor), c&rsquo;est d&rsquo;une part consid\u00e9r\u00e9 comme rare. C&rsquo;est aussi actuellement renvoy\u00e9 aux ing\u00e9nieurs de l&rsquo;\u00e9cosyst\u00e8me, parce que dans la pratique, la m\u00e9thode d&rsquo;observation ne permet rien en tous cas du c\u00f4t\u00e9 de la phytosociologie.<\/p>\n\n\n\n<p><\/p>\n\n\n\n<p class=\"has-medium-font-size\">Les crit\u00e8res de raisonnements pour les groupes de plantes sont en premier lieu la floristique, et en second lieu l&rsquo;aspect fonctionnel (<a href=\"#rud\u00e9ral\">rud\u00e9ral<\/a> est un aspect fonctionnel). la phytosociologie est hi\u00e9rarchis\u00e9 dans ce sens.<\/p>\n\n\n\n<p class=\"has-medium-font-size\">Les <a href=\"#succession\">successions<\/a> des communaut\u00e9s primaires (\u00ab\u00a0naturelles\u00a0\u00bb) ou secondaires (\u00ab\u00a0+-anthropiques\u00a0\u00bb) sont \u00e9tudi\u00e9es. Les communaut\u00e9s et successions secondaires sont signal\u00e9es comme telles.<\/p>\n\n\n\n<h2 class=\"wp-block-heading has-medium-font-size\" id=\"pistil\"><br><strong>Pistil <strong>[Organe. Pour description botanique]<\/strong>: <\/strong><\/h2>\n\n\n\n<p class=\"has-medium-font-size\">Le pistil est compos\u00e9 du stigmate (porte d&rsquo;entr\u00e9e du pollen), du tube stigmatique ou style, et de l&rsquo;ovaire qui comprends les ovules. Si l&rsquo;ovaire n&rsquo;est pas prot\u00e9g\u00e9 par le calice, si celui est au-dessus, la fleur est donc \u00e0 ovaire inf\u00e8re. Si le calice recouvre l&rsquo;ovaire, la fleur est sup\u00e8re ou \u00e0 ovaire sup\u00e8re.<\/p>\n\n\n\n<p><\/p>\n\n\n\n<h2 class=\"wp-block-heading has-medium-font-size\" id=\"plagioclases\"><strong>Plagioclases<\/strong> <strong>[g\u00e9ologie, lithologie, p\u00e9dologie]<\/strong><\/h2>\n\n\n\n<p class=\"has-medium-font-size\">Les plagioclases forment une s\u00e9rie min\u00e9rale allant continument de l&rsquo;acide au basique. Fait partie (avec l&rsquo;olivine) des roches favorables \u00e0 l&rsquo;alt\u00e9ration en argile. Les feldspaths sont des plagioclases. <\/p>\n\n\n\n<p><\/p>\n\n\n\n<h2 class=\"wp-block-heading has-medium-font-size\" id=\"plo\u00efdie\"><strong>Plo\u00efdie&nbsp;[g\u00e9n\u00e9tique senso lato]: <\/strong><\/h2>\n\n\n\n<p class=\"has-medium-font-size\">Jeux complets de chromosomes dans une cellule d\u2019un organisme donn\u00e9. Le chromosome correspond \u00e0 une mol\u00e9cule d\u2019ADN, laquelle porte de l\u2019information g\u00e9n\u00e9tique (ainsi que des prot\u00e9ines). Les chromosomes et les all\u00e8les sont en double dans un organisme. Ici, il s\u2019agit d\u2019identifier et compter les all\u00e8les. Les all\u00e8les sont les versions possibles d\u2019un m\u00eame g\u00e8ne, mais diff\u00e9rant par leurs s\u00e9quences. <\/p>\n\n\n\n<p class=\"has-medium-font-size\">Les esp\u00e8ces v\u00e9g\u00e9tales peuvent \u00eatre polyplo\u00efdes, cela \u00e0 la diff\u00e9rence de la plupart des esp\u00e8ces animales. Si une esp\u00e8ce animale se trouve \u00eatre polyplo\u00efde, elle meure le plus souvent ou parfois donne lieu \u00e0 une sorte de \u00ab&nbsp;chim\u00e8re&nbsp;\u00bb. Les esp\u00e8ces v\u00e9g\u00e9tales polyplo\u00efdes sont susceptibles d\u2019\u00eatre plus vigoureuses, et poss\u00e8dent en tous cas une capacit\u00e9 \u00e0 traverser les barri\u00e8res \u00e9cologiques.<\/p>\n\n\n\n<p class=\"has-medium-font-size\">Pour le r\u00e8gne v\u00e9g\u00e9tal uniquement, l&rsquo;allopolyplo\u00efdie, c&rsquo;est \u00e0 dire l&rsquo;acquisition de la polyplo\u00efdie suite \u00e0 un flux de g\u00e8nes d&rsquo;un autre taxon (hybridation, donc) poss\u00e8de un potentiel sp\u00e9ciant. En effet, un polyplo\u00efde ne peut se reproduire avec un diplo\u00efde.<\/p>\n\n\n\n<h2 class=\"wp-block-heading has-medium-font-size\" id=\"Podzolisation\"><strong>Podzolisation<\/strong> <strong>[p\u00e9dologie]<\/strong><\/h2>\n\n\n\n<p class=\"has-medium-font-size\">La podzolisation a lieu sous l&rsquo;incidence du froid et de la pluie et concerne des types de sols d&rsquo;assez hautes latitudes. Des effets de podzolisation peuvent toutefois \u00eatre parfois plus ou moins engag\u00e9s, de par diff\u00e9rents facteurs, sous nos latitudes.<\/p>\n\n\n\n<p class=\"has-medium-font-size\">Des sols acides et peu pourvu en argiles soumis \u00e0 de la mati\u00e8re organique acide (Pinus sylvestris, ericaceae) <a href=\"#ch\u00e9lation\">ch\u00e9late<\/a> l&rsquo;argile qui glisse dans des <a href=\"#horizons\">horizons<\/a> plus profond que la surface du sol (horizon O-A). Le sol n&rsquo;est presque plus fertile.<\/p>\n\n\n\n<p class=\"has-medium-font-size\">Dans un podzol, l&rsquo;<a href=\"#horizon\">horizon<\/a> O-A, l&rsquo;horizon de surface pr\u00e9sent un humus de type mor (tr\u00e8s sombre, tr\u00e8s acide, \u00e0 d\u00e9gradation tr\u00e8s lente, avec une liti\u00e8re \u00e9paisse). La mati\u00e8re organique a gliss\u00e9 (par \u00e9luviation) dans l&rsquo;horizon B. <\/p>\n\n\n\n<p class=\"has-medium-font-size\">Un horizon d&rsquo;elluviation E (lessivage vertical) s&rsquo;est ins\u00e9r\u00e9 entre l&rsquo;horizon A et l&rsquo;horizon B. L&rsquo;horizon d&rsquo;\u00e9luviation est de teinte cendr\u00e9, d\u00e9pourvue de cette mati\u00e8re organique, d\u00e9pourvue surtout de min\u00e9raux et d&rsquo;argiles. <\/p>\n\n\n\n<p class=\"has-medium-font-size\">L&rsquo;horizon B est brun roug\u00e2tre, noir a re\u00e7u de la mati\u00e8re organique (acide fulvique), et des oxydes de fer, et d&rsquo;aluminium, notamment dans la partie sup\u00e9rieure de cette horizon. Lequel est parfois ciment\u00e9 dans sa partie inf\u00e9rieure (juste au dessus de l&rsquo;horizon C)<\/p>\n\n\n\n<h2 class=\"wp-block-heading has-medium-font-size\" id=\"poils\"><br><strong>Poils&nbsp;<strong>[descripteur. Botanique]<\/strong>: <\/strong><\/h2>\n\n\n\n<p class=\"has-medium-font-size\">Pour les plantes, ce terme est utilis\u00e9 de mani\u00e8re extensive ou un peu abusive. Il ne s\u2019agit pas d\u2019un organite mais d\u2019une extension de l\u2019\u00e9piderme. Les poils peuvent \u00eatre fourchus, simples en navette, courts, longs, dress\u00e9s ou hirsutes, souples, rares ou tapissant, etc.<\/p>\n\n\n\n<p><\/p>\n\n\n\n<h2 class=\"wp-block-heading has-medium-font-size\" id=\"pollen\"><br><strong>Pollen&nbsp;[botanique]: <\/strong><\/h2>\n\n\n\n<p class=\"has-medium-font-size\">Se pr\u00e9sente comme de petits grains \u00e9voquant une poussi\u00e8re. Ce sont de petits sacs produisant et contenant les gam\u00e8tes m\u00e2les.<\/p>\n\n\n\n<p><\/p>\n\n\n\n<h2 class=\"wp-block-heading has-medium-font-size\" id=\"polymorphisme\"><br><strong>Polymorphisme [botanique]: <\/strong><\/h2>\n\n\n\n<p class=\"has-medium-font-size\">Concerne le fait qu\u2019il y ait une divers!t\u00e9 de forme d\u2019un organe, cela au sein d\u2019un taxon. Cela ne pr\u00e9sente pas de rapport avec le polyph\u00e9nisme. Le polyph\u00e9nisme n\u2019existe pas dans le monde v\u00e9g\u00e9tal. Le polymorphisme met en jeu des variations g\u00e9n\u00e9tiques au sein d\u2019une population ou d\u2019un taxon. Pour le polyph\u00e9nisme, il s\u2019agit de l\u2019expression d\u2019une variation ph\u00e9notypique, au sein d\u2019un m\u00eame g\u00e9notype. Typiquement, un individu peut prendre plusieurs aspects. Changement de couleur &#8230; Selon des \u00e9v\u00e8nements apparaissant dans l&rsquo;environnement. Le lemming ou la Belette qui deviennent blancs quand il y a de la neige. Pour un taxon v\u00e9g\u00e9tal, le polymorphisme indique la variation morphologique au sein de ce taxon de certains organes. Comme les feuilles, par exemples &#8230;<\/p>\n\n\n\n<p><\/p>\n\n\n\n<h2 class=\"wp-block-heading has-medium-font-size\" id=\"potentiel-hydrog\u00e8ne\"><br><strong>Potentiel Hydrog\u00e8ne [essentiel! ]&nbsp;: <\/strong><\/h2>\n\n\n\n<p class=\"has-medium-font-size\">Le potentiel Hydrog\u00e8ne est une mesure d\u2019acidit\u00e9 ou de basicit\u00e9. De 1 \u00e0 14. 7 \u00e9tant neutre. 1 hyper acide, 14 hyper basique. Pour s&rsquo;en faire une image: au niveau et en de\u00e7\u00e0 du pH du piment (4,3 \u00e0 5,2), l\u2019\u00e9quilibre trophique d\u2019un sol peut prendre un caract\u00e8re plus stochastique (en de\u00e7\u00e0 de 4,5 de m\u00e9moire). Au niveau du pH du citron (environ 3 pour le pH du citron; en de\u00e7\u00e0 de 3 pour la possibilit\u00e9 des plantes \u00e0 vivre)&nbsp;: la v\u00e9g\u00e9tation est nulle.<\/p>\n\n\n\n<p class=\"has-medium-font-size\">Noter que pour l&rsquo;eau comme pour l&rsquo;usage courant des sols (agricole par exemple), le neutre est pos\u00e9 intuitivement \u00e0 7. Mais il semble que p\u00e9dologiquement le neutre soit \u00e0 5, 47 et des poussi\u00e8res, soit 5, 5. <\/p>\n\n\n\n<p class=\"has-medium-font-size\">Dans les sols neutres et neutro-calcicoles, la <a href=\"#ch\u00e9lation\">ch\u00e9lation<\/a> organo-min\u00e9rale se fait avec le calcaire not\u00e9 Ca, dans les sols acides (dont le pH est inf\u00e9rieur \u00e0 5) les liaisons organo-min\u00e9rales se font avec l&rsquo;hydrog\u00e8ne acidifiant en premier lieu mais \u00e9galement par la suite avec l&rsquo;aluminium (Al), et avec le fer (Fe). Or l&rsquo;aluminium et le fer sont plus instables, alors que les liaisons avec les \u00e9l\u00e9ments calcaires sont tr\u00e8s fortes. Ils sont en particulier \u00e0 certaines doses phytotoxiques.<\/p>\n\n\n\n<p class=\"has-medium-font-size\">Le pH est plus \u00e9lev\u00e9 l&rsquo;hiver que l&rsquo;\u00e9t\u00e9. La variation saisonni\u00e8re sous nos climats est d&rsquo;environ 1\/2 point.<\/p>\n\n\n\n<p class=\"has-medium-font-size\">Les sols acides pr\u00e9sentent une richesse microbienne moindre, une <a href=\"#cec\">capacit\u00e9 d&rsquo;\u00e9change cationique<\/a> potentiellement moindre.<\/p>\n\n\n\n<p class=\"has-medium-font-size\"><mark style=\"background-color:rgba(0, 0, 0, 0)\" class=\"has-inline-color has-vivid-red-color\">Le potentiel Hydrog\u00e8ne \u00e0 quelques \u00e9gards peut \u00eatre consid\u00e9r\u00e9 comme le chef d&rsquo;orchestre des processus p\u00e9dologiques.<\/mark><\/p>\n\n\n\n<p class=\"has-medium-font-size\">Voir \u00e9galement: pouvoir <a href=\"#tampon\">tampon<\/a><\/p>\n\n\n\n<p><\/p>\n\n\n\n<h2 class=\"wp-block-heading has-medium-font-size\" id=\"prairie\"><strong>Prairie<\/strong> <strong>[Descripteur. Concept. Phytosociologie]<\/strong><\/h2>\n\n\n\n<p class=\"has-medium-font-size\">Formation herbac\u00e9e normalement dense et ferm\u00e9e (on ne voit plut\u00f4t pas le sol), pr\u00e9sentant donc en principe une important biomasse, domin\u00e9e par des poaceae et notamment des gramino\u00efdes, mais aussi compos\u00e9es d&rsquo;esp\u00e8ces \u00e0 fleurs plus grandes. La hauteur est d&rsquo;au moins 40 cm. Se distingue ainsi des <a href=\"#pelouse\">pelouses<\/a> que la prairie domine (pr\u00e9sence de plantes de pelousaire en sous strate). A distinguer aussi des <a href=\"#steppe\">steppes<\/a> (dont certaines semblent trompeuses).<\/p>\n\n\n\n<p class=\"has-medium-font-size\">Prairies de fauches et prairies de pacages, voir aussi <a href=\"#pratiques-agricoles\">Pratiques agricoles<\/a><\/p>\n\n\n\n<p class=\"has-medium-font-size\"><\/p>\n\n\n\n<p class=\"has-medium-font-size\"><\/p>\n\n\n\n<h2 class=\"wp-block-heading has-medium-font-size\" id=\"pratiques-agricoles\"><strong>Pratiques agricoles (3 grands traitements) [typologie agricole]:<\/strong><\/h2>\n\n\n\n<ul class=\"wp-block-list\">\n<li>La fauche a lieu le plus souvent 2 fois par an mais peut voir \u00e0 l&rsquo;automne au lieu d&rsquo;une fauche le pacage d&rsquo;animaux. Les prairies fauch\u00e9es sont sensibles \u00e0 l&rsquo;ourlification. Cela se passe rapidement. Les toutes premi\u00e8res phases dynamiques vers le climax sont susceptibles d&rsquo;\u00eatre tr\u00e8s vite un peu pr\u00e9sente.<\/li>\n\n\n\n<li>L&rsquo;abroutissement est \u00e0 comprendre comme une fauche extr\u00eamement r\u00e9guli\u00e8re \u00e0 laquelle s&rsquo;adjoint selon l&rsquo;unit\u00e9 de b\u00e9tail par hectare, un pi\u00e9tinement plus ou moins prononc\u00e9 ( \u00e9galement fonction de l&rsquo;intensivit\u00e9 ou de l&rsquo;extensivit\u00e9 de la pratique). Dans les milieux clos, une part de ce qui est export\u00e9 par abroutissement est rendu par les f\u00e8ces, l\u00e0 o\u00f9 a eu lieu l&rsquo;exportation. La r\u00e9gularit\u00e9 de la fauche par abroutissement maintient fortement le milieu. Par ailleurs, le pi\u00e9tinement donne une \u00ab\u00a0couleur\u00a0\u00bb \u00e0 ce milieu. <\/li>\n\n\n\n<li>Le labour a des effets tr\u00e8s particuliers. Le premier effet du labour est le d\u00e9sherbage des <a href=\"#raunkaier\">h\u00e9micryptophytes et bien moindrement des g\u00e9ophytes<\/a>. Le labour a ceci de particulier qu&rsquo;il rud\u00e9ralise. Transforme totalement le milieu. Le second effet est suite \u00e0 la puissance du d\u00e9sherbage et \u00e0 l&rsquo;exportation tr\u00e8s importante des cultures et de leurs restes, l&rsquo;affaiblissement \u00e0 un niveau plus bas que les autres pratiques agricoles de la fertilit\u00e9 naturelle (voir: <a href=\"#carbone-azote\">C\/N<\/a>; <a href=\"#cec\">CEC<\/a>), et l&rsquo;implication d&rsquo;amendement. La texture et la structure du sol produites par le labour provoquent cependant de nombreux avantages, y compris vis \u00e0 vis de la fertilit\u00e9 (min\u00e9ralisation plus rapide en lien avec le p\u00e9doclimat plus chaud car les pores \u00e9tant plus gros, la quantit\u00e9 d&rsquo;air, lequel se r\u00e9chauffe et se refroidit vite, est plus importante, et notamment: r\u00e9tention d&rsquo;eau a effet thermostatique). Lorsque le soc retourne la terre. C&rsquo;est \u00e0 dire le labour tel qu&rsquo;on le connait aujourd&rsquo;hui: d&rsquo;une part il a\u00e8re certaines parties. D&rsquo;autre part, si le labour est profond, il m\u00e9lange les couches de sols. Ce qui a pour cons\u00e9quence d&rsquo;envoyer une partie des micro-organismes de milieux oxyg\u00e9n\u00e9s dans une zone plus anoxique. Cela limitant plus ou moins fortement la d\u00e9gradation de la mati\u00e8re organique vers l&rsquo;humification, et sa transformation en azote. Il tend \u00e0 rompre pour partie et \u00e0 terme le cycle carbone -&gt;azote. Mais le labour en g\u00e9n\u00e9ral est aussi l&rsquo;occasion d&rsquo;amender, d&rsquo;enrichir le sol. Les toutes premi\u00e8res phases dynamiques vers le climax, lors d&rsquo;un abandon du culture, s&rsquo;en ressentent. Et donne lieu \u00e0 une flore particuli\u00e8re: le <a href=\"https:\/\/lecompagnonrouge.fr\/?page_id=3348#Stellarietea-mediae\">Stellarietea mediae <\/a>(voir Ordre 68.01 et 68.02). Sont compris ici par labour (sauf pr\u00e9cision de labour profond) tout types de labour, y compris labour superficiel (ou pseudo-labour).<\/li>\n<\/ul>\n\n\n\n<p>Pr\u00e9cisions terminologiques<\/p>\n\n\n\n<p>Actuellement, on consid\u00e8re le pseudo labour comme int\u00e9grant les pratiques de non labour. Je trouve \u00e7\u00e0 contestable.<\/p>\n\n\n\n<p>Ici, est entendu<\/p>\n\n\n\n<p>Non labour: agriculture naturelle (Masanobu Fukuoka), agriculture de conservation. Voir aussi <a href=\"#fukuoka\">agriculture naturelle\/agriculture de conservation<\/a><\/p>\n\n\n\n<p>Labour: labour superficiel ou pseudo labour (tracer un sillon*), labour classique (avec m\u00e9lange de la terre mais n&rsquo;atteignant pas la couche anoxique du sol), labour profond (40 cm, 50 cm: m\u00e9lange de la terre impliquant la couche anoxique du sol): Le simple passage de l&rsquo;araire, tra\u00e7age de sillon mais assez imparfait, tends probablement \u00e0 laisser une flore adventice de prairial (<a href=\"https:\/\/lecompagnonrouge.fr\/?p=4141\">Lolium perenne<\/a>, etc.). Voir pour labour tr\u00e8s superficiel Chicouene (2000) sur la question de la transition vers le \u00ab\u00a0non-labour\u00a0\u00bb; hypoth\u00e8se connexe et un peu diff\u00e9rente apparemment mais \u00e0 v\u00e9rifier dans le sens o\u00f9 je suis intrigu\u00e9, concernant des outils moins perfectionn\u00e9s\/modernes: Berson &amp; Huitorel (2022; programme de colloque), avec la profondeur de la lame dans le sol. Bon l\u00e0 mais je glisse apparemment ant\u00e9c\u00e9demment sur Caton, en tous cas si il s&rsquo;agit de l&rsquo;<em>Artemisietalia<\/em>, c&rsquo;est une preuve de la beaut\u00e9 de l&rsquo;humain. Dans ce sens o\u00f9 je l&rsquo;entends: l&rsquo;<a href=\"https:\/\/lecompagnonrouge.fr\/?page_id=3348#Artemisietea\">Artemisietea<\/a>, j&rsquo;ai tendance \u00e0 le rapprocher des v\u00e9g\u00e9tations des abords de corps de fermes. Egalement certainement assez proches par certains aspects des m\u00e9gaphorbiaies dont certaines peuvent avoir \u00e9t\u00e9 p\u00e9riodiquement p\u00e2tur\u00e9es. L&rsquo;impression que \u00e7\u00e0 me laisse, ce n&rsquo;est pas tant que la flore jug\u00e9e disgracieuse ne soit plus la m\u00eame, change au fil du temps, mais aussi que la distinction entre les parties selon l&rsquo;objet du travail semble alors plus poreuse dans le pass\u00e9 qu&rsquo;aujourd&rsquo;hui. Impression &#8230; Ces friches restent peut-\u00eatre plus ou moins mal comprises d&rsquo;un point de fonctionnel, mais il y a des tropes sur le pi\u00e9tinement, trope un peu plus l\u00e9ger sur l&rsquo;ombrage mais tout de m\u00eame interrogeant, et surtout sur une trophie pouvant \u00eatre jusqu&rsquo;\u00e0 tr\u00e8s \u00e9lev\u00e9e &#8230; Par contre, puisque plusieurs jours apr\u00e8s, cela continue de me surprendre &#8230; J&rsquo;ai tout simplement pens\u00e9 que j&rsquo;ai personnellement not\u00e9 la pr\u00e9sence de plantes de l&rsquo;Aegopodion sur des sols de cultures paill\u00e9s (ce que j&rsquo;appelle jardin-carbone). Or c&rsquo;est le <a href=\"https:\/\/lecompagnonrouge.fr\/?p=3959\">sureau Y\u00e8ble<\/a> si pr\u00e9sent qui me chafouine le plus. L&rsquo;<a href=\"https:\/\/lecompagnonrouge.fr\/?page_id=3348#aegopodion\">Aegopodion podagrariae<\/a>, ourlet humide avec une petit trait de m\u00e9gaphorbiaie, est en parfaite correspondance (florstique sauf la menthe, avec les propos de Caton). Pour cette esp\u00e8ce, laquelle participe \u00e0 la composition de la phytoc\u00e9nose. L&rsquo;Aegopodion est un ourlet mais il est parfois en bords de cultures. Correspondance donc pour les conditions d&rsquo;apparitions. Il est par ailleurs favoris\u00e9 par l&rsquo;humidit\u00e9 et par une forte \u00e0 tr\u00e8s forte trophie. Correspondance donc pour le fumage des sols. Je ne prends pas Caton pour un phytosociologue avant l&rsquo;heure. J&rsquo;ai par contre une certaine admiration pour M.P. Ruas. J&rsquo;imagine qu&rsquo;elle a pens\u00e9 \u00e0 cela: que la menthe soient courante en bas de pente et prise surnum\u00e9rairement par Caton. J&rsquo;imagine sans en \u00eatre totalement s\u00fbr. Aussi une formation que l&rsquo;on a d\u00e9sormais remarqu\u00e9 bordant parfois les cultures contre une formation de corps de fermes. Voil\u00e0 ce qui pourrait toutefois peut-\u00eatre se poser. Ce qui me frappe sur le Y\u00e8ble, c&rsquo;est que ce serait de le laisser s&rsquo;\u00e9tendre. C&rsquo;est tout de m\u00eame assez encombrant. Or, hors le labour, il y a d&rsquo;autres mani\u00e8res de se d\u00e9barrasser des vivaces \u00e0 enracinement profonds: l&rsquo;\u00e9puisement par la fauche r\u00e9guli\u00e8re. Et en ce qui concerne en tous cas la grande <a href=\"https:\/\/lecompagnonrouge.fr\/?p=1983\">foug\u00e8re aigle<\/a>, laquelle \u00e9tait pioch\u00e9e jusque courant XX \u00e8me si\u00e8cle (sur des sols oppos\u00e9s au niveau pH &amp; dans autres groupements), l&rsquo;\u00e9puisement par b\u00e2tonnage. On la b\u00e2tonne en prenant soin de ne pas casser enti\u00e8rement la hampe de mani\u00e8re \u00e0 ce que le rhizome continue d&rsquo;alimenter la fronde (mais la fronde ne peut plus alimenter suffisamment le rhizome qui finit par dess\u00e9cher). C&rsquo;est pourquoi je me permet de mettre cette id\u00e9e \u00e0 gros pieds en l&rsquo;air avant d&rsquo;avoir vu des relev\u00e9s. Car la pr\u00e9sence de plantes inattendues peut dans ce cas en fait ne pas interf\u00e9rer trop avec le travail des champs. Le truc avec l&rsquo;artermisietea c&rsquo;est que cela me para\u00eet un peu fou fou.<\/p>\n\n\n\n<p>Autres sarclages pour aires de petites dimensions: serfouette, houe, fourche-b\u00eache, b\u00eache: ces sols sont tr\u00e8s riches tant en mati\u00e8re organique qu&rsquo;en azote.<\/p>\n\n\n\n<p>Sous solage: utilisation d&rsquo;une charrue permettant le d\u00e9compactage des couches profonde du sol.<\/p>\n\n\n\n<p>Top soil inversion. Cette technique est \u00e0 mettre en lien avec le labour profond. Au lieu de m\u00e9langer la couche a\u00e9robie et la couche ana\u00e9robie, les deux couches sont invers\u00e9es. De sorte que les bact\u00e9ries a\u00e9robies en grandes difficult\u00e9s. Cette technique a pour but de d\u00e9fertiliser un sol. Elle comporte des risques: en pr\u00e9sence de trop d&rsquo;eau, la mati\u00e8re organique renvoy\u00e9e trop profond\u00e9ment en milieu anoxique va mal se d\u00e9grader (d\u00e9gradation de type tourbe et dans un pire des cas une d\u00e9gradation analogue \u00e0 une m\u00e9thanisation si noyage). Aussi le d\u00e9sherbage doit n\u00e9cessairement pr\u00e9c\u00e9der.<\/p>\n\n\n\n<p class=\"has-medium-font-size\">Voir \u00e9galement <a href=\"#feu\">Feu<\/a>, et <a href=\"#fukuoka\">Agriculture naturelle\/agriculture de conservation<\/a> pour d&rsquo;autres pratiques agricoles, mais plus particuli\u00e8res.<\/p>\n\n\n\n<p class=\"has-medium-font-size\">Autres renvois concernant les parcelles cultiv\u00e9s: <a href=\"#agriculture\">Agriculture<\/a>, <a href=\"#arch\u00e9ophyte\">Arch\u00e9ophytes<\/a>, <a href=\"#cycle-eau\">Cycle de l&rsquo;eau<\/a>, <a href=\"#cycle-phosphore\">Cycle du phosphore<\/a>, <a href=\"#cycle-azote\">Cycle de l&rsquo;azote<\/a>, <a href=\"#cah\">CAH<\/a>, <a href=\"#nitrophile\">Nitrophile<\/a>, <a href=\"#carbone-azote\">Carbone-azote<\/a>, <a href=\"#cec\">CEC<\/a>, <a href=\"#potentiel-hydrog\u00e8ne\">Potentiel Hydrog\u00e8ne<\/a>, <a href=\"#trophie\">Trophie<\/a>, <a href=\"#sid\u00e9rophore\">Sid\u00e9rophore<\/a>, <a href=\"#humus\">Humus<\/a>, <a href=\"#rhizosph\u00e8re\">Rhizosph\u00e8re<\/a>, <a href=\"#limon\">Limon<\/a>, <a href=\"#argile\">Argile<\/a>, <a href=\"#sable\">Sable<\/a>, <a href=\"#ing\u00e9nieur-de-l'\u00e9cosyst\u00e8me\">Ing\u00e9nieurs de l&rsquo;\u00e9cosyst\u00e8me<\/a>, <a href=\"#calcaire\">Calcaire<\/a>, <a href=\"#\u00e9cologie-g\u00e9ologie\">G\u00e9ologie<\/a>, <a href=\"#\u00e9cologie-climat\">Climat<\/a><\/p>\n\n\n\n<p><\/p>\n\n\n\n<h2 class=\"wp-block-heading has-medium-font-size\" id=\"preuve\"><strong>Preuve (?)<\/strong><\/h2>\n\n\n\n<p class=\"has-medium-font-size\">La preuve est presque un gros mot, en tant qu\u2019elle est \u00e9volutive. Ce qui cependant indique justement sa pertinence. On ne peut pourtant non plus situer la science seulement dans son \u00e9volutivit\u00e9, car il y a des acquis&nbsp;: une pomme n\u2019a qu\u2019une unique mani\u00e8re de chuter depuis Newton.<\/p>\n\n\n\n<p class=\"has-medium-font-size\">Pour administrer une \u00ab&nbsp;preuve&nbsp;\u00bb, id\u00e9alement, il faut pouvoir proc\u00e9der \u00e0 la conduite rigoureuse d\u2019une exp\u00e9rimentation.<\/p>\n\n\n\n<p class=\"has-medium-font-size\">L\u2019exp\u00e9rimentation n\u2019est pas toujours possible.<\/p>\n\n\n\n<p class=\"has-medium-font-size\">Lorsque l\u2019on ne peut exp\u00e9rimenter, il reste l\u2019observation&nbsp;:<\/p>\n\n\n\n<p class=\"has-medium-font-size\">Dans un premier temps, il faut beaucoup distinguer les sources secondaires des sources primaires.<\/p>\n\n\n\n<p class=\"has-medium-font-size\">Les sources secondaires doivent absolument \u00eatre notifi\u00e9es car tr\u00e8s incertaines. Les sources secondaires n\u2019ont pas vocations \u00e0 l\u2019\u00e9tablissement d\u2019une preuve. Elles sont simplement informationnelles.<\/p>\n\n\n\n<p class=\"has-medium-font-size\">Cependant certaines publications poss\u00e8dent une valeur scientifique majeure&nbsp;: les actes de congr\u00e8s et de colloques, etc. les publications de pairs, et notamment les revues syst\u00e9matiques de litt\u00e9ratures.<\/p>\n\n\n\n<p class=\"has-medium-font-size\">Il faut donc consid\u00e9rer la source primaire.<\/p>\n\n\n\n<p class=\"has-medium-font-size\">Lorsque l\u2019on d\u00e9clare la pr\u00e9sence d\u2019une plante il est ainsi demand\u00e9 si on l\u2019a vu de visu. Cela permet de savoir si la source est bien primaire. Ces donn\u00e9es, si elles sont communiqu\u00e9es par des personnes non agr\u00e9es (ne faisant pas partie d&rsquo;une institution ou des associations agr\u00e9es) sont contr\u00f4l\u00e9es par du personnel qualifi\u00e9.<\/p>\n\n\n\n<p class=\"has-medium-font-size\">En ce qui concerne l\u2019identification sur le terrain, on ne peut obtenir qu\u2019un faible niveau de preuve. On ne peut obtenir au mieux que des s\u00e9ries d\u2019observations s\u2019appuyant \u00e9ventuellement sur des croisements de donn\u00e9es. Mais c\u2019est bien de l\u00e0 o\u00f9 l\u2019on part.<\/p>\n\n\n\n<p class=\"has-medium-font-size\">Des programmes d\u2019observations particuliers peuvent par contre \u00eatre men\u00e9s.<\/p>\n\n\n\n<p class=\"has-medium-font-size\"><\/p>\n\n\n\n<p class=\"has-medium-font-size\">En partant du terrain, il faut consid\u00e9rer que&nbsp;:<\/p>\n\n\n\n<p class=\"has-medium-font-size\">Les esp\u00e8ces ou les unit\u00e9s de phytoc\u00e9noses sont distingu\u00e9es comparativement et proprement. Pour les plantes, une esp\u00e8ce est dot\u00e9e de caract\u00e9ristiques propres que ne poss\u00e8dent pas une autre esp\u00e8ce. Idem des phytoc\u00e9noses. Pour ce qui concerne la phytosociologie, se reporter \u00e0 <a href=\"#relev\u00e9-phytosociologique\">relev\u00e9 phytosociologique<\/a> pour comprendre comment est relev\u00e9e une source. <\/p>\n\n\n\n<p class=\"has-medium-font-size\">Il s\u2019en suit que l\u2019ensemble des caract\u00e9ristiques, sauf \u00e9ventuellement crit\u00e8res de distinctions tr\u00e8s secondaires, sont attendus pour une bonne identification.<\/p>\n\n\n\n<p class=\"has-medium-font-size\">Typiquement l\u2019esp\u00e8ce de plante rencontr\u00e9e doit correspondre \u00e0 sa d\u00e9finition. Sa d\u00e9finition est repr\u00e9sent\u00e9e dans un herbier. L\u2019individu d\u2019herbier est consid\u00e9r\u00e9 comme repr\u00e9sentatif de son esp\u00e8ce. Chaque individu d\u2019herbier est l\u2019exacte r\u00e9plique du nom de l\u2019esp\u00e8ce. L\u2019herbier doit donc \u00eatre en quelque sorte agr\u00e9\u00e9 par des personnes ou une institution faisant suffisamment autorit\u00e9 en la mati\u00e8re. La bonne conservation de ces herbiers est vraiment importante.<\/p>\n\n\n\n<p class=\"has-medium-font-size\">On ne se prom\u00e8ne pas avec de tels herbiers dans la nature. Une autre repr\u00e9sentation de l\u2019herbier si l\u2019on veut sont les flores et les guides. Les guides sont assez peu riches en nombre d\u2019esp\u00e8ces d\u00e9crites. Certaines flores font autorit\u00e9s. C\u2019est la cas de la Flore bleue pour la Belgique ou de Flora Gallica pour l\u2019Hexagone et Corse. L\u2019indice pour savoir si la flore fait autorit\u00e9 ou non n\u2019est certainement pas de v\u00e9rifier si elle fait r\u00e9f\u00e9rence \u00e0 des herbiers car elle peut \u00eatre construite diff\u00e9remment. C\u2019est curieusement d\u00e9j\u00e0 de se rapporter aux auteurs indiqu\u00e9s. Les auteurs indiqu\u00e9s sont susceptibles d\u2019indiquer des sous-champs interpr\u00e9tatifs. C\u2019est la cas des flores r\u00e9gionales de Jauzein, lesquelles font autorit\u00e9s, dans la mesure o\u00f9 il met en exergue la cytologie (ici, identification et comptage des all\u00e8les -all\u00e8les ou copies des g\u00e8nes).<\/p>\n\n\n\n<p class=\"has-medium-font-size\">Il y a un suppl\u00e9ment dans les flores vis \u00e0 vis des herbiers&nbsp;: elles font \u00e9tats de l\u2019\u00e9volution des questions sur les esp\u00e8ces consid\u00e9r\u00e9es \u00e0 dates de leurs publications (et notamment des donn\u00e9es cytologiques, et g\u00e9n\u00e9tiques). De mani\u00e8re succincte cependant.<\/p>\n\n\n\n<p class=\"has-medium-font-size\">Sur le terrain, on d\u00e9termine uniquement par la morphologie.<\/p>\n\n\n\n<p class=\"has-medium-font-size\">Concr\u00e8tement, l\u2019identification est termin\u00e9e chez soi, ou au bureau \u2026 Un r\u00e9f\u00e9rentiel faisant autorit\u00e9 au moins en main. Une flore la plupart du temps. Le r\u00e9f\u00e9rentiel sert d\u2019aide \u00e0 la d\u00e9termination. Les descripteurs dans le r\u00e9f\u00e9rentiel doivent correspondre \u00e0 une d\u00e9finition \u00e0 la fois concise et pr\u00e9cise pour \u00e9viter l\u2019interpr\u00e9tation.<\/p>\n\n\n\n<p class=\"has-medium-font-size\">Id\u00e9alement, la fiche de d\u00e9claration d\u2019esp\u00e8ce demande&nbsp;: le climat, des renseignements sur le sol (indiqu\u00e9 g\u00e9ologie), et son humidit\u00e9. L\u2019habitat ou la <a href=\"#phytoc\u00e9nose\">phytoc\u00e9nose<\/a>. L\u2019endroit, les coordonn\u00e9es GPS. Le nombre ou la quotit\u00e9. Et la date bien s\u00fbr. La date d\u2019observation.<\/p>\n\n\n\n<p class=\"has-medium-font-size\">Elle est d\u00e9clar\u00e9e. C\u2019est l\u2019\u00e9tablissement de la source primaire. Cela peut permettre les statistiques. On commence donc \u00e0 avancer \u00e0 partir de l\u00e0.<\/p>\n\n\n\n<p class=\"has-medium-font-size\">On peut remarquer que dans la d\u00e9claration d\u2019une plante identifi\u00e9e (en source primaire), les facteurs sont indiqu\u00e9s&nbsp;: quel sol, quelle ombrothermie (ou caract\u00e9ristiques \u00e9cologiques g\u00e9n\u00e9rales), o\u00f9, \u00e0 quel date, quel climat&nbsp;????<\/p>\n\n\n\n<p class=\"has-medium-font-size\">En ce qui concerne les phytoc\u00e9noses (les communaut\u00e9s de plantes), un certain nombres de points sont indiqu\u00e9s comme \u00e0 signaler. Beaucoup du m\u00eame ordre que pour l\u2019esp\u00e8ce (les donn\u00e9es \u00e9cologiques, avec peut-\u00eatre un peu plus d\u2019exigences) ainsi que les traitements (humains) et incidences <a href=\"#biotique\">biotiques<\/a> constat\u00e9es. Et surtout les phytoc\u00e9noses adjacentes.<\/p>\n\n\n\n<p class=\"has-medium-font-size\">La preuve de l\u2019existence d\u2019une esp\u00e8ce en tel lieu et \u00e0 telle date est plus complexe aujourd\u2019hui. La r\u00e9f\u00e9rence \u00e0 l\u2019herbier n\u2019est plus suffisante.<\/p>\n\n\n\n<p class=\"has-medium-font-size\">La mani\u00e8re dont une esp\u00e8ce se distingue morphologiquement est donn\u00e9e plus haut. Cependant des descriptions suffisamment pr\u00e9cises sur l\u2019ensemble du territoire de sous esp\u00e8ces ou vari\u00e9t\u00e9s donn\u00e9es peuvent amener \u00e0 une r\u00e9vision et consid\u00e9rer l\u2019ensemble jusqu\u2019alors distingu\u00e9 comme une seule esp\u00e8ce (continuit\u00e9 morphologique sur les gradients g\u00e9ographiques)<\/p>\n\n\n\n<p class=\"has-medium-font-size\">L\u2019esp\u00e8ce engage en outre un aspect biologique. Forment esp\u00e8ce des individus dont la descendance est durablement f\u00e9conde. Mais cela reposant uniquement sur l\u2019hypoth\u00e8se de barri\u00e8res reproductives intersp\u00e9cifiques. Or, l\u2019on sait aujourd\u2019hui que les plantes sont plus tol\u00e9rantes que les animaux \u00e0 la polyplo\u00efdie. On sait en outre que pour les plantes, la sp\u00e9ciation par <a href=\"#vicariance\">end\u00e9movivariance<\/a> avec introgression de g\u00e8nes est forte.<\/p>\n\n\n\n<p class=\"has-medium-font-size\">Pour l\u2019exp\u00e9rimentation entre deux taxons suppos\u00e9s au sein d\u2019un genre, il existe tout un tas de trucs auxquels penser. Par exemple&nbsp;:<\/p>\n\n\n\n<p>&#8211; doit \u00eatre autoris\u00e9 le pr\u00e9l\u00e8vement de graines pour chacun des taxons (statut de protection)<\/p>\n\n\n\n<p>&#8211; doit \u00eatre d\u00e9crite la question en jeu. Les taxons choisis sont ceux soup\u00e7onn\u00e9s comme pouvant s\u2019hybrider\/ ou non dans un espace naturel. Un hybride pouvant exister de mani\u00e8re cultiv\u00e9e et prot\u00e9g\u00e9e, mais \u00eatre contre-selectionn\u00e9 dans un milieu naturel. Ce qui est vis\u00e9 dans ce test simple, c\u2019est la faible capacit\u00e9 de croisement entre deux taxons suppos\u00e9s diff\u00e9rents \u00e0 se reproduire de mani\u00e8re durable. Mais aussi pourquoi on soup\u00e7onne que deux esp\u00e8ces suppos\u00e9es diff\u00e9rentes pourraient n\u2019en former qu\u2019une&nbsp;(en g\u00e9n\u00e9ral des chorologies ou des conditions \u00e9cologique)?<\/p>\n\n\n\n<p>&#8211; Cette toute derni\u00e8re question va pouvoir d\u00e9terminer la\/les populations contr\u00f4les. D\u00e9crites, donc.<\/p>\n\n\n\n<p>&#8211; doivent ainsi \u00eatre connues les caract\u00e9ristiques propres et diff\u00e9rentielles de chacun d\u2019entre ces taxons.<\/p>\n\n\n\n<p>&#8211; Les individus test\u00e9s doivent \u00eatre normaux et repr\u00e9sentatifs des taxons vis\u00e9s.<\/p>\n\n\n\n<p>&#8211; Il peut alors \u00eatre n\u00e9cessaire de s\u2019assurer que les diff\u00e9rences morphologiques entre 2 taxons suppos\u00e9s sont bien dus \u00e0 une diff\u00e9rence taxonomique et non \u00e0 une diff\u00e9rence de milieux\/niches o\u00f9 ils poussent&nbsp;: consultation de la litt\u00e9rature. Et en absence de r\u00e9ponse, mise en culture possible de chacun des taxons. Noter que pour les Taraxacum, la mise en culture demande plusieurs g\u00e9n\u00e9rations de plantes avant identification. Noter qu\u2019il est possible que l\u2019expression de taxons mis en cultures soit plus vigoureuse que dans le milieu naturel o\u00f9 la concurrence est plus forte. A ne pas confondre avec la vigueur hybride. Il est sans doute pr\u00e9f\u00e9rable de bien conna\u00eetre les esp\u00e8ces. Ce qui advient est compar\u00e9. En annulation de diff\u00e9rence morphologique d\u2019une esp\u00e8ce mise en culture pr\u00e9sentant pourtant des diff\u00e9rences \u00e0 l\u2019\u00e9tat spontan\u00e9 \u2026 Bref, le r\u00e9sultat est l\u00e0.<\/p>\n\n\n\n<p>&#8211; doivent encore \u00eatre connues les p\u00e9riodes naturelles de floraisons respectives&nbsp;: dans la m\u00eame p\u00e9riode, au moins par tuilage, sinon pas de repr\u00e9sentativit\u00e9 ou faible repr\u00e9sentativit\u00e9.<\/p>\n\n\n\n<p>&#8211; Doit \u00eatre garantie que la f\u00e9condation vis\u00e9e est bien celle qui a eue lieu. La f\u00e9condation doit pr\u00e9f\u00e9rablement \u00eatre produite de mani\u00e8re artificielle.<\/p>\n\n\n\n<p>&#8211; Des tests d\u2019autof\u00e9condations peuvent \u00eatre recommand\u00e9s&nbsp;: pour d\u00e9terminer l\u2019existence d\u2019une barri\u00e8re reproductive en autof\u00e9condation. Normalement on peut aussi supprimer les \u00e9tamines sur la plante f\u00e9condante.<\/p>\n\n\n\n<p>&#8211; Il faut \u00e9ventuellement un nombre de croisements d\u2019individus de chaque taxons. Pour aider \u00e0 la garantie que la f\u00e9condation concerne bien les taxons vis\u00e9s. Pour se pr\u00e9munir des al\u00e9as g\u00e9n\u00e9tiques au sein de choix d\u2019individus pour chaque taxons. Pour aider \u00e0 la description de l\u2019individu issu de croisement si toutefois il existe.<\/p>\n\n\n\n<p>&#8211; Il peut \u00e9ventuellement \u00eatre test\u00e9 la capacit\u00e9 de l\u2019individu issu de croisement \u00e0 se reproduire mais en principe, les semences s&rsquo;obsevent.<\/p>\n\n\n\n<p class=\"has-medium-font-size\">Si il ressort des graines viables, donnant naissances \u00e0 de nouveaux individus, ceux-ci sont d\u00e9crits et compar\u00e9s \u00e0 leurs parents (taxons de d\u00e9part). Si il y a beaucoup de diff\u00e9rences morphologiques entre les 2 g\u00e9n\u00e9rations de 2 parents diff\u00e9rents, cela peut indiquer que le transfert de g\u00e8nes est important. Si il y a une telle transformation morphologique &#8230; Une attention particuli\u00e8re est donn\u00e9e \u00e0 la forme des graines de ces nouveaux individus lorsqu\u2019ils arrivent \u00e0 l\u2019\u00e2ge reproductif. Par principe, l\u2019hybridation est consid\u00e9r\u00e9e comme mal soutenue, et donne lieu \u00e0 du mat\u00e9riel reproductif d\u00e9form\u00e9. L\u2019observation du mat\u00e9riel reproductif est indicatif des difficult\u00e9s d\u2019un hybride \u00e0 se reproduire. Toutes, beaucoup ou tr\u00e8s peu de semences sont d\u00e9form\u00e9es, non viables. Si l\u2019individu issu de croisement donne beaucoup de graines viables et ne donne pas une morphologie \u00e9tonnante, il peut \u00eatre soup\u00e7onn\u00e9s que les 2 parents sont tr\u00e8s proches sp\u00e9cifiquement ou appartiennent \u00e0 la m\u00eame esp\u00e8ce.<\/p>\n\n\n\n<p class=\"has-medium-font-size\">Une esp\u00e8ce g\u00e9n\u00e9tique est consid\u00e9r\u00e9e comme un ensemble homog\u00e8ne, et se distinguant donc d\u2019autres ensembles homog\u00e8nes formant d\u2019autres esp\u00e8ces. Ces ensembles homog\u00e8nes peuvent inclure \u00e0 chaque fois un flux de g\u00e8nes ext\u00e9rieur, mais ce dernier ne peut \u00eatre trop important ni trop cons\u00e9quent. L\u2019\u00e9tude g\u00e9n\u00e9tique comprend donc les caract\u00e9ristiques endog\u00e8nes \u00e0 l\u2019esp\u00e8ce mais peut \u00e9galement consid\u00e9rer ses caract\u00e9ristiques <a href=\"#adaptation\">adaptatives<\/a> (<a href=\"#vicariance\">phylog\u00e9nie<\/a>). L\u2019\u00e9tude est bien entendue men\u00e9e par un laboratoire.<\/p>\n\n\n\n<p class=\"has-medium-font-size\">En r\u00e9sum\u00e9, si on applique un peu l&rsquo;\u00e9chelle de la preuve, l&rsquo;existence d&rsquo;une plante sur la Terre peut \u00eatre prouv\u00e9e, d\u00e9montr\u00e9e ou (probablement \u00e0 tr\u00e8s fortement) pr\u00e9sum\u00e9e. Par contre indiquer la pr\u00e9sence d&rsquo;une plante en tel endroit \u00e0 telle date tient beaucoup plus de la pr\u00e9somption (probable \u00e0 tr\u00e8s certaine).<\/p>\n\n\n\n<p class=\"has-medium-font-size\">Les SHS se pr\u00eatent pour beaucoup assez mal \u00e0 cette \u00e9chelle de la preuve. Elles atteignent les doigts dans le nez le niveau de pr\u00e9somption sur cette \u00e9chelle. Pour le reste, on \u00e9vite en moyenne de faire des exp\u00e9riences sur des cong\u00e9n\u00e8res. Lorsqu&rsquo;elles ont lieux, le double aveugle tend \u00e0 s&rsquo;imposer. Il n&rsquo;est sans doute pas toujours possible mais si il est complexe de d\u00e9terminer des donn\u00e9es comme primaires (ou que cela interroge autrui, en fait), il faut trouver n&rsquo;importe quel moyen ou une organisation de ces donn\u00e9es qui permettent de les faire travailler afin qu&rsquo;elles se filtrent en quelque sorte, et qu&rsquo;elles puissent puisque c&rsquo;est le but r\u00e9v\u00e9ler quelque chose (c&rsquo;est mon point de vue sur ce dernier point et c&rsquo;est ce qui les rends parfois tr\u00e8s complexe \u00e0 manipuler\/utiliser\/lire, et probablement \u00e0 produire.)<\/p>\n\n\n\n<h2 class=\"wp-block-heading has-medium-font-size\" id=\"primaire\"><strong>Primaire [Concept. Phytosociologie]:<\/strong><\/h2>\n\n\n\n<p class=\"has-medium-font-size\" id=\"primaire\">Primaire s\u2019oppose \u00e0&nbsp;<a href=\"https:\/\/lecompagnonrouge.fr\/?page_id=8669#secondaire\">secondaire<\/a>. Une formation primaire est une formation dont l\u2019origine est spontan\u00e9e. Pour \u00eatre un peu exigeant: pour laquelle l\u2019influence de l\u2019humain est nulle, non significative ou pas d\u00e9tectable (pas d\u00e9tectable dans le champ de la phytosociologie). Mais ce n&rsquo;est en principe pas une notion ethnologique. La mention de milieu (biotope) primaire vise essentiellement l&rsquo;habitat originel. Aussi le concept de primaire ne s&rsquo;oppose pas par principe aux influences des autres animaux, mais par pratique. Cela \u00e9tant cependant int\u00e9ressant, de cadrer plus sp\u00e9cifiquement, comme dans la pratique (voir plus bas, \u00e0 notion bis). Du reste, la pratique a une s\u00e9rieuse incidence sur l&rsquo;interpr\u00e9tation du terme; cette interpr\u00e9tation est \u00e9galement guid\u00e9e par les concepts de <a href=\"#succession\">successions<\/a> secondaires concernant les transitions d&rsquo;un \u00e9tat \u00e0 un autre, suggestives de ce point de vue (avec la pr\u00e9cision de la disparition du stade <a href=\"#paraclimax\">climacique<\/a>). Enfin un dernier point limitatif: la question de savoir si un biais cognitif aurait de mani\u00e8re un peu inattendue r\u00e9ussi \u00e0 se glisser ici. Toujours du c\u00f4t\u00e9 de la phytosociologie synusiale, le milieu primaire tel que d\u00e9fini implique les animaux pour l&rsquo;incidence p\u00e9dologique mais s&rsquo;oppose \u00e0 secondaire (avec la pr\u00e9cision de disparition du stade climacique important techniquement pour comprendre ce terme, mais qui se trouve d\u00e9signer principalement Homo sapiens). Or, <em>Loxodonta cyclotis<\/em>, l&rsquo;\u00e9l\u00e9phant de for\u00eat africain est r\u00e9put\u00e9 s\u00e9lectionner des esp\u00e8ces particuli\u00e8res (arbres de hauteurs mod\u00e9r\u00e9es \u00e0 bois dense) et donner une physionomie tr\u00e8s particuli\u00e8re aux for\u00eats qu&rsquo;il parcoure. Cela sugg\u00e8re une s\u00e9lection floristique. Comme c&rsquo;est bien lui le responsable, et pas les animaux en g\u00e9n\u00e9ral, il pourrait se poser comme une (des) exception(s) qui confirme la r\u00e8gle (en g\u00e9omorphologie, la zoog\u00e9omorphologie semble \u00eatre rest\u00e9e longtemps consid\u00e9r\u00e9e comme anecdotique -\u00e0 tort dans ce cas). Il s&rsquo;agit d&rsquo;un quasi jardinage. Une for\u00eat ainsi jardin\u00e9e par l&rsquo;humain ne pourrait \u00eatre con\u00e7ue comme primaire m\u00eame si elle est jardin\u00e9e dans une for\u00eat de plus de 500 ans. C&rsquo;est ce que je cherche \u00e0 indiquer \u00e0 propos de mon questionnement (un peu plus bas). Ce que cela indique dans un premier temps, c&rsquo;est que primaire n&rsquo;est pas cens\u00e9 subir d&rsquo;extension de signification. Par contre secondaire conna\u00eet parfois une l\u00e9g\u00e8re extension de signification en rempla\u00e7ant parfois le terme d&rsquo;allog\u00e8ne. Secondaire s&rsquo;oppose \u00e0 la fois \u00e0 primaire, mais souvent \u00e9galement \u00e0 autog\u00e8ne.<\/p>\n\n\n\n<p class=\"has-medium-font-size\">Donc: milieu primaire: habitat originel (en tous cas celui connu\/reconnu comme tel), et donc spontan\u00e9; en d\u00e9rive tr\u00e8s l\u00e9g\u00e8re, l&rsquo;insistance sur la spontan\u00e9it\u00e9: formation (phytoc\u00e9nose) primaire: d&rsquo;origine spontan\u00e9e (tant qu&rsquo;il est plus facile de s&rsquo;\u00e9tendre pour une formation v\u00e9g\u00e9tale dans un milieu ayant subi une transformation et donc secondaire, que dans un milieu spontan\u00e9 d\u00e9j\u00e0 occup\u00e9).<\/p>\n\n\n\n<p><\/p>\n\n\n\n<p class=\"has-medium-font-size\">Une for\u00eat primaire est une for\u00eat <em>jug\u00e9e<\/em> analogue \u00e0 celle qu\u2019elle aurait \u00e9t\u00e9 si elle n\u2019avait jamais subi l\u2019influence de l\u2019humain (ou n\u2019ayant jamais subie cette incidence). Une for\u00eat de 150 ans sans incidence humaine est une for\u00eat d\u00e9j\u00e0 ancienne. Mais insuffisamment. Beaucoup de param\u00e8tres sont mal exprim\u00e9s notamment au niveau du sol. Une for\u00eat primaire est parfois consid\u00e9r\u00e9e telle \u00e0 partir de 500 ans. Quoiqu&rsquo;il en soit, adresse aux arch\u00e9ologues: <mark style=\"background-color:rgba(0, 0, 0, 0)\" class=\"has-inline-color has-vivid-red-color\">une for\u00eat m\u00eame s\u00e9v\u00e8rement exploit\u00e9e et abandonn\u00e9e \u00e0 la <a href=\"#succession\">succession<\/a> progressive primaire depuis plus de 500 ans (le chiffre reste probablement \u00e0 pr\u00e9ciser) <em>est<\/em> une for\u00eat primaire.<\/mark> L&rsquo;Europe de l&rsquo;ouest ne conna\u00eet pas ou seulement par lambeaux de telles for\u00eats. Un espace exploit\u00e9 puis abandonn\u00e9 (on va \u00eatre pr\u00e9cis: conna\u00eet d&rsquo;abord une succession progressive secondaire &#8212; de faible dur\u00e9e: identifi\u00e9e par les termes rud\u00e9ral, anthropog\u00e8ne, etc.), puis une succession progressive primaire en absence d&rsquo;intervention. La succession progressive primaire donne lieu \u00e0 une formation dite <mark style=\"background-color:rgba(0, 0, 0, 0)\" class=\"has-inline-color has-vivid-red-color\">autog\u00e8ne<\/mark>.<\/p>\n\n\n\n<p class=\"has-medium-font-size\">De la m\u00eame mani\u00e8re une succession primaire est une succession d\u2019un groupement de plantes vers un autres groupement de plantes sans intervention humaine.<\/p>\n\n\n\n<p>PRIMAIRE (NOTION BIS):<\/p>\n\n\n\n<p>Avec cette notion bis (notion de travail), je cherche \u00e0 observer de mani\u00e8re plus d\u00e9grad\u00e9e les influences humaines et certaines autres influences, donc d&rsquo;une mani\u00e8re plus globale et relativisant la pression humaine comme pression tr\u00e8s particuli\u00e8re et tr\u00e8s gigantesque, mais comme n&rsquo;\u00e9tant pas seule \u00e0 produire pressions sur l&rsquo;environnement. Il ne s&rsquo;agit pas ici de r\u00e9ifier le particulier, le rare ou l&rsquo;exceptionnel. Il y a quelque chose d&rsquo;un peu curieux selon moi. Sous cet angle en tous cas, le premier point d&rsquo;attention est l&rsquo;aspect tr\u00e8s d\u00e9grad\u00e9 que cela implique (la notion d&rsquo;<a href=\"https:\/\/lecompagnonrouge.fr\/?page_id=8669#ing%C3%A9nieur-de-l'%C3%A9cosyst%C3%A8me\">esp\u00e8ce ing\u00e9nieure<\/a> \u00e9tant ramen\u00e9e \u00e0 la description de chacune d&rsquo;entre elles, ce qui du reste est +- conseill\u00e9 autant que la notion est consid\u00e9r\u00e9e floue), le second point d&rsquo;attention \u00e9tant que tout simplement la discipline phytosociologique n&rsquo;est pas sp\u00e9cialement adapt\u00e9e pour r\u00e9pondre \u00e0 ce questionnement (ne restent souvent que les aspects fonctionnels, pas trop de floristique a priori). Si cela int\u00e9resse. Il faut traiter ce questionnement totalement \u00e0 part. D\u2019une certaine mani\u00e8re, cela apparait comme le miroir d\u2019<em>anthropozoog\u00e9nique<\/em>.<\/p>\n\n\n\n<p>Quelque soit leurs incidences sur la gestion ou modification du milieu, on range plut\u00f4t le plus souvent ici en primaire, les&nbsp;<a href=\"https:\/\/lecompagnonrouge.fr\/?page_id=8669#ing%C3%A9nieur-de-l'%C3%A9cosyst%C3%A8me\">ing\u00e9nieurs de l\u2019\u00e9cosyst\u00e8me<\/a>. Cependant cette terminologie a tendance \u00e0 questionner Homo sapiens, lequel en Ecologie semble d\u00e9class\u00e9 ou plus ou moins mal class\u00e9 (sans rapport avec sa phylog\u00e9nie). Il faut donc d\u00e9tailler pour mieux expliquer.<\/p>\n\n\n\n<p>Une plantation de peuplier constitue une culture et a pour effet d\u2019ass\u00e9cher le sol (et a pour objet son effet ou la production de p\u00e2te \u00e0 papier). Il s\u2019agit d\u2019une for\u00eat secondaire. Dans la proximit\u00e9 imm\u00e9diate, des communaut\u00e9s de plantes bien constitu\u00e9es sont trouv\u00e9es. Elles sont not\u00e9es comme telles. Sans les peupliers, les populations de plantes trouv\u00e9es auraient \u00e9t\u00e9 des plantes de sols plus humides. Selon mon go\u00fbt, il n\u2019est pas inutile de signaler par ailleurs la pr\u00e9sence de cette plantation. Cet exemple est absurde car il n&rsquo;y aurait probablement pas de relev\u00e9 \u00e0 un tel endroit. Mais cela montre qu&rsquo;il y a possiblement des faux jours concernant la manipulation par ou l&rsquo;effet des autres vivants sur l&rsquo;environnement.<\/p>\n\n\n\n<p>Les prairies de fauches permanentes sont parfois qualifi\u00e9es de milieux semi-naturels. En effet, l\u2019id\u00e9e de l\u2019agriculteur est de laisser pousser de l\u2019herbe pour avoir du foin. Et il a d\u00e9j\u00e0 sem\u00e9 quelques esp\u00e8ces int\u00e9ressantes. Hors ces esp\u00e8ces, on va trouver d\u2019autres esp\u00e8ces qui viennent s\u2019y installer, et dans la synusie de sous strate, des plantes de pelousaires, ainsi que par ailleurs des plantes de l\u2019ourlet. J\u2019indique ici seulement de m\u00e9moire qu\u2019il me semble qu\u2019en ce qui concerne le parcours technique, il semble recommand\u00e9 de retourner et refaire un semis tous les 10 ans environ. Reste \u00e0 partir de l\u00e0 de voir l\u2019\u00e9cart entre les pratiques et les conseils. Pour obtenir une prairie, il faut supprimer les ligneux et l\u2019entretenir par la fauche (ou par l\u2019abroutissement). Les prairies semi-naturelles sont des milieux secondaires.<\/p>\n\n\n\n<p>Un am\u00e9nagement est produit par un castor (je l\u2019analyse comme artificiel). Le barrage qu\u2019il a produit modifie la vitesse de l\u2019eau. Les populations de poissons ou de plantes tendent \u00e9ventuellement \u00e0 \u00eatre remplac\u00e9es par des populations d\u2019eaux encore plus calmes. Ces populations sont not\u00e9es comme telles. Il ne me semble pas du tout inutile d\u2019indiquer l\u2019ouvrage du castor. <\/p>\n\n\n\n<p>Dans le raisonnement qui suit, il s\u2019agit pour moi d\u2019observer quelque chose. Je produis un l\u00e9ger d\u00e9placement (rattachement stricto sensu de H. sapiens \u00e0 sa phylog\u00e9nie). Les concepts de primaire et de secondaire sont de type fonctionnels. Cependant il peut arriver que le raisonnement floristique laisse plus de place qu\u2019attendu au raisonnement fonctionnel dans la d\u00e9finition ou le rattachement d\u2019une phytoc\u00e9nose (\u00e7\u00e0 a \u00e9t\u00e9 le cas de l\u2019Epilobietea angustifolii). Enfin la phytosociologie pr\u00e9sente un int\u00e9r\u00eat vis \u00e0 vis des activit\u00e9s humaines comme l\u2019agronomie, par exemple. Le fait d\u2019indiquer qu\u2019un milieu est secondaire car c\u2019est presque toujours l\u2019humain qui modifie \u00e0 ce point, permet d\u2019\u00e9tablir \u00e0 partir d\u2019un milieu donn\u00e9 comme primaire ou plus exactement autog\u00e8ne et jouxtant des donn\u00e9es concernant aussi ce milieu secondaire, et \u00eatre indicatif par comparaison.<\/p>\n\n\n\n<p>Le fait que j\u2019analyse l\u2019ouvrage d\u2019un castor comme un am\u00e9nagement artificiel, indique que je pense qu\u2019il s\u2019agit d\u2019un&nbsp;<a href=\"https:\/\/lecompagnonrouge.fr\/?page_id=8669#locus\">locus<\/a>&nbsp;secondaire. Je le pense parce qu&rsquo;ici l\u2019aspect fonctionnel (am\u00e9nagement, barrage) a plus d\u2019importance que son origine ou son auteur. Egalement parce que je rattache Homo sapiens \u00e0 sa phylog\u00e9nie d\u2019une part, et d\u2019autre part parce qu\u2019il s\u2019agit d\u2019un am\u00e9nagement ayant des effets significatifs. Rien n\u2019oblige \u00e0 indiquer que les populations \u00e9tudi\u00e9es sont en milieux primaire ou secondaire car cela se d\u00e9duit de <a href=\"#pratiques-agricoles\">cultures sarcl\u00e9es<\/a>, <a href=\"#prairie\">prairies<\/a>, <a href=\"#anthropog\u00e8ne\">anthropog\u00e8nes<\/a> \u2026 Mais justement je pose l\u00e0 une autre question (par ailleurs aucune phytoc\u00e9nose n&rsquo;a \u00e9t\u00e9 typifi\u00e9e en vertu de l&rsquo;effet castor &#8211;sans doute assez compliqu\u00e9, la majeure partie de l&rsquo;espace parcourue \u00e9tant gratt\u00e9e par les queues de castor ne permet rien \u00e0 la v\u00e9g\u00e9tation mais semble par contre rejeter la haie d&rsquo;aulne assez loin: qu&rsquo;en est-il des vasi\u00e8res, dans certaines parties au moins??). En phytosociologie, la floristique est prioritaire sur la fonctionnalit\u00e9. Ce qu\u2019 on observe c\u2019est la communaut\u00e9 de plantes ou encore en zooc\u00e9noologie (?) la communaut\u00e9 animale (poissons ici). N\u00e9anmoins \u00ab&nbsp;primaire&nbsp;\u00bb et \u00ab&nbsp;secondaire&nbsp;\u00bb sont des d\u00e9finitions qui quant \u00e0 elles sont \u00e0 caract\u00e8res fonctionnels, et non \u00e0 caract\u00e8res floristiques.<\/p>\n\n\n\n<p>La&nbsp;<a href=\"https:\/\/lecompagnonrouge.fr\/?page_id=8669#phytoc%C3%A9nose\">phytoc\u00e9nose<\/a>&nbsp;r\u00e9pond \u00e0 ce que l\u2019on trouve habituellement dans des milieux primaires si tel est le cas mais vaut surtout pour autog\u00e8ne, elle est donc supput\u00e9e de type primaire (ou autog\u00e8ne), m\u00eame si elle est situ\u00e9e dans un&nbsp;<a href=\"https:\/\/lecompagnonrouge.fr\/?page_id=8669#locus\">locus<\/a>&nbsp;manipul\u00e9:<\/p>\n\n\n\n<p>Il y a deux cas ici, le premier une manipulation par l\u2019humain ayant toujours des effets mais elle n\u2019est plus visible, elle est ancienne. La \u00ab&nbsp;Nature&nbsp;\u00bb a regagn\u00e9 ses droits. Il s\u2019agit incontestablement d\u2019un milieu soit primaire (cas en Amazonie), ou en tous cas autog\u00e8ne.<\/p>\n\n\n\n<p>Le second cas, la manipulation a lieu par vivant autre qu\u2019humain. Mais l\u2019expression de la phytoc\u00e8nose ne donne rien de particulier. Que faire de cela&nbsp;? Notamment si la manipulation est donn\u00e9 par un gros b\u00e2tisseur, un animal produisant de gros effets. On ne peut ignorer la manipulation du milieu. D\u2019une certaine mani\u00e8re elle est de type secondaire, et semble allog\u00e8ne ou para-allog\u00e8ne. On pourrait dire parasecondaire\/para allog\u00e8ne, dans la mesure o\u00f9 je n&rsquo;ai encore jamais aper\u00e7u personnellement, bien qu&rsquo;autoris\u00e9 par la terminologie, la qualification de secondaire pour les boisement \u00ab\u00a0jardin\u00e9s\u00a0\u00bb par les castors. A cause d&rsquo;un effet allog\u00e8ne. La distinction parasecondaire\/secondaire ou anthropozoog\u00e8ne\/<a href=\"#anthropog\u00e8ne\">anthropog\u00e8ne<\/a>, permet de voir aussi l&rsquo;\u00e9chelle \u00e0 laquelle s&rsquo;exerce les manipulations que ce soit par H. sapiens ou par autre vivant.<\/p>\n\n\n\n<p>Dans ce contexte, la notion de secondaire bis (parasecondaire) semblerait devoir pr\u00e9ciser&nbsp;: modification significative au niveau du sol et\/ou de la v\u00e9g\u00e9tation, notamment par Homo sapiens (mais pas seulement), anthropozoog\u00e9nique, donc. Donc aucune diff\u00e9rence th\u00e9orique (selon les d\u00e9finitions). Mais cependant une diff\u00e9rence d&rsquo;interpr\u00e9tation.<\/p>\n\n\n\n<p><\/p>\n\n\n\n<p>Attention, cette notion bis n&rsquo;est pas applicable \u00e0 la question des <a href=\"#succession\">successions<\/a> quant bien m\u00eame, les actions animales bloqueraient la succession progressive primaire. Il s&rsquo;agit d&rsquo;une notion de travail. Elle n&rsquo;a bien s\u00fbr aucune solidit\u00e9 pour aborder la question des successions. <br>La question des successions appartient \u00e0 la phytosociologie synusiale, laquelle travaille sur des espaces un peu plus grands que ceux \u00e9tudi\u00e9s en phytosociologie sigmatiste&nbsp;: plusieurs loci, plusieurs phytoc\u00e9noses au lieu d\u2019une seule \u00e0 chaque fois. Cela dit, cela met en valeur une question d\u2019\u00e9chelle&nbsp;: \u00e0 l\u2019\u00e9chelle d\u2019un relev\u00e9, les vers de terre, les bact\u00e9ries a\u00e9robies font parties du processus attendus. Pas de surprise, pas d\u2019impression d\u2019effet sur l\u2019environnement, et donc rattachable \u00e0 du \u00ab&nbsp;naturel&nbsp;\u00bb. Idem \u00e0 l\u2019\u00e9chelle de la phytosociologie synusiale avec d\u00e9j\u00e0 un b\u00e9mol&nbsp;: ce ne sont pas les m\u00eames esp\u00e8ces, et elles n\u2019ont pas le m\u00eame impact en milieux ouverts et en milieux ferm\u00e9s (les milieux ferm\u00e9s dans un processus normal, \u00ab&nbsp;naturel&nbsp;\u00bb sont l\u2019avenir des milieux ouverts). A une \u00e9chelle extr\u00eamement large, mondiale, le remplacement fonctionnel des vers de terres par des termites en milieux intertropicaux commence \u00e0 montrer l\u2019action, l\u2019effet vers de terre. Surtout, selon les esp\u00e8ces consid\u00e9r\u00e9es, on va trouver des \u00e9chelles de modifications de milieux tout \u00e0 fait diff\u00e9rentes, et pas forc\u00e9ment automatiquement en correspondance avec ce que l&rsquo;on pourrait attendre (voir d\u00e9j\u00e0 par exemple \u00e0 <a href=\"#coul\u00e9e\">coul\u00e9e<\/a>, cas A).<\/p>\n\n\n\n<p><br>La notion de milieu secondaire par rapport \u00e0 primaire implique souvent un changement du milieu. Mais il y a p\u00e9riph\u00e9riquement une question un peu \u00e9trange dans le contexte que j\u2019indique. Il faut peut-\u00eatre alors trouver un p\u00e9rim\u00e8tre \u00e0 para primaire. Dans un premier temps (en attente), il pourrait sembler en tous cas que tout ce qui tient des flux bio g\u00e9o chimiques puisse \u00eatre entendu comme ph\u00e9nom\u00e8ne spontan\u00e9. Cela concerne donc myc\u00e8tes, bact\u00e9ries et Homo sapiens depuis qu\u2019il s\u2019est introduit dans ce cycle avec pour effet de produire une sorte de nouvelle \u00ab&nbsp;nature&nbsp;\u00bb, parfois d\u00e9sign\u00e9 comme <a href=\"#anthropoc\u00e8ne\">anthropoc\u00e8ne<\/a>. Donc question d&rsquo;\u00e9chelle mais question aussi d&rsquo;intervention sur l&rsquo;humification, les cycles carbones et de l&rsquo;azote: participation \u00e0 la constitution du sol. Pour le climat, concernerait logiquement <a href=\"#\u00e9cologie-climat\">m\u00e9soclimat<\/a>, roche m\u00e8re, <a href=\"#g\u00e9omorphologie\">g\u00e9omorphologie<\/a> &#8230;<\/p>\n\n\n\n<p class=\"has-small-font-size\"><\/p>\n\n\n\n<h2 class=\"wp-block-heading has-medium-font-size\" id=\"protiste\"><strong>Proximal<\/strong> <strong>[descripteur. Botanique]<\/strong><\/h2>\n\n\n\n<p class=\"has-medium-font-size\">La base d&rsquo;une feuille est proximale. Contraire de <a href=\"#distal\">distal<\/a>. Partie la plus proche de la fixation d&rsquo;un organe.<\/p>\n\n\n\n<h2 class=\"wp-block-heading has-medium-font-size\" id=\"psammophile\"><strong>Psammophile<\/strong><\/h2>\n\n\n\n<p class=\"has-medium-font-size\">Psammo: <a href=\"#sable\">sable<\/a>. Qui vit dans le sable. Synonyme de sabulicole, selon que l&rsquo;on pr\u00e9f\u00e8re la Gr\u00e8ce ou Rome.<\/p>\n\n\n\n<h2 class=\"wp-block-heading has-medium-font-size\" id=\"pyro-\"><strong>Pyro-<\/strong><\/h2>\n\n\n\n<p class=\"has-medium-font-size\">Relatif au <a href=\"#feu\">feu<\/a>.<\/p>\n\n\n\n<h2 class=\"wp-block-heading has-text-align-center has-medium-font-size\" id=\"q\"><mark style=\"background-color:rgba(0, 0, 0, 0)\" class=\"has-inline-color has-luminous-vivid-amber-color\">Q. <a href=\"#haut-de-page\">Haut de page<\/a><\/mark><\/h2>\n\n\n\n<h2 class=\"wp-block-heading has-medium-font-size\" id=\"quartzite\"><strong>Quartzite \/ Quartz [G\u00e9ologie. Lithologie. P\u00e9dologie]:<\/strong><\/h2>\n\n\n\n<p class=\"has-medium-font-size\">La quartzite est une roche siliceuse qui tend \u00e0 abaisser le <a href=\"http:\/\/potentiel-hydrog\u00e8ne\">pH<\/a> du sol. Le quartz est sous forme de cristal. <\/p>\n\n\n\n<p class=\"has-medium-font-size\">Le quartz est beau car il est majoritairement compos\u00e9 de silice. Un sol siliceux est donc un sol acide.<\/p>\n\n\n\n<p><\/p>\n\n\n\n<h2 class=\"wp-block-heading has-text-align-center has-medium-font-size\" id=\"r\"><mark style=\"background-color:rgba(0, 0, 0, 0)\" class=\"has-inline-color has-luminous-vivid-amber-color\">R. <a href=\"#haut-de-page\">Haut de page<\/a><\/mark><\/h2>\n\n\n\n<h2 class=\"wp-block-heading has-medium-font-size\" id=\"rac\u00e8me\"><strong>Rac\u00e8me <strong>[descripteur. Botanique. Typologie des inflorescence]<\/strong>&nbsp;: <\/strong><\/h2>\n\n\n\n<p class=\"has-medium-font-size\">Voir <a href=\"#grappe\">grappe<\/a>. Rac\u00e8me est en principe pr\u00e9f\u00e9rable. Mais tout \u00e0 fait synonyme de \u00ab\u00a0grappe\u00a0\u00bb, et plus pr\u00e9cieux.<\/p>\n\n\n\n<p><\/p>\n\n\n\n<h2 class=\"wp-block-heading has-medium-font-size\" id=\"rachis\"><strong>Rachis<\/strong> <strong>[descripteur. Botanique]<\/strong><\/h2>\n\n\n\n<p class=\"has-medium-font-size\">Axe centrale d&rsquo;un organe compos\u00e9. Si l&rsquo;organe compos\u00e9 l&rsquo;est x fois, les axes secondaires sont des rachillets. <\/p>\n\n\n\n<p><\/p>\n\n\n\n<h2 class=\"wp-block-heading has-medium-font-size\" id=\"raunkaier\"><strong>Raunkaier<\/strong> <strong>[\u00e9chelle conceptuelle essentielle. Ecologie de la plante. Et phytosociologie]<\/strong><\/h2>\n\n\n\n<p class=\"has-medium-font-size\">Cette classification qualifie les types biologiques des esp\u00e8ces v\u00e9g\u00e9tales. Notamment vis \u00e0 vis du froid. Elle est utile pour comprendre des situations \u00e9cologiques de groupements de plantes. Voir <a href=\"#grime\">strat\u00e9gies CSR de Grime<\/a>.<\/p>\n\n\n\n<ul class=\"wp-block-list\">\n<li>Phan\u00e9rotypes (ligneux): les bourgeons de renouvellements sont \u00e0 plus de 40 cm au dessus du sol.\n<ul class=\"wp-block-list\">\n<li>M\u00e9gaphan\u00e9rotypes (32m)<\/li>\n\n\n\n<li>M\u00e9sophan\u00e9rotype (16m)<\/li>\n\n\n\n<li>Microphan\u00e9rotype (8 m)<\/li>\n\n\n\n<li>Nanophan\u00e9rotype(2 \u00e0 4m)<\/li>\n<\/ul>\n<\/li>\n\n\n\n<li>Chamaephytes: (au moins partiellement ligneux; les cham\u00e9phytes herbac\u00e9s sont renvoy\u00e9s pour des raisons pratiques aux h\u00e9micryptophytes): les bourgeons de renouvellements sont \u00e0 moins de 40 cm du sol\n<ul class=\"wp-block-list\">\n<li>frutescent<\/li>\n\n\n\n<li>sufrutescent<\/li>\n\n\n\n<li>en coussinet<\/li>\n<\/ul>\n<\/li>\n\n\n\n<li>H\u00e9micryptophytes (non ligneux, sauf parfois \u00e0 la base et alors plut\u00f4t en fin de saison): les bourgeons de renouvellements sont au niveau du sol\n<ul class=\"wp-block-list\">\n<li>\u00e9rig\u00e9s<\/li>\n\n\n\n<li>stolonif\u00e8res<\/li>\n\n\n\n<li>cespiteux<\/li>\n\n\n\n<li>rosett\u00e9s<\/li>\n\n\n\n<li>ruboides ( de Rubus, les ronces &#8230;) <\/li>\n\n\n\n<li>bisannuels<\/li>\n<\/ul>\n<\/li>\n\n\n\n<li>G\u00e9ophytes: les bourgeons sont situ\u00e9s sous la surface du sol\n<ul class=\"wp-block-list\">\n<li>\u00e0 bulbes<\/li>\n\n\n\n<li>\u00e0 tubercules<\/li>\n\n\n\n<li>\u00e0 rhizome<\/li>\n<\/ul>\n<\/li>\n\n\n\n<li><a href=\"#therophyte\">Th\u00e9rophytes<\/a>: ce sont des annuelles. Cela comprends des bisannuelles.\n<ul class=\"wp-block-list\">\n<li>vernale (printemps hiver)<\/li>\n\n\n\n<li>estivale<\/li>\n<\/ul>\n<\/li>\n<\/ul>\n\n\n\n<p><\/p>\n\n\n\n<h2 class=\"wp-block-heading has-medium-font-size\" id=\"relev\u00e9-phytosociologique\"><strong>Relev\u00e9 phytosociologique [pratique, m\u00e9thode]<\/strong><\/h2>\n\n\n\n<p class=\"has-medium-font-size\">Le relev\u00e9 phytosociologique est le fait soit que l\u2019on rencontre une <a href=\"#phytoc\u00e9nose\">phytoc\u00e9nose<\/a> (homog\u00e8ne, donc), soit d\u2019un rep\u00e9rage lequel peut \u00eatre assez long. Et d\u2019aller \u00e0 la rencontre de ces phytoc\u00e9noses.<\/p>\n\n\n\n<p class=\"has-medium-font-size\">Rep\u00e9rage.<\/p>\n\n\n\n<p class=\"has-medium-font-size\">Le rep\u00e9rage va impliquer le fait de viser des r\u00e9gions naturelles (Beauce, Haute Marche, Montagne limousine, Combrailles, diff\u00e9rentes situations du Cotentin &#8211;importante influence de la g\u00e9ologie, L\u00e9on &#8211;qui inclut Plougastel dans cette classification alors qu&rsquo;en classification administrative du pass\u00e9 le pays de Plougastel est de Cornouaille, et en tout cas caract\u00e9ris\u00e9 par des abers et des falaises courtes, etc.). Le rep\u00e9rage va impliquer une commune semblant int\u00e9ressante mais peu observ\u00e9e, etc. Il va impliquer d\u2019observer la g\u00e9ologie, les pentes, l\u2019exposition, l\u2019humidit\u00e9, des contraintes \u00e0 l\u2019expression de la v\u00e9g\u00e9tation comme l\u2019altitude (froid) ou la continentalit\u00e9 (contraste saisonniers bien s\u00fbr mais \u00e0 l\u2019inverse&nbsp;: les embruns)&nbsp;; de penser donc en fonction de l\u2019\u00e9chelle d\u2019<a href=\"#ellenberg\">Ellenberg<\/a>. Mais encore, les traitements qui ont \u00e9t\u00e9 produits afin de sculpter le paysage. Et donc l\u2019<a href=\"#\u00e9cologie-historique-des-parcelles\">historique des parcelles<\/a>. Ce dernier point peut sauter \u00e0 l\u2019esprit lorsque l\u2019on va dans une r\u00e9gion que l\u2019on ne conna\u00eet pas.<\/p>\n\n\n\n<p class=\"has-medium-font-size\">Ce qui est rep\u00e9r\u00e9&nbsp;: c\u2019est une situation pleinement homog\u00e8ne. Cela demande donc du temps. Le phytosociologue va chercher des situations de groupes de v\u00e9g\u00e9tations qui soient compl\u00e8tement homog\u00e8nes.<\/p>\n\n\n\n<p class=\"has-medium-font-size\">L\u2019expression d\u2019une phytoc\u00e9nose est con\u00e7ue comme \u00e9tant la causalit\u00e9 de la g\u00e9ologie et du climat, par ailleurs, causalit\u00e9 des traitements impliqu\u00e9s par Homo sapiens. Sur le temps long dans certains cas. Aussi, il faut une certaine pr\u00e9cision. La pr\u00e9cision peut permettre de passer de la corr\u00e9lation \u00e0 quelque chose de plus proche de l\u2019exposition de la causalit\u00e9 (par exemple, incidence humaine sur les aspects physico-chimiques du sol mais cela d\u00e9passe un peu la discipline). Enfin par cons\u00e9quence, il n\u2019est pas observ\u00e9 \u00e0 cheval sur deux prairies jouxtantes.<\/p>\n\n\n\n<p class=\"has-medium-font-size\"><br>Ce qui est rejet\u00e9&nbsp;: les zones de transitions, les zones \u00e0 nues. Les zones de transitions sont les zones entre l\u2019<a href=\"#ourlet\">ourlet<\/a> et la for\u00eat ou entre l\u2019ourlet et la <a href=\"#prairie\">prairie<\/a> par exemple. Si c&rsquo;est possible, pour chaque quadrat de relev\u00e9 (m carr\u00e9 de relev\u00e9 effectu\u00e9), retirer les parties non observ\u00e9es en m\u00e9trage afin de pr\u00e9parer une correspondance acceptable pour la phytosociologie synusiale.<\/p>\n\n\n\n<p class=\"has-medium-font-size\">Pour rep\u00e9rer ces zones homog\u00e8nes, il peut \u00eatre n\u00e9cessaire d\u2019avoir un peu d\u2019habitude. C&rsquo;est effectivement l\u00e0 o\u00f9 il peut y avoir quelque chose d&rsquo;un peu plus difficile. Il faut une culture phytosociologique. En fait, cela vient. Enfin cela vient gr\u00e2ce au PVF2, car le PVF1 pr\u00e9sentait une liste class\u00e9e, non ou peu d\u00e9crite. Le prodrome des v\u00e9g\u00e9tations de France num\u00e9ro 2 permet d&rsquo;avoir la physionomie type, la florisitique type, etc. Sinon, il faut s&rsquo;inscrire \u00e0 un club. <\/p>\n\n\n\n<p class=\"has-medium-font-size\">L\u2019homog\u00e9n\u00e9it\u00e9 va s\u2019exprimer fonction des conditions stationelles, de la structure paysag\u00e8re, c\u2019est \u00e0 dire de la physionomie de la v\u00e9g\u00e9tation en 3 dimensions, et de la r\u00e9p\u00e9tition de combinaisons de taxons sur une surface.<\/p>\n\n\n\n<p class=\"has-medium-font-size\">Enfin, il faut passer pour rep\u00e9rer la meilleure expression saisonni\u00e8re. Des indications pr\u00e9existent selon de que l&rsquo;on s&rsquo;attend \u00e0 trouver. Moins le taux de plantules sera important, plus l&rsquo;identification sera ais\u00e9e\/s\u00fbre. <\/p>\n\n\n\n<p class=\"has-medium-font-size\">A ce niveau, le phytosociologue peut envisager de produire plusieurs relev\u00e9s. Mais, aucun ne doit \u00eatre juxtapos\u00e9s ni trop proches (car cela induirait une pression d\u2019observation trop importante).<\/p>\n\n\n\n<p class=\"has-medium-font-size\"><br>On voit que ce qui est observ\u00e9 se passe \u00e0 un degr\u00e9 un peu plus large et plus abstrait que ce qui se passe dans ton jardin dans ton champs dans ta prairie dans ta for\u00eat. Il n\u2019emp\u00eache que ce qu\u2019il se passe dans ton champs ou ta for\u00eat puisse r\u00e9pondre \u00e0 ce qui est observ\u00e9 (parfois sur un rang plus \u00e9lev\u00e9 que l\u2019association).<\/p>\n\n\n\n<figure class=\"wp-block-image size-full\"><img loading=\"lazy\" decoding=\"async\" width=\"850\" height=\"638\" src=\"https:\/\/lecompagnonrouge.fr\/wp-content\/uploads\/2026\/02\/agros3IMG_20250529_141507.jpg\" alt=\"\" class=\"wp-image-11596\" srcset=\"https:\/\/lecompagnonrouge.fr\/wp-content\/uploads\/2026\/02\/agros3IMG_20250529_141507.jpg 850w, https:\/\/lecompagnonrouge.fr\/wp-content\/uploads\/2026\/02\/agros3IMG_20250529_141507-300x225.jpg 300w, https:\/\/lecompagnonrouge.fr\/wp-content\/uploads\/2026\/02\/agros3IMG_20250529_141507-768x576.jpg 768w\" sizes=\"auto, (max-width: 850px) 100vw, 850px\" \/><figcaption class=\"wp-element-caption\">Non r\u00e9alis\u00e9. Photo prise de puis la ficelle prot\u00e9geant l&rsquo;entr\u00e9e de toute intrusion. la partie dans le fond un peu plus rose avec une t\u00e2che d&rsquo;ombellif\u00e8res blanches semble en l\u00e9ger surplomb topographique. Cela demanderait d&rsquo;aller voir. V\u00e9rifier un peu ce qu&rsquo;il se passe. Il est possible de devoir s\u00e9parer 2 parties de cette prairie en cuvette. On cherche des creux et des bosses, des textures de sols, des espaces homog\u00e8nes, des espaces h\u00e9t\u00e9rog\u00e8nes entre eux. Comme je le fais pr\u00e9sentement sur photo, je me laisse tenter par la citation des esp\u00e8ces en pr\u00e9sence, mais la question \u00e0 ce niveau l\u00e0 n&rsquo;est pas encore la determination des esp\u00e8ces et des groupes d&rsquo;esp\u00e8ces. Plut\u00f4t pas. On regarde comment le parcelle est faite. Donc, \u00e0 prendre entre parenth\u00e8se: parcelle domin\u00e9e par des touffes de <em><a href=\"https:\/\/lecompagnonrouge.fr\/?p=4762\">Juncus effusus<\/a><\/em>, la majorit\u00e9 des fleurs jaunes sont \u00e0 rapporter \u00e0 <em><a href=\"https:\/\/lecompagnonrouge.fr\/?p=3676\">Ranunculus repens<\/a><\/em>, peut-\u00eatre d&rsquo;autres renoncules. Mais sont aussi pr\u00e9sents <em><a href=\"https:\/\/lecompagnonrouge.fr\/?p=9554\">Carex hirta<\/a><\/em> et <em><a href=\"https:\/\/lecompagnonrouge.fr\/?p=9998\">Carex leporina<\/a><\/em> (= <em>carex ovalis<\/em>) . Au premier plan et au dernier plan de couleur ros\u00e9, il s&rsquo;agit en principe d&rsquo;<em><a href=\"https:\/\/lecompagnonrouge.fr\/?p=1389\">Holcus lanatus<\/a><\/em>. Noter tout au bord <a href=\"https:\/\/lecompagnonrouge.fr\/?p=461\"><em>Trifolium pratens<\/em>e<\/a>, et <em><a href=\"https:\/\/lecompagnonrouge.fr\/?p=1436\">Anthoxanthum<\/a><\/em>. Sur le devant toujours: <em><a href=\"https:\/\/lecompagnonrouge.fr\/?p=1844\">Hypochaeris radicata<\/a><\/em>, et <em>Plantago (major?)<\/em>. Le sol est sur granodiorite, je serai tent\u00e9 par l&rsquo;association des prairies hygrophiles <em><a href=\"https:\/\/lecompagnonrouge.fr\/?page_id=3348#Ranunculo-repentis-Cynosurion-cristati\">Junco acutiflori \u2013 Cynosuretum cristati<\/a><\/em> F 03-63(et dans ce cas, la partie du fond un peu plus haute semblant contenir beaucoup de <a href=\"https:\/\/lecompagnonrouge.fr\/?p=1389\">houlque<\/a>, laquelle est plus m\u00e9sophile est possiblement \u00e0 retirer et \u00e0 rapporter au prairies de l&rsquo;<em>Arrhenatheretea<\/em>). On reprend l&rsquo;allure g\u00e9n\u00e9rale: le talus \u00e0 droite est manifestement diff\u00e9rent. Prairie pi\u00e9tin\u00e9e? Prairie brout\u00e9e? Prairie fauch\u00e9e? L&rsquo;absence apparente ou la faible pr\u00e9sence &#8211;on voit de loin loin- de <em><a href=\"https:\/\/lecompagnonrouge.fr\/?p=1443\">Cynosurus cristatus<\/a><\/em> peut \u00eatre en lien avec un p\u00e2turage faible ou irr\u00e9gulier. Si absent, cela pose probl\u00e8me de rattacher cette prairie \u00e0 cette association. En m\u00eame temps, la physionomie de ce type de prairie reste plut\u00f4t basse. Et j&rsquo;avoue une curiosit\u00e9 sur le traitement de cette parcelle. Il y a plus d&rsquo;herbes que de besoins pour les moutons dans cette commune. L&rsquo;id\u00e9e \u00e9tant ici de montrer comment commencer \u00e0 d\u00e9gager une zone homog\u00e8ne. On continue:<\/figcaption><\/figure>\n\n\n\n<p>[comment je reconnais les plantes sur cette photo pourrie? ben j&rsquo;y suis all\u00e9. J&rsquo;ai un peu l&rsquo;habitude des plantes. Mais surtout j&rsquo;y suis all\u00e9. Je connais le coin\ud83d\ude09]<\/p>\n\n\n\n<figure class=\"wp-block-image size-full\"><img loading=\"lazy\" decoding=\"async\" width=\"850\" height=\"638\" src=\"https:\/\/lecompagnonrouge.fr\/wp-content\/uploads\/2026\/02\/agros4IMG_20250529_141507.jpg\" alt=\"\" class=\"wp-image-11600\" srcset=\"https:\/\/lecompagnonrouge.fr\/wp-content\/uploads\/2026\/02\/agros4IMG_20250529_141507.jpg 850w, https:\/\/lecompagnonrouge.fr\/wp-content\/uploads\/2026\/02\/agros4IMG_20250529_141507-300x225.jpg 300w, https:\/\/lecompagnonrouge.fr\/wp-content\/uploads\/2026\/02\/agros4IMG_20250529_141507-768x576.jpg 768w\" sizes=\"auto, (max-width: 850px) 100vw, 850px\" \/><figcaption class=\"wp-element-caption\">Ainsi qu&rsquo;indiqu\u00e9 plus haut, la partie au fond semble diff\u00e9rente. On supprime l&rsquo;entr\u00e9e car subissant trop d&rsquo;influence ext\u00e9rieure. Cela implique beaucoup de \u00ab\u00a0bruits\u00a0\u00bb sur le relev\u00e9 floristique. A sa droite je s\u00e9pare aussi la partie contenant beaucoup de Houlque (possiblement une situation diff\u00e9rente. Elle est m\u00e9sophile, c&rsquo;est une esp\u00e8ce de fauche mais qui se plait beaucoup dans le quartier, donc l&rsquo;aspect m\u00e9sophile prime). Je supprime \u00e9galement la partie marqu\u00e9e Aj, car contenant de l&rsquo;<em><a href=\"https:\/\/lecompagnonrouge.fr\/?p=1428\">Ajuga reptans<\/a><\/em>, laquelle se trouve en bermes. Donc sous influence probable de l&rsquo;entr\u00e9e, et a priori tr\u00e8s diff\u00e9rent de ce qui se passe au centre (elle est un tout petit peu plus m\u00e9sophile). Elle semble border une zone de passage (herbe plus courte). En bleu, il s&rsquo;agit d&rsquo;un passage possible d&rsquo;animaux non domestiques. Selon les r\u00e8gles, il est imp\u00e9ratif de supprimer cette partie. Or cette partie m&rsquo;int\u00e9resse (par exemple, observer \u00e9volution de la v\u00e9g\u00e9tation, si quelque chose d&rsquo;inattendu. Surtout si traces de pas ou des crottes permettent d&rsquo;identifier un ou des passants: est-il plus facile ou moins facile, plus confortable ou moins confortable pour un renard ou autre animal de parcourir le <em>Polygono arenastri-poetea <\/em>ou le <em>Lolio perennis-plantaginion<\/em>, tous 2 hyper pi\u00e9tin\u00e9s que de se faire fouetter la figure par des herbes hautes. Donc : constante pour cet opportunisme. Les <a href=\"#coul\u00e9e\">coul\u00e9es<\/a> produites par un vivant sont mises \u00e0 profit par les autres vivants). Reste donc, pour une exploration plus fine, d&rsquo;une part la partie centrale, et d&rsquo;autre part la partie du fond plus m\u00e9sophile. L&rsquo;association pr\u00e9suppos\u00e9e commence \u00e0 s&rsquo;envoler. Ca commence \u00e0 tenir, \u00e7\u00e0 commence \u00e0 me dire &#8230;<\/figcaption><\/figure>\n\n\n\n<p class=\"has-medium-font-size\"><br>Des point GPS des placeaux, des espaces \u00e0 observer sont pris. Sont report\u00e9s mais sont contr\u00f4l\u00e9s les donn\u00e9es g\u00e9ologiques. Le contr\u00f4le de la lithologie se fait sur place, en identifiant roches et cailloux (HCL pour les calcites, loupe x10 pour la <a href=\"#siltite\">siltite<\/a>). L\u2019<a href=\"#aire-minimale\">aire minimale<\/a> est calcul\u00e9e.<\/p>\n\n\n\n<p>Noter que d&rsquo;autres m\u00e9thodes plus ou moins proches existent, notamment celles du transect, mais chacune d&rsquo;entre elle est pertinente selon ce qui est recherch\u00e9 (transect sur des milieux h\u00e9t\u00e9rog\u00e8nes, et observation dans le temps, m\u00e9thode dite de la ligne permanente, pas utilisable franchement partout, permet le long d&rsquo;une ligne d&rsquo;obtenir du quantitatif &#8230;)<\/p>\n\n\n\n<p class=\"has-medium-font-size\">Texture du sol:<\/p>\n\n\n\n<p class=\"has-medium-font-size\">La <a href=\"#texture-de-sol\">texture du sol<\/a> consid\u00e8re les taux d&rsquo;argiles, de limon et de sable. Se reporter au fameux triangle.<\/p>\n\n\n\n<p class=\"has-medium-font-size\">Caract\u00e9riser l&rsquo;<a href=\"#humus\">humus<\/a>.<\/p>\n\n\n\n<p class=\"has-medium-font-size\">Traitement:<\/p>\n\n\n\n<p class=\"has-medium-font-size\">Le traitement humain, si il y a, a d\u00e9j\u00e0 pu \u00eatre indiqu\u00e9 lors de la phase de rep\u00e9rage. Pour ma part, j&rsquo;aimerai avoir les interventions des <a href=\"#ing\u00e9nieur-de-l'\u00e9cosyst\u00e8me\">ing\u00e9nieurs de l&rsquo;\u00e9cosyst\u00e8me<\/a>. I. e, j&rsquo;aimerai qu&rsquo;elles traversent la phase d&rsquo;analyse et en fasse un objet particulier. Or effectivement, les grosses manipulations sont susceptibles de rendre ce qui est observ\u00e9 comme non significatif du point de vue des v\u00e9g\u00e9tations. Et donc trait\u00e9es totalement \u00e0 part. <\/p>\n\n\n\n<p>Un exemple pour me faire comprendre. Une sente traverse un bois les fourr\u00e9s et une prairie pour laquelle un traitement n&rsquo;a pas \u00e9t\u00e9 d\u00e9cid\u00e9. Plusieurs ann\u00e9es \u00e0 faibles pluies. Le sol est tr\u00e8s sec, et pose un probl\u00e8me \u00e0 l&rsquo;expression de la v\u00e9g\u00e9tation (un des \u00e9l\u00e9ments bloquant pour des d\u00e9cisions). La sente est pratiqu\u00e9e par renard, autre mammif\u00e8res, etc. Cependant qu&rsquo;elle est pratiqu\u00e9e humainement de mani\u00e8re p\u00e9riodique, parfois avec des laps de temps un peu sup\u00e9rieur \u00e0 un an. Malgr\u00e9 cela elle se maintient. S\u00e9cheresse+ vent, un arbre tombe dans la premi\u00e8re partie de la sente. Ce passage devient caduc, pour les humains en tous cas. Car en attente, un autre passage, lequel est finalement choisi. Rapidement la sente commence \u00e0 dispara\u00eetre. Elle ne dispara\u00eetra que lors d&rsquo;ann\u00e9es suffisamment pluvieuses pour une bonne expression de la v\u00e9g\u00e9tation. L&rsquo;incidence de l&rsquo;humain sur la v\u00e9g\u00e9tation a une incidence sur les animaux non-humains qui participent \u00e0 leurs niveaux d&rsquo;impacts possibles \u00e0 l&rsquo;entretien de la sente (seul endroit o\u00f9 il y avait du <a href=\"https:\/\/lecompagnonrouge.fr\/?p=5033\">fraisier duchesne<\/a>, ce qui selon moi tends \u00e0 indiquer en tout cas pour cette parcelle une provenance humaine, et une cr\u00e9ation ou un parcours humain de longue date). Mais l&rsquo;impact de ces animaux non-humains se r\u00e9v\u00e8le finalement comme \u00e0 peine visible (rapide disparition de la sente).<\/p>\n\n\n\n<p class=\"has-medium-font-size\">Hauteur<\/p>\n\n\n\n<p class=\"has-medium-font-size\">Il est demand\u00e9 de produire la hauteur moyenne modale de chaque strate.<\/p>\n\n\n\n<p class=\"has-medium-font-size\">Ma main fait \u00e0 peu pr\u00e8s 20 cm<\/p>\n\n\n\n<p class=\"has-medium-font-size\">Je compte environ 2 cm pour une de mes phalanges, 1 cm pour l\u2019ongle correspondant.<\/p>\n\n\n\n<p class=\"has-medium-font-size\">La hauteur de ma jambe fait \u2026<\/p>\n\n\n\n<p class=\"has-medium-font-size\">La hauteur de ma poitrine, etc.<\/p>\n\n\n\n<p class=\"has-medium-font-size\">Donc 2 points ici.<\/p>\n\n\n\n<p class=\"has-medium-font-size\">Hauteur modale&nbsp;: hauteur \u00e0 laquelle le maximum d\u2019organe v\u00e9g\u00e9tatif se situe. C\u2019est plut\u00f4t de visu. Mais si on part sur un m\u00e9trage pr\u00e9cis, concernant les herbac\u00e9es \u2026 il est possible d\u2019utiliser un disk-m\u00e8tre. Petit disque qui va \u00e9craser les tiges les plus faibles et les plus hautes pour les ramener \u00e0 peu pr\u00e8s \u00e0 hauteur modale de la plante.<\/p>\n\n\n\n<p class=\"has-medium-font-size\">Pour les plantes de grande hauteur. Calcul en tendant un crayon (principe de la croix de b\u00fbcheron).<\/p>\n\n\n\n<p><\/p>\n\n\n\n<p class=\"has-medium-font-size\">Les strates.<\/p>\n\n\n\n<p class=\"has-medium-font-size\">Strates arbor\u00e9e, strate arbustive, strate herbac\u00e9e haute (prairial), herbac\u00e9e basse (pelousaire), strate bryo-lich\u00e9nique. Un point ici sur les 2 derni\u00e8re strates. Les mousses ne sont que rarement faites. Peu de botanistes du c\u00f4t\u00e9 de la mousse. Quant aux lichens, il existe des habitats lich\u00e9niques \u00e0 l\u2019instar de la phytosociologie. C\u2019est une sp\u00e9cialit\u00e9 du coup, mais cela n\u2019emp\u00eache pas de prendre en compte.<\/p>\n\n\n\n<p class=\"has-medium-font-size\">En principe pour le point suivant, l\u2019abondance\/dominance, on part du haut vers le bas. Mais ne pas oublier ses gros pieds maladroits, notamment concernant les sous strates herbac\u00e9es correspondant au pelousaires, et \u00e0 la strate des mousses.<\/p>\n\n\n\n<p><\/p>\n\n\n\n<p class=\"has-medium-font-size\"><br>Abondance\/dominance.<\/p>\n\n\n\n<p class=\"has-medium-font-size\"><br>L\u2019espace \u00e0 observer \u00e9tant rep\u00e9r\u00e9, il peut \u00eatre d\u00e9coup\u00e9 en parties (par exemple utilisation de quadrats. cadres de 1&#215;1 m). L\u2019abondance dominance joue pour chaque esp\u00e8ce rencontr\u00e9e. Les esp\u00e8ces ne parviennent pas \u00e0 floraisons exactement au m\u00eame moment. Des ph\u00e9nologies diff\u00e9rentes peuvent occurrer. Si l\u2019on se renvoie \u00e0 la partie guide de ce site, pour certaines esp\u00e8ces, il pourra sembler impossible de les traiter. Les esp\u00e8ces pr\u00e9sent\u00e9es sur ce site le sont en fonction des crit\u00e8res botaniques de la diversit\u00e9. Il faut dans ce cas pouvoir opter pour une altitude un petit peu plus souple, le cas \u00e9ch\u00e9ant (soit sur les fiches les premiers gros indices, d\u00e9j\u00e0, sans aller jusqu\u2019\u00e0 l\u2019affinement le plus pr\u00e9cis parfois impossible \u00e0 trouver dans ce type de situations). <\/p>\n\n\n\n<p class=\"has-medium-font-size\">Toutes les esp\u00e8ces qui laisseraient un doute sont indiqu\u00e9es entre parenth\u00e8ses. Si la consultation de la documentation ne r\u00e9pondait pas, et qu\u2019il \u00e9tait d\u00e9cid\u00e9 de retourner sur le terrain pour parfaire l\u2019identification \u2026 Attention&nbsp;: il s\u2019agit de parfaire l\u2019identification d\u2019une plante, et surtout de ne pas reprendre un relev\u00e9 phytosociologique dans un espace qui aura d\u00e9j\u00e0 \u00e9volu\u00e9. Il faut surtout ne pas faire \u00e7\u00e0. La pr\u00e9sence d\u2019une plante ou d\u2019une autre, peut sembler compl\u00e9ter correctement le relev\u00e9 \u2026 Mais il s\u2019agit probablement d\u2019autre chose. L\u2019expression d\u2019un groupement de plantes existe dans l\u2019espace et dans le temps. Par ailleurs, l\u2019esp\u00e8ce peut \u00eatre not\u00e9e comme agr\u00e9gat (indiqu\u00e9 gr. Pour groupe \u00e0 la place du terme agr\u00e9gat).<\/p>\n\n\n\n<p class=\"has-medium-font-size\">L\u2019abondance\/dominance est indiqu\u00e9 dans le relev\u00e9 phytosociologique. Ce relev\u00e9 demande de la pr\u00e9cision. Plus il sera pr\u00e9cis, et produit dans le bon ordre, plus le risque d\u2019un plantage (total) s\u2019\u00e9loigne, et cerise sur le g\u00e2teau&nbsp;: moins le recours aux math\u00e9matiques sera pr\u00e9cocement important. Mais cela se passe un peu plus loin. Avec les relev\u00e9s interm\u00e9diaires. L\u00e0 on est juste sur le terrain.<\/p>\n\n\n\n<p class=\"has-medium-font-size\">L\u2019abondance concerne le nombre d\u2019individus par esp\u00e8ces sur l\u2019espace observ\u00e9.<\/p>\n\n\n\n<p class=\"has-medium-font-size\">Cela se pr\u00e9sente de mani\u00e8re assez diff\u00e9rente que dans un comptage absolu (cas de la biodiversit\u00e9).<\/p>\n\n\n\n<p class=\"has-medium-font-size\">En g\u00e9n\u00e9ral les ligneux peuvent compt\u00e9s 1 par 1, les cespiteux et cespiteuses par fr\u00e9quences (ou par tiges), en pr\u00e9sence\/absence pour d\u2019autres cas \u2026<\/p>\n\n\n\n<p class=\"has-medium-font-size\">L\u2019observation en simple pr\u00e9sence absence est qualitative. On obtient un semi-quantitatif gr\u00e2ce au co\u00e9ficient d\u2019abondance\/dominance.<\/p>\n\n\n\n<p class=\"has-medium-font-size\">La proposition en phytosociologie depuis Braun-blanquet est plut\u00f4t de faire une estimation. Ce qu\u2019il faut remarquer, c\u2019est qu\u2019une esp\u00e8ce peut pr\u00e9senter un grand nombre d\u2019individus et une estimation de recouvrement peu importante alors qu\u2019une autre esp\u00e8ce peut \u00eatre peu nombreuse et pr\u00e9senter une estimation de recouvrement importante. L\u2019abondance et la dominance, \u00e9troitement li\u00e9es mais parfois contradictoires sont r\u00e9unies gr\u00e2ce \u00e0 une fourchette. Cette fourchette selon mon sentiment donne plut\u00f4t l\u2019avantage \u00e0 la dominance.<\/p>\n\n\n\n<p class=\"has-medium-font-size\">La dominance correspond \u00e0 l\u2019estimation de la projection au sol des parties v\u00e9g\u00e9tatives pour une plante. Le soleil est de midi.<\/p>\n\n\n\n<p class=\"has-medium-font-size\">La dominance (soit le recouvrement estim\u00e9) diff\u00e8re un petit peu du recouvrement. Des modes de calculs ont \u00e9t\u00e9 propos\u00e9s pour passer de l\u2019un \u00e0 l\u2019autre.<\/p>\n\n\n\n<p class=\"has-medium-font-size\">Donc il y a une \u00e9chelle, cr\u00e9e par Braun-Blanquet en 1928 par laquelle l\u2019abondance\/dominance est traduite ainsi&nbsp;(les 3 premiers sont moins int\u00e9ressants):<\/p>\n\n\n\n<p>i&nbsp;: individu unique<\/p>\n\n\n\n<p>r&nbsp;: individu tr\u00e8s rares, avec moins de 1&nbsp;% de recouvrement.<\/p>\n\n\n\n<p>+&nbsp;: individus peu abondants avec recouvrement estim\u00e9 de moins de 5&nbsp;% de la surface.<\/p>\n\n\n\n<p>1&nbsp;: individus assez abondants avec recouvrement estim\u00e9 de moins de 5&nbsp;% de la surface.<\/p>\n\n\n\n<p>2&nbsp;: individus abondants \u00e0 tr\u00e8s abondants avec recouvrement estim\u00e9 de 5 \u00e0 25&nbsp;% de la surface.<\/p>\n\n\n\n<p>3&nbsp;: un nombre d\u2019individus quelconque. Le recouvrement estim\u00e9 est de 25 \u00e0 50&nbsp;% de la surface.<\/p>\n\n\n\n<p>4&nbsp;: un nombre d\u2019individus quelconque. Le recouvrement estim\u00e9 est de 50 \u00e0 75&nbsp;% de la surface.<\/p>\n\n\n\n<p>5&nbsp;: un nombre d\u2019individus quelconque. Le recouvrement estim\u00e9 est de 75 \u00e0 100&nbsp;% de la surface.<\/p>\n\n\n\n<p class=\"has-medium-font-size\"><br>Pour d\u00e9terminer les chiffres de (i-)1-5, il est peut-\u00eatre pratique de faire un croquis.<\/p>\n\n\n\n<p><\/p>\n\n\n\n<p class=\"has-medium-font-size\">Sociabilit\u00e9 (agr\u00e9gation)&nbsp;; <\/p>\n\n\n\n<p class=\"has-medium-font-size\">La sociabilit\u00e9 est trait\u00e9e \u00e0 part et facultativement.<\/p>\n\n\n\n<p>1&nbsp;: esp\u00e8ce isol\u00e9s, tr\u00e8s diffuse, ponctuelle<\/p>\n\n\n\n<p>2&nbsp;: peuplement ouvert tr\u00e8s fragment\u00e9s \u00e0 contours diffus, en touffes<\/p>\n\n\n\n<p>3&nbsp;: peuplement ferm\u00e9s mais fragment\u00e9s en petits il\u00f4ts (nappes, bosquets)<\/p>\n\n\n\n<p>4&nbsp;: peuplement ferm\u00e9s \u00e0 contours nets, se pr\u00e9sentant un peu comme en r\u00e9seaux<\/p>\n\n\n\n<p>5&nbsp;: peuplement ferm\u00e9 dense, unifi\u00e9.<\/p>\n\n\n\n<p><\/p>\n\n\n\n<p class=\"has-medium-font-size\"><br>Enfin le stade ph\u00e9nologique peut \u00eatre int\u00e9ressant ainsi que la vitalit\u00e9\/fertilit\u00e9 (robustesse) \u2026 Mais cela n\u2019appara\u00eet que rarement.<br>La vitalit\u00e9 peut \u00eatre surprenante pour les esp\u00e8ces qui poussent dans des milieux bien pourvus en eau et en nutriments. Mais l\u2019id\u00e9e sous-jacente ici est de rep\u00e9rer les plantes accidentelles qui n\u2019accomplissent pas bien tout leur cycle (difficult\u00e9 \u00e0 fructifier, par exemple)<\/p>\n\n\n\n<p><\/p>\n\n\n\n<p class=\"has-medium-font-size\">Fr\u00e9quence.<\/p>\n\n\n\n<p class=\"has-medium-font-size\">A partir du relev\u00e9 produit, il doit d\u00e9j\u00e0 \u00eatre possible de se reporter aux relev\u00e9s typifi\u00e9s de v\u00e9g\u00e9tations. En ce qui concerne ce site. La <a href=\"https:\/\/lecompagnonrouge.fr\/?page_id=3348\">page consacr\u00e9e<\/a> ne consid\u00e8re qu\u2019une primo-information et donc ne traite que de la pr\u00e9sence des plantes (consid\u00e9rant donc que les phytoc\u00e9noses d\u00e9crites sont souvent suffisamment h\u00e9t\u00e9rog\u00e8nes). Pour en savoir beaucoup plus, je renvoie directement au <a href=\"https:\/\/www.cbnbrest.fr\/pmb_pdf\/CBNB_2015_Delassus_60091.pdf\">guide de terrains pour les relev\u00e9s phytosociologique de Lo\u00efc Delassus<\/a>, du CBNB. Il ne traite que du relev\u00e9 de terrain. C\u2019est assez complet. \u00c7a me pla\u00eet beaucoup.<\/p>\n\n\n\n<p class=\"has-medium-font-size\">La fr\u00e9quence n\u2019est pas donn\u00e9 comme obligatoire. Elle donne une valeur \u00e0 la pr\u00e9sence des esp\u00e8ces rencontr\u00e9es.<br>Soit&nbsp;: le nombre de relev\u00e9s poss\u00e9dant l\u2019esp\u00e8ce\/ le nombre total de relev\u00e9s x100 (parfois indiqu\u00e9s en derni\u00e8re colonne des relev\u00e9s typifi\u00e9s)<\/p>\n\n\n\n<p class=\"has-medium-font-size\"><\/p>\n\n\n\n<p>r &lt;6 %<\/p>\n\n\n\n<p>+ 6 \u00e0 10&nbsp;%<\/p>\n\n\n\n<p>I&nbsp;: esp\u00e8ce tr\u00e8s rare (fr\u00e9quence entre 11 et 20&nbsp;% de pr\u00e9sence)<\/p>\n\n\n\n<p>II&nbsp;: esp\u00e8ce rare ou accidentelle (fr\u00e9quence entre 21 et 40&nbsp;% de pr\u00e9sence)<\/p>\n\n\n\n<p>III&nbsp;: esp\u00e8ce relativement fr\u00e9quente (fr\u00e9quence entre 41 et 60%)<\/p>\n\n\n\n<p>IV&nbsp;: esp\u00e8ce abondante (fr\u00e9quence entre 61 et 80%)<\/p>\n\n\n\n<p>v: esp\u00e8ce constante (fr\u00e9quence entre 81 et 100%)<\/p>\n\n\n\n<p class=\"has-medium-font-size\"><\/p>\n\n\n\n<p class=\"has-text-align-center\">*<\/p>\n\n\n\n<p class=\"has-medium-font-size\">Il s\u2019agit de distinguer ici des sous ensembles. Les relev\u00e9s doivent faire l\u2019objet d\u2019une mise en ordre. Il s\u2019agit d\u2019un travail qui prend du temps et qui demande du calme. Il existe aujourd\u2019hui des logiciels. Bruno de Foucault a produit un guide pour le faire manuellement, avec toute la rigueur n\u00e9cessaire (initiation \u00e0 la phytosociologie sigmatiste). Ce travail consid\u00e8re plusieurs relev\u00e9s. L\u2019organisation des relev\u00e9s est progressive.<\/p>\n\n\n\n<p class=\"has-medium-font-size\">En premier lieu, les tableaux des relev\u00e9s sont d\u2019abord organis\u00e9s dans un seul tableau avec une colonne par relev\u00e9, et une ligne par esp\u00e8ce (le chiffre qui se trouve au croisement est le coefficient d\u2019abondance\/dominance).<\/p>\n\n\n\n<p class=\"has-medium-font-size\">Puis progressivement, d\u00e9licatement, en prenant son temps, il est produit des d\u00e9placements de colonnes et de lignes selon a) les relev\u00e9s (en colonnes) qui se ressemblent le plus et b) les esp\u00e8ces (en lignes) selon leurs affinit\u00e9s phytosociologiques. Les esp\u00e8ces de fr\u00e9quences moyennes sont plus int\u00e9ressantes pour aider \u00e0 produire ces d\u00e9placements (fr\u00e9quence III). Finalement, \u00e0 l\u2019int\u00e9rieur du tableau dans sa totalit\u00e9, des sous ensembles homog\u00e8nes vont se distinguer.<\/p>\n\n\n\n<p class=\"has-medium-font-size\">Un premier contr\u00f4le rapide de l\u2019homog\u00e9n\u00e9it\u00e9 des sous ensembles peut avoir lieu avec la mise en place d\u2019un diagramme, avec en ordonn\u00e9e le nombre d\u2019esp\u00e8ces de chaque classes de pr\u00e9sence (fr\u00e9quence), et en abscisse les fr\u00e9quences (classes de pr\u00e9sence) de I \u00e0 V. Si le diagramme ne prend pas la forme d\u2019un L, d\u2019un J ou d\u2019un U, cela indique qu\u2019il y a un souci et que 2 sous-ensembles sont en fait r\u00e9unis alors qu\u2019ils ne devraient pas l\u2019\u00eatre. Cependant que si la morphologie du diagramme ne choque pas, il peut y avoir des erreurs.<\/p>\n\n\n\n<p class=\"has-medium-font-size\">Le contr\u00f4le s\u2019effectue statistiquement. On utilise plut\u00f4t la fr\u00e9quence. En fait on calcule une marge d&rsquo;erreur. Le nombre d\u2019esp\u00e8ces par relev\u00e9s est une variable al\u00e9atoire. Bruno de Foucault indique pour Eo, la demi amplitude de cette variable. Eo = nombre d\u2019esp\u00e8ces maximale- nombre d\u2019esp\u00e8ces minimale\/ 2. Eo est ensuite divis\u00e9 par l\u2019\u00e9cart type, et le r\u00e9sultat doit \u00eatre inf\u00e9rieur \u00e0 2 (soit 2 comme score Z). Si il est sup\u00e9rieur \u00e0 2, la variance est trop \u00e9lev\u00e9. Ce qui indique une trop grande h\u00e9t\u00e9rog\u00e9n\u00e9it\u00e9.. L&rsquo;\u00e9cart-type est en mode de calcul pour \u00e9chantillon (donc sur sur n-1). Ce calcul propos\u00e9 par Foucault concerne un contr\u00f4le. L&rsquo;\u00e9cart-type et d&rsquo;autres op\u00e9rations sont utiles \u00e0 rendre homog\u00e8nes et coh\u00e9rentes les donn\u00e9es de terrains.<\/p>\n\n\n\n<p class=\"has-medium-font-size\">Noter qu&rsquo;\u00e0 partir de l\u00e0 on arrive sur de l&rsquo;analyse, et que peut-\u00eatre, il s&rsquo;agit en fait de chercher \u00e0 d\u00e9finir et \u00e0 typifier une nouvelle phytoc\u00e9nose. Cependant, cette information est peut \u00eatre utile \u00e0 conna\u00eetre pour la simple identification d&rsquo;une phytoc\u00e9nose d\u00e9j\u00e0 existante (i.e: d\u00e9j\u00e0 typifi\u00e9e). Quoi qu&rsquo;il en soit, si il s&rsquo;agissait d&rsquo;une nouvelle association. Il est probable qu&rsquo;il soit n\u00e9cessaire de demander de l&rsquo;aide \u00e0 un professionnel (association agr\u00e9\u00e9e, conservatoire botanique, etc.), cela d&rsquo;autant qu&rsquo;il faut pouvoir la rattacher \u00e0 la bonne alliance. Voir aussi \u00e0 <a href=\"#d\u00e9mographie\">d\u00e9mographie<\/a><\/p>\n\n\n\n<p class=\"has-medium-font-size\">Ce qui peut \u00eatre recherch\u00e9, \u00e0 quoi \u00e7\u00e0 peut servir concr\u00e8tement:<\/p>\n\n\n\n<p class=\"has-medium-font-size\">Au fil du travail sur les relev\u00e9s et sur les donn\u00e9es homog\u00e9n\u00e9is\u00e9es, un certain nombre d&rsquo;items vont dispara\u00eetre, comme les interventions animales (non humaines), la sociabilit\u00e9 des plantes (l&rsquo;agr\u00e9gation), etc. <\/p>\n\n\n\n<p class=\"has-medium-font-size\">En termes de causalit\u00e9 &#8230; Les valeurs d&rsquo;Ellenberg sont r\u00e9gionalis\u00e9es. Elles ne sont pas disponibles pour les phytoc\u00e9noses sur tout le territoire hexagonal: la bio-indication n&rsquo;est pas toujours disponible.<\/p>\n\n\n\n<p class=\"has-medium-font-size\">Les traitements comme la fauche ou le labour ont des effets particuliers qu&rsquo;il est possible d&rsquo;\u00e9tendre au moins sur le climat atlantique (climat de r\u00e9f\u00e9rence pour l&rsquo;hexagone car \u00e9tant le plus large). <\/p>\n\n\n\n<p class=\"has-medium-font-size\">L&rsquo;humidit\u00e9\/s\u00e9cheresse des sols est \u00e9tendue \u00e0 l&rsquo;hexagone: l&rsquo;eau glisse du haut vers le bas en entrainant l&rsquo;azote. Par ailleurs, dans les sols tr\u00e8s longtemps engorg\u00e9s, les bact\u00e9ries a\u00e9robies sont cens\u00e9es \u00eatre absentes et donc ne pas pouvoir produire la transformation n\u00e9cessaire de l&rsquo;azote pour la nutrition des plantes. <\/p>\n\n\n\n<p class=\"has-medium-font-size\">Les autres donn\u00e9es, et notamment la <a href=\"#trophie\">trophie<\/a>, indicateur agronomique majeur, doivent parfois faire l&rsquo;objet d&rsquo;observations. Noter que la flore de Rameau indique des amplitudes \u00e9cologiques pour certaines plantes. Cela peut aider \u00e0 se faire une id\u00e9e. Sur le terrain, et fonction de la phytoc\u00e9nose, des \u00e9l\u00e9ments seront suggestifs.<\/p>\n\n\n\n<p class=\"has-medium-font-size\">La roche peut \u00eatre indicative du taux d&rsquo;argile et donc \u00eatre en correspondance avec la texture du sol, mais \u00e9galement la basicit\u00e9\/acidit\u00e9 du sol.<\/p>\n\n\n\n<p class=\"has-medium-font-size\">Actuellement des \u00e9tudes compl\u00e9mentaires \u00e0 la phytosociologie, peuvent \u00eatre men\u00e9es, comme \u00e0 partir d&rsquo;une fosse \u00e9troite (1 m), le poids moyen du racinaire &#8230;<\/p>\n\n\n\n<h2 class=\"wp-block-heading has-medium-font-size\" id=\"relictuelle\"><strong>Relictuelle, Relique&nbsp;: <\/strong><\/h2>\n\n\n\n<p class=\"has-medium-font-size\">Le plus souvent des ligneux, toujours des vivaces. Plante ayant \u00e9t\u00e9 plant\u00e9, continuant \u00e0 fleurir mais ne se reproduisant pas.<\/p>\n\n\n\n<p><\/p>\n\n\n\n<h2 class=\"wp-block-heading has-medium-font-size\" id=\"r\u00e9niforme\"><strong>R\u00e9niforme, r\u00e9nimorphe <strong>[descripteur. Botanique]<\/strong>:<\/strong><\/h2>\n\n\n\n<p class=\"has-medium-font-size\">En forme de rein.<\/p>\n\n\n\n<p><\/p>\n\n\n\n<h2 class=\"wp-block-heading has-medium-font-size\" id=\"rh\u00e9ophile\"><strong>Rh\u00e9ophile:<\/strong><\/h2>\n\n\n\n<p class=\"has-medium-font-size\">Relatif.ve aux eaux courantes.<\/p>\n\n\n\n<p><\/p>\n\n\n\n<h2 class=\"wp-block-heading has-medium-font-size\" id=\"rhizosph\u00e8re\"><strong>Rhizosph\u00e8re<\/strong> <strong>[Botanique. P\u00e9dologie. Ecologie]<\/strong><\/h2>\n\n\n\n<p class=\"has-medium-font-size\">Dans l&rsquo;environnement imm\u00e9diat des racines (parties jeunes, chevelu), l&rsquo;environnement se modifie. On porte en particulier l&rsquo;attention sur les mycorhizes (myc\u00e8tes), et les bact\u00e9ries.<\/p>\n\n\n\n<p><\/p>\n\n\n\n<h2 class=\"wp-block-heading has-medium-font-size\" id=\"rhomboidal\"><strong>Rhombo\u00efdal <strong>[descripteur. Botanique]<\/strong>:<\/strong><\/h2>\n\n\n\n<p class=\"has-medium-font-size\">En forme de losange.<\/p>\n\n\n\n<p><\/p>\n\n\n\n<h2 class=\"wp-block-heading has-medium-font-size\" id=\"roncin\u00e9\"><strong>Roncin\u00e9 <strong>[descripteur. Botanique]<\/strong>:<\/strong><\/h2>\n\n\n\n<p class=\"has-medium-font-size\">Quand une feuille penn\u00e9e poss\u00e8de des lobes tr\u00e8s aigus, r\u00e9fl\u00e9chis vers la base. Typiquement, les pissenlits.<\/p>\n\n\n\n<p><\/p>\n\n\n\n<h2 class=\"wp-block-heading has-medium-font-size\" id=\"rosette\"><strong>Rosette<\/strong><\/h2>\n\n\n\n<p class=\"has-medium-font-size\">Une rosette est un groupe de feuilles dispos\u00e9es en cercle, \u00e0 la base de la plante au niveau du sol (Point).<\/p>\n\n\n\n<p class=\"has-medium-font-size\">Noter que l&rsquo;\u00e9vocation d&rsquo;une rosette renvoie assez directement aux <a href=\"#raunkaier\">h\u00e9micryptophytes<\/a> (ainsi qu&rsquo;\u00e0 des bisannuelles). Certaines annuelles peuvent pr\u00e9senter pour un temps r\u00e9duits un stade pr\u00e9coce (suite au dicotyl\u00e9don) de feuilles dispos\u00e9es en rosette.<\/p>\n\n\n\n<p class=\"has-medium-font-size\"><\/p>\n\n\n\n<p><\/p>\n\n\n\n<h2 class=\"wp-block-heading has-medium-font-size\" id=\"rud\u00e9ral\"><strong>Rud\u00e9ral&nbsp;[notion de l&rsquo;\u00e9cologie de la plante]: <\/strong><\/h2>\n\n\n\n<p class=\"has-medium-font-size\">Le milieu a subi de fortes perturbations, d\u2019origines \u00ab\u00a0naturelles\u00a0\u00bb, d\u00e9bordement d\u2019un fleuve, chute d\u2019un glacier et cons\u00e9quences, etc. Et notamment, d&rsquo;origine \u00ab\u00a0artificielle\u00a0\u00bb: pr\u00e9sence de l\u2019humain et de ses activit\u00e9s (\u00e0 distinguer des pollut!ons diverses que l\u2019humain peut produire). Par extension, taxon favoris\u00e9 par les activit\u00e9s humaines. Plus pr\u00e9cis qu&rsquo;<a href=\"#anthropohile\">anthropohile<\/a>.<\/p>\n\n\n\n<p>Bien qu&rsquo;il existe des milieux rud\u00e9raux \u00e0 vivaces, ce terme renvoie par principe aux <a href=\"#therophyte\">th\u00e9rophytes<\/a>.<\/p>\n\n\n\n<p><\/p>\n\n\n\n<p><\/p>\n\n\n\n<h2 class=\"wp-block-heading has-text-align-center has-medium-font-size\" id=\"s\"><mark style=\"background-color:rgba(0, 0, 0, 0)\" class=\"has-inline-color has-luminous-vivid-amber-color\">S. <a href=\"#haut-de-page\">Haut de page<\/a><\/mark><\/h2>\n\n\n\n<h2 class=\"wp-block-heading has-medium-font-size\" id=\"sable\"><strong>Sable<\/strong> <strong>[lithologie. g\u00e9ologie. p\u00e9dologie]<\/strong><\/h2>\n\n\n\n<p class=\"has-medium-font-size\">Les sables ont une granulom\u00e9trie plus grosse que les <a href=\"#limon\">limons<\/a>. le grain mesure entre entre 0.05 mm et 2 mm. Les graviers font plus de 2 mm. Leurs <a href=\"#potentiel-hydrog\u00e8ne\">pH<\/a> d\u00e9pend de leurs natures. Leur r\u00e9action \u00e0 l&rsquo;eau est plut\u00f4t de la laisser filer. Mais d\u00e9pend en grande partie de leurs provenances \u00e9olienne ou aquatique.<\/p>\n\n\n\n<p class=\"has-medium-font-size\">Voir \u00e9galement <a href=\"#texture-de-sol\">texture de sol<\/a>.<\/p>\n\n\n\n<p><\/p>\n\n\n\n<h2 class=\"wp-block-heading has-medium-font-size\" id=\"sabulicole\"><strong>Sabulicole<\/strong><\/h2>\n\n\n\n<p class=\"has-medium-font-size\">Sabu: sable. Synonyme de <a href=\"#psammophile\">psammophile<\/a><\/p>\n\n\n\n<h2 class=\"wp-block-heading has-medium-font-size\" id=\"sagitt\u00e9\"><strong>Sagitt\u00e9<\/strong> <strong>[descripteur. Botanique]<\/strong>:<\/h2>\n\n\n\n<p class=\"has-medium-font-size\">Forme triangulaire avec deux pointes \u00e0 la base<\/p>\n\n\n\n<p class=\"has-medium-font-size\"><\/p>\n\n\n\n<h2 class=\"wp-block-heading has-medium-font-size\" id=\"sant\u00e9-unique\"><strong>Sant\u00e9 unique (one he@lth) [Notion onusienne (et programme) et du monde de la sant\u00e9, environnement]:<\/strong><\/h2>\n\n\n\n<p>La sant\u00e9 unique fait le constat de plusieurs points li\u00e9s aux changements globaux &#8230; L&rsquo;\u00e9volution des dispersions du vivant &#8230; et leurs cons\u00e9quences sur la sant\u00e9 de l&rsquo;environnement et de l&rsquo;humain en particulier. Voir: <a href=\"#limite-plan\u00e9taire\">limites plan\u00e9taires<\/a> ; <a href=\"#anthropoc\u00e8ne\">anthropoc\u00e8ne<\/a><\/p>\n\n\n\n<p class=\"has-medium-font-size\">Alors qu&rsquo;il est habituellement et m\u00e9caniquement peu pratique d&rsquo;int\u00e9grer <a href=\"#homo-sapiens\">Homo sapiens<\/a> dans l&rsquo;\u00e9tude \u00ab\u00a0<a href=\"#naturaliste\">naturaliste<\/a>\u00ab\u00a0, il revient alors par la porte d\u00e9rob\u00e9e &#8230; Puisqu&rsquo;il s&rsquo;agit de le viser aussi dans un syst\u00e8me global dont le fonctionnement est n\u00e9cessaire dans son tout pour assurer le bien \u00eatre des parties.<\/p>\n\n\n\n<p class=\"has-medium-font-size\">Le programme vise en particulier les risques de zoonoses, et de pand\u00e9mies.<\/p>\n\n\n\n<h2 class=\"wp-block-heading has-medium-font-size\" id=\"savane\"><strong>Savane<\/strong> <strong>[Concept. Phytosociologie. Phytog\u00e9ographie]<\/strong><\/h2>\n\n\n\n<p class=\"has-medium-font-size\">Les savanes sont des formations tropicales <a href=\"#primaire\">primaires<\/a> ou <a href=\"#secondaire\">secondaire<\/a> recevant entre 1000 et 500 mm de pluies environ par an. Les formations primaires sont donc en principe tr\u00e8s nettement arbor\u00e9es, sans que la canop\u00e9e ne soit totalement couvrante, bien que beaucoup plus dense vers l&rsquo;\u00e9quateur. Elle pr\u00e9sente aussi des formations \u00e0 hautes gramin\u00e9es entre ces arbres. Les formations secondaires, parfois ou souvent trait\u00e9es par le <a href=\"#feu\">feu<\/a>, laisse place \u00e0 l&rsquo;image que l&rsquo;on se fait de la savane: peupl\u00e9e de tr\u00e8s hautes herbes. En directions des p\u00f4les, elles se terminent avec des formations x\u00e9riques analogues \u00e0 celles des <a href=\"#steppe\">steppes<\/a>. Le facteur limitant des savanes est la chaleur (forte \u00e9vaporation).<\/p>\n\n\n\n<p><\/p>\n\n\n\n<h2 class=\"wp-block-heading has-medium-font-size\" id=\"scarieux\"><strong>Scarieux<\/strong> <strong>[descripteur. Botanique]<\/strong><\/h2>\n\n\n\n<p class=\"has-medium-font-size\">Terme utilis\u00e9 en opposition \u00e0 l&rsquo;aspect de feuill\u00e9 d&rsquo;un organe: \u00e9cailleux, membraneux, sec &#8230; Parfois un peu comme ayant la consistance d&rsquo;un papier (calque).<\/p>\n\n\n\n<p><\/p>\n\n\n\n<h2 class=\"wp-block-heading has-medium-font-size\" id=\"sciaphile\"><strong>Sciaphile <strong>[descripteur. Botanique. Ecologie de la plante]<\/strong>:<\/strong><\/h2>\n\n\n\n<p class=\"has-medium-font-size\">Qui vit \u00e0 l&rsquo;ombre.<\/p>\n\n\n\n<p class=\"has-medium-font-size\" id=\"scl\u00e9rophyte\"><strong>Scl\u00e9rophyte<\/strong> <strong>[descripteur. Concept (?) Botanique]<\/strong><\/p>\n\n\n\n<p class=\"has-medium-font-size\">Les scl\u00e9rophytes sont des plantes \u00e0 feuilles \u00e9paisses, recouvertes d&rsquo;une cuticule \u00e9paisse, nettement perceptible \u00e0 l&rsquo;oeil, et parfois cireuse. Feuillage persistant. Adapt\u00e9 \u00e0 la s\u00e9cheresse.<\/p>\n\n\n\n<p class=\"has-medium-font-size\">A l&rsquo;oppos\u00e9 les <a href=\"#malacophyte\">malacophytes<\/a>.<\/p>\n\n\n\n<p><\/p>\n\n\n\n<p class=\"has-medium-font-size\" id=\"secondaire\"><strong>Secondaire<\/strong> <strong>[Concept. Phytosociologie]:<\/strong><\/p>\n\n\n\n<p class=\"has-medium-font-size\">Secondaire s&rsquo;oppose \u00e0 <a href=\"#primaire\">primaire<\/a>. Secondaire s&rsquo;oppose par extension \u00e0 autog\u00e8ne. Une formation secondaire s&rsquo;\u00e9tend \u00e0 d&rsquo;autres milieux ou bien il y a une transformation. Une formation secondaire est en principe (ou le plus souvent) impliqu\u00e9 par les humains. D&rsquo;autres animaux ont sans doute une influence o\u00f9 m\u00eame une capacit\u00e9 \u00e0 transformer le milieu. Mais il faut consid\u00e9rer un impact suffisamment fort et distinct. Pour les autres animaux ayant une incidence sur l&rsquo;environnement, on peut pr\u00e9f\u00e9rablement utiliser la notion d&rsquo;<a href=\"#ing\u00e9nieur-de-l'\u00e9cosyst\u00e8me\">ing\u00e9nieurs de l&rsquo;\u00e9cosyst\u00e8me.<\/a> Leurs influences sont plut\u00f4t renvoy\u00e9s en milieux primaires. Notamment dans le cadre de la phytosociologie, qui techniquement va souvent peiner \u00e0 observer des modifications zoog\u00e9niques. Notamment, l&rsquo;interpr\u00e9tation de milieu primaire tend \u00e0 occulter l&rsquo;incidence des autres vivants que nous, soit par la pratique donc, mais \u00e9galement sugg\u00e9r\u00e9e par les d\u00e9finitions de <a href=\"#succession\">successions<\/a> secondaires qui concernent les transitions d&rsquo;un \u00e9tat \u00e0 un autre mais dont parties de d\u00e9finitions int\u00e9ressent ici ( avec la pr\u00e9cision de la disparition du stade <a href=\"#paraclimax\">climacique<\/a>).<\/p>\n\n\n\n<p>SECONDAIRE (NOTION BIS):<\/p>\n\n\n\n<p>Avec cette notion bis (notion de travail), je cherche \u00e0 observer de mani\u00e8re plus d\u00e9grad\u00e9e les influences humaines et certaines autres influences, donc d&rsquo;une mani\u00e8re plus globale et relativisant la pression humaine comme pression tr\u00e8s particuli\u00e8re et tr\u00e8s gigantesque, mais comme n&rsquo;\u00e9tant pas seule \u00e0 produire pressions ou modification ou impact sur l&rsquo;environnement. Il ne s&rsquo;agit pas ici de r\u00e9ifier le partculier, le rare ou l&rsquo;exceptionnel. Il y a quelque chose d&rsquo;un peu curieux selon moi. Sous cet angle en tous cas, le premier point d&rsquo;attention est l&rsquo;aspect tr\u00e8s d\u00e9grad\u00e9 que cela implique (la notion d&rsquo;<a href=\"https:\/\/lecompagnonrouge.fr\/?page_id=8669#ing%C3%A9nieur-de-l'%C3%A9cosyst%C3%A8me\">esp\u00e8ce ing\u00e9nieure<\/a> \u00e9tant ramen\u00e9e \u00e0 la description de chacune d&rsquo;entre elles, ce qui du reste est +- conseill\u00e9 autant que la notion est consid\u00e9r\u00e9e floue), le second point d&rsquo;attention \u00e9tant que tout simplement la discipline phytosociologique n&rsquo;est plut\u00f4t pas adapt\u00e9e pour r\u00e9pondre \u00e0 ce questionnement (ne restent que les aspects fonctionnels, pas trop de floristique a priori). Si cela int\u00e9resse. Il faut traiter ce questionnement totalement \u00e0 part. D&rsquo;une certaine mani\u00e8re, cela apparait comme le miroir d&rsquo;anthropozoog\u00e9nique.<\/p>\n\n\n\n<p>En rattachant Homo sapiens \u00e0 sa phylog\u00e9nie, j&rsquo;ai tendance \u00e0 proposer certains ing\u00e9nieurs dans cette cat\u00e9gorie: Les vers de terre ameublissent partout (un peu moins et diff\u00e9remment en for\u00eat, cela dit): je les renvoies dans des <a href=\"#locus\">loci<\/a> primaires. Idem pour les termites en milieux intertropicaux. Idem bact\u00e9ries. Idem myc\u00e8tes sp\u00e9cialis\u00e9s dans ce m\u00eame types de t\u00e2ches, etc. Car seules leurs absences apporterait une modification (h\u00e9las dramatique) par rapport \u00e0 ce que l&rsquo;on connait. <br>Il n\u2019y a pas de modification du milieu. Secondaire indique qu\u2019il y a un milieu diff\u00e9rent qui change par rapport au milieu pr\u00e9c\u00e9dent (ou encore cela s&rsquo;\u00e9tend \u00e0 d&rsquo;autres milieux). De surcro\u00eet ces animaux ont un r\u00f4le dans l&rsquo;humification, le cycle carbone et celui de l&rsquo;azote: ils participent \u00e0 la constitution du sol, et ont une incidence m\u00eame si extr\u00eamement mod\u00e9r\u00e9e sur le climat.<\/p>\n\n\n\n<p>Du c\u00f4t\u00e9 des communaut\u00e9s de lichens, sous cet angle: que faire du Xanthorion parietinea, qui est commun \u00e0 l&rsquo;influence des moteurs thermiques sur l&rsquo;atmosph\u00e8re locale (et donc d&rsquo;Homo sapiens), et aux reposoirs \u00e0 oiseaux? Typiquement, il s&rsquo;agit d&rsquo;une extension du Xanthorion \u00e0 un autre milieu, et cela correspond bien \u00e0 secondaire. <\/p>\n\n\n\n<p><br>Que faire des coul\u00e9es de bandes de p\u00e9caris \u00e0 l\u00e8vres blanches pouvant atteindre jusqu\u2019\u00e0 3 m de larges donc imposantes, et franchement labour\u00e9es (les troupes atteignant une centaine d\u2019individus, parfois plus). Probablement longues \u00e0 recouvrir un \u00e9tat plus habituel&nbsp;(successions v\u00e9g\u00e9tales bloqu\u00e9es tant qu&rsquo;utilis\u00e9es puis le temps de passer de cet \u00e9tat de terre \u00e0 nu jusqu&rsquo;au fourr\u00e9, puis les arbres)?? Ils interviennent alors en milieux secondaires (sauf abreuvoirs, \u00e9ventuellement). La question est de savoir si on admet une nature allog\u00e8ne \u00e0 leurs manipulations. <\/p>\n\n\n\n<p>Pour les fourmis &#8230; Lol! Formica rufa fabrique de magnifiques fourmili\u00e8res. Effet extr\u00eamement localis\u00e9 \u00e0 priori, une simple remont\u00e9e de terre. Cependant, je pense qu&rsquo;il faut faire du cas par cas. La pal\u00e9o ecologue, Delphine Renard, beaucoup cit\u00e9e par Stephen Rostain dans \u00ab\u00a0Des \u00celes dans la for\u00eats pluviale\u00a0\u00bb (je ne connais pas le titre fran\u00e7ais mais \u00e7\u00e0 doit \u00eatre approchant), r\u00e9sout le travail \u00e0 travers les si\u00e8cles de fourmis: Ici, ces fourmis c&rsquo;est des <a href=\"#locus\">loci<\/a> \u00e9quivalent secondaires. Pour moi, il y a une question ici. L&rsquo;impact est tr\u00e8s important, tr\u00e8s significatif. Magnifique livre pour l&rsquo;un, magnifique article pour l&rsquo;autre. Marquant!!!<\/p>\n\n\n\n<p>Les castors, et leurs travaux BTP, j&rsquo;ai tendance \u00e0 rattacher \u00e7\u00e0 \u00e0 des <a href=\"#locus\">loci<\/a> \u00e9quivalent secondaires. <br>Le castor pose un probl\u00e8me au concept de milieu secondaire, non dans sa valeur th\u00e9orique qui peut sans doute l&rsquo;admettre, mais dans la pratique et dans ce que la pratique imprime \u00e0 la d\u00e9finition th\u00e9orique. Les castors am\u00e9ricains et europ\u00e9ens posent questions. Pour le castor europ\u00e9en, selon Alexandra Liarsou, les essences de boisements sont s\u00e9lectionn\u00e9es par le castor (pas toujours les m\u00eames, il choisit des essences \u00e0 garder d&rsquo;autres \u00e0 utiliser. Il augmente aussi l&rsquo;\u00e9clairement au sol). Autrement dit, il s\u2019agit de bois entretenus\/jardin\u00e9s. Sous r\u00e9serve que les esp\u00e8ces en pr\u00e9sences correspondent \u00e0 leur milieu primaire, leur premier milieu connu, si cela \u00e9tait le fait d\u2019Homo sapiens, cela serait probablement indiqu\u00e9 comme boisement secondaire. Si l&rsquo;on regarde de tr\u00e8s pr\u00e8s, l&rsquo;impact d&rsquo;autres vivants, il y a parfois comme un faux jour. Je n&rsquo;ai jamais aper\u00e7u le mot secondaire ailleurs que comme miroir d&rsquo;<a href=\"#anthropog\u00e8ne\">anthropog\u00e8ne<\/a>.<\/p>\n\n\n\n<p>Pour des espaces manipul\u00e9s (\u00ab\u00a0rud\u00e9ralis\u00e9\u00a0\u00bb-type) d&rsquo;impact trop faible pour \u00eatre significatif, voir \u00e0 <a href=\"#coul\u00e9e\">coul\u00e9e<\/a>.<\/p>\n\n\n\n<p>Attention, cette notion bis n&rsquo;est pas applicable \u00e0 la question des <a href=\"#succession\">successions<\/a>, quant bien m\u00eame les actions animales bloqueraient la succession progressive primaire. Il s&rsquo;agit d&rsquo;une notion de travail. Elle n&rsquo;a aucune solidit\u00e9 pour aborder la question des successions. <br>La question des successions appartient \u00e0 la phytosociologie synusiale, laquelle travaille sur des espaces un peu plus grands que ceux \u00e9tudi\u00e9s en phytosociologie sigmatiste&nbsp;: plusieurs loci, plusieurs phytoc\u00e9noses au lieu d\u2019une seule \u00e0 chaque fois. Cela dit, cela met en valeur une question d\u2019\u00e9chelle&nbsp;: \u00e0 l\u2019\u00e9chelle d\u2019un relev\u00e9, les vers de terre, les bact\u00e9ries a\u00e9robies font parties du processus attendus. Pas de surprise, pas d\u2019impression d\u2019effet sur l\u2019environnement, et donc rattachable \u00e0 du \u00ab&nbsp;naturel&nbsp;\u00bb. Idem \u00e0 l\u2019\u00e9chelle de la phytosociologie synusiale avec d\u00e9j\u00e0 un b\u00e9mol&nbsp;: ce ne sont pas les m\u00eames esp\u00e8ces, et elles n\u2019ont pas le m\u00eame impact en milieux ouverts et en milieux ferm\u00e9s (les milieux ferm\u00e9s dans un processus normal, \u00ab&nbsp;naturel&nbsp;\u00bb sont l\u2019avenir des milieux ouverts). A une \u00e9chelle extr\u00eamement large, mondiale, le remplacement fonctionnel des vers de terres par des termites en milieux intertropicaux commence \u00e0 montrer l\u2019action, l\u2019effet vers de terre. Surtout, selon les esp\u00e8ces consid\u00e9r\u00e9es, on va trouver des \u00e9chelles de modifications de milieux tout \u00e0 fait diff\u00e9rentes, et pas forc\u00e9ment automatiquement en correspondance avec ce que l&rsquo;on pourrait attendre (voir d\u00e9j\u00e0 par exemple \u00e0 <a href=\"#coul\u00e9e\">coul\u00e9e<\/a>, cas A).<\/p>\n\n\n\n<p>La notion de milieu secondaire par rapport \u00e0 primaire implique un changement du milieu. Mais il y a p\u00e9riph\u00e9riquement une question un peu \u00e9trange dans le contexte que j\u2019indique. Il faut peut-\u00eatre trouver un p\u00e9rim\u00e8tre \u00e0 primaire. Dans un premier temps (en attente), il pourrait sembler en tous cas que tout ce qui tient des flux bio g\u00e9o chimiques puisse \u00eatre entendu comme ph\u00e9nom\u00e8ne spontan\u00e9. Cela concerne donc myc\u00e8tes, bact\u00e9ries et Homo sapiens depuis qu\u2019il s\u2019est introduit dans ce cycle avec pour effet de produire une sorte de nouvelle \u00ab&nbsp;nature&nbsp;\u00bb, parfois d\u00e9sign\u00e9 comme <a href=\"#anthropoc\u00e8ne\">anthropoc\u00e8ne<\/a>. Donc question d&rsquo;\u00e9chelle mais question aussi d&rsquo;intervention sur l&rsquo;humification, les cycles carbones et de l&rsquo;azote: participation \u00e0 la constitution du sol. Pour le climat, mais en principe consid\u00e9rer au moins, roche m\u00e8re, <a href=\"#\u00e9cologie-climat\">m\u00e9soclimat<\/a>, <a href=\"#g\u00e9omorphologie\">g\u00e9omorphologie<\/a> &#8230;<\/p>\n\n\n\n<h2 class=\"wp-block-heading has-medium-font-size\" id=\"segment\"><strong>Segment<\/strong> <strong>[descripteur.  Botanique]<\/strong><\/h2>\n\n\n\n<p class=\"has-medium-font-size\">Petite division du <a href=\"#limbe\">limbe<\/a> (inf\u00e9rieure \u00e0 20% de sa taille totale), ou petite division libre du limbe<\/p>\n\n\n\n<h2 class=\"wp-block-heading has-medium-font-size\" id=\"sempervirent\"><strong>Sempervirent [descripteur et concept (?). Botanique]: <\/strong><\/h2>\n\n\n\n<p class=\"has-medium-font-size\">Se dit d\u2019un taxon, d\u2019une plante qui a toujours des feuilles quelque soit la saison. Les feuilles sont en fait renouvel\u00e9es.<\/p>\n\n\n\n<p><\/p>\n\n\n\n<h2 class=\"wp-block-heading has-medium-font-size\" id=\"s\u00e9pale\"><strong>S\u00e9pale [descripteur.  Botanique. Organe]<\/strong> <strong>:<\/strong><\/h2>\n\n\n\n<p class=\"has-medium-font-size\">Les s\u00e9pales forment le <a href=\"#calice\">calice<\/a> et constituent des pi\u00e8ces de protection de la fleur proprement dite. Ils peuvent \u00eatre de couleur verte ou non, ils ont un aspect plus feuill\u00e9 que les p\u00e9tales. Ils se situent juste dessous.<\/p>\n\n\n\n<p><\/p>\n\n\n\n<h2 class=\"wp-block-heading has-medium-font-size\" id=\"s\u00e9rie\"><strong>S\u00e9rie de v\u00e9g\u00e9tations<\/strong> <strong>[Concept. Phytosociologie]<\/strong><\/h2>\n\n\n\n<p class=\"has-medium-font-size\">Une s\u00e9rie de v\u00e9g\u00e9tations est un groupement dynamique de plusieurs <a href=\"#phytoc\u00e9nose\">phytoc\u00e9noses<\/a>. A l&rsquo;int\u00e9rieur d&rsquo;un <a href=\"#tesela\">Tesela<\/a> (unit\u00e9 spatiale \u00e9cologiquement homog\u00e8ne), les diff\u00e9rents stades dynamiques, s&rsquo;inscrivant donc dans des <a href=\"#succession\">successions<\/a> v\u00e9g\u00e9tales, caract\u00e9risent la s\u00e9rie de v\u00e9g\u00e9tation.<\/p>\n\n\n\n<h2 class=\"wp-block-heading has-medium-font-size\" id=\"serpentinite\"><strong>Serpentinite<\/strong> <strong>[lithologie, g\u00e9ologie, p\u00e9dologie. \u00e9cologie. environnement. phytosociologie]<\/strong><\/h2>\n\n\n\n<p class=\"has-medium-font-size\">Roche m\u00e9tamorphique ultrabasique, ayant aussi une incidence sur la v\u00e9g\u00e9tation en lien avec sa richesse en m\u00e9taux lourds (Nickel, Cobalt et Chrome).<\/p>\n\n\n\n<p class=\"has-medium-font-size\" id=\"sessile\"><br><strong>Sessile [descripteur.  Botanique]<\/strong> <strong>:  <\/strong><\/p>\n\n\n\n<p class=\"has-medium-font-size\">Organe fix\u00e9 directement \u00e0 la tige&nbsp;: fleur sans p\u00e9doncule, feuille sans p\u00e9tiole.<\/p>\n\n\n\n<h2 class=\"wp-block-heading has-medium-font-size\" id=\"sid\u00e9rophore\"><strong>Sid\u00e9rophores<\/strong> <strong>[\u00e9cologie. biologie. p\u00e9dologie. agronomie]<\/strong><\/h2>\n\n\n\n<p class=\"has-medium-font-size\">Les sid\u00e9rophores sont beaucoup le produit de certaines bact\u00e9ries, ainsi que de quelques plantes telles les Poaceae. <\/p>\n\n\n\n<p class=\"has-medium-font-size\">Un grand int\u00e9r\u00eat semble port\u00e9 \u00e0 Pseudomonas fluorescens. Tr\u00e8s belle bact\u00e9rie, mais tr\u00e8s utile aussi. Elle produit de la pyoverdine (le nom du sid\u00e9rophore) qui va lui permettre de rendre disponible pour elle le fer qu&rsquo;elle trouve au sol. Mais de mani\u00e8re amusante, le phosphore (lequel a tendance \u00e0 se transformer de mani\u00e8re indisponible pour les plantes) \u00e0 tendance \u00e0 se coller au fer. Si bien que Pseudomonas fluorescens est vendu comme biostimulant (nom comique mais l&rsquo;\u00e9quivalent d&rsquo;un engrais qui fonctionne, par contre) car il a le pouvoir de rendre disponible le phosphore pour les plantes: le sid\u00e9rophore rend par le m\u00eame coup le fer et le phosphore sous des formes disponibles.<\/p>\n\n\n\n<p class=\"has-medium-font-size\" id=\"scl\u00e9rophyte\"><\/p>\n\n\n\n<h2 class=\"wp-block-heading has-medium-font-size\" id=\"siltite\"><strong>Siltite<\/strong> <strong>[lithologie. G\u00e9ologie. P\u00e9dologie]<\/strong><\/h2>\n\n\n\n<p class=\"has-medium-font-size\">Silt: Limon. La siltite c&rsquo;est du <a href=\"#limon\">limon<\/a> sous forme de bloc rocheux. Il s&rsquo;agit donc de granulom\u00e9tries des composants de la roche. Normalement les composants du siltstone sont plut\u00f4t homog\u00e8nes. Un peu plus que dans le <a href=\"#gr\u00e8s\">gr\u00e8s<\/a>. Pour rappel le limon poss\u00e8de une granulom\u00e9trie plus fine que le sable et plus grosse que l&rsquo;<a href=\"#argile\">argile<\/a>. D\u00e9terminer la siltite implique par principe une optique sp\u00e9ciale permettant de faire des mesures. Cependant la siltite a un comportement diff\u00e9rent du gr\u00e8s. Elle se comporte comme un schiste: quand on la casse cela fait des feuillets. On peut la rayer avec une lame de couteau. Comme sa granularit\u00e9 est fine, la poussi\u00e8re produite (par exemple lorsqu&rsquo;on la casse) est douce \u00e0 l&rsquo;instar du limon. Un grossissement en x30 risque de laisser voir du grain, alors que cela pourrait \u00eatre de l&rsquo;<a href=\"#argilite\">argilite<\/a>. Le grossissement x10 semble convenir. Sinon le test odontologique: ce n&rsquo;est pas de l&rsquo;argilite si on sent un grain contre l&rsquo;\u00e9mail des dents. <\/p>\n\n\n\n<p class=\"has-medium-font-size\">Ici, cette siltite issue du magnifique complexe g\u00e9ologique de Granville contient du <a href=\"#quartzite\">quartz<\/a>:<\/p>\n\n\n\n<figure class=\"wp-block-image size-full\"><img loading=\"lazy\" decoding=\"async\" width=\"850\" height=\"665\" src=\"https:\/\/lecompagnonrouge.fr\/wp-content\/uploads\/2025\/09\/siltite.jpg\" alt=\"\" class=\"wp-image-10867\" srcset=\"https:\/\/lecompagnonrouge.fr\/wp-content\/uploads\/2025\/09\/siltite.jpg 850w, https:\/\/lecompagnonrouge.fr\/wp-content\/uploads\/2025\/09\/siltite-300x235.jpg 300w, https:\/\/lecompagnonrouge.fr\/wp-content\/uploads\/2025\/09\/siltite-768x601.jpg 768w\" sizes=\"auto, (max-width: 850px) 100vw, 850px\" \/><\/figure>\n\n\n\n<p class=\"has-white-color has-black-background-color has-text-color has-background has-link-color has-medium-font-size wp-elements-383862e471eda00df89f94ab01aa5014\"><strong>Alt text: la photo ci dessous montre une pierre qui a \u00e9t\u00e9 ais\u00e9ment bris\u00e9e \u00e0 la main, formant des sortes de feuillets. Elle illustre la d\u00e9finition du texte que l&rsquo;image accompagne.<\/strong><\/p>\n\n\n\n<h2 class=\"wp-block-heading has-medium-font-size\" id=\"soie\"><strong>Soie:<\/strong><\/h2>\n\n\n\n<p class=\"has-medium-font-size\">Poil long, raide (avec cette consistance). Se r\u00e9f\u00e8re aux poils de certains animaux: suid\u00e9s (porcs).<\/p>\n\n\n\n<p><\/p>\n\n\n\n<h2 class=\"wp-block-heading has-medium-font-size\" id=\"sous-esp\u00e8ce\"><strong>Sous-esp\u00e8ce&nbsp;[concept. botanique]:<\/strong><\/h2>\n\n\n\n<p class=\"has-medium-font-size\">Rang taxonomique directement inf\u00e9rieur \u00e0 l\u2019esp\u00e8ce. Un taxon peut \u00eatre d\u00e9sign\u00e9 comme sous esp\u00e8ce du fait de son hybridation possible avec un taxon tr\u00e8s proche et non identique&nbsp;: un peu diff\u00e9rent (notamment morphologiquement). Ces petites diff\u00e9rences mais parfois nettes, constantes, interdisent l&rsquo;assimilation de ces deux taxons \u00e0 une seule esp\u00e8ce. Les deux taxons prennent alors le rang de sous-esp\u00e8ce, et le rang d\u2019esp\u00e8ce devient th\u00e9orique (on ne trouve pas l\u2019esp\u00e8ce type puisque son rang est la sous esp\u00e8ce autonyme). La <a href=\"#chorologie\">chorologie<\/a> un crit\u00e8re rentrant en compte. Les sous-esp\u00e8ces se trouvent le plus normalement dans des aires distinctes. Si deux esp\u00e8ces, peuvent donner lieu \u00e0 une descendance, cela interroge leurs statuts d&rsquo;esp\u00e8ces. La chorologie est indicative de modalit\u00e9s de sp\u00e9ciations.<\/p>\n\n\n\n<p class=\"has-medium-font-size\">Un ensemble de crit\u00e8re permet de distinguer les rangs d&rsquo;<a href=\"#esp\u00e8ce\">esp\u00e8ce<\/a>, <a href=\"#sous-esp\u00e8ce\">sous-esp\u00e8ce<\/a>, <a href=\"#vari\u00e9t\u00e9\">vari\u00e9t\u00e9<\/a> ainsi que <a href=\"#forma\">forme<\/a>.<\/p>\n\n\n\n<p class=\"has-medium-font-size\">S\u2019\u00e9crit&nbsp;: subsp.<\/p>\n\n\n\n<p><\/p>\n\n\n\n<h2 class=\"wp-block-heading has-medium-font-size\" id=\"spatul\u00e9\"><strong>Spatul\u00e9<\/strong> <strong>[descripteur.  Botanique]<\/strong><\/h2>\n\n\n\n<p><\/p>\n\n\n\n<p class=\"has-medium-font-size\">De spatule. \u00e9largi au sommet et se r\u00e9tr\u00e9cissant progressivement sur le p\u00e9tiole.<\/p>\n\n\n\n<p><\/p>\n\n\n\n<h2 class=\"wp-block-heading has-medium-font-size\" id=\"spontan\u00e9\"><strong>Spontan\u00e9 <strong>[Concept.  Botanique]<\/strong>: <\/strong><\/h2>\n\n\n\n<p class=\"has-medium-font-size\">S\u2019oppose \u00e0 cultiv\u00e9, <a href=\"#cultig\u00e8ne\">cultig\u00e8ne<\/a>. Croit de mani\u00e8re spontan\u00e9e, \u00ab&nbsp;naturelle&nbsp;\u00bb sans intervention humaine. Petite fleur sauvage &#8230;<\/p>\n\n\n\n<h2 class=\"wp-block-heading has-medium-font-size\" id=\"steppe\"><strong>Steppe [Descripteur, concept. Phytosociologie. Phytog\u00e9ographie]:<\/strong><\/h2>\n\n\n\n<p class=\"has-medium-font-size\">Une steppe est souvent moins haute, moins ferm\u00e9e (recouvrement du sol inf\u00e9rieur) \u00e0 une <a href=\"#prairie\">prairie<\/a> (biomasse inf\u00e9rieure), elle est bloqu\u00e9e dans sa <a href=\"#dynamique\">dynamique<\/a> de <a href=\"#succession\">successions<\/a> par un climat trop contraignant. Le facteur limitant est g\u00e9n\u00e9ralement le froid. Elle est cependant plus haute que les <a href=\"#pelouse\">pelouses<\/a>. Les steppes des grandes prairies am\u00e9ricaines ont \u00e9t\u00e9 confondues avec des prairies, et mis en cultures par les colons anglo-saxons &#8230; Il s&rsquo;en est finalement r\u00e9sult\u00e9 le dust bowl, du fait d&rsquo;exigences de cultures un peu forte pour ce type d&rsquo;\u00e9cosyst\u00e8me.<\/p>\n\n\n\n<h2 class=\"wp-block-heading has-medium-font-size\" id=\"stipule\"><strong>Stipule<\/strong> <strong>[descripteur.  Botanique]<\/strong><\/h2>\n\n\n\n<p class=\"has-medium-font-size\">Appendices foliaire, <a href=\"#\u00e9caille\">\u00e9cailleux<\/a> ou m\u00eame \u00e9pineux \u00e0 la base d&rsquo;une feuille, par deux, sur le <a href=\"#p\u00e9tiole\">p\u00e9tiole<\/a> (mais parfois au niveau de la tige).<\/p>\n\n\n\n<p><\/p>\n\n\n\n<p class=\"has-medium-font-size\" id=\"stomates\"><strong>Stomates <strong>[descripteur.  Botanique. Biologie]<\/strong>:<\/strong><\/p>\n\n\n\n<p class=\"has-medium-font-size\">Ce sont des orifices qui se trouvent sous la feuille et qui permettent les \u00e9changes gazeux de la plante avec l&rsquo;atmosph\u00e8re de l&rsquo;air. Notamment le CO2, le carbone qui sera synth\u00e9tis\u00e9 pour que la plante en tire sa mati\u00e8re (cellulose et amidon pour l&rsquo;essentiel). Par ailleurs, c&rsquo;est par l\u00e0 qu&rsquo;elle fait pipi. Toute l&rsquo;eau surnum\u00e9raire absorb\u00e9e par la plante est vaporis\u00e9e \u00e0 l&rsquo;ext\u00e9rieur par les stomates.<\/p>\n\n\n\n<p class=\"has-medium-font-size\">Voir: <a href=\"#nutrition\">Nutrition<\/a><\/p>\n\n\n\n<p><\/p>\n\n\n\n<h2 class=\"wp-block-heading has-medium-font-size\" id=\"stress-thermique\"><strong>Stress thermique<\/strong> <strong>(\u00e9cologie)<\/strong><\/h2>\n\n\n\n<p class=\"has-medium-font-size\">Froid: le stress thermique pour les plantes est variable selon l&rsquo;esp\u00e8ce consid\u00e9r\u00e9e.<\/p>\n\n\n\n<p class=\"has-medium-font-size\">Chaud: On consid\u00e8re les gradients de 45-50\u00b0C, comme pr\u00e9sentant des risques pour la bonne homog\u00e9n\u00e9it\u00e9 des membranes tissulaires des v\u00e9g\u00e9taux. 50\u00b0C et au del\u00e0: risque de mort. Pour s&rsquo;en faire une repr\u00e9sentation, 50\u00b0C est une temp\u00e9rature diurne possible dans le Sahara.<\/p>\n\n\n\n<p class=\"has-medium-font-size\"><\/p>\n\n\n\n<p class=\"has-medium-font-size\" id=\"structuralisme\"><strong>Structuralisme<\/strong> <strong>[m\u00e9thode]<\/strong><\/p>\n\n\n\n<p class=\"has-medium-font-size\">Le structuralisme est une m\u00e9thode issue de la linguistique rapport\u00e9e notamment \u00e0 l&rsquo;anthropologie par Claude L\u00e9vi-Strauss. Avec un certain succ\u00e8s. Rapport\u00e9e \u00e0 l&rsquo;histoire par Pierre Vidal-Naquet, par exemple, avec un succ\u00e8s plus mitig\u00e9 (mais il faut encore beaucoup prendre en compte l&rsquo;enjeu des questionnements).<\/p>\n\n\n\n<p class=\"has-medium-font-size\">Cette m\u00e9thode a particuli\u00e8rement int\u00e9ress\u00e9 Bruno de Foucault lorsqu&rsquo;il a particip\u00e9 \u00e0 la mise en forme de la <a href=\"#phytosociologie\">phytosociologie<\/a> <a href=\"#synusie\">synusiale<\/a>. L&rsquo;int\u00e9r\u00eat qu&rsquo;il y porte tient au fait qu&rsquo;il s&rsquo;agisse d&rsquo;une analyse de syst\u00e8mes de syst\u00e8mes.<\/p>\n\n\n\n<p class=\"has-medium-font-size\">J&rsquo;aper\u00e7ois un autre int\u00e9r\u00eat. Plus modestement. Concernant les disciplines dont les travaux ont une tendance \u00e0 reposer sur des t\u00e9moignages. Or, dans un t\u00e9moignage, il y a quelqu&rsquo;un qui t\u00e9moigne. Ce quelqu&rsquo;un se fait d&rsquo;une part une id\u00e9e de lui m\u00eame, il est dou\u00e9 de subjectivit\u00e9. D&rsquo;autre part il est pris dans le cadre de ce t\u00e9moignage dans un maillon social. Ce qui fait des informations alors produite, des informations presque toujours parfaitement valides (le plus probablement), mais difficile \u00e0 utiliser, \u00e0 en produire un outil de r\u00e9flexion (qui ne soit pas lui-m\u00eame le fruit de la subjectivit\u00e9 de celui qui r\u00e9fl\u00e9chit sur ces informations). Les contenus textuels (iconographiques \u00e9galement), mais aussi dans une moindre mesure les enqu\u00eates sociologiques (le semi directif ne me convainc pas toujours assez, bien que &#8230; ) ont tendance \u00e0 m&rsquo;interroger, d\u00e9sormais &#8211;cela n&rsquo;a pas toujours \u00e9t\u00e9 le cas. Je suis sans doute trop prudent.<\/p>\n\n\n\n<p class=\"has-medium-font-size\">Les structures analytiques tr\u00e8s abstraites si l&rsquo;on veut, font finalement fi de l&rsquo;impression subjective du t\u00e9moin. Ainsi quelqu&rsquo;un peut d\u00e9crire sa famille comme matrifocale, mais ne pas du tout accepter l&rsquo;id\u00e9e de matrifocalit\u00e9. Ses arguments peuvent alors \u00eatre mis \u00e0 l&rsquo;\u00e9preuve par la mani\u00e8re dont on constate la mani\u00e8re dont les choses s&rsquo;organisent d&rsquo;une part, et statistiquement d&rsquo;autre part. Et son d\u00e9ni mis en valeur.<\/p>\n\n\n\n<p class=\"has-medium-font-size\">La discipline historique est je crois la premi\u00e8re \u00e0 avoir pu noter des limites avec le terme courant d&rsquo;information de guerre. De mani\u00e8re plus ou moins surprenante, le fait qu&rsquo;une majorit\u00e9 de la population adh\u00e8re, et par ailleurs est incit\u00e9e \u00e0 adh\u00e9rer \u00e0 quelque chose de faux, cela d\u00e9passe malheureusement l&rsquo;information de guerre, et m\u00eame le couramment perceptible. Cela va me donner l&rsquo;occasion de donner l&rsquo;explication de pourquoi le Journal de R\u00e9f\u00e9rence est pour moi le plus souvent un tract tarif\u00e9. Au lendemain du fait que le FMI ent\u00e9rine l&rsquo;analyse de la dette cach\u00e9e du S\u00e9n\u00e9gal (et donc ent\u00e9rine le fait que le gouvernement Sall a effectivement faut\u00e9) le journal Le Monde regrette justement le contraire \u00ab\u00a0les autorit\u00e9s du pays accusent le r\u00e9gime pr\u00e9c\u00e9dent d\u2019avoir dissimul\u00e9 les vrais chiffres de la dette publique et du d\u00e9ficit budg\u00e9taire\u00a0\u00bb dans \u00ab\u00a0S\u00e9n\u00e9gal&nbsp;: face aux difficult\u00e9s \u00e9conomiques, le&nbsp;premier ministre demande des \u00ab&nbsp;sacrifices&nbsp;\u00bb \u00e0&nbsp;la&nbsp;population\u00a0\u00bb, en date du 10 novembre 2025. Plus impressionnant, cet article est en fait un article de l&rsquo;AFP. Pour qui se prennent l&rsquo;AFP et Le Monde pour aller expliquer l&rsquo;inverse de ce que comprend le FMI, partenaire essentiel dans cet \u00e9v\u00e8nement? Le fait de savoir que Macky Sall, est l&rsquo;un des rares dirigeants non blancs \u00e0 \u00eatre appr\u00e9ci\u00e9 du chef d&rsquo;Etat fran\u00e7ais a t&rsquo;il un rapport? Quoi qu&rsquo;il en soit, l&rsquo;AFP comme Le Monde nous incite \u00e0 penser des choses non av\u00e9r\u00e9es, et \u00e0 propos desquelles nous n&rsquo;avons a priori aucune raison de penser qu&rsquo;il y aurait de la pol-pol \u00e0 produire en direction des masses.<\/p>\n\n\n\n<p class=\"has-medium-font-size\">Cet exemple pour montrer la difficult\u00e9 \u00e0 entreprendre la question de la subjectivit\u00e9, laquelle parfois ne peut m\u00eame pas \u00eatre forc\u00e9ment mis en balance par des statistiques. J&rsquo;admire la t\u00e9nacit\u00e9 des historiens, lesquels se trouvent particuli\u00e8rement expos\u00e9s \u00e0 ce type de difficult\u00e9s.<\/p>\n\n\n\n<p class=\"has-medium-font-size\">Bien que je ne me sois jamais fait moqu\u00e9 par des ethnologues, on trouve aussi ces probl\u00e9matiques que je d\u00e9cris ici. Cependant que d&rsquo;une mani\u00e8re th\u00e9orique, les soci\u00e9t\u00e9s contemporaines peuvent \u00eatre plusieurs fois visit\u00e9es et \u00e9tudi\u00e9es (certaines l&rsquo;\u00e9tant plus que d&rsquo;autres, et l&rsquo;ethnologie et l&rsquo;anthropologie manquant aussi de chercheurs). D&rsquo;un c\u00f4t\u00e9 je fais partie des personnes un peu sceptiques sur l&rsquo;anthropologie de Pierre Clastre (et cela a une influence sur la r\u00e9ception que j&rsquo;ai de son ethnologie, mais il s&rsquo;agit d&rsquo;un exemple bien particulier, et tr\u00e8s li\u00e9 \u00e0 sa rh\u00e9torique), d&rsquo;un autre c\u00f4t\u00e9 je me sens souvent un peu embarrass\u00e9 dans la litt\u00e9rature purement ethnologique. Le \u00ab\u00a0niveau\u00a0\u00bb anthropologique permet une r\u00e9organisation des donn\u00e9es. Il y a heureusement beaucoup de disciplines anthropologiques dont l&rsquo;anthropologie historique (ce qui convoque si je me souviens correctement: Braudel, Le Goff qui me fatigue je ne sais pas pourquoi, Vernant et Vidal-Naquet &#8230;)<\/p>\n\n\n\n<p class=\"has-medium-font-size\">Dans ce cadre de r\u00e9organisation des donn\u00e9es, le structuralisme me semble tr\u00e8s satisfaisant. Il faut cependant remarquer qu&rsquo;il y a une sorte de familiarit\u00e9 des raisonnements entre le structuralisme et la phytosociologie. Cela implique que d&rsquo;autres formes de r\u00e9organisations des donn\u00e9es soit satisfaisantes sans que j&rsquo;y accorde l&rsquo;int\u00e9r\u00eat l\u00e9gitime. L&rsquo;anthropologie structurale va impliquer la mythologie, les syst\u00e8mes familiaux, etc. ). Ces structures familiales sont relativement touffues, sachant qu&rsquo;on les abordes aujourd&rsquo;hui \u00e0 partir de la famille nucl\u00e9aire \u00e9galitaire et de l&rsquo;exogamie qui nous concernent.<\/p>\n\n\n\n<p class=\"has-medium-font-size\">Les structures familiales complexes contiennent un flou. Ce flou est pour nous, en Europe, entretenu par la diff\u00e9rence lexicographique de Le Play et de l\u2019anthropologie structurale de la parent\u00e9. Les concepts dans cette discipline sont particuli\u00e8rement pr\u00e9cis et articulables. La tentation est donc d\u2019utiliser le premier mot historique subissant ces ambigu\u00eft\u00e9s. Quant bien m\u00eame, la d\u00e9finition finale, apr\u00e8s description mettra en \u00e9chec ce terme, pour en proposer un autre plus juste. Le syst\u00e8me \u00e0 maison est une structure complexe mais qui n\u2019a rien \u00e0 voir avec les familles \u00e9tendues. L\u2019entreprise Renault je crois a justement longtemps \u00e9t\u00e9 une maison. Qui que ce soit qui dirige, il s\u2019agit de la maison Renault. C\u2019est la maison qui prime en tant que personne morale en ce qui concerne l\u2019identification sur les personnes physiques qui y sont. Ce syst\u00e8me a \u00e9t\u00e9 propos\u00e9 par L\u00e9vi-Strauss. L\u2019ambiguit\u00e9 terminologique ne concerne pas seulement la personne qui s\u2019int\u00e9resse aux structures sociales mais aussi la personne qui lit\/\u00e9coute.<\/p>\n\n\n\n<p class=\"has-medium-font-size\">La position d\u2019Emmanuel Todd n\u2019a rien arrang\u00e9 selon moi. Il r\u00e9emploie la terminologie leplaysienne dans une autre perspective analytique.<\/p>\n\n\n\n<p class=\"has-medium-font-size\">Je voudrais montrer un exemple avec la soci\u00e9t\u00e9 Wolof. D\u2019un point de vue structural, la soci\u00e9t\u00e9 wolof est (plut\u00f4t) polygame et pr\u00e9sente des familles souches virilocales avec classes d\u2019\u00e2ges et \u00e9ventuels autres cadets sociaux (parce que&nbsp;: primog\u00e9niture mat\u00e9rielle agnatique, essaimage du\/des cadets et dispersion des filles). Cela diff\u00e8re alors des syst\u00e8mes simplement \u00e9tendus (ou communautaire) o\u00f9 l\u2019h\u00e9ritage se trouve partag\u00e9.<\/p>\n\n\n\n<p class=\"has-medium-font-size\">Ce type de terminologie ne rend que partiellement compte de la r\u00e9alit\u00e9 \u00e0 d\u00e9crire ou d\u00e9crite. C\u2019est du brut. Mais ici en l\u2019occurrence, on va trouver encore un ensemble de probl\u00e8mes. Car cette terminologie pourrait \u00eatre tout \u00e0 fait insuffisante ou risque d\u2019\u00eatre trompeuse.<\/p>\n\n\n\n<p class=\"has-medium-font-size\">D\u2019une part, Delphine Durand Sall a choisi d\u2019\u00e9tudier la circulation des femmes et les effets induits. Ce qui m\u2019a incit\u00e9 \u00e0 m\u2019interroger non seulement sur la patrilocalit\u00e9 ou bilocalit\u00e9 (patrilocal strict mais avec bilocalit\u00e9 cordiale, au moins un petit moment), mais \u00e9ventuellement du coup sur l\u2019id\u00e9e de quelque chose d\u2019autre comme une \u00e9ventuelle part de syst\u00e8me \u00e0 maison (\u00e9chec&nbsp;: il n\u2019y a rien de ce c\u00f4t\u00e9 l\u00e0)<\/p>\n\n\n\n<p class=\"has-medium-font-size\">Surtout le meilleur descriptif concernant les soci\u00e9t\u00e9s ouest africaine existe. Mais tr\u00e8s englobant, il est totalement difficile \u00e0 articuler. Evans-Pritchard l\u2019a d\u00e9crit d\u2019Inde sous la terminologie de soci\u00e9t\u00e9 lignag\u00e8re. Le concept est assez globalisant puisqu\u2019il comprend la question des \u00ab&nbsp;territoires&nbsp;\u00bb. En l\u2019occurence pour des agriculteurs, la zone d\u2019habitation et les terres. Un des grands int\u00e9r\u00eat du concept de soci\u00e9t\u00e9 lignag\u00e8re, ici, est de mettre en valeur le lignage comme structure politique. Le fait que le concept inclut les \u00ab&nbsp;territoires&nbsp;\u00bb &nbsp;est assez peu pratique dans le champ de mon questionnement g\u00e9n\u00e9ral (mais on est ici dans un cas o\u00f9 il n\u2019est pas tr\u00e8s pertinent de faire abstraction du travail. Il y a une correspondance genre-t\u00e2ches plus qu\u2019importante.) Et je pr\u00e9f\u00e8re du coup tant que possible conserver la lecture structurale. Cela peut je l\u2019esp\u00e8re permettre des comparaisons. Cependant, l\u2019essaimage familial, ici d\u00e9crit avec la position du\/des cadet(s) est indiqu\u00e9 dans le concept de soci\u00e9t\u00e9 lignag\u00e8re. De souvenir le travail classique d\u2019Abdoulaye-Bara Diop propose une lecture structuraliste (ou proche), Jacqueline Rabain fait r\u00e9f\u00e9rence \u00e0 Evans-Pritchard dans le titre d\u2019un ouvrage. Harris Memel-F\u00f4t\u00e9 utilise ce concept pour la C\u00f4te d\u2019Ivoire. Les lignages sont indiqu\u00e9s dans le mythe fondateur des soci\u00e9t\u00e9s Wolof et S\u00e9r\u00e8re (Ndiadiane Ndiaye). Les soci\u00e9t\u00e9s lignag\u00e8res, hyperclassistes et hyper autoritaires, ne proposent qu\u2019un lignage, qu\u2019il soit cognatique ou qu\u2019il soit agnatique. Ici, se marque une diff\u00e9rence. L\u2019enfant retourne beaucoup plus vers sa m\u00e8re que vers son p\u00e8re, semble-t-il.<\/p>\n\n\n\n<p class=\"has-medium-font-size\">Le double lignage cr\u00e9e un halo. Ce double lignage incite \u00e0 \u00eatre d\u00e9licat.<\/p>\n\n\n\n<p class=\"has-medium-font-size\">Par ailleurs, il y a deux types de mariages&nbsp;: dotal ou musulman, mais cette question n\u2019est pas abord\u00e9e ici. Noter que la polygamie n\u2019a rien d\u2019obligatoire. Il est possible de choisir la monogamie. Et que cette derni\u00e8re peut dominer de n\u2019importe quelle mani\u00e8re pour des raisons \u00e9conomiques.<\/p>\n\n\n\n<p class=\"has-medium-font-size\">(Presque toutes les donn\u00e9es ici sont en sources secondaires, et ont donc valeur d&rsquo;informations:) <br>Le lignage maternel est donn\u00e9 comme symbolique mais d\u00e9terminant qui s\u2019occupe de l\u2019enfant en priorit\u00e9 (quelles tantes biologiques), et avec qui se mariera plut\u00f4t l\u2019enfant (le mariage r\u00e9pondait au mod\u00e8le le plus courant: le dravidien). Il y a un patriarche et quand il n\u2019est pas l\u00e0 sa premi\u00e8re femme est \u00ab&nbsp;matriarche&nbsp;\u00bb. La filiation cognatique (du c\u00f4t\u00e9 des femmes) est r\u00e9put\u00e9e donner la personnalit\u00e9, le charme et tout ce qui compte vraiment. La filiation agnatique (du c\u00f4t\u00e9 des hommes) est la plus concr\u00e8te, transmission du nom de famille, et primog\u00e9niture agnatique (temp\u00e9r\u00e9e de la position de la premi\u00e8re femme). La maison=le hameau (=la famille) lequel est partitionn\u00e9 selon le genre des adultes, avec une position particuli\u00e8re pour le patriarche qui doit pouvoir voir venir de loin qui arrive au hameau. Terminologiquement, le patriarche est donn\u00e9 comme le chef de famille. C\u2019est une exag\u00e9ration de la traduction. Il est&nbsp;<em>Borom K\u00ebr<\/em>.&nbsp;<em>Borom<\/em>, c\u2019est pas seulement chef mais aussi propri\u00e9taire, et&nbsp;<em>K\u00ebr<\/em>, c\u2019est aussi bien famille que maison. Il n\u2019est pas seulement chef\/propri\u00e9taire des personnes qui vivent \u00e0 la maison. Il est chef\/propri\u00e9taire de la maisonn\u00e9e. Il est chef de maisonn\u00e9e. La famille forme 2 soci\u00e9t\u00e9s de travail compl\u00e9mentaires. Noter qu\u2019il y a jusqu\u2019\u00e0 deux foyers (ou 4 mais consid\u00e9rer les 2 foyers suffit \u00e0 la distinction), plut\u00f4t 2 au moins en termes d\u2019horaires (il y a priori d\u2019autres formes de partitionnement possible selon les degr\u00e9s de consanguinit\u00e9, d\u2019affinit\u00e9). Les foyers et lieux de vies: L\u2019un pour les femmes et les jeunes enfants, l\u2019autre pour les hommes et les gar\u00e7ons \u00e0 partir de 5-7 ans. Je t\u00e9moigne de la s\u00e9paration des foyers. Les&nbsp;<em>badoola<\/em>&nbsp;(les paysans) ne sont pas cast\u00e9s (la soci\u00e9t\u00e9 Wolof comportait des libres et des castes). Les artisans l\u2019\u00e9taient et devaient se marier obligatoirement au sein de leurs castes. Pour interpr\u00e9ter ces donn\u00e9es qui restent trop brutes, il faut prolonger. J\u2019ai pour habitude de prolonger \u00e0 partir du statut des enfants (le statut des enfants, c\u2019est ce qu\u2019on attend de la g\u00e9n\u00e9ration suivante&nbsp;; ce que l\u2019on veut pour eux et ce que l\u2019on veut pour soi d\u2019eux. Il n\u2019est pas question par exemple d\u2019imaginer une agentivit\u00e9 de l\u2019enfant wolof).<br><br><br>Etant donn\u00e9e la tr\u00e8s stricte s\u00e9paration des t\u00e2ches et de toute la vie entre les hommes et les femmes, attribuer une noblesse des t\u00e2ches per\u00e7ues fonction des genres n\u2019est pas forc\u00e9ment \u00e9vident. Si. Cependant bien que les parcours techniques agricoles choisis privil\u00e9gient l\u2019autoconsommation, une partie de la production r\u00e9alis\u00e9e par les hommes sera g\u00e9n\u00e9ralement vendue et participera distinctement \u00e0 l\u2019\u00e9conomie domestique. Du c\u00f4t\u00e9 des enfants, donc et pour en avoir la port\u00e9e:<\/p>\n\n\n\n<p class=\"has-medium-font-size\"><br>L\u2019enfant appartient au hameau, en tous cas \u00e0 la famille \u00e9tendue mais le lien le plus pr\u00e9gnant est pour moi le double syst\u00e8me de productions au sein d\u2019une maisonn\u00e9e. Typiquement cependant, il y a une articulation entre l\u2019importance de la famille et l\u2019importance de la maisonn\u00e9e. De l\u2019appartenance au hameau ou \u00e0 la communaut\u00e9 familiale, des priorit\u00e9s sont \u00e9dict\u00e9es. Ce n\u2019est pas n\u2019importe quelle tante qui va prioritairement s\u2019occuper de l\u2019enfant en plus de sa m\u00e8re biologique (lecture en parent\u00e9 du syst\u00e8me wolof), et notamment donner le sein. Une tante sur le c\u00f4t\u00e9 mariable ne peut pas donner le sein car elle deviendrait la m\u00e8re de l\u2019enfant. En ce qui concerne la terminologie, le syst\u00e8me semble iroquois (mais il s\u2019agit d\u2019un syst\u00e8me dravidien pr\u00e9f\u00e9rentiel): les cousins et cousines biologiques sont d\u00e9nomm\u00e9s fr\u00e8res et s\u0153urs (pas toute.s), l\u2019oncle biologique est appel\u00e9 petit papa, la tante, petite maman. Petite maman habite peut-\u00eatre un autre hameau. Apr\u00e8s son mariage elle rendra visite. Les enfants dont elle est co-responsable restent pour autant l\u00e0 o\u00f9 ils sont (sauf dons d\u2019enfants). Les liens affectifs de l\u2019enfant sont ainsi tiss\u00e9s ou en tous cas encourag\u00e9s. La maisonn\u00e9e, c\u2019est \u00e0 dire le syst\u00e8me de production double me semble l\u2019emporter l\u00e9g\u00e8rement sur la question des lign\u00e9es cognatique\/agnatique. C\u2019est \u00e0 dire que finalement l\u2019aspect agnatique domine puisque mat\u00e9riellement plus efficace. L\u00e9g\u00e8rement. L\u00e9g\u00e8rement car les alliances, et donc la circulation des femmes introduisent d\u2019importants changements, et modifient tr\u00e8s substantiellement le sch\u00e9ma de filiation agnatique mat\u00e9rielle (la th\u00e8se de Durand Sall est de positionner la maison du mari\u00e9 comme un peu moins importante que la circulation des femmes dans la soci\u00e9t\u00e9). Cependant, l\u2019ain\u00e9 est l\u2019h\u00e9ritier par principe de la maisonn\u00e9e, i.e: du syst\u00e8me de production. Cette filiation agnatique appara\u00eet sans ambigu\u00eft\u00e9. Cette absence d\u2019ambigu\u00eft\u00e9 fait de la question de la maison, maison comme typologie anthropologique, et si tant est qu\u2019elle existe un personnage tr\u00e8s secondaire. Cependant encore que le double syst\u00e8me de production n\u2019est pas tant secondaire que cela. Les genres trouvaient une expression n\u00e9cessaire dans les types de t\u00e2ches (surtout du c\u00f4t\u00e9 des hommes o\u00f9 l\u2019ensemble des t\u00e2ches n\u2019a qu\u2019une port\u00e9e unique) et les r\u00f4les d\u00e9volus par genres sont en liens avec la circulation des femmes et celle des hommes. Il ne s\u2019agit pas ici selon moi de m\u00e9langer une analyse de type \u00e9conomique \u00e0 une analyse de la parent\u00e9 avec une analyse des circulations. Les genres et j\u2019en t\u00e9moigne se m\u00e9langent peu. Il ne faut pas en conclure \u00e0 une m\u00e9sentente. Cela n\u2019a rien \u00e0 voir. Il semble que la s\u00e9paration entre les genres \u00e9tait vraiment tr\u00e8s tr\u00e8s nette et tendent \u00e0 le rester ou m\u00eame \u00e0 prendre des traits caract\u00e9ristiques diff\u00e9rents mais en t\u00e9moignant. Cela a des implications sur l\u2019organisation de la maisonn\u00e9e, or cette derni\u00e8re s\u2019exprime par les circulations et par ce qui s\u2019y passe comme un syst\u00e8me de production. On dit des soci\u00e9t\u00e9s Wolofs qu\u2019elles sont \u00e0 lignages. Ce qui est totalement correspondant, mis \u00e0 part la question revendiqu\u00e9e du double lignage, attestable en tous cas par le fait qu\u2019une tante qui n\u2019est pas m\u00e8re classificatoire, et se trouvant donc du c\u00f4t\u00e9 mariable de l\u2019enfant ne peut lui donner le sein sous peine d\u2019en faire son enfant et r\u00e9duire alors ses possibilit\u00e9 de mariages \u00e0 venir. Attestable plus certainement par l\u2019importance attribu\u00e9e par les wolofs \u00e0 ce double lignage.<\/p>\n\n\n\n<p class=\"has-medium-font-size\">D\u00e8s lors qu\u2019ils sont dou\u00e9s de paroles (en opposition avec la p\u00e9riode nourrisson), l\u2019\u00e9ducation des enfants est tr\u00e8s cadr\u00e9e. Respect des ain\u00e9.e.s, des adultes et des anciens. Ils sont susceptibles tr\u00e8s t\u00f4t d\u2019\u00eatre assez constamment ramen\u00e9s \u00e0 leurs sexes biologiques. Les gar\u00e7ons \u00e0 partir de 5-7 ans quittent la maison de femmes et vont suivre les hommes aux champs. Les filles restent avec les femmes. On attends d\u2019eux qu\u2019ils apprennent \u00e0 devenir sociables. Les enfants doivent apprendre \u00e0 \u00eatre&nbsp;<em>rafetal<\/em>&nbsp;(que je traduis dans ce contexte par \u00ab&nbsp;corporate&nbsp;\u00bb;&nbsp;<em>rafet<\/em>&nbsp;veut dire joli). Ils subissaient autrefois mais jusqu\u2019\u00e0 il n\u2019y a pas suffisamment longtemps des s\u00e9vices \u00e9ducatifs ou en tous cas de telles choses sont rapport\u00e9es. Il n\u2019est pas dit que ce soit pire que dans des lyc\u00e9es catholiques du nord finist\u00e8re ou \u00e0 Bettharam, bien moins pire en fait. Notamment les gar\u00e7ons lesquels pouvaient \u00eatre confi\u00e9s au marabout (l\u2019imam) pour un \u00ab&nbsp;dressage&nbsp;\u00bb plus vigoureux. L\u2019\u00e9ducation des filles \u00e9tait \u00e9galement susceptible d\u2019\u00eatre un peu dure.<\/p>\n\n\n\n<p class=\"has-medium-font-size\">Les enfants wolofs passent souvent aux yeux des occidentaux pour de petits adultes. En ce sens, il faut mod\u00e9rer la duret\u00e9 de l\u2019\u00e9ducation. Les enfants travaillent. C\u2019est \u00e0 dire qu\u2019ils participent aux t\u00e2ches, bien plus qu\u2019en Europe. Cela semble \u00eatre per\u00e7u par les adultes comme de l\u2019aide ou au mieux de petites t\u00e2ches. Il s\u2019agit de t\u00e2ches assez importantes d\u00e9j\u00e0. Cela s\u2019inscrit dans une vis\u00e9e \u00e9ducative. L\u2019enfant participe. C\u2019est une mani\u00e8re de socialisation. Il travaille, c\u2019est une mani\u00e8re d\u2019inscription dans la soci\u00e9t\u00e9. Il apprend la hi\u00e9rarchie sociale. Il est ob\u00e9issant. Kae Amo (dans l\u2019anthropologue \u00e0 l\u2019\u00e9cole coranique (\u2026), Anthropochildren n\u00b04) indique bien cet aspect. L\u2019anthropologue s\u2019attarde sur un exemple devenu discutable aujourd\u2019hui (ce n\u2019est pas seulement les intellectuels urbains et les occidentaux mais l\u2019\u00c9tat s\u00e9n\u00e9galais qui s\u2019est saisi de la question) mais particuli\u00e8rement repr\u00e9sentatif de ce que cela a pu \u00eatre par le pass\u00e9, et de surcro\u00eet comparable \u00e0 ce que l\u2019on a pu conna\u00eetre en France: il s\u2019agit des&nbsp;<em>talib\u00e9<\/em>&nbsp;(apprenant, \u00e9tudiant). Les enfants&nbsp;<em>talib\u00e9<\/em>&nbsp;mendiants. Les enfants passent du temps notamment vers midi en dehors de leurs&nbsp;<em>daara&nbsp;<\/em>(\u00e9cole coranique) pour mendier. Il rapporte l\u2019argent au marabout qui se paie ainsi de son enseignement. C\u2019est le point de friction avec l\u2019Etat. On voit l\u00e0 quelque chose de tout \u00e0 fait d\u00e9sagr\u00e9able. Si on change de perspective, et Kae Amo indique avoir fait des entretiens \u2026 On obtient apparemment quelque chose autour de la gr\u00e2ce du sacrifice. L\u2019enfant s\u2019illumine ( vers Allah) en se sacrifiant mais illumine en retour celle ou celui qui le remarquera. C\u2019est tr\u00e8s proche de la culture de l\u2019indulgence catholique. Je comprends mieux sous cet angle le&nbsp;<em>talib\u00e9&nbsp;<\/em>qui a travers l\u2019avenue proche de Sandaga \u00e0 Ndakaru me tendait un bonbon avec un regard rempli de g\u00e9n\u00e9rosit\u00e9. Indice de la m\u00e9sestimation des femmes dans ce syst\u00e8me familial wolof: c\u2019est aux enfants filles que l\u2019on pense prioritairement.<\/p>\n\n\n\n<p class=\"has-medium-font-size\"><br>Pour bien forcer le trait, je vais me reporter au d\u00e9but du XX \u00e8me si\u00e8cle, p\u00e9riode un peu particuli\u00e8re, pendant laquelle les femmes \u00e9taient promises d\u00e8s parfois 6 ans. Il y a une diff\u00e9rence entre la promesse et le mariage. Il y a une distinction: le mariage est impos\u00e9. Il y a bien s\u00fbr une grande diff\u00e9rence, parfois inaper\u00e7ue ici, entre le mariage et la consommation. Ainsi qu\u2019indiqu\u00e9 plus haut la famille forme une double soci\u00e9t\u00e9 de travail. C\u2019est un peu comme une entreprise. Les sentiments vont s\u2019exprimer \u00e0 travers ce contexte. Et alors que chez nous la beaut\u00e9 plastique a parfois une certaine importance, la s\u00e9duction est\/\u00e9tait li\u00e9e chez les wolofs \u00e0 l\u2019id\u00e9e de bien travailler. Avec comme axiome secondaire: tel enfant, tel parent. Une personne fille belle est donc une personne dont on dit que la m\u00e8re travaille bien. Une personne gar\u00e7on belle est une personne dont on dit que le p\u00e8re travaille bien. Cela pouvant \u00eatre une explication du tr\u00e8s jeune \u00e2ge des promesses de mariages au d\u00e9but du XX. Quoi qu\u2019il en soit la fille plus que le gar\u00e7on conna\u00eet des rituels qui l\u2019emm\u00e8ne vers l\u2019\u00e2ge adulte et vers le mariage. Parmi ceux-ci, les coiffures. De souvenir, il y 4 ou 5 types de coiffures qui sont indicatifs de l\u2019\u00e2ge de la personne. L\u2019une des derni\u00e8res signifiant \u00ab&nbsp;bient\u00f4t mariable&nbsp;\u00bb et indiquant en outre que la jeune femme est en train d\u2019apprendre \u00e0 confectionner les meilleurs plats. Ce rituel est aussi indicatif de l\u2019existence de classes d\u2019\u00e2ge chez les enfants wolofs, mais \u00e9galement des classes d\u2019\u00e2ges adultes (le respect des anciens). Potentiellement, la coiffure s\u00e9n\u00e9galaise a pu peut-\u00eatre \u00eatre un frein au port du voile (???) La symbolique des coiffures a disparu depuis assez longtemps. Et depuis quelques ann\u00e9es, c\u2019est les qualit\u00e9s esth\u00e9tiques qui sont mises en avant.<\/p>\n\n\n\n<p class=\"has-medium-font-size\">La jeune femme mari\u00e9e partira pr\u00e9f\u00e9rentiellement chez un cousin crois\u00e9. Les donn\u00e9es consult\u00e9es concernant les unions indique le type dravidien qui par ailleurs est tr\u00e8s courant. Cela jusqu\u2019\u00e0 Delphine Durand Sall. Certainement une&nbsp;<a href=\"https:\/\/lecompagnonrouge.fr\/?page_id=8669#urba-\"><u>\u00e9volution de la soci\u00e9t\u00e9<\/u><\/a>. La jeune mari\u00e9e quitte donc sa maison. Et se dirige vers une personne qui ne lui a jamais \u00e9t\u00e9 tout \u00e0 fait inconnue, mais pas n\u00e9cessairement bien connue non plus (cependant, l\u2019\u00e9pouse ou l\u2019\u00e9poux d\u2019or est le cousin crois\u00e9 de degr\u00e9 4, par exemple la fille d\u2019une s\u0153ur du p\u00e8re). Lors de son arriv\u00e9e dans sa nouvelle demeure, la nouvelle mari\u00e9e sera guid\u00e9e souvent par une s\u0153ur du mari\u00e9 (ou une amie proche de lui) pour appr\u00e9hender la particularit\u00e9 des habitudes et rituels de la famille. Cette cousine particuli\u00e8re le restera. Il s\u2019agit de la&nbsp;<em>Ndj\u00ebkke<\/em>&nbsp;(: mari f\u00e9minin). Elle gardera donc une autorit\u00e9 sur la nouvelle mari\u00e9e. Cette nouvelle mari\u00e9e s\u2019int\u00e9grera dans une soci\u00e9t\u00e9 f\u00e9minine o\u00f9 le respect de la belle m\u00e8re et potentiellement de la premi\u00e8re femme est indiqu\u00e9 (ne serait-ce que parce que c\u2019est factuellement la belle m\u00e8re est la patronne et qu\u2019en tant que telle, elle se dispense parfois de certaines t\u00e2ches). Cette soci\u00e9t\u00e9 f\u00e9minine s\u2019exprimera dans un m\u00e9lange de concurrence, d\u2019\u00e9ventuelle coop\u00e9ration et d\u2019organisation tr\u00e8s millim\u00e9tr\u00e9e, leur lib\u00e9rant du temps pour vaquer \u00e0 des occupations p\u00e9cuniaires. La femme nouvellement mari\u00e9e \u00e9tait semble t\u2019il accueillie par les autres femmes avec un rituel assez puissant (toujours un peu \u00ab&nbsp;th\u00e9\u00e2tral&nbsp;\u00bb) o\u00f9 on lui interdisait l\u2019entr\u00e9e \u00e0 coup d\u2019insultes (elle est \u00ab&nbsp;voleuse de mari&nbsp;\u00bb). La cousine particuli\u00e8re ayant ici le r\u00f4le difficile de n\u00e9gociatrice (ainsi que d\u2019\u00e9viter que cela ne d\u00e9g\u00e9n\u00e8re). L\u2019articulation maisonn\u00e9e\/filiation familiale est susceptible de rester un temps dramatique pour les femmes puisqu\u2019il peut y avoir des p\u00e9riodes de retours \u00e0 la maisonn\u00e9e d\u2019origine. De fait, la femme ressort de deux maisons, celle d\u2019origine o\u00f9 elle se sent certainement mieux et celle qu\u2019elle rejoint. De la m\u00eame mani\u00e8re, les liens biologiques du c\u00f4t\u00e9 des hommes \u00e0 l\u2019int\u00e9rieur d\u2019une maison (<em>k\u00ebr<\/em>) peuvent parfois \u00eatre un peu distendu. L\u2019enfant fille regarde un avenir beaucoup plus difficile que celui que regarde l\u2019enfant gar\u00e7on, lequel n\u2019est promis qu\u2019\u00e0 une seule et unique fonction: ramener \u00e0 manger \u00e0 la maison (de l\u2019argent ou du mil). Cette fonction unique fait cependant peser un poids tr\u00e8s lourd sur ses responsabilit\u00e9s. Les donn\u00e9es sur la circulation des hommes (agriculteurs) sont li\u00e9es aux p\u00e9riodes de grandes s\u00e9cheresses o\u00f9 ils migraient alors p\u00e9riodiquement en&nbsp;<a href=\"https:\/\/lecompagnonrouge.fr\/?page_id=8669#urba-\"><u>ville<\/u><\/a>&nbsp;pour le travail. L\u2019enfant qui n\u2019est pas h\u00e9ritier peut \u00e9galement avoir un int\u00e9r\u00eat \u00e0 fonder sa propre maisonn\u00e9e. Je t\u00e9moigne que les hommes semblent circuler diff\u00e9remment (d\u2019une mani\u00e8re g\u00e9n\u00e9rale l\u2019ethnologie de Durand Sall r\u00e9sonne et explique ce que j\u2019ai pu voir). D\u2019une mani\u00e8re g\u00e9n\u00e9rale, le retour est li\u00e9 \u00e0 la consanguinit\u00e9 et \u00e0 l\u2019affinit\u00e9. A la famille proche, comme pour les femmes. Mais le contexte est aussi celui du travail. La consanguinit\u00e9, l\u2019affinit\u00e9 est vraiment tr\u00e8s importante, et signal\u00e9e de longue date (dans le mythe fondateur de la soci\u00e9t\u00e9 Wolof et S\u00e9rr\u00e8re avec le&nbsp;<em>m\u00eaen<\/em>&nbsp;\u2013Mythe de Ndiadiane Ndiaye) sur le flanc matrilin\u00e9aire.<\/p>\n\n\n\n<p class=\"has-medium-font-size\"><a href=\"https:\/\/lecompagnonrouge.fr\/?page_id=8669#urba-\"><u>Aujourd\u2019hui<\/u><\/a>&nbsp;les rencontres sont organis\u00e9es semble t\u2019il presque exclusivement entre amis mais aussi fr\u00e8res et s\u0153urs et cousins dans une belle entente: au niveau du quartier. Si les mariages restent toujours trop pr\u00e9coces dans les campagnes (les&nbsp;<em>badoola<\/em>&nbsp;ne connaissent pas bien les lois s\u00e9n\u00e9galaises), de plus en plus de femmes vivent en familles monoparentales, reprochant aux hommes de ne pas savoir s\u2019occuper des enfants. Si il y a un reproche sur le ch\u00f4mage des hommes je ne suis pas s\u00fbr qu\u2019il soit exprim\u00e9. Eux ne semblent pas parvenir \u00e0 le vivre. La dimension si l\u2019on veut un peu \u00ab&nbsp;f\u00e9ministe&nbsp;\u00bb s\u2019inscrit dans l\u2019histoire du S\u00e9n\u00e9gal. Le f\u00e9minisme assez universaliste de Fatou Benitou Dial ne rencontre pas forc\u00e9ment le succ\u00e8s attendu dans des milieux plus populaires tels que la famille du nord de la p\u00e9ninsule dakaroise d\u00e9crite par Delphine Durand Sall. On comprend entre autre l\u2019int\u00e9r\u00eat pour une jeune femme de constituer un r\u00e9seau de connaissances (pour toutes sortes de raisons mais aussi pour des raisons professionnelles par exemple, en tous cas il y a un int\u00e9r\u00eat ici) en acceptant\/d\u00e9sirant l\u2019exp\u00e9rience du mariage traditionnel polygame, cela quitte \u00e0 divorcer par la suite (le divorce pour raisons de comportements est admis et pratiqu\u00e9).<\/p>\n\n\n\n<p class=\"has-medium-font-size\"><br>Le Syst\u00e8me familial Wolof traditionnel \u00e9tait structur\u00e9 tr\u00e8s pr\u00e9cocement selon le genre, et cela \u00e9tant visible dans la topologie des lieux, Et tout particuli\u00e8rement stratifi\u00e9. Stratifi\u00e9 d\u2019une part vis \u00e0 vis de l\u2019\u00e2ge des personnes, et stratifi\u00e9 d\u2019autre part vis \u00e0 vis du degr\u00e9 d\u2019\u00e9loignement vis \u00e0 vis du patriarche. Ce dernier \u00e9tant le seul \u00e0 n\u2019avoir que des cadets sociaux, sans \u00eatre lui-m\u00eame cadet social de qui que ce soit dans un sens ou dans un autre. Le nombre de foyers peut t\u00e9moigner des stratifications. La distinction en genres se r\u00e9p\u00e8te dans la topologie et dans les responsabilit\u00e9s. Ce dernier aspect alli\u00e9 \u00e0 la forte hi\u00e9rarchisation impliquent une liaison tr\u00e8s forte des aspects travail-genre-circulations types. Si l\u2019on compare avec la famille conjugale \u00e9l\u00e9mentaire (nucl\u00e9aire) \u00e9galitaire en h\u00e9ritage tel que pratiqu\u00e9 en pays de Vitr\u00e9 compar\u00e9e elle m\u00eame \u00e0 tel que pratiqu\u00e9e dans la Manche, on s\u2019aper\u00e7oit que dans ce dernier cas (la famille \u00e9l\u00e9mentaire dans cet ouest de la France), il n\u2019y a pas de formation obligatoire d\u2019un couple travail-genre pour les egos (le travail genr\u00e9 est du \u00e0 une repr\u00e9sentation de l&rsquo;homme ou de la femme, mais beaucoup plus facilement distinguable de la structure de parent\u00e9).<\/p>\n\n\n\n<p>noter: un cadet social se trouve avoir plut\u00f4t plus de devoirs et moins de droits que son a\u00een\u00e9 social. Ici, par exemple un cadet vis \u00e0 vis de l&rsquo;ain\u00e9, un affin vis \u00e0 vis d&rsquo;un consanguin etc. Il s&rsquo;agit des classes d&rsquo;\u00e2ges et du degr\u00e9 d&rsquo;\u00e9loignement vis \u00e0 vis du patriarche. Ce sont je crois des concepts issus d&rsquo;analyses marxiennes. Ils sont pratiques. Je ne vais pas plus loin autour de \u00e7\u00e0.<\/p>\n\n\n\n<p class=\"has-medium-font-size\">La polygamie constitue un facteur favorable pour avoir beaucoup d\u2019enfants dans chaque maisonn\u00e9e. Avoir beaucoup d\u2019enfants, c\u2019est esp\u00e9rer que l\u2019un d\u2019entre eux au moins r\u00e9ussisse et puisse aider dans le vieil \u00e2ge. Sur le plan agricole, les Wolofs sont situ\u00e9s sur sols Dior (secs sablonneux et plut\u00f4t pauvres). Tr\u00e8s peu d&rsquo;arbres. Plut\u00f4t pas d&rsquo;arbres. Plut\u00f4t pas d&rsquo;\u00e9levage non plus (la possession d&rsquo;un cheval est\/\u00e9tait pr\u00e9f\u00e9r\u00e9 \u00e0 la possession d&rsquo;un tracteur). Le parcours technique agricole n\u00e9glige la restitution des fanes et restes v\u00e9g\u00e9taux au sol et privil\u00e9gie de les donner aux b\u00eates (aux vaches notamment) de soci\u00e9t\u00e9s qui pratiquent plus l\u2019\u00e9levage qu\u2019eux. Les sols ont donc tendance \u00e0 s\u2019appauvrir encore un peu. Cependant, cette remarque prend peut-\u00eatre mal en compte la pratique arachidi\u00e8re, et la mort des racines nodul\u00e9es azot\u00e9es des cacahu\u00e8tes (l\u2019appauvrissement semble confirm\u00e9 par une \u00e9tude phytosociologique). Il y avait jusqu\u2019il y a peu une part de conqu\u00eate territoriale dans la pratique agricole wolof: agrandir le bol. Mais agrandir le bol, d\u00e9fricher et acqu\u00e9rir de l\u2019hectare est aussi susceptible de demander plus de bras. Il y a donc un rapport qui s\u2019\u00e9tablit entre le parcours technique agricole (et ce que cela rapporte) et la mani\u00e8re dont est envisag\u00e9 la polygamie. Il faut cependant noter le champ interpr\u00e9tatif r\u00e9duit. Ce type de structure familiale est r\u00e9pandu en Afrique de l\u2019Ouest, prenant \u00e0 chaque fois des particularit\u00e9s, et quelque soit la production \u00e9conomique des diff\u00e9rentes familles ou soci\u00e9t\u00e9s. Cependant le lien entre le nombre d\u2019enfants \u00e0 esp\u00e9rer et la possibilit\u00e9 de conqu\u00eate de terre est ici effectif, et le rapport \u00e0 l\u2019essaimage (les cadets s\u2019en vont ailleurs faire une autre maisonn\u00e9e). L\u2019un des grands tabous wolof est (? ou \u00e9tait) le fait de ne pas avoir d\u2019enfant (une explication donn\u00e9e du don d\u2019enfants au b\u00e9n\u00e9fice des couples qui ne peuvent en avoir). Je crois que le S\u00e9n\u00e9gal tends \u00e0 se situer dans le haut du panier en terme d\u2019enfants par femme avec 4 contre 3 ailleurs en Afrique de l\u2019Ouest. C\u2019est ce qui est consid\u00e9r\u00e9 comme beaucoup d\u2019enfants. A comparer avec la f\u00e9condit\u00e9 au moins souhait\u00e9e des catholiques int\u00e9gristes (au doigt mouill\u00e9, tout \u00e0 fait \u00e9quivalent), et au fait que pour l\u2019hexagone, l\u2019insee fait commencer les familles nombreuses \u00e0 3 enfants.<\/p>\n\n\n\n<p class=\"has-medium-font-size\"><\/p>\n\n\n\n<p class=\"has-medium-font-size\">Pour comparaison, dans le syst\u00e8me amazonien (sur l&rsquo;exemple machiguenga. Merci Esteban): le chef de \u00ab\u00a0hameau\u00a0\u00bb est celui qui chasse le mieux. Celui qui chasse le mieux est celui qui rapporte le plus de nourriture. On chasse pour les autres et non pour soi. Le produit de la chasse est donc donn\u00e9. Le patron est celui qui donne les bonbons, si l&rsquo;on veut. Cependant, il ne s&rsquo;agit pas vraiment d&rsquo;un chef. Mais d&rsquo;une personne ayant plus grande aura. Un mec \u00e0 succ\u00e8s. L&rsquo;homme est r\u00e9put\u00e9 prendre les d\u00e9cisions au niveau de la famille. Esteban Arias me sugg\u00e8re qu&rsquo;il faudrait peut-\u00eatre v\u00e9rifier que ce ne soit \u00e0 la demande des femmes. Les femmes travaillent aux essarts. L&rsquo;homme ne poss\u00e8de rien. La femme ne poss\u00e8de rien. Personne ne poss\u00e8de rien. Dans le syst\u00e8me amazonien, la position du jeune homme est plus difficile que celle des femmes. Le jeune homme, dans le contexte d&rsquo;une union dravidienne, bien que polygame, se d\u00e9place chez sa belle famille. Chez la m\u00e8re de son \u00e9pouse. C&rsquo;est elle qui est d\u00e9positaire des terres qui sont mises en cultures, et de celles de chasse. Cependant il se d\u00e9place surtout chez son beau p\u00e8re, \u00e0 qui il devra prouver qu&rsquo;il est suffisamment bon chasseur. L&rsquo;\u00e9ducation des enfants: elle est tr\u00e8s lib\u00e9rale (et demande beaucoup d&rsquo;attention et d&rsquo;\u00e9nergie aux adultes). Les rapports d&rsquo;autorit\u00e9s sont tr\u00e8s diff\u00e9rents dans le syst\u00e8me amazonien que chez les Wolofs ou m\u00eame les S\u00e9r\u00e8res, o\u00f9 la circulation intra et extra maisonn\u00e9e est importante, et notamment mise en valeur par Delphine Durand-Sall.<\/p>\n\n\n\n<p>J&rsquo;ai mis hameau entre guillemets pour les amazoniens car l&rsquo;ensemble de terminologie hameau-village-ville est vraiment tr\u00e8s bien d\u00e9crite mais me semble trouver quelques limites, d&rsquo;ordre seulement th\u00e9orique en principe. Si on suit la d\u00e9finition, il n&rsquo;y aurait que des hameaux dans les soci\u00e9t\u00e9s amazoniennes. Cela est susceptible th\u00e9oriquement de subir un biais d&rsquo;ethnocentrisme occidental. En effet pour les soci\u00e9t\u00e9s amazoniennes leurs v\u00e9cus de qui est le \u00ab\u00a0chef\u00a0\u00bb n&rsquo;est pas fantasm\u00e9. Quant bien m\u00eame, chef il n&rsquo;y a pas. Simplement un mec qui r\u00e9ussit mieux. Pour les pays comme la France ou le Canada qui n&rsquo;ont pas tout ratifi\u00e9s concernant les droits des \u00ab\u00a0peuples premiers\u00a0\u00bb (conventions 107 puis 169 de l&rsquo;Organisation Internationale du travail, en rapport notamment \u00e0 la question du foncier), ils imposent un maire \u00e0 ces soci\u00e9t\u00e9s (par groupe de \u00ab\u00a0hameaux\u00a0\u00bb plut\u00f4t que par \u00ab\u00a0hameau\u00a0\u00bb). Cette autorit\u00e9 ext\u00e9rieure et artificielle n&rsquo;\u00e9teint \u00e9videmment pas les modalit\u00e9s traditionnelles de l&rsquo;exercice des prises de d\u00e9cisions. En ce qui concerne le syst\u00e8me qu&rsquo;on trouve en Amazonie, la repr\u00e9sentation de chaque \u00ab\u00a0chef\u00a0\u00bb (donc ici plut\u00f4t le groupe) vers des entit\u00e9s ext\u00e9rieures est pour moi tout simplement diff\u00e9rente. Pour le patriarche wolof, c&rsquo;est en tant que repr\u00e9sentant de sa \u00ab\u00a0maisonn\u00e9e\u00a0\u00bb qu&rsquo;il va se d\u00e9placer pour produire des d\u00e9marches par exemple administratives. Cela m\u00eame si son statut d&rsquo;autorit\u00e9 n&rsquo;est pas reconnu par une autorit\u00e9 g\u00e9ographiquement (et administrativement) sup\u00e9rieure comme l&rsquo;Etat. Je per\u00e7ois un probl\u00e8me d&rsquo;ordre th\u00e9orique sur le concept de hameau. Car ce concept n\u00e9cessite que l&rsquo;autorit\u00e9 g\u00e9ographiquement sup\u00e9rieure (telle celle d&rsquo;un Etat) d&rsquo;une part existe, et d&rsquo;autre part n&rsquo;admette pas, ne reconnaissent pas l&rsquo;autorit\u00e9 au sein de chaque \u00ab\u00a0hameau\u00a0\u00bb. Cette derni\u00e8re est pourtant susceptible d&rsquo;\u00eatre tr\u00e8s fortement v\u00e9cue. Les occupations humaines en Amazonie concernent plusieurs familles. Au S\u00e9n\u00e9gal, dans les campagnes, les occupations humaines concernent une famille. Plusieurs occupations humaines pouvant \u00eatre accol\u00e9es ou non. Mais la s\u00e9paration est alors stricte (historiquement les hameaux \u00e9taient sous forme de fortins circulaires). Normalement quand \u00e7\u00e0 colle avec le propos, quand \u00e7\u00e0 ne sonne pas bizarrement &#8230; Je pr\u00e9f\u00e8re, les termes d&rsquo;occupations humaines. Cependant les terminologies hameau-village-ville met en valeur la plus grande pr\u00e9carit\u00e9 du hameau en terme administratif, au sein de soci\u00e9t\u00e9s tr\u00e8s \u00ab\u00a0structur\u00e9es\u00a0\u00bb comme le sont les n\u00f4tres.<\/p>\n\n\n\n<p class=\"has-medium-font-size\">A un niveau tr\u00e8s fin, les syst\u00e8mes familiaux sont susceptibles d&rsquo;avoir une incidence sur la mani\u00e8re dont est trait\u00e9 un paysage par des humains. A un niveau plus large ou plus grossier, ils peuvent \u00eatre interrog\u00e9s (tr\u00e8s) hypoth\u00e9tiquement comme <a href=\"#micropolis\">strat\u00e9gies<\/a> vis \u00e0 vis de contraintes politiques, \u00e9conomiques ou biog\u00e9ographiques.<\/p>\n\n\n\n<p>Quelques termes: Classificatoire: un parent classificatoire est un parent qui ne l&rsquo;est pas dans notre terminologie de type eskimo (une tante qui est appel\u00e9e maman, par exemple, est une tante classificatoire). Une parent\u00e9 eskimo ne distingue pas les cousins entre eux et la c\u00e9sure de repr\u00e9sentation se fait au sein des fr\u00e8res et soeurs de sang (les germains) vis \u00e0 vis de l&rsquo;ensemble des cousins. Le type dravidien distingue les cousins parall\u00e8les des cousins crois\u00e9s. R\u00e9sidence patrilocale: les \u00e9poux vont chez le p\u00e8re de l&rsquo;\u00e9poux. R\u00e9sidence virilocale poss\u00e8de une acception plus large que le pr\u00e9c\u00e9dent (ex: wolof). R\u00e9sidence matrilocale ou uxirolocale: les \u00e9poux vont chez la m\u00e8re de l&rsquo;\u00e9pouse ( ex: machiguenga); R\u00e9sidence n\u00e9olocale: nouveau mariage, nouveau lieu (ex: Manche). Une terminologie est propos\u00e9e dans le glossaire (&#8230;) du num\u00e9ro 154\/155 de la revue <em>L&rsquo;Homme.<\/em> <\/p>\n\n\n\n<p>La question de l&rsquo;organisation sociale: Etat (je m&rsquo;appuie provisoirement bcp plus sur Godelier), l&rsquo;Etat implique que les membres de la soci\u00e9t\u00e9 reconnaissent l\u00e9gitimement l&rsquo;autorit\u00e9 (cela qu&rsquo;elle s&rsquo;incarne de la mani\u00e8re la plus simple ou \u00e0 travers un r\u00e9seau administratif plus ou moins complexe. Aussi une soci\u00e9t\u00e9 sans Etat ne m&rsquo;apparait pas dans le concept de soci\u00e9t\u00e9 lignag\u00e8re d&rsquo;Evans-Pritchard (au contraire), une soci\u00e9t\u00e9 sans Etat est une soci\u00e9t\u00e9 ou l&rsquo;organisation se produit en commun, qu&rsquo;il y ait un chef ou non (mais si il y a un chef la valeur qui lui est conf\u00e9r\u00e9e est limit\u00e9e par rapport \u00e0 la valeur conf\u00e9r\u00e9e \u00e0 la communaut\u00e9), \u00e7\u00e0 va \u00eatre le cas des Machiguenga. Typiquement une soci\u00e9t\u00e9 sans Etat est ce qu&rsquo;on appelle parfois une bande. Le caract\u00e8re de pouvoir coercitif indiqu\u00e9 par Evans-Pritchard me d\u00e9range (un sentiment mal mesur\u00e9 chez moi qu&rsquo;il serait trop inspir\u00e9 de ce qu&rsquo;il se passe chez nous). Autrement dit chaque famille\/\u00a0\u00bbhameau\/village\u00a0\u00bb peut se comprendre comme un segment d&rsquo;Etat mais \u00e0 condition de se reporter \u00e0 un \u00e9poque utopique (le type de royaume qui nous fait penser \u00e0 une sorte de f\u00e9odalisme ne connaissait peut-\u00eatre pas ce type de famille, \u00e9tant donn\u00e9 le fait que les structures familiales ne sont pas vraiment vou\u00e9es \u00e0 la dur\u00e9e?)<\/p>\n\n\n\n<p><\/p>\n\n\n\n<p class=\"has-medium-font-size\">Par ailleurs, la cosmogonie-type selon Descola pourrait \u00e9galement avoir une incidence sur la mani\u00e8re dont est appr\u00e9hend\u00e9 son environnement par telle ou telle soci\u00e9t\u00e9 humaine. Je fais partie de ceux qui reste sceptique sur l&rsquo;expression pleine et enti\u00e8re d&rsquo;une cosmogonie (ontologie) naturaliste depuis la cosmogonie analogiste. Cependant que dans l&rsquo;article produit par Emma Lelong (dans le cadre de sa th\u00e8se) dans le dernier Penn ar Bed de 2025 (n\u00b0 257) sur ce r\u00e9cent chantier gigantesque du projet de protection pour la m\u00e9diterran\u00e9e (PAMEx), il est apparu la question d&rsquo;accorder \u00e0 cette mer une personnalit\u00e9 juridique (en droit fran\u00e7ais, cela d\u00e9rive de la personne). Or, \u00e0 lire l&rsquo;article les pays du nord de la m\u00e9diterran\u00e9e souffrent d&rsquo;une appr\u00e9hension qualifi\u00e9e d&rsquo;humaniste quand ce n&rsquo;est pas le cas des pays du sud de cette mer qui entreprennent la logique scientifique d&rsquo;une mani\u00e8re &#8230; Scientifique (il s&rsquo;agit d&rsquo;admettre l&rsquo;interaction de la mer et des humains). L&rsquo;appr\u00e9hension qualifi\u00e9e d&rsquo;humaniste implique ici l&rsquo;id\u00e9e que l&rsquo;homme domine et ma\u00eetrise la nature. Ce qui semble ici contredire Descola le confirme au contraire. Les pays du sud de la mer sont peut-\u00eatre plus susceptibles d&rsquo;un h\u00e9ritage analogiste que les pays du nord. Mais le d\u00e9tachement naturaliste depuis l&rsquo;ontologie analogiste trouve dans les pays du nord un appui historique dans les philosophies humanistes. Quant aux pays du sud, on peut avoir des syst\u00e8mes de croyances (si tel est le cas des personnes en pr\u00e9sence) sur plusieurs plans (l&rsquo;un par exemple religieux, l&rsquo;autre par exemple scientifique). Ce fut le cas de Darwin dont les d\u00e9couvertes ne l&rsquo;ont pas d\u00e9tach\u00e9 du christianisme, puisqu&rsquo;il m\u00eame devenu de plus en plus r\u00e9actionnaire au fil de sa vie.<\/p>\n\n\n\n<figure class=\"wp-block-table is-style-regular\"><table><tbody><tr><td><\/td><td>Afar <br>(corne de l&rsquo;Afrique)<\/td><td>Wolof (Afrique <br>de l&rsquo;Ouest)<\/td><td>S\u00e9rr\u00e8res (Afrique <br>de l&rsquo;Ouest)<\/td><td>Matsiguenga (Amazonie)<\/td><td>Manche (Europe de l&rsquo;Ouest<\/td><td>Creuse (Europe de l&rsquo;Ouest)<\/td><\/tr><tr><td>Type de famille<\/td><td>\u00e9tendue (++)<\/td><td>Souche-\u00e9tendue (soci\u00e9t\u00e9 lignag\u00e8re)<\/td><td>Souche-\u00e9tendue (soci\u00e9t\u00e9 lignag\u00e8re<\/td><td>\u00e9tendue<\/td><td>Conjuguale<\/td><td>Communautaire (?)<\/td><\/tr><tr><td>Polygame\/<br>monogame<\/td><td>Polygame<\/td><td>Polygame<\/td><td>Polygame<\/td><td>Polygame (rare cas de  polyandrie)<\/td><td>Monogame<\/td><td>Monogame<\/td><\/tr><tr><td>Cousins?<\/td><td>(bient\u00f4t)<\/td><td>Dravidien<\/td><td>Dravidien<\/td><td>Dravidien<\/td><td>Eskimo<\/td><td>Eskimo<\/td><\/tr><tr><td>Localit\u00e9 des \u00e9poux<\/td><td>(bient\u00f4t)<\/td><td>virilocal (duolocale au tout d\u00e9but pour les \u00e9pouses)<\/td><td>Virilocal<\/td><td>uxirolocal<\/td><td>n\u00e9olocal<\/td><td>? (manque de donn\u00e9es pour l&rsquo;instant)<\/td><\/tr><tr><td>H\u00e9ritage<\/td><td>Le clan h\u00e9riterait du clan. Voir articulation avec la famille<\/td><td>Primog\u00e9niture agnatique mat\u00e9rielle<\/td><td>(trou de m\u00e9moire: v\u00e9rifier)<\/td><td>cognatique<\/td><td>\u00e9galit\u00e9<\/td><td>librement?<\/td><\/tr><tr><td>Filiation<\/td><td>(bient\u00f4t: note pour moi m\u00eame: chez les voisins Issa: patrilin\u00e9aire. Le nom comprends plusieurs g\u00e9n\u00e9rations de la lign\u00e9e agnatique) A comparer avec l&rsquo;h\u00e9raldique en Europe. Cependant, significatif chez les Afars en termes de privil\u00e8ges. L&rsquo;appartenance ou non au lignage mythologique a des incidences directes.<\/td><td>Patrilin\u00e9aire<\/td><td>?<\/td><td>?<\/td><td>patrilin\u00e9aire<\/td><td>patrilin\u00e9aire<\/td><\/tr><tr><td>Patriarcat?<\/td><td>(bient\u00f4t)<\/td><td>Prises de d\u00e9cisions, autorit\u00e9&nbsp;: le patriarche (la matriarche seulement en son absence) est le seul sans cadets sociaux<\/td><td>plus souple que le pr\u00e9c\u00e9dent (mais en ville pour cette info)<\/td><td>Hommes?<br>A revoir (?)<\/td><td><br>Egalit\u00e9 des genres pour les prises de d\u00e9cisions, et l\u2019exercice de l\u2019autorit\u00e9 (les enfants ob\u00e9issent<\/td><td>(?)<\/td><\/tr><tr><td>Cadets sociaux, classes d&rsquo;\u00e2ges<\/td><td>oui, oui.<\/td><td>oui cadets sociaux, oui mod\u00e9r\u00e9 (classes d&rsquo;\u00e2ges)<\/td><td>oui<\/td><td>syst\u00e8me de classes d&rsquo;\u00e2ge: non<\/td><td>seuls les enfants sont cadets sociaux<\/td><td>a priori non<\/td><\/tr><tr><td>Education des enfants<\/td><td>(bient\u00f4t)<\/td><td>Autorit\u00e9 forte<\/td><td>?<\/td><td>nettement lib\u00e9rale<\/td><td>moyenne<\/td><td>?<\/td><\/tr><tr><td>\u00e2ge de raison<\/td><td>(bient\u00f4t)<\/td><td>5-7. Susceptibles d&rsquo;\u00eatre renvoy\u00e9s \u00e0 leurs genres biologiques avant cette p\u00e9riode.<br><br>Filles travaillent avec les m\u00e8res. Gar\u00e7ons avec les p\u00e8res.<br>+\u00e9cole (les daara compl\u00e9mente l&rsquo;offre publique scolaire)<\/td><td>5-7<\/td><td>5-7 (apprendre \u00e0 chasser, \u00e0 p\u00eacher: gar\u00e7ons)<\/td><td>5-7<br><br>L\u2019enfant est confi\u00e9 \u00e0 la R\u00e9publique une large partie de la journ\u00e9e (\u00e9cole&nbsp;: apprendre des contenus fondamentaux comme lire et \u00e9crire compter, le go\u00fbt de la concurrence et le respect de l\u2019autorit\u00e9 administrative)<\/td><td>5-7<br>L&rsquo;<br>\u2019enfant est confi\u00e9 \u00e0 la R\u00e9publique une large partie de la journ\u00e9e (\u00e9cole&nbsp;: apprendre des contenus fondamentaux comme lire et \u00e9crire, le go\u00fbt de la concurrence et le respect de l\u2019autorit\u00e9 administrative<\/td><\/tr><tr><td>Insertion de la famille dans la Cit\u00e9<\/td><td>Articulation importante \u00e0 observer<\/td><td>ressemblant \u00e0 du f\u00e9odalisme autrefois. D\u00e9sormais Etat sous un mod\u00e8le de type fran\u00e7ais. La structure familiale peut appara\u00eetre comme un segment d&rsquo;Etat<\/td><td><br>Ressemblant \u00e0 du f\u00e9odalisme autrefois. D\u00e9sormais Etat sous un mod\u00e8le de type fran\u00e7ais. La structure familiale peut appara\u00eetre comme un segment d&rsquo;Etat<\/td><td>Soci\u00e9t\u00e9 sans Etat<\/td><td>Etat administratif tr\u00e8s ramifi\u00e9<\/td><td>Etat administratif tr\u00e8s ramifi\u00e9<\/td><\/tr><tr><td>T\u00e2ches, genres<\/td><td>oui<\/td><td>oui. <br>femmes&nbsp;: enfants, Repas et toutes pr\u00e9parations, m\u00e9nages, etc. plus un peu de commerce<br>Hommes&nbsp;: agriculture<\/td><td>oui. <br>femmes&nbsp;: enfants, Repas et toutes pr\u00e9parations, m\u00e9nages, etc. plus un peu de commerce<br>Hommes&nbsp;: agriculture<\/td><td>oui. Pas ou peu de jugements<br>Hommes. Chasse et p\u00eache<br>Femmes essarts enfants, cuisine, etc.<br>(hommes cultivent plantes en lien avec la chasse ou la p\u00eache.)<\/td><td>oui. Pas ou peu de jugements<\/td><td>oui. A approfondir. <br>Hommes absents \u00e0 la belle saison impliquant l&rsquo;hypoth\u00e8se de t\u00e2ches agricoles f\u00e9minines.<\/td><\/tr><tr><td>Typologie agricole (I)<br>Titre<\/td><td>Pastoralisme<\/td><td>Agriculture<\/td><td>Agriculture\/\u00e9levage<\/td><td>Agriculture (essarts)\/chasse-p\u00eache<\/td><td>Agriculture\/\u00e9levage<\/td><td>\u00e9levage, plus que d&rsquo;agriculture (moutons le plus probablement devant les bovins).  Noter ici que l&rsquo;objet de l&rsquo;\u00e9levage suppos\u00e9 principal est de la laine pour la tapisserie de Haute-Lice.<\/td><\/tr><tr><td>Typo-morphologie.<\/td><td>d\u00e9sert, quelques herbages.<br><br>Les d\u00e9limations territoriales sont connues mais pas forc\u00e9ment visibles.<br><br>D\u00e9serts de roches basaltiques, parfois de sels.<br><br>Tr\u00e8s extensif (pastoralisme). <br>Itin\u00e9rance forte. Semi-nomadisme<\/td><td>Arbres: tr\u00e8s peu, presque nul.<br><br>Pas de d\u00e9limitation des parcelles.<br><br><br><br>Sols Diors<br><br><br><br><br>Extensive (tr\u00e8s)<\/td><td>Arbres: oui.<br><br><br><br>Peu de d\u00e9limitations des parcelles ?<br><br><br><br>Sols diors et diors-decks (type meilleur que le pr\u00e9c\u00e9dent)<br><br>Extensive (moins)<\/td><td>For\u00eats<br><br>Plusieurs types de sols (en g\u00e9n\u00e9ral les sols alluviaux semblent distingu\u00e9s, mais \u00e9galement par la teinte plus ou moins fonc\u00e9e\/noire)<br><br>Parcelles d&rsquo;essarts nettement d\u00e9limit\u00e9es, y compris ou surtout sur le front de for\u00eats.<br><br>La for\u00eat para\u00eet plus \u00ab\u00a0magique\u00a0\u00bb, r\u00e9serv\u00e9e aux activit\u00e9s masculines.<br><br>Itin\u00e9rance. Oui. Tous les 10-15 ans. 2 possibilit\u00e9s (hors envies de bouger, guerres, pr\u00e9sence d&rsquo;une industrie extractive, etc.) : moins de gibier en for\u00eat. Pas forc\u00e9ment ce qui vient vite \u00e0 l&rsquo;esprit. Ou commencement d&rsquo;\u00e9puisement des ressources des sols pour la culture en essarts.<\/td><td>Bocage (intensif du coup)<br><br>Parcelles d\u00e9limit\u00e9es.<br><br><br>Pour ce qui concerne la basse manche occidentale observ\u00e9e ici: Sols sur le complexe g\u00e9ologique de Granville: chacun tente sa chance! C&rsquo;est la roulette &#8230;<br><\/td><td>Murets, quelques haies basses (pour ainsi dire parfois de l&#8217;embouche). Les murets sont souvent de sout\u00e8nements. Il s&rsquo;agit de terrasses.<br><br><br><br>Parcelles d\u00e9limit\u00e9es. <br><br>Sols siliceux.<\/td><\/tr><tr><td>Relations\/ Corr\u00e9lations<\/td><td>(\u00e0 venir)<\/td><td>La polygamie, la mani\u00e8re de l&rsquo;envisager permet d&rsquo;envisager la possibilit\u00e9 d&rsquo;avoir suffisamment d&rsquo;enfants pour exploiter de plus larges territoires <\/td><td>(\u00e0 venir)<\/td><td>(?) Tout comme pour les afars, la question de la s\u00e9curit\u00e9 du groupe prime probablement sur l&rsquo;acquisition de nourriture, v\u00eatements, etc &#8230;<br>Par ailleurs l&rsquo;itin\u00e9rance a lieu au sein de territoires dont la femme est d\u00e9positaire. <br><br>L&rsquo;itin\u00e9rance me semble pouvoir \u00eatre l&rsquo;axe possiblement corr\u00e9l\u00e9 soit pour raisons de s\u00e9curit\u00e9, soit pour produire mieux. Pour obtenir le principe de la corr\u00e9lation, il faut pouvoir distinguer les deux raisons possibles.<\/td><td>L&rsquo;h\u00e9ritage \u00e9galitaire est susceptible de rentrer en contradiction avec le bocage (r\u00e9duction des parcelles, augmentation de l&rsquo;ombrage); Ce qui est susceptible de favoriser des mariages arrang\u00e9es. Ou dans d&rsquo;autre cas, il va y avoir un probl\u00e8me.<\/td><td>(?)<\/td><\/tr><\/tbody><\/table><\/figure>\n\n\n\n<h2 class=\"wp-block-heading has-medium-font-size\" id=\"subspontan\u00e9e\"><strong>Subspontan\u00e9e<\/strong> <strong>[concept. Botanique]<\/strong><\/h2>\n\n\n\n<p class=\"has-medium-font-size\">Plante exog\u00e8ne se comportant comme une spontan\u00e9e, non (encore) naturalis\u00e9e, et qui se distingue des <a href=\"#accidentelle\">accidentelles<\/a> par son mode d&rsquo;introduction: \u00e9chapp\u00e9e de culture.<\/p>\n\n\n\n<h2 class=\"wp-block-heading has-medium-font-size\" id=\"succession\"><strong>Succession v\u00e9g\u00e9tale<\/strong> <strong>[Loi. Phytosociologie]<\/strong><\/h2>\n\n\n\n<p class=\"has-medium-font-size\">Les communaut\u00e9s de plantes se succ\u00e8dent spontan\u00e9ment. Par exemple, d&rsquo;un stade ouvert, pelouse, prairie ou espace sarcl\u00e9 vers le <a href=\"http:\/\/paraclimax\">paraclimax<\/a> s&rsquo;\u00e9tablissant en principe de mani\u00e8re foresti\u00e8re. Le principe de succession vers la for\u00eat a force de loi naturelle, sauf situations notamment <a href=\"#abiotique\">abiotique<\/a>s tr\u00e8s contraignantes. Voir <a href=\"#grime\">Grime<\/a> pour visualiser pourquoi cela se passe comme cela.<\/p>\n\n\n\n<p class=\"has-medium-font-size\">Des situations abiotiques ou dues \u00e0 des pratiques humaines ont une incidence sur ces successions: les cultures sarcl\u00e9es ne laissent que les annuelles tant qu&rsquo;il n&rsquo;y a pas d&rsquo;abandon du culture: pas de succession. La fauche ou l&rsquo;abroutissement bloquent \u00e9galement au stade prairie. Le froid (pelouse de haute montagne), le vent et les embruns sal\u00e9s pour les rares landes littorales au stade <a href=\"#paraclimax\">paraclimacique<\/a>. Le <a href=\"#feu\">feu<\/a> en ce qui peut concerner des pyropaysages comme des <a href=\"#matorral\">matorrals<\/a>.<\/p>\n\n\n\n<p class=\"has-medium-font-size\">La succession primaire progressive est le plus souvent \u00ab\u00a0naturelle\u00a0\u00bb: elle implique, \u00e0 partir d&rsquo;un milieu qualifi\u00e9 d&rsquo;exog\u00e8ne (roche m\u00e8re, m\u00e9so climat, g\u00e9omorphologie, etc.) \u00e0 l&rsquo;\u00e9paississement progressif du sol et la progression des esp\u00e8ces de hauteurs modestes et herbac\u00e9es vers des esp\u00e8ces ligneuses de plus hautes tailles. <\/p>\n\n\n\n<p class=\"has-medium-font-size\"><\/p>\n\n\n\n<p class=\"has-medium-font-size\">La succession primaire r\u00e9gressive est li\u00e9e \u00e0 des accidents souvent d&rsquo;origines \u00ab\u00a0naturelles\u00a0\u00bb (exemple: crues, destruction de la v\u00e9g\u00e9tation).<\/p>\n\n\n\n<p class=\"has-medium-font-size\">La succession progressive secondaire appara\u00eet \u00e0 la disparition du stade <a href=\"#paraclimax\">climacique<\/a> et est concern\u00e9e par l&rsquo;abandon des pratiques agricoles.<\/p>\n\n\n\n<p class=\"has-medium-font-size\">La succession r\u00e9gressive secondaire appara\u00eet apr\u00e8s la disparition du stade climacique et est mise en \u0153uvre par des pratiques agricoles: d\u00e9frichage, fauche et p\u00e2turage.<\/p>\n\n\n\n<p class=\"has-medium-font-size\">Noter que les pratiques propos\u00e9es dans cette d\u00e9finition sont issus des travaux de Bruno de Foucault (beaucoup int\u00e9ress\u00e9 par le prairial, et on le comprend). Le <a href=\"#feu\">feu<\/a> appartient au d\u00e9frichage, mais selon le type de mise \u00e0 feu, des effets \u00e0 moyen-long termes peuvent se particulariser. Bernard Cl\u00e9ment par exemple s&rsquo;int\u00e9resse aux feux, plut\u00f4t armoricains. Enfin, \u00e0 aucun moment, une for\u00eat jardin\u00e9e n&rsquo;est consid\u00e9r\u00e9e comme primaire (il semble que le castor jardine. il semble que l&rsquo;\u00e9l\u00e9phant de for\u00eat africain ait une pratique proche du jardinage, avec s\u00e9lection d&rsquo;esp\u00e8ces, et donc floristique possible (blocage partiel de la succession progressive secondaire. Idem castor, lequel va jusqu&rsquo;\u00e0 une suppression partielle du stade climacique). Pour les interventions animales, voir ma notion de travail\/questionnement \u00e0 <a href=\"#primaire\">Primaire<\/a> et <a href=\"#secondaire\">Secondaire<\/a>).<\/p>\n\n\n\n<p class=\"has-medium-font-size\">Les successions autog\u00e8nes sont des successions qui ne se forment pas sous l&rsquo;influence d&rsquo;\u00e9l\u00e9ments ext\u00e9rieurs, que ce soit du \u00e0 des pratiques anthropiques, ou que cela soit du \u00e0 des \u00e9v\u00e8nements climatiques. Des successions impliqu\u00e9es par des grands mouvements, des modifications climatiques d&rsquo;ampleur ou des pratiques anthropiques sont des successions qualifi\u00e9s d&rsquo;allog\u00e8nes: il s&rsquo;est pass\u00e9 quelque chose.<\/p>\n\n\n\n<p class=\"has-medium-font-size\">Les successions d\u00e9crivent donc le passage du stade pionnier au stade climacique, et toutes les phases transitoires.<\/p>\n\n\n\n<p>Noter ici, la question que je me permet d&rsquo;un biais envisageable (je n&rsquo;y crois pas trop) et anthropocentr\u00e9, anthropocentr\u00e9 dans un sens occidental ou europ\u00e9ocentr\u00e9 (tendance parfois \u00e0 d\u00e9tacher la nature de la culture, d\u00e9tacher Homo sapiens de sa phylog\u00e9nie). Si biais, de premi\u00e8re importance il faut l&rsquo;ignorer jusqu&rsquo;\u00e0 un certain point. Car tout s&rsquo;\u00e9croule alors qu&rsquo;il faut pouvoir rester efficace. La notion de milieu primaire tel que d\u00e9fini en phytosociologie synusiale implique les animaux (mais influence sur le sol, tr\u00e8s exactement). Concernant les effets du castor tr\u00e8s particuliers, il s\u00e9lectionne des ligneux mais on n&rsquo;en conna\u00eet pas les raisons. Ce ne sont jamais les m\u00eames esp\u00e8ces. Donc don&rsquo;t act: il n&rsquo;y a rien qui puisse \u00eatre synth\u00e9tis\u00e9 de ce point de vue. Mais en ce qui concerne <em>Loxodonta cyclotis<\/em> (l&rsquo;\u00e9l\u00e9phant de for\u00eat africain), on peut envisager ou non un probl\u00e8me d&rsquo;interpr\u00e9tation. Sa pr\u00e9sence s\u00e9lectionne des esp\u00e8ces d&rsquo;arbres de tailles mod\u00e9r\u00e9es et \u00e0 bois dense. Ce n&rsquo;est pas les animaux en g\u00e9n\u00e9ral &#8211;ce n&rsquo;est d&rsquo;ailleurs l&rsquo;influence sur le sol, ce n&rsquo;est pas non plus l&rsquo;humain mais c&rsquo;est cette esp\u00e8ce d&rsquo;\u00e9l\u00e9phant en particulier qui s\u00e9lectionne certains arbres bien particuliers qui donne une physionomie bien particuli\u00e8re aux for\u00eats qu&rsquo;elle parcoure. Autrement dit, il y a des chances qu&rsquo;il poss\u00e8de une incidence sur la floristique (il laisse les esp\u00e8ces \u00e0 bois dense, et emp\u00eache la progression successive primaire des esp\u00e8ce de grande tailles \u00e0 bois tendre). Cependant \u00e0 aucun moment cet \u00e9l\u00e9phant ne supprime des arbres. Il proc\u00e8de par jardinage, s\u00e9lection au plus pr\u00e8s des esp\u00e8ces. Pas de suppression du stade climacique, simple emp\u00eachement de certaines esp\u00e8ces. Normalement on ne s&#8217;embarrasse pas de l&rsquo;exception. Heureusement. Question subsidiaire: que faire si plusieurs ing\u00e9nieurs de l&rsquo;\u00e9cosyst\u00e8me ont une incidence de ce type. Les envoyer en milieu secondaire ou en tous cas allog\u00e8ne c&rsquo;est \u00e0 dire para-allog\u00e8ne, para-secondaire (je trouverai \u00e7\u00e0 plus clean, personnellement ou en tous cas aujourd&rsquo;hui)? Pour ce questionnement personnel, voir \u00e0 <a href=\"#primaire\">primaire<\/a> et <a href=\"#secondaire\">secondaire<\/a> (en fond de d\u00e9finition avec des bis). <\/p>\n\n\n\n<p>Alors biais ou pas biais? Il n&rsquo;y a pas de biais selon moi dans la construction de ces concepts phytosociologiques. On rencontre toujours des surprises. Et la meilleure preuve de l&rsquo;absence de biais vient du fait que d&rsquo;une part l&rsquo;incidence des lapins et de leur abroutissement est con\u00e7u comme un (des) facteur(s) possible pour les tonsures, et d&rsquo;autres part: bien que beaucoup d&rsquo;autres animaux que nous marquent profond\u00e9ment le sol (pi\u00e9tinement, labourage &#8230; notamment concernant les coul\u00e9es, sachant que les g\u00eetes sl. sont peu remarquables), nous sommes (presque?) les seuls \u00e0 ce que nos modifications du sol donnent lieux \u00e0 des communaut\u00e9s de plantes statistiquement descriptibles a priori (avec peut-\u00eatre cet \u00e9l\u00e9phant &#8230; et peut-\u00eatre des informations au niveau des herbages &#8211;m\u00eame si d\u00e9j\u00e0 enregistr\u00e9 comme communaut\u00e9s par ailleurs, produit par l&rsquo;\u00e9clairement au sol du aux activit\u00e9s de bucheronnage tr\u00e8s s\u00e9lectif des castors, et peut-\u00eatre toutes sortes de surprises encore non rencontr\u00e9es par moi). Cela car c&rsquo;est une question d&rsquo;\u00e9chelle, en gros, de la partie de sol manipul\u00e9e par rapport \u00e0 l&rsquo;environnement (ou par rapport \u00e0 l&rsquo;ensemble avant la manipulation). Voir \u00e0 <a href=\"#coul\u00e9e\">coul\u00e9e<\/a>. Cette question d&rsquo;\u00e9chelle semble a priori dominante dans l&rsquo;explication. Lorsque cette faiblesse de l&rsquo;\u00e9chelle est fragilis\u00e9e avec par exemple un polyd\u00f4misme tr\u00e8s en joie de <em>Lasius flavus<\/em> &#8230; (10-15% de l&rsquo;espace mesur\u00e9 \u00e0 l&rsquo;hectare. Cf: Butler): on a par contre une forte impression (mais pr\u00e9cis\u00e9ment les d\u00f4mes sont nus de plantes). Sachant que consid\u00e9rant l&rsquo;impact des lapins, il produit ou participe \u00e0 des tonsures, mais celles-ci ne peuvent sans doute \u00eatre sp\u00e9cialement d\u00e9finies florisitiquement. Cependant l&rsquo;incidence zoog\u00e8ne pourrait \u00eatre indiqu\u00e9e au moins parfois selon moi.<\/p>\n\n\n\n<h2 class=\"wp-block-heading has-medium-font-size\" id=\"subul\u00e9\"><strong>Subul\u00e9.e<\/strong> <strong>[descripteur.  Botanique]<\/strong><\/h2>\n\n\n\n<p class=\"has-medium-font-size\">Longuement \u00e9ffil\u00e9.e<\/p>\n\n\n\n<p><\/p>\n\n\n\n<h2 class=\"wp-block-heading has-medium-font-size\" id=\"sup\u00e8re\"><strong>Sup\u00e8re <strong>[descripteur.  Botanique]<\/strong>: <\/strong><\/h2>\n\n\n\n<p class=\"has-medium-font-size\">Une fleur est dite sup\u00e8re lorsque le calice recouvre l&rsquo;ovaire. les points d&rsquo;insertion du calice se trouve sous l&rsquo;ovaire.<\/p>\n\n\n\n<h2 class=\"wp-block-heading has-medium-font-size\" id=\"symbiose\"><strong>Symbiose, Symbiote<\/strong> <strong>[concept. Ecologie. Biologie]<\/strong><\/h2>\n\n\n\n<p class=\"has-medium-font-size\">Cas g\u00e9n\u00e9ral: la symbiose implique une relation inverse \u00e0 celle de la relation <a href=\"#parasitisme\">parasitaire<\/a>. Il s&rsquo;agit d&rsquo;une relation mutualiste. <\/p>\n\n\n\n<p class=\"has-medium-font-size\">Difficult\u00e9:<\/p>\n\n\n\n<p class=\"has-medium-font-size\">La totalit\u00e9 des organismes eucaryotes (comme nous le sommes, ainsi que les plantes, etc.) sont symbiotiques avec des organismes procaryotes (comme c&rsquo;est le cas des bact\u00e9ries ou des arch\u00e9es). Cela a donn\u00e9 la proposition de notion d&rsquo;holo esp\u00e8ces.<\/p>\n\n\n\n<p class=\"has-medium-font-size\">Par ailleurs, le r\u00e8gne des champignons ou myc\u00e8tes est un r\u00e8gne d&rsquo;organismes symbiotiques incluant les lichens.<\/p>\n\n\n\n<p class=\"has-medium-font-size\">Pour \u00e9luder cette \u00e9tranget\u00e9 mais qui r\u00e9sonne aussi facilement \u00e0 la difficult\u00e9 de la symbiose eucaryote-procaryote, et pour faciliter la lecture, les chaines taxonomiques des lichens donn\u00e9es sur ce site sont coup\u00e9es et il est indiqu\u00e9 qu&rsquo;il s&rsquo;agit de: symbiotes. <\/p>\n\n\n\n<h2 class=\"wp-block-heading has-medium-font-size\" id=\"sympatrique\"><strong>Sympatrique&nbsp;[concept g\u00e9ographie botanique. Phytosociologie, \u00e9cologie]: <\/strong><\/h2>\n\n\n\n<p class=\"has-medium-font-size\">Des taxons sont sympatriques lorsqu\u2019ils occupent une aire g\u00e9ographique commune. Un petit c\u00f4t\u00e9 misogyne dans ce terme, peut-\u00eatre &#8230; Tenter: les plantes synmatriques occupent une m\u00eame matrie &#8230;<\/p>\n\n\n\n<p><\/p>\n\n\n\n<h2 class=\"wp-block-heading has-medium-font-size\" id=\"synusie\"><strong>Synusie [Important concept. Phytosociologie]:<\/strong><\/h2>\n\n\n\n<p class=\"has-medium-font-size\">Dans un espace donn\u00e9 et homog\u00e8ne, Tout en prenant en compte les phases de d\u00e9veloppement des individus (stade <a href=\"#ph\u00e9nologie\">ph\u00e9nologique<\/a> pour les plantes), une synusie est une strate \u00e0 une p\u00e9riode donn\u00e9e. La strate muscinale, la strate herbac\u00e9e, la strate arbustive, la strate arborescente. On s\u00e9pare les mousses poussant sur les branches d&rsquo;arbres en une autre strate.<\/p>\n\n\n\n<p class=\"has-medium-font-size\">Cela en fonction d&rsquo;une p\u00e9riode consid\u00e9r\u00e9e. La saison en pratique: vernale, tardi-vernale, estivale, tardi-estivale. <\/p>\n\n\n\n<p class=\"has-medium-font-size\">Les lichens ne sont pas des animaux. Les lichens ne sont pas des plantes. Il existe une classification des communaut\u00e9s de lichens.<\/p>\n\n\n\n<h2 class=\"wp-block-heading has-medium-font-size\" id=\"syst\u00e9matique\"><strong>Syst\u00e9matique<\/strong> <strong>[Discipline des sciences du vivant et dites de l&rsquo;\u00e9volution]<\/strong><\/h2>\n\n\n\n<p class=\"has-medium-font-size\">La syst\u00e9matique \u00e9tudie l&rsquo;organisation des <a href=\"#taxon\">taxa<\/a>. Il s&rsquo;agit d&rsquo;un syst\u00e8me hi\u00e9rarchis\u00e9 souvent repr\u00e9sent\u00e9 par un arbre. Ce syst\u00e8me peut \u00e9galement \u00eatre repr\u00e9sent\u00e9 par des embo\u00eetements. Et il peut-\u00eatre plus simple de l&rsquo;expliquer ainsi.<\/p>\n\n\n\n<p class=\"has-medium-font-size\">Il pr\u00e9sente plusieurs rangs ou clades.<\/p>\n\n\n\n<p class=\"has-medium-font-size\">La premi\u00e8re clade ou rang comprend tout le vivant. I. e: dans cette clade, on range tout le vivant, \u00e0 savoir plusieurs r\u00e8gnes (le r\u00e8gne animal, le r\u00e8gne v\u00e9g\u00e9tal, le r\u00e8gne des bact\u00e9ries, le r\u00e8gnes des arch\u00e9es, le r\u00e8gne des champignons)<\/p>\n\n\n\n<p class=\"has-medium-font-size\">Dans les clades des r\u00e8gnes, on range toutes les divisions ou phylum correspondantes. Ainsi pour les plantes, on trouve le phylum des cryptogames et le phylum des phan\u00e9rogames. Le phylum des cryptogames concerne les plantes qui ne produisent pas de graines.<\/p>\n\n\n\n<p class=\"has-medium-font-size\">Chaque phylum comprends diff\u00e9rentes classes. Dans la boite des phan\u00e9rogames ou autrement dit spermatophytes, on trouve des groupes qui sont les gymnospermes et les plantes \u00e0 fruits dont la graine est habill\u00e9e (ce qu&rsquo;on appelle les plantes \u00e0 fleurs): les angiospermes qui ne se divisent plus en <a href=\"#dicotyl\u00e8done\">dicotyl\u00e9dones<\/a> et en <a href=\"#monocotyl\u00e9dones\">monocotyl\u00e9dones<\/a>. Les angiospermes sont une clade de m\u00eame niveau que les dicots, les vrais dicots, les monocots, et les magnolid\u00e9es. Dans ces \u00ab\u00a0boites\u00a0\u00bb on trouve normalement des clades correspondant \u00e0 des ordres, mais il arrive qu&rsquo;une clade interm\u00e9diaire soit d\u00e9clar\u00e9e. Cette clade interm\u00e9diaire est une innovation de syst\u00e9matique.<\/p>\n\n\n\n<p class=\"has-medium-font-size\">Dans la boite des angiospermes on trouve des groupes qui correspondent \u00e0 un rang qu&rsquo;on appelle l&rsquo;ordre.<\/p>\n\n\n\n<p class=\"has-medium-font-size\">Chaque classe (de l&rsquo;ancien syst\u00e8me) ou clade d\u00e9sormais comprends donc des ordres, lesquels comprennent les familles, lesquelles comprennent les genres et les esp\u00e8ces.<\/p>\n\n\n\n<p class=\"has-medium-font-size\">L&rsquo;\u00e9tude phylog\u00e9n\u00e9tique actuelle ne rend plus obligatoire les noms de rangs utilis\u00e9s jusqu&rsquo;alors, cela en descendant jusqu&rsquo;\u00e0 l&rsquo;ordre. Il est simplement exprim\u00e9 \u00ab\u00a0clade\u00a0\u00bb car cela permet d&rsquo;en mettre autant que n\u00e9cessaire. C&rsquo;est une innovation. Certains niveaux peuvent \u00eatre modifi\u00e9s. Les Domaines ont \u00e9t\u00e9 modifi\u00e9s: les bact\u00e9ries et les arch\u00e9es ayant \u00e9t\u00e9 \u00e9lev\u00e9es au rangs de Domaines. <\/p>\n\n\n\n<p class=\"has-medium-font-size\">A partir des familles, les noms de rangs subsistent.<\/p>\n\n\n\n<p class=\"has-medium-font-size\">Par exemple: Ranunculales est le nom de l&rsquo;ordre, Ranunculaceae, celui de la famille, la clade sup\u00e9rieure non indiqu\u00e9e ici etant celle des dicots vrais (eudicoty\u00e9dones):<\/p>\n\n\n\n<p><a href=\"https:\/\/lecompagnonrouge.fr\/?s=Ranunculales\">Ranunculales<\/a>&gt;<a href=\"https:\/\/lecompagnonrouge.fr\/?s=Ranunculaceae\">Ranunculaceae<\/a>&gt;<a href=\"https:\/\/lecompagnonrouge.fr\/?s=nigella\">Nigella<\/a> damascena<\/p>\n\n\n\n<p class=\"has-medium-font-size\">Le changement intervenu ne rendant plus obligatoire les noms des clades sur les rangs les plus \u00e9lev\u00e9s est un acte de syst\u00e9matique, par exemple.<\/p>\n\n\n\n<p class=\"has-medium-font-size\">Cela donne des expressions un peu contre-intuitive pour qui est tr\u00e8s habitu\u00e9.e \u00e0 une classification classique:<\/p>\n\n\n\n<ul class=\"wp-block-list\">\n<li>Giardia intesitinalis est un Eucaryote bikonte du r\u00e8gne Excavata (ce n&rsquo;est donc pas une bact\u00e9rie, ni une arch\u00e9e: les anciennes procaryotes)<\/li>\n\n\n\n<li>Plasmodium falciparum est un Eucaryote bikonte du r\u00e8gne Chromalveolate (m\u00eame remarque. Anciennement class\u00e9 dans les protistes)<\/li>\n\n\n\n<li>Homo sapiens est un eucaryote unikonte du r\u00e8gne Animalia<\/li>\n\n\n\n<li>Yersinia pestis est une Eubacteria du r\u00e8gne Bacillati et sous r\u00e8gne Bacillota, de la classe des Bacilli, et de l&rsquo;ordre des Enterobact\u00e9rales. Les bact\u00e9ries \u00e9taient consid\u00e9r\u00e9es comme procaryotes. Le terme de procaryote restant acceptable, bien que d\u00e9fini n\u00e9gativement vis \u00e0 vis des Eucaryotes: pour les bact\u00e9ries et les arch\u00e9es.<\/li>\n<\/ul>\n\n\n\n<p class=\"has-medium-font-size\">La classification est ench\u00e2ss\u00e9e par des caract\u00e9ristiques parfois dites \u00e9volutives &#8230; Ou plus simplement <a href=\"#adaptatif\">adaptatives<\/a>. Lorsqu&rsquo;une innovation appara\u00eet et qu&rsquo;elle est int\u00e9ressante, rien ne s&rsquo;oppose \u00e0 ce qu&rsquo;elle se r\u00e9pande. Ainsi les fleurs \u00e0 ovaires sup\u00e8res sont mieux prot\u00e9g\u00e9es que celles \u00e0 ovaires inf\u00e8res, puisque l&rsquo;ovaire est recouverte par p\u00e9tales et s\u00e9pales.<\/p>\n\n\n\n<p class=\"has-medium-font-size\">De cette mani\u00e8re si l&rsquo;on compare les Ranunculales qui comprennent les renoncules aux Rosales, et notamment aux Rosaceae (les roses, etc.) &#8230; On trouve des caract\u00e8res morphologiques apparemment proches mais marquant une certaine opposition. Les Rosales vont \u00eatre donn\u00e9es pour \u00ab\u00a0\u00e9volu\u00e9es\u00a0\u00bb. Les Ranunculales comme beaucoup plus \u00ab\u00a0archa\u00efques\u00a0\u00bb<\/p>\n\n\n\n<p class=\"has-medium-font-size\">D&rsquo;un premier regard, 5 <a href=\"#p\u00e9tale\">p\u00e9tales<\/a> et nombreuses <a href=\"#\u00e9tamine\">\u00e9tamines<\/a>. <a href=\"#calice\">Calice<\/a> et <a href=\"#corolle\">corolle<\/a> s\u00e9par\u00e9es. En fait ce premier regard convient aux Rosales. Le programme est en fait beaucoup moins bien d\u00e9termin\u00e9 concernant les Ranunculales. P\u00e9tales de 3 \u00e0 5; \u00e9tamines spiral\u00e9es ou cycliques (cycliques chez les roses). Parfois calices et corolles mais facilement des <a href=\"#t\u00e9pale\">t\u00e9pales<\/a>. Et de mani\u00e8re curieuse, l&rsquo;expression de nombreux fruits dispos\u00e9s les uns aupr\u00e8s des autres, au lieu d&rsquo;un seul fruit par exemple contenant de nombreuses graines.<\/p>\n\n\n\n<p class=\"has-medium-font-size\">Adaptabilit\u00e9, selon moi plut\u00f4t qu&rsquo;\u00e9volution. Cependant, il faut noter que les innovations doivent \u00eatre per\u00e7ues dans une temporalit\u00e9, au moins les unes par rapport aux autres, mais aussi par rapport \u00e0 la situation g\u00e9ographique. D&rsquo;autant que la situation des terres \u00e9merg\u00e9es n&rsquo;a pas toujours \u00e9t\u00e9 la m\u00eame, ainsi que les p\u00e9riodes climatiques. Aussi, la repr\u00e9sentation en arbre de type \u00e9volutif reste vraiment utile.<\/p>\n\n\n\n<p><\/p>\n\n\n\n<p><\/p>\n\n\n\n<h2 class=\"wp-block-heading has-text-align-center has-medium-font-size\" id=\"t\"><mark style=\"background-color:rgba(0, 0, 0, 0)\" class=\"has-inline-color has-luminous-vivid-amber-color\">T. <a href=\"#haut-de-page\">Haut de page<\/a><\/mark><\/h2>\n\n\n\n<h2 class=\"wp-block-heading has-medium-font-size\" id=\"talus\"><strong>Talus<\/strong> <strong>(G\u00e9omorphologie humaine, pratiques humaine)<\/strong><\/h2>\n\n\n\n<p class=\"has-medium-font-size\">Dans un grand nombre de cas, Nord de la France, et notamment pour l&rsquo;ouest, le talus renvoie \u00e0 la haie. Mais pas seulement. <\/p>\n\n\n\n<p class=\"has-medium-font-size\">Il me semble important de renvoyer directement au travail ethnologique propos\u00e9e dans les num\u00e9ros 153-154 de la revue Penn ar Bed. R\u00e9dig\u00e9 dans une p\u00e9riode o\u00f9 la place du bocage a une valeur un peu mythologique pour la r\u00e9gion. On y cherche encore peut-\u00eatre le premier bocage de l&rsquo;histoire. Un go\u00fbt marqu\u00e9 tr\u00e8s t\u00f4t.<\/p>\n\n\n\n<p class=\"has-medium-font-size\">Des questions y trouvent des r\u00e9ponses, parfois de circonstances.<\/p>\n\n\n\n<p class=\"has-medium-font-size\">A quoi sert une haie ou un talus? Depuis l&rsquo;\u00e9poque du t\u00e9moignage, il apparait la protection des cultures, et l&rsquo;id\u00e9e de marquer la propri\u00e9t\u00e9 cadastrale.<\/p>\n\n\n\n<p class=\"has-medium-font-size\">Il me semble personnellement que le premier point, la lutte contre la divagation du b\u00e9tail herbivore a certainement jou\u00e9 un r\u00f4le dans l&rsquo;expansion des haies et des talus. L&rsquo;autre fonction non n\u00e9gligeable est celle de la limitation du ruissellement et de l&rsquo;\u00e9rosion.<\/p>\n\n\n\n<p class=\"has-medium-font-size\">Les talus peuvent \u00eatre fait de pleine terre, de pierres, ou de murets couverts de terres. Les talus renvoient donc soit aux <a href=\"#haie-bocag\u00e8re\">haies<\/a>, soit aux <a href=\"#murs\">murets<\/a>.<\/p>\n\n\n\n<p class=\"has-medium-font-size\">Pour la Bretagne, il y avait une s\u00e9gr\u00e9gation des t\u00e2ches en fonction du sexe et de l&rsquo;\u00e2ge: c&rsquo;est \u00e0 dire, de la noblesse apparente des t\u00e2ches. Bien que pr\u00e9sent\u00e9 sous un jour de travail physique ou moins physique. Que ce soit pour l&rsquo;entretien des haies et talus, soit pour la confection de ceux-ci. <\/p>\n\n\n\n<p class=\"has-medium-font-size\">En ce qui concerne l&rsquo;aspect structural des familles (<a href=\"#micropolis\">micropolis<\/a>), des \u00e9tudes approfondies, pratiquement \u00ab\u00a0clocher\u00a0\u00bb par \u00ab\u00a0clocher\u00a0\u00bb semblent n\u00e9cessaires. Il y a un tr\u00e8s bon texte, mais du c\u00f4t\u00e9 de Douarnenez (on appelle ce coin un pays \u00e0 murets. C&rsquo;est tr\u00e8s diff\u00e9rent. Les coins sont tr\u00e8s diff\u00e9rents) et d&rsquo;autres textes que je me suis promis d&rsquo;explorer. L&rsquo;histoire est pass\u00e9 par l\u00e0. Il y a deux types de bretons, le progressiste traitera l&rsquo;autre de fou ou de conservateur (de collaborateur nazi dans certains cas: le breizh atao). Je ne peux qu&rsquo;avec de tr\u00e8s grandes difficult\u00e9s t\u00e9moigner de ma famille, situ\u00e9e dans les confins occidentaux. Cette famille \u00e9tait de type tr\u00e8s progressiste. Ma m\u00e8re, l&rsquo;ain\u00e9e, n&rsquo;a jamais parl\u00e9 ni compris le breton. Ma grand-m\u00e8re parlait avec sa m\u00e8re en breton, plut\u00f4t lorsque leurs conversations ne regardaient pas les enfants. La c\u00e9sure a eue lieu \u00e0 cette p\u00e9riode. De nombreux traits traditionnels sillonnent la vie de ma grand-m\u00e8re fi\u00e8re pourtant comme un bar tabac d&rsquo;avoir \u00e9t\u00e9 avec sa belle soeur et voisine &#8211;maisons coll\u00e9es, les premi\u00e8res au village \u00e0 avoir la t\u00e9l\u00e9. Pas de machine \u00e0 laver (inutile avec des bras comme les siens) mais tout ce qui peut \u00eatre moderne si le besoin est av\u00e9r\u00e9. La plus grande majorit\u00e9 des enfants de mon arri\u00e8re grand-m\u00e8re vivaient \u00e0 sa proximit\u00e9 imm\u00e9diate. Ma m\u00e8re, \u00e9galement r\u00e9solument moderne, m&rsquo;a expliqu\u00e9 que la <a href=\"#structuralisme\">matrilocalit\u00e9<\/a> apparente \u00e9tait du \u00e0 des \u00e9v\u00e8nements, \u00e9tait de circonstance. A vrai dire: je n&rsquo;en sais rien. Je garde un doute tr\u00e8s profond sur les arguments de ma m\u00e8re. Cependant revenir sur les aventures de mon arri\u00e8re grand-m\u00e8re, sise dans la presqu&rsquo;\u00eele de Plougastel, sous la d\u00e9pendance de Daoulas, \u00e0 Logonna. Mon arri\u00e8re grand-m\u00e8re \u00e9tait adorable. Elle \u00e9tait tomb\u00e9e amoureuse de son mari. Mais catastrophe anthropologique, son mari n&rsquo;\u00e9tait pas du bon village. Je ne peux l&rsquo;affirmer mais je me demande bien &#8230; Si il ne s&rsquo;agit pas d&rsquo;un \u00ab\u00a0mariage mixte\u00a0\u00bb Penn Sardin et Bigouden (lol). Fuite donc \u00e0 la fronti\u00e8re du L\u00e9on (Plougastel constitue un pays mais enfin &#8230; Je n&rsquo;ai pas connu sans les ponts vers Brest). La Kermesse (en tous cas un <em>fest dei<\/em>) avait lieu dans un pr\u00e9 derri\u00e8re chez elle. J&rsquo;\u00e9tais trop jeune. Mais c&rsquo;est comme \u00e7\u00e0 qu&rsquo;on a remarqu\u00e9 qu&rsquo;elle avait gard\u00e9 un muret de pierre s\u00e8che. Bon les animations, il y avait courses en sacs, tirs au pigeons (assiettes d&rsquo;argiles), une fois courses \u00e0 l&rsquo;oeuf, tirs \u00e0 la corde, etc. Je crois qu&rsquo;il y avait un truc avec des cochons aussi. Je n&rsquo;ai pas connu la f\u00eate des morts (les <em>breuriez<\/em>, et statistiquement ma m\u00e8re tr\u00e8s peu, mais elle d\u00e9testait les f\u00eates autour de la pomme). De l&rsquo;autre c\u00f4t\u00e9, ils se sont mis apr\u00e8s guerre+ au moment de la retraite \u00e0 se rassembler dans le m\u00eame coin de village, ils ont peupl\u00e9 un quartier, toujours en Bretagne, sur la fronti\u00e8re avec le pays gallo. L\u00e0 encore les unions, la structure familiale telle que j&rsquo;ai pu la rencontrer r\u00e9ponds aux attentes de la r\u00e9publique. Je sais en tous cas qu&rsquo;au moins en certaines occasions, \u00e0 table, il \u00e9tait bon que les fils s&rsquo;assoient \u00e0 la gauche du p\u00e8re. La m\u00e8re prenaient ensuite ses enfants \u00e0 sa droite. Ma m\u00e8re, mes tantes \u00e0 la gauche de ma grand-m\u00e8re. Les enfants en face. Le grand p\u00e8re tenant un bout de table. D&rsquo;un coup la consanguinit\u00e9 semble avoir prim\u00e9 les alliances. Les f\u00eates du 15 ao\u00fbt (les grands m\u00e8res s&rsquo;appellent toujours Marie) \u00e9taient l&rsquo;occasion de r\u00e9unir la famille \u00e9largie (tiens donc?). Il y avait la tabl\u00e9e des adultes et cela se d\u00e9clinait par &#8230; \u00c2ges (tiens donc?). Etant n\u00e9 parmi les derniers des petits enfants, ma visibilit\u00e9 sur la table des adultes \u00e9tait r\u00e9duite. C&rsquo;est cette autre grand-m\u00e8re, lors de la retraite de mon grand-p\u00e8re qui a choisi le lieu de r\u00e9sidence. Ma m\u00e8re a elle-m\u00eame choisi notre lieu de r\u00e9sidence. Je ne suis pas certain pour les autres membres de la famille. Couple ami de mes parents, moderne tr\u00e8s fortement r\u00e9publique fran\u00e7aise: c&rsquo;est lui qui un jour ne supporte plus la vie loin de son \u00ab\u00a0pays\u00a0\u00bb. Retour en pays bigouden (pays \u00e0 murets. Ils ont un trait toujours de nos jours. Je l&rsquo;indique car cela me fait sourire). Ces exemples pouvant tout aussi bien indiquer un reste assez p\u00e2le d&rsquo;anciennes habitudes de vie communautaire, pour la g\u00e9n\u00e9ration de mes grands-parents. Ou encore pas grand chose. Les hommes dans le domaine domestique en tous cas sont plut\u00f4t silencieux. Les femmes sont dans leurs domaines. On m&rsquo;a souvent rapport\u00e9 les tabl\u00e9es \u00e0 l&rsquo;ancienne (est-ce une l\u00e9gende? ) avec les hommes d&rsquo;un c\u00f4t\u00e9 les femmes de l&rsquo;autre, et l&rsquo;ancienne debout pour servir le repas. La ma\u00eetresse de maison. Les t\u00e2ches sont totalement genr\u00e9es (c&rsquo;est un peu diff\u00e9rent du c\u00f4t\u00e9 des p\u00eacheurs puisqu&rsquo;ils s&rsquo;en vont lors des campagnes, parfois longues), mais leurs hi\u00e9rarchisations? La transmission du nom autant que je sache est simple et du p\u00e8re aux enfants. L&rsquo;h\u00e9ritage des biens ??? A voir pour chaque clocher. Mon impression g\u00e9n\u00e9rale: il s&rsquo;agit de soci\u00e9t\u00e9s patriarcales. Apr\u00e8s, c&rsquo;est selon les familles. Des fois, cela peut \u00eatre tr\u00e8s fort.<\/p>\n\n\n\n<p class=\"has-medium-font-size\">En ce qui concerne la religion, le catholicisme romain y fut probablement et selon les localit\u00e9s assez teint\u00e9s. On trouve des sculptures un peu particuli\u00e8res parfois sur les \u00e9glises (voir la revue penn ar bed, num\u00e9ro 257, de 2025). Il a \u00e9t\u00e9 fin XIX et d\u00e9but XX, la source d&rsquo;un pass\u00e9isme assez profond, \u00e9ventuellement violent ( un facteur possible de la r\u00e9volte des sardini\u00e8res). La violence du fait religieux explique la tension tr\u00e8s forte entre les modernes et les tradis. Alternativement, le parti communiste a pour les bretons repr\u00e9sent\u00e9 un grand espoir. La religion poss\u00e8de des modalit\u00e9s probablement fervente. Selon les individus et les localit\u00e9s.<\/p>\n\n\n\n<p class=\"has-medium-font-size\">En ce qui concerne le sud du Cotentin, on y trouve c\u00f4t\u00e9 campagnes un paysage de haies, comprenant aussi des chemins creux. Le syst\u00e8me familial de La Manche (sur la base des travaux de Zonabend, donc par extension pour ce sud ouest de la Manche), occurrent jusque dans les ann\u00e9es 70 \u00e0 80 (du fait de personnes encore vivantes) pr\u00e9sente la cellule familiale la plus simple. Les enfants sont \u00e9gaux (en h\u00e9ritage et en responsabilit\u00e9s). Les parents (ou en cas d\u00e9c\u00e8s, l&rsquo;ain\u00e9.e) ont une autorit\u00e9 importante. Les biens du mari et les biens de la femme sont s\u00e9par\u00e9s. L&rsquo;homme et la femme sont consid\u00e9r\u00e9s \u00e0 \u00e9galit\u00e9 jusque dans les t\u00e2ches. Les grands parents font d\u00e9j\u00e0 figure d&rsquo;\u00e9loignement vis \u00e0 vis de la cellule familiale. Nombreux cas de c\u00e9libats. Cas de L\u00e9virats. Possibilit\u00e9s de mariages entre cousins germains (4\u00b0 degr\u00e9s et donc relativement proches, non vu si crois\u00e9s). En remontant un peu dans le temps, car on comprends que dans l&rsquo;h\u00e9ritage \u00e0 \u00e9galit\u00e9, les biens se disloquent entre les parties, les mariages (arrang\u00e9es par autorit\u00e9 parentale) sont susceptibles de se faire en fonction de la juxtaposition des parcelles. Pour chaque couple, un foyer: familles nucl\u00e9aires \u00e9galitaires.<\/p>\n\n\n\n<p class=\"has-medium-font-size\">Le syst\u00e8me familial est \u00e0 rapprocher de celui du sud est de l&rsquo;\u00eele et Villaine o\u00f9, la solution consistant \u00e0 arranger les mariages fonction de la juxtaposition des parcelles ne semblait pas exister et \u00e0 caus\u00e9 des probl\u00e8mes en les r\u00e9duisant \u00e0 travers le temps, donnant plus de place \u00e0 l&rsquo;ombrage produit par les haies (Voir P\u00e9richon Samuel, dans Bocage et Soci\u00e9t\u00e9. Cf bilbio)<\/p>\n\n\n\n<p class=\"has-medium-font-size\">En ce qui concerne la religion en Manche, le nombre d&rsquo;\u00e9difices, assez important, semble impliquer une certaine ferveur quant au catholicisme romain.<\/p>\n\n\n\n<p>Noter qu&rsquo;il y a de tr\u00e8s nombreuses autres religions monoth\u00e9istes que les religions abrahamiques. Tous ou la majorit\u00e9 des africismes (les Religions Traditionnelles Africaines) sont monoth\u00e9istes et semblent r\u00e9pondre \u00e0 la cat\u00e9gorie descolienne, et m\u00eame tr\u00e8s fortement, de cosmogonie ou ontologie analogiste (tout comme les religions abrahamiques). <\/p>\n\n\n\n<p><\/p>\n\n\n\n<h2 class=\"wp-block-heading has-medium-font-size\" id=\"tampon\"><strong>Tampon. Pouvoir tampon [p\u00e9dologie].<\/strong><\/h2>\n\n\n\n<p class=\"has-medium-font-size\">Le pouvoir tampon d&rsquo;un sol d\u00e9signe en g\u00e9n\u00e9ral la r\u00e9sistance d&rsquo;un sol (le <a href=\"#cah\">CAH<\/a>) \u00e0 l&rsquo;ion H+, l&rsquo;hydrog\u00e8ne tr\u00e8s acidifiant. L&rsquo;humus et l&rsquo;argile sont particuli\u00e8rement favorable \u00e0 cet effet tampon. Un sol peut \u00e9galement tamponner des bases.<\/p>\n\n\n\n<p class=\"has-medium-font-size\">Lorsqu&rsquo;un ion H+ (un proton) est dans la solution du sol, il est acidifiant. Plus que lorsqu&rsquo;il est li\u00e9 au CAH. Si l&rsquo;ion H+ passe de la solution du sol, libre et disponible au CAH, en remplacement par exemple d&rsquo;un proton Ca++, ce dernier passe dans la solution du sol. D&rsquo;une part l&rsquo;acidit\u00e9 baisse par la fixation de l&rsquo;hydrog\u00e8ne au complexe argilo-humique, d&rsquo;autre part le pH remonte en lib\u00e9rant le calcium (Ca++)<\/p>\n\n\n\n<p><\/p>\n\n\n\n<h2 class=\"wp-block-heading has-medium-font-size\" id=\"taxon\"><strong>Taxon [Concept des sciences de la terre]&nbsp;: <\/strong><\/h2>\n\n\n\n<p class=\"has-medium-font-size\">Rang dans la <a href=\"#taxonomie\">taxonomie<\/a>&nbsp;: ordre, famille, genre, et esp\u00e8ces sont chacun des taxons. La famille des rosac\u00e9es est un taxon, telle esp\u00e8ce de rose en particulier est aussi un taxon.<\/p>\n\n\n\n<p class=\"has-medium-font-size\">La mani\u00e8re dont sont organis\u00e9s les taxa entre eux est \u00e9tudi\u00e9 par la <a href=\"#syst\u00e9matique\">syst\u00e9matique<\/a>.<\/p>\n\n\n\n<h2 class=\"wp-block-heading has-medium-font-size\" id=\"taxonomie\"><strong>Taxonomie<\/strong> <strong>[Discipline des sciences de la terre]<\/strong><\/h2>\n\n\n\n<p class=\"has-medium-font-size\">La taxonomie consiste \u00e0 circonscrire les <a href=\"#taxon\">taxons<\/a> par le biais de caract\u00e9ristiques g\u00e9n\u00e9tiques, biologiques, morphologiques. L&rsquo;activit\u00e9 taxonomique produit donc (in fine) des rangs hi\u00e9rarchis\u00e9s produisant l&rsquo;arbre du vivant pour chaque taxon. Autrement dit, sa phylog\u00e9nie.<\/p>\n\n\n\n<p class=\"has-medium-font-size\">Cette phylog\u00e9nie en tant qu&rsquo;\u00e9tude ou activit\u00e9 ressort en principe plut\u00f4t de la syst\u00e9matique.<\/p>\n\n\n\n<p class=\"has-medium-font-size\">Elle diff\u00e8re notamment de la <a href=\"#nomenclature\">nomenclature<\/a>, mais aussi de la <a href=\"#syst\u00e9matique\">syst\u00e9matique<\/a> (objet un peu diff\u00e9rent).<\/p>\n\n\n\n<h2 class=\"wp-block-heading has-medium-font-size\" id=\"t\u00e9pale\"><strong>T\u00e9pale <strong>[descripteur. Organe. Botanique]<\/strong>:  <\/strong><\/h2>\n\n\n\n<p class=\"has-medium-font-size\">Ce terme est utilis\u00e9 quand il n&rsquo;est pas possible de distinguer une pi\u00e8ce du <a href=\"#p\u00e9rianthe\">p\u00e9rianthe<\/a> comme \u00e9tant un <a href=\"http:\/\/p\u00e9tale\">p\u00e9tale<\/a> ou comme \u00e9tant un <a href=\"http:\/\/s\u00e9pale\">s\u00e9pale<\/a>. Un ensemble de t\u00e9pales forme un p\u00e9rianthe (ou p\u00e9rigone)<\/p>\n\n\n\n<p><\/p>\n\n\n\n<p class=\"has-medium-font-size\" id=\"tern\u00e9\"><strong>Tern\u00e9<\/strong> <strong>[descripteur.  Botanique]<\/strong><\/p>\n\n\n\n<p class=\"has-medium-font-size\">Par 3; trois folioles, trois lobes, etc.<\/p>\n\n\n\n<p><\/p>\n\n\n\n<p><\/p>\n\n\n\n<h2 class=\"wp-block-heading has-medium-font-size\" id=\"tesela\"><strong>Tesela<\/strong> <strong>[Concept. Phytosociologie]<\/strong><\/h2>\n\n\n\n<p class=\"has-medium-font-size\">Groupement en mosa\u00efque ou en zonation de plusieurs <a href=\"#phytoc\u00e9nose\">phytoc\u00e9noses<\/a> d\u00e9rivant les unes des autres par des <a href=\"#succession\">successions<\/a> progressives ou r\u00e9gressives secondaires. Concept de la phytosociologie synusiale. Concernant des \u00e9chelles assez grandes.<\/p>\n\n\n\n<h2 class=\"wp-block-heading has-medium-font-size\" id=\"texture-de-sol\"><strong>Texture d&rsquo;un sol<\/strong> <strong>[Technique. Pratique]<\/strong><\/h2>\n\n\n\n<p class=\"has-medium-font-size\">L&rsquo;humus (taux de mati\u00e8re organique) est pes\u00e9 \u00e0 part, apr\u00e8s avoir \u00e9t\u00e9 \u00ab\u00a0br\u00fbl\u00e9\u00a0\u00bb avec de l&rsquo;acide, puis compl\u00e8tement s\u00e9ch\u00e9. C&rsquo;est le carbone qui int\u00e9resse.<\/p>\n\n\n\n<p class=\"has-medium-font-size\">En principe pour l&rsquo;argile, on prend un \u00e9chantillon suffisant. On m\u00e9lange bien avec de l&rsquo;eau, on le met dans un b\u00e9cher (ou un bocal \u00e0 paroi verticales), et on calcule le temps de red\u00e9position. Cela permet aussi de voir pour limon et sables. Le sable se d\u00e9pose en premier au fond du bocal, puis les limons et enfin l&rsquo;argile, et la mati\u00e8re organique encore au dessus. D&rsquo;o\u00f9 le c\u00f4t\u00e9 pratique du b\u00e9cher par rapport au bocal, puisqu&rsquo;il est gradu\u00e9. Dans les faits, il est possible que la MO de forme beaucoup plus irr\u00e9guli\u00e8re tombe de mani\u00e8re tr\u00e8s irr\u00e9guli\u00e8re et s&rsquo;ins\u00e8re mal dans le sch\u00e9ma ci-dessus. Normalement elle peut avoir tendance \u00e0 flotter.<\/p>\n\n\n\n<p>La vitesse de d\u00e9position d\u00e9pend de la loi de Stockes. Les grains d&rsquo;argiles \u00e9tant inf\u00e9rieur \u00e0 0,002 mm (2 microm\u00e8tres). Compter pour les particules les plus \u00e9paisses 2 jours et 5 heures par m\u00e8tre \u00e0 20\u00b0C.<\/p>\n\n\n\n<p>Vitesse = C d<sup>2<\/sup><\/p>\n\n\n\n<p class=\"has-medium-font-size\">La technique de plein-champs pour l&rsquo;argile: il s&rsquo;agit de savoir jusqu&rsquo;o\u00f9 la terre est modelable.<\/p>\n\n\n\n<p class=\"has-medium-font-size\">En premier lieu, le sol est doux mais l\u00e9g\u00e8rement granuleux: pr\u00e9sence de limons; le sol est granuleux: pr\u00e9sence de sable; le sol est doux, soyeux: pr\u00e9sence d&rsquo;argile. <\/p>\n\n\n\n<p class=\"has-medium-font-size\">Prendre une petite poign\u00e9e de terre. Essayer de former tout d&rsquo;abord une boule en ajoutant un peu d&rsquo;eau (si la terre est un peu s\u00e8che): \u00e9chec? passe ton tour: trop de sable.<\/p>\n\n\n\n<p class=\"has-medium-font-size\">Essayer ensuite avec cette boule d&rsquo;en faire un colombin d&rsquo;environ 10 cm de long. Echec? passe ton tour: trop de sable. Ok? Il y a de l&rsquo;argile et\/ou du limon: plus de 10% d&rsquo;argile.<\/p>\n\n\n\n<p class=\"has-medium-font-size\">Essayer de former un anneau avec ce boudin. Cela fonctionne, mais il s&rsquo;effrite: il y a moins de 30% d&rsquo;argile environ ; cela fonctionne parfaitement: il y a 30% d&rsquo;argile ou plus environ.<\/p>\n\n\n\n<a title=\"Zephyris at English Wikipedia, CC BY-SA 3.0 &lt;https:\/\/creativecommons.org\/licenses\/by-sa\/3.0&gt;, via Wikimedia Commons\" href=\"https:\/\/commons.wikimedia.org\/wiki\/File:SoilComposition.png\"><img decoding=\"async\" width=\"512\" alt=\"SoilComposition\" src=\"https:\/\/upload.wikimedia.org\/wikipedia\/commons\/thumb\/e\/e6\/SoilComposition.png\/512px-SoilComposition.png?20110220114118\"><\/a>\n\nZephyris at English Wikipedia, CC BY-SA 3.0 <https:\/\/creativecommons.org\/licenses\/by-sa\/\n\n\n\n<p><\/p>\n\n\n\n<p><\/p>\n\n\n\n<h2 class=\"wp-block-heading has-medium-font-size\" id=\"therophyte\"><strong>Therophyte<\/strong> <strong>[Concept. Botanique]<\/strong><\/h2>\n\n\n\n<p class=\"has-medium-font-size\">Une plante th\u00e9rophyte correspond \u00e0 ce qu&rsquo;on appelle habituellement une annuelle. Ainsi que quelques bisannuelles. La d\u00e9finition comprend qu&rsquo;il s&rsquo;agit de plantes <a href=\"#monocarpique\">monocarpiques<\/a>, et qu&rsquo;elles passent la mauvaise saison sous forme de graines. <\/p>\n\n\n\n<p class=\"has-medium-font-size\">D&rsquo;une part des esp\u00e8ces monocarpiques peuvent appara\u00eetre avant l&rsquo;hiver et voir leurs croissances bloqu\u00e9e par le froid, et reprendre au printemps. Elles peuvent alors \u00eatre consid\u00e9r\u00e9es comme bisannuelles. Mais en tous cas il s&rsquo;agit de th\u00e9rophytes. <\/p>\n\n\n\n<p class=\"has-medium-font-size\">D&rsquo;autres part certaines esp\u00e8ces comme le <a href=\"https:\/\/lecompagnonrouge.fr\/?p=1651\">mouron des oiseaux<\/a> voient plusieurs floraisons y compris durant l&rsquo;hiver. Si ces esp\u00e8ces sont monocarpiques, il s&rsquo;agit de th\u00e9rophytes. Elles ont une <a href=\"#ph\u00e9nologie\">ph\u00e9nologie<\/a> qui ne n\u00e9cessite pas n\u00e9cessairement beaucoup de chaleur.<\/p>\n\n\n\n<p class=\"has-medium-font-size\">Ther\u03cc fait r\u00e9f\u00e9rence \u00e0 la saison chaude. Et beaucoup de th\u00e9rophytes fleurissent en \u00e9t\u00e9. Comprendre cette saison par la chaleur, mais dans l&rsquo;aspect <a href=\"#ph\u00e9nologie\">ph\u00e9nologique<\/a> de l&rsquo;esp\u00e8ce consid\u00e9r\u00e9e.<\/p>\n\n\n\n<p><\/p>\n\n\n\n<p>Noter que l\u2019<a href=\"#architecture\">architecture v\u00e9g\u00e9tale<\/a>, est par principe inclue dans le concept (il existe des&nbsp;<a href=\"https:\/\/lecompagnonrouge.fr\/?p=9273\">exceptions<\/a>): sa morphog\u00e9n\u00e8se est dite en Holttum. Soit un d\u00e9veloppement monocaule termin\u00e9 par une inflorescence (laquelle sera plut\u00f4t souvent compos\u00e9e); la plante \u00e9tant monocarpique.<\/p>\n\n\n\n<p>Les th\u00e9rophytes renvoient aux plantes monocarpiques, et plut\u00f4t aux espaces <a href=\"#rud\u00e9ral\">rud\u00e9raux<\/a> et <a href=\"#secondaire\">secondaires<\/a> anthropiques.<\/p>\n\n\n\n<h2 class=\"wp-block-heading has-medium-font-size\" id=\"thyrse\"><strong>Thyrse<\/strong> <strong>[descripteur.  Botanique. Typologie des inflorescences]<\/strong><\/h2>\n\n\n\n<p class=\"has-medium-font-size\"><a href=\"#grappe\">Grappe<\/a> de <a href=\"#cyme\">cymes<\/a>.<\/p>\n\n\n\n<h2 class=\"wp-block-heading has-medium-font-size\" id=\"trach\u00e9ophyte\"><strong>Trach\u00e9ophyte<\/strong> <strong>[concept botanique syst\u00e9matique]<\/strong><\/h2>\n\n\n\n<p class=\"has-medium-font-size\">Grand super groupe de plantes comportant des vaisseaux conducteurs de s\u00e8ves.<\/p>\n\n\n\n<h2 class=\"wp-block-heading has-medium-font-size\" id=\"transformatrice\"><strong>Transformatrice, ou impact&nbsp;[\u00e9cologie de la plante, et des milieux]<\/strong><\/h2>\n\n\n\n<p class=\"has-medium-font-size\">Esp\u00e8ce capable de transformer la nature ou l\u2019\u00e9tat d\u2019un \u00e9cosyst\u00e8me o\u00f9 elle est pr\u00e9sente, cela sur une superficie importante (<a href=\"#envahissant\">esp\u00e8ces envahissantes<\/a>). Se dit d\u2019esp\u00e8ces v\u00e9g\u00e9tales. <\/p>\n\n\n\n<p><\/p>\n\n\n\n<h2 class=\"wp-block-heading has-medium-font-size\" id=\"triqu\u00eatre\"><strong>Triqu\u00eatre<\/strong> <strong>[descripteur.  Botanique]<\/strong><\/h2>\n\n\n\n<p class=\"has-medium-font-size\">De section triangulaire, \u00e0 faces concaves.<\/p>\n\n\n\n<p><\/p>\n\n\n\n<h2 class=\"wp-block-heading has-medium-font-size\" id=\"trophie\"><strong>Trophie&nbsp;[\u00e9cologie]: <\/strong><\/h2>\n\n\n\n<p class=\"has-medium-font-size\">D\u00e9signe la capacit\u00e9 <a href=\"#nutrition\">nutritive<\/a> d\u2019un sol, d\u2019un substrat pour les plantes. Dans d\u2019autre domaines, comme l\u2019arch\u00e9ologie, la distinction semble op\u00e9r\u00e9e&nbsp;par principe: la recherche de la trace phosphore peut permettre de rep\u00e9rer d\u2019anciennes stations humaines. Car les sols de ces stations conservent une valeur eutrophe (avec une trophie marqu\u00e9e positivement), \u00e0 travers le temps long. Cela renvoie \u00e0 la notion d&rsquo;<a href=\"#hysteresis\">hysteresis<\/a>. Pour la trophie, voir <a href=\"#ellenberg\">\u00e9chelle d&rsquo;Ellenberg<\/a> qui en donne les mesures.<\/p>\n\n\n\n<p><\/p>\n\n\n\n<p><\/p>\n\n\n\n<h2 class=\"wp-block-heading has-text-align-center has-medium-font-size\" id=\"u\"><mark style=\"background-color:rgba(0, 0, 0, 0)\" class=\"has-inline-color has-luminous-vivid-amber-color\">U. <a href=\"#haut-de-page\">Haut de page<\/a><\/mark><\/h2>\n\n\n\n<h2 class=\"wp-block-heading has-medium-font-size\" id=\"urba-\"><strong>Urba-<\/strong><\/h2>\n\n\n\n<p class=\"has-medium-font-size\">La ville va concerner 2 effets d&rsquo;ampleurs, sans aucun rapports et dont aucun n&rsquo;est forc\u00e9ment d\u00e9fini de mani\u00e8re hyperarticul\u00e9. Le premier facteur concerne les plantes. Le second les humains. <\/p>\n\n\n\n<p class=\"has-medium-font-size\">Urbanophiles (plantes)Le premier concerne les plantes urbanophiles: il y a, et notamment dans les tr\u00e8s grandes villes une plus grande vari\u00e9t\u00e9 de plantes, pour 2 raisons: elles sont transport\u00e9s de toutes r\u00e9gions de France ou de tous points du monde. L&rsquo;autre raison, sur des p\u00e9rim\u00e8tres restreints, une vari\u00e9t\u00e9 (somme toute limit\u00e9e mais) importante de milieux existe.<\/p>\n\n\n\n<p class=\"has-medium-font-size\">Les plantes strictement urbanophiles doivent pouvoir supporter la poussi\u00e8re (pollution) des taux d&rsquo;azote important (pollution). Elles b\u00e9n\u00e9ficient \u00e9galement de degr\u00e9s de chaleur plus important, et sur une temporalit\u00e9 plus importante (\u00eelot de chaleur urbain). Par ailleurs, les sols sont imperm\u00e9abilis\u00e9s, avec couches de sables de btp sous-jacente. <\/p>\n\n\n\n<p class=\"has-medium-font-size\">Les communaut\u00e9s de plantes urbaines pourraient apparemment trouver un int\u00e9r\u00eat \u00e0 \u00eatre \u00e9tudi\u00e9es. Elles engagent de toute fa\u00e7on pour parties les friches s.l. des Chenopodietalia albi, du Chenopodietalia muralis, du Sysimbrietea, etc. Pas totalement convaincu pour l&rsquo;instant &#8230; par cette id\u00e9e, de communaut\u00e9s de friches sp\u00e9cifiques par l&rsquo;apports de plantes exog\u00e8nes. En g\u00e9n\u00e9ral elles sont rattach\u00e9es.<\/p>\n\n\n\n<p class=\"has-medium-font-size\">En ce qui concerne les humains:<\/p>\n\n\n\n<p class=\"has-medium-font-size\">Urbanisme (Merci \u00e0 Omar, sociologue): l&rsquo;effet de la ville sur la dissolution des structures sociales traditionnelles a d\u00e9j\u00e0 \u00e9t\u00e9 observ\u00e9 par Simmel. Omar semble me renvoyer plut\u00f4t vers Louis Wirth. Tout d&rsquo;abord, il s&rsquo;agit des modes de vie, et cela ne s&rsquo;arr\u00eate donc pas par principe aux fronti\u00e8res de la ville. Mais la ville est agentive sur les personnes qui y vont, et y demeurent. La grande densit\u00e9 mise en facteur de l&rsquo;h\u00e9t\u00e9rog\u00e9n\u00e9it\u00e9 des personnes qui s&rsquo;y trouvent ( issues peut-\u00eatre \u00e0 un moment de soci\u00e9t\u00e9s traditionnelles) les mettent en contacts assez permanent. Lors du retour p\u00e9riodique de ces personnes dans leurs villages, \u00e9videmment &#8230; Ce en quoi ils ont \u00e9t\u00e9 mis en contact reste quelque part, m\u00eame de mani\u00e8re sous-jacente. Richard Florida, en 2004, a propos\u00e9 des indicateurs de l&rsquo;agentivit\u00e9 de la ville. Ces indicateurs sont positifs et concernent donc moins les populations traditionnelles qui abordent malheureusement un peu plus souvent la ville par la p\u00e9riph\u00e9rie (bidonvilles, ou quartiers pauvres). Indices tel la tol\u00e9rance \u00e0 la diversit\u00e9 (gay, \u00e9trangers, etc.)<\/p>\n\n\n\n<p class=\"has-medium-font-size\">Du c\u00f4t\u00e9 de l&rsquo;anthropologie, Cela semble suivre les travaux de Bourdieu et Sayag en mettant en exergue le d\u00e9racinement (et pour le coup s&rsquo;appliquer plus proprement aux soci\u00e9t\u00e9s traditionnelles). Maintenant sur le terme de dissolution des structures sociales traditionnelles, il s&rsquo;agit sans doute plut\u00f4t de recompositions, et cela va engager la topologie (d\u00e9sol\u00e9 mais il y a un peu moins de place en ville, la mani\u00e8re dont s&rsquo;effectuent des rencontres &#8230; Une possible plus grande vari\u00e9t\u00e9 de rencontres &#8230;) La situation \u00e9conomique des acteurs:<\/p>\n\n\n\n<p class=\"has-medium-font-size\">La perception supposable ou r\u00e9elle de la propri\u00e9t\u00e9 va pouvoir montrer une diff\u00e9rence entre la campagne et la ville. Donc je vais montrer une chaine de pouvoir \u00e0 la campagne, dans le contexte agricole.<\/p>\n\n\n\n<p class=\"has-medium-font-size\">Ce que ne veulent pas \u00eatre les agriculteurs. C&rsquo;est \u00eatre ouvrier agricole. C&rsquo;est mal pay\u00e9 mais on ne se suicide pas. Par contre, et c&rsquo;est le point fort: les t\u00e2ches sont \u00e0 produire en tant que pur ex\u00e9cutant.<\/p>\n\n\n\n<p class=\"has-medium-font-size\">2 autres modalit\u00e9s existent: \u00eatre fermier ou propri\u00e9taire \u00ab\u00a0exploitant\u00a0\u00bb si l&rsquo;on veut. Dans ces 2 cas, le travail, c&rsquo;est de la strat\u00e9gie (cette ann\u00e9e on va faire du bl\u00e9, et mettre ces parcelles l\u00e0 avec des cultures tr\u00e8s subventionn\u00e9es). C&rsquo;est beaucoup plus int\u00e9ressant. On devient responsable de ce que l&rsquo;on engage dans son activit\u00e9. Quand on est fermier on est locataire. Les baux sont de 10 ans. Il y a des strat\u00e9gies \u00e0 plus de 10 ans. Par exemple certaines reconversions en bio peuvent \u00eatre sur des d\u00e9lais importants. On s&rsquo;expose l\u00e0 \u00e0 l&rsquo;accord ou au d\u00e9saccord du propri\u00e9taire, \u00e9ventuellement \u00e0 des remarques. Quand on est proprio, on prends ses risques. La raison pour laquelle, il y a une part de cultures subventionn\u00e9e qui sera mise en place, c&rsquo;est qu&rsquo;il faut diminuer le poids de l&rsquo;investissement comptable (l&rsquo;investissement comptable, c&rsquo;est bien souvent dans le cas des agriculteurs fermiers ou propri\u00e9taires, de la dette report\u00e9e). Les fermiers comme les propri\u00e9taires se suicident.  Parce que dans la chaine du pouvoir, il y a des choses qui dominent leur d\u00e9cisions: obtenir les bonnes semences et les bons produits, moissonner et vendre au meilleur moment. Cet effet peut renvoyer par exemple \u00e0 certaines coop\u00e9ratives mais pas seulement. Quoiqu&rsquo;il en soit une certaine autonomie est recherch\u00e9e, pour pouvoir faire un travail int\u00e9ressant. Mais le \u00ab\u00a0patron\u00a0\u00bb, le vrai, \u00e9conomiquement, il est ailleurs. Il ne s&rsquo;agit pas de capitaliser et d&rsquo;exploiter mais de pouvoir vraiment travailler. <\/p>\n\n\n\n<p><\/p>\n\n\n\n<p class=\"has-medium-font-size\">Quand on est employ\u00e9 en ville, on a un patron dans le sens o\u00f9 on l&rsquo;entend habituellement, le droit du travail a \u00e9t\u00e9 con\u00e7u en fonction de ce type d&#8217;emploi, on a le droit \u00e0 un salaire, \u00e0 des cong\u00e9s. Et possiblement on est locataire. Les perspectives sont diff\u00e9rentes. <\/p>\n\n\n\n<h2 class=\"wp-block-heading has-medium-font-size\" id=\"urne\"><strong>Urne <strong>[descripteur.  Botanique]<\/strong>: <\/strong><\/h2>\n\n\n\n<p class=\"has-medium-font-size\">Partie renfl\u00e9e de la capsule des <a href=\"#bryophyte\">bryophytes<\/a> o\u00f9 se forment les spores.<\/p>\n\n\n\n<p class=\"has-medium-font-size\">Pour les <a href=\"#trach\u00e9ophyte\">trach\u00e9ophytes<\/a>, organe en forme de coupelle, en principe renfl\u00e9.<\/p>\n\n\n\n<p><\/p>\n\n\n\n<h2 class=\"wp-block-heading has-medium-font-size\" id=\"utricule\"><strong>Utricule<\/strong> <strong>[descripteur.  Botanique]<\/strong><\/h2>\n\n\n\n<p class=\"has-medium-font-size\">Se r\u00e9f\u00e8re \u00e0 \u00ab\u00a0outre\u00a0\u00bb. <\/p>\n\n\n\n<p class=\"has-medium-font-size\">Chez les la\u00eeches, correspond aux parois des fleurs\/fruits.<\/p>\n\n\n\n<p class=\"has-medium-font-size\">Chez les utriculaires: v\u00e9sicules des feuilles. <\/p>\n\n\n\n<p><\/p>\n\n\n\n<h2 class=\"wp-block-heading has-text-align-center has-medium-font-size\" id=\"v\"><mark style=\"background-color:rgba(0, 0, 0, 0)\" class=\"has-inline-color has-luminous-vivid-amber-color\">V. <a href=\"#haut-de-page\">Haut de page<\/a><\/mark><\/h2>\n\n\n\n<h2 class=\"wp-block-heading has-medium-font-size\" id=\"vari\u00e9t\u00e9\"><strong>Vari\u00e9t\u00e9[Concept. Botanique]&nbsp;: <\/strong><\/h2>\n\n\n\n<p class=\"has-medium-font-size\">Rang taxonomique inf\u00e9rieur \u00e0 l\u2019<a href=\"#esp\u00e8ce\">esp\u00e8ce<\/a>. Ce rang est souvent donn\u00e9 en partie en lien avec l\u2019\u00e9cologie du milieu concern\u00e9. la vari\u00e9t\u00e9 occupe la m\u00eame aire que l&rsquo;esp\u00e8ce, mais dans un habitat diff\u00e9rent. Elle se distingue par des traits morphologiques ou g\u00e9n\u00e9tiquement. La valeur statistique d&rsquo;une vari\u00e9t\u00e9 est sup\u00e9rieure \u00e0 celle d&rsquo;une <a href=\"#forma\">forme<\/a>, et inf\u00e9rieure \u00e0 celle d&rsquo;une <a href=\"#esp\u00e8ce\">esp\u00e8ce<\/a>. On pourrait dire d&rsquo;une vari\u00e9t\u00e9: \u00ab\u00a0des fois\u00a0\u00bb. A distinguer des <a href=\"#\u00e9cotype\">\u00e9cotypes<\/a> d&rsquo;une part, des cultivars (des vari\u00e9t\u00e9s cultiv\u00e9es) d&rsquo;autre part.<\/p>\n\n\n\n<p class=\"has-medium-font-size\">La <a href=\"#chorologie\">chorologie<\/a> (m\u00eame aire mais niche diff\u00e9rente) est indicative de modalit\u00e9 de sp\u00e9ciation.<\/p>\n\n\n\n<p class=\"has-medium-font-size\">Un ensemble de crit\u00e8res permet de distinguer les rangs d&rsquo;<a href=\"#esp\u00e8ce\">esp\u00e8ce<\/a>, <a href=\"#sous-esp\u00e8ce\">sous-esp\u00e8ce<\/a>, <a href=\"#vari\u00e9t\u00e9\">vari\u00e9t\u00e9<\/a> ainsi que <a href=\"#forma\">forme<\/a><\/p>\n\n\n\n<p><\/p>\n\n\n\n<h2 class=\"wp-block-heading has-medium-font-size\" id=\"v\u00e9g\u00e9tation\"><strong>V\u00e9g\u00e9tation<\/strong><\/h2>\n\n\n\n<p class=\"has-medium-font-size\">Formation v\u00e9g\u00e9tale. Synonyme de <a href=\"#phytoc\u00e9nose\">phytoc\u00e9nose<\/a>. \/!\\, C&rsquo;est ce terme qui est le plus souvent indiqu\u00e9 par les \u00e9diteurs, terme alors tr\u00e8s transparent, abstrait, peu signifiant, et impraticable du point de vue de la biblioth\u00e9conomie. J&rsquo;encourage les catalogueurs de biblioth\u00e8ques \u00e0 adjoindre syst\u00e9matiquement \u00e0 ce terme d\u00e9signant l&rsquo;objet de la <a href=\"#phytosciologie\">phytosociologie<\/a>, le nom de la discipline. Cela afin que l&rsquo;usager ne soit pas d\u00e9rout\u00e9 vers la probl\u00e9matique des excroissances de chair d\u00e9fensives (ad\u00e9noides, amygdales).<\/p>\n\n\n\n<p><\/p>\n\n\n\n<h2 class=\"wp-block-heading has-medium-font-size\" id=\"vicariance\"><strong>Vicariance [Concept. Taxonomie. Ecologie. Botanique]: <\/strong><\/h2>\n\n\n\n<p class=\"has-medium-font-size\">La vicariance qualifie deux taxons se substituant l\u2019un a l\u2019autre dans deux r\u00e9gions donn\u00e9es. Cela peut impliquer une barri\u00e8re \u00e9cologique (apparition d\u2019un fleuve, surrection d\u2019une montagne, construction d&rsquo;une autoroute, etc.) La vicariance et la <a href=\"#sympatrique\">sympatrie<\/a> sont alors articul\u00e9es. La vicariance favorise alors (sur le long terme) la sp\u00e9ciation par mutation en isolant une ou des esp\u00e8ces qui jusqu\u2019alors ne connaissaient pas de barri\u00e8res \u00e9cologiques. L\u2019end\u00e9movicariance concerne des esp\u00e8ces phylog\u00e9n\u00e9tiquement proches (ayant un anc\u00eatre commun) mais r\u00e9parties de mani\u00e8res distinctes.<\/p>\n\n\n\n<h2 class=\"wp-block-heading has-text-align-center has-medium-font-size\" id=\"x\"><mark style=\"background-color:rgba(0, 0, 0, 0)\" class=\"has-inline-color has-luminous-vivid-amber-color\">X. <a href=\"#haut-de-page\">Haut de page<\/a><\/mark><\/h2>\n\n\n\n<h2 class=\"wp-block-heading has-medium-font-size\" id=\"x\u00e9ro\"><strong>X\u00e9ro-<\/strong><\/h2>\n\n\n\n<p class=\"has-medium-font-size\">Sec<\/p>\n\n\n\n<p><\/p>\n\n\n\n<h2 class=\"wp-block-heading has-text-align-center has-medium-font-size\" id=\"z\"><mark style=\"background-color:rgba(0, 0, 0, 0)\" class=\"has-inline-color has-luminous-vivid-amber-color\"><strong>Z<\/strong><\/mark>. <mark style=\"background-color:rgba(0, 0, 0, 0)\" class=\"has-inline-color has-luminous-vivid-amber-color\"><a href=\"#haut-de-page\">Haut de page<\/a><\/mark><\/h2>\n\n\n\n<h2 class=\"wp-block-heading has-medium-font-size\" id=\"znieff\"><strong>Zone naturelle d&rsquo;int\u00e9r\u00eat \u00e9cologique, faunistique, floristique.<\/strong><\/h2>\n\n\n\n<p class=\"has-medium-font-size\">Espaces remarqu\u00e9s pour leurs int\u00e9r\u00eats particuliers en mati\u00e8re d&rsquo;homog\u00e9n\u00e9it\u00e9 naturelle comprenant le <a href=\"#patrimoine\">patrimoine<\/a> (oui, le patrimoine &#8230; ce terme dans ce domaine &#8230; bon) &#8230; donc le matrimoine des habitats, de la faune, de la flore (mais aussi g\u00e9ologique).<\/p>\n\n\n\n<p class=\"has-medium-font-size\">Les habitats, esp\u00e8ces sont attendus d&rsquo;\u00eatre rares, remarquables et de correspondre au patrimoine naturel de telle ou telle r\u00e9gion. Mais qu&rsquo;est ce que le matrimoine naturel. Pour \u00eatre grossier: A Paris, c&rsquo;est pas partout la H\u00eatraie et plut\u00f4t pas, \u00e7\u00e0 va \u00eatre plus souvent les \u00e9rables: donc les formations v\u00e9g\u00e9tales qui en d\u00e9coule, par exemple.<\/p>\n\n\n\n<p class=\"has-medium-font-size\">Donne lieu \u00e0 2 types de signalements: l&rsquo;un tr\u00e8s int\u00e9gr\u00e9, et tr\u00e8s riche de type 1; le type 2 est \u00e0 richesse \u00e9lev\u00e9e, mais notamment vis \u00e0 vis des milieux alentours.<\/p>\n\n\n\n<p class=\"has-medium-font-size\">Les znieff permettent de prot\u00e9ger les ensembles naturels, notamment lors de programmes d&rsquo;am\u00e9nagements du territoire o\u00f9 elles peuvent \u00eatre prises en compte.<\/p>\n\n\n\n<p class=\"has-medium-font-size\">C&rsquo;est \u00e9videmment des endroits o\u00f9 faire d&rsquo;excellentes ballades, pleines de d\u00e9couvertes!<\/p>\n","protected":false},"excerpt":{"rendered":"<p>Sur ce dont on ne peut parler, il faut garder le silence. L.W. A, B, C, D, E, F, G, H, I, L, M, N, O,P, Q, R, S, T, U, V, X, Z A. Haut de page A-&nbsp;: Pr\u00e9fixe privatif&nbsp;: aphylle&nbsp;: sans feuille, ap\u00e9tale&nbsp;: sans p\u00e9tale, apt\u00e8re&nbsp;: un dimanche sur deux, acaule&nbsp;: sans tige&#8230;.<\/p>\n","protected":false},"author":1,"featured_media":0,"parent":0,"menu_order":0,"comment_status":"closed","ping_status":"closed","template":"","meta":{"footnotes":""},"class_list":["post-8669","page","type-page","status-publish","hentry"],"yoast_head":"<!-- This site is optimized with the Yoast SEO plugin v27.4 - https:\/\/yoast.com\/product\/yoast-seo-wordpress\/ -->\n<title>Nano lexique. - Le Compagnon rouge<\/title>\n<meta name=\"description\" content=\"Lexique botanique, glossaire botanique.\" \/>\n<meta name=\"robots\" content=\"index, follow, max-snippet:-1, max-image-preview:large, max-video-preview:-1\" \/>\n<link rel=\"canonical\" href=\"https:\/\/lecompagnonrouge.fr\/?page_id=8669\" \/>\n<meta property=\"og:locale\" content=\"fr_FR\" \/>\n<meta property=\"og:type\" content=\"article\" \/>\n<meta property=\"og:title\" content=\"Nano lexique. - Le Compagnon rouge\" \/>\n<meta property=\"og:description\" content=\"Lexique botanique, glossaire botanique.\" \/>\n<meta property=\"og:url\" content=\"https:\/\/lecompagnonrouge.fr\/?page_id=8669\" \/>\n<meta property=\"og:site_name\" content=\"Le Compagnon rouge\" \/>\n<meta property=\"article:modified_time\" content=\"2026-03-28T10:56:14+00:00\" \/>\n<meta property=\"og:image\" content=\"https:\/\/lecompagnonrouge.fr\/wp-content\/uploads\/2025\/12\/rauh.png\" \/>\n\t<meta property=\"og:image:width\" content=\"382\" \/>\n\t<meta property=\"og:image:height\" content=\"488\" \/>\n\t<meta property=\"og:image:type\" content=\"image\/png\" \/>\n<meta name=\"twitter:card\" content=\"summary_large_image\" \/>\n<meta name=\"twitter:label1\" content=\"Dur\u00e9e de lecture est.\" \/>\n\t<meta name=\"twitter:data1\" content=\"273 minutes\" \/>\n<script type=\"application\/ld+json\" class=\"yoast-schema-graph\">{\"@context\":\"https:\\\/\\\/schema.org\",\"@graph\":[{\"@type\":\"WebPage\",\"@id\":\"https:\\\/\\\/lecompagnonrouge.fr\\\/?page_id=8669\",\"url\":\"https:\\\/\\\/lecompagnonrouge.fr\\\/?page_id=8669\",\"name\":\"Nano lexique. - Le Compagnon rouge\",\"isPartOf\":{\"@id\":\"https:\\\/\\\/lecompagnonrouge.fr\\\/#website\"},\"primaryImageOfPage\":{\"@id\":\"https:\\\/\\\/lecompagnonrouge.fr\\\/?page_id=8669#primaryimage\"},\"image\":{\"@id\":\"https:\\\/\\\/lecompagnonrouge.fr\\\/?page_id=8669#primaryimage\"},\"thumbnailUrl\":\"https:\\\/\\\/lecompagnonrouge.fr\\\/wp-content\\\/uploads\\\/2025\\\/12\\\/rauh.png\",\"datePublished\":\"2025-01-19T14:16:31+00:00\",\"dateModified\":\"2026-03-28T10:56:14+00:00\",\"description\":\"Lexique botanique, glossaire botanique.\",\"breadcrumb\":{\"@id\":\"https:\\\/\\\/lecompagnonrouge.fr\\\/?page_id=8669#breadcrumb\"},\"inLanguage\":\"fr-BE\",\"potentialAction\":[{\"@type\":\"ReadAction\",\"target\":[\"https:\\\/\\\/lecompagnonrouge.fr\\\/?page_id=8669\"]}]},{\"@type\":\"ImageObject\",\"inLanguage\":\"fr-BE\",\"@id\":\"https:\\\/\\\/lecompagnonrouge.fr\\\/?page_id=8669#primaryimage\",\"url\":\"https:\\\/\\\/lecompagnonrouge.fr\\\/wp-content\\\/uploads\\\/2025\\\/12\\\/rauh.png\",\"contentUrl\":\"https:\\\/\\\/lecompagnonrouge.fr\\\/wp-content\\\/uploads\\\/2025\\\/12\\\/rauh.png\",\"width\":382,\"height\":488},{\"@type\":\"BreadcrumbList\",\"@id\":\"https:\\\/\\\/lecompagnonrouge.fr\\\/?page_id=8669#breadcrumb\",\"itemListElement\":[{\"@type\":\"ListItem\",\"position\":1,\"name\":\"Accueil\",\"item\":\"https:\\\/\\\/lecompagnonrouge.fr\\\/\"},{\"@type\":\"ListItem\",\"position\":2,\"name\":\"Nano lexique.\"}]},{\"@type\":\"WebSite\",\"@id\":\"https:\\\/\\\/lecompagnonrouge.fr\\\/#website\",\"url\":\"https:\\\/\\\/lecompagnonrouge.fr\\\/\",\"name\":\"Le Compagnon rouge\",\"description\":\"M\u00e9morandum.\",\"publisher\":{\"@id\":\"https:\\\/\\\/lecompagnonrouge.fr\\\/#\\\/schema\\\/person\\\/0025018a342b92eacca6f1e4c968a154\"},\"potentialAction\":[{\"@type\":\"SearchAction\",\"target\":{\"@type\":\"EntryPoint\",\"urlTemplate\":\"https:\\\/\\\/lecompagnonrouge.fr\\\/?s={search_term_string}\"},\"query-input\":{\"@type\":\"PropertyValueSpecification\",\"valueRequired\":true,\"valueName\":\"search_term_string\"}}],\"inLanguage\":\"fr-BE\"},{\"@type\":[\"Person\",\"Organization\"],\"@id\":\"https:\\\/\\\/lecompagnonrouge.fr\\\/#\\\/schema\\\/person\\\/0025018a342b92eacca6f1e4c968a154\",\"name\":\"R1\",\"image\":{\"@type\":\"ImageObject\",\"inLanguage\":\"fr-BE\",\"@id\":\"https:\\\/\\\/lecompagnonrouge.fr\\\/wp-content\\\/uploads\\\/2022\\\/03\\\/identit.jpg\",\"url\":\"https:\\\/\\\/lecompagnonrouge.fr\\\/wp-content\\\/uploads\\\/2022\\\/03\\\/identit.jpg\",\"contentUrl\":\"https:\\\/\\\/lecompagnonrouge.fr\\\/wp-content\\\/uploads\\\/2022\\\/03\\\/identit.jpg\",\"width\":425,\"height\":545,\"caption\":\"R1\"},\"logo\":{\"@id\":\"https:\\\/\\\/lecompagnonrouge.fr\\\/wp-content\\\/uploads\\\/2022\\\/03\\\/identit.jpg\"},\"sameAs\":[\"http:\\\/\\\/lecompagnonrouge.fr\"]}]}<\/script>\n<!-- \/ Yoast SEO plugin. -->","yoast_head_json":{"title":"Nano lexique. - Le Compagnon rouge","description":"Lexique botanique, glossaire botanique.","robots":{"index":"index","follow":"follow","max-snippet":"max-snippet:-1","max-image-preview":"max-image-preview:large","max-video-preview":"max-video-preview:-1"},"canonical":"https:\/\/lecompagnonrouge.fr\/?page_id=8669","og_locale":"fr_FR","og_type":"article","og_title":"Nano lexique. - Le Compagnon rouge","og_description":"Lexique botanique, glossaire botanique.","og_url":"https:\/\/lecompagnonrouge.fr\/?page_id=8669","og_site_name":"Le Compagnon rouge","article_modified_time":"2026-03-28T10:56:14+00:00","og_image":[{"width":382,"height":488,"url":"https:\/\/lecompagnonrouge.fr\/wp-content\/uploads\/2025\/12\/rauh.png","type":"image\/png"}],"twitter_card":"summary_large_image","twitter_misc":{"Dur\u00e9e de lecture est.":"273 minutes"},"schema":{"@context":"https:\/\/schema.org","@graph":[{"@type":"WebPage","@id":"https:\/\/lecompagnonrouge.fr\/?page_id=8669","url":"https:\/\/lecompagnonrouge.fr\/?page_id=8669","name":"Nano lexique. - Le Compagnon rouge","isPartOf":{"@id":"https:\/\/lecompagnonrouge.fr\/#website"},"primaryImageOfPage":{"@id":"https:\/\/lecompagnonrouge.fr\/?page_id=8669#primaryimage"},"image":{"@id":"https:\/\/lecompagnonrouge.fr\/?page_id=8669#primaryimage"},"thumbnailUrl":"https:\/\/lecompagnonrouge.fr\/wp-content\/uploads\/2025\/12\/rauh.png","datePublished":"2025-01-19T14:16:31+00:00","dateModified":"2026-03-28T10:56:14+00:00","description":"Lexique botanique, glossaire botanique.","breadcrumb":{"@id":"https:\/\/lecompagnonrouge.fr\/?page_id=8669#breadcrumb"},"inLanguage":"fr-BE","potentialAction":[{"@type":"ReadAction","target":["https:\/\/lecompagnonrouge.fr\/?page_id=8669"]}]},{"@type":"ImageObject","inLanguage":"fr-BE","@id":"https:\/\/lecompagnonrouge.fr\/?page_id=8669#primaryimage","url":"https:\/\/lecompagnonrouge.fr\/wp-content\/uploads\/2025\/12\/rauh.png","contentUrl":"https:\/\/lecompagnonrouge.fr\/wp-content\/uploads\/2025\/12\/rauh.png","width":382,"height":488},{"@type":"BreadcrumbList","@id":"https:\/\/lecompagnonrouge.fr\/?page_id=8669#breadcrumb","itemListElement":[{"@type":"ListItem","position":1,"name":"Accueil","item":"https:\/\/lecompagnonrouge.fr\/"},{"@type":"ListItem","position":2,"name":"Nano lexique."}]},{"@type":"WebSite","@id":"https:\/\/lecompagnonrouge.fr\/#website","url":"https:\/\/lecompagnonrouge.fr\/","name":"Le Compagnon rouge","description":"M\u00e9morandum.","publisher":{"@id":"https:\/\/lecompagnonrouge.fr\/#\/schema\/person\/0025018a342b92eacca6f1e4c968a154"},"potentialAction":[{"@type":"SearchAction","target":{"@type":"EntryPoint","urlTemplate":"https:\/\/lecompagnonrouge.fr\/?s={search_term_string}"},"query-input":{"@type":"PropertyValueSpecification","valueRequired":true,"valueName":"search_term_string"}}],"inLanguage":"fr-BE"},{"@type":["Person","Organization"],"@id":"https:\/\/lecompagnonrouge.fr\/#\/schema\/person\/0025018a342b92eacca6f1e4c968a154","name":"R1","image":{"@type":"ImageObject","inLanguage":"fr-BE","@id":"https:\/\/lecompagnonrouge.fr\/wp-content\/uploads\/2022\/03\/identit.jpg","url":"https:\/\/lecompagnonrouge.fr\/wp-content\/uploads\/2022\/03\/identit.jpg","contentUrl":"https:\/\/lecompagnonrouge.fr\/wp-content\/uploads\/2022\/03\/identit.jpg","width":425,"height":545,"caption":"R1"},"logo":{"@id":"https:\/\/lecompagnonrouge.fr\/wp-content\/uploads\/2022\/03\/identit.jpg"},"sameAs":["http:\/\/lecompagnonrouge.fr"]}]}},"_links":{"self":[{"href":"https:\/\/lecompagnonrouge.fr\/index.php?rest_route=\/wp\/v2\/pages\/8669","targetHints":{"allow":["GET"]}}],"collection":[{"href":"https:\/\/lecompagnonrouge.fr\/index.php?rest_route=\/wp\/v2\/pages"}],"about":[{"href":"https:\/\/lecompagnonrouge.fr\/index.php?rest_route=\/wp\/v2\/types\/page"}],"author":[{"embeddable":true,"href":"https:\/\/lecompagnonrouge.fr\/index.php?rest_route=\/wp\/v2\/users\/1"}],"replies":[{"embeddable":true,"href":"https:\/\/lecompagnonrouge.fr\/index.php?rest_route=%2Fwp%2Fv2%2Fcomments&post=8669"}],"version-history":[{"count":781,"href":"https:\/\/lecompagnonrouge.fr\/index.php?rest_route=\/wp\/v2\/pages\/8669\/revisions"}],"predecessor-version":[{"id":11830,"href":"https:\/\/lecompagnonrouge.fr\/index.php?rest_route=\/wp\/v2\/pages\/8669\/revisions\/11830"}],"wp:attachment":[{"href":"https:\/\/lecompagnonrouge.fr\/index.php?rest_route=%2Fwp%2Fv2%2Fmedia&parent=8669"}],"curies":[{"name":"wp","href":"https:\/\/api.w.org\/{rel}","templated":true}]}}