{"id":3348,"date":"2023-01-14T10:18:40","date_gmt":"2023-01-14T09:18:40","guid":{"rendered":"https:\/\/lecompagnonrouge.fr\/?page_id=3348"},"modified":"2026-02-21T10:18:59","modified_gmt":"2026-02-21T09:18:59","slug":"communautes-booleleen","status":"publish","type":"page","link":"https:\/\/lecompagnonrouge.fr\/?page_id=3348","title":{"rendered":"Communaut\u00e9s. Boolel\u00e8en."},"content":{"rendered":"\n<p>Les diff\u00e9rentes communaut\u00e9s de plantes t\u00e9moignent entre autres des conditions \u00e9cologiques dans lesquelles on les trouves. <\/p>\n\n\n\n<p>Les communaut\u00e9s de plantes pr\u00e9sent\u00e9es ici concernent d\u2019abord les prairies, mais cela n\u00e9cessite de s\u2019int\u00e9resser notamment aux pelousaires, aux m\u00e9gaphorbiaies, aux ourlets<\/p>\n\n\n\n<p>J&rsquo;essaie de penser \u00e0 indiquer la dynamique de successions des v\u00e9g\u00e9tations (au niveau syst\u00e9matique le plus haut). Il est rep\u00e9rable par le terme \u00ab\u00a0cycle\u00a0\u00bb. <\/p>\n\n\n\n<p>Il existe quelques ph\u00e9nom\u00e8nes qui peuvent venir contrarier ces cycles de dynamiques de successions et de la \u00ab\u00a0m\u00e9canique\u00a0\u00bb de leurs inversions.<\/p>\n\n\n\n<ul class=\"wp-block-list\">\n<li>Le feu. Des incendies ayant une r\u00e9currence inf\u00e9rieure \u00e0 10 ans sont r\u00e9put\u00e9s avoir une incidence extr\u00eamement n\u00e9gative \u00e0 l&rsquo;encontre de la vie du sol (quelques endroits en m\u00e9diterran\u00e9e).<\/li>\n\n\n\n<li>L&rsquo;\u00e9trepage: la r\u00e9cup\u00e9ration tr\u00e8s syst\u00e9matique et \u00e0 bonne \u00e9chelle de la mati\u00e8re organique et surtout de la mousse en vue du chauffage et de l&rsquo;amendement des cultures a une incidence extr\u00eamement n\u00e9gative \u00e0 l&rsquo;encontre de la vie du sol (Japon dans une moindre mesure, Frehel), ce qui porte \u00e0 bloquer la dynamique successorale des v\u00e9g\u00e9tations.<\/li>\n\n\n\n<li>La pollut!on \u00e0 l&rsquo;azote. De tr\u00e8s grande quantit\u00e9 d&rsquo;azote ont \u00e9t\u00e9 fourni depuis le dernier tiers du XX, soit sous forme d&rsquo;engrais, soit issues des gaz des moteurs thermiques. Cet azote est promis \u00e0 d\u00e9gradation et \u00e0 maintenir une v\u00e9g\u00e9tation de type plus eutrophile. Ce ph\u00e9nom\u00e8ne est tr\u00e8s largement r\u00e9parti. Concernant les zones o\u00f9 le degr\u00e9 trophique a augment\u00e9, la suppression du surcro\u00eet d&rsquo;azote n&rsquo;est probablement pas une solution compl\u00e8tement suffisante pour un retour \u00e0 l&rsquo;\u00e9tat initial. Il y a un ph\u00e9nom\u00e8ne d&rsquo;hysteresis. D&rsquo;une part le syst\u00e8me est stable avec cette forme nouvelle plus riche en azote. D&rsquo;autre part, pour inverser la situation, il faut choisir un autre chemin. La simple supression du param\u00e8tre en cause n&rsquo;est pas donn\u00e9e comme suffisante pour \u00eatre efficace.<\/li>\n\n\n\n<li>Les esp\u00e8ces exotiques envahissantes jettent un trouble certain dans l&rsquo;existant.<\/li>\n\n\n\n<li>L&rsquo;augmentation du gradient de chaleur et les s\u00e9cheresses, la salinisation des sols, les catastrophes.<\/li>\n<\/ul>\n\n\n\n<figure class=\"wp-block-image size-full\"><img loading=\"lazy\" decoding=\"async\" width=\"850\" height=\"567\" src=\"https:\/\/lecompagnonrouge.fr\/wp-content\/uploads\/2023\/02\/bambouIMG_3597-1.jpg\" alt=\"\" class=\"wp-image-3727\" srcset=\"https:\/\/lecompagnonrouge.fr\/wp-content\/uploads\/2023\/02\/bambouIMG_3597-1.jpg 850w, https:\/\/lecompagnonrouge.fr\/wp-content\/uploads\/2023\/02\/bambouIMG_3597-1-300x200.jpg 300w, https:\/\/lecompagnonrouge.fr\/wp-content\/uploads\/2023\/02\/bambouIMG_3597-1-768x512.jpg 768w\" sizes=\"auto, (max-width: 850px) 100vw, 850px\" \/><\/figure>\n\n\n\n<p class=\"has-small-font-size\">il existe de rares esp\u00e8ces envahissantes endog\u00e8nes. Dans l&rsquo;espace intertropical, les diff\u00e9rentes esp\u00e8ces de bambous se comportant de mani\u00e8re monosp\u00e9cifiques (ou pausp\u00e9cifiques) sont un indicateur important de pr\u00e9sence humaine pass\u00e9e. Qu&rsquo;ils passent, et tout tr\u00e9passe.<\/p>\n\n\n\n<p>La mani\u00e8re dont apparaissent ces communaut\u00e9s r\u00e9pond au Prodrome des v\u00e9g\u00e9tations de France 2 d\u2019octobre 2021. La structure de ce qui est pr\u00e9sent\u00e9 ci-dessous reprend la synth\u00e8se propos\u00e9e par l\u2019INPN-MNHN et produite par Olivier Argagnon, Jacques Bardat, Farid Bensettiti, Charles-Etienne Bernard, Fr\u00e9d\u00e9ric Bioret, Emmanuel Catteau, Gilles Corriol, Arnaud Delcoigne, Jean-Claude Felzines, Bruno de Foucault, Christian Gauberville, \u00c9lisabeth Lambert, Arnault Lalanne, Jean-Jacques Lazare, Alexis Mikolajczak, Virgile Noble, Guilhan Paradis, Beno\u00eet Renaux, Jean-Marie Royer, Laurent Seytre, Gilles Th\u00e9baud, Jean Timbal, Emilie Vallez, Vincent Gaudillat, Justine Louvel-Glaser.<\/p>\n\n\n\n<p>Le PVF1 et le PVF2&nbsp;sont normalement enchass\u00e9s. Notamment en vue des communaut\u00e9s des zones de cultures.<\/p>\n\n\n\n<p>Le contenu de ce qui suit tient directement \u00e0 ce qui est donn\u00e9 en bibliographie, avec notamment le travail de Philippe Julve, et eveg et ses contenus, ainsi que ceux propos\u00e9s par le MNHN \u2026<\/p>\n\n\n\n<p>On d\u00e9termine les rangs les plus bas (les plus pr\u00e9cis) \u00e0 l\u2019int\u00e9rieur des rangs les plus hauts, ainsi qu\u2019il en est pour la famille\/genre\/esp\u00e8ce en ce qui concerne les esp\u00e8ces de plantes. Ainsi les associations et leurs esp\u00e8ces caract\u00e9ristiques s\u2019int\u00e8grent \u00e0 partir de la floristique propre \u00e0 leurs (sous-alliance) ou alliance (et celle-ci \u00e0 leurs sous-ordre\/ordre, etc.)&nbsp;; Carottes, Fromental, Marguerites, Salsifis se trouvent \u00e0 un rang tr\u00e8s \u00e9lev\u00e9 des prairies fauch\u00e9es. Si ces plantes n\u2019apparaissent pas distinctement dans les descriptions des rangs moins \u00e9lev\u00e9s, c\u2019est une sorte de \u00ab&nbsp;non-dit&nbsp;\u00bb.<\/p>\n\n\n\n<p><\/p>\n\n\n\n<ul class=\"wp-block-list\">\n<li>CLASSE&nbsp;: -etea\n<ul class=\"wp-block-list\">\n<li>ORDRE:-alia\n<ul class=\"wp-block-list\">\n<li>SOUS-ORDRE&nbsp;:-enalia\n<ul class=\"wp-block-list\">\n<li>ALLIANCE&nbsp;: -ion\n<ul class=\"wp-block-list\">\n<li>SOUS-ALLIANCE&nbsp;: -enion\n<ul class=\"wp-block-list\">\n<li>ASSOCIATION&nbsp;: -etum\n<ul class=\"wp-block-list\">\n<li>SOUS-ASSOCIATION&nbsp;: -etosum<\/li>\n<\/ul>\n<\/li>\n<\/ul>\n<\/li>\n<\/ul>\n<\/li>\n<\/ul>\n<\/li>\n<\/ul>\n<\/li>\n<\/ul>\n<\/li>\n<\/ul>\n\n\n\n<p><\/p>\n\n\n\n<p>Noter que pour la Corse et dans une moindre mesure pour la Camargue, sont susceptibles d&rsquo;\u00eatre cit\u00e9es des esp\u00e8ces de moustiques en fonction des milieux d\u00e9crits (au titre d&rsquo;hypoth\u00e8ses). La potentialit\u00e9 d&rsquo;une maladie aussi impactante \u00e9conomiquement que le paludisme est vis\u00e9e dans une approche alors proto-ethnologique: Les conditions de vie d&rsquo;Homo sapiens sapiens en tel ou tel lieux. Ne sont pas par contre pr\u00e9sent\u00e9es les tiques et les maladies dont le puits sont les rongeurs, car globalement \u00e9tendu. De la m\u00eame mani\u00e8re, le grand \u00eelot g\u00e9ologique regroupant le centre de la France et la p\u00e9ninsule armoricaine offre des conditions \u00e9daphiques \u00e0 la production agricole moindre que dans la Beauce, tout particuli\u00e8rement favoris\u00e9e. Les groupements phytosociologiques en t\u00e9moignent. Les conditions du milieu sont \u00e9videmment plus fortes de cons\u00e9quences avant la naissance de l&rsquo;\u00e9conomie moderne.<\/p>\n\n\n\n<p>PRAIRIES.<\/p>\n\n\n\n<p>Les prairies se r\u00e9partissent en Agrostietea ou en Arrheneteretea selon le degr\u00e9 d&rsquo;humidit\u00e9. Les prairies, qu&rsquo;elles soient surtout de pacages ou de fauches concernent donc prioritairement la question du lait. <\/p>\n\n\n\n<p><\/p>\n\n\n\n<h2 class=\"wp-block-heading\" id=\"Agrostietea-stoloniferae\">\u2013 <strong><em>Agrostietea stoloniferae<\/em> Oberd. 1983. RANG&nbsp;: CLASSE.<\/strong><\/h2>\n\n\n\n<p><mark style=\"background-color:rgba(0, 0, 0, 0)\" class=\"has-inline-color has-vivid-green-cyan-color\"><strong>Correspondance senso lato: Eunis 2022: R3<\/strong><\/mark> <strong><mark style=\"background-color:rgba(0, 0, 0, 0)\" class=\"has-inline-color has-vivid-green-cyan-color\">Prairies humides et saisonni\u00e8rement humides<\/mark><\/strong><\/p>\n\n\n\n<p>Prairies inondables m\u00e9sotrophes \u00e0 eutrophes, et caract\u00e9ris\u00e9e par les esp\u00e8ces suivantes&nbsp;: <em>Agrostis stolonifera stolonifera<\/em>, <em><a href=\"https:\/\/lecompagnonrouge.fr\/?p=466\">Trifolium fragiferum<\/a><\/em>, <em>Mentha pulegium<\/em> subsp. <em>pulegium<\/em>, <em><a href=\"https:\/\/lecompagnonrouge.fr\/?p=3592\">Potentilla reptans<\/a><\/em>, <em>Juncus articulatus<\/em> subsp. <em>articulatus<\/em>, <em>Lotus corniculatus<\/em> subsp. <em>Tenui<\/em>s \u2026<\/p>\n\n\n\n<p>Se diff\u00e9rencie des prairies m\u00e9sophiles\/m\u00e9sohygrophiles (Arrhenatheretea) par des taxons hygrophiles (m\u00e9so eutrophes, eutrophes), et issus des <em>Filipendulo ulmariae \u2013 Convolvuletea sepium<\/em>, mais partage un grand nombre de taxons prairiaux. Les deux classes \u00e9taient rassembl\u00e9es dans le prodrome des v\u00e9g\u00e9tations de France 1.<\/p>\n\n\n\n<p>Elle trouve leur origine:<\/p>\n\n\n\n<p>-) soit dans les pr\u00e9s sal\u00e9s lixivi\u00e9s en sel (situation inverse aux conceptions prospectives qui nous concernent actuellement avec la mont\u00e9e du niveau de la mer) <\/p>\n\n\n\n<p>-) soit depuis les roseli\u00e8res-magnocari\u00e7aie ou depuis les m\u00e9gaphorbiaies.<\/p>\n\n\n\n<p>Le cycle: Magnocari\u00e7aie, M\u00e9gaphorbiaie, Pr\u00e9s sal\u00e9s mais alors lixivi\u00e9 en sel [Fauche] -&gt; Prairies de Fauche eutrophile.<\/p>\n\n\n\n<p>ou <\/p>\n\n\n\n<p>Magnocari\u00e7aie, M\u00e9gaphorbiaie, Pr\u00e9s sal\u00e9s mais alors lixivi\u00e9 en sel [abroutissement] -&gt; Prairies de p\u00e2tur\u00e9e eutrophile [Selon la presssion] -&gt; Prairies surp\u00e2tur\u00e9e \u00e0 Prairies surp\u00e2tur\u00e9es \u00e0 annuelles.<\/p>\n\n\n\n<p>(passage du r\u00e9gime de la fauche \u00e0 celui de l&rsquo;abroutissement &#8230; Inversement &#8230;)<\/p>\n\n\n\n<p>Prairies eutrophiles fauch\u00e9es ou p\u00e2tur\u00e9e [pouvant \u00eatre soumise \u00e0 une oligotrophisation] -&gt; Prairies m\u00e9sophiles.<\/p>\n\n\n\n<p><\/p>\n\n\n\n<p>Quelques-unes de ces prairies sont donn\u00e9es comme \u201cnaturelles\u201d (i.e: hors interventions humaines).<\/p>\n\n\n\n<p>Par le pass\u00e9, les populations qui vivaient en lien avec ce type d\u2019herbages se trouvaient dans une situation un peu particuli\u00e8re. Pr\u00e9sence peut-\u00eatre d\u2019une rivi\u00e8re \u2026 Et de ses poissons \u2026 Et ces prairies accueillent un riche gibier (volatiles, aujourd\u2019hui souvent prot\u00e9g\u00e9s). L&rsquo;imaginaire occidental tend (tendait) \u00e0 porter parfois une vision n\u00e9gative des zones humides. Les colons europ\u00e9ens sur la face Atlantique en Am\u00e9rique du sud ont plut\u00f4t choisis de mettre en culture la for\u00eat blanche (et s\u00e8che) que les zones humides d\u00e9j\u00e0 utilis\u00e9es par les autochtones (grave erreur).  Cependant, ces zones sont effectivement susceptibles d&rsquo;\u00eatres plus ou moins favorables \u00e0 certaines pathologies. Dans certains cas, le palu par exemple, des cons\u00e9quences \u00e9conomiques peuvent en ressortir.<\/p>\n\n\n\n<h4 class=\"wp-block-heading\" id=\"Deschampsietalia-cespitosae\"><em>&gt;&gt;&gt;&gt;&gt;ORDRE DU Deschampsietalia cespitosae<\/em><strong> Horvati\u0107 1958 (=<\/strong><em>Eleocharitetalia palustris<\/em><strong> de Foucault 1984).<\/strong><\/h4>\n\n\n\n<p>Cet ordre regroupe des prairies longuement inondables \u00e0 <em>Eleocharis palustris<\/em> et <em>E. uniglumis<\/em>, <em>Gratiola officinalis<\/em>, <em>Alopecurus geniculatus<\/em>, <em>Rorippa sylvestris<\/em> subsp. <em>s<\/em>., <em>R. amphibia<\/em>, <em>Lythrum virgatum<\/em>, <em>Carex vulpina<\/em>, <em>Myosotis laxa<\/em> subsp. <em>cespitosa<\/em>, <em>Polygonum amphibium<\/em> f. <em>terrestre<\/em>, <em>Inula britannica<\/em>. Raret\u00e9 des taxons plus susceptibles \u00e0 des inondations aussi longues.<\/p>\n\n\n\n<p><em>&gt;&gt;&gt;&gt;&gt;&gt;&gt;SOUS-ORDRE DU Carici vulpinae-Eleocharitenalia palustris<\/em><strong> Julve <\/strong><em>ex <\/em><strong>B. Foucault, Catteau &amp; Julve <\/strong><em>in<\/em><strong> B. Foucault &amp; Catteau 2012<\/strong>, pr\u00e9sentant des taxons rares dans le sous ordre suivant, thermophile ou subhalophile (<em>Mentho pulegii-Eleocharitenalia palustris<\/em> Julve ).<\/p>\n\n\n\n<p><em>&gt;&gt;&gt;&gt;&gt;&gt;&gt;&gt;&gt;&gt;&gt;ALLIANCE DU Cnidion venosi<\/em><strong> Bal.-Tul. 1965<\/strong><\/p>\n\n\n\n<p>Cette Alliance pr\u00e9sente des prairies inondables fauch\u00e9es \u00e0 <em>Kadenia dubia, Allium angulosum, Sanguisorba officinalis<\/em>, <em>Scutellaria hastifolia<\/em>, <em>Trifolium hybridum<\/em> subsp. <em>h<\/em>y<em>bridum<\/em>,<em> Juncus atratus<\/em>, <em>Carex praecox<\/em> var. <em>suzae<\/em>, <em>Viola pumila<\/em>, <em>Veronica longifolia<\/em>, <em>Deschampsia cespitosa<\/em>, <em>Poa palustris<\/em>.<\/p>\n\n\n\n<ul class=\"wp-block-list\">\n<li>F03-16 \u2013 <em>Cnidio dubii-Violetum pumilae<\/em> Korneck <em>ex <\/em>Bal.-Tul. 1969 (de pr\u00e9sence incertaine.)<\/li>\n<\/ul>\n\n\n\n<p>&gt;&gt;&gt;&gt;&gt;&gt;&gt;&gt;&gt;&gt;&gt;&gt;&gt;ALLIANCE DU <em>Mentho arvensis-Eleocharition palustris<\/em> B. Foucault <em>in <\/em>B. Foucault &amp; Catteau 2012. Cette Alliance, beaucoup notable par <em>Mentha arvensis<\/em>, se trouve jusque dans les zones climatiques les plus froides de l\u2019ordre du Deschampsetalia cespitosae (jusqu\u2019en Laponie)<\/p>\n\n\n\n<ul class=\"wp-block-list\">\n<li>F03-17 \u2013 <em>Glycerio fluitantis-Menthetum arvensis<\/em> B. Foucault 1986. Communaut\u00e9 inondable nettement montagnarde (Massif central, Morvan), pr\u00e9sentant une v\u00e9g\u00e9tation dense \u00e0 ferm\u00e9e (10-20 taxons), m\u00e9sotrophile. De bas niveau topographique, au voisinage de rivi\u00e8res d&rsquo;eaux courantes et oxyg\u00e9n\u00e9es \u00e0 \u00e9tiages contrast\u00e9s, ou dans les zones inondables de syst\u00e8me prairiaux. Domin\u00e9e par <em>Glyceria fluitans, Eleocharis palustris, Mentha arvensis<\/em>. Combinaison: <em>Mentha arvensis, Eleocharis palustris, Glyceria fluitans, Ranunculus flammula subsp. flammula, <a href=\"https:\/\/lecompagnonrouge.fr\/?p=3676\">Ranunculus repens subsp. repens<\/a>, Galium palustre subsp. palustre, Agrostis stolonifera subsp. stolonifera<\/em><\/li>\n\n\n\n<li>F03-18 \u2013 <em>Teucrio scordii-Menthetum arvensis<\/em> J. Duvign. 1986. Communaut\u00e9 inondable continentale pr\u00e9sentant une v\u00e9g\u00e9tation ouverte ou dense (\u00e0 ferm\u00e9e), m\u00e9sotrophile, de bordure d&rsquo;\u00e9tang (ou de lac r\u00e9servoir) faiblement pi\u00e9tin\u00e9e. Y domine <em>Teucrium scordium, Potentilla anserina, Mentha arvensis<\/em> + pr\u00e9sence de th\u00e9rophytes. Combinaison: <em>Mentha arvensis, Polygonum amphibium<\/em> forme terrestre, <em>Stachys palustris subsp. palustris, Potentilla anserina subsp. anserina, Rorripa amphibia, Teucrium scordium subsp. scordium<\/em>\n<ul class=\"wp-block-list\">\n<li>Typicum (= menthetosum pulegii) RANG: SOUS-ASSOCIATION. Hygrophilie un peu moindre que le Caricetosum hirtae: niveau topographique l\u00e9g\u00e8rement sup\u00e9rieur au suivant. Diff\u00e9renci\u00e9 par <em>Mentha pulegium<\/em>, et dans une moindre mesure par Pulicaria vulgaris<\/li>\n\n\n\n<li>Caricetosum hirtae Didier &amp; Royer 1999, diff\u00e9renci\u00e9 par <em><a href=\"https:\/\/lecompagnonrouge.fr\/?p=9554\">Carex hirta<\/a><\/em><\/li>\n<\/ul>\n<\/li>\n\n\n\n<li>Groupe \u00e0 <em>Eleocharis palustris-Mentha arvensis<\/em> B. Foucault 1997<\/li>\n<\/ul>\n\n\n\n<p>&gt;&gt;&gt;&gt;&gt;&gt;&gt;&gt;&gt;&gt;&gt;&gt;&gt;ALLIANCE DE L\u2019<em>Oenanthion fistulosae<\/em> B. Foucault 2008 (=<em>Eleocharito palustris \u2013 Oenanthenion fistulosae<\/em> G\u00e9hu 1999. Nom invalide). Communaut\u00e9s atlantiques &#8211; subcontinentales glycophiles (?; indiqu\u00e9 non subhalophile), caract\u00e9ris\u00e9e par <em>Oenanthe fistulosa subsp. fisutlosa, Carex disticha, Stellaria palustris, Achillea ptarmica subsp. ptarmica.<\/em><\/p>\n\n\n\n<ul class=\"wp-block-list\">\n<li>F03-11 \u2013 <em>Eleocharito palustris-Oenanthetum fistulosae<\/em> B. Foucault 2008. Prairie basse tr\u00e8s dense \u00e0 ferm\u00e9e, o\u00f9 domine de petits h\u00e9lophytes dress\u00e9s formant une strate sup\u00e9rieure. Et strate de plantes rampantes ou stolonif\u00e8res.  Association de bas niveau topographique: lits majeurs des vall\u00e9es alluviales (Ouest, Nord-Ouest, Basse Auvergne, basse vall\u00e9e de la Seine &#8230;) Surtout r\u00e9gime de fauche. La ph\u00e9nologie tardivernale \u00e0 estivale (selon vitesse de retrait de la nappe d&rsquo;eau). L&rsquo;association se d\u00e9finit surtout n\u00e9gativement par rapport aux syntaxons proches. Elle Pr\u00e9sente ces esp\u00e8ces caract\u00e9ristiques: <em>Oenanthe fistulosa subsp. fistulosa, Eleocharis palustris subsp. waltersii, Eleocharis uniglumis, Glyceria fluitans senso lato, Alopecurus geniculatus, Polygonum amphibium forme terrestre.<\/em>   <br>\n<ul class=\"wp-block-list\">\n<li>variation typicum: se diff\u00e9renciant n\u00e9gativement. Syst\u00e8mes alluviaux plut\u00f4t alcalin.<\/li>\n\n\n\n<li>juncetosum acutiflori de Foucault 2008 diff\u00e9renci\u00e9 par le <em>Juncus acutiflorus<\/em>. Syst\u00e8mes alluviaux plut\u00f4t acides<br><br><\/li>\n<\/ul>\n<\/li>\n\n\n\n<li>F03-10 \u2013 <em>Gratiolo officinalis-Oenanthetum fistulosae<\/em> B. Foucault <em>in <\/em>Royer <em>et al.<\/em> 2006: prairie basse (esp\u00e8ces rampantes telles potentilla, Agrostis stolonifera, Lysimachia nummularia) et esp\u00e8ces dress\u00e9es (Eleocharis) donnant un aspect en brosse; \u00e9galement esp\u00e8ces ascendantes indiqu\u00e9es caract\u00e9ristiques ( Inula, Gratiola, Alopecurus). L&rsquo;association est de bas niveau topographique (Surtout vall\u00e9e de la Loire et basse Charente). Inondable. Des vall\u00e9es alluviales. Se trouve surtout en r\u00e9gime de fauche. La ph\u00e9nologie est tardivernale jusqu&rsquo;\u00e0 estivale (en fonction de la vitesse du retrait de la nappe d&rsquo;eau). Pr\u00e9sente ces esp\u00e8ces caract\u00e9ristiques: <em>Oenanthe fistulosa subsp. fistulosa, Gratiola officinalis, Inula britannica subsp. britanica, Cardamine parviflora, Rorippa sylvestris subsp. sylvestris., Alopecurus geniculatus, <a href=\"https:\/\/lecompagnonrouge.fr\/?p=2622\">Rumex crispus subsp. crispus<\/a>, Galium palustre subsp. palustris, Carex cuprina.<\/em>\n<ul class=\"wp-block-list\">\n<li>variation typicum: se diff\u00e9renciant n\u00e9gativement par rapport aux autres variations. Niveau topographique interm\u00e9diaire.<\/li>\n\n\n\n<li>oenanthetosum pulegii de Foucault in Royer et al. 2006 diff\u00e9renci\u00e9 par <em>Mentha pulegium<\/em>: formes plus fortement pi\u00e9tin\u00e9es.<\/li>\n\n\n\n<li>ranunculetosum ophioglossifolii de Foucault in Royer et al. 2006 diff\u00e9renci\u00e9 par <em>Ranunculus ophioglossifolius, Trifolium michelianum, Galium debile<\/em>: passage vers la prairie subhalophile du Ranunculo ophioglossifolii \u2013 Oenanthetum fistulosae .<\/li>\n\n\n\n<li>stellarietosum palustris Trivaudey 1997: diff\u00e9renci\u00e9 selon par des esp\u00e8ces tr\u00e8s hygrophiles, <em>Alopecurus geniculatus, Carex vulpina\u2026<\/em> Et par des esp\u00e8ces oligotrophiles, <em>Ranunculus flammula, Stellaria palustris.<\/em> Sols hydromorphes \u00e0 horizon sup\u00e9rieur enrichi en mati\u00e8res organiques.<\/li>\n<\/ul>\n<\/li>\n<\/ul>\n\n\n\n<ul class=\"wp-block-list\">\n<li>F03-12 \u2013 <em>Hydrocotylo vulgaris-Eleocharitetum palustris<\/em> Julve 1989. Prairies inondables m\u00e9sotrophiles de bas niveaux topographiques. Littoral nord. Bretagne surtout. Initialement d\u00e9termin\u00e9 dans les syst\u00e8mes arri\u00e8re dunaire. Mais se trouve aussi \u00e0 l&rsquo;int\u00e9rieur. Groupe de petites h\u00e9lophytes (scirpes tel <em>Eleocharis palustris<\/em> en dominance, parfois, <em>Eleocharis uniglumis<\/em>, et <em>Agrostis stolonifera<\/em>, <em>Hydrocotyle vulgaris<\/em>. La combinaison caract\u00e9ristique d&rsquo;esp\u00e8ces pr\u00e9sente (seulement) 6-15 esp\u00e8ces par relev\u00e9s: <em>Hydrocotyle vulgaris, Eleocharis palustris subsp. waltersii, Teucrium scordium s<\/em>enso lato, <em>Oenanthe fistulosa subsp. fistulosa, <a href=\"https:\/\/lecompagnonrouge.fr\/?p=2192\">Mentha aquatica subsp. aquatica<\/a><br><\/em><\/li>\n\n\n\n<li><em>Mentho aquaticae-Eleocharitetum palustris<\/em> Corriol <em>et al.<\/em> 2009 (?: voir Ranunculo repentis \u2013 Alopecuretum geniculati?)<\/li>\n\n\n\n<li>F03-13 \u2013 <em>Oenantho fistulosae-Caricetum vulpinae<\/em> Trivaudey 1989. Prairie tr\u00e8s dense \u00e0 ferm\u00e9e (90-100%). Domin\u00e9e par entre autres <em>Oenanthe fistulosa, Carex vulpina<\/em>.  Prairies inondables basiphiles m\u00e9sotrophiles.  De bas niveau topographique. Lit mineur des petites vall\u00e9es alluviales de l&rsquo;Est, du bassin parisien et subcontinentale du Nord de la France. Surtout en r\u00e9gime de fauche. Ph\u00e9nologie estivale. Combinaison caract\u00e9ristique d&rsquo;esp\u00e8ces: <em>Carex vulpina, C. disticha, Oenanthe fistulosa subsp. fistulosa, Galium palustre subsp. palustre., <a href=\"https:\/\/lecompagnonrouge.fr\/?p=3676\">Ranunculus repens subsp. repens<\/a><\/em>; Pour le nord <em>Lysimachia nummularia<\/em>, et variations:\n<ul class=\"wp-block-list\">\n<li>Caricetosum acutae Trivaudey in Ferrez et al. 2011 diff\u00e9renci\u00e9 par <em>Glyceria fluitans\/Glyceria plicata, Carex acuta, C. vesicaria<\/em>, <em><a href=\"https:\/\/lecompagnonrouge.fr\/?p=1595\">Iris pseudacorus,<\/a><\/em> plus hygrophile, au contact des magnocari\u00e7aies <\/li>\n\n\n\n<li>Alopecuretosum geniculati Trivaudey 1997, diff\u00e9renci\u00e9 par <em>Alopecurus geniculatus, <a href=\"https:\/\/lecompagnonrouge.fr\/?p=2622\">Rumex crispus subsp. crispus<\/a>, Agrostis stolonifera subsp. stolonifera, <a href=\"https:\/\/lecompagnonrouge.fr\/?p=1083\">Trifolium repens subsp. repens<\/a><\/em>, correspondant \u00e0 la \u00ab\u00a0partie\u00a0\u00bb la moins hygrophile de l\u2019association.<\/li>\n\n\n\n<li>Agrostietosum caninae Misset in Royer et al. 2006, diff\u00e9renci\u00e9 par des taxons oligotrophiles (tels <em>Agrostis canina, Carex panicea, Ophioglossum vulgatum<\/em>\u2026), sur substrats acides argilo-siliceux<\/li>\n\n\n\n<li>Poetosum palustris, diff\u00e9renci\u00e9 essentiellement par <em>Poa palustris<\/em>, En articulation avec des roseli\u00e8res<br><\/li>\n<\/ul>\n<\/li>\n\n\n\n<li>F03-14 \u2013 <em>Oenantho lachenalii-Eleocharitetum uniglumis<\/em> Didier <em>et al.<\/em> <em>in <\/em>Royer <em>et al.<\/em> 2006. Prairies denses, ferm\u00e9es (65-100%), avec comme dominantes courantes <em><a href=\"https:\/\/lecompagnonrouge.fr\/?p=3676\">Ranunculus repens<\/a>, Carex disticha<\/em>. Optimum tardivernal. Syst\u00e8mes prairiaux et de bas marais sur substrat alcalin paratourbeux; subcontiental. Observ\u00e9e de Champagne, Ardennes, Aube. Combinaison caract\u00e9ristique: <em>Allium angulosum, Oenanthe lachenalii, Eleocharis uniglumis, Carex disticha, Ranunculus flammula subsp. flammula, <a href=\"https:\/\/lecompagnonrouge.fr\/?p=3676\">R. repens subsp. repens<\/a><\/em><br><\/li>\n\n\n\n<li>F03-15 \u2013 <em>Ranunculo repentis-Alopecuretum geniculati<\/em> T\u00fcxen 1937. Prairies denses, ferm\u00e9es (605-100%), inondables, m\u00e9sotrophiles, plus ou moins pi\u00e9tin\u00e9es, p\u00e2tur\u00e9es. Sur sols argilo-limoneux; Subatlantiques, subcontinentales. Observ\u00e9e en Allemagne de l&rsquo;Ouest. Dominantes courantes: <em><a href=\"https:\/\/lecompagnonrouge.fr\/?p=3676\">Ranunculus repens<\/a>, Alopecurus geniculatus. <\/em>Optimum tardivernal. Combinaison caract\u00e9ristique:<em> <a href=\"https:\/\/lecompagnonrouge.fr\/?p=3676\">Ranunculus repens subsp. repens<\/a>, Ranunculus flammula, Alopecurus geniculatus, Gallium palustre subp. palustre, Potentilla anserina subsp. anserina<\/em>\n<ul class=\"wp-block-list\">\n<li>Typicum: diff\u00e9renci\u00e9 n\u00e9gativement. Topographie m\u00e9diane.<\/li>\n\n\n\n<li>Phalaridetosum arundinaceae T\u00fcxen 1937, diff\u00e9renci\u00e9 par <em><a href=\"https:\/\/lecompagnonrouge.fr\/?p=2585\">Phalaris arundinacea<\/a>, Poa palustris, <a href=\"https:\/\/lecompagnonrouge.fr\/?p=1595\">Iris pseudacorus<\/a>, Rorippa amphibia<\/em>\u2026, des niveaux topographiques les plus bas, au contact des roseli\u00e8res.<\/li>\n\n\n\n<li>Eleocharitetosum uniglumis T\u00fcxen 1937, diff\u00e9renci\u00e9 par <em>Eleocharis uniglumis, Juncus gerardi, Triglochin maritimum, T. palustre<\/em>, de substrats oligohalins, proches du Junco gerardi<\/li>\n\n\n\n<li>Oenanthetum fistulosae de Foucault (renvoi vers F03-8)<\/li>\n\n\n\n<li>Poetosum trivialis T\u00fcxen 1937, diff\u00e9renci\u00e9 significativement seulement par <a href=\"https:\/\/lecompagnonrouge.fr\/?p=4391\">Poa trivialis subsp. trivialis<\/a> et <em><a href=\"https:\/\/lecompagnonrouge.fr\/?p=2019\">Prunella vulgaris subsp. vulgaris;<\/a><\/em> Groupe encore impr\u00e9cis?<br><br><br><\/li>\n<\/ul>\n<\/li>\n<\/ul>\n\n\n\n<p><em>&gt;&gt;&gt;&gt;&gt;&gt;&gt;SOUS-ORDRE DU Mentho pulegii-Eleocharitenalia palustris Julve ex B. Foucault, Catteau &amp; Julve in B. Foucault &amp; Catteau 2012<\/em><\/p>\n\n\n\n<p>Ce sous ordre est pauvre en taxons pr\u00e9sent dans la classe ou l\u2019ordre, Notamment Polygonium amphibium forme terrestre, Inula britannica, Rorripa sylvestris<\/p>\n\n\n\n<p>&gt;&gt;&gt;&gt;&gt;&gt;&gt;&gt;&gt;&gt;&gt;&gt;&gt;ALLIANCE DE L\u2019<em>Oenanthion globulosae<\/em> B. Foucault <em>in<\/em> B. Foucault &amp; Catteau 2012. Cette alliance, caract\u00e9ris\u00e9e par <em>Oenanthe globulosa subsp. globulosa<\/em>, repr\u00e9sente des prairies inondables (ouest de la m\u00e9diterran\u00e9e) souvent sur substrat sableux.<\/p>\n\n\n\n<ul class=\"wp-block-list\">\n<li>F03-01 \u2013 <em>Plantagini timbalii-Oenanthetum globulosae<\/em> Paradis, Lorenzoni-Pietri, Pozzo di Borgo &amp; Sorba <em>ex <\/em>B. Foucault &amp; Paradis <em>in <\/em>B. Foucault &amp; Catteau 2012. Communaut\u00e9 du Sud-Ouest de la Corse. Dense, ferm\u00e9e (80-100%), avec communaut\u00e9s th\u00e9rophytiques annuelles hygrophiles.  Situation de mares temporaires. Zones pouvant peut-\u00eatre \u00eatre correspondantes \u00e0 des anoph\u00e8les, tel Anopheles messeae? pouvant porter (ayant dans le pass\u00e9 pu porter )des plasmodium, et o\u00f9 l&rsquo;\u00e9ventuelle r\u00e9apparition de Plasmodium vivax est surveill\u00e9e (avec actuellement un taux de risque pratiquement nul, donc): Prairies inondables m\u00e9sotrophiles de bas niveau topographique, domin\u00e9e par <em>Oentanthe globulosa, Plantago lanceolata var. timbalii<\/em>; avec comme combinaison caract\u00e9ristique: <em>Onenanthe globulosa subsp. globulosa, Plantago lanceolata var. timbalii, Carex flacca subsp. erythrostachys, Mentha pulegium subsp. pulegium, Cynodon dactylon<\/em><\/li>\n\n\n\n<li>F03-02 \u2013 <em>Ranunculo ophioglossifolii-Artemisietum molinieri<\/em> B. Foucault &amp; Loisel <em>in<\/em> B. Foucault &amp; Catteau, 2012. Communaut\u00e9 rare du Var. Inondable, de bas niveau topographique, m\u00e9sotrophile. Mare de Dolines.  Combinaison caract\u00e9ristique: <em>Artemisia molinieri, Alopecurus bulbosus, Ranunculus ophioglossifolius, Eleocharis palustris senso lato, Gallium palustre subsp. palustre, Potentilla reptens. Alopecurus, Ranunculus et Eleocharis<\/em> physionomiquement dominantes.<\/li>\n\n\n\n<li>gr. \u00e0 <em>Oenanthe fistulosa<\/em> subsp. <em>fistulosa<\/em>, <em>Oenanthe globulosa<\/em> subsp. <em>globulosa<\/em>, <em>Carex cuprina<\/em> Lavagne et Moutte 1977. Iles d&rsquo;Hy\u00e8res. Afrique du Nord.<\/li>\n<\/ul>\n\n\n\n<p>&gt;&gt;&gt;&gt;&gt;&gt;&gt;&gt;&gt;&gt;&gt;&gt;&gt;ALLIANCE DU <em>Preslion cervinae<\/em> Braun-Blanq. <em>ex <\/em>Moor 1937. Prairies inondables m\u00e9soptrophes \u00e0 ruisseaux et mares temporaires avec Mentha cervina, et pr\u00e9sence de th\u00e9rophytes hygrophiles (Ouest de la m\u00e9diterran\u00e9e). <\/p>\n\n\n\n<ul class=\"wp-block-list\">\n<li>F03-03 \u2013 <em>Eleocharito palustris-Preslietum cervinae<\/em> Braun-Blanq. <em>ex <\/em>Moor 1937. Association du Languedoc (climat m\u00e9dit\u00e9ran\u00e9en). Association prairiale de bas niveau topogrpahique (ruisseaux et mares temporaires), domin\u00e9e par <em>Mentha cervina<\/em> et <em>Mentha pulegium<\/em>, avec pour terminer la combinaison caract\u00e9ristique <em>Oenanthe silaifolia, Eleocharis palustris senso lato, Eleocharis uniglumis<\/em><\/li>\n\n\n\n<li>F03-04 \u2013 <em>Inulo britannicae-Menthetum cervinae<\/em> B. Foucault &amp; Loisel <em>in<\/em> B. Foucault &amp; Catteau 2012. Prairie inondable m\u00e9sotrophile. De bas niveau topographique, basse et ouverte. Mares et ruisseaux temporaires de climat m\u00e9diterran\u00e9en (Provence). Domin\u00e9e par <em>Eleocharis palustris, Mentha cervina<\/em> et communaut\u00e9 th\u00e9rophytique \u00e0 <em>Lotus angustissimus, Juncus pygmaeus, Lythrum borysthenicum<\/em>. Combinaison caract\u00e9ristique: <em>Mentha cervina, Sysimbrella aspera subsp. aspera, Eleocharis palustris senso lato, <a href=\"https:\/\/lecompagnonrouge.fr\/?p=1089\">Trifolium resupinatum subsp. resupinatum<\/a>, Ranunculus sardous subsp. Sardous, Inula britannica subsp. britannica<\/em><\/li>\n<\/ul>\n\n\n\n<p>&gt;&gt;&gt;&gt;&gt;&gt;&gt;&gt;&gt;&gt;&gt;&gt;&gt;ALLIANCE DU <em>Ranunculo ophioglossifolii-Oenanthion fistulosae<\/em> B. Foucault <em>in<\/em> B. Foucault &amp; Catteau 2012. Communaut\u00e9s m\u00e9diterran\u00e9ennes et atlantiques inondables sur substrats min\u00e9ralis\u00e9s caract\u00e9ris\u00e9es par <em>Oenanthe fistulosa subsp. fistulosa, Anacamptis laxiflora subsp. laxiflora, Trifolium michelanium, Galium debile, Juncus gerardi<\/em> et en ce qui concerne l&rsquo;ouest de l&rsquo;Europe: <em>Alopecurus bulbosus, Carex divisa subsp. divisa, Ranunculus sardous subsp. sardous<\/em><\/p>\n\n\n\n<ul class=\"wp-block-list\">\n<li>F03-91 \u2013 <em>Baldellio ranunculoidis-Lythretum salicariae<\/em> Gamisans, Reille, Guyot &amp; Moulenc 1998. Syntaxon corse (1 seul site). Pelouse amphibie ouverte m\u00e9sotrophile \u00e0 l\u00e9g\u00e8rement eutrophile de mares temporaires peu profondes, climat m\u00e9diterran\u00e9en att\u00e9nu\u00e9. Zones pouvant peut-\u00eatre \u00eatre correspondantes \u00e0 des anoph\u00e8les, tel Anopheles messeae? pouvant porter (ayant dans le pass\u00e9 pu porter )des plasmodium, et o\u00f9 l&rsquo;\u00e9ventuelle r\u00e9apparition de Plasmodium vivax est surveill\u00e9e (avec actuellement un taux de risque pratiquement nul, donc). Combinaison caract\u00e9ristique: <em><a href=\"https:\/\/lecompagnonrouge.fr\/?p=1587\">Lythrum salicaria<\/a>, Baldelia ranunculoides, Glyceria fluitans<\/em>. Ph\u00e9no estivale.<\/li>\n\n\n\n<li><em>Eleocharito palustris-Scirpetum americani<\/em> B. Foucault 1988 <em>prov.<\/em> Syntaxon centro-m\u00e9diterran\u00e9ne (Mac\u00e9doine) avec <em>Ranunculus marginatus, Alopecurus rendlei, Poa trivialis subsp. sylvicola, Lythrum virgatum, Cyperus longus.<\/em><\/li>\n\n\n\n<li>F03-06 \u2013 <em>Helosciadio crassipedis-Ranunculetum ophioglossifolii<\/em> (Paradis <em>et al.<\/em> 2008) B. Foucault &amp; Paradis <em>in<\/em> B. Foucault &amp; Catteau 2012. Syntaxon Corse. Mare temporaire. Zones pouvant peut-\u00eatre \u00eatre correspondantes \u00e0 des anoph\u00e8les, tel Anopheles messeae? pouvant porter (ayant dans le pass\u00e9 pu porter ) des plasmodium, et o\u00f9 l&rsquo;\u00e9ventuelle r\u00e9apparition de Plasmodium vivax est surveill\u00e9e (avec actuellement un taux de risque pratiquement nul, donc). Combinaison caract\u00e9risitique: Helosciadum crassipes, Ranunculus ophioglossifolius, Plantago lanceolata subsp. timbalii, Eleocharis palustris senso lato, Cynodon dactylon<\/li>\n\n\n\n<li>F03-08 \u2013 <em>Hydrocotylo vulgaris-Caricetum divisae<\/em> Vanden Berghen 1965. Morbihan. Hoedic uniquement? Climat atlantique insulaire. Alluvions marins atlantique. Combinaison: Carex divisa, Anthemis nobilis, Oenanthe fistulosa, Hydrocotyle vulgaris, Juncus, maritimus, Galium palustre subsp. palustre.<\/li>\n\n\n\n<li>F03-09 \u2013 <em>Junco gerardi-Oenanthetum fistulosae<\/em> B. Foucault <em>in<\/em> B. Foucault &amp; Catteau 2012. Nord atlantique. Finist\u00e8re au pas de Calais. Ph\u00e9nologie tardivernale. Prairie subahlophile peu ou pas patur\u00e9es, inondables. Physionomie dense (80 \u00e0 100%). Beaucoup domin\u00e9e par <em>Oenanthe fistulosa, Juncus articulatus, Agrostis stolonifera<\/em>, et petits Eleocharis. Combinaison caract\u00e9ristique: <em>Oenanthe fistulosa subsp. fistulosa, Alopecurus geniculatus, Agrostis stolonifera subsp.stolonifera, Galium palustre subsp. palustre; Glyceria fluitans<\/em> donn\u00e9e pour le d\u00e9partement du Nord.\n<ul class=\"wp-block-list\">\n<li>Typicum; diff\u00e9renci\u00e9 par R<em>anunculus ophioglossifolius, Polygonum amphibium forme terrestre, Galium palustre subsp. palustre<\/em>, <\/li>\n\n\n\n<li>bolboschoenetosum maritimi diff\u00e9renci\u00e9 par <em>Bolboschoenus maritimus, B. tabernaemontani, Glaux maritima, Schoenoplectus pungens, Samolus valerandi<\/em>, plus halophile et au contact du Scirpetum maritimi<br><br><\/li>\n<\/ul>\n<\/li>\n\n\n\n<li>F03-05 \u2013 <em>Loto preslii-Oenanthetum fistulosae<\/em> (Donker &amp; Stevelink 1962) B. Foucault <em>in<\/em> B. Foucault &amp; Catteau 2012. Camargue. Prairies subhalophiles inondables surtout fauch\u00e9es (ou faiblement patur\u00e9e) tr\u00e8s dense, ferm\u00e9e. Homog\u00e8ne. Combinaison caract\u00e9ristique: Lotus preslii, Oenanthe fistulosa subsp. fistulosa, Leucojum aestivum subsp. aestivum, Plantago cornutii, Juncus fontanesii subsp. fontanesii, Trifolium maritimum subsp. maritimum., <a href=\"https:\/\/lecompagnonrouge.fr\/?p=466\">T. fragiferum<\/a>, <a href=\"https:\/\/lecompagnonrouge.fr\/?p=1911\">Plantago coronopus<\/a>, Alopecurus bulbosus, Galium debile, Ranunculus sardous subsp. sardous, Anacamptis laxiflora subsp. laxiflora, Linum bienne\n<ul class=\"wp-block-list\">\n<li>Trifoliotesum resupinati<\/li>\n\n\n\n<li>Leotondontetosum saxatilis<\/li>\n<\/ul>\n<\/li>\n\n\n\n<li>F03-92 \u2013 <em>Mentho pulegii-Eleocharitetum palustris<\/em> Paradis, Seinera &amp; Sorba 2014. Prairie inondable amphibie des mares m\u00e9diterran\u00e9ennes( Nord Ouest de la Corse). Syntaxon M\u00e9sotrophile \u00e0 Eutrophile. Bordure de mares. Zones pouvant peut-\u00eatre \u00eatre correspondantes \u00e0 des anoph\u00e8les, tel Anopheles messeae, An. melanoon, An. atroparvus (?) pouvant porter (ayant dans le pass\u00e9 pu porter )des plasmodium, et o\u00f9 l&rsquo;\u00e9ventuelle r\u00e9apparition de Plasmodium vivax est surveill\u00e9e (avec actuellement un taux de risque pratiquement nul, donc). Bords de mares \u00e0 2 strates: strates emerg\u00e9es: <em>Eleocharis palustris<\/em>; strates immerg\u00e9es: <em>Mentha pulegium<\/em>. Combinaison caract\u00e9ristique: <em>Eleocharis palustris senso lato, Mentha pulegium, Ranunculus ophioglossifolius, Alopercurus bulbosus subsp. bulbosus, Callitriche hamulata<\/em><\/li>\n\n\n\n<li><em>Ranunculo ophioglossifolii-Caricetum cuprinae<\/em> Corriol <em>et al.<\/em> 2009 (<em>nom. inval<\/em>. art. 2b, 3b, 7)<\/li>\n\n\n\n<li>F03-07 \u2013 <em>Ranunculo ophioglossifolii-Oenanthetum fistulosae<\/em> B. Foucault 2008. Prairies inondables subahlophiles atlantiques (de la Gironde \u00e0 la Villaine), fauch\u00e9e ou faiblement p\u00e2tur\u00e9e, denses et color\u00e9es par le jaune des renoncules. Ph\u00e9nologie tardivernale. Combinaison caract\u00e9ristique: <em>Oenanthe fistulosa subsp. fistulosa, Alopecurus bulbosus, Ranunculus flammula subsp. flammula, R. ophioglossifolius, R. sardous subsp. sardous, Carex divisa subsp. divisa, Trifolium michelianum, <a href=\"https:\/\/lecompagnonrouge.fr\/?p=466\">T. fragiferum<\/a>, Galium debile<\/em>\n<ul class=\"wp-block-list\">\n<li>Eleocharitetosum palustris de Foucault 2008, plus hygrophiles (niveaux topographiques inf\u00e9rieurs): diff\u00e9renci\u00e9 par <em>Eleocharis palustris, Polygonum amphibium forme terrestre, Galium palustre subsp. palustre<\/em><\/li>\n\n\n\n<li>Eleocharitetosum uniglumis de Foucault 2008, moins hygrophile (niveaux topo sup\u00e9rieurs): diff\u00e9renci\u00e9 par <em>Eleocharis uniglumis, <a href=\"https:\/\/lecompagnonrouge.fr\/?p=4258\">Elytrigia repens subsp. repens<\/a>, Leontodon autumnalis subsp. autumnalis, Oenanthe silaifolia<\/em>\u2026<\/li>\n\n\n\n<li>Menthetosum pulegii de Foucault 2008, de situations pi\u00e9tin\u00e9es : diff\u00e9renci\u00e9 par <em>Mentha pulegium subsp. pulegium, Cerastium dubium, <a href=\"https:\/\/lecompagnonrouge.fr\/?p=954\">Plantago major subsp. major<\/a>. <\/em><\/li>\n<\/ul>\n<\/li>\n<\/ul>\n\n\n\n<p><em>&gt;&gt;&gt;&gt;&gt;ORDRE DE L\u2019 Holoschoenetalia vulgaris Braun-Blanq. ex Tchou 1948<\/em><\/p>\n\n\n\n<p>Prairies m\u00e9diterran\u00e9ennes-subtropicales (ordre le plus thermophile de la classe): prairies hygrophiles caract\u00e9ris\u00e9es par Scirpoides holoschoenus (m\u00eame si rare), et par la raret\u00e9 des taxons temp\u00e9r\u00e9s.<\/p>\n\n\n\n<p><em>&gt;&gt;&gt;&gt;&gt;&gt;&gt;&gt;&gt;&gt;&gt;&gt;&gt;ALLIANCE DE L\u2019Agrostio stoloniferae-Scirpoidion holoschoeni B. Foucault in B. Foucault &amp; Catteau 2012<\/em>. Cette alliance repr\u00e9sente des prairies m\u00e9diterran\u00e9ennes hygrophiles \u00e0 niveau phr\u00e9atique restant \u00e9lev\u00e9 au cours de l&rsquo;ann\u00e9e. Caract\u00e9ris\u00e9e\/diff\u00e9renci\u00e9e de l&rsquo;Agrostio stoloniferae \u2013 Scirpoidion holoschoeni par <em>Carex punctata, Samolus valerandi, Sonchus maritimus, Juncus anceps, J. subnodulosus, Schoenus nigricans, Epipactis palustris, Molinia caerulea subsp. caerula., Anagallis tenella, Hydrocotyle vulgaris, Potentilla erecta<\/em><\/p>\n\n\n\n<ul class=\"wp-block-list\">\n<li>F03-80 \u2013 <em>Cirsio monspessulani-Holoschoenetum vulgaris<\/em> Braun-Blanq. <em>ex <\/em>Tchou 1948. Assez longuement mouill\u00e9. France m\u00e9diterran\u00e9enne. Prairies alluviales hygrophiles des sources, cuvettes et foss\u00e9s. Morphologie dense, domin\u00e9 par <em>Scirpoides holoschoenus, Dorycnium rectum et Cirsium monspessulanum<\/em>. Provence et Languedoc. Combinaison caract\u00e9ristique:<em> Cirsium monspessulanum subsp. monspessuanum, Scirpoides holoschoenus (= Holoschoenus vulgaris), <a href=\"https:\/\/lecompagnonrouge.fr\/?p=1587\">Lythrum salicaria<\/a>, Agrostis stolonifera subsp. stolonifera, <a href=\"https:\/\/lecompagnonrouge.fr\/?p=3592\">Potentilla reptans<\/a>, Senecio doria subsp. doria<\/em><\/li>\n\n\n\n<li>F03-81 \u2013 <em>Fuirenetum pubescentis<\/em> Paradis 2009. Du sud-ouest de la Corse. Formation de zones ouvertes (pr\u00e9sence de <em>Isolepis cernua<\/em>). Foss\u00e9s en eaux ou humides, bases des talus. Le long des routes, donc. La formation est dense, ferm\u00e9e, avec un aspect en brosse (densit\u00e9 de recouvrement de 80 \u00e0 100%). Combinaison caract\u00e9ristique: <em>Fuirena pubescens, Eupatorium cannabinum subsp. corsicum, Carex punctata, Dittrichia viscosa subsp. viscosa, <a href=\"https:\/\/lecompagnonrouge.fr\/?p=2192\">Mentha aquatica subsp. aquatica<\/a>, Cyperus longus senso lato<\/em><\/li>\n<\/ul>\n\n\n\n<h4 class=\"wp-block-heading\" id=\"Deschampsion-mediae\"><em>&gt;&gt;&gt;&gt;&gt;&gt;&gt;&gt;&gt;&gt;&gt;&gt;&gt;ALLIANCE DU Deschampsion mediae Braun-Blanq. in Braun-Blanq. et al. 1952<\/em>. <\/h4>\n\n\n\n<p>Prairies se d\u00e9veloppant souvent sur substrat marneux avec ass\u00e8chement pouvant \u00eatre fort au cours de l&rsquo;ann\u00e9e. Prairies m\u00e9diterran\u00e9ennes caract\u00e9ris\u00e9es par <em>Deschampsia media subsp. media, Prunella hyssopifolia, Jasonia tuberosa, Achillea ageratum, <a href=\"https:\/\/lecompagnonrouge.fr\/?p=2281\">Centaurea jacea subsp. timbalii<\/a>, Cichorium intybus subsp. pumilum<\/em>.<br><\/p>\n\n\n\n<ul class=\"wp-block-list\">\n<li>F03-82 \u2013 <em>Agrostio maritimae-Achilleetum agerati<\/em> Braun-Blanq. <em>in <\/em>Braun-Blanq. <em>et al.<\/em> 1952. Languedoc. Prairies peu denses sur sols marneux et compact, courtement submerg\u00e9es \u00e0 fort dess\u00e8chement estival. Pr\u00e9sence d&rsquo;annuelles. Combinaison caract\u00e9ristique: <em>Achillea ageratum, Agrostis stolonifera var arenaria (= A. stolonifera subsp. maritima) , Carex flacca subsp. erythrostachys, <a href=\"https:\/\/lecompagnonrouge.fr\/?p=2281\">Centaurea jacea subsp. timbalii<\/a>, Cichorium intybus subsp. pumilum, Cynodon dactylon, Deschampsia media, Lotus corniculatus subsp. tenuis, Mentha pulegium subsp. pulegium, Prunella hyssopifolia, Scirpoides holoschoenus, <a href=\"https:\/\/lecompagnonrouge.fr\/?p=466\">Trifolium fragiferum<\/a>.<\/em><\/li>\n<\/ul>\n\n\n\n<ul class=\"wp-block-list\">\n<li><em>Dorycnio gracilis-Schoenetum nigricantis<\/em> Braun-Blanq. <em>in <\/em>Braun-Blanq. <em>et al.<\/em> 1952. Syntaxon sans doute mal d\u00e9fini.<\/li>\n<\/ul>\n\n\n\n<ul class=\"wp-block-list\">\n<li>F03-84 \u2013 <em>Hieracio pilosellae-Deschampsietum mediae<\/em> Loisel <em>et al.<\/em> 1990. Prairies ouvertes et \u00e0 composante th\u00e9rophytique, m\u00e9sohygrophiles, basiphiles, m\u00e9diterran\u00e9ennes. Combinaison caract\u00e9ristique: <em>Deschampsia media, Hieracium pilosella, Achillea odorata, Eryngium campestre, <a href=\"https:\/\/lecompagnonrouge.fr\/?p=9061\">Phleum pratense subsp. pratense<\/a><\/em>\n<ul class=\"wp-block-list\">\n<li>deschampsietosum mediae Loisel et al. 1990, plus x\u00e9rophile<\/li>\n\n\n\n<li>centaurietosum umbellati Loisel et al. 1990: diff\u00e9renci\u00e9 par <em>Centaurium umbellatum, Juncus pygmaeus, Carex divisa, Blackstonia perfoliata<\/em>, plus hygrophile.<\/li>\n<\/ul>\n<\/li>\n<\/ul>\n\n\n\n<ul class=\"wp-block-list\">\n<li>F03-85 \u2013 <em>Hyperico tomentosi-Deschampsietum mediae<\/em> (Molin. &amp; Tallon 1950) Loisel <em>et al.<\/em> 1990. Prairies ouvertes \u00e0 composantes th\u00e9rophytiques, sur marnes, parfois limons\/sables. Combinaison caract\u00e9ristique: <em>Deschampsia media, Hypericum tomentosum, Bellis sylvestris, <a href=\"https:\/\/lecompagnonrouge.fr\/?p=1089\">Trifolium resupinatum<\/a>, Cynodon dactylon, Alopecurus bulbosus<\/em>\n<ul class=\"wp-block-list\">\n<li>Juncetosum pygmaei Loisel et al. 1990 sur sol limoneux avec r\u00e9tention d&rsquo;humidit\u00e9. Diff\u00e9renci\u00e9 par Carex divisa et des th\u00e9rophytes hygrophiles: <em>Juncus pygmaeus, J. bufonius, Centaurium pulchellum, Blackstonia perfoliata, Ranunculus sardous, Isolepis setacea<\/em><\/li>\n\n\n\n<li>plantaginetosum coronopodis Loisel et al. 1990 sur sols sablonneux et donc, plus drain\u00e9s. +- diff\u00e9renci\u00e9 par <em><a href=\"https:\/\/lecompagnonrouge.fr\/?p=1911\">Plantago coronopus<\/a>, Sagina apetala<\/em><\/li>\n<\/ul>\n<\/li>\n<\/ul>\n\n\n\n<ul class=\"wp-block-list\">\n<li>F03-83 \u2013 <em>Prunello hyssopifoliae-Deschampsietum mediae<\/em> Braun-Blanq. 1924. Prairies ouvertes pouvant avoir une composante th\u00e9rophytique, m\u00e9sohygrophiles basiphiles m\u00e9diterran\u00e9ennes de d\u00e9pressions superficiellement et courtement submerg\u00e9es, avec fort dess\u00e8chement estival, sur sols imperm\u00e9ables\/ asphyxiques. Combinaison caract\u00e9ristique: <em>Agrostis stolonifera subsp. stolonifera, Carex flacca subsp. erythrostachys, Deschampsia media (dominante), Lotus corniculatus subsp. tenuis, <a href=\"https:\/\/lecompagnonrouge.fr\/?p=2281\">Centaurea jacea subsp. timbalii<\/a> (dominante), Prunella hyssopifolia (dominante), Plantago maritima subsp. serpentina<\/em> (dominante).\n<ul class=\"wp-block-list\">\n<li>deschampsietosum mediae Braun-Blanq. in Braun-Blanquet et al. 1952. Diff\u00e9renci\u00e9 n\u00e9gativement, sur sol \u00e0 texture limoneuse<\/li>\n\n\n\n<li>inuletosum tuberosae Braun-Blanq. in Braun-Blanquet et al. 1952. Diff\u00e9renci\u00e9 par <em>Jasonia tuberosa<\/em> (=<em> Inula tuberosa<\/em>), <em>Seseli elatum, Aphyllanthes monspeliensis<\/em>, sur sol caillouteux, plus sec<\/li>\n<\/ul>\n<\/li>\n<\/ul>\n\n\n\n<p><em>&gt;&gt;&gt;&gt;&gt;&gt;&gt;&gt;&gt;&gt;&gt;&gt;&gt;ALLIANCE DU Gaudinio fragilis-Hordeion bulbosi Gal\u00e1n, Deil, Haug &amp; Vicente 1997<\/em>. Prairies italiennes et Ib\u00e9riques diff\u00e9renci\u00e9es par des taxons de l&rsquo;Arrhenatheretea eliatoris tels <em><a href=\"https:\/\/lecompagnonrouge.fr\/?p=1275\">Dactylis glomerata subsp. glomerata<\/a>, <a href=\"https:\/\/lecompagnonrouge.fr\/?p=1371\">Bromus hordaceus<\/a> subsp. hordaceus, <a href=\"https:\/\/lecompagnonrouge.fr\/?p=652\">Daucus carota subsp. carota<\/a>, Vicia sativa subsp. nigra.<\/em><\/p>\n\n\n\n<h4 class=\"wp-block-heading\" id=\"Paspalo-distichi-Polypogonion-viridis\"><em>&gt;&gt;&gt;&gt;&gt;&gt;&gt;&gt;&gt;&gt;&gt;&gt;&gt;ALLIANCE DU Paspalo distichi-Polypogonion viridis Braun-Blanq. in Braun-Blanq. et al. 1952<\/em>. Prairies subtropicales longuement inondables sur substrat longtemps humide, riches en gramin\u00e9es panico\u00efd\u00e9es.<\/h4>\n\n\n\n<ul class=\"wp-block-list\">\n<li>F03-90 \u2013 <em>Paspalo distichi-Polypogonetum viridis<\/em> Braun-Blanq. 1936 <em>nom. Mut.<\/em> Ph\u00e9nologie tardi-estivale. Prairie plut\u00f4t lin\u00e9aire, en tous cas \u00e9tendue, ouverte, rarement ferm\u00e9e, alluviale, thermophile, eutrophile, sur limons gras et humides des fleuves m\u00e9diterran\u00e9ens. Combinaison caract\u00e9ristique: <em>Polypogon viridis<\/em> (= <em>Agrostis semiverticillata<\/em>)(dominante), <em>Paspalum distichum <\/em>(dominante)<em>, Samolus valerandi, <a href=\"https:\/\/lecompagnonrouge.fr\/?p=10682\">Mentha suaveolens subsp. suaveolens<\/a>., Cyperus longus senso lato.<\/em>, <em>Juncus articulatus subsp. a<\/em>r<em>ticulatus<\/em><\/li>\n<\/ul>\n\n\n\n<p><em>&gt;&gt;&gt;&gt;&gt;&gt;&gt;&gt;&gt;&gt;&gt;&gt;&gt;ALLIANCE DU Trifolio fragiferi-Cynodontion dactyli Braun-Blanq. &amp; O. Bol\u00f2s 1958<\/em>. Alliance eum\u00e9diterran\u00e9ennes sur sols compact\u00e9s \u00e0 fort contrastes hydriques avec <em><a href=\"https:\/\/lecompagnonrouge.fr\/?p=1911\">Plantago coronopus<\/a>, <a href=\"https:\/\/lecompagnonrouge.fr\/?p=1089\">Trifolium resupinatum subsp. resupinatum<\/a><\/em><\/p>\n\n\n\n<ul class=\"wp-block-list\">\n<li>F03-86 \u2013 <em>Junco compressi-Trifolietum fragiferi<\/em> Braun-Blanq. <em>et al.<\/em> 1952. prairie hygrophile, pi\u00e9tin\u00e9e, franco-m\u00e9diterran\u00e9enne, des bords de ruisseaux temporaires et d\u00e9pressions inond\u00e9es sur des substrats assez richement min\u00e9ralis\u00e9s. Combinaison caract\u00e9ristique: Cynodon dactylon, Juncus compressus, <a href=\"https:\/\/lecompagnonrouge.fr\/?p=466\">Trifolium fragiferum<\/a>, <a href=\"https:\/\/lecompagnonrouge.fr\/?p=1089\">Trifolium resupinatum subsp. resupinatum<\/a>. Domin\u00e9 par ces deux tr\u00e8fles et <a href=\"https:\/\/lecompagnonrouge.fr\/?p=4141\">Lolium perenne<\/a>. <br><\/li>\n\n\n\n<li>F03-88 \u2013 <em>Teucrio scordioidis-Agrostietum stoloniferae<\/em> B. Foucault &amp; Provost <em>in<\/em> B. Foucault &amp; Catteau 2012. Pelouse rase, riche en esp\u00e8ces stolonif\u00e8res, \u00e0 souche rampante ou simplement couch\u00e9es. De type dunaire, d&rsquo;arri\u00e8re dune. [Cotentin] ; quelques esp\u00e8ces dress\u00e9es (Oenanthe lachenalii, Eleocharis palustris) ; ph\u00e9nologie plut\u00f4t estivale. Typiquement: Agrostis stolonifera subsp. stolonifera, <a href=\"https:\/\/lecompagnonrouge.fr\/?p=2192\">Mentha aquatica<\/a> subsp. aquatica, Teucrium scordium subsp scordioides, <a href=\"https:\/\/lecompagnonrouge.fr\/?p=3592\">Potentilla reptans<\/a>, Oenanthe lachenalii, <a href=\"https:\/\/lecompagnonrouge.fr\/?p=9776\">Equisetum arvense<\/a>, <a href=\"https:\/\/lecompagnonrouge.fr\/?p=1587\">Lythrum salicaria<\/a>, <a href=\"https:\/\/lecompagnonrouge.fr\/?p=1955\">Leontodon saxatilis subsp. saxatilis<\/a>, Leontodon autumnalis subsp autumnalis, <a href=\"https:\/\/lecompagnonrouge.fr\/?p=466\">Trifolium fragiferum<\/a>, Cynodon dactylon, Convolvulus arvensis, Carex arenaria. Combinaison caract\u00e9ristique: Agrostis stolonifera subsp. s., Teucrium scordium subsp. scordioides, Mentha aquatica f. couch\u00e9e, Oenanthe lachenalii, <a href=\"https:\/\/lecompagnonrouge.fr\/?p=3592\">Potentilla reptans<\/a>\n<ul class=\"wp-block-list\">\n<li>Variation typicum: de niveau topographique inf\u00e9rieur, au contact de la prairie inondable \u00e0 Eleocharis palustris: Galium palustre subsp. palustre, Potentilla anserina subsp. anserina, Eleocharis palustris subsp. waltersii, Juncus articulatus subsp. articulatus &#8230;<\/li>\n\n\n\n<li>Variation hydrocotyletosum vulgaris: sur des substrats paratourbeux: Galium palustre subsp. palustre, Potentilla anserina subsp. anserina, Eleocharis palustris subsp. waltersii, Juncus articulatus subsp. articulatus &#8230; Hydrocotyle vulgaris, Salix repens subsp. dunensis, Anacamptis palustris subsp. palustris, Ranunculus flammula, Molinia caerulea subsp. caerulea, Carex trinervis, Carex nigra<\/li>\n\n\n\n<li>Variation anthemidetosum nobilis. Des niveaux topographiques sup\u00e9rieurs. Diff\u00e9renci\u00e9 par Anthemis nobilis, <a href=\"https:\/\/lecompagnonrouge.fr\/?p=1955\">Leontodon saxatilis <\/a>subsp. saxatilis, Plantago coronopus, Mentha pulegium subsp. pulegium, Sagina nodosa, <a href=\"https:\/\/lecompagnonrouge.fr\/?p=2259\">Lotus corniculatus subsp. corniculatus<\/a><br><br><br><\/li>\n<\/ul>\n<\/li>\n\n\n\n<li>F03-89 \u2013 <em>Trifolietum nigrescenti-resupinati<\/em> Molin. &amp; Tallon 1968. Prairie ouverte basse de type pr\u00e9 sal\u00e9 domin\u00e9e par Carex divisa et Cynodon dactylon, avec une forte composante de th\u00e9rophyte. Prairie m\u00e9sohygrophyle, subhalophile de M\u00e9diterran\u00e9e. Camargue. Moustique: anopheles myrcanus? A. sacharovii? A. labranchiae? Prairie caract\u00e9ris\u00e9e par <em><a href=\"https:\/\/lecompagnonrouge.fr\/?p=1089\">Trifolium resupinatum subsp. resupinatum<\/a>, Carex divisa subsp. chaetophylla, Limonium narbonense<\/em><\/li>\n<\/ul>\n\n\n\n<p><\/p>\n\n\n\n<ul class=\"wp-block-list\">\n<li>F03-87 \u2013 <em>Trifolio fragiferi-Cynodontetum dactyli<\/em> Braun-Blanq. &amp; O. Bol\u00f2s 1958. Prairie plus dense, compos\u00e9e essentiellement de plantes \u00e0 rosettes, rizhomateuses ou stolonif\u00e8res, plus ou moins innondable, fortement p\u00e2tur\u00e9e\/pi\u00e9tin\u00e9e. Pouvant accueillir dans ses ouvertures une communaut\u00e9 de th\u00e9rophytes. De climat m\u00e9diterran\u00e9en et atlantique. D&rsquo;Espagne, De Brenne, De sud-ouest de la Corse &#8230; Caract\u00e9ris\u00e9 par ces esp\u00e8ces: <em>Cynodon dactylon, <a href=\"https:\/\/lecompagnonrouge.fr\/?p=1911\">Plantago coronopus<\/a>, Cichorium intybus subsp. intybus, <a href=\"https:\/\/lecompagnonrouge.fr\/?p=466\">Trifolium fragiferum<\/a>, <a href=\"https:\/\/lecompagnonrouge.fr\/?p=4888\">Verbena officinalis<\/a><\/em><\/li>\n<\/ul>\n\n\n\n<p><\/p>\n\n\n\n<ul class=\"wp-block-list\">\n<li>gr. \u00e0 <em>Anthemis nobilis<\/em> Vanden Berghen 1965<\/li>\n\n\n\n<li>gr. \u00e0 <em>Lotus glaber-Cynodon dactylon<\/em> Paradis <em>et al.<\/em> 2002<\/li>\n<\/ul>\n\n\n\n<p><em>&gt;&gt;&gt;&gt;&gt;ORDRE DU Potentillo anserinae-Polygonetalia avicularis T\u00fcxen 1947<\/em><\/p>\n\n\n\n<p>Regroupe des prairies courtement inondables et se diff\u00e9renciant par des taxons issus des prairies m\u00e9sophiles et des m\u00e9gaphorbiaies. <em>Juncus effusus, <a href=\"https:\/\/lecompagnonrouge.fr\/?p=2630\">Rumex acetosa subsp. acetosa<\/a>, <a href=\"https:\/\/lecompagnonrouge.fr\/?p=1443\">Cynosurus cristatus<\/a>, <a href=\"https:\/\/lecompagnonrouge.fr\/?p=9061\">Phleum pratense subsp. pratense<\/a>, <a href=\"https:\/\/lecompagnonrouge.fr\/?p=1275\">Dactylis glomerata subsp. glomerata<\/a>, <a href=\"https:\/\/lecompagnonrouge.fr\/?p=1436\">Anthoxanthum odoratum subsp. odoratum<\/a>, Cirsium palustre, Lotus pedunculatus, <a href=\"https:\/\/lecompagnonrouge.fr\/?p=6841\">Filipendula ulmaria<\/a>, <a href=\"https:\/\/lecompagnonrouge.fr\/?p=4954\">Festuca arundinacea subsp. arundinacea<\/a>, Trifolium dubium, <a href=\"https:\/\/lecompagnonrouge.fr\/?p=509\">Bellis perennis subsp. perennis<\/a>, <a href=\"https:\/\/lecompagnonrouge.fr\/?p=4141\">Lolium perenne<\/a>, <a href=\"https:\/\/lecompagnonrouge.fr\/?p=1638\">Cerastium holosteoides subsp. vulgare<\/a>, Festuca rubra.<br><\/em><\/p>\n\n\n\n<h4 class=\"wp-block-heading\" id=\"Loto-pedunculati-Cardaminenalia-pratensis\"> <em>&gt;&gt;&gt;&gt;&gt;&gt;&gt;SOUS-ORDRE DU Loto pedunculati-Cardaminenalia pratensis Julve ex B. Foucault, Catteau &amp; Julve in B. Foucault &amp; Catteau 2012<\/em><\/h4>\n\n\n\n<p>V\u00e9g\u00e9tations nettement glycophiles, et thermophiles (se diff\u00e9renciant ainsi du Loto tenuis \u2013 Festucenalia arundinaceae, lequel est plus halophile)<\/p>\n\n\n\n<p><em>&gt;&gt;&gt;&gt;&gt;&gt;&gt;&gt;&gt;&gt;&gt;&gt;&gt;ALLIANCE DE L\u2019Alopecurion pratensis Passarge 1964<\/em>. Prairies continentales, collin\u00e9ennes \u00e0 montagnardes, Fauch\u00e9es, et d\u00e9rivant le plus souvent des m\u00e9gaphorbiaies. Avec taxons, donc de ces m\u00e9gaphorbiaies: <em>Geranium palustre, Cirsium canum, <a href=\"https:\/\/lecompagnonrouge.fr\/?p=1915\">Angelica sylvestris subsp. sylvestris<\/a>, Geum rivale, Polygonum bistorta subsp. bistorta, Crepis paludosa, Scirpus sylvaticus<\/em><\/p>\n\n\n\n<ul class=\"wp-block-list\">\n<li><em>Chaerophyllo hirsuti-Ranunculetum aconitifolii<\/em> Oberd. 1952<\/li>\n\n\n\n<li><em>Polygono bistortae-Cirsietum palustris<\/em> Bal.-Tul. 1974<\/li>\n<\/ul>\n\n\n\n<p><\/p>\n\n\n\n<ul class=\"wp-block-list\">\n<li>F03-52 \u2013 <em>Trollio europaei-Cirsietum salisburgensis<\/em> (Kuhn 1937) Oberd. 1957. Prairie dense et color\u00e9e du d\u00e9but du printemps jusqu&rsquo;\u00e0 l&rsquo;\u00e9t\u00e9. Prairie de fauche hygrophile, m\u00e9sotrophile, acidicline \u00e0 basiphile, des vall\u00e9es de moyennes montagnes continentales. Notemment S. O. de l&rsquo;Allemagne, Pologne, Suisse, Jura. Caract\u00e9ris\u00e9e par les esp\u00e8ces suivantes: <em><a href=\"https:\/\/lecompagnonrouge.fr\/?p=4111\">Caltha palustris subsp. palustris<\/a>, Cirsium rivulare (= C. salisburgensis), Cirsium oleraceum, Geum rivale, Polygonum bistorta subsp. bistorta, Sanguisorba officinalis, Deschampsia cespitosa subsp. cespitosa., Trollius europaeus <\/em>\n<ul class=\"wp-block-list\">\n<li>variation fritillarietosum meleagridis  (= typicum), diff\u00e9renci\u00e9 par <em><a href=\"https:\/\/lecompagnonrouge.fr\/?p=478\">Fritillaria meleagris<\/a>, Carex disticha, <a href=\"https:\/\/lecompagnonrouge.fr\/?p=3676\">Ranunculus repens subsp. repens<\/a><\/em>, li\u00e9 aux bords de rivi\u00e8re en dessous de 900 m<\/li>\n\n\n\n<li>variation caricetosum paniculatae diff\u00e9renci\u00e9 par <em>Carex paniculata, Carex acutiformis, Carex gracilis<\/em>, li\u00e9 aux bords de rivi\u00e8re au-dessus de 900 m<\/li>\n\n\n\n<li>Variation potentilletosum erectae diff\u00e9renci\u00e9 par la <em>Potentilla erecta, Galium uliginosum<\/em> et, selon les variantes, <em>Viola palustris, Carex echinata<\/em> d\u2019un c\u00f4t\u00e9, <em>Swertia perennis, Carex flava, Carex davalliana <\/em>d\u2019un autre, correspondant \u00e0 des formes plus oligotrophiles sur substrats plus ou moins tourbeux<\/li>\n\n\n\n<li>Variation colchicetosum autumnalis diff\u00e9renci\u00e9 par <em>Colchicum autumnale<\/em> et divers taxons des Arrhenatheretea elatioris, des niveaux topographiques sup\u00e9rieurs, sous celui des prairies m\u00e9sophiles<\/li>\n\n\n\n<li>Variation cynosuretosum cristati<\/li>\n<\/ul>\n<\/li>\n<\/ul>\n\n\n\n<p><\/p>\n\n\n\n<ul class=\"wp-block-list\">\n<li>gr. \u00e0 <em>Alopecurus pratensis<\/em> et <em>Persicaria bistorta<\/em> <em>in <\/em>Catteau <em>et al.<\/em> 2009<\/li>\n<\/ul>\n\n\n\n<p><em>&gt;&gt;&gt;&gt;&gt;&gt;&gt;&gt;&gt;&gt;&gt;&gt;&gt;ALLIANCE DU Bromion racemosi T\u00fcxen ex B. Foucault 2008<\/em>. Prairies atlantiques \u00e0 pr\u00e9continentales, m\u00e9sotrophiles. Fauch\u00e9es. <em>Bromus racemosus, Achillea ptarmica subsp. ptarmica, Hordeum secalinum, Oenanthe peucedanifolia, Oenanthe silaifolia<\/em><\/p>\n\n\n\n<ul class=\"wp-block-list\">\n<li>F03-47 \u2013 <em>Achilleo ptarmicae-Brometum racemosi<\/em> Oberd. 1957, D&rsquo;Allemagne; Jura. Prairie de fauche collin\u00e9enne continentale. hygrophile, m\u00e9sotrophile, acido-neutrophile. Caract\u00e9ris\u00e9e par <em>Bromus racemosus, Sanguisorba officinalis, Scirpus sylvaticus, <a href=\"https:\/\/lecompagnonrouge.fr\/?p=121\">Centaurea jacea<\/a>, Polygonum bistorta subsp. bistorta, Lotus pedunculatus<\/em><\/li>\n\n\n\n<li><em>Angelico sylvestris-Cirsietum oleracei<\/em> T\u00fcxen 1937. Pr\u00e9sence non av\u00e9r\u00e9e?<\/li>\n\n\n\n<li>F03-45 \u2013 <em>Colchico autumnalis-Brometum racemosi<\/em> (J. Duvign. 1958) Sougnez <em>in <\/em>Sougnez &amp; Limbourg 1963. Est de la France. Prairie ferm\u00e9e, dense et riche (35 \u00e0 56 esp\u00e8ces). Ph\u00e9nologie tardivernale. Prairie de fauche m\u00e9sohygrophile, neutro-basiphile, m\u00e9sotrophile. d\u00e9riv\u00e9e d\u2019une m\u00e9gaphorbiaie \u00e0 Filipendula ulmaria par fauchage ou de pr\u00e9s plus oligotrophiles du Molinion caeruleae par rel\u00e8vement du niveau trophique. Caract\u00e9ris\u00e9 par <em>Colchicum autumnale, Achillea ptarmica subsp. ptarmica, <a href=\"https:\/\/lecompagnonrouge.fr\/?p=1607\">Alopecurus pratensis subsp. pratensis<\/a>, <a href=\"https:\/\/lecompagnonrouge.fr\/?p=1359\">Bromus racemosus, Leucanthemum vulgare subsp. vulgare<\/a>, Holandrea carvifolia, Silaum silaus<\/em>\n<ul class=\"wp-block-list\">\n<li>typicum, diff\u00e9renci\u00e9 par <em>Hordeum secalinum<\/em> et plusieurs taxons prairiaux issus des pr\u00e9s de fauche en contact sup\u00e9rieur, topographiquement assez \u00e9lev\u00e9<\/li>\n\n\n\n<li>caricetosum distichae, diff\u00e9renci\u00e9 par <em>Carex disticha, <a href=\"https:\/\/lecompagnonrouge.fr\/?p=4762\">Juncus effusus<\/a><\/em> et moindrement <em>Carex nigra<\/em> et <em>Juncus acutiflorus<\/em>, de niveau topographique inf\u00e9rieur<\/li>\n<\/ul>\n<\/li>\n\n\n\n<li><em>Deschampsio cespitosae-Brometum racemosi<\/em> Oberd. 1957. Pr\u00e9sence non av\u00e9r\u00e9e?<\/li>\n\n\n\n<li>F03-44 \u2013 <em>Deschampsio cespitosae-Oenanthetum peucedanifoliae<\/em> B. Foucault 1986. Massif central. Climat atlantico-Montagnard. Prairies hygrophiles denses, ferm\u00e9es. Beaucoup de monocotyl\u00e9dones. 25-36 taxons. Acidiphile-acidicline. M\u00e9sotrophile. R\u00e9gime de fauche. Combinaison caract\u00e9ristique: <em>Bromus racemosus, Oenanthe peucedanifolia, <a href=\"https:\/\/lecompagnonrouge.fr\/?p=4111\">Caltha palustris subsp. palustris<\/a>, Deschampsia cespitosa subsp. cespitosa, Juncus acutiflorus, Myosotis groupe scorpioides <\/em><\/li>\n\n\n\n<li>F03-51 \u2013 <em>Euphorbio esulae-Elytrigietum repentis<\/em> Didier &amp; Royer <em>in <\/em>Royer <em>et al.<\/em> 2006. Vall\u00e9es subcontinentales. Doubs. Sa\u00f4ne. Prairie de fauche. M\u00e9sohygrophile. M\u00e9sotrophile. Dense. Domin\u00e9 par <em>Euphorbia esula, <a href=\"https:\/\/lecompagnonrouge.fr\/?p=4258\">Elytrigia repens<\/a>, <a href=\"https:\/\/lecompagnonrouge.fr\/?p=4391\">Poa trivialis<\/a><\/em>. Caract\u00e9ris\u00e9 par <em><a href=\"https:\/\/lecompagnonrouge.fr\/?p=4258\">Elytrigia repens subsp. repens<\/a>, Euphorbia esula subsp. esula, <a href=\"https:\/\/lecompagnonrouge.fr\/?p=4141\">Lolium perenne<\/a>, <a href=\"https:\/\/lecompagnonrouge.fr\/?p=3592\">Potentilla reptans<\/a>.<\/em><\/li>\n\n\n\n<li>F03-49 \u2013 <em>Hordeo secalini-Lolietum perennis<\/em> (Allorge 1922) B. Foucault <em>in <\/em>Royer <em>et al.<\/em> 2006. Nord et Nord Ouest de la France. Ph\u00e9nologie vernale, tardivernale. Prairies m\u00e9sohygrophiles neutrophiles-basiphiles, m\u00e9sotrophiles \u00e0 substrat plus ou moins argileux, s\u00e9chant l&rsquo;\u00e9t\u00e9, denses ferm\u00e9es, riches en gramin\u00e9es. P\u00e2turage. Fauche. Combinaison caract\u00e9ristique: <em>Hordeum secalinum, Agrostis stolonifera subsp. stolonifera, <a href=\"https:\/\/lecompagnonrouge.fr\/?p=4141\">Lolium perenne<\/a>, <a href=\"https:\/\/lecompagnonrouge.fr\/?p=9061\">Phleum pratense<\/a>, <a href=\"https:\/\/lecompagnonrouge.fr\/?p=1275\">Dactylis glomerata<\/a>, <a href=\"https:\/\/lecompagnonrouge.fr\/?p=10166\">Cirsium arvense<\/a><\/em>. <em>Schedonorus pratensis<\/em> est donn\u00e9 pour le d\u00e9partement du Nord<\/li>\n\n\n\n<li>F03-43 \u2013 <em>Junco acutiflori-Brometum racemosi<\/em> B. Foucault 1994. Irlande, Nord de la France. Prairie dense et ferm\u00e9e domin\u00e9e par des monocots an\u00e9mogames. Quelques dicots comme <em><a href=\"https:\/\/lecompagnonrouge.fr\/?p=2163\">Ranunculus acris<\/a>, Dactylorhiza praetermissa<\/em>. Ph\u00e9nologie tardivernale. prairie de fauche hygrophile de petites vall\u00e9es, acidiphile, m\u00e9sotrophile sous climat nord- \u00e0 sub-atlantique sur substrat argileux. Caract\u00e9ris\u00e9e par <em>Bromus racemosus, Lotus pedunculatus, Myosotis gr. scorpioides, Cirsium palustre, Juncus acutiflorus, Ranunculus flammula, <a href=\"https:\/\/lecompagnonrouge.fr\/?p=4111\">Caltha palustris subsp. palustris<\/a>, Scirpus sylvaticus<\/em><\/li>\n\n\n\n<li>F03-40 \u2013 <em>Oenantho peucedanifoliae-Brometum racemosi<\/em> B. Foucault 1981. Basse normandie. Centre Ouest, Nord Ouest jusqu&rsquo;en Brenne. Prairie dense, terne, domin\u00e9e par les gramin\u00e9es. Avec <em><a href=\"https:\/\/lecompagnonrouge.fr\/?p=2163\">Ranunculus acris<\/a>, Oenanthe peucedanifolia<\/em>. Esp\u00e8ce rampante en strate inf\u00e9rieure. Ph\u00e9nologie vernale. Prairie de fauche hygrophile de petites vall\u00e9es, acidiphile m\u00e9sotrophile, sous climat thermo- \u00e0 eu-atlantique. Caract\u00e9ris\u00e9e par: <em>Bromus racemosus, Oenanthe peucedanifolia, Gaudinia fragilis, Anacamptis laxiflora subsp. laxiflora, Trifolium dubium, Juncus acutiflorus<\/em>\n<ul class=\"wp-block-list\">\n<li>Variation typicum [incl. myosotidetosum scorpioidis de Foucault 1981 (Doc. Phytosociol., NS, V : 57)], diff\u00e9renci\u00e9e n\u00e9gativement. Plut\u00f4t sur substrat min\u00e9ral<\/li>\n\n\n\n<li>Variation scorzoneretosum humilis de Foucault 2008 (J. Bot. Soc. Bot. France 43 : 50) [syn. : scorzoneretosum humilis de Foucault 1984 ]diff\u00e9renci\u00e9 par Scorzonezra humilis, <em>Agrostis canina, Juncus conglomeratus, Carum verticillatum, <a href=\"https:\/\/lecompagnonrouge.fr\/?p=9998\">Carex ovalis<\/a>, Succisa pratensis<\/em>, li\u00e9 \u00e0 des substrats enrichis en mati\u00e8res organiques et traduisant un passage vers le Cirsio dissecti \u2013 Scorzoneretum humilis de Foucault 1981.<\/li>\n<\/ul>\n<\/li>\n\n\n\n<li><em>Oenantho peucedanifoliae-Festucetum arundinaceae<\/em> Heaulm\u00e9 <em>in <\/em>Corriol <em>et al.<\/em> 2009<\/li>\n\n\n\n<li>F03-48 \u2013 <em>Oenantho peucedanifoliae-Ranunculetum repentis<\/em> Longchamp <em>in <\/em>Royer <em>et al.<\/em> 2006<\/li>\n\n\n\n<li>F03-39 \u2013 <em>Ophioglosso vulgati-Oenanthetum pimpinelloidis<\/em> Hofstra 1995<\/li>\n\n\n\n<li><em>Rumici crispi-Festucetum arundinaceae<\/em> Corriol <em>et al.<\/em> 2009 <em>nom. inval.<\/em> (art 2b, 3b, 7)<\/li>\n\n\n\n<li>F03-46 \u2013 <em>Senecioni aquatici-Brometum racemosi<\/em> T\u00fcxen &amp; Preising <em>ex <\/em>Lenski 1953<\/li>\n\n\n\n<li>F03-41 \u2013 <em>Senecioni aquatici-Oenanthetum mediae<\/em> Bourn\u00e9rias &amp; G\u00e9hu <em>in <\/em>Bourn\u00e9rias <em>et al.<\/em> 1978<\/li>\n\n\n\n<li>F03-50 \u2013 <em>Silao silai-Festucetum pratensis<\/em> Misset <em>in <\/em>Royer <em>et al.<\/em> 2006<\/li>\n\n\n\n<li>F03-42 \u2013 <em>Trifolio patentis-Brometum racemosi<\/em> B. Foucault 2008<\/li>\n\n\n\n<li>gr. \u00e0 <em>Juncus acutiflorus-Oenanthe pimpinelloides<\/em> B. Foucault 1984<\/li>\n<\/ul>\n\n\n\n<h4 class=\"wp-block-heading\" id=\"Mentho-aquaticae-Juncio-inflexi\"> <em>&gt;&gt;&gt;&gt;&gt;&gt;&gt;&gt;&gt;&gt;&gt;&gt;&gt;ALLIANCE DU Mentho longifoliae-Juncion inflexi Th. M\u00fcll. &amp; G\u00f6rs ex B. Foucault 2008 (= Mentho aquaticae \u2013 Juncion inflexi. )<\/em>. Prairies de climat temp\u00e9r\u00e9. Hygrophiles. Acidiclines \u00e0 basiphiles. P\u00e2tur\u00e9es.  \ud83d\udc04\ud83d\udc2e. <em><a href=\"https:\/\/lecompagnonrouge.fr\/?p=4117\">Juncus inflexus<\/a>, <a href=\"https:\/\/lecompagnonrouge.fr\/?p=2243\">Pulicaria dyssenterica<\/a>, Mentha longifolia subsp. longifolia, <a href=\"https:\/\/lecompagnonrouge.fr\/?p=1617\">Epilobium parviflorum<\/a>.<\/em><\/h4>\n\n\n\n<ul class=\"wp-block-list\">\n<li>F03-57 \u2013 <em>Achilleo ptarmicae-Juncetum inflexi<\/em> Mayot 1977<\/li>\n\n\n\n<li>F03-61 \u2013 <em>Carici distantis-Potentilletum reptantis<\/em> Gamisans 1976<\/li>\n\n\n\n<li>F03-55 \u2013 <em>Carici flaccae-Juncetum inflexi<\/em> Misset <em>in <\/em>Royer <em>et al.<\/em> 200<\/li>\n\n\n\n<li>F03-58 \u2013 <em>Gaudinio fragilis-Agrostietum stoloniferae<\/em> B. Foucault, Frileux &amp; Delpech <em>in <\/em>B. Foucault &amp; Catteau 2012<\/li>\n\n\n\n<li>F03-59 \u2013 <em>Hordeo secalini-Festucetum arundinaceae<\/em> Billy <em>ex<\/em> Th\u00e9baud, Roux, Bernard &amp; Delcoigne 2014<\/li>\n\n\n\n<li>F03-56 \u2013 <em>Mentho longifoliae-Juncetum inflexi<\/em> Lohmeyer <em>ex <\/em>Oberd. 1957<\/li>\n\n\n\n<li>F03-54 \u2013 <em>Mentho suaveolentis-Festucetum arundinaceae<\/em> Allorge <em>ex <\/em>B. Foucault 2008<\/li>\n\n\n\n<li>F03-53 \u2013 <em>Pulicario dysentericae-Juncetum inflexi<\/em> B. Foucault <em>in <\/em>Royer <em>et al.<\/em> 2006<\/li>\n\n\n\n<li>F03-60 \u2013 <em>Rumici crispi-Juncetum inflexi<\/em> Billy <em>ex<\/em> Th\u00e9baud, Roux, Bernard &amp; Delcoigne 2014<\/li>\n\n\n\n<li>gr. lorrain \u00e0 <em>Carex hordeistichos<\/em> Mony &amp; Muller 2005<\/li>\n<\/ul>\n\n\n\n<p><em>&gt;&gt;&gt;&gt;&gt;&gt;&gt;&gt;&gt;&gt;&gt;&gt;&gt;ALLIANCE DU Potentillion anserinae T\u00fcxen 1947<\/em>. Communaut\u00e9s collin\u00e9ennes. M\u00e9sohygrophiles. Surpi\u00e9tinn\u00e9es. Eutrophiles. marqu\u00e9es par la convergence de l&rsquo;hygrophilie et du surpi\u00e9tinenement. <em><a href=\"https:\/\/lecompagnonrouge.fr\/?p=954\">Plantago major subsp. major<\/a>, Juncus compressus.<\/em><\/p>\n\n\n\n<ul class=\"wp-block-list\">\n<li>F03-73 \u2013 <em>Caricetum hirto-distichae<\/em> Didier &amp; Royer <em>ex <\/em>Royer <em>et al.<\/em> 2006<\/li>\n\n\n\n<li>F03-75 \u2013 <em>Carici flaccae-Agrostietum albae<\/em> B\u00e9guin 1970<\/li>\n\n\n\n<li>F03-72 \u2013 <em>Junco compressi-Blysmetum compressi<\/em> T\u00fcxen <em>ex <\/em>Oberd. 1957<\/li>\n\n\n\n<li><em>Junco compressi-Trifolietum repentis<\/em> Eggler 1933<\/li>\n\n\n\n<li>F03-77 \u2013 <em>Lolio perennis-Potentilletum anserinae<\/em> Oberd. 1957<\/li>\n\n\n\n<li>F03-70 \u2013 <em>Nasturtio microphylli-Alopecuretum geniculati<\/em> S\u00fdkora 1982<\/li>\n\n\n\n<li>F03-66 \u2013 <em>Plantagini majoris-Menthetum pulegii<\/em> B. Foucault <em>in <\/em>Royer <em>et al.<\/em> 2006<\/li>\n\n\n\n<li>F03-79 \u2013 <em>Plantagini majoris-Trifolietum resupinati<\/em> B. Foucault 2008<\/li>\n\n\n\n<li>F03-74 \u2013 <em>Poo trivialis-Rumicetum obtusifolii<\/em> H\u00fclbusch 1969<\/li>\n\n\n\n<li>F03-67 \u2013 <em>Potentillo anserinae-Alopecuretum geniculati<\/em> T\u00fcxen 1947<\/li>\n\n\n\n<li>F03-76 \u2013 <em>Prunello vulgaris-Potentilletum reptantis<\/em> Eli\u00e1s 1978<\/li>\n\n\n\n<li>F03-78 \u2013 <em>Prunello vulgaris-Ranunculetum repentis<\/em> Winterhoff 1962<\/li>\n\n\n\n<li>F03-69 \u2013 <em>Ranunculo ophioglossifolii-Menthetum pulegii<\/em> B. Foucault 2008<\/li>\n\n\n\n<li>F03-68 \u2013 <em>Rorippo sylvestris-Agrostietum stoloniferae<\/em> Oberd. &amp; Th. M\u00fcll. <em>in <\/em>Th. M\u00fcll. 1961<\/li>\n\n\n\n<li>F03-71 \u2013 <em>Triglochino palustris-Agrostietum stoloniferae<\/em> Konczac 1968<\/li>\n<\/ul>\n\n\n\n<h4 class=\"wp-block-heading\" id=\"Ranunculo-repentis-Cynosurion-cristati\"><em>&gt;&gt;&gt;&gt;&gt;&gt;&gt;&gt;&gt;&gt;&gt;&gt;&gt;ALLIANCE DU Ranunculo repentis-Cynosurion cristati H. Passarge 1969<\/em>. Prairies p\u00e2tur\u00e9es. Acidiclines \u00e0 acidiphiles. Peu caract\u00e9ris\u00e9es<\/h4>\n\n\n\n<ul class=\"wp-block-list\">\n<li>F03-64 \u2013 <em>Cirsio arvensis-Alopecuretum pratensis<\/em> Catteau<em> in<\/em> B. Foucault &amp; Catteau 2012<\/li>\n\n\n\n<li>F03-62 \u2013 <em>Cirsio palustris-Juncetum effusi<\/em> Gallandat 1982<\/li>\n\n\n\n<li>F03-63 \u2013 <em>Junco acutiflori-Cynosuretum cristati<\/em> Sougnez 1957 Cette association pr\u00e9sente une large chorologie, d&rsquo;abord identifi\u00e9e en Belgique. P\u00e2tur\u00e9e. Hygrophile. Acidicline \u00e0 acidiphile. Plut\u00f4t de d\u00e9but d&rsquo;\u00e9t\u00e9 mais d\u00e9crite en ao\u00fbt en Manche (1979). Sa physionomie est grise, remarquable par les touffes de joncs (j. acutiflorus, J. effusus), et par Cynosurus cristatus. Combinaison caract\u00e9ristique: <em>Cynosurus cristatus, Juncus acutiflorus, Juncus effusus, Lotus pedunculatus, Ranunculus flammula, Cirsium palustre, Achillea ptarmica subsp. ptarmica<\/em>.\n<ul class=\"wp-block-list\">\n<li>varia: typicum. sur substrat acide et min\u00e9ral. Diff\u00e9renci\u00e9 n\u00e9gativement<\/li>\n\n\n\n<li>varia: caricetosetum vulgaris Sougnez 1957: diff\u00e9renci\u00e9 par <em>Carex nigra, Rannunculus flammula<\/em>. Sur substrat acide, tourbeux<\/li>\n\n\n\n<li>varia: scorzoneretosum humilis de Foucault 1981: <em>Scorzonera humilis, Agrostis canina, Carex ovalis,<\/em> <em>Juncus conglomeratus, Carum verticillatum, Succisa pratensis<\/em>, sur substrat acide m\u00e9sotrophe enrichi en mati\u00e8res organiques mal d\u00e9compos\u00e9es et sous-climat eu-atlantique<\/li>\n\n\n\n<li>varia: pulicarietosum dysentericae subass. nov. hoc loco (pulicarietosum dysentericae de Foucault 1984). Diff\u00e9renci\u00e9e par la pulicaire, sur substrat acide et moins min\u00e9ral.<\/li>\n\n\n\n<li>varia: juncetosum inflexi Trivaudey in Ferrez et al. 2011<\/li>\n<\/ul>\n<\/li>\n\n\n\n<li>F03-65 \u2013 <em>Loto pedunculati-Cynosuretum cristati<\/em> (T\u00fcxen 1937) B. Foucault &amp; Julve <em>in<\/em> B. Foucault &amp; Catteau 2012<\/li>\n\n\n\n<li>F03-93 \u2013 <em>Scorzonero humilis-Agrostietum capillaris<\/em> Billy <em>ex<\/em> Th\u00e9baud, Roux, Bernard &amp; Delcoigne 2014. Cette association est caract\u00e9ris\u00e9e par les esp\u00e8ces suivantes: Scorzonera humilis, Agrostis capillaris, Myosotis nemorosa, <a href=\"https:\/\/lecompagnonrouge.fr\/?p=8999\">Lychnis flos-cuculi<\/a>, <a href=\"https:\/\/lecompagnonrouge.fr\/?p=1428\">Ajuga reptans<\/a>, Festuca pratensis, Bromus racemosus, <a href=\"https:\/\/lecompagnonrouge.fr\/?p=9998\">Carex ovalis<\/a>, Carex panicea<\/li>\n<\/ul>\n\n\n\n<h4 class=\"wp-block-heading\" id=\"Loto-glaberi-Schedonrenalia-arundinacei\"> <em>&gt;&gt;&gt;&gt;&gt;&gt;&gt;SOUS-ORDRE DU Loto tenuis-Festucenalia arundinaceae Julve ex B. Foucault, Catteau &amp; Julve in B. Foucault &amp; Catteau 2012 (=Loto glaberi \u2013 Schedonorenalia arundinacei subsp. arunidnacaei. )<\/em>. Communaut\u00e9s subhalophiles\/thermophiles, se caract\u00e9risant par la raret\u00e9 ou l&rsquo;absence des glycophiles caract\u00e9risant la classe ou l&rsquo;ordre.<\/h4>\n\n\n\n<h4 class=\"wp-block-heading\" id=\"Alopecurion-utriculati\"><em>&gt;&gt;&gt;&gt;&gt;&gt;&gt;&gt;&gt;&gt;&gt;&gt;&gt;ALLIANCE DE L\u2019Alopecurion utriculati Zeidler 1954<\/em>. <\/h4>\n\n\n\n<p>Prairies m\u00e9diterran\u00e9ennes et atlantiques, plus ou moins subahlophiles, et pr\u00e9sentant: <em>Alopecurus rendlei, Cichorium intybus subsp. intybus, ranunculus marginatus, Ranunculus velutinus, Carex divisa subsp. divisa, Scorzonera cana, Trifolium maritimum subsp. martimum, <a href=\"https:\/\/lecompagnonrouge.fr\/?p=1089\">Trifolium resupinatum subsp. resupinatum<\/a>, Trifolium patens, Hordeum secalinum, Gaudinia fragilis, Anacamptis laxiflora subsp. laxiflora, Oenanthe silaifolia.<\/em><\/p>\n\n\n\n<ul class=\"wp-block-list\">\n<li>F03-20 \u2013 <em>Carici divisae-Lolietum perennis<\/em> B. Foucault 2008<\/li>\n\n\n\n<li>F03-22 \u2013 <em>Dorycnio gracilis-Festucetum arundinaceae<\/em> (Molin. &amp; Devaux 1978) B. Foucault <em>in<\/em> B. Foucault &amp; Catteau 2012<\/li>\n\n\n\n<li>F03-23 \u2013 <em>Junco maritimi-Iridetum spuriae<\/em> Molin. &amp; Tallon 1969<\/li>\n\n\n\n<li>F03-21 \u2013 <em>Lino biennis-Festucetum arundinaceae<\/em> Dubuis &amp; Simonneau <em>ex <\/em>B. Foucault <em>in<\/em> B. Foucault &amp; Catteau 2012<\/li>\n\n\n\n<li><em>Trifolio maritimi-Caricetum divisae<\/em> Corriol <em>et al.<\/em> 2009 <em>nom. inval.<\/em> (art 2b, 3b, 7)<\/li>\n\n\n\n<li>F03-19 \u2013 <em>Trifolio maritimi-Oenanthetum silaifoliae<\/em> Dupont <em>ex <\/em>B. Foucault 2008<\/li>\n<\/ul>\n\n\n\n<p><em>&gt;&gt;&gt;&gt;&gt;&gt;&gt;&gt;&gt;&gt;&gt;&gt;&gt;ALLIANCE DU Juncion gerardi Wendelberger 1943<\/em>. Communaut\u00e9s continentales subhalophiles (Europe centrale; \u00e9galement jusqu&rsquo;en Limagne, jusque dans le Massif central): <em>Aster tripolium subsp longicaulis, Scorzonera parviflora, Plantago maritima subsp. maritima, Juncus gerardi, Taraxacum bessarabicum<\/em><\/p>\n\n\n\n<ul class=\"wp-block-list\">\n<li>F03-92 \u2013 <em>Festuco arundinaceae-Puccinellietum distantis<\/em> Billy <em>ex<\/em> Th\u00e9baud, Roux, Bernard &amp; Delcoigne 2014<\/li>\n\n\n\n<li>F03-35 \u2013 <em>Taraxaco bessarabici-Caricetum distantis<\/em> (So\u00f3 1930) Wendelberger 1943<\/li>\n<\/ul>\n\n\n\n<h4 class=\"wp-block-heading\" id=\"Junco-gerardi-Bromion-racemosi\"><em>&gt;&gt;&gt;&gt;&gt;&gt;&gt;&gt;&gt;&gt;&gt;&gt;&gt;ALLIANCE DU Junco gerardi-Bromion racemosi B. Foucault in B. Foucault &amp; Catteau, 2012<\/em>. Prairies lorraines de fauches. Hygrophiles et subhalophiles. De climat subatlantiques. <\/h4>\n\n\n\n<p><em>Bromus racemosus, Alopecurus bulbosus, <a href=\"https:\/\/lecompagnonrouge.fr\/?p=4258\">Elytrigia repens subsp. repen<\/a>s, Triglochin maritimum, Puccinellia distans subsp. distans, Aster tripolium subsp. tripolium, Cerastium dubium.<\/em><\/p>\n\n\n\n<ul class=\"wp-block-list\">\n<li>F03-25 \u2013 <em>Agropyro repentis-Juncetum gerardi<\/em> J. Duvign. 1967<\/li>\n\n\n\n<li>F03-24 \u2013 <em>Cerastio dubii-Juncetum gerardi<\/em> J. Duvign. 1967<\/li>\n\n\n\n<li>F03-26 \u2013 <em>Festuco arundinaceae-Caricetum distantis<\/em> J. Duvign. 1967<\/li>\n<\/ul>\n\n\n\n<p><em>&gt;&gt;&gt;&gt;&gt;&gt;&gt;&gt;&gt;&gt;&gt;&gt;&gt;ALLIANCE DU Loto tenuis-Trifolion fragiferi V. Westh., C. Leeuwen &amp; Adriani ex B. Foucault 2008<\/em>. Communaut\u00e9s littorales subhalophiles pr\u00e9sentant: <em>Glaux maritima, Apium graveolens, Samolus valerandi, Carex distans var. vikingensis, Triglochin maritimum, Blysmus rufus<\/em><\/p>\n\n\n\n<ul class=\"wp-block-list\">\n<li>F03-27 \u2013 <em>Agrostio stoloniferae-Caricetum vikingensis<\/em> G\u00e9hu 1982<\/li>\n\n\n\n<li>F03-31 \u2013 <em>Apio graveolentis-Rumicetum rupestris<\/em> (G\u00e9hu &amp; G\u00e9hu-Franck 1969) Bioret &amp; G\u00e9hu 2002<\/li>\n\n\n\n<li><em>ass. \u00e0 Lotus pedunculatus-Trifolium fragiferum<\/em> Molinier &amp; Tallon 1970 <em>prov.<\/em><\/li>\n\n\n\n<li>F03-29 \u2013 <em>Potentillo anserinae-Festucetum arundinaceae<\/em> Nordh. 1940<\/li>\n\n\n\n<li>F03-33 \u2013 <em>Potentillo reptantis-Elymetum repentis<\/em> Julve 1989<\/li>\n\n\n\n<li>F03-34 \u2013 <em>Rhinantho grandiflori-Holcetum lanati<\/em> Julve 1989<\/li>\n\n\n\n<li>F03-28 \u2013 <em>Samolo valerandi-Caricetum vikingensis<\/em> G\u00e9hu 1982<\/li>\n\n\n\n<li>F03-30 \u2013 <em>Soncho arvensis-Rumicetum rupestris<\/em> (G\u00e9hu &amp; G\u00e9hu-Franck 1969) Bioret &amp; G\u00e9hu 2002<\/li>\n\n\n\n<li>F03-32 \u2013 <em>Trifolietum fragifero-repentis<\/em> Julve 1989<\/li>\n<\/ul>\n\n\n\n<p id=\"Scirpoido-holoschoeni-Juncion-inflexi\"><em>&gt;&gt;&gt;&gt;&gt;&gt;&gt;&gt;&gt;&gt;&gt;&gt;&gt;ALLIANCE DU Scirpoido holoschoeni-Juncion inflexi B. Foucault in B. Foucault &amp; Catteau, 2012<\/em>. Prairies p\u00e2tur\u00e9es hygrophiles basiphiles thermophiles, \u00e0 <em><a href=\"https:\/\/lecompagnonrouge.fr\/?p=4117\">Juncus inflexus<\/a>, Scirpoides holoschoenus, <a href=\"https:\/\/lecompagnonrouge.fr\/?p=2243\">Pulicaria dysenterica<\/a>, <a href=\"https:\/\/lecompagnonrouge.fr\/?p=10682\">Mentha suaveolens<\/a>, Mentha longifolia subsp. longifolia, <a href=\"https:\/\/lecompagnonrouge.fr\/?p=1617\">Epilobium parviflorum<\/a>, <a href=\"https:\/\/lecompagnonrouge.fr\/?p=4888\">Verbena officinalis<\/a><\/em>\ud83d\udc2e\ud83d\udc04<br><\/p>\n\n\n\n<p>Se diff\u00e9rencie du Mentho longifoliae \u2013 Juncion inflexi par l\u2019absence des esp\u00e8ces des Loto pedunculati \u2013 Cardaminenalia pratensis. <\/p>\n\n\n\n<p>Proches l\u2019Agrostio stoloniferae \u2013 Scirpoidion Holoschoeni, mais se diff\u00e9renciant par: <em><a href=\"https:\/\/lecompagnonrouge.fr\/?p=4117\">Juncus inflexus<\/a>, Mentha longifolia subsp. longifolia, <a href=\"https:\/\/lecompagnonrouge.fr\/?p=1617\">Epilobium parviflorum<\/a>, Cichorium intybus subsp. pumilum, <a href=\"https:\/\/lecompagnonrouge.fr\/?p=4954\">Festuca arundinacea subsp. arundinacea<\/a>, <a href=\"https:\/\/lecompagnonrouge.fr\/?p=2622\">Rumex crispus subsp. crispus<\/a>, <a href=\"https:\/\/lecompagnonrouge.fr\/?p=3676\">Ranunculus repens subsp. repens<\/a>, <a href=\"https:\/\/lecompagnonrouge.fr\/?p=9554\">Carex hirta<\/a>, <a href=\"https:\/\/lecompagnonrouge.fr\/?p=4258\">Elytrigia repens<\/a><\/em><br><\/p>\n\n\n\n<ul class=\"wp-block-list\">\n<li>F03-38 \u2013 <em>Cichorio intybi-Festucetum arundinaceae<\/em> Billy <em>ex<\/em> Th\u00e9baud, Roux, Bernard &amp; Delcoigne 2014<\/li>\n\n\n\n<li>F03-36 \u2013 <em>Cirsio monspessulani-Menthetum longifoliae<\/em> O. Bol\u00f2s &amp; Vives <em>in <\/em>O. Bol\u00f2s 1956<\/li>\n\n\n\n<li><em>Festuco fenas-Caricetum hirtae<\/em> O. Bol\u00f2s 1962<\/li>\n\n\n\n<li><em>Potentillo anserinae-Agrostietum stoloniferae<\/em> Alonso <em>et al.<\/em> <em>in <\/em>Rivas-Mart. <em>et al.<\/em> 2002<\/li>\n\n\n\n<li>F03-37 \u2013 <em>Potentillo reptantis-Menthetum suaveolentis<\/em> Oberd. (1952) 1957 <em>corr.<\/em> 1983<\/li>\n<\/ul>\n\n\n\n<p><\/p>\n\n\n\n<h2 class=\"wp-block-heading\" id=\"Agrostio-stoloniferae-Arrhenatheretea-elatioris\">\u2013 <em>Arrhenatheretea elatioris<\/em> Braun-Blanq. <em>ex <\/em>Braun-Blanq., Roussine &amp; N\u00e8gre 1952. RANG&nbsp;: CLASSE. (En partie = Agrostio stoloniferae-Arrhenatheretea elatioris)<\/h2>\n\n\n\n<p>Prairies souvent secondaires, parfois des pelouses, m\u00e9sohygrophiles \u00e0 m\u00e9sophiles, m\u00e9sotrophiles \u00e0 eutrophiles, d\u00e9rivant souvent apr\u00e8s d\u00e9frichement et engraissement de pelouses oligotrophiles \u00e0 m\u00e9sotrophiles<\/p>\n\n\n\n<p>Cycle: <\/p>\n\n\n\n<p>La s\u00e9rie est la suivante: For\u00eat -&gt; [d\u00e9frichement] -&gt;Pelouse m\u00e9sotrophe ou oligotrophe-&gt;[enrichissement] -&gt;Prairie (fauche\/abroutissement) -&gt;[abandon] -&gt;Ourlet (assez rapidement)-&gt;For\u00eat.<\/p>\n\n\n\n<p>A observer \u00e9ventuellement: Disparition progressive du Dactyle\/augmentation progressive de la Houlque -&gt; Oligotrophisation. Le Dactyle s\u2019accompagne d\u2019autres esp\u00e8ces m\u00e9so-eutrophes. A l\u2019inverse, maintient (ou augmentation du Dactyle) -&gt; maintient ou mont\u00e9e en trophie.<\/p>\n\n\n\n<p>Provisoirement, sans l\u2019ordre d\u2019apparition impliqu\u00e9 par le crit\u00e8re d\u2019abondance\/dominance&nbsp;: <em><a href=\"https:\/\/lecompagnonrouge.fr\/?p=4141\">Lolium perenne<\/a>, <a href=\"https:\/\/lecompagnonrouge.fr\/?p=461\">Trifolium pratense<\/a>, <a href=\"https:\/\/lecompagnonrouge.fr\/?p=1083\">Trifolium repens<\/a>, Rhinanthus minor, Lathyrus pratensis, Bromus mollis, Tragopogon pratensis senso lato(Tragopogon pratensis subsp orientalis, <a href=\"https:\/\/lecompagnonrouge.fr\/?p=1399\">Tragopogon pratensis subsp. pratensis<\/a>, Tragopogon pratensis subsp. minor &#8230;), <a href=\"https:\/\/lecompagnonrouge.fr\/?p=301\">Taraxacum officinale<\/a>, <a href=\"https:\/\/lecompagnonrouge.fr\/?p=9061\">Phleum pratense<\/a>, <a href=\"https:\/\/lecompagnonrouge.fr\/?p=117\">Plantago lanceolata<\/a>\/<a href=\"https:\/\/lecompagnonrouge.fr\/?p=954\">Plantago major<\/a>, <a href=\"https:\/\/lecompagnonrouge.fr\/?p=1638\">Cerastium fontanum<\/a>, <a href=\"https:\/\/lecompagnonrouge.fr\/?p=4391\">Poa trivalis<\/a>, Festuca pratensis<\/em><\/p>\n\n\n\n<h3 class=\"wp-block-heading\" id=\"Arrhenatheretalia-elatioris\"><strong>&gt;&gt;&gt;&gt;&gt;ORDRE DE L\u2019 Arrhenatheretalia elatioris T\u00fcxen 1931<\/strong><\/h3>\n\n\n\n<p><em><a href=\"https:\/\/lecompagnonrouge.fr\/?p=1280\">Arrhenatherum elatius subsp. elatius<\/a>, <a href=\"https:\/\/lecompagnonrouge.fr\/?p=652\">Daucus carota subsp. carota var. Carota<\/a>, <a href=\"https:\/\/lecompagnonrouge.fr\/?p=1389\">Holcus lanatus<\/a>, <a href=\"https:\/\/lecompagnonrouge.fr\/?p=1359\">Leucanthemum vulgare<\/a>, <a href=\"https:\/\/lecompagnonrouge.fr\/?p=698\">Heracleum sphondyllium<\/a>, <a href=\"https:\/\/lecompagnonrouge.fr\/?p=1275\">Dactylis glomerata<\/a>, <a href=\"https:\/\/lecompagnonrouge.fr\/?p=5748\">Veronica chamaedrys<\/a>, <a href=\"https:\/\/lecompagnonrouge.fr\/?p=1451\">Achillea millefolium<\/a>, Alchemilla xanthochlora, <a href=\"https:\/\/lecompagnonrouge.fr\/?p=3292\">Malva moschata<\/a>, Avenula pubescens, Vicia sativa, <a href=\"https:\/\/lecompagnonrouge.fr\/?p=624\">Anthriscus sylvestris<\/a>, Crepis biennis, <a href=\"https:\/\/lecompagnonrouge.fr\/?p=6793\">Campanula patula<\/a>, <a href=\"https:\/\/lecompagnonrouge.fr\/?p=2815\">Knautia arvensis<\/a>, <a href=\"https:\/\/lecompagnonrouge.fr\/?p=111\">Centaurea nigra<\/a>, <a href=\"https:\/\/lecompagnonrouge.fr\/?p=117\">Centaurea decipiens<\/a>, <a href=\"https:\/\/lecompagnonrouge.fr\/?p=117\">Plantago lanceolata<\/a>, <a href=\"https:\/\/lecompagnonrouge.fr\/?p=3770\">Gallium mollugo<\/a><\/em><\/p>\n\n\n\n<h5 class=\"wp-block-heading\" id=\"Arrhenatherion-eliatoris\"><a><\/a><em>&gt;&gt;&gt;&gt;&gt;&gt;&gt;&gt;&gt;&gt;&gt;&gt;&gt;ALLIANCE DE L\u2019Arrhenatherion elatioris W. Koch 1926. RANG: ALLIANCE.&nbsp; (= Arrhenatherion eliatoris subsp. eliatoris)<\/em><\/h5>\n\n\n\n<p><em>Prairies m\u00e9sohydriques fauch\u00e9es, planitiaires \u00e0 montagnardes inf\u00e9rieures. Esp\u00e8ces indicatrices: Achillea rosea-alba, Alchemilla xantochlora, <a href=\"https:\/\/lecompagnonrouge.fr\/?p=6793\">Campanula patula<\/a>, Carum carvi, <a href=\"https:\/\/lecompagnonrouge.fr\/?p=121\">Centaurea jacea<\/a>,&nbsp;<a href=\"https:\/\/lecompagnonrouge.fr\/?p=121\"><u>Centaurea jacea subsp. jacea<\/u><\/a>, Centaurea phrygia, Centaurea phrigia subsp. salicifolia, Centaurea X moncktonii (C. jaceae X C. nigra: -&gt; Centaurea * thuillieri\/Centaurea*grandiflora), Crepis biennis,<\/em><\/p>\n\n\n\n<p><em>&gt;&gt;&gt;&gt;&gt;&gt;&gt;&gt;&gt;&gt;&gt;&gt;&gt;&gt;&gt;SOUS-ALLIANCE DE L\u2019\u201dArrhenatherenion elatioris primaire\u201d<\/em><\/p>\n\n\n\n<ul class=\"wp-block-list\">\n<li>Arrh\u00e9nath\u00e9raie \u00e0 <em>Symphytum officinale<\/em><\/li>\n\n\n\n<li>Arrh\u00e9nath\u00e9raie de terril du nord de la France<\/li>\n\n\n\n<li>F06-22 \u2013 <em>Arabidopsio halleri-Arrhenatheretum elatioris<\/em> Boullet <em>in <\/em>B. Foucault 2016<\/li>\n\n\n\n<li>F06-21 \u2013 <em>Pulicario dysentericae-Arrhenatheretum elatioris<\/em> G\u00e9hu 2006<\/li>\n<\/ul>\n\n\n\n<p><em>&gt;&gt;&gt;&gt;&gt;&gt;&gt;&gt;&gt;&gt;&gt;&gt;&gt;&gt;&gt;SOUS-ALLIANCE DU Colchico autumnalis-Arrhenatherenion elatioris B. Foucault 1989<\/em><\/p>\n\n\n\n<ul class=\"wp-block-list\">\n<li>F06-34 \u2013 <em>Alchemillo monticolae-Arrhenatheretum elatioris<\/em> G\u00f6rs 1968<\/li>\n\n\n\n<li>F06-33 \u2013 <em>Alchemillo xanthochlorae-Arrhenatheretum elatioris<\/em> Sougnez <em>in <\/em>Sougnez &amp; Limbourg 1963<\/li>\n\n\n\n<li>F06-31 \u2013 <em>Alopecuro pratensis-Arrhenatheretum elatioris<\/em> (T\u00fcxen 1937) Julve <em>ex <\/em>B. Foucault 2016<\/li>\n\n\n\n<li>F06-28 \u2013 <em>Armerio arenariae-Festucetum rubrae<\/em> J. Duvign. <em>ex <\/em>J.-M. Royer, Felzines, Misset &amp; Th\u00e9venin 2006<\/li>\n\n\n\n<li>F06-30 \u2013 <em>Arrhenathero elatioris-Filipenduletum vulgaris<\/em> Billy <em>ex <\/em>Th\u00e9baud, Roux, Bernard &amp; Delcoigne 2014<\/li>\n\n\n\n<li>F06-36 \u2013 <em>Astrantio majoris-Arrhenatheretum elatioris<\/em> B. Foucault 2016<\/li>\n\n\n\n<li>F06-27 \u2013 <em>Colchico autumnalis-Festucetum pratensis<\/em> J. Duvign. 1958<\/li>\n\n\n\n<li>F06-32 \u2013 <em>Heracleo sphondylii-Polygonetum bistortae<\/em> Billy <em>ex <\/em>Th\u00e9baud, Roux, Bernard &amp; Delcoigne 2014<\/li>\n\n\n\n<li><em>Holcetum lanati<\/em> Issler 1936<\/li>\n\n\n\n<li>F06-25 \u2013 <em>Hordeo secalini-Arrhenatheretum elatioris<\/em> Frileux, B. Foucault &amp; Roy 1989<\/li>\n\n\n\n<li>F06-24 \u2013 <em>Phyteumato orbicularis-Arrhenatheretum elatioris<\/em> J.-M. Royer <em>in <\/em>J.-M. Royer, Felzines, Misset &amp; Th\u00e9venin 2006<\/li>\n\n\n\n<li>F06-35 \u2013 <em>Poo pratensis-Trisetetum flavescentis<\/em> Knapp <em>ex <\/em>Oberd. 1957<\/li>\n\n\n\n<li>F06-23 \u2013 <em>Primulo veris-Festucetum rubrae<\/em> Misset, J.-M. Royer &amp; Didier <em>in <\/em>J.-M. Royer, Felzines, Misset &amp; Th\u00e9venin 2006<\/li>\n\n\n\n<li>F06-26 \u2013 <em>Silao silai-Colchicetum autumnalis<\/em> B. Foucault 2016<\/li>\n\n\n\n<li>F06-29 \u2013 <em>Stellario gramineae-Festucetum rubrae<\/em> J.-M. Royer &amp; Didier <em>in <\/em>J.-M. Royer, Felzines, Misset &amp; Th\u00e9venin 2006<\/li>\n<\/ul>\n\n\n\n<p><em>&gt;&gt;&gt;&gt;&gt;&gt;&gt;&gt;&gt;&gt;&gt;&gt;&gt;&gt;&gt;SOUS-ALLIANCE DU Poo angustifoliae-Arrhenatherenion elatioris Felzines 2011<\/em><\/p>\n\n\n\n<ul class=\"wp-block-list\">\n<li>F06-48 \u2013 <em>Carici divulsae-Poetum angustifoliae<\/em> Felzines 2011<\/li>\n\n\n\n<li>F06-51 \u2013 <em>Carici leersii-Arrhenatheretum elatioris<\/em> Loiseau &amp; Felzines <em>in <\/em>J.-M. Royer, Felzines, Misset &amp; Th\u00e9venin <em>ex <\/em>Felzines 2011<\/li>\n\n\n\n<li>F06-53 \u2013 <em>Carici ligericae-Festucetum rubrae<\/em> Lacroix, Hardy, Guitton &amp; Le Bail 2014<\/li>\n\n\n\n<li>F06-50 \u2013 <em>Galio veri-Anthoxanthetum odorati<\/em> LOiseau &amp; Felzines <em>in <\/em>J.-M. Royer, Felzines, Misset &amp; Th\u00e9venin <em>ex <\/em>Felzines 2011<\/li>\n\n\n\n<li>F06-49 \u2013 <em>Phleo serotini-Agrostietum capillaris<\/em> LOiseau &amp; Felzines <em>in <\/em>J.-M. Royer, Felzines, Misset &amp; Th\u00e9venin <em>ex <\/em>Felzines 2011<\/li>\n\n\n\n<li>F06-52 \u2013 <em>Poo angustifoliae-Avenuletum pubescentis<\/em> Loiseau &amp; Felzines <em>in <\/em>J.-M. Royer, Felzines, Misset &amp; Th\u00e9venin <em>ex <\/em>Felzines 2011<\/li>\n<\/ul>\n\n\n\n<h4 class=\"wp-block-heading\" id=\"Rhinantho-pumili-Arrrhenatherenion-elatioris\"><em>&gt;&gt;&gt;&gt;&gt;&gt;&gt;&gt;&gt;&gt;&gt;&gt;&gt;&gt;&gt;SOUS-ALLIANCE DU Rhinantho pumili-Arrrhenatherenion elatioris B. Foucault &amp; Corriol in B. Foucault 2016<\/em><\/h4>\n\n\n\n<ul class=\"wp-block-list\">\n<li>F06-47 \u2013 <em>Heracleo setosi-Arrhenatheretum elatioris<\/em> Corriol 2013 (Nota&nbsp;: Heracleum setosum= Heracleum pyrenaicum, taxon actuellement accept\u00e9.)<\/li>\n\n\n\n<li>F06-46 \u2013 <em>Rhinantho mediterranei-Trisetetum flavescentis<\/em> Vigo 1984<\/li>\n\n\n\n<li>F06-54 \u2013 <em>Rumici acetosellae-Arrhenatheretum elatioris<\/em> Boeuf, Untereiner, Holveck &amp; Hum 2007<\/li>\n\n\n\n<li><em>Rumici obtusifolii-Arrhenatherenion elatioris<\/em> B. Foucault 2016<\/li>\n\n\n\n<li>F06-61 \u2013 <em>Cirsio arvensis-Arrhenatheretum elatioris<\/em> Lacroix, Hardy, Guitton &amp; Le Bail 2014<\/li>\n\n\n\n<li>F06-59 \u2013 <em>Dactylido glomeratae-Festucetum arundinaceae<\/em> T\u00fcxen <em>ex <\/em>W. Lohmeyer 1953<\/li>\n\n\n\n<li>F06-56 \u2013 <em>Heracleo lecoqii-Arrhenatheretum elatioris<\/em> B. Foucault 1987(=Heracleo sibirici-Arrhenatheretum eliatoris) <em><a href=\"https:\/\/lecompagnonrouge.fr\/?p=1280\"><u>Arrhenatheretum elatius subsp. elatius<\/u><\/a>;&nbsp;<a href=\"https:\/\/lecompagnonrouge.fr\/?p=2778\"><u>Heracleum sphondylium ssp. sibiricum var. lecoqii<\/u><\/a>, Rhinanthus minor, vicia sativa subsp. nigra, Carum carvi,&nbsp;<a href=\"https:\/\/lecompagnonrouge.fr\/?p=1275\"><u>Dactylis glomerata subsp. glomerata<\/u><\/a>, Trisetum flavescens subsp flavescens,&nbsp;<a href=\"https:\/\/lecompagnonrouge.fr\/?p=1371\"><u>Bromus hordeaceus<\/u><\/a>&nbsp;subsp. hordeaceus,&nbsp;<a href=\"https:\/\/lecompagnonrouge.fr\/?p=1359\"><u>Leucanthemum vulgare<\/u><\/a>&nbsp;\u2026<\/em><\/li>\n\n\n\n<li>F06-55 \u2013 <em>Heracleo sphondylii-Brometum hordeacei<\/em> B. Foucault (1989) 2008 (=Heracleo sphondylii \u2013 Arrhenatheretum elatioris&nbsp;(T\u00fcxen 1937) Passarge 1964 ) <em><a href=\"https:\/\/lecompagnonrouge.fr\/?p=1371\"><u>Bromus hordacaceus<\/u><\/a>&nbsp;subsp. hordaceus;&nbsp;<a href=\"https:\/\/lecompagnonrouge.fr\/?p=1275\"><u>Dactylis glomerata subsp. glomerata<\/u><\/a>;&nbsp;<a href=\"https:\/\/lecompagnonrouge.fr\/?p=1280\"><u>Arrhenatherum elatius subsp. elatius<\/u><\/a>; Ranunculus acris subsp. friesianus; Trisetum flavescens subsp. flavescens; Crepis biennis; +Diff\u00e9rentielles:&nbsp;<a href=\"https:\/\/lecompagnonrouge.fr\/?p=698\"><u>Heracleum sphondylium subsp. sphondylium<\/u><\/a>;&nbsp;<a href=\"https:\/\/lecompagnonrouge.fr\/?p=2523\"><u>Crepis capillaris<\/u><\/a>; <a href=\"https:\/\/lecompagnonrouge.fr\/?p=4091\">Rumex obtusifolius subsp. obtusifolius<\/a>; <a href=\"https:\/\/lecompagnonrouge.fr\/?p=10166\">Cirsium arvense var. arvense<\/a><\/em><\/li>\n\n\n\n<li><em>Heracleo sphondylii-Chaerophylletum aurei<\/em> Billy 2000 var. \u00e0 cirses<\/li>\n\n\n\n<li>F06-57 \u2013 <em>Inulo helenii-Heracleetum sphondylii<\/em> Misset <em>in <\/em>J.-M. Royer, Felzines, Misset &amp; Th\u00e9venin 2006<\/li>\n\n\n\n<li>F06-62 \u2013 <em>Phleo pratensis-Agropyretum repentis<\/em> Peeters &amp; Lambert <em>ex <\/em>B. Foucault 2016<\/li>\n\n\n\n<li>F06-60 \u2013 <em>Tanaceto vulgaris-Arrhenatheretum elatioris<\/em> Fischer <em>ex <\/em>B. Foucault 2016 <em><a href=\"https:\/\/lecompagnonrouge.fr\/?p=1280\"><u>Arrhenatherum elatius<\/u><\/a>,&nbsp;<a href=\"https:\/\/lecompagnonrouge.fr\/?p=1275\"><u>Dactylis glomerata subsp. glomerata<\/u><\/a>,&nbsp;<a href=\"https:\/\/lecompagnonrouge.fr\/?p=1451\"><u>Achillea millefolium subsp. millefolium<\/u><\/a>;&nbsp;<a href=\"https:\/\/lecompagnonrouge.fr\/?p=301\"><u>Taraxacum section Taraxacum<\/u><\/a>; Crepis biennis;&nbsp;<a href=\"https:\/\/lecompagnonrouge.fr\/?p=1359\"><u>Leucanthemum vulgare subsp. vulgare var. vulgare<\/u><\/a>;&nbsp;<a href=\"https:\/\/lecompagnonrouge.fr\/?p=1399\">Tragopogon pratensis subsp. pratensis<\/a>;&nbsp;<a href=\"https:\/\/lecompagnonrouge.fr\/?p=1371\"><u>Bromus hordaceus<\/u><\/a>&nbsp;subsp. hordaceus; Festuca pratensis subsp. pratensis; Trisetum flavescens subsp. flavescens; <a href=\"https:\/\/lecompagnonrouge.fr\/?p=9947\">Stellaria graminea<\/a>; + annuelles de friches:&nbsp;<a href=\"https:\/\/lecompagnonrouge.fr\/?p=2421\"><u>Bromus sterilis<\/u><\/a>; <a href=\"https:\/\/lecompagnonrouge.fr\/?p=3499\">Vicia hirsuta<\/a>, Matricaria perforata; vicia sativa subsp. nigra; <a href=\"https:\/\/lecompagnonrouge.fr\/?p=6300\">Veronica arvensis<\/a>, Trifolium campestre subsp. campestre var. campestre;&nbsp;<a href=\"https:\/\/lecompagnonrouge.fr\/?p=388\"><u>Cerastium glomeratum<\/u><\/a>; Erophila verna subsp. verna; <a href=\"https:\/\/lecompagnonrouge.fr\/?p=3746\">Capsella bursa pastoris subsp. pastoris<\/a>; Vicia tetrasperma subsp. tetrasperma;&nbsp;<a href=\"https:\/\/lecompagnonrouge.fr\/?p=2826\"><u>Polygonum lapathifolium subsp. lapathifolium<\/u><\/a>; Trifolium arvense subsp. arvense;&nbsp;<a href=\"https:\/\/lecompagnonrouge.fr\/?p=1522\"><u>Polygonum aviculare<\/u><\/a>&nbsp;subsp. aviculare;&nbsp;<a href=\"https:\/\/lecompagnonrouge.fr\/?p=906\"><u>Geranium dissectum<\/u><\/a>; Apera spica-venti subsp. spica-venti;&nbsp;<a href=\"https:\/\/lecompagnonrouge.fr\/?p=2412\"><u>Hordeum murinum subsp. murinum<\/u><\/a>; <a href=\"https:\/\/lecompagnonrouge.fr\/?p=6368\">Sonchus oleraceus<\/a>;&nbsp;<a href=\"https:\/\/lecompagnonrouge.fr\/?p=1931\"><u>Fallopia convolvulus var. convolvulus<\/u><\/a>; <a href=\"https:\/\/lecompagnonrouge.fr\/?p=3918\">Gallium aparine<\/a>;&nbsp;<a href=\"https:\/\/lecompagnonrouge.fr\/?p=229\"><u>Papaver rhoeas subsp. rhoeas var. rhoeas<\/u><\/a>; Conyza canadensis; Trifolium dubium; Matricaria recutita var. recutita; Vicia sativa subsp. sativa; Torilis japonica; + Arbustes juv\u00e9niles: <a href=\"https:\/\/lecompagnonrouge.fr\/?p=4038\">Rosa canina <\/a>subsp. canina var. canina; <a href=\"https:\/\/lecompagnonrouge.fr\/?p=5916\">Salix caprea<\/a><\/em><\/li>\n\n\n\n<li>F06-58 \u2013 <em>Trifolio hybridi-Lolietum perennis<\/em> Didier &amp; J.- M. Royer <em>in <\/em>J.-M. Royer, Felzines, Misset &amp; Th\u00e9venin 2006<\/li>\n<\/ul>\n\n\n\n<h4 class=\"wp-block-heading\" id=\"Trifolio-montani-Arrrhenatherenion\"><em>&gt;&gt;&gt;&gt;&gt;&gt;&gt;&gt;&gt;&gt;&gt;&gt;&gt;&gt;&gt;SOUS-ALLIANCE DU Trifolio montani-Arrrhenatherenion elatioris Rivas Goday &amp; Rivas Mart. 1963<\/em><\/h4>\n\n\n\n<ul class=\"wp-block-list\">\n<li>F06-42 \u2013 <em>Agrostio capillaris-Saxifragetum granulatae<\/em> Billy <em>ex <\/em>Th\u00e9baud, Roux, Bernard &amp; Delcoigne 2014<\/li>\n\n\n\n<li>F06-45 \u2013 <em>Centaureo nigrae-Arrhenatheretum elatioris<\/em> Oberd. 1957 <em>emend.<\/em> B. Foucault 1989<\/li>\n\n\n\n<li>F06-44 \u2013 <em>Dauco carotae-Arrhenatheretum elatioris<\/em> G\u00f6rs 1966 <em>emend.<\/em> B. Foucault 2016<\/li>\n\n\n\n<li>F06-38 \u2013 <em>Euphorbio cyparissiae-Festucetum rubrae<\/em> Didier &amp; J.-M. Royer <em>in <\/em>J.-M. Royer, Felzines, Misset &amp; Th\u00e9venin 2006<\/li>\n\n\n\n<li>F06-37 \u2013 <em>Galio veri-Trifolietum repentis<\/em> Sougnez 1957<\/li>\n\n\n\n<li>F06-39 \u2013 <em>Knautio arvernensis-Arrhenatheretum elatioris<\/em> Billy <em>ex <\/em>Th\u00e9baud, Roux, Bernard &amp; Delcoigne 2014<\/li>\n\n\n\n<li>F06-41 \u2013 <em>Knautio arvernensis-Malvetum moschatae<\/em> Billy <em>ex <\/em>B. Foucault 2016 Prairies maigres m\u00e9sohydriques collin\u00e9ennes, acidoclines auvergnate de l\u2019ancien Lino-Gaudinion (influence continentale, en tous cas vs Prairies maigres du massif central de climat oc\u00e9anique\/suboc\u00e9anique du m\u00eame massif, lesquelles \u00e9tendues d\u2019ailleurs \u2026 Ailleurs \u2026 Formation primo-observ\u00e9e par Fran\u00e7ois Billy, corrig\u00e9e par lui-m\u00eame puis par Bruno De Foucault). Ce type de prairie de fauche est \u00ab&nbsp;taill\u00e9e&nbsp;\u00bb pour des cheptels ma\u00eegres en t\u00eates. Les solutions \u00e9conomiques impliquent une gestion agricole communautaire. &nbsp;<em><a href=\"https:\/\/lecompagnonrouge.fr\/?p=1280\"><u>Arrhenatherum eliatus subsp. eliatus<\/u><\/a><\/em><em>&nbsp;(Approx 3),&nbsp;<\/em><em><a href=\"https:\/\/lecompagnonrouge.fr\/?p=2790\"><u>Knautia arvernensis<\/u><\/a><\/em><em>(Approx 2), <a href=\"https:\/\/lecompagnonrouge.fr\/?p=3292\">Malva moschata<\/a>,&nbsp;<\/em><em><a href=\"https:\/\/lecompagnonrouge.fr\/?p=969\"><u>Silene vulgaris<\/u><\/a><\/em><em>&nbsp;(Approx 1),&nbsp;<\/em><em><a href=\"https:\/\/lecompagnonrouge.fr\/?p=2259\"><u>Lotus corniculatus<\/u><\/a><\/em><em>&nbsp;(Approx. 1)<\/em><\/li>\n\n\n\n<li>F06-43 \u2013 <em>Lathyro tuberosi-Arrhenatheretum elatioris<\/em> J.-M. Royer <em>in <\/em>J.-M. Royer, Felzines, Misset &amp; Th\u00e9venin 2006<\/li>\n\n\n\n<li>F06-40 \u2013 <em>Salvio pratensis-Trifolietum molinerii<\/em> Billy <em>ex <\/em>Th\u00e9baud, Roux, Bernard &amp; Delcoigne 2014<\/li>\n\n\n\n<li>Gr. \u00e0 <em>Oreoselinum nigrum-Arrhenatherum elatius<\/em><\/li>\n<\/ul>\n\n\n\n<h5 class=\"wp-block-heading\" id=\"Brachypodio-rupestris-Centaureion-nemoralis\"> <em>&gt;&gt;&gt;&gt;&gt;&gt;&gt;&gt;&gt;&gt;&gt;&gt;&gt;ALLIANCE DU Brachypodio rupestris-Centaureion nemoralis Braun-Blanq. 1967<\/em> (= +ou -, ie je renvoie artificiellement ici le Lino usitatissimi subsp. angustifoli &#8211; Gaudinion fragilis)<\/h5>\n\n\n\n<p><em>&gt;&gt;&gt;&gt;&gt;&gt;&gt;&gt;&gt;&gt;&gt;&gt;&gt;&gt;&gt;SOUS-ALLIANCE DU Brachypodio rupestris-Gaudinienion fragilis B. Foucault 2016<\/em><\/p>\n\n\n\n<ul class=\"wp-block-list\">\n<li>F06-09 \u2013 <em>Chamaemelo nobilis-Vicietum nigrae<\/em> B. Foucault 2016<\/li>\n\n\n\n<li>F06-07 \u2013 <em>Diantho armeriae-Spiranthetum spiralis<\/em> Labadille &amp; B. Foucault 1997 <em>Association avec optimum estival, mais \u00e9galement automnale pour la Spiranthe, et Scilla automnalis; Prairie d\u00e9crite par Foucault et Labadille en Basse-Normandie&nbsp;:irr\u00e9guli\u00e8re et localement clairsem\u00e9e ou la Gaudinie peut y former des faci\u00e8s. Par endroit plus haute et dense, et alors stratifi\u00e9e avec des Hemicryptophytes en touffes tels le <a href=\"https:\/\/lecompagnonrouge.fr\/?p=1280\">Fromental<\/a>, le tris\u00e8tes, et&nbsp;<a href=\"https:\/\/lecompagnonrouge.fr\/?p=1436\"><u>Anthoxanthum<\/u><\/a>. Sur fortes pentes s\u00e9chantes expos\u00e9e sud, Acido-neutroclines. Pr\u00e9sente comme caract\u00e9ristiques, Gaudinia fragilis (V), Dianthus armeria subsp armeria (V), Linum bienne (IV), Spiranthes spiralis (III); Des esp\u00e8ces oligotrophes: Festuca rubra subsp. rubra (V), Agrostis capillaris (V),&nbsp;<a href=\"https:\/\/lecompagnonrouge.fr\/?p=111\"><u>Centaurea nigra subsp. nigra<\/u><\/a>&nbsp;(V),&nbsp;<a href=\"https:\/\/lecompagnonrouge.fr\/?p=2259\"><u>Lotus corniculatus<\/u><\/a>&nbsp;(V),&nbsp;<a href=\"https:\/\/lecompagnonrouge.fr\/?p=1101\"><u>Rumex acetosella<\/u><\/a>(IV), R. pyreanicus (IV), Hieracium pilosella (iV),&nbsp;<a href=\"https:\/\/lecompagnonrouge.fr\/?p=1436\"><u>Anthoxanthum odoratum<\/u><\/a>&nbsp;(III);&nbsp;<a href=\"https:\/\/lecompagnonrouge.fr\/?p=1476\"><u>Teucrium scorodonia subsp scorodonia<\/u><\/a>&nbsp;(II),&nbsp;<a href=\"https:\/\/lecompagnonrouge.fr\/?p=1459\"><u>Luzula campestris(II)<\/u><\/a>, <a href=\"https:\/\/lecompagnonrouge.fr\/?p=10393\">Stachys officinalis(II)<\/a>,&nbsp;<a href=\"https:\/\/lecompagnonrouge.fr\/?p=1844\"><u>Hypochaeris radicata<\/u><\/a>&nbsp;(II),&nbsp;<a href=\"https:\/\/lecompagnonrouge.fr\/?p=1983\"><u>Pteridium aquilinum<\/u><\/a>&nbsp;(II), Polygala vulgaris(I); Des esp\u00e8ces de rangs plus \u00e9lev\u00e9:&nbsp;<a href=\"https:\/\/lecompagnonrouge.fr\/?p=1451\"><u>Achillea millefolium<\/u><\/a>,&nbsp;<a href=\"https:\/\/lecompagnonrouge.fr\/?p=1359\"><u>Leucanthemum vulgare,<\/u><\/a>&nbsp;Trisetum flavescens, <a href=\"https:\/\/lecompagnonrouge.fr\/?p=2815\">Knautia arvensis<\/a>, <a href=\"https:\/\/lecompagnonrouge.fr\/?p=3621\">Ranunculus bulbosus<\/a>,&nbsp;<a href=\"https:\/\/lecompagnonrouge.fr\/?p=1280\"><u>Arrhenatherum elatius subsp elatius<\/u><\/a>,&nbsp;<a href=\"https:\/\/lecompagnonrouge.fr\/?p=1371\"><u>Bromus hordaceus<\/u><\/a>,&nbsp;<a href=\"https:\/\/lecompagnonrouge.fr\/?p=1275\"><u>Dactylis glomerata<\/u><\/a>, <a href=\"https:\/\/lecompagnonrouge.fr\/?p=3642\">Allium vineale<\/a>,&nbsp;<a href=\"https:\/\/lecompagnonrouge.fr\/?p=652\"><u>Daucus carota subsp carota<\/u><\/a>;&nbsp;<a href=\"https:\/\/lecompagnonrouge.fr\/?p=946\"><u>Plantago lanceolata<\/u><\/a>,&nbsp;<a href=\"https:\/\/lecompagnonrouge.fr\/?p=2523\"><u>Crepis capillaris<\/u><\/a>,&nbsp;<a href=\"https:\/\/lecompagnonrouge.fr\/?p=509\"><u>Bellis perennis<\/u><\/a>,&nbsp;<a href=\"https:\/\/lecompagnonrouge.fr\/?p=1443\"><u>Cynosurus cristatus<\/u><\/a>,&nbsp;<a href=\"https:\/\/lecompagnonrouge.fr\/?p=1638\"><u>Cerastium fontanum<\/u><\/a>; Cerastium fontanum subsp. vulgare; Esp\u00e8ces pelousaires du Brometalia erecti: <a href=\"https:\/\/lecompagnonrouge.fr\/?p=4186\">Brachypodium pinnatum<\/a> (ici, le lien renvoie vers B. rupestre = B. pinnatum subsp. rupestre dans la mesure o\u00f9 l&rsquo;association est d\u00e9couverte en normandie. La sous-esp\u00e8ce type est de l&rsquo;Est), <a href=\"https:\/\/lecompagnonrouge.fr\/?p=3569\">Medicago lupulina<\/a>, Galium verum subsp verum, Ononis repens, Sanguisorba minor<\/em><\/li>\n\n\n\n<li>F06-10 \u2013 <em>Lino angustifolii-Filipenduletum vulgaris<\/em> Billy <em>ex <\/em>Th\u00e9baud, Roux, Bernard &amp; Delcoigne 2014<\/li>\n\n\n\n<li>F06-08 \u2013 <em>Luzulo campestris-Brometum hordeacei<\/em> B. Foucault (1981) 2008 Cette assoaciation fait partie des prairies maigres de l\u2019ancien Lino-Gaudinion. Il s\u2019agit de prairies de fauches ou mixtes, m\u00e9sohydriques, m\u00e9sothermoatlantiques, acidoclines. Se trouvant Plut\u00f4t plus souvent sur limons et plut\u00f4t limons sableux. Dans ce dernier cas, encore plus s\u00e9chant l\u2019\u00e9t\u00e9. Formation assez \u00e9tendue en France. Dans le nord du massif central, t\u00e9moigne d\u2019un niveau altitudinal (\u00e9ventuellement) planitiaire, ou collin\u00e9en (moins remani\u00e9es, les collines sont d\u00e9di\u00e9es \u00e0 l\u2019industrie du bois), et de climat Atlantique. T\u00e9moigne alors , \u00e0 cette \u00e9chelle, de ce climat. Ce type de prairie de fauche est \u00ab&nbsp;taill\u00e9e&nbsp;\u00bb pour des cheptels de peu de t\u00eates. Les solutions \u00e9conomiques impliquaient sans doute une gestion agricole communautaire. Selon la d\u00e9pendance \u00e0 ce type de parcellaire comprenant ce type de sol, plut\u00f4t favorable \u00e0 l\u2019habitat dispers\u00e9. La physionomie de cette association est un peu distincte&nbsp;: les herbes hautes n\u2019h\u00e9sitent aucunement \u00e0 d\u00e9voiler d\u00e8s le premier regard les plantes de tailles beaucoup plus m\u00e9diocres \u2026 Si ce n\u2019est dans quelques cas la nudit\u00e9-m\u00eame du sol. Divers!t\u00e9 floristique assez mod\u00e9r\u00e9e). Combinaison caract\u00e9ristique&nbsp;: &nbsp;<em><a href=\"https:\/\/lecompagnonrouge.fr\/?p=1459\"><u>Luzula campestris<\/u><\/a>,&nbsp;<a href=\"https:\/\/lecompagnonrouge.fr\/?p=1371\"><u>Bromus hordaceus<\/u><\/a>,&nbsp;<a href=\"https:\/\/lecompagnonrouge.fr\/?p=1844\"><u>Hypochaeris radicata<\/u><\/a>, <a href=\"https:\/\/lecompagnonrouge.fr\/?p=3292\">Malva moschata<\/a>,&nbsp;<a href=\"https:\/\/lecompagnonrouge.fr\/?p=1451\"><u>Achillea millefolium<\/u><\/a>, Trisetum flavescens,&nbsp;<a href=\"https:\/\/lecompagnonrouge.fr\/?p=117\"><u>Centaurea decipiens<\/u><\/a><\/em>&nbsp;<img loading=\"lazy\" decoding=\"async\" width=\"46\" height=\"46\" src=\"\" alt=\"\u2764\ufe0f\"><\/li>\n\n\n\n<li><em>Serapiado cordigerae-Schedonoretum pratensis<\/em> (Braun-Blanq. 1967) B. Foucault 2016<\/li>\n\n\n\n<li>Gr. \u00e0 <em>Malva moschata-Bromus hordeaceus<\/em><\/li>\n<\/ul>\n\n\n\n<h4 class=\"wp-block-heading\" id=\"Lino-angustifolii-Oenanthenion-pimpinelloidis\"><em>&gt;&gt;&gt;&gt;&gt;&gt;&gt;&gt;&gt;&gt;&gt;&gt;&gt;&gt;&gt;SOUS-ALLIANCE DU Lino angustifolii-Oenanthenion pimpinelloidis B. Foucault 2016<\/em><\/h4>\n\n\n\n<ul class=\"wp-block-list\">\n<li>Arrh\u00e9nath\u00e9raie de Brenne<\/li>\n\n\n\n<li>F06-06 \u2013 <em>Carici divisae-Trisetetum flavescentis<\/em> Hardy 2011<\/li>\n\n\n\n<li>F06-03 \u2013 <em>Centaureo nemoralis-Schedonoretum arundinaceae<\/em> Gruber <em>ex <\/em>B. Foucault 2016<\/li>\n\n\n\n<li>F06-04 \u2013 <em>Gaudinio fragilis-Arrhenatheretum elatioris<\/em> Braun-Blanq., Roussine &amp; N\u00e8gre 1952<\/li>\n\n\n\n<li><em>Gaudinio fragilis-Festucetum pratensis<\/em> Braun-Blanq. 1967 <em>emend.<\/em> B. Foucault 1989<\/li>\n\n\n\n<li>F06-05 \u2013 <em>Hordeo secalini-Oenanthetum pimpinelloidis<\/em> Labadille &amp; B. Foucault <em>in <\/em>B. Foucault 2016<\/li>\n\n\n\n<li>F06-02 \u2013 <em>Lino angustifolii-Brometum hordeacei<\/em> B. Foucault 2016 <em>Esp\u00e8ces caract\u00e9ristiques:&nbsp;<a href=\"https:\/\/lecompagnonrouge.fr\/?p=1280\"><u>Arrhenatherum eliatus<\/u><\/a>, <a href=\"https:\/\/lecompagnonrouge.fr\/?p=3292\">Malva moschata<\/a>, Tragopogon pratensis subsp. minor, Pimpinella siifolia, <a href=\"https:\/\/lecompagnonrouge.fr\/?p=3770\">Gallium mollugo<\/a> subsp. erectum, Heracleum pyrenaicum f. setosum,&nbsp;<a href=\"https:\/\/lecompagnonrouge.fr\/?p=624\"><u>Anthriscus sylvestris<\/u><\/a>, Crepis biennis<\/em>\n<ul class=\"wp-block-list\">\n<li>Diff\u00e9rentielles excluant le Lino-cynosuretum:&nbsp;<em>Poterium sanguisorba subsp. sanguisorba,&nbsp;<a href=\"https:\/\/lecompagnonrouge.fr\/?p=2630\"><u>Rumex acetosa<\/u><\/a>, Gallium verum, Prunella hastifolia,&nbsp;<a href=\"https:\/\/lecompagnonrouge.fr\/?p=111\"><u>Centaurea nigra subsp. nigra<\/u><\/a>, Lathyrus pratensis<\/em><\/li>\n\n\n\n<li>\u2014\u2014\u2013Diff\u00e9rentielle de la sous association \u00e0 Polygonum bistorta:&nbsp;<em>Persicaria bistorta,&nbsp;<\/em><em><a href=\"https:\/\/lecompagnonrouge.fr\/?p=1607\"><u>Alopecurus pratensis<\/u><\/a><\/em><em>, myosotis scorpioides,&nbsp;<\/em><em><a href=\"https:\/\/lecompagnonrouge.fr\/?p=2622\"><u>Rumex crispus<\/u><\/a><\/em><\/li>\n\n\n\n<li>\u2014\u2014\u2013Diff\u00e9rentielle de la sous association \u00e0 Centaurea seusana:&nbsp;<em>Cyanus graminifolius (= Centaurea triumfetti subsp. axillaris=Centaurea triumfetti var. seusana), Viola bubanii, Campanula glomerata, Tragopogon subsp. orientalis<\/em><\/li>\n\n\n\n<li>\u2014\u2014\u2013Diff\u00e9rentielle de la sous association \u00e0 Anthyllis dillenii:&nbsp;<em>Anthyllis vulneraria subsp. rubriflora,&nbsp;<a href=\"https:\/\/lecompagnonrouge.fr\/?p=1359\"><u>Leucanthemum vulgare<\/u><\/a>, Trifolium micranthum, Linum angustifolium, <a href=\"https:\/\/lecompagnonrouge.fr\/?p=5748\">Veronica chamaedrys<\/a>,&nbsp;<a href=\"https:\/\/lecompagnonrouge.fr\/?p=652\"><u>Daucus carota<\/u><\/a>, Primula veris<\/em><\/li>\n\n\n\n<li>\u2014\u2014\u2013Diff\u00e9rentielle de la sous association \u00e0 Avena sulcata:&nbsp;<em>Helictochloa marginata, Euphorbia hyberna, Pilosella officinarum, Arenaria serpyllifolia, <a href=\"https:\/\/lecompagnonrouge.fr\/?p=7409\">Anthemis arvensis<\/a>, <a href=\"https:\/\/lecompagnonrouge.fr\/?p=6827\">Holcus mollis<\/a><\/em><\/li>\n\n\n\n<li>Diff\u00e9rentielle de la variante \u00e0 Teucrium scorodonia:&nbsp;<em>Glandora prostata subsp. prostata (=Lithodorum diffusum =Lithospermum diffusum),&nbsp;<\/em><em><a href=\"https:\/\/lecompagnonrouge.fr\/?p=1101\"><u>Rumex acetosella<\/u><\/a><\/em><em>, Scleranthus annus, Xanthoselinum alsaticum subsp. venetum, Myosotis ramossissima subsp. ramossissima,&nbsp;<\/em><em><a href=\"https:\/\/lecompagnonrouge.fr\/?p=1476\"><u>Teucrium scorodonia<\/u><\/a><\/em><\/li>\n<\/ul>\n<\/li>\n\n\n\n<li>F06-01 \u2013 <em>Lino biennis-Cynosuretum cristati<\/em> Allorge <em>ex <\/em>T\u00fcxen &amp; Oberd. 1958<\/li>\n\n\n\n<li>Gr. \u00e0 <em>Gaudinia fragilis-Ranunculus bulbosus<\/em><\/li>\n\n\n\n<li>F06-16 \u2013 <em>Orchido morionis-Saxifragetum granulatae<\/em> Gaume <em>ex <\/em>B. Foucault 1989<\/li>\n<\/ul>\n\n\n\n<p><em>&gt;&gt;&gt;&gt;&gt;&gt;&gt;&gt;&gt;&gt;&gt;&gt;&gt;&gt;&gt;SOUS-ALLIANCE DU Rumici thyrsiflori-Arrhenatherenion elatioris Lacroix, Hardy, Guitton &amp; Le Bail 2014<\/em><\/p>\n\n\n\n<ul class=\"wp-block-list\">\n<li>F06-12 \u2013 <em>Eryngio campestris-Oenanthetum pimpinelloidis<\/em> Lacroix, Hardy, Guitton &amp; Le Bail 2014<\/li>\n\n\n\n<li>F06-11 \u2013 <em>Fritillario meleagridis-Arrhenatheretum elatioris<\/em> Lacroix, Hardy, Guitton &amp; Le Bail 2014<\/li>\n\n\n\n<li>F06-13 \u2013 <em>Trifolio maritimi-Galietum veri<\/em> Lacroix, Hardy, Guitton &amp; Le Bail 2014<\/li>\n\n\n\n<li>F06-15 \u2013 <em>Trifolio subterranei-Galietum veri<\/em> Lacroix, Hardy, Guitton &amp; Le Bail 2014<\/li>\n\n\n\n<li>F06-14 \u2013 <em>Vicio hirsutae-Arrhenatheretum elatioris<\/em> Lacroix, Hardy, Guitton &amp; Le Bail 2014<\/li>\n<\/ul>\n\n\n\n<p><em>&gt;&gt;&gt;&gt;&gt;&gt;&gt;&gt;&gt;&gt;&gt;&gt;&gt;SOUS-ALLIANCE DU Carici arenariae-Arrhenatherion elatioris B. Foucault 2016<\/em><\/p>\n\n\n\n<ul class=\"wp-block-list\">\n<li>Arrh\u00e9nath\u00e9raie \u00e0 <em>Brachypodium pinnatum<\/em><\/li>\n\n\n\n<li>Arrh\u00e9nath\u00e9raie \u00e0 <em>Veronica teucrium<\/em><\/li>\n\n\n\n<li>F06-20 \u2013 <em>Carici arenariae-Festucetum junceae<\/em> Julve 1989<\/li>\n\n\n\n<li>F06-18 \u2013 <em>Carici arenariae-Saxifragetum granulatae<\/em> B. Foucault 1986<\/li>\n\n\n\n<li>F06-19 \u2013 <em>Orobancho purpureae-Arrhenatheretum elatioris<\/em> Julve 1989 prairies primitives de Polders<em>:&nbsp;<a href=\"https:\/\/lecompagnonrouge.fr\/?p=1280\"><u>Arrhenantherum elatius subsp. elatius<\/u><\/a>; Orobanche purpurea; + diff\u00e9rentielles en provenance des pelouses sableuses submartimes, et d\u2019abondance souvent faible \u2014 ?-: Gallium verum subsp. verum var. maritimum;&nbsp;<a href=\"https:\/\/lecompagnonrouge.fr\/?p=2259\"><u>Lotus corniculatus subsp. corniculatus<\/u><\/a>; <a href=\"https:\/\/lecompagnonrouge.fr\/?p=3569\">medicago lupulina<\/a> subsp. lupulina; Festuca rubra subsp. fallax; Ononis spinosa subsp. martima var. maritima; Poa humilis; Phleum pratense subsp. serotinum; Carex arenaria;&nbsp;<a href=\"https:\/\/lecompagnonrouge.fr\/?p=1844\"><u>Hypochaeris radicata subsp. radicata<\/u><\/a>; Leontodon saxatilis subsp. crassifolius; <a href=\"https:\/\/lecompagnonrouge.fr\/?p=4133\">Sedum acre<\/a> subsp. acre; Avenula pubescens subsp pubescens<\/em><\/li>\n\n\n\n<li>F06-17 \u2013 <em>Sileno montanae-Arrhenatheretum elatioris<\/em> G\u00e9hu 2005 (=Sileno vulgaris subsp. maritimae \u2013 Arrhenatheretum elatioris subsp. bulbosi&nbsp;G\u00e9hu &amp; Franck 1982.) ASSOCIATION. Prairies primitives des galets submaritimes.&nbsp; <em><a href=\"https:\/\/lecompagnonrouge.fr\/?p=1280\">Arrhenatherum elatius subsp. eliatus<\/a>, <a href=\"https:\/\/lecompagnonrouge.fr\/?p=1285\">Arrhenatherum elatius subsp. bulbosum<\/a>, Pilosella officinarum, <a href=\"https:\/\/lecompagnonrouge.fr\/?p=3569\">Medicago lupulina<\/a> var. l., Silene uniflora subsp. Uniflora.<\/em>\n<ul class=\"wp-block-list\">\n<li><em>-Var typicum&nbsp;: <a href=\"https:\/\/lecompagnonrouge.fr\/?p=652\">Daucus carota subsp. carota<\/a>, <a href=\"https:\/\/lecompagnonrouge.fr\/?p=1799\">Picris hieracioides<\/a>, Jacobaea erucifolia.<\/em><\/li>\n\n\n\n<li>-caricetosum arenariae B. Foucault 2016 diff\u00e9renci\u00e9 par Carex arenaria, Medicago minima, Trifolium scabrum subsp. scabrum<\/li>\n<\/ul>\n<\/li>\n<\/ul>\n\n\n\n<p><em>&gt;&gt;&gt;&gt;&gt;&gt;&gt;&gt;&gt;&gt;&gt;ALLIANCE DU Triseto flavescentis-Polygonion bistortae Braun-Blanq. &amp; T\u00fcxen ex Marschall 1947<\/em><\/p>\n\n\n\n<h4 class=\"wp-block-heading\"><em>Alchemillo monticolae-Trisetenion flavescentis<\/em> Ferrez 2007<\/h4>\n\n\n\n<h4 class=\"wp-block-heading\" id=\"Campanulo-rhomboidalis-Trisetenion-flavescentis\"><em>Campanulo rhomboidalis-Trisetenion flavescentis<\/em> Dierschke <em>in <\/em>Theurillat 1992<\/h4>\n\n\n\n<h4 class=\"wp-block-heading\"><em>Lathyro linifolii-Trisetenion flavescentis<\/em> Dierschke <em>ex <\/em>B. Foucault <em>in <\/em>B. Foucault 2016<\/h4>\n\n\n\n<h4 class=\"wp-block-heading\">F06-73 \u2013 <em>Phyteumato spicati-Narcissetum poetici<\/em> Seytre <em>in <\/em>B. Foucault 2016<\/h4>\n\n\n\n<h4 class=\"wp-block-heading\"><em>Rhinantho pumili-Trisetenion flavescentis B. Foucault 2016<\/em><\/h4>\n\n\n\n<p><em>&gt;&gt;&gt;&gt;&gt;ORDRE DU Plantaginetalia majoris T\u00fcxen ex von Rochow 1951<\/em><\/p>\n\n\n\n<h5 class=\"wp-block-heading\" id=\"Lolio-perennis-Plantaginion-majoris\"><a><\/a> <em>&gt;&gt;&gt;&gt;&gt;&gt;&gt;&gt;&gt;&gt;&gt;ALLIANCE DU Lolio perennis-Plantaginion majoris G. Sissingh 1969<\/em><\/h5>\n\n\n\n<ul class=\"wp-block-list\">\n<li>F06-103 \u2013 <em>Anthemido nobilis-Agrostietum capillaris<\/em> P. Allorge <em>ex <\/em>B. Foucault <em>in <\/em>J.-M. Royer, Felzines, Misset &amp; Th\u00e9venin 2006<\/li>\n\n\n\n<li><em>Cichorietum intybi<\/em> (T\u00fcxen 1941) G. Sissingh 1969<\/li>\n\n\n\n<li>F06-105 \u2013 <em>Juncetum tenuis<\/em> Libbert <em>ex <\/em>Brun-Hool 1962 <em>nom. mut.<\/em> <em>prop.<\/em><\/li>\n\n\n\n<li>F06-101 \u2013 <em>Lolio perennis-Plantaginetum coronopodis<\/em> Kuhnholtz-Lordat <em>ex <\/em>G. Sissingh 1969<\/li>\n\n\n\n<li>F06-102 \u2013 <em>Medicagini lupulinae-Plantaginetum majoris<\/em> B. Foucault 1989<\/li>\n\n\n\n<li>F06-100 \u2013 <em>Plantagini majoris-Lolietum perennis<\/em> Linkola <em>ex <\/em>Beger 1932<\/li>\n\n\n\n<li>F06-104 \u2013 <em>Plantagini majoris-Sporoboletum tenacissimi<\/em> Braun-Blanq. 1967<\/li>\n<\/ul>\n\n\n\n<p><em>&gt;&gt;&gt;&gt;&gt;&gt;&gt;&gt;&gt;&gt;&gt;ALLIANCE DU Poion supinae Rivas Mart. &amp; G\u00e9hu 1978<\/em><\/p>\n\n\n\n<ul class=\"wp-block-list\">\n<li>F06-106 \u2013 <em>Gageo fistulosae-Poetum supinae<\/em> Berset 1957<\/li>\n\n\n\n<li>F06-107 \u2013 <em>Taraxaco pyrenaici-Poetum supinae<\/em> Carrillo &amp; Vigo 1984 <em>nom. mut.<\/em> <em>Propos.<\/em><\/li>\n<\/ul>\n\n\n\n<h4 class=\"wp-block-heading\" id=\"Trifolio-repentis-phleetalia\"><a><\/a><em>&gt;&gt;&gt;&gt;&gt;ORDRE DU Trifolio repentis-Phleetalia pratensis H. Passarge 1969 (=trifolion repentis-cynosuretalia cristatus. )<\/em><\/h4>\n\n\n\n<p><em>Prairies m\u00e9sohydriques p\u00e2tur\u00e9es ou pi\u00e9tin\u00e9es. Meuhhh&nbsp;!!<\/em><img loading=\"lazy\" decoding=\"async\" src=\"\" alt=\"\ud83d\udc2e\" width=\"46\" height=\"46\"> <img loading=\"lazy\" decoding=\"async\" src=\"\" alt=\"\ud83d\udc04\" width=\"46\" height=\"46\"><\/p>\n\n\n\n<p><em>&gt;&gt;&gt;&gt;&gt;&gt;&gt;&gt;&gt;&gt;&gt;ALLIANCE DU Cynosurion cristati T\u00fcxen 1947<\/em><\/p>\n\n\n\n<h4 class=\"wp-block-heading\" id=\"Alchemillo-xanthochlorae-Cynosurenion\"><em>&gt;&gt;&gt;&gt;&gt;&gt;&gt;&gt;&gt;&gt;&gt;&gt;&gt;SOUS-ALLIANCE DE L\u2019Alchemillo xanthochlorae-Cynosurenion cristati H. Passarge 1969<\/em><\/h4>\n\n\n\n<ul class=\"wp-block-list\">\n<li>F06-91 \u2013 <em>Alchemillo monticolae-Cynosuretum cristati<\/em> G\u00f6rs 1968<\/li>\n\n\n\n<li>F06-93 \u2013 <em>Cyano montani-Cynosuretum cristati<\/em> B. Foucault 2016<\/li>\n\n\n\n<li>F06-90 \u2013 <em>Festuco commutatae-Cynosuretum cristati<\/em> T\u00fcxen <em>in <\/em>B\u00fcker 1942<\/li>\n\n\n\n<li>F06-92 \u2013 <em>Gentiano luteae-Cynosuretum cristati<\/em> B. Foucault &amp; Gillet <em>in <\/em>Ferrez 2007<\/li>\n\n\n\n<li>F06-94 \u2013 <em>Scorzoneroido pyrenaicae-Festucetum rubrae<\/em> Carbiener &amp; Simler <em>in <\/em>B. Foucault 2016<\/li>\n\n\n\n<li>F06-96 \u2013 <em>Stellario gramineae-Poetum pratensis<\/em> Gallandat, Gillet, Havlicek &amp; Perrenoud 1995<\/li>\n\n\n\n<li>F06-95 \u2013 <em>Trifolio repentis-Agrostietum vulgaris<\/em> N\u00e8gre 1969<\/li>\n\n\n\n<li>Pr\u00e9 p\u00e2tur\u00e9 m\u00e9sophile d\u2019Aubrac<\/li>\n<\/ul>\n\n\n\n<p><em>&gt;&gt;&gt;&gt;&gt;&gt;&gt;&gt;&gt;&gt;&gt;&gt;&gt;SOUS-ALLIANCE DU Chamaemelo nobilis-Cynosurenion cristati B. Foucault 2016<\/em><\/p>\n\n\n\n<ul class=\"wp-block-list\">\n<li>F06-82 \u2013 <em>Chamaemelo nobilis-Trifolietum repentis<\/em> B. Foucault 1995<\/li>\n\n\n\n<li>Gr. \u00e0 <em>Danthonia decumbens-Chamaemelum nobile<\/em><\/li>\n\n\n\n<li>Gr. \u00e0 <em>Poa trivialis-Chamaemelum nobile<\/em><\/li>\n\n\n\n<li>Prairie \u00e0 <em>Chamaemelum nobile<\/em><\/li>\n<\/ul>\n\n\n\n<h4 class=\"wp-block-heading\" id=\"Danthonio-decumbentis-Cynosurenion-cristati\"><em>&gt;&gt;&gt;&gt;&gt;&gt;&gt;&gt;&gt;&gt;&gt;&gt;&gt;SOUS-ALLIANCE DU Danthonio decumbentis-Cynosurenion cristati B. Foucault 2016<\/em><\/h4>\n\n\n\n<ul class=\"wp-block-list\">\n<li>F06-83 \u2013 <em>Luzulo campestris-Cynosuretum cristati<\/em> B. Foucault 2016 ASSOCIATION donn\u00e9es ici peut-\u00eatre un peu d\u00e9su\u00e8tes (?) <em>Festuca rubra subsp. rubra,&nbsp;<a href=\"https:\/\/lecompagnonrouge.fr\/?p=1459\"><u>Luzula campestris<\/u><\/a>, <a href=\"https:\/\/lecompagnonrouge.fr\/?p=10393\">Stachys officinalis, subsp. offcinalis<\/a>, Carex caryophillea var. caryophillea,&nbsp;<a href=\"https:\/\/lecompagnonrouge.fr\/?p=2259\"><u>Lotus corniculatus subsp. corniculatus<\/u><\/a>, Trifolium dubium,&nbsp;<a href=\"https:\/\/lecompagnonrouge.fr\/?p=2523\"><u>Crepis capillaris<\/u><\/a>&nbsp;(\u00e9cophyte vivace),&nbsp;<a href=\"https:\/\/lecompagnonrouge.fr\/?p=1359\"><u>Leucanthemum vulgare subsp. vulgare var. vulgare<\/u><\/a><\/em>\n<ul class=\"wp-block-list\">\n<li>-Variante \u00e0 Hieracium pilosella et <a href=\"https:\/\/lecompagnonrouge.fr\/?p=3621\">Ranunculus bulbosus<\/a>: <em>Hieracium pilosella (V),&nbsp;<a href=\"https:\/\/lecompagnonrouge.fr\/?p=206\"><u>Thymus pulegoides subsp. pulegoides<\/u><\/a>&nbsp;(II), Aphanes australis (II), <a href=\"https:\/\/lecompagnonrouge.fr\/?p=3621\">Ranunculus bulbosus<\/a> (III)<\/em><\/li>\n\n\n\n<li><em>\u2013Variante \u00e0 Hieracium pilosella, <a href=\"https:\/\/lecompagnonrouge.fr\/?p=3621\">Ranunculus bulbosus<\/a> et Succisa pratensis:Hieracium pilosella (V), Ranunculus bulbosus(V), Succisa pratensis(V), Potentilla erecta (II), Danthonia decumbens (IV), Viola canina (I),&nbsp;<a href=\"https:\/\/lecompagnonrouge.fr\/?p=1428\"><u>Ajuga reptens<\/u><\/a>&nbsp;(I)<\/em><\/li>\n\n\n\n<li><em>\u2013Variante \u00e0 <a href=\"https:\/\/lecompagnonrouge.fr\/?p=3621\">Ranunculus bulbosus<\/a> et Succisa pratensis: <a href=\"https:\/\/lecompagnonrouge.fr\/?p=3621\">Ranunculus bulbosus<\/a>(3), Succisa pratensis(3), Potentilla erecta(3), Danthonia decumbens (3)<\/em><\/li>\n\n\n\n<li><em>\u2013Variante \u00e0 <a href=\"https:\/\/lecompagnonrouge.fr\/?p=3621\">Ranunculus bulbosus<\/a>, Succisa pratensis,&nbsp;<a href=\"https:\/\/lecompagnonrouge.fr\/?p=1428\"><u>Ajuga reptens<\/u><\/a>: <a href=\"https:\/\/lecompagnonrouge.fr\/?p=3621\">Ranunculus bulbosus<\/a> (1), Succisa pratensis (1), Danthonia decumbens (1),&nbsp;<a href=\"https:\/\/lecompagnonrouge.fr\/?p=1428\"><u>Ajuga reptens<\/u><\/a>&nbsp;(1)<\/em><\/li>\n\n\n\n<li><em>\u2013Variante \u00e0 Succisa pratensis,&nbsp;<a href=\"https:\/\/lecompagnonrouge.fr\/?p=1428\"><u>Ajuga reptans<\/u><\/a>:<a href=\"https:\/\/lecompagnonrouge.fr\/?p=3621\">Ranunculus bulbosus<\/a> (+), Succisa pratensis (V), Potentilla erecta (IV), Danthonia decumbens (III), Viola canina (I), Polygala vulgaris (+),&nbsp;<a href=\"https:\/\/lecompagnonrouge.fr\/?p=1428\"><u>Ajuga reptens<\/u><\/a>(IV), Cirsium palustre (V), <a href=\"https:\/\/lecompagnonrouge.fr\/?p=3676\">Ranunculus repens<\/a> (I),&nbsp;<a href=\"https:\/\/lecompagnonrouge.fr\/?p=1319\"><u>Cardamine pratensis<\/u><\/a>&nbsp;(I)<\/em><\/li>\n\n\n\n<li><em>NORD MASSIF CENTRAL&nbsp;:<a href=\"https:\/\/lecompagnonrouge.fr\/?p=1459\"><u>Luzula campestris<\/u><\/a>, <a href=\"https:\/\/lecompagnonrouge.fr\/?p=3621\">Ranunculus bulbosus<\/a>, Pilosella lactucella, Polygala vulgaris, <a href=\"https:\/\/lecompagnonrouge.fr\/?p=2815\">Knautia arvensis<\/a>, Leontodon hispidus<\/em><\/li>\n\n\n\n<li><em>\u2013Variante \u00e0 Succisa pratensis, Lotus pedunculatus: Succisa pratensis (V), Potentilla erecta (V), Danthonia decumbens (I), Viola canina (IV), Polygala vulgaris (I),&nbsp;<a href=\"https:\/\/lecompagnonrouge.fr\/?p=1428\"><u>Ajuga reptans<\/u><\/a>(V), Cirsium palustre (IV), <a href=\"https:\/\/lecompagnonrouge.fr\/?p=3676\">Ranunculus repens<\/a> (III),&nbsp;<a href=\"https:\/\/lecompagnonrouge.fr\/?p=1319\"><u>Cardamine pratensis<\/u><\/a>&nbsp;(II), Lotus pendunculatus (V), Wahlenbergia hederacea (IV),&nbsp;<a href=\"https:\/\/lecompagnonrouge.fr\/?p=1314\"><u>Lysimachia nemorum<\/u><\/a>&nbsp;subsp. nemorum (IV),&nbsp;<a href=\"https:\/\/lecompagnonrouge.fr\/?p=1915\"><u>Angelica sylvestris<\/u><\/a>&nbsp;(III), <a href=\"https:\/\/lecompagnonrouge.fr\/?p=6841\">Filipendula ulmaria<\/a> (II)<\/em><\/li>\n<\/ul>\n<\/li>\n<\/ul>\n\n\n\n<p><em>&gt;&gt;&gt;&gt;&gt;&gt;&gt;&gt;&gt;&gt;&gt;&gt;&gt;SOUS-ALLIANCE DU Galio veri-Cynosurenion cristati Rivas Goday &amp; Rivas Mart. 1963<\/em><\/p>\n\n\n\n<ul class=\"wp-block-list\">\n<li>F06-86 \u2013 <em>Centaureo subrhomboidalis-Cynosuretum cristati<\/em> N\u00e8gre 1969<\/li>\n\n\n\n<li>F06-84 \u2013 <em>Eryngio maritimi-Plantaginetum lanceolatae<\/em> Julve 1989<\/li>\n\n\n\n<li>F06-85 \u2013 <em>Medicagini lupulinae-Cynosuretum cristati<\/em> H. Passarge 1969<\/li>\n<\/ul>\n\n\n\n<p id=\"lolio-cynosurenion\"><em>&gt;&gt;&gt;&gt;&gt;&gt;&gt;&gt;&gt;&gt;&gt;&gt;&gt;SOUS-ALLIANCE DU Lolio perennis-Cynosurenion cristati Jurko 1974<\/em>. <\/p>\n\n\n\n<ul class=\"wp-block-list\">\n<li><em>Caro carvi-Cynosuretum cristati<\/em><\/li>\n\n\n\n<li>F06-87 \u2013 <em>Cirsio arvensis-Lolietum perennis<\/em> B. Foucault 2016 <em>Alopecurus geniculatus; <a href=\"https:\/\/lecompagnonrouge.fr\/?p=10166\">Cirsium arvense var. arvense<\/a>; Hordeum bulbosum subsp. nodosum;&nbsp;<a href=\"https:\/\/lecompagnonrouge.fr\/?p=624\"><u>Anthriscus sylvestris subsp. sylvestris<\/u><\/a>;&nbsp;<a href=\"https:\/\/lecompagnonrouge.fr\/?p=652\"><u>Daucus carota subsp. carota<\/u><\/a>;&nbsp;<a href=\"https:\/\/lecompagnonrouge.fr\/?p=698\"><u>Heracleum sphondylium subsp. sphondylium<\/u><\/a><\/em><\/li>\n\n\n\n<li>F06-89 \u2013 <em>Cynosuro cristati-Trifolietum repentis<\/em> O. Bol\u00f2s (1967) 1983<\/li>\n\n\n\n<li>F06-88 \u2013 <em>Festuco rubrae-Crepidetum capillaris<\/em> H\u00fclbusch &amp; Kienast <em>in <\/em>Kienast 1978. (Inclus: Bellidetum perennis). Gazons (urbains), tondus plus de 4 fois par an, et pi\u00e9tinn\u00e9s. Caract\u00e9ris\u00e9 par: <em><a href=\"https:\/\/lecompagnonrouge.fr\/?p=509\">Bellis perennis<\/a>, <a href=\"https:\/\/lecompagnonrouge.fr\/?p=1451\">Achillea millefolium<\/a>, <a href=\"https:\/\/lecompagnonrouge.fr\/?p=1275\">Dactylis glomerata subsp. glomerata<\/a>, <a href=\"https:\/\/lecompagnonrouge.fr\/?p=2523\">Crepis capillaris<\/a>, Festuca rubra subsp. rubra, <a href=\"https:\/\/lecompagnonrouge.fr\/?p=3676\">Ranunculus repens<\/a>, <a href=\"https:\/\/lecompagnonrouge.fr\/?p=954\">Plantago major subsp. major<\/a>, <a href=\"https:\/\/lecompagnonrouge.fr\/?p=4141\">Lolium perenne<\/a>, Poa pratensis subsp. pratensis, <a href=\"https:\/\/lecompagnonrouge.fr\/?p=1083\">Trifolium repens var. repens<\/a><\/em>\n<ul class=\"wp-block-list\">\n<li>variation typicum: diff\u00e9renci\u00e9 n\u00e9gativement<\/li>\n\n\n\n<li>variation lantaginetosum mediae Kienast 1978 diff\u00e9renci\u00e9 par <em>Plantago media subsp. media, <a href=\"https:\/\/lecompagnonrouge.fr\/?p=9947\">Stellaria graminea<\/a>, Potentilla verna<\/em>, correspondant \u00e0 une variation plus m\u00e9sophile et plus m\u00e9sotrophile ;<\/li>\n\n\n\n<li>Variation prunelletosum vulgaris Kienast 1978 diff\u00e9renci\u00e9 par<em> <a href=\"https:\/\/lecompagnonrouge.fr\/?p=2019\">Prunella vulgaris<\/a>, Scorzoneroides autumnalis<\/em>, correspondant \u00e0 une variation plus m\u00e9sohygrophile et plus eutrophile ; <em>Veronica filiformis<\/em> peut s\u2019y naturaliser.<\/li>\n\n\n\n<li>Agrostietisum stoloniferea (?), diff\u00e9renci\u00e9 par Agrostis stolonifera subsp. stolonifera, (Ranunculus repens)<\/li>\n<\/ul>\n<\/li>\n<\/ul>\n\n\n\n<p><em>&gt;&gt;&gt;&gt;&gt;&gt;&gt;&gt;&gt;&gt;&gt;ALLIANCE DU Poion alpinae Gams ex Oberd. 1950<\/em><\/p>\n\n\n\n<ul class=\"wp-block-list\">\n<li>F06-98 \u2013 <em>Crepido aureae-Cynosuretum cristati<\/em> Knapp 1962<\/li>\n\n\n\n<li>F06-97 \u2013 <em>Crepido aureae-Festucetum rubrae<\/em> L\u00fcdi 1948<\/li>\n\n\n\n<li>F06-99 \u2013 <em>Luzulo alpestris-Koelerietum pyramidatae<\/em> B\u00e9guin 1972<\/li>\n<\/ul>\n\n\n\n<p><\/p>\n\n\n\n<h2 class=\"wp-block-heading\"><strong>\u2013 <em>Cardaminetea hirsutae<\/em> G\u00e9hu 1999. RANG&nbsp;: CLASSE.<\/strong><\/h2>\n\n\n\n<p>Ourlets th\u00e9rophytiques h\u00e9misciaphiles nitrophiles, thermophiles \u00e0 m\u00e9sothermophiles, avec biomasse peu marqu\u00e9e. Pr\u00e9sentant beaucoup d\u2019Apiaceae&nbsp;: <em>Anthriscus<\/em>, <em>Sison<\/em>, <em>Petroselinum<\/em>, <em>Torilis <\/em>\u2026), des Caprifoliaceae herbac\u00e9es telles que <em>Centranthus<\/em>, <em>Valerianella<\/em>, des Rubiaceae comme <em>Galium<\/em>, <em><a href=\"https:\/\/lecompagnonrouge.fr\/?p=9446\">Sherardia<\/a><\/em>, <em>Theligonum<\/em>, <em>Valantia<\/em>, des <em>Geranium<\/em>), des Brassicaceae comme <em>Arabidopsis<\/em>,<em> Arabis<\/em>, <em>Barbarea<\/em>, <em>Calepina<\/em>, <em>Cardamine<\/em>, <em>Cochlearia<\/em>, <em>Erophila<\/em>, <em>Thlaspi<\/em>, des Crassulaceae tels <em>Sedum<\/em>, <em>Aichryson <\/em>\u2026<\/p>\n\n\n\n<p><em>&gt;&gt;&gt;&gt;&gt;ORDRE DU Bromo sterilis-Cardaminetalia hirsutae B. Foucault 2009<\/em><\/p>\n\n\n\n<p><em>&gt;&gt;&gt;&gt;&gt;&gt;&gt;&gt;&gt;&gt;&gt;ALLIANCE DU Anthrisco caucalidis-Cochlearion danicae B. Foucault 2009<\/em><\/p>\n\n\n\n<ul class=\"wp-block-list\">\n<li>F14-13 \u2013 <em>Anthrisco caucalidis-Cochlearietum danicae<\/em> Bioret <em>et al.<\/em> 1993<\/li>\n\n\n\n<li>F14-12 \u2013 <em>Claytonio perfoliatae-Anthriscetum caucalidis<\/em> Izco <em>et al.<\/em> 1978<\/li>\n\n\n\n<li>F14-16 \u2013 <em>Cochleario danicae-Claytonietum perfoliatae<\/em> G\u00e9hu 2008<\/li>\n\n\n\n<li>F14-14 \u2013 <em>Fumario boraei-Anthriscetum caucalidis<\/em> Izco <em>et al.<\/em> 1978<\/li>\n\n\n\n<li>F14-17 \u2013 <em>Galio aparines-Fumarietum boraei<\/em> G\u00e9hu 2006<\/li>\n\n\n\n<li>F14-18 \u2013 <em>Parietario judaicae-Fumarietum capreolatae<\/em> G\u00e9hu 2006<\/li>\n\n\n\n<li>F14-15 \u2013 <em>Ranunculo parviflori-Geranietum mollis<\/em> Provost <em>ex <\/em>B. Foucault 2009<\/li>\n<\/ul>\n\n\n\n<p><em>&gt;&gt;&gt;&gt;&gt;&gt;&gt;&gt;&gt;&gt;&gt;ALLIANCE DU Drabo muralis-Cardaminion hirsutae B. Foucault 1988<\/em><\/p>\n\n\n\n<ul class=\"wp-block-list\">\n<li>F14-09 \u2013 <em>Barbareetum vernae<\/em> Robbe <em>ex<\/em> J.-M. Royer <em>et al.<\/em> 2006<\/li>\n\n\n\n<li>F14-10 \u2013 <em>Cardamino hirsutae-Arabidopsietum thalianae<\/em> G\u00e9hu 1999<\/li>\n\n\n\n<li>F14-11 \u2013 <em>Drabo muralis-Myosotidetum pusillae<\/em> B. Foucault 2009<\/li>\n\n\n\n<li>F14-02 \u2013 <em>Geranietum lucido-columbini<\/em> B. Foucault 1989<\/li>\n\n\n\n<li>F14-03 \u2013 <em>Geranio columbini-Cardaminetum hirsutae<\/em> Royer <em>in <\/em>Royer <em>et al.<\/em> 2006<\/li>\n\n\n\n<li>F14-06 \u2013 <em>Geranio lucidi-Cardaminetum hirsutae<\/em> B. Foucault &amp; Frileux 1983<\/li>\n\n\n\n<li>F14-05 \u2013 <em>Geranio lucidi-Sedetum cepaeae<\/em> Oberd. 1954<\/li>\n\n\n\n<li>F14-08 \u2013 <em>Geranio purpurei-Anthriscetum caucalidis<\/em> Bioret <em>et al.<\/em> 1993<\/li>\n\n\n\n<li>F14-07 \u2013 <em>Sedetum cepaeae<\/em> Robbe <em>ex <\/em>J.-M. Royer <em>et al.<\/em> 2006<\/li>\n\n\n\n<li>F14-04 \u2013 <em>Valerianello carinatae-Calepinetum irregularis<\/em> B. Foucault 2008<\/li>\n\n\n\n<li>gr. \u00e0 <em>Senecio lividus-Myosotis balbisiana<\/em> B. Foucault 2009<\/li>\n<\/ul>\n\n\n\n<p><em>&gt;&gt;&gt;&gt;&gt;ORDRE DU Geranio purpurei-Cardaminetalia hirsutae Brullo in Brullo &amp; Marceno 1985<\/em><\/p>\n\n\n\n<p><em>&gt;&gt;&gt;&gt;&gt;&gt;&gt;&gt;&gt;&gt;&gt;ALLIANCE DU Cardaminion graecae Biondi et al. 2004<\/em><\/p>\n\n\n\n<ul class=\"wp-block-list\">\n<li><em>Geranio lucidi-Cardaminetum graecae<\/em> Biondi <em>et al.<\/em> 2004<\/li>\n<\/ul>\n\n\n\n<p><em>&gt;&gt;&gt;&gt;&gt;&gt;&gt;&gt;&gt;&gt;&gt;ALLIANCE DU Geranio pusilli-Anthriscion caucalidis Rivas-Mart. 1978<\/em><\/p>\n\n\n\n<ul class=\"wp-block-list\">\n<li><em>Cardamino hirsutae-Erophiletum praecocis<\/em> O. Bol\u00f2s 1981<\/li>\n<\/ul>\n\n\n\n<p><em>&gt;&gt;&gt;&gt;&gt;&gt;&gt;&gt;&gt;&gt;&gt;ALLIANCE DU Parietarion lusitanico-mauritanicae Rivas-Mart. et al. 2001<\/em><\/p>\n\n\n\n<ul class=\"wp-block-list\">\n<li><em>Anogrammo leptophyllae-Parietarietum lusitanicae<\/em> Rivas-Mart. &amp; Ladero <em>in <\/em>Rivas-Mart. 1978<\/li>\n<\/ul>\n\n\n\n<p><em>&gt;&gt;&gt;&gt;&gt;&gt;&gt;&gt;&gt;&gt;&gt;ALLIANCE DU Valantio muralis-Galion muralis Brullo in Brullo &amp; Marceno 1985<\/em><\/p>\n\n\n\n<ul class=\"wp-block-list\">\n<li>F14-01 \u2013 <em>Fumario capreolatae-Torilidetum nodosae<\/em> B. Foucault 2009<\/li>\n\n\n\n<li><em>Parietarietum lusitanicae Sutter 1973&nbsp;: groupement non encore d\u00e9finitivement valid\u00e9.<\/em><\/li>\n<\/ul>\n\n\n\n<p><\/p>\n\n\n\n<h2 class=\"wp-block-heading\">\u2013 <em>Carpino betuli-Fagetea sylvaticae<\/em> Jakucs 1967. RANG&nbsp;: CLASSE.<\/h2>\n\n\n\n<p><em>For\u00eats planitiaires \u00e0 montagnardes, acidiclinophiles \u00e0 neutrocalcicoles, rarement acidiphiles, avec bilan hydrique favorable, pr\u00e9sentant souvent des fertilit\u00e9s \u00e9lev\u00e9es. Les plus vieux arbres atteignent des dimensions importantes. Caract\u00e9ris\u00e9 par des Dryades telles <a href=\"https:\/\/lecompagnonrouge.fr\/?p=9657\">Fagus sylvatica<\/a>, Abies alba, et pour les herbac\u00e9es, des plantes telles <a href=\"https:\/\/lecompagnonrouge.fr\/?p=1428\">Ajuga reptans<\/a>, Anemone nemorosa, Athyrium filix-femina, <a href=\"https:\/\/lecompagnonrouge.fr\/?p=4194\">Brachypodium sylvaticum<\/a>, Carex sylvatica, <a href=\"https:\/\/lecompagnonrouge.fr\/?p=1466\">Dryopteris filix-mas,<\/a> <a href=\"https:\/\/lecompagnonrouge.fr\/?p=581\">Euphorbia amygdaloides<\/a>, <a href=\"https:\/\/lecompagnonrouge.fr\/?p=3814\">Euonymus europaeus<\/a>,<a href=\"https:\/\/lecompagnonrouge.fr\/?p=1260\">Lamium galeobdolon<\/a>, Melica uniflora, <a href=\"https:\/\/lecompagnonrouge.fr\/?p=4020\">Mercurialis perennis<\/a>, <a href=\"https:\/\/lecompagnonrouge.fr\/?p=4057\">Oxalis acetosella<\/a>, <a href=\"https:\/\/lecompagnonrouge.fr\/?p=3329\">Stellaria holostea<\/a>. <a href=\"https:\/\/lecompagnonrouge.fr\/?p=101\">Hedera helix<\/a>, <a href=\"https:\/\/lecompagnonrouge.fr\/?p=8967\">Poa nemoralis<\/a>, Fragaria vesca, <a href=\"https:\/\/lecompagnonrouge.fr\/?p=3490\">Corylus avellana<\/a>, <a href=\"https:\/\/lecompagnonrouge.fr\/?p=3601\">Vicia sepium<\/a><\/em><\/p>\n\n\n\n<p><em>-SOUS-CLASSE DU Fagenea sylvaticae<\/em> (H. Passarge 1968, R. Boeuf 2014) Renaux, Timbal, Gauberville, Th\u00e9baud, Bardat, Lalanne, J.-M. Royer &amp; Seytre 2019<\/p>\n\n\n\n<p><em>&gt;&gt;&gt;&gt;&gt;ORDRE DU Fagetalia sylvaticae T\u00fcxen in Barner 1931<\/em><\/p>\n\n\n\n<p><em>&gt;&gt;&gt;&gt;&gt;&gt;&gt;SOUS-ORDRE DU Carpino betuli-Fagenalia sylvaticae (Scamoni &amp; H. Passarge 1959) R. Boeuf &amp; J.-M. Royer in R. Boeuf 2014<\/em><\/p>\n\n\n\n<p><em>&gt;&gt;&gt;&gt;&gt;&gt;&gt;&gt;&gt;&gt;&gt;ALLIANCE DU Carpino betuli-Fagion sylvaticae R. Boeuf, Renaux &amp; J.-M. Royer in R. Boeuf 2011<\/em><\/p>\n\n\n\n<ul class=\"wp-block-list\">\n<li>57c-42 \u2013 <em>Androsaemo officinalis-Fagetum sylvaticae<\/em> Comps, J. Letouzey &amp; Timbal <em>ex <\/em>Renaux, Timbal, Gauberville, Th\u00e9baud, Bardat, Lalanne, J.-M. Royer &amp; Seytre 2019<\/li>\n\n\n\n<li>57c-35 \u2013 <em>Daphno laureolae-Fagetum sylvaticae<\/em> Durin, G\u00e9hu, Noirfalise &amp; Sougnez 1967<\/li>\n\n\n\n<li>57c-26 \u2013 <em>Deschampsio cespitosae-Fagetum sylvaticae<\/em> Rameau <em>ex <\/em>Renaux, R. Boeuf &amp; J.-M. Royer 2011<\/li>\n\n\n\n<li>57c-30 \u2013 <em>Endymio non-scriptae-Fagetum sylvaticae<\/em> Durin, G\u00e9hu, Noirfalise &amp; Sougnez 1967<\/li>\n\n\n\n<li>57c-40 \u2013 <em>Epilobio montani-Fagetum sylvaticae<\/em> Billy <em>ex <\/em>Renaux, Timbal, Gauberville, Th\u00e9baud, Bardat, Lalanne, J.-M. Royer &amp; Seytre 2019<\/li>\n\n\n\n<li>57c-29 \u2013 <em>Equiseto hyemalis-Fagetum sylvaticae<\/em> R. Boeuf, Michiels &amp; Hauschild <em>ex <\/em>R. Boeuf &amp; N. Simler <em>in <\/em>R. Boeuf 2011<\/li>\n\n\n\n<li>57c-39 \u2013 <em>Lilio martagon-Quercetum petraeae<\/em> Billy <em>ex <\/em>Renaux, Timbal, Gauberville, Th\u00e9baud, Bardat, Lalanne, J.-M. Royer &amp; Seytre 2019<\/li>\n\n\n\n<li>57c-33 \u2013 <em>Lonicero periclymeni-Fagetum sylvaticae<\/em> H. Passarge 1957<\/li>\n\n\n\n<li>57c-37 \u2013 <em>Luzulo sylvaticae-Quercetum petraeae<\/em> J.-M. Royer &amp; Th\u00e9venin 2006 in. J.-M. Royer, Felzines, Misset &amp; Th\u00e9venin 2006<\/li>\n\n\n\n<li>57c-32 \u2013 <em>Mercurialo perennis-Aceretum campestris<\/em> Bardat <em>ex <\/em>Renaux, Timbal, Gauberville, Th\u00e9baud, Bardat, Lalanne, J.-M. Royer &amp; Seytre 2019<\/li>\n\n\n\n<li>57c-34 \u2013 <em>Milio effusi-Quercetum petraeae<\/em> A.-H. Paradis &amp; G. Causse <em>in <\/em>Renaux, Timbal, Gauberville, Th\u00e9baud, Bardat, Lalanne, J.-M. Royer &amp; Seytre 2019<\/li>\n\n\n\n<li>57c-38 \u2013 <em>Polygonato multiflori-Fagetum sylvaticae<\/em> C. Roux <em>in <\/em>Th\u00e9baud, C. Roux, C.-E. Bernard &amp; Delcoigne 2014<\/li>\n\n\n\n<li>57c-31 \u2013 <em>Pteridio aquilini-Fagetum sylvaticae<\/em> (Bardat 1993) Renaux, Timbal, Gauberville, Th\u00e9baud, Bardat, Lalanne, J.-M. Royer &amp; Seytre 2019<\/li>\n\n\n\n<li>57c-43 \u2013 <em>Pulmonario affinis-Fagetum sylvaticae<\/em> Comps, J. Letouzey &amp; Timbal 1981 <em>ex <\/em>Renaux, Timbal, Gauberville, Th\u00e9baud, Bardat, Lalanne, J.-M. Royer &amp; Seytre 2019<\/li>\n\n\n\n<li>57c-41 \u2013 <em>Rubio peregrinae-Fagetum sylvaticae<\/em> Roisin 1967<\/li>\n\n\n\n<li>57c-36 \u2013 <em>Rusco aculeati-Fagetum sylvaticae<\/em> Durin, G\u00e9hu, Noirfalise &amp; Sougnez 1967<\/li>\n\n\n\n<li>57c-44 \u2013 <em>Saniculo europaeae-Carpinetum<\/em> Gruber 1988<\/li>\n\n\n\n<li>57c-27 \u2013 <em>Scillo bifoliae-Carpinetum betuli<\/em> Rameau 1974<\/li>\n\n\n\n<li>57c-28 \u2013 <em>Ulmo glabrae-Fagetum sylvaticae<\/em> (Rameau, A. Brunaud, F. Bugnon &amp; J.-M. Royer 1971) Renaux, R. Boeuf, Timbal &amp; J.-M. Royer <em>in <\/em>R. Boeuf 2014<\/li>\n<\/ul>\n\n\n\n<p><em>&gt;&gt;&gt;&gt;&gt;&gt;&gt;&gt;&gt;&gt;&gt;ALLIANCE DU Polysticho setiferi-Fraxinion excelsioris G\u00e9hu 2007 ex Renaux, Timbal, Gauberville, Th\u00e9baud, Bardat, Lalanne, J.-M. Royer &amp; Seytre 2019<\/em><\/p>\n\n\n\n<ul class=\"wp-block-list\">\n<li>57c-50 \u2013 <em>Aro neglecti-Fraxinetum excelsioris<\/em> G\u00e9hu &amp; G\u00e9hu-Franck 1988<\/li>\n\n\n\n<li>57c-49 \u2013 <em>Aro neglecti-Ulmetum minoris<\/em> G\u00e9hu &amp; G\u00e9hu-Franck <em>ex <\/em>Renaux, Timbal, Gauberville, Th\u00e9baud, Bardat, Lalanne, J.-M. Royer &amp; Seytre 2019<\/li>\n\n\n\n<li>57c-45 \u2013 <em>Conopodio majoris-Fagetum sylvaticae<\/em> G\u00e9hu &amp; G\u00e9hu-Franck 1988<\/li>\n\n\n\n<li>57c-46 \u2013 <em>Conopodio majoris-Fraxinetum excelsioris<\/em> G\u00e9hu &amp; G\u00e9hu-Franck 1988<\/li>\n\n\n\n<li>57c-51 \u2013 <em>Polysticho setiferi-Fraxinetum excelsioris<\/em> (T\u00fcxen &amp; Oberdorfer 1958) C. Navarro (1982) <em>ex <\/em>T.E. Diaz &amp; F. Prieto 1994<\/li>\n\n\n\n<li>57c-48 \u2013 <em>Rubio peregrinae-Quercetum petraeae<\/em> Bioret &amp; Gallet 2011<\/li>\n\n\n\n<li>57c-47 \u2013 <em>Rubio peregrinae-Quercetum roboris<\/em> G\u00e9hu &amp; G\u00e9hu-Franck 1988<\/li>\n<\/ul>\n\n\n\n<p><em>&gt;&gt;&gt;&gt;&gt;&gt;&gt;SOUS-ORDRE DU Cephalanthero damasonii-Fagenalia sylvaticae Rameau ex R. Boeuf &amp; Royer in R. Boeuf 2014<\/em><\/p>\n\n\n\n<p><em>&gt;&gt;&gt;&gt;&gt;&gt;&gt;&gt;&gt;&gt;&gt;ALLIANCE DU Cephalanthero damasonii-Fagion sylvaticae (T\u00fcxen 1955) Willner 2002<\/em><\/p>\n\n\n\n<p><em>&gt;&gt;&gt;&gt;&gt;&gt;&gt;&gt;&gt;&gt;&gt;&gt;&gt;SOUS-ALLIANCE DU Antherico ramosi-Fagenion sylvaticae H. Passarge ex R. Boeuf 2014<\/em><\/p>\n\n\n\n<ul class=\"wp-block-list\">\n<li>57c-65 \u2013 <em>Aceri monspessulani-Fagetum sylvaticae<\/em> Comps, J. Letouzey &amp; Timbal <em>ex <\/em>Renaux, Timbal, Gauberville, Th\u00e9baud, Bardat, Lalanne, J.-M. Royer &amp; Seytre 2019<\/li>\n\n\n\n<li>57c-60 \u2013 <em>Carici montanae-Fagetum sylvaticae<\/em> (Rameau 1974) R. Boeuf 2014<\/li>\n\n\n\n<li>57c-63 \u2013 <em>Lonicero caprifolii-Fagetum sylvaticae<\/em> Bournerias &amp; Timbal <em>ex <\/em>Renaux, Timbal, Gauberville, Th\u00e9baud, Bardat, Lalanne, J.-M. Royer &amp; Seytre 2019<\/li>\n\n\n\n<li>57c-61 \u2013 <em>Noccaeo montanae-Quercetum petraeae<\/em> J.-M. Royer <em>in <\/em>J.-M. Royer, Felzines, Misset &amp; Th\u00e9venin (2006) 2009<\/li>\n\n\n\n<li>57c-62 \u2013 <em>Rhamno alpini-Fagetum sylvaticae<\/em> O. M\u00e9nard &amp; F\u00e9doroff <em>in <\/em>Renaux, Timbal, Gauberville, Th\u00e9baud, Bardat, Lalanne, J.-M. Royer &amp; Seytre 2019<\/li>\n\n\n\n<li>57c-64 \u2013 <em>Sorbo latifoliae-Fagetum sylvaticae<\/em> Th\u00e9venin &amp; J.-M. Royer 2001<\/li>\n<\/ul>\n\n\n\n<p><em>&gt;&gt;&gt;&gt;&gt;&gt;&gt;&gt;&gt;&gt;&gt;&gt;&gt;SOUS-ALLIANCE DU Cephalanthero damasonii-Fagenion sylvaticae T\u00fcxen &amp; Oberd. 1958<\/em><\/p>\n\n\n\n<ul class=\"wp-block-list\">\n<li>57c-55 \u2013 <em>Buxo sempervirentis-Fagetum sylvaticae<\/em> Braun-Blanq. &amp; Susplugas 1937<\/li>\n\n\n\n<li>57c-52 \u2013 <em>Carici albae-Fagetum sylvaticae<\/em> Moor 1952<\/li>\n\n\n\n<li>57c-57 \u2013 <em>Cytiso sessiliflori-Fagetum sylvaticae<\/em> Rameau <em>ex <\/em>Renaux, Timbal, Gauberville, Th\u00e9baud, Bardat, Lalanne, J.-M. Royer &amp; Seytre 2019<\/li>\n\n\n\n<li>57c-59 \u2013 <em>Epipactido microphyllae-Fagetum sylvaticae<\/em> Gamisans 2014<\/li>\n\n\n\n<li>57c-58 \u2013 <em>Laserpitio nestleri-Fagetum sylvaticae<\/em> (Vanden Berghen 1968) Renaux, Timbal, Gauberville, Th\u00e9baud, Bardat, Lalanne, J.-M. Royer &amp; Seytre 2019<\/li>\n\n\n\n<li>57c-56 \u2013 <em>Polygalo chamaebuxi-Fagetum sylvaticae<\/em> Bartoli 1966<\/li>\n\n\n\n<li>57c-53 \u2013 <em>Seslerio albicantis-Fagetum sylvaticae<\/em> Moor 1952<\/li>\n\n\n\n<li>57c-54 \u2013 <em>Taxo baccatae-Fagetum sylvaticae<\/em> Etter 1947<\/li>\n<\/ul>\n\n\n\n<p><em>&gt;&gt;&gt;&gt;&gt;&gt;&gt;&gt;&gt;&gt;&gt;ALLIANCE DU Ostryo carpinifoliae-Fagion sylvaticae (Borhidi ex S\u00f3o 1964) Renaux, Timbal, Gauberville, Th\u00e9baud, Bardat, Lalanne, J.-M. Royer &amp; Seytre 2019<\/em><\/p>\n\n\n\n<ul class=\"wp-block-list\">\n<li>57c-66 \u2013 <em>Campanulo persicaefoliae-Ostryetum carpinifoliae<\/em> Barbero &amp; Bono 1970<\/li>\n<\/ul>\n\n\n\n<p><em>&gt;&gt;&gt;&gt;&gt;&gt;&gt;SOUS-ORDRE DU Corylo avellanae-Fraxinenalia excelsioris (Rameau, Mansion &amp; Dum\u00e9 1989) Renaux, Timbal, Gauberville, Th\u00e9baud, Bardat, Lalanne, J.-M. Royer &amp; Seytre 2019<\/em><\/p>\n\n\n\n<p><em>&gt;&gt;&gt;&gt;&gt;ORDRE DU Astrantio-Corylion avellanae H. Passarge 1978<\/em><\/p>\n\n\n\n<p><em>&gt;&gt;&gt;&gt;&gt;ORDRE DU Chelidonio majoris-Robinion pseudoacaciae Hadac &amp; Sofron ex V\u00edtkov\u00e1 in Chytr\u00fd 2013<\/em><\/p>\n\n\n\n<p><em>&gt;&gt;&gt;&gt;&gt;&gt;&gt;SOUS-ORDRE DU Fagenalia sylvaticae Rameau ex R. Boeuf &amp; J.-M. Royer in R. Boeuf 2014<\/em><\/p>\n\n\n\n<p><em>&gt;&gt;&gt;&gt;&gt;&gt;&gt;&gt;&gt;&gt;&gt;ALLIANCE DU Aceri pseudoplatani-Fagion sylvaticae (Oberd. 1957) Moor 1976<\/em><\/p>\n\n\n\n<ul class=\"wp-block-list\">\n<li>57c-20 \u2013 <em>Aceri pseudoplatani-Fagetum sylvaticae<\/em> J. &amp; M. Bartsch 1940<\/li>\n\n\n\n<li>57c-22 \u2013 <em>Doronico austriaci-Fagetum sylvaticae<\/em> Seytre <em>in <\/em>Renaux, Timbal, Gauberville, Th\u00e9baud, Bardat, Lalanne, J.-M. Royer &amp; Seytre 2019<\/li>\n\n\n\n<li>57c-21 \u2013 <em>Saxifrago rotundifolii-Fagetum sylvaticae<\/em> Zukrigl 1989<\/li>\n\n\n\n<li>57c-24 \u2013 <em>Sorbo praemorsae-Aceretum pseudoplatani<\/em> Delbosc, Bioret &amp; Pana\u00efotis 2015<\/li>\n\n\n\n<li>57c-25 \u2013 <em>Valeriano rotundifoliae-Abietetum albae<\/em> Gamisans 1977<\/li>\n\n\n\n<li>57c-23 \u2013 <em>Violo biflorae-Fagetum sylvaticae<\/em> Barbero <em>ex <\/em>Renaux, Timbal, Gauberville, Th\u00e9baud, Bardat, Lalanne, J.-M. Royer &amp; Seytre 2019<\/li>\n<\/ul>\n\n\n\n<p><em>&gt;&gt;&gt;&gt;&gt;&gt;&gt;&gt;&gt;&gt;&gt;ALLIANCE DU Chaerophyllo hirsuti-Abietion albae (R. Boeuf 2014) Renaux, Le H\u00e9naff &amp; Choinet 2015<\/em><\/p>\n\n\n\n<ul class=\"wp-block-list\">\n<li>57c-17 \u2013 <em>Carici pendulae-Abietetum albae<\/em> (Frehner 1963) R. Boeuf &amp; Oger <em>in <\/em>R. Boeuf 2011<\/li>\n\n\n\n<li>57c-16 \u2013 <em>Chaerophyllo hirsuti-Abietetum albae<\/em> Duchaufour &amp; Millischer <em>ex <\/em>R. Boeuf &amp; N. Simler <em>in <\/em>R. Boeuf 2011<\/li>\n\n\n\n<li>57c-18 \u2013 <em>Equiseto sylvatici-Abietetum albae<\/em> Moor 1952<\/li>\n\n\n\n<li>57c-19 \u2013 <em>Ranunculo aconitifolii-Abietetum albae<\/em> (Billy <em>ex <\/em>Th\u00e9baud, C. Roux, C.-E. Bernard &amp; Delcoigne 2014) Renaux, Timbal, Gauberville, Th\u00e9baud, Bardat, Lalanne, J.-M. Royer &amp; Seytre 2019<\/li>\n<\/ul>\n\n\n\n<p><em>&gt;&gt;&gt;&gt;&gt;&gt;&gt;&gt;&gt;&gt;&gt;ALLIANCE DU Fagion sylvaticae Luquet 1926<\/em><\/p>\n\n\n\n<p><em>&gt;&gt;&gt;&gt;&gt;&gt;&gt;&gt;&gt;&gt;&gt;&gt;&gt;SOUS-ALLIANCE DU Abietenion albae (Issler 1931) Renaux, Timbal, Gauberville, Th\u00e9baud, Bardat, Lalanne, J.-M. Royer &amp; Seytre 2019<\/em><\/p>\n\n\n\n<ul class=\"wp-block-list\">\n<li>57c-01 \u2013 <em>Festuco altissimae-Abietetum albae<\/em> (Issler 1924) A. Hubert <em>ex <\/em>R. Boeuf 2011<\/li>\n\n\n\n<li>57c-02 \u2013 <em>Mercurialo perennis-Abietetum albae<\/em> (Issler 1926) A. Hubert <em>ex <\/em>R. Boeuf 2011<\/li>\n\n\n\n<li>57c-03 \u2013 <em>Polygonato verticillati-Fagetum sylvaticae<\/em> (Oberd. 1957) Carbiener <em>ex <\/em>R. Boeuf 2011<\/li>\n<\/ul>\n\n\n\n<p><em>&gt;&gt;&gt;&gt;&gt;&gt;&gt;&gt;&gt;&gt;&gt;&gt;&gt;SOUS-ALLIANCE DU Geranio nodosi-Fagenion sylvaticae (S. Gentile 1974) Ubaldi &amp; Speranza 1985 ex Renaux, Timbal, Gauberville, Th\u00e9baud, Bardat, Lalanne, J.-M. Royer &amp; Seytre 2019<\/em><\/p>\n\n\n\n<ul class=\"wp-block-list\">\n<li>57c-07 \u2013 <em>Calamintho grandiflorae-Fagetum sylvaticae<\/em> Braun-Blanq. 1915<\/li>\n\n\n\n<li>57c-08 \u2013 <em>Phyteumo ovati-Abietetum albae<\/em> (Barbero &amp; Bono 1970) Barbero &amp; Qu\u00e9zel 1975<\/li>\n\n\n\n<li>57c-10 \u2013 <em>Poo chaixii-Abietetum albae<\/em> Renaux, Le H\u00e9naff &amp; Choisnet 2015<\/li>\n\n\n\n<li>57c-09 \u2013 <em>Trochiscantho nodiflorae-Abietetum albae<\/em> Braun-Blanquet 1961 <em>ex <\/em>Renaux, Timbal, Gauberville, Th\u00e9baud, Bardat, Lalanne, J.-M. Royer &amp; Seytre 2019<\/li>\n<\/ul>\n\n\n\n<p><em>&gt;&gt;&gt;&gt;&gt;&gt;&gt;&gt;&gt;&gt;&gt;&gt;&gt;SOUS-ALLIANCE DU Lonicero alpigenae-Fagenion sylvaticae Borhidi ex So\u00f3 1964<\/em><\/p>\n\n\n\n<ul class=\"wp-block-list\">\n<li>57c-06 \u2013 <em>Dentario heptaphyllae-Fagetum sylvaticae<\/em> (Braun-Blanq. 1932) Hartmann &amp; G. Jahn 1967<\/li>\n\n\n\n<li>57c-05 \u2013 <em>Hordelymo europaei-Fagetum sylvaticae<\/em> Kuhn 1937<\/li>\n\n\n\n<li>57c-04 \u2013 <em>Milio effusi-Fagetum sylvaticae<\/em> Frehner <em>ex <\/em>Ellenberg &amp; Kl\u00f6tzli 1972<\/li>\n<\/ul>\n\n\n\n<p><em>&gt;&gt;&gt;&gt;&gt;&gt;&gt;&gt;&gt;&gt;&gt;&gt;&gt;SOUS-ALLIANCE DU Scillo lilio-hyacinthi-Fagenion sylvaticae Oberd. ex Rivas Mart. 1973<\/em><\/p>\n\n\n\n<ul class=\"wp-block-list\">\n<li>57c-11 \u2013 <em>Adoxo moschatellinae-Fagetum sylvaticae<\/em> (Luquet 1926) Rivas Mart, B\u00e1scones, T.E. Di\u00e1z, Fern. Gonz. &amp; Loidi 1991<\/li>\n\n\n\n<li>57c-12 \u2013 <em>Euphorbio hybernae-Fagetum sylvaticae<\/em> Billy <em>ex <\/em>Th\u00e9baud, C. Roux, C.-E. Bernard &amp; Delcoigne 2014<\/li>\n\n\n\n<li>57c-13 \u2013 <em>Luzulo sylvaticae-Fagetum sylvaticae<\/em> Cusset 1964<\/li>\n\n\n\n<li>57c-14 \u2013 <em>Lysimachio nemorum-Fagetum sylvaticae<\/em> Gruber 1978<\/li>\n\n\n\n<li>57c-15 \u2013 <em>Scillo lilio-hyacinthi-Fagetum sylvaticae<\/em> Braun-Blanq. 1952 <em>ex <\/em>O. Bol\u00f2s 1957<\/li>\n<\/ul>\n\n\n\n<p><em>-SOUS-CLASSE DU Luzulo luzuloidis-Fagetalia sylvaticae Scamoni &amp; H. Passarge 1959<\/em><\/p>\n\n\n\n<p><em>&gt;&gt;&gt;&gt;&gt;&gt;&gt;&gt;&gt;&gt;&gt;ALLIANCE DU Galio rotundifolii-Fagion sylvaticae Gamisans 1977<\/em><\/p>\n\n\n\n<ul class=\"wp-block-list\">\n<li>57c-77 \u2013 <em>Anthyllido hermanniae-Pinetum laricionis<\/em> (Gamisans 1977) Gauberville, Pana\u00efotis, Bioret &amp; Capelo 2019<\/li>\n\n\n\n<li>57c-75 \u2013 <em>Galio rotundifolii-Pinetum laricionis<\/em> (Braun-Blanquet 1955) <em>corr.<\/em> Gamisans 1977<\/li>\n\n\n\n<li>57c-80 \u2013 <em>Luzulo pedemontanae-Fagetum sylvaticae<\/em> Oberd. &amp; Ger. Hofm. 1967.<\/li>\n\n\n\n<li>57c-79 \u2013 <em>Petasito albi-Fagetum sylvaticae<\/em> Gamisans 2014<\/li>\n\n\n\n<li>57c-76 \u2013 <em>Pinetum laricionis<\/em> (Litard. &amp; Malcuit 1926) Gauberville, Pana\u00efotis, Bioret &amp; Capelo 2019 <em>nom. nov.<\/em> <em>prop.<\/em><\/li>\n\n\n\n<li>57c-74 \u2013 <em>Poo balbisii-Fagetum sylvaticae<\/em> Gamisans 1977<\/li>\n\n\n\n<li>57c-78 \u2013 <em>Pyrolo minoris-Fagetum sylvaticae<\/em> Gamisans 1979<\/li>\n<\/ul>\n\n\n\n<p><em>&gt;&gt;&gt;&gt;&gt;&gt;&gt;&gt;&gt;&gt;&gt;ALLIANCE DU Goodyero repentis-Abietion albae Renaux, Timbal, Gauberville, Th\u00e9baud, Bardat, Lalanne, J.-M. Royer &amp; Seytre 2019<\/em><\/p>\n\n\n\n<ul class=\"wp-block-list\">\n<li>57c-72 \u2013 <em>Goodyero repentis-Abietetum albae<\/em> (O. Bol\u00f2s 1957) Rivas Mart. 1968<\/li>\n\n\n\n<li>57c-73 \u2013 <em>Groupement \u00e0 Galium rotundifolium et Abies alba<\/em><\/li>\n<\/ul>\n\n\n\n<p><em>&gt;&gt;&gt;&gt;&gt;&gt;&gt;&gt;&gt;&gt;&gt;ALLIANCE DU Luzulo luzuloidis-Fagion sylvaticae W. Lohmeyer &amp; T\u00fcxen in T\u00fcxen 1954<\/em><\/p>\n\n\n\n<p><em>&gt;&gt;&gt;&gt;&gt;&gt;&gt;&gt;&gt;&gt;&gt;SOUS-ALLIANCE DE L\u2019 Ilici aquifolii-Fagenion sylvaticae (Braun-Blanq. 1967) Rivas Mart. 1973<\/em><\/p>\n\n\n\n<ul class=\"wp-block-list\">\n<li>57c-68 \u2013 <em>Ilici aquifoliii-Fagetum sylvaticae<\/em> Braun-Blanq. 1967<\/li>\n\n\n\n<li>57c-69 \u2013 <em>Luzulo niveae-Fagetum sylvaticae<\/em> (Susplugas 1942) Braun-Blanquet <em>et al.<\/em> 1952<\/li>\n\n\n\n<li>57c-70 \u2013 <em>Saxifrago hirsutae-Fagetum sylvaticae<\/em> Braun-Blanq. 1967<\/li>\n\n\n\n<li>57c-71 \u2013 <em>Solidago virgaureae-Fagetum sylvaticae<\/em> (Cusset 1964) Renaux, Timbal, Gauberville, Th\u00e9baud, Bardat, Lalanne, J.-M. Royer &amp; Seytre 2019<\/li>\n<\/ul>\n\n\n\n<p><em>&gt;&gt;&gt;&gt;&gt;&gt;&gt;&gt;&gt;&gt;&gt;&gt;&gt;SOUS-ALLIANCE DU Luzulo luzuloidis-Fagenion sylvaticae (W. Lohmeyer &amp; T\u00fcxen in T\u00fcxen 1954) Oberd. 1957<\/em><\/p>\n\n\n\n<ul class=\"wp-block-list\">\n<li>57c-67 \u2013 <em>Luzulo luzuloidis-Fagetum sylvaticae<\/em> (Meusel 1937) <em>nom.<\/em> <em>invers.<\/em> &amp; <em>nom. mut.<\/em> <em>in <\/em>R. Boeuf 2014<\/li>\n<\/ul>\n\n\n\n<p>-SOUS-CLASSE DU <em>Geranio robertiani-Fraxinenea excelsioris<\/em> (Scamoni &amp; H. Passarge 1959, H. Passarge 1968) Renaux, Timbal, Gauberville, Th\u00e9baud, Bardat, Lalanne, J.-M. Royer &amp; Seytre 2019<\/p>\n\n\n\n<p><em>&gt;&gt;&gt;&gt;&gt;ORDRE DU Aceretalia pseudoplatani Moor 1976 nom. cons. propos in Willner 2015<\/em><\/p>\n\n\n\n<p><em>&gt;&gt;&gt;&gt;&gt;&gt;&gt;SOUS-ORDRE DU Acerenalia pseudoplatani Renaux, Timbal, Gauberville, Th\u00e9baud, Bardat, Lalanne, J.-M. Royer &amp; Seytre 2019<\/em><\/p>\n\n\n\n<p><em>&gt;&gt;&gt;&gt;&gt;&gt;&gt;&gt;&gt;&gt;&gt;ALLIANCE DU Deschampsio flexuosae-Acerion pseudoplatani (T. M\u00fcll in Oberd. 1992) R. Boeuf 2014<\/em><\/p>\n\n\n\n<ul class=\"wp-block-list\">\n<li>57c-150 \u2013 <em>Avenello flexuosae-Aceretum pseudoplatani<\/em> Klauck <em>ex <\/em>R. Boeuf &amp; Renaux <em>in <\/em>Renaux, Timbal, Gauberville, Th\u00e9baud, Bardat, Lalanne, J.-M. Royer &amp; Seytre 2019<\/li>\n\n\n\n<li>57c-151 \u2013 <em>Querco petraeae-Tilietum platyphylli<\/em> R\u00fchl 1967<\/li>\n\n\n\n<li>57c-152 \u2013 <em>Valeriano tripteridis-Tilietum platyphylli<\/em> Seytre, Choisnet, Cloitre, Lassagne &amp; Renaux <em>in <\/em>Renaux, Timbal, Gauberville, Th\u00e9baud, Bardat, Lalanne, J.-M. Royer &amp; Seytre 2019<\/li>\n<\/ul>\n\n\n\n<p><em>&gt;&gt;&gt;&gt;&gt;&gt;&gt;&gt;&gt;&gt;&gt;ALLIANCE DU Dryopterido affinis-Fraxinion excelsioris Vanden Berghen ex R. Boeuf, Bardat, Gauberville, Lalanne, Renaux, J.-M. Royer, Th\u00e9baud, Timbal &amp; Seytre in R. Boeuf 2014<\/em><\/p>\n\n\n\n<ul class=\"wp-block-list\">\n<li>57c-153 \u2013 <em>Dryopterido affinis-Fraxinetum excelsioris<\/em> (Bardat 1993) Bardat, R. Boeuf, Gauberville, Lalanne, Renaux, J.-M. Royer, Th\u00e9baud, Timbal &amp; Seytre <em>in <\/em>R. Boeuf 2011<\/li>\n\n\n\n<li>57c-154 \u2013 <em>Hyperico androsaemi-Ulmetum glabrae<\/em> (Vanden Berghen 1968) Rivas Mart. 2002<\/li>\n\n\n\n<li>57c-156 \u2013 <em>Phyllitido scolopendrii-Tilietum platyphylli<\/em> Seytre, Choisnet, Cloitre, Lassagne &amp; Renaux <em>in <\/em>Renaux, Timbal, Gauberville, Th\u00e9baud, Bardat, Lalanne, J.-M. Royer &amp; Seytre 2019<\/li>\n\n\n\n<li>57c-155 \u2013 <em>Polysticho setiferi-Ulmetum glabrae<\/em> (Muller 1985) R. Boeuf &amp; N. Simler <em>in <\/em>R. Boeuf 2011<\/li>\n<\/ul>\n\n\n\n<p><em>&gt;&gt;&gt;&gt;&gt;&gt;&gt;&gt;&gt;&gt;&gt;ALLIANCE DU Tilio platyphylli-Acerion pseudoplatani Klika 1955<\/em><\/p>\n\n\n\n<ul class=\"wp-block-list\">\n<li>57c-144 \u2013 <em>Arunco dioici-Aceretum pseudoplatani<\/em> Moor 1952<\/li>\n\n\n\n<li>57c-149 \u2013 <em>Asperulo taurinae-Aceretum pseudoplatani<\/em> Ellenberg &amp; Kl\u00f6tzli 1972<\/li>\n\n\n\n<li>57c-143 \u2013 <em>Corydalido solidae-Aceretum pseudoplatani<\/em> (Moor 1938) 1973<\/li>\n\n\n\n<li>57c-148 \u2013 <em>Dryopterido borreri-Aceretum pseudoplatani<\/em> Robbe <em>ex <\/em>J.-M. Royer, Felzines, Misset &amp; Th\u00e9venin 2006<\/li>\n\n\n\n<li>57c-142 \u2013 <em>Lunario redivivae-Aceretum pseudoplatani<\/em> Klika 1936<\/li>\n\n\n\n<li>57c-140 \u2013 <em>Phyllitido scolopendrii-Aceretum pseudoplatani<\/em> Moor 1945<\/li>\n\n\n\n<li>57c-147 \u2013 <em>Polysticho aculeati-Fraxinetum excelsioris<\/em> Billy <em>ex <\/em>Seytre, Choisnet, Cloitre, Lassagne &amp; Renaux <em>in <\/em>Renaux, Timbal, Gauberville, Th\u00e9baud, Bardat, Lalanne, J.-M. Royer &amp; Seytre 2019<\/li>\n\n\n\n<li>57c-141 \u2013 <em>Ribeso alpini-Tilietum platyphylli<\/em> J.-M. Royer &amp; B. Didier <em>ex <\/em>Renaux, Timbal, Gauberville, Th\u00e9baud, Bardat, Lalanne, J.-M. Royer &amp; Seytre 2019<\/li>\n\n\n\n<li>57c-146 \u2013 <em>Sorbo ariae-Aceretum pseudoplatani<\/em> Moor 1952<\/li>\n\n\n\n<li>57c-145 \u2013 <em>Ulmo glabrae-Aceretum pseudoplatani<\/em> Issler 1926<\/li>\n<\/ul>\n\n\n\n<p><em>&gt;&gt;&gt;&gt;&gt;&gt;&gt;SOUS-ORDRE DU Tilienalia platyphylli (Moor 1973) Renaux, Timbal, Gauberville, Th\u00e9baud, Bardat, Lalanne, J.-M. Royer &amp; Seytre 2019<\/em><\/p>\n\n\n\n<p><em>&gt;&gt;&gt;&gt;&gt;&gt;&gt;&gt;&gt;&gt;&gt;ALLIANCE DU Melico nutantis-Tilion platyphylli H. Passarge &amp; Ger. Hofm. 1968<\/em><\/p>\n\n\n\n<ul class=\"wp-block-list\">\n<li>57c-164 \u2013 <em>Aceri monspessulani-Tilietum cordatae<\/em> Corriol &amp; Chaney 2011<\/li>\n\n\n\n<li>57c-160 \u2013 <em>Aceri opali-Tilietum platyphylli<\/em> (Kissling 1985) Rameau <em>ex <\/em>Renaux, Timbal, Gauberville, Th\u00e9baud, Bardat, Lalanne, J.-M. Royer &amp; Seytre 2019<\/li>\n\n\n\n<li>57c-159 \u2013 <em>Aceri platanoidis-Tilietum platyphylli<\/em> A. Faber 1936<\/li>\n\n\n\n<li>57c-161 \u2013 <em>Clinopodio grandiflorii-Tilietum platyphylli<\/em> Gattus, Bonnassieux, Desplanque, Lambert, Marais, Marck <em>in <\/em>Renaux, Timbal, Gauberville, Th\u00e9baud, Bardat, Lalanne, J.-M. Royer &amp; Seytre 2019<\/li>\n\n\n\n<li>57c-157 \u2013 <em>Helleboro foetidi-Aceretum pseudoplatani<\/em> A. Hubert <em>ex <\/em>R. Boeuf &amp; N. Simler <em>in <\/em>R. Boeuf 2014<\/li>\n\n\n\n<li>57c-162 \u2013 <em>Lathyro nigri-Tilietum platyphylli<\/em> Th\u00e9baud 2008<\/li>\n\n\n\n<li>57c-165 \u2013 <em>Querco ilicis-Tilietum platyphylli<\/em> Corriol &amp; Chaney 2011<\/li>\n\n\n\n<li>57c-158 \u2013 <em>Seslerio albicantis-Tilietum platyphylli<\/em> Rameau 1974<\/li>\n\n\n\n<li>57c-163 \u2013 <em>Tilietum cordato-platyphylli<\/em> (Corriol &amp; Chaney 2011) Corriol &amp; Chaney <em>in <\/em>Renaux, Timbal, Gauberville, Th\u00e9baud, Bardat, Lalanne, J.-M. Royer &amp; Seytre 2019<\/li>\n<\/ul>\n\n\n\n<p><em>&gt;&gt;&gt;&gt;&gt;&gt;&gt;&gt;&gt;&gt;&gt;ALLIANCE DU Ostryo carpinifoliae-Tilion platyphilli (Kosir, Carni &amp; Di Pietro 2008) R. Boeuf 2014<\/em><\/p>\n\n\n\n<p><em>&gt;&gt;&gt;&gt;&gt;ORDRE DU Populetalia albae Braun-Blanq. ex Tchou 1948<\/em><\/p>\n\n\n\n<p><em>&gt;&gt;&gt;&gt;&gt;&gt;&gt;SOUS-ORDRE DU Alno glutinosae-Ulmenalia minoris Rameau ex Renaux, Timbal, Gauberville, Th\u00e9baud, Bardat, Lalanne, J.-M. Royer &amp; Seytre 2019<\/em><\/p>\n\n\n\n<p><em>&gt;&gt;&gt;&gt;&gt;&gt;&gt;&gt;&gt;&gt;&gt;ALLIANCE DE L\u2019 Alnion incanae Pawlowski in Pawlowski, Sokolowski &amp; Wallisch 1928<\/em><\/p>\n\n\n\n<ul class=\"wp-block-list\">\n<li>57c-103 \u2013 <em>Artemisio vulgaris-Alnetum glutinosae<\/em> Le H\u00e9naff &amp; Renaux <em>in <\/em>Renaux, Le H\u00e9naff &amp; Choisnet 2015<\/li>\n\n\n\n<li>57c-92 \u2013 <em>Calamagrostio variae-Alnetum incanae<\/em> Moor 1958<\/li>\n\n\n\n<li>57c-95 \u2013 <em>Carici pendulae-Aceretum pseudoplatani<\/em> (Etter 1947) Oberd. 1957<\/li>\n\n\n\n<li>57c-97 \u2013 <em>Carici remotae-Fraxinetum excelsioris<\/em> W. Koch <em>ex <\/em>A. Faber 1936<\/li>\n\n\n\n<li>57c-107 \u2013 <em>Carici ripariae-Fraxinetum excelsioris<\/em> B. Didier &amp; J.-M. Royer <em>in <\/em>J.-M. Royer, Felzines, Misset &amp; Th\u00e9venin 2006<\/li>\n\n\n\n<li>57c-94 \u2013 <em>Cytiso sessilifolii-Alnetum incanae<\/em> Rauber, Guitet &amp; Delhaye <em>in <\/em>Renaux, Timbal, Gauberville, Th\u00e9baud, Bardat, Lalanne, J.-M. Royer &amp; Seytre 2019<\/li>\n\n\n\n<li>57c-93 \u2013 <em>Equiseto hyemalis-Alnetum incanae<\/em> Moor 1958<\/li>\n\n\n\n<li>57c-106 \u2013 <em>Filipendulo ulmariae-Alnetum glutinosae<\/em> Rameau <em>ex <\/em>Renaux, Timbal, Gauberville, Th\u00e9baud, Bardat, Lalanne, J.-M. Royer &amp; Seytre 2019<\/li>\n\n\n\n<li>57c-105 \u2013 <em>Hyperico androsaemi-Alnetum glutinosae<\/em> (Braun-Blanq. 1967) Rivas Mart. <em>in <\/em>Loidi 1983<\/li>\n\n\n\n<li>57c-101 \u2013 <em>Impatienti noli-tangere-Alnetum glutinosae<\/em> Brunerye 1970<\/li>\n\n\n\n<li>57c-99 \u2013 <em>Lonicero nigrae-Alnetum glutinosae<\/em> (Boudot 1976) R. Boeuf &amp; N. Simler <em>in <\/em>R. Boeuf 2011<\/li>\n\n\n\n<li>57c-100 \u2013 <em>Mentho longifoliae-Alnetum glutinosae<\/em> Vanden Berghen <em>ex <\/em>Renaux, Le H\u00e9naff &amp; Choisnet 2015<\/li>\n\n\n\n<li>57c-96 \u2013 <em>Palustriello commutatae-Fraxinetum excelsioris<\/em> (Oberd. 1957, R. Boeuf 2014) Renaux, Timbal, Gauberville, Th\u00e9baud, Bardat, Lalanne, J.-M. Royer &amp; Seytre 2019<\/li>\n\n\n\n<li>57c-102 \u2013 <em>Ranunculo aconitifolii-Alnetum glutinosae<\/em> Billy <em>ex <\/em>Le H\u00e9naff &amp; Renaux Renaux, Le H\u00e9naff &amp; Choisnet 2015<\/li>\n\n\n\n<li>57c-104 \u2013 <em>Sambuco nigrae-Alnetum glutinosae<\/em> (Susplugas 1943) Gruber 1984<\/li>\n\n\n\n<li>57c-98 \u2013 <em>Stellario nemorum-Alnetum glutinosae<\/em> (K\u00e4stner 1938) W. Lohmeyer 1957<\/li>\n<\/ul>\n\n\n\n<p><em>&gt;&gt;&gt;&gt;&gt;&gt;&gt;&gt;&gt;&gt;&gt;ALLIANCE DE L\u2019 Ulmion minoris (Oberd. 1953) Seytre &amp; Renaux in Renaux, Timbal, Gauberville, Th\u00e9baud, Bardat, Lalanne, J.-M. Royer &amp; Seytre 2019<\/em><\/p>\n\n\n\n<ul class=\"wp-block-list\">\n<li>57c-109 \u2013 <em>Alno glutinosae-Carpinetum betuli<\/em> Issler 1926<\/li>\n\n\n\n<li>57c-108 \u2013 <em>Pruno padi-Fraxinetum excelsioris<\/em> Oberd. 1953<\/li>\n\n\n\n<li>57c-110 \u2013 <em>Ribo rubri-Ulmetum minoris<\/em> (Noirfalise &amp; Sougnez 1961) Gelez &amp; Catteau <em>in <\/em>Renaux, Timbal, Gauberville, Th\u00e9baud, Bardat, Lalanne, J.-M. Royer &amp; Seytre 2019<\/li>\n\n\n\n<li>57c-113 \u2013 <em>Stachyo sylvaticae-Quercetum roboris<\/em> (Felzines &amp; Loiseau <em>in <\/em>J.-M. Royer, Felzines, Misset &amp; Th\u00e9venin 2006) Renaux, Timbal, Gauberville, Th\u00e9baud, Bardat, Lalanne, J.-M. Royer &amp; Seytre 2019<\/li>\n\n\n\n<li>57c-112 \u2013 <em>Ulmo laevis-Fraxinetum angustifoliae<\/em> Rameau &amp; Schmitt <em>ex <\/em>J.-M. Royer, Felzines, Misset &amp; Th\u00e9venin 2006<\/li>\n\n\n\n<li>57c-111 \u2013 <em>Ulmo minoris-Fraxinetum excelsioris<\/em> (T\u00fcxen apud. Lohm. 1952) Oberd. 1953 <em>nom.<\/em> <em>invers.<\/em> R. Boeuf, Michiels &amp; Hauschild 2006<\/li>\n\n\n\n<li>57c-114 \u2013 <em>Viti sylvestris-Fraxinetum excelsioris<\/em> Fernez, Ferreira &amp; E. Weber <em>in <\/em>Renaux, Timbal, Gauberville, Th\u00e9baud, Bardat, Lalanne, J.-M. Royer &amp; Seytre 2019<\/li>\n<\/ul>\n\n\n\n<p><em>&gt;&gt;&gt;&gt;&gt;&gt;&gt; SOUS-ORDRE DU Populenalia albae (Braun-Blanq. ex Tchou 1948) Rameau in Bardat, Bioret, Botineau, Boullet, Delpech, G\u00e9hu, Haury, Lacoste, Rameau, Royer, Roux &amp; Touffet 2004<\/em><\/p>\n\n\n\n<p><em>&gt;&gt;&gt;&gt;&gt;&gt;&gt;&gt;&gt;&gt;&gt;ALLIANCE DU Fraxinion angustifoliae Pedrotti 1970 corr. Pedrotti 1992<\/em><\/p>\n\n\n\n<ul class=\"wp-block-list\">\n<li>57c-83 \u2013 <em>Carici remotae-Fraxinetum angustifoliae<\/em> Pedrotti 1970 <em>corr.<\/em> Pedrotti 1992<\/li>\n\n\n\n<li>57c-85 \u2013 <em>Fraxino angustifoliae-Quercetum ilicis<\/em> Choisnet &amp; Bensettiti <em>in <\/em>Renaux, Timbal, Gauberville, Th\u00e9baud, Bardat, Lalanne, J.-M. Royer &amp; Seytre 2019<\/li>\n\n\n\n<li>57c-84 \u2013 <em>Rubio peregrinae-Fraxinetum oxycarpae<\/em> (Pedrotti &amp; Gafta 1992) Biondi &amp; Allegrezza 2004<\/li>\n<\/ul>\n\n\n\n<p><em>&gt;&gt;&gt;&gt;&gt;&gt;&gt;&gt;&gt;&gt;&gt;ALLIANCE DE L\u2019Osmundo regalis-Alnion glutinosae (Braun-Blanq., P. Silva &amp; Rozeira 1956) Rivas Mart. 1975<\/em><\/p>\n\n\n\n<p><em>&gt;&gt;&gt;&gt;&gt;&gt;&gt;&gt;&gt;&gt;&gt;&gt;&gt;SOUS-ALLIANCE DE L\u2019Hyperico hircini-Alnenion glutinosae Dierschke 1975<\/em><\/p>\n\n\n\n<ul class=\"wp-block-list\">\n<li>57c-88 \u2013 <em>Eupatorio corsici-Alnetum glutinosae<\/em> Dierschke 1975<\/li>\n\n\n\n<li>57c-89 \u2013 <em>Gentiano asclepiadeae-Alnetum glutinosae<\/em> (Litard. &amp; Malcuit 1926) Renaux, Timbal, Gauberville, Th\u00e9baud, Bardat, Lalanne, J.-M. Royer &amp; Seytre 2019<\/li>\n<\/ul>\n\n\n\n<p><em>&gt;&gt;&gt;&gt;&gt;&gt;&gt;&gt;&gt;&gt;&gt;&gt;&gt;SOUS-ALLIANCE DE L\u2019Osmundo regalis-Alnenion glutinosae Bardat, Bioret, Botineau, Boullet, Delpech, G\u00e9hu, Haury, Lacoste, Rameau, J.-M. Royer, Roux, Touffet ex Renaux, Timbal, Gauberville, Th\u00e9baud, Bardat, Lalanne, J.-M. Royer &amp; Seytre 2019<\/em><\/p>\n\n\n\n<ul class=\"wp-block-list\">\n<li>57c-86 \u2013 <em>Molinio arundinaceae-Alnetum glutinosae<\/em> Choisnet &amp; Renaux <em>ex <\/em>Renaux, Timbal, Gauberville, Th\u00e9baud, Bardat, Lalanne, J.-M. Royer &amp; Seytre 2019<\/li>\n\n\n\n<li>57c-87 \u2013 <em>Tilio cordatae-Alnetum glutinosae<\/em> R. J. Loisel 1976<\/li>\n<\/ul>\n\n\n\n<p><em>&gt;&gt;&gt;&gt;&gt;&gt;&gt;&gt;&gt;&gt;&gt;ALLIANCE DU Petasito albi-Alnion glutinosae Gamisans ex Renaux, Timbal, Gauberville, Th\u00e9baud, Bardat, Lalanne, J.-M. Royer &amp; Seytre 2019<\/em><\/p>\n\n\n\n<ul class=\"wp-block-list\">\n<li>57c-90 \u2013 <em>Scolopendrio officinalis-Alnetum glutinosae<\/em> Gamisans 2014<\/li>\n\n\n\n<li>57c-91 \u2013 <em>Scrophulario auriculatae-Alnetum glutinosae<\/em> Gamisans 2014<\/li>\n<\/ul>\n\n\n\n<p><em>&gt;&gt;&gt;&gt;&gt;&gt;&gt;&gt;&gt;&gt;&gt;ALLIANCE DU Populion albae Braun-Blanq. ex Tchou 1949<\/em><\/p>\n\n\n\n<ul class=\"wp-block-list\">\n<li>57c-82 \u2013 <em>Fraxino angustifoliae-Alnetum glutinosae<\/em> Tchou 1948<\/li>\n\n\n\n<li>57c-81 \u2013 <em>Populetum albae<\/em> Braun-Blanq. <em>ex <\/em>Tchou 1949<\/li>\n<\/ul>\n\n\n\n<p><em>&gt;&gt;&gt;&gt;&gt;ORDRE DE L\u2019Ulmo minoris-Fraxinetalia excelsioris H. Passarge 1968<\/em><\/p>\n\n\n\n<p><em>&gt;&gt;&gt;&gt;&gt;&gt;&gt;&gt;&gt;&gt;&gt;ALLIANCE DU Buxo sempervirentis-Fraxinion angustifoliae Choisnet, Gauberville &amp; Renaux in Renaux, Timbal, Gauberville, Th\u00e9baud, Bardat, Lalanne, J.-M. Royer &amp; Seytre 2019<\/em><\/p>\n\n\n\n<ul class=\"wp-block-list\">\n<li>57c-131 \u2013 <em>Buxo sempervirentis-Fraxinetum angustifoliae<\/em> Choisnet &amp; Gauberville <em>in <\/em>Renaux, Timbal, Gauberville, Th\u00e9baud, Bardat, Lalanne, J.-M. Royer &amp; Seytre 2019<\/li>\n\n\n\n<li>57c-133 \u2013 <em>Carici pendulae-Fraxinetum angustifoliae<\/em> Choisnet &amp; Bensettiti <em>in <\/em>Renaux, Timbal, Gauberville, Th\u00e9baud, Bardat, Lalanne, J.-M. Royer &amp; Seytre 2019<\/li>\n\n\n\n<li>57c-134 \u2013 <em>Daphno laureolae-Fraxinetum excelsioris<\/em> Vanden Berghen <em>ex <\/em>Renaux, Le H\u00e9naff &amp; Choisnet 2015<\/li>\n\n\n\n<li>57c-135 \u2013 <em>Melico uniflorae-Ostryetum carpinifoliae<\/em> Lapraz 1984<\/li>\n\n\n\n<li>57c-132 \u2013 <em>Symphyto tuberosi-Fraxinetum excelsioris<\/em> Choisnet &amp; Le Henaff <em>in <\/em>Renaux, Le H\u00e9naff &amp; Choisnet 2015<\/li>\n<\/ul>\n\n\n\n<p><em>&gt;&gt;&gt;&gt;&gt;&gt;&gt;&gt;&gt;&gt;&gt;ALLIANCE DU Frangulo dodonei-Quercion roboris Seytre, Renaux, Bardat, R. Boeuf, Corriol, Gauberville &amp; J.-M. Royer in R. Boeuf 2014<\/em><\/p>\n\n\n\n<ul class=\"wp-block-list\">\n<li>57c-139 \u2013 <em>Carici flaccae-Quercetum roboris<\/em> Br\u00eathes 2011<\/li>\n\n\n\n<li>57c-137 \u2013 <em>Deschampsio cespitosae-Quercetum roboris<\/em> Dupouey <em>ex <\/em>R. Boeuf, Renaux, Seytre &amp; J.-M. Royer <em>in <\/em>R. Boeuf 2014<\/li>\n\n\n\n<li>57c-138 \u2013 <em>Primulo vulgaris-Carpinetum betuli<\/em> (Durin, G\u00e9hu, Noirfalise &amp; Sougnez 1967) G\u00e9hu &amp; G\u00e9hu-Franck 1986<\/li>\n\n\n\n<li>57c-136 \u2013 <em>Quercetum petraeo-roboris<\/em> (Malcuit 1929) <em>nom. mut.<\/em> <em>in <\/em>R. B\u0153uf 2014<\/li>\n<\/ul>\n\n\n\n<p><em>&gt;&gt;&gt;&gt;&gt;&gt;&gt;&gt;&gt;&gt;&gt;ALLIANCE DU Fraxino excelsioris-Quercion roboris H. Passarge &amp; Ger. Hofm. 1968<\/em><\/p>\n\n\n\n<ul class=\"wp-block-list\">\n<li><em>Hyacinthoido non-scriptae-Quercenion roboris<\/em> Renaux, Timbal, Gauberville, Th\u00e9baud, Bardat, Lalanne, J.-M. Royer &amp; Seytre 2019\n<ul class=\"wp-block-list\">\n<li>57c-122 \u2013 <em>Adoxo moschatellinae-Fraxinetum excelsioris<\/em> Bardat <em>ex <\/em>Renaux, Timbal, Gauberville, Th\u00e9baud, Bardat, Lalanne, J.-M. Royer &amp; Seytre 2019<\/li>\n\n\n\n<li>57c-121 \u2013 <em>Endymio non-scriptae-Carpinetum betuli<\/em> Noirfalise 1968<\/li>\n<\/ul>\n<\/li>\n<\/ul>\n\n\n\n<p><em>&gt;&gt;&gt;&gt;&gt;&gt;&gt;&gt;&gt;&gt;&gt;&gt;&gt;SOUS-ALLIANCE DU Polygono bistortae-Quercenion roboris Renaux, Timbal, Gauberville, Th\u00e9baud, Bardat, Lalanne, J.-M. Royer &amp; Seytre 2019<\/em><\/p>\n\n\n\n<ul class=\"wp-block-list\">\n<li>57c-130 \u2013 <em>Corydalido solidae-Fraxinetum excelsioris<\/em> Billy <em>ex <\/em>Renaux, Timbal, Gauberville, Th\u00e9baud, Bardat, Lalanne, J.-M. Royer &amp; Seytre 2019<\/li>\n\n\n\n<li>57c-129 \u2013 <em>Polygono bistortae-Quercetum roboris<\/em> Sougnez 1973<\/li>\n<\/ul>\n\n\n\n<p><em>&gt;&gt;&gt;&gt;&gt;&gt;&gt;&gt;&gt;&gt;&gt;&gt;&gt;SOUS-ALLIANCE DU Pulmonario affinis-Quercenion roboris Renaux, Timbal, Gauberville, Th\u00e9baud, Bardat, Lalanne, J.-M. Royer &amp; Seytre 2019<\/em><\/p>\n\n\n\n<ul class=\"wp-block-list\">\n<li>57c-125 \u2013 <em>Aro italici-Carpinetum betuli<\/em> Choisnet &amp; Le Henaff <em>in <\/em>Renaux, Le H\u00e9naff &amp; Choisnet 2015<\/li>\n\n\n\n<li>57c-123 \u2013 <em>Pulmonario affinis-Fraxinetum excelsioris<\/em> Billy <em>ex <\/em>Le H\u00e9naff &amp; Renaux <em>in <\/em>Renaux, Le H\u00e9naff &amp; Choisnet 2015<\/li>\n\n\n\n<li>57c-124 \u2013 <em>Rusco aculeati-Quercetum roboris<\/em> Rameau <em>ex <\/em>Renaux, Timbal, Gauberville, Th\u00e9baud, Bardat, Lalanne, J.-M. Royer &amp; Seytre 2019<\/li>\n<\/ul>\n\n\n\n<p><em>&gt;&gt;&gt;&gt;&gt;&gt;&gt;&gt;&gt;&gt;&gt;&gt;&gt;SOUS-ALLIANCE DU Pulmonario longifoliae-Quercenion roboris (Rivas Mart. et al. 2002) Renaux, Timbal, Gauberville, Th\u00e9baud, Bardat, Lalanne, J.-M. Royer &amp; Seytre 2019<\/em><\/p>\n\n\n\n<ul class=\"wp-block-list\">\n<li>57c-126 \u2013 <em>Hyperico androsaemi-Quercetum roboris<\/em> Rameau <em>ex <\/em>Corriol 2012<\/li>\n\n\n\n<li>57c-128 \u2013 <em>Saxifrago hirsutae-Quercetum roboris<\/em> Corriol 2012<\/li>\n\n\n\n<li>57c-127 \u2013 <em>Thalictrello thalictroidis-Fraxinetum excelsioris<\/em> Corriol 2012<\/li>\n<\/ul>\n\n\n\n<p><em>&gt;&gt;&gt;&gt;&gt;&gt;&gt;&gt;&gt;&gt;&gt;&gt;&gt;SOUS-ALLIANCE DU Scillo bifoliae-Quercenion roboris Renaux, Timbal, Gauberville, Th\u00e9baud, Bardat, Lalanne, J.-M. Royer &amp; Seytre 2019<\/em><\/p>\n\n\n\n<ul class=\"wp-block-list\">\n<li>57c-117 \u2013 <em>Aconito vulpariae-Quercetum roboris<\/em> (Chouard 1927) Bugnon &amp; Rameau 1974<\/li>\n\n\n\n<li>57c-118 \u2013 <em>Corydalido cavae-Fraxinetum excelsioris<\/em> (T\u00fcxen 1937) R. Boeuf 2011<\/li>\n\n\n\n<li>57c-119 \u2013 <em>Glechomo hederaceae-Carpinetum<\/em> Timbal <em>ex <\/em>R. Boeuf &amp; N. Simler <em>in <\/em>R. Boeuf 2011<\/li>\n\n\n\n<li>57c-115 \u2013 <em>Primulo elatioris-Quercetum roboris<\/em> (Duvigneaud 1959) Rameau <em>ex <\/em>J.-M. Royer, Felzines, Misset &amp; Th\u00e9venin 2006<\/li>\n\n\n\n<li>57c-120 \u2013 <em>Pruno padi-Quercetum roboris<\/em> Schnizler <em>ex <\/em>R. Boeuf 2014<\/li>\n\n\n\n<li><em>57c-116 \u2013 Scillo bifoliae-Quercetum roboris Rameau ex J.M. Royer, Felzine, Misset &amp; Th\u00e9venin 2006<\/em><\/li>\n<\/ul>\n\n\n\n<p><\/p>\n\n\n\n<p><em>\u2013 Cytisetea scopario-striati<\/em> Rivas-Mart. 1975. RANG&nbsp;: CLASSE.<\/p>\n\n\n\n<p>Fourr\u00e9s et pr\u00e9manteaux pionniers, acidiclines \u00e0 acidiphiles, h\u00e9liophiles, m\u00e9sophiles \u00e0 x\u00e9rophiles, m\u00e9sothermes \u00e0 thermophiles, pr\u00e9sentant des fabaceae arbustive de genre Cytisus, Genista \u2026 Et d\u2019optimum ouest-m\u00e9diterran\u00e9en.<\/p>\n\n\n\n<p><em>&gt;&gt;&gt;&gt;&gt;ORDRE DU Cytisetalia scopario-striati Rivas-Mart. 1975<\/em><\/p>\n\n\n\n<p><em>&gt;&gt;&gt;&gt;&gt;&gt;&gt;&gt;&gt;&gt;ALLIANCE DU Cytision oromediterranei T\u00fcxen in T\u00fcxen &amp; Oberd. 1958<\/em><\/p>\n\n\n\n<ul class=\"wp-block-list\">\n<li><em>Groupe \u00e0 Erica cinerea-Cytisus oromediterraneus<\/em> Ghestem &amp; Wattez 1978<\/li>\n\n\n\n<li>F22-11 \u2013 <em>Pino uncinatae-Cytisetum oromediterranei<\/em> B. Foucault, Lazare &amp; Bioret 2014<\/li>\n\n\n\n<li>F22-09 \u2013 <em>Plantagini holostei-Cytisetum oromediterranei<\/em> Arnaud, Gamisans &amp; Gruber 1983<\/li>\n\n\n\n<li>F22-08 \u2013 <em>Senecioni adonidifolii-Cytisetum oromediterranei<\/em> (Rivas-Mart. 1968) Rivas-Mart. &amp; Cant\u00f3 <em>in <\/em>Rivas-Mart., T.E. D\u00edaz, Fern. Gonz., Izco, Loidi, Lous\u00e3 &amp; Penas 2002<\/li>\n\n\n\n<li>F22-10 \u2013 <em>Teucrio scorodoniae-Cytisetum purgantis<\/em> Coquillard <em>in<\/em> Th\u00e9baud, Roux, Bernard &amp; Delcoigne 2014<\/li>\n\n\n\n<li>F22-12 \u2013 <em>Violo saxatilis-Cytisetum oromediterranei<\/em> J.-M. Royer 1971 <em>corr.<\/em> J.-M. Royer, Felzines, Misset &amp; Th\u00e9venin 2006<\/li>\n<\/ul>\n\n\n\n<p><em>&gt;&gt;&gt;&gt;&gt;&gt;&gt;&gt;&gt;&gt;ALLIANCE DU Sarothamnion scoparii T\u00fcxen ex Oberd. 1957<\/em><\/p>\n\n\n\n<ul class=\"wp-block-list\">\n<li>F22-16 \u2013 <em>Calluno vulgaris-Sarothamnetum scoparii<\/em> Malcuit 1929<\/li>\n\n\n\n<li>F22-17 \u2013 <em>Cytiso scoparii-Cotoneastretum integerrimi<\/em> St\u00f6cker 1962<\/li>\n\n\n\n<li><em>Fourr\u00e9 \u00e0 Cytisus scoparius subsp. s.-Jacobaea adonidifolia-<a href=\"https:\/\/lecompagnonrouge.fr\/?p=5705\">Juniperus communis subsp. c<\/a>. <\/em>Liou Tchen Ngo 1929&nbsp;<\/li>\n\n\n\n<li>F22-14 \u2013 <em>Pteridio aquilini-Cytisetum scoparii<\/em> Susplugas 1942<\/li>\n\n\n\n<li>F22-13 \u2013 <em>Rubo bifrontis-Cytisetum scoparii<\/em> Robbe <em>ex <\/em>J.-M. Royer, Felzines, Misset &amp; Th\u00e9venin 2006<\/li>\n\n\n\n<li>F22-18 \u2013 <em>Rubo plicati-Sarothamnetum scoparii<\/em> H.E. Weber 1987<\/li>\n\n\n\n<li>F22-15 \u2013 <em>Veronico chamaedryos-Cytisetum scoparii<\/em> Coquillard <em>in<\/em> Th\u00e9baud, Roux, Bernard &amp; Delcoigne 2014<\/li>\n<\/ul>\n\n\n\n<p><em>&gt;&gt;&gt;&gt;&gt;&gt;&gt;&gt;&gt;&gt;ALLIANCE DE L\u2019Ulici europaei-Cytision striati Rivas-Mart., B\u00e1scones, T.E. D\u00edaz, Fern. Gonz. &amp; Loidi 1991<\/em><\/p>\n\n\n\n<ul class=\"wp-block-list\">\n<li>F22-01 \u2013 <em>Adenocarpo complicati-Ericetum arboreae<\/em> Braun-Blanq. <em>ex <\/em>Braun-Blanq., Roussine &amp; N\u00e8gre 1952<\/li>\n\n\n\n<li>F22-02 \u2013 <em>Erico scopariae-Sarothamnetum scoparii<\/em> G\u00e9hu <em>ex <\/em>G\u00e9hu &amp; G\u00e9hu-Franck 1975<\/li>\n\n\n\n<li>F22-05 \u2013 <em>Junipero communis-Cytisetum scoparii<\/em> B. Foucault 1991<\/li>\n\n\n\n<li>F22-06 \u2013 <em>Narcisso capacis-Cytisetum scoparii<\/em> Bioret 2008<\/li>\n\n\n\n<li>F22-04 \u2013 <em>Pyro cordatae-Cytisetum scoparii<\/em> B. Foucault 1988<\/li>\n\n\n\n<li>F22-03 \u2013 <em>Querco suberis-Sarothamnetum scoparii<\/em> Dupont <em>ex <\/em>G\u00e9hu &amp; G\u00e9hu-Franck 1975<\/li>\n\n\n\n<li><em>F22-07 \u2013 Ulici europaei-Cytisetum scoparii Oberd. ex B. Foucault, Lazare &amp; Bioret 2014<\/em><\/li>\n<\/ul>\n\n\n\n<h2 class=\"wp-block-heading has-medium-font-size\" id=\"Artemisietea\"><strong>\u2013<em>Artemisietea vulgaris <\/em>W.Lohmeyer, Preising &amp; T\u00fcxen ex von Rochow 1951. RANG&nbsp;: CLASSE.<\/strong><\/h2>\n\n\n\n<p>V\u00e9g\u00e9tation rud\u00e9rale, anthropog\u00e8ne, nitrophile \u00e0 dominance d\u2019esp\u00e8ces vivaces, eurosib\u00e9rienne et m\u00e9diterran\u00e9enne. Ne pr\u00e9sentant pas de changement depuis le PVF1 pr\u00e9sentant: <em>Artemisia vulgaris, Arctium minus, Malva sylvestris, Rumex obtusifolius, Cirsium vulgare<\/em>, (<em>Lapsana communis, Geum urbanum, Urtica dioica, Elymus caninus, Stachys sylvatica, Epilobium ciliatum<\/em>)<\/p>\n\n\n\n<p><em>&gt;&gt;&gt;&gt;&gt;ORDRE DU<\/em> 7.0.1 Artemisietalia vulgaris T\u00fcxen 1947 nom. nud.<\/p>\n\n\n\n<p>[Syn. : Artemisietalia vulgaris T\u00fcxen 1947 nom. nud. (art. 2b, 8) ; Syn. syntax. : Rumicetalia alpina Mucina in Grabherr &amp; Mucina 1993 (art. 43)] Communaut\u00e9s vivaces m\u00e9sohygrophiles \u00e0 m\u00e9sox\u00e9rophiles.<\/p>\n\n\n\n<p><em>Lamium album, Arctium lappa, Arctium minus, Artemisia verlotiorum, Armoracia rusticana<\/em>, etc. <\/p>\n\n\n\n<p><em>&gt;&gt;&gt;&gt;&gt;&gt;&gt;&gt;&gt;&gt;ALLIANCE D<\/em>U 7.0.1.0.1 Arction lappae T\u00fcxen 1937<\/p>\n\n\n\n<p>[Syn. : Eu-Arction (T\u00fcxen 1937) T\u00fcxen 1950 nom. nud. (art. 2b, 8) ; Corresp. : Eu-Arctienion G.Sissingh in V.Westh., Dijk &amp; Passchier 1946 (&lsquo;(Eu-)Arction&rsquo; pro suball. art. 41b, 41c)] <\/p>\n\n\n\n<p>Communaut\u00e9s planitiaires \u00e0 montagnardes. Pr\u00e9sentant: <em>Urtica dioica, Polygonum aviculare, Plantago major, Arctium tomentosum, Potentilla reptans<\/em>, <em>Cirsium vulgare, Cirsium arvense, Artemisia vulgaris, Daucus carota<\/em><\/p>\n\n\n\n<p><em>&gt;&gt;&gt;&gt;&gt;&gt;&gt;&gt;&gt;&gt;&gt;&gt;SOUS ALLIANCE D<\/em>U\u0097 7.0.1.0.1.1 Arctienion lappae Rivas Mart., B\u00e1scones, T.E.Di\u00e1z, Fern.Gonz. &amp; Loidi 1991 <\/p>\n\n\n\n<p>Communaut\u00e9s m\u00e9sophiles \u00e0 m\u00e9sohygrophiles.<\/p>\n\n\n\n<p><em>&gt;&gt;&gt;&gt;&gt;&gt;&gt;&gt;&gt;&gt;&gt;&gt; SOUS ALLIANCE D<\/em>U \u0097 7.0.1.0.1.2 Sambucenion ebuli O.Bol\u00f2s &amp; Vigo in Rivas Mart., B\u00e1scones, T.E.Di\u00e1z, Fern.Gonz. &amp; Loidi 1991<\/p>\n\n\n\n<p>[Syn. : Sambucenion ebuli O.Bol\u00f2s &amp; Vigo 1984 nom. nud. (art. 2b, 8)]<\/p>\n\n\n\n<p>Communaut\u00e9s m\u00e9sophiles \u00e0 m\u00e9sox\u00e9rophiles.<\/p>\n\n\n\n<p><em>&gt;&gt;&gt;&gt;&gt;&gt;&gt;&gt;&gt;&gt;ALLIANCE D<\/em>U 7.0.1.0.2 Rumicion pseudalpini R\u00fcbel ex Scharf. 1938 corr. Loidi &amp; Biurrun 1996<\/p>\n\n\n\n<p>[Syn. : Rumicion alpini R\u00fcbel ex Scharf. 1938 (art. 43) ; Rumicion alpini R\u00fcbel 1933 nom. nud. (art. 2b, 8) ; Rumicion alpini R\u00fcbel ex Klika in Klika &amp; Hada\u00fe 1944 (art. 22) ; Chenopodion subalpinum Braun-Blanq. 1949 nom. illeg. (art. 34)]<\/p>\n\n\n\n<p>Communaut\u00e9s tr\u00e8s nitrophiles des reposoirs et stations fortement influenc\u00e9es par le b\u00e9tail aux \u00e9tages montagnard et subalpin.<\/p>\n\n\n\n<p><em>&gt;&gt;&gt;&gt;&gt;ORDRE DU<\/em> \u0081 7.0.2 Onopordetalia acanthii Braun-Blanq. &amp; T\u00fcxen ex Klika in Klika &amp; Hada\u00fe 1944<\/p>\n\n\n\n<p>[Onopordetalia Braun-Blanq. &amp; T\u00fcxen ex Klika in Klika et Hada\u00fe 1944 (nom correct) ; Syn. :Onopordetalia Braun-Blanq. &amp; T\u00fcxen 1943 nom. nud. (art. 2b, 8)]<\/p>\n\n\n\n<p>Communaut\u00e9s thermophiles \u00e0 dominance de vivaces et de bisannuelles, eurosib\u00e9riennes \u00e0 subm\u00e9diterran\u00e9ennes.<\/p>\n\n\n\n<p><em>Daucus carota, Helminthotheca echioides, Echium vulgare, Tanacetum vulgare, Cichorium intybus, Silene latifolia subsp. alba<\/em><\/p>\n\n\n\n<p><em>&gt;&gt;&gt;&gt;&gt;&gt;&gt;&gt;&gt;&gt;ALLIANCE DE L&rsquo; <\/em> 7.0.2.0.1 Onopordion acanthii Braun-Blanq.in Braun-Blanq., Gajewski, Wraber &amp; Walas 1936Prodrome des V\u00e9g\u00e9tations de France \/\/ Version 01-2 [14 d\u00e9cembre 2001] \/\/ 13<\/p>\n\n\n\n<p>[Onopordion Braun-Blanq.in Braun-Blanq., Gajewski, Wraber &amp; Walas 1936 (nom correct) ; Syn. : Onopordion Braun-Blanq. 1926 nom. nud. (art. 2b, 8)]<\/p>\n\n\n\n<p>Communaut\u00e9s g\u00e9n\u00e9ralement domin\u00e9es par de grands chardons, anthropog\u00e8ne et thermo-continentales et subm\u00e9diterran\u00e9ennes. Pr\u00e9sentant: <em>Onopordum acanthium, Cynoglossum officinale, Carduus nutans, Anchusa officinalis, Reseda luteola, Verbascum div. sp., Hyoscyamus niger<\/em><\/p>\n\n\n\n<ul class=\"wp-block-list\">\n<li>Silybo mariani \u2013 Onopordetum acanthii Billy in Felzines 2012. Friche \u00e0 Chardon marie et Onopordon faux-acanthe. Friche vivace x\u00e9roclinophile, basophile, nitrophile, thermophile: <em>Silybum marianum, Onopordon acanthium, Dipsacus fullonum, Foeniculum vulgare, Malva sylvestris, Urtica dioica, Lactuca serriola, Galium aparine, Artemisia vulgaris, Chenopodium album<\/em><\/li>\n<\/ul>\n\n\n\n<p><em>&gt;&gt;&gt;&gt;&gt;&gt;&gt;&gt;&gt;&gt;ALLIANCE DU<\/em> 7.0.2.0.2 Dauco carotae-Melilotion albi G\u00f6rs 1966 <\/p>\n\n\n\n<p>[Dauco-Melilotion G\u00f6rs 1966 (nom correct)] Communaut\u00e9s subouvertes de hautes herbes, moins thermophiles, rud\u00e9rales, anthropog\u00e8nes, m\u00e9sothermophiles, des substrats grossiers et souvent rapport\u00e9s: <em>Melilotus albus, Picris hieracioides, Daucus carota, Orobanche picridis, Saponaria officinalis, Artemisia vulgaris<\/em><\/p>\n\n\n\n<ul class=\"wp-block-list\">\n<li>Saponario officinalis \u2013 Artemisietum verlotiorum Baldoni &amp; Biondi 1993. Friche \u00e0 Saponaire officinale et Armoise des Fr\u00e8res Verlot. Friche vivace \u00e0 bisannuelle, m\u00e9sophile, basophile, nitrophile, thermophile: <em>Artemisia verlotiorum, Saponaria officinalis, Dispacus fullonum, Galega officinalis, Artemisia vulgaris, Daucus carota, Picris hieracioides, Hypericum perforatum, Rumex obtusifolius, Verbena officinalis<\/em><\/li>\n<\/ul>\n\n\n\n<p><em>&gt;&gt;&gt;&gt;&gt;ORDRE DU<\/em> \u0081 7.0.3 Carthametalia lanati Brullo in Brullo &amp; Marcen\u00f2 1985<\/p>\n\n\n\n<p>Communaut\u00e9s m\u00e9diterran\u00e9ennes de vivaces et de bisannuelles, m\u00eal\u00e9es de th\u00e9rophytes<\/p>\n\n\n\n<p><em>&gt;&gt;&gt;&gt;&gt;&gt;&gt;&gt;&gt;&gt;ALLIANCE DE L&rsquo;<\/em> 7.0.3.0.1 Onopordion nervosi Braun-Blanq. &amp; O.Bol\u00f2s 1958 corr. Rivas Mart. 1975<\/p>\n\n\n\n<p>[Syn. : Onopordion arabici Braun-Blanq. &amp; O.Bol\u00f2s 1958 (art. 43)]<\/p>\n\n\n\n<p>Communaut\u00e9s x\u00e9rophiles domin\u00e9es par de grands chardons sur sols peu profonds et caillouteux.<\/p>\n\n\n\n<p><em>&gt;&gt;&gt;&gt;&gt;&gt;&gt;&gt;&gt;&gt;ALLIANCE DU<\/em> 7.0.3.0.1 Silybo mariani-Urticion piluliferae G.Sissingh ex Braun-Blanq. &amp;<\/p>\n\n\n\n<p>O.Bol\u00f2s 1958<\/p>\n\n\n\n<p>[Sylibo-Urticion G.Sissingh ex Braun-Blanq. &amp; O.Bol\u00f2s 1958 (nom correct) ; Syn. : Silybo-Urticion G.Sissingh 1950 nom. inval. (art. 2d, 3b) ; Syn. syntax. : Sylibion mariani Rivas Mart. in Rivas Mart., Costa &amp; Loidi 1992]<\/p>\n\n\n\n<p>Communaut\u00e9s exub\u00e9rantes, tr\u00e8s nitrophiles, des sols profonds, frais \u00e0 humides.<\/p>\n\n\n\n<h2 class=\"wp-block-heading has-medium-font-size\">\u2013<em>Epilobietea angustifolii <\/em>T\u00fcxen &amp; Preising <em>ex<\/em> von Rochow 1951. RANG&nbsp;: CLASSE.<\/h2>\n\n\n\n<p>V\u00e9g\u00e9tation herbac\u00e9e pionni\u00e8re plut\u00f4t de haute taille, nitro-h\u00e9liophile, en ourlets externes (coupes foresti\u00e8res et chablis). Caract\u00e9ris\u00e9e par <em><a href=\"https:\/\/lecompagnonrouge.fr\/?p=10209\">Epilobium angustifolium subsp. angustifolium<\/a>, <a href=\"https:\/\/lecompagnonrouge.fr\/?p=1792\">Lactuca muralis<\/a>, Rubus idaeus<\/em><\/p>\n\n\n\n<p><em>&gt;&gt;&gt;&gt;&gt;ORDRE DU Epilobietalia angustifolii T\u00fcxen ex von Rochow 1951<\/em><\/p>\n\n\n\n<p><em>&gt;&gt;&gt;&gt;&gt;&gt;&gt;&gt;&gt;&gt;ALLIANCE DE L\u2019 Atropion belladonnae Braun\u2011Blanq. ex Aichinger 1933<\/em><\/p>\n\n\n\n<ul class=\"wp-block-list\">\n<li>F23-13 \u2013 <em>Arctietum nemorosi<\/em> T\u00fcxen <em>ex <\/em>Oberd. 1957<\/li>\n\n\n\n<li>F23-12 \u2013 <em>Digitali luteae-Atropetum belladonnae<\/em> Oberd. 1957<\/li>\n\n\n\n<li>F23-11 \u2013 <em>Epilobio angustifolii-Atropetum belladonnae<\/em> Aichinger 1933<\/li>\n\n\n\n<li>F23-15 \u2013 <em>Rubo idaei-Hypericetum hirsuti<\/em> Oberd. <em>ex <\/em>B. Foucault, Catteau &amp; J.\u2011M. Royer 2015<\/li>\n\n\n\n<li>F23-14 \u2013 <em>Senecionetum fuchsii<\/em> Kaiser 1926<\/li>\n<\/ul>\n\n\n\n<p><em>&gt;&gt;&gt;&gt;&gt;&gt;&gt;&gt;&gt;&gt;ALLIANCE DE L\u2019Epilobion angustifolii Oberd. 1957<\/em><\/p>\n\n\n\n<ul class=\"wp-block-list\">\n<li>F23-06 \u2013 <em>Ceratocapno claviculatae-Digitalietum purpureae<\/em> Billy <em>ex <\/em>Th\u00e9baud, Roux, Bernard &amp; Delcoigne 2014<\/li>\n\n\n\n<li>F23-09 \u2013 <em>Epilobio angustifolii-Calamagrostietum arundinaceae<\/em> (\u0160marda, Lazebn\u00ed\u010dek, Matou\u0161ov\u00e1, Netopil, Paclov\u00e1 &amp; Pikula 1971) Kliment 1995<\/li>\n\n\n\n<li>F23-02 \u2013 <em>Epilobio angustifolii-Digitalietum purpureae<\/em> Schwick. 1944<\/li>\n\n\n\n<li>F23-10 \u2013 <em>Epilobio angustifolii-Prenanthetum purpureae<\/em> Klauck 1995<\/li>\n\n\n\n<li>F23-08 \u2013 <em>Lactuco plumieri-Epilobietum angustifolii<\/em> (Billy 1997) B. Foucault <em>in <\/em>B. Foucault &amp; Catteau 2015<\/li>\n\n\n\n<li>F23-01 \u2013 <em>Linario repentis-Digitalietum purpureae<\/em> Ghestem &amp; Descubes\u2011Gouilly 1977<\/li>\n\n\n\n<li>F23-03 \u2013 <em>Molinio caeruleae-Epilobietum angustifolii<\/em> Sougnez &amp; Dethioux 1977<\/li>\n\n\n\n<li>F23-07 \u2013 <em>Senecioni fuchsii-Digitalietum purpureae<\/em> Pfeiffer 1936<\/li>\n\n\n\n<li>F23-04 \u2013 <em>Senecioni sylvatici-Epilobietum angustifolii<\/em> T\u00fcxen 1937<\/li>\n\n\n\n<li><em>F23-05 \u2013 Stellario holosteae-Rubetum idaei H. Passarge 1982<\/em><\/li>\n<\/ul>\n\n\n\n<p><\/p>\n\n\n\n<p>MEGAPHORBIAIES ET OURLETS<\/p>\n\n\n\n<h2 class=\"wp-block-heading\"><strong>\u2013&nbsp;<em>Cardaminetea hirsutae<\/em>&nbsp;G\u00e9hu 1999. RANG&nbsp;: CLASSE.<\/strong><\/h2>\n\n\n\n<p>Ourlets th\u00e9rophytiques h\u00e9misciaphiles nitrophiles, thermophiles \u00e0 m\u00e9sothermophiles, avec biomasse peu marqu\u00e9e. Pr\u00e9sentant beaucoup d\u2019Apiaceae&nbsp;:&nbsp;<em>Anthriscus<\/em>,&nbsp;<em>Sison<\/em>,&nbsp;<em>Petroselinum<\/em>,&nbsp;<em>Torilis&nbsp;<\/em>\u2026), des Caprifoliaceae herbac\u00e9es telles que&nbsp;<em>Centranthus<\/em>,&nbsp;<em>Valerianella<\/em>, des Rubiaceae comme&nbsp;<em>Galium<\/em>,&nbsp;<em><a href=\"https:\/\/lecompagnonrouge.fr\/?p=9446\">Sherardia<\/a><\/em>,&nbsp;<em>Theligonum<\/em>,&nbsp;<em>Valantia<\/em>, des&nbsp;<em>Geranium<\/em>), des Brassicaceae comme&nbsp;<em>Arabidopsis<\/em>,<em>&nbsp;Arabis<\/em>,&nbsp;<em>Barbarea<\/em>,&nbsp;<em>Calepina<\/em>,&nbsp;<em>Cardamine<\/em>,&nbsp;<em>Cochlearia<\/em>,&nbsp;<em>Erophila<\/em>,&nbsp;<em>Thlaspi<\/em>, des Crassulaceae tels&nbsp;<em>Sedum<\/em>,&nbsp;<em>Aichryson&nbsp;<\/em>\u2026<\/p>\n\n\n\n<p><em>&gt;&gt;&gt;&gt;&gt;ORDRE DU Bromo sterilis-Cardaminetalia hirsutae B. Foucault 2009<\/em><\/p>\n\n\n\n<p><em>&gt;&gt;&gt;&gt;&gt;&gt;&gt;&gt;&gt;&gt;&gt;ALLIANCE DU Anthrisco caucalidis-Cochlearion danicae B. Foucault 2009<\/em><\/p>\n\n\n\n<ul class=\"wp-block-list\">\n<li>F14-13 \u2013\u00a0<em>Anthrisco caucalidis-Cochlearietum danicae<\/em>\u00a0Bioret\u00a0<em>et al.<\/em>\u00a01993<\/li>\n\n\n\n<li>F14-12 \u2013\u00a0<em>Claytonio perfoliatae-Anthriscetum caucalidis<\/em>\u00a0Izco\u00a0<em>et al.<\/em>\u00a01978<\/li>\n\n\n\n<li>F14-16 \u2013\u00a0<em>Cochleario danicae-Claytonietum perfoliatae<\/em>\u00a0G\u00e9hu 2008<\/li>\n\n\n\n<li>F14-14 \u2013\u00a0<em>Fumario boraei-Anthriscetum caucalidis<\/em>\u00a0Izco\u00a0<em>et al.<\/em>\u00a01978<\/li>\n\n\n\n<li>F14-17 \u2013\u00a0<em>Galio aparines-Fumarietum boraei<\/em>\u00a0G\u00e9hu 2006<\/li>\n\n\n\n<li>F14-18 \u2013\u00a0<em>Parietario judaicae-Fumarietum capreolatae<\/em>\u00a0G\u00e9hu 2006<\/li>\n\n\n\n<li>F14-15 \u2013\u00a0<em>Ranunculo parviflori-Geranietum mollis<\/em>\u00a0Provost\u00a0<em>ex\u00a0<\/em>B. Foucault 2009<\/li>\n<\/ul>\n\n\n\n<p><em>&gt;&gt;&gt;&gt;&gt;&gt;&gt;&gt;&gt;&gt;&gt;ALLIANCE DU Drabo muralis-Cardaminion hirsutae B. Foucault 1988<\/em><\/p>\n\n\n\n<ul class=\"wp-block-list\">\n<li>F14-09 \u2013\u00a0<em>Barbareetum vernae<\/em>\u00a0Robbe\u00a0<em>ex<\/em>\u00a0J.-M. Royer\u00a0<em>et al.<\/em>\u00a02006<\/li>\n\n\n\n<li>F14-10 \u2013\u00a0<em>Cardamino hirsutae-Arabidopsietum thalianae<\/em>\u00a0G\u00e9hu 1999<\/li>\n\n\n\n<li>F14-11 \u2013\u00a0<em>Drabo muralis-Myosotidetum pusillae<\/em>\u00a0B. Foucault 2009<\/li>\n\n\n\n<li>F14-02 \u2013\u00a0<em>Geranietum lucido-columbini<\/em>\u00a0B. Foucault 1989<\/li>\n\n\n\n<li>F14-03 \u2013\u00a0<em>Geranio columbini-Cardaminetum hirsutae<\/em>\u00a0Royer\u00a0<em>in\u00a0<\/em>Royer\u00a0<em>et al.<\/em>\u00a02006<\/li>\n\n\n\n<li>F14-06 \u2013\u00a0<em>Geranio lucidi-Cardaminetum hirsutae<\/em>\u00a0B. Foucault &amp; Frileux 1983<\/li>\n\n\n\n<li>F14-05 \u2013\u00a0<em>Geranio lucidi-Sedetum cepaeae<\/em>\u00a0Oberd. 1954<\/li>\n\n\n\n<li>F14-08 \u2013\u00a0<em>Geranio purpurei-Anthriscetum caucalidis<\/em>\u00a0Bioret\u00a0<em>et al.<\/em>\u00a01993<\/li>\n\n\n\n<li>F14-07 \u2013\u00a0<em>Sedetum cepaeae<\/em>\u00a0Robbe\u00a0<em>ex\u00a0<\/em>J.-M. Royer\u00a0<em>et al.<\/em>\u00a02006<\/li>\n\n\n\n<li>F14-04 \u2013\u00a0<em>Valerianello carinatae-Calepinetum irregularis<\/em>\u00a0B. Foucault 2008<\/li>\n\n\n\n<li>gr. \u00e0\u00a0<em>Senecio lividus-Myosotis balbisiana<\/em>\u00a0B. Foucault 2009<\/li>\n<\/ul>\n\n\n\n<p><em>&gt;&gt;&gt;&gt;&gt;ORDRE DU Geranio purpurei-Cardaminetalia hirsutae Brullo in Brullo &amp; Marceno 1985<\/em><\/p>\n\n\n\n<p><em>&gt;&gt;&gt;&gt;&gt;&gt;&gt;&gt;&gt;&gt;&gt;ALLIANCE DU Cardaminion graecae Biondi et al. 2004<\/em><\/p>\n\n\n\n<ul class=\"wp-block-list\">\n<li><em>Geranio lucidi-Cardaminetum graecae<\/em>\u00a0Biondi\u00a0<em>et al.<\/em>\u00a02004<\/li>\n<\/ul>\n\n\n\n<p><em>&gt;&gt;&gt;&gt;&gt;&gt;&gt;&gt;&gt;&gt;&gt;ALLIANCE DU Geranio pusilli-Anthriscion caucalidis Rivas-Mart. 1978<\/em><\/p>\n\n\n\n<ul class=\"wp-block-list\">\n<li><em>Cardamino hirsutae-Erophiletum praecocis<\/em>\u00a0O. Bol\u00f2s 1981<\/li>\n<\/ul>\n\n\n\n<p><em>&gt;&gt;&gt;&gt;&gt;&gt;&gt;&gt;&gt;&gt;&gt;ALLIANCE DU Parietarion lusitanico-mauritanicae Rivas-Mart. et al. 2001<\/em><\/p>\n\n\n\n<ul class=\"wp-block-list\">\n<li><em>Anogrammo leptophyllae-Parietarietum lusitanicae<\/em>\u00a0Rivas-Mart. &amp; Ladero\u00a0<em>in\u00a0<\/em>Rivas-Mart. 1978<\/li>\n<\/ul>\n\n\n\n<p><em>&gt;&gt;&gt;&gt;&gt;&gt;&gt;&gt;&gt;&gt;&gt;ALLIANCE DU Valantio muralis-Galion muralis Brullo in Brullo &amp; Marceno 1985<\/em><\/p>\n\n\n\n<ul class=\"wp-block-list\">\n<li>F14-01 \u2013\u00a0<em>Fumario capreolatae-Torilidetum nodosae<\/em>\u00a0B. Foucault 2009<\/li>\n\n\n\n<li><em>Parietarietum lusitanicae Sutter 1973\u00a0: groupement non encore d\u00e9finitivement valid\u00e9.<\/em><\/li>\n<\/ul>\n\n\n\n<p>MEGAPHORBIAIES ET OURLETS (PVF1)<\/p>\n\n\n\n<h2 class=\"wp-block-heading\" id=\"glechomo-urticetea\"><strong>\u2013 <em>Glechomo hederaceae \u2013 Urticetea dioicae (Passarge 1967) Julve 2003 nom. nov. hoc loco. RANG: CLASSE<\/em><\/strong><\/h2>\n\n\n\n<p>V\u00e9g\u00e9tations herbac\u00e9es des ourlets vivaces, m\u00e9sohygrophiles \u00e0 m\u00e9sophiles, nitroclinophiles \u00e0 nitrophiles repr\u00e9sent\u00e9es par: <em><a href=\"https:\/\/lecompagnonrouge.fr\/?p=2121\">Urtica dioica<\/a>, <a href=\"https:\/\/lecompagnonrouge.fr\/?p=959\">Glechoma hederacea<\/a>, <a href=\"https:\/\/lecompagnonrouge.fr\/?p=3918\">Galium aparine<\/a>, <a href=\"https:\/\/lecompagnonrouge.fr\/?p=6430\">Geum urbanum<\/a>, <a href=\"https:\/\/lecompagnonrouge.fr\/?p=2360\">Galeopsis tetrahit<\/a>, <a href=\"https:\/\/lecompagnonrouge.fr\/?p=6595\">Stachys sylvatica<\/a><\/em><\/p>\n\n\n\n<p><em>>>>>>ORDRE DU<\/em> <em>Galio aparines \u2013 Alliarietalia petiolatae Oberd. ex G\u00f6rs &amp; T. M\u00fcll. 1969<\/em><\/p>\n\n\n\n<p>Ourlets vivaces, m\u00e9sohygrophiles \u00e0 m\u00e9sophiles, nitrophiles repr\u00e9sent\u00e9s par: <em><a href=\"https:\/\/lecompagnonrouge.fr\/?p=502\">Alliaria petiolata<\/a>, <a href=\"https:\/\/lecompagnonrouge.fr\/?p=959\">Glechoma hederacea<\/a>, <a href=\"https:\/\/lecompagnonrouge.fr\/?p=3918\">Galium aparine<\/a>, <a href=\"https:\/\/lecompagnonrouge.fr\/?p=624\">Anthriscus sylvestris<\/a>, <a href=\"https:\/\/lecompagnonrouge.fr\/?p=1016\">Chelidonium majus<\/a><\/em><\/p>\n\n\n\n<p id=\"aegopodion\"><em>>>>>>>>>>>ALLIANCE DE L&rsquo;Aegopodion podagrariae T\u00fcxen 1967<\/em><\/p>\n\n\n\n<p>Ourlets vivaces, h\u00e9liophiles \u00e0 h\u00e9mih\u00e9liophiles, m\u00e9sohygroclinophiles, nitrophiles et rud\u00e9raux repr\u00e9sent\u00e9s par (+ autres contextes: bords de cultures): <em><a href=\"https:\/\/lecompagnonrouge.fr\/?p=10166\">Cirsium arvense<\/a>, <a href=\"https:\/\/lecompagnonrouge.fr\/?p=624\">Anthriscus sylvestris<\/a> (ou Anthriscus s.l.), <a href=\"https:\/\/lecompagnonrouge.fr\/?p=3959\">Sambucus ebulus<\/a>, <a href=\"https:\/\/lecompagnonrouge.fr\/?p=4091\">Rumex obtusifolius<\/a>, <a href=\"https:\/\/lecompagnonrouge.fr\/?p=4258\">Elytrigia repens<\/a>, <a href=\"https:\/\/lecompagnonrouge.fr\/?p=1926\">Convolvulus sepium<\/a>, <a href=\"https:\/\/lecompagnonrouge.fr\/?p=6138\">Rubus caesius<\/a>, Lamium maculatum, <a href=\"https:\/\/lecompagnonrouge.fr\/?p=3777\">Cruciata laevipes<\/a><\/em><\/p>\n\n\n\n<ul class=\"wp-block-list\">\n<li><em>Anthriscetum sylvestris<\/em> Hada\u010d 1978: Ourlet vivace, h\u00e9liophile \u00e0 h\u00e9mih\u00e9liophile, m\u00e9sohygroclinophile, neutroclinophile, des sols \u00e9pais et tr\u00e8s riches en nutriments: <em><a href=\"https:\/\/lecompagnonrouge.fr\/?p=624\">Anthriscus sylvestris<\/a>, <a href=\"https:\/\/lecompagnonrouge.fr\/?p=1280\">Arrhenatherum elatius subsp. elatius<\/a>, <a href=\"https:\/\/lecompagnonrouge.fr\/?p=2121\">Urtica dioica<\/a>, <a href=\"https:\/\/lecompagnonrouge.fr\/?p=1275\">Dactylis glomerata<\/a>, <a href=\"https:\/\/lecompagnonrouge.fr\/?p=4391\">Poa trivialis<\/a><\/em><\/li>\n\n\n\n<li><em>Urtico dioicae \u2013 Cruciatetum laevipedis<\/em> Dierschke 1973: Ourlet vivace, h\u00e9liophile \u00e0 h\u00e9mih\u00e9liophile, m\u00e9sohygroclinophile \u00e0 m\u00e9sophile, neutrobasiphile \u00e0 neutroclinophile: <em><a href=\"https:\/\/lecompagnonrouge.fr\/?p=3777\">Cruciata laevipes<\/a>, <a href=\"https:\/\/lecompagnonrouge.fr\/?p=2121\">Urtica dioica<\/a>, <a href=\"https:\/\/lecompagnonrouge.fr\/?p=5748\">Veronica chamaedrys<\/a>, <a href=\"https:\/\/lecompagnonrouge.fr\/?p=1280\">Arrhenatherum elatius<\/a>, <a href=\"https:\/\/lecompagnonrouge.fr\/?p=624\">Anthriscus sylvestris<\/a><\/em>\n<ul class=\"wp-block-list\">\n<li><em>typicum<\/em> Dierschke 1973<\/li>\n\n\n\n<li><em>filipenduletosum ulmariae<\/em> Dierschke 1973<\/li>\n\n\n\n<li><em>agrimonietosum<\/em> Dierschke 1973<\/li>\n<\/ul>\n<\/li>\n\n\n\n<li><em>Urtico dioicae \u2013 Sambucetum ebuli <\/em>Braun-Blanq. 1967 (conflit de classification avec l&rsquo;Arction lappae?) V\u00e9g\u00e9tation m\u00e9sohygrophile \u00e0 m\u00e9sophile, nitrophile, neutrobasiclinophile, m\u00e9diterran\u00e9o-atlantique: <em><a href=\"https:\/\/lecompagnonrouge.fr\/?p=3959\">Sambucus ebulus<\/a>, <a href=\"https:\/\/lecompagnonrouge.fr\/?p=2121\">Urtica dioica<\/a>, <a href=\"https:\/\/lecompagnonrouge.fr\/?p=3918\">Galium aparine<\/a>, <a href=\"https:\/\/lecompagnonrouge.fr\/?p=1785\">Arctium minus<\/a>, <a href=\"https:\/\/lecompagnonrouge.fr\/?p=2591\">Ballota nigra subsp. foetida<\/a>, <a href=\"https:\/\/lecompagnonrouge.fr\/?p=2421\">Anisantha sterilis<\/a>, Conium maculatum, <a href=\"https:\/\/lecompagnonrouge.fr\/?p=887\">Carduus tenuiflorus<\/a>, <a href=\"https:\/\/lecompagnonrouge.fr\/?p=138\">Lamium purpureum<\/a>, <a href=\"https:\/\/lecompagnonrouge.fr\/?p=1926\">Convolvulus sepium<\/a><\/em>\n<ul class=\"wp-block-list\">\n<li><em>urticetosum dioicae<\/em> Braun-Blanq. 1967<\/li>\n\n\n\n<li><em>calystegietosum sepium <\/em>Braun-Blanq. 1967<\/li>\n<\/ul>\n<\/li>\n<\/ul>\n\n\n\n<p><\/p>\n\n\n\n<p><em>>>>>>>>>>>ALLIANCE DU<\/em> Geo urbani \u2013 Alliarion petiolatae W. Lohmeyer &amp; Oberd. ex G\u00f6rs &amp; T. M\u00fcll. 1969<\/p>\n\n\n\n<p><em>>>>>>ORDRE DU<\/em> Impatienti noli-tangere \u2013 Stachyetalia sylvaticae Boullet, G\u00e9hu &amp; Rameau in Bardat, Bioret, Botineau, Boullet, Delpech, G\u00e9hu, Haury, Lacoste, Rameau, J.-M. Royer, Roux &amp; Touffet 2004<\/p>\n\n\n\n<p><em>>>>>>>>>>>ALLIANCE D<\/em>E L&rsquo;Impatienti noli-tangere \u2013 Stachyion sylvaticae G\u00f6rs ex Mucina in Mucina, G. Grabherr &amp; Ellmauer 1993<\/p>\n\n\n\n<p><em>>>>>>>>>>>ALLIANCE DU<\/em><\/p>\n\n\n\n<h2 class=\"wp-block-heading\"><strong>\u2013 Agropyretea pungentis. RANG: CLASSE<\/strong><\/h2>\n\n\n\n<h2 class=\"wp-block-heading\"><strong><em>\u2013 <\/em>Mulgedio alpini-Aconitetea variegati. RANG: CLASSE<\/strong><\/h2>\n\n\n\n<p><\/p>\n\n\n\n<h2 class=\"wp-block-heading\"><em><strong>\u2013 Filipendulo ulmariae-Convolvuletea sepium G\u00e9hu &amp; G\u00e9hu-Franck 1987. RANG\u00a0: CLASSE.<\/strong><\/em><\/h2>\n\n\n\n<p>M\u00e9gaphorbiaies temp\u00e9r\u00e9es planitiaires \u00e0 montagnardes, m\u00e9so-eutrophiles caract\u00e9ris\u00e9es par <em><a href=\"https:\/\/lecompagnonrouge.fr\/?p=6841\">Filipendula ulmaria<\/a><\/em>, <em>Deschampsia cespitosa<\/em>, <em><a href=\"https:\/\/lecompagnonrouge.fr\/?p=1915\">Angelica sylvestris<\/a><\/em>, <em>Valeriana officinalis<\/em> subsp. <em>repens<\/em> +<em><a href=\"https:\/\/lecompagnonrouge.fr\/?p=2121\">Urtica dioica<\/a><\/em> + <em><a href=\"https:\/\/lecompagnonrouge.fr\/?p=1926\">Calystegia sepium<\/a><\/em>, <em>Cirsium palustre<\/em>, <em><a href=\"https:\/\/lecompagnonrouge.fr\/?p=1587\">Lythrum salicaria<\/a><\/em>, <em><a href=\"https:\/\/lecompagnonrouge.fr\/?p=4111\">Caltha palustris<\/a><\/em>, <em><a href=\"https:\/\/lecompagnonrouge.fr\/?p=698\">Heracleum sphondylium<\/a><\/em>, <em><a href=\"https:\/\/lecompagnonrouge.fr\/?p=3028\">Scrophularia auriculata<\/a><\/em>, <em><a href=\"https:\/\/lecompagnonrouge.fr\/?p=2027\">Eupatorium cannabinum<\/a><\/em><\/p>\n\n\n\n<p><em>&gt;&gt;&gt;&gt;&gt;ORDRE DU Convolvuletalia sepium T\u00fcxen ex Mucina in Mucina et al. 1993<\/em><\/p>\n\n\n\n<p><em>&gt;&gt;&gt;&gt;&gt;&gt;&gt;&gt;&gt;&gt;ALLIANCE DU Calystegio sepium-Althaeion officinalis B. Foucault 2011<\/em><\/p>\n\n\n\n<ul class=\"wp-block-list\">\n<li>F28-51 \u2013 <em>Althaeetum officinalis<\/em> J. Duvign. 1967<\/li>\n\n\n\n<li>F28-50 \u2013 <em>Althaeo officinalis-Calystegietum sepium<\/em> Beeftink 1965<\/li>\n\n\n\n<li>F28-48 \u2013 <em>Cochleario aestuariae-Oenanthetum crocatae<\/em> Bioret <em>et al.<\/em> 1995<\/li>\n\n\n\n<li>F28-47 \u2013 <em>Convolvulo sepium-Angelicetum heterocarpae<\/em> G\u00e9hu &amp; G\u00e9hu-Franck 1978<\/li>\n\n\n\n<li>F28-49 \u2013 <em>Senecioni aquatici-Oenanthetum crocatae<\/em> Lazare &amp; Bioret 2006<\/li>\n<\/ul>\n\n\n\n<p><em>&gt;&gt;&gt;&gt;&gt;&gt;&gt;&gt;&gt;&gt;ALLIANCE DU Convolvulion sepium T\u00fcxen ex Oberd. 1949<\/em><\/p>\n\n\n\n<ul class=\"wp-block-list\">\n<li>F28-33 \u2013 <em>Calystegio sepium-Asteretum lanceolati<\/em> Holzner <em>et al.<\/em> <em>ex <\/em>Passarge 1993<\/li>\n\n\n\n<li>F28-29 \u2013 <em>Calystegio sepium-Phragmitetum australis<\/em> Royer, Th\u00e9venin &amp; Didier <em>in <\/em>Royer <em>et al.<\/em> 2006<\/li>\n\n\n\n<li>F28-28 \u2013 <em>Calystegio sepium-Senecionetum paludosi<\/em> T\u00fcxen <em>ex <\/em>Passarge 1993<\/li>\n\n\n\n<li>F28-37 \u2013 <em>Cuscuto europaeae-Brassicetum nigrae<\/em> Volk <em>ex <\/em>Oberd. 1957<\/li>\n\n\n\n<li>F28-42 \u2013 <em>Cuscuto europaeae-Convolvuletum sepium<\/em> T\u00fcxen 1947 <em>emend.<\/em> Kopeck\u00fd 1969<\/li>\n\n\n\n<li><em>Cuscuto europaeae-Humuletum lupuli<\/em> sensu Passarge 1993<\/li>\n\n\n\n<li>F28-34 \u2013 <em>Epilobio hirsuti-Convolvuletum sepium<\/em> Hilbig <em>et al.<\/em> 1972<\/li>\n\n\n\n<li>F28-31 \u2013 <em>Epilobio hirsuti-Equisetetum telmateiae<\/em> B. Foucault <em>in <\/em>Royer <em>et al.<\/em> 2006<\/li>\n\n\n\n<li>F28-27 \u2013 <em>Eupatorietum cannabini<\/em> T\u00fcxen 1937<\/li>\n\n\n\n<li>F28-26 \u2013 <em>Eupatorio cannabini-Convolvuletum sepium<\/em> G\u00f6rs 1974<\/li>\n\n\n\n<li>F28-41 \u2013 <em>Fallopio dumetorum-Cucubaletum bacciferi<\/em> Passarge (1955) 1976<\/li>\n\n\n\n<li>F28-46 \u2013 <em>Impatienti glanduliferae-Solidaginetum serotinae<\/em> Moor 1958<\/li>\n\n\n\n<li>F28-32 \u2013 <em>Irido pseudacori-Oenanthetum crocatae<\/em> Seytre 2011<\/li>\n\n\n\n<li>F28-30 \u2013 <em>Oenantho crocatae-Angelicetum archangelicae<\/em> Frileux &amp; G\u00e9hu <em>ex <\/em>G\u00e9hu <em>in <\/em>G\u00e9hu &amp; G\u00e9hu-Franck 1984<\/li>\n\n\n\n<li>F28-44 \u2013 <em>Petasitetum hybridi<\/em> Oberd. 1949<\/li>\n\n\n\n<li>F28-43 \u2013 <em>Phalarido arundinaceae-Petasitetum hybridi<\/em> Schwick. 1933<\/li>\n\n\n\n<li>F28-38 \u2013 <em>Picrido hieracioidis-Eupatorietum cannabini<\/em> Loidi &amp; Navarro 1988<\/li>\n\n\n\n<li>F28-39 \u2013 <em>Senecionetum fluviatilis<\/em> Zahlheimer <em>ex <\/em>Th. M\u00fcll. <em>in <\/em>Oberd. 1983<\/li>\n\n\n\n<li><em>Solano dulcamarae-Calystegietum sepium<\/em> Roulier 1998<\/li>\n\n\n\n<li>F28-35 \u2013 <em>Symphyto officinalis-Cirsietum oleracei<\/em> G\u00e9hu 2006<\/li>\n\n\n\n<li>F28-40 \u2013 <em>Symphyto officinalis-Rubetum caesii<\/em> Passarge 1982<\/li>\n\n\n\n<li>F28-45 \u2013 <em>Urtico dioicae-Convolvuletum sepium<\/em> G\u00f6rs &amp; Th. M\u00fcll. 1969<\/li>\n\n\n\n<li>F28-36 \u2013 <em>Urtico dioicae-Phalaridetum arundinaceae<\/em> Schmidt 1981<\/li>\n<\/ul>\n\n\n\n<p><em>&gt;&gt;&gt;&gt;&gt;&gt;&gt;&gt;&gt;&gt;ALLIANCE DU Cynancho acuti-Calystegion sepium Rivas Goday &amp; Rivas-Mart. ex B. Foucault 2011<\/em><\/p>\n\n\n\n<ul class=\"wp-block-list\">\n<li>F28-52 \u2013 <em>Arundini donacis-Convolvuletum sepium<\/em> O. Bol\u00f2s 1962<\/li>\n<\/ul>\n\n\n\n<p><em>&gt;&gt;&gt;&gt;&gt;ORDRE DU Loto pedunculati-Filipenduletalia ulmariae Passarge (1975) 1978<\/em><\/p>\n\n\n\n<p><em>&gt;&gt;&gt;&gt;&gt;&gt;&gt;&gt;&gt;&gt;ALLIANCE DE L\u2019Achilleo ptarmicae-Cirsion palustris Julve &amp; Gillet ex B. Foucault 2011<\/em><\/p>\n\n\n\n<ul class=\"wp-block-list\">\n<li>F28-05 \u2013 <em>Achilleo ptarmicae-Filipenduletum ulmariae<\/em> Passarge (1971) 1975<\/li>\n\n\n\n<li>F28-03 \u2013 <em>Athyrio filicis-feminae-Phalaridetum arundinaceae<\/em> Labadille 2000<\/li>\n\n\n\n<li>F28-04 \u2013 <em>Athyrio filicis-feminae-Scirpetum sylvatici<\/em> B. Foucault 1997<\/li>\n\n\n\n<li>F28-02 \u2013 <em>Junco acutiflori-Angelicetum sylvestris<\/em> Botineau <em>et al.<\/em> 1985<\/li>\n\n\n\n<li>F28-06 \u2013 <em>Junco effusi-Lotetum uliginosi<\/em> Passarge 1988<\/li>\n\n\n\n<li>F28-01 \u2013 <em>Pteridio aquilini-Oenanthetum crocatae<\/em> B. Foucault 2011<\/li>\n\n\n\n<li>F28-07 \u2013 <em>Scrophulario auriculatae-Angelicetum sylvestris<\/em> Robbe <em>ex<\/em> J.-M. Royer <em>et al.<\/em> 2006<\/li>\n<\/ul>\n\n\n\n<p><em>&gt;&gt;&gt;&gt;&gt;&gt;&gt;&gt;&gt;&gt;ALLIANCE DU Dorycnio recti-Rumicion conglomerati Gradstein &amp; Smittenberg 1977<\/em><\/p>\n\n\n\n<ul class=\"wp-block-list\">\n<li>F28-23b \u2013 <em>Cirsio cretici-Dorycnietum recti<\/em> (Brullo &amp; Ronsisvalle 1975) G\u00e9hu &amp; Biondi 1988<\/li>\n\n\n\n<li>F28-25 \u2013 <em>Knautio integrifoliae-Oenanthetum crocatae<\/em> B. Foucault 2011<\/li>\n\n\n\n<li>F28-24 \u2013 <em>Senecioni doriae-Cirsietum monspessulani<\/em> B. Foucault 2011<\/li>\n<\/ul>\n\n\n\n<p><em>&gt;&gt;&gt;&gt;&gt;&gt;&gt;&gt;&gt;&gt;ALLIANCE DU Filipendulo ulmariae-Chaerophyllion hirsuti B. Foucault 2011<\/em><\/p>\n\n\n\n<p><em>&gt;&gt;&gt;&gt;&gt;&gt;&gt;&gt;&gt;&gt;ALLIANCE DU Petasition officinalis Sill. 1933<\/em><\/p>\n\n\n\n<p><em>&gt;&gt;&gt;&gt;&gt;&gt;&gt;&gt;&gt;&gt;ALLIANCE DU Thalictro flavi-Filipendulion ulmariae B. Foucault in Royer et al. 2006<\/em><\/p>\n\n\n\n<ul class=\"wp-block-list\">\n<li>F28-10 \u2013 <em>Aconito napelli-Eupatorietum cannabini<\/em> Royer <em>et al.<\/em> 1990<\/li>\n\n\n\n<li>F28-12 \u2013 <em>Angelico sylvestris-Filipenduletum ulmariae<\/em> Roulier 1998 <em>nom. illeg.<\/em><\/li>\n\n\n\n<li>F28-09 \u2013 <em>Euphorbio villosae-Filipenduletum ulmariae<\/em> B. Foucault 2008<\/li>\n\n\n\n<li>F28-11 \u2013 <em>Symphyto officinalis-Scrophularietum auriculatae<\/em> Julve 1994<\/li>\n\n\n\n<li>F28-13 \u2013 <em>Thalictro flavi-Althaeetum officinalis<\/em> (Molin. &amp; Tallon 1950) B. Foucault <em>in <\/em>Royer <em>et al.<\/em> 2006<\/li>\n\n\n\n<li>F28-14 \u2013 <em>Valeriano officinalis-Filipenduletum ulmariae<\/em> G. Sissingh <em>ex <\/em>Westhoff 1949<\/li>\n\n\n\n<li>F28-08 \u2013 <em>Valeriano repentis-Cirsietum oleracei<\/em> (Chouard 1926) B. Foucault 2011<\/li>\n\n\n\n<li>F28-15 \u2013 <em>Veronico longifoliae-Euphorbietum palustris<\/em> Korneck 1963<\/li>\n\n\n\n<li>gr. \u00e0 <em>Sonchus palustris<\/em> B. Foucault <em>et al.<\/em> 1992<\/li>\n\n\n\n<li>gr. \u00e0 <em>Thalictrum flavum-Achillea ptarmica<\/em> Royer &amp; Misset <em>prov.<\/em> <em>in <\/em>Royer <em>et al.<\/em> 2006<\/li>\n<\/ul>\n\n\n\n<p>\u2013 Melampyro pratens &#8211; Holcetea mollis RANG: CLASSE.<\/p>\n\n\n\n<p>\u2013 Trifolio medii-Geranietea sanguinei RANG: CLASSE.<\/p>\n\n\n\n<p>\u2013 <em>Franguletea dodonei<\/em> Doing <em>ex <\/em>V. Westh. <em>in <\/em>V. Westh. &amp; den Held 1969. RANG&nbsp;: CLASSE.<\/p>\n\n\n\n<p>Fourr\u00e9s humides\/secs m\u00e9sotrophiles \u00e0 oligotrophiles, plut\u00f4t h\u00e9liophiles.<\/p>\n\n\n\n<p><em>&gt;&gt;&gt;&gt;&gt;ORDRE DU Rubetalia plicati H.E. Weber in Pott 1995<\/em><\/p>\n\n\n\n<p><em>&gt;&gt;&gt;&gt;&gt;&gt;&gt;&gt;&gt;&gt;ALLIANCE DU Frangulo alni-Pyrion cordatae Herrera, Fern. Prieto &amp; Loidi 1991<\/em><\/p>\n\n\n\n<ul class=\"wp-block-list\">\n<li>F28b-13 \u2013 <em>Ericetum scopario-erigenae <\/em>Lahond\u00e8re &amp; Bioret 1996<\/li>\n\n\n\n<li>F28b-12 \u2013 <em>Erico scopariae-Franguletum alni <\/em>G\u00e9hu &amp; G\u00e9hu-Franck 1975<\/li>\n\n\n\n<li>F28b-11 \u2013 <em>Frangulo alni-Pyretum cordatae <\/em>Herrera, Fern. Prieto &amp; Loidi 1991<\/li>\n\n\n\n<li>F28b-15 \u2013 <em>Junipero communis-Franguletum alni <\/em>B. Foucault 2014<\/li>\n\n\n\n<li>F28b-14 \u2013 <em>Ulici europaei-Franguletum alni <\/em>Gloaguen &amp; Touffet <em>ex <\/em>B. Foucault 1988<\/li>\n<\/ul>\n\n\n\n<p><em>&gt;&gt;&gt;&gt;&gt;&gt;&gt;&gt;&gt;&gt;ALLIANCE DU Lonicero periclymeni-Rubion sylvatici T\u00fcxen &amp; Neumann ex Wittig 1977<\/em><\/p>\n\n\n\n<ul class=\"wp-block-list\">\n<li>F28b-21 \u2013 <em>Frangulo alni-Rubetum plicati<\/em> (Neumann <em>in <\/em>T\u00fcxen 1952) Oberd. <em>ex <\/em>B. Foucault &amp; J.-M. Royer 2014<\/li>\n\n\n\n<li><em>Groupe \u00e0 Rubus scissus-Salix aurita<\/em> Weber 1998<\/li>\n\n\n\n<li>F28b-16 \u2013 <em>Rubetum grati<\/em> T\u00fcxen &amp; Neumann <em>ex <\/em>H.E. Weber 1976<\/li>\n\n\n\n<li>F28b-20 \u2013 <em>Rubetum nessensi-integribasis<\/em> J.-M. Royer &amp; Ferrez 2012<\/li>\n\n\n\n<li>F28b-19 \u2013 <em>Rubetum pedemontani<\/em> H.E. Weber <em>in <\/em>Ri. Pott 1995<\/li>\n\n\n\n<li>F28b-17 \u2013 <em>Rubetum sylvatici<\/em> H.E. Weber <em>in <\/em>Ri. Pott 1995<\/li>\n\n\n\n<li>F28b-18 \u2013 <em>Sorbo aucupariae-Franguletum alni<\/em> Julve &amp; Gillet <em>ex <\/em>B. Foucault 1994<\/li>\n<\/ul>\n\n\n\n<p><em>&gt;&gt;&gt;&gt;&gt;ORDRE DU Salicetalia auritae Doing ex Krausch 1968<\/em><\/p>\n\n\n\n<p><em>&gt;&gt;&gt;&gt;&gt;&gt;&gt;&gt;&gt;&gt;ALLIANCE DE L\u2019Ericion terminalis (Gamisans 2013) in B. Foucault 2018<\/em><\/p>\n\n\n\n<ul class=\"wp-block-list\">\n<li>F28b-23 \u2013 <em>Carici microcarpae-Ericetum terminalis<\/em> Litard. &amp; Malcuit 1926<\/li>\n\n\n\n<li>F28b-24 \u2013 <em>Thelypterido palustris-Ericetum terminalis<\/em> Gamisans, Reille, Guyot &amp; Moulenc 1998<\/li>\n<\/ul>\n\n\n\n<p><em>&gt;&gt;&gt;&gt;&gt;&gt;&gt;&gt;&gt;&gt;ALLIANCE DE L\u2019Osmundo regalis-Myricion gale Julve ex B. Foucault &amp; J.-M. Royer 2014<\/em><\/p>\n\n\n\n<ul class=\"wp-block-list\">\n<li>F28b-02 \u2013 <em>Erico scopariae-Myricetum gale <\/em>B. Foucault, G\u00e9hu &amp; G\u00e9hu?Franck <em>in <\/em>B. Foucault &amp; J.-M. Royer 2014<\/li>\n\n\n\n<li>F28b-04 \u2013 <em>Myricetum gale <\/em>Osvald 1923<\/li>\n\n\n\n<li>F28b-01 \u2013 <em>Myrico gale-Salicetum atrocinereae <\/em>Vanden Berghen 1969<\/li>\n\n\n\n<li>F28b-03 \u2013 <em>Osmundo regalis-Salicetum atrocinereae <\/em>Braun-Blanq. &amp; T\u00fcxen 1952<\/li>\n\n\n\n<li>F28b-05 \u2013 <em>Sphagno subnitentis-Ericetum terminalis<\/em> Gamisans, Reille, Guyot &amp; Moulenc 1998<\/li>\n<\/ul>\n\n\n\n<p><em>&gt;&gt;&gt;&gt;&gt;&gt;&gt;&gt;&gt;&gt;ALLIANCE DU Salicion cinereae Th. M\u00fcll. &amp; G\u00f6rs ex H. Passarge 1961<\/em><\/p>\n\n\n\n<ul class=\"wp-block-list\">\n<li>F28b-08 \u2013 <em>Frangulo alni-Populetum tremulae <\/em>Felzines <em>in <\/em>J.-M. Royer, Felzines, Misset &amp; Th\u00e9venin 2006<\/li>\n\n\n\n<li>F28b-09 \u2013 <em>Frangulo alni-Salicetum auritae <\/em>T\u00fcxen 1937<\/li>\n\n\n\n<li>F28b-07 \u2013 <em>Frangulo alni-Salicetum cinereae <\/em>Graebner &amp; Hueck 1931<\/li>\n\n\n\n<li>F28b-22 \u2013 <em>Salicetum pentandro-atrocinereae<\/em> Th\u00e9baud, Roux, Bernard &amp; Delcoigne 2014<\/li>\n\n\n\n<li>F28b-06 \u2013 <em>Salicetum pentandro-cinereae <\/em>Almquist <em>ex <\/em>H. Passarge 1961<\/li>\n\n\n\n<li><em>F28b-10 \u2013 Sphagno fallacis-Salicetum auritae Bick ex Boeuf &amp; Ritz in Boeuf 2014<\/em><\/li>\n<\/ul>\n\n\n\n<p><\/p>\n\n\n\n<p>\u2013 <em>Juncetea bufonii<\/em> B. Foucault 1988. RANG&nbsp;: CLASSE.<\/p>\n\n\n\n<p>Pelouses amphibies \u00e0 annuelles&nbsp;: <em>Juncus bufonius subsp. bufonius, Juncus tenageia, Juncus hybridus, Lythrum hyssopifolia, Lythrum portula, Cyperus fuscus, Cyperus flavescens, <a href=\"https:\/\/lecompagnonrouge.fr\/?p=1936\">Gnaphalium uliginosum<\/a>, Pseudognaphalium luteoalbum, Myosurus minimus, Ranunculus sardous, Pulicaria vulgaris, Sisymbrella aspera, Gypsophila muralis, Corrigiola littoralis \u2026<\/em><\/p>\n\n\n\n<p><em>&gt;&gt;&gt;&gt;&gt;ORDRE DE L\u2019Elatino triandrae-Cyperetalia fusci B. Foucault 1988<\/em><\/p>\n\n\n\n<ul class=\"wp-block-list\">\n<li>F34b-17 \u2013 <em>Elatinetum macropodae<\/em> Braun-Blanq. 1936<\/li>\n\n\n\n<li>F34b-18 \u2013 <em>Lythro portulae-Damasonietum alismatis<\/em> B. Foucault 1988<\/li>\n\n\n\n<li>gr. \u00e0 <em>Ranunculus lateriflorus-Sisymbrella aspera<\/em> subsp. <em>aspera<\/em> Seytre, 2006<\/li>\n\n\n\n<li>gr. \u00e0 <em>Teucrium aristatum-Lythrum tribracteatum<\/em> Loisel, 1976<\/li>\n<\/ul>\n\n\n\n<p><em>&gt;&gt;&gt;&gt;&gt;&gt;&gt;&gt;&gt;&gt;ALLIANCE DE L\u2019Eleocharition soloniensis G. Phil. 1968<\/em><\/p>\n\n\n\n<p><em>&gt;&gt;&gt;&gt;&gt;&gt;&gt;&gt;&gt;&gt;&gt;&gt;SOUS-ALLIANCE DE LElatino macropodae-Lindernenion procumbentis W. Pietsch 1973\u2019<\/em><\/p>\n\n\n\n<ul class=\"wp-block-list\">\n<li>F34b-09 \u2013 <em>Callitricho stagnalis-Polygonetum hydropiperis<\/em> B. Foucault 1989<\/li>\n\n\n\n<li><em>communaut\u00e9 \u00e0 Rorippa islandica<\/em> in\u00e9dit, juillet 1988<\/li>\n\n\n\n<li>F34b-08 \u2013 <em>Cypero fusci-Ammannietum coccineae<\/em> O. Bol\u00f2s &amp; Masclans 1955<\/li>\n\n\n\n<li>gr. \u00e0 <em>Corrigiola littoralis<\/em> subsp. <em>littoralis<\/em> B. Foucault, 1987<\/li>\n\n\n\n<li>gr. \u00e0 <em>Limosella palustris-Ranunculus sceleratus<\/em> Bourn\u00e9rias <em>et al.<\/em>, 1978<\/li>\n<\/ul>\n\n\n\n<p><em>&gt;&gt;&gt;&gt;&gt;&gt;&gt;&gt;&gt;&gt;&gt;&gt;SOUS-ALLIANCE DE L\u2019E<\/em><em><u>u-Eleocharitenion ovatae W. Pietsch 1973<\/u><\/em><\/p>\n\n\n\n<ul class=\"wp-block-list\">\n<li>F34b-07 \u2013 <em>Chenopodio rubri-Coleanthetum subtilis<\/em> Le Bail, Lacroix, Magnanon &amp; B. Foucault <em>in <\/em>B. Foucault 2013<\/li>\n\n\n\n<li>F34b-03 \u2013 <em>Cypero fusci-Limoselletum aquaticae<\/em> Oberd. <em>ex <\/em>Korneck 1960<\/li>\n\n\n\n<li>F34b-04 \u2013 <em>Elatino alsinastri-Juncetum tenageiae<\/em> Libbert <em>ex <\/em>W. Pietsch 1973<\/li>\n\n\n\n<li>F34b-01 \u2013 <em>Eleocharito ovatae-Caricetum bohemicae<\/em> Klika 1935<\/li>\n\n\n\n<li>F34b-06 \u2013 <em>Ludwigio palustris-Lindernietum procumbentis<\/em> Felzines, Loiseau &amp; Portal 2002<\/li>\n\n\n\n<li>F34b-05 \u2013 <em>Lythro portulae-Ludwigietum palustris<\/em> Robbe <em>ex<\/em> J.-M. Royer, Felzines, Misset &amp; Th\u00e9venin 2006<\/li>\n\n\n\n<li>F34b-02 \u2013 <em>Peplido portulae-Eleocharitetum ovatae<\/em> W. Pietsch 1973<\/li>\n<\/ul>\n\n\n\n<p><em>&gt;&gt;&gt;&gt;&gt;&gt;&gt;&gt;&gt;&gt;ALLIANCE DE L\u2019Heleochloion schoenoidis Braun-Blanq. ex Rivas Goday 1956<\/em><\/p>\n\n\n\n<ul class=\"wp-block-list\">\n<li>F34b-13 \u2013 <em>Crypsio schoenoidis-Cyperetum micheliani<\/em> Martinez Parras, Peinado Lorca, Bartolom\u00e9 Esteban &amp; Molero Mesa 1988<\/li>\n\n\n\n<li>F34b-15 \u2013 <em>Echinochloo cruris-galli-Crypsietum schoenoidis<\/em> Paradis &amp; Lorenzoni 1994<\/li>\n\n\n\n<li>F34b-50 \u2013 <em>Gnaphalio uliginosi-Crypsietum schoenoidis<\/em> Guitton &amp; Terrisse 2014<\/li>\n\n\n\n<li>F34b-12 \u2013 <em>Heleochloo schoenoidis-Fimbristylidetum bisumbellatae<\/em> Braun-Blanq. <em>ex <\/em>Braun-Blanq. &amp; Rivas Goday <em>in <\/em>Rivas Goday 1955 <em>corr.<\/em> Brullo &amp; Minissale 1998<\/li>\n\n\n\n<li>F34b-14 \u2013 <em>Heliotropio supini-Heleochloetum schoenoidis<\/em> Rivas Goday 1956<\/li>\n\n\n\n<li>F34b-11 \u2013 <em>Ilysantho attenuatae-Cyperetum micheliani<\/em> Corill. 1971<\/li>\n\n\n\n<li>F34b-10 \u2013 <em>Plantagini intermediae-Crypsietum alopecuroidis<\/em> J.-M. Royer <em>ex <\/em>Didier &amp; J.-M. Royer 1999<\/li>\n<\/ul>\n\n\n\n<p><em>&gt;&gt;&gt;&gt;&gt;&gt;&gt;&gt;&gt;&gt;ALLIANCE DU Lythrion tribracteati Rivas Goday &amp; Rivas Mart. ex Rivas Goday 1970<\/em><\/p>\n\n\n\n<ul class=\"wp-block-list\">\n<li>F34b-16 \u2013 <em>Junco hybridi-Lythretum tribracteati<\/em> Terrisse 1996<\/li>\n<\/ul>\n\n\n\n<p><em>&gt;&gt;&gt;&gt;&gt;ORDRE DU Nanocyperetalia flavescentis Klika 1935<\/em><\/p>\n\n\n\n<p><em>&gt;&gt;&gt;&gt;&gt;&gt;&gt;&gt;&gt;&gt;ALLIANCE DE L\u2019Agrostion salmanticae Rivas Goday 1958<\/em><\/p>\n\n\n\n<ul class=\"wp-block-list\">\n<li>gr. \u00e0 <em>Agrostis pourretii-Elatine brochonii<\/em> Lorenzoni &amp; Paradis, 1997<\/li>\n<\/ul>\n\n\n\n<p><em>&gt;&gt;&gt;&gt;&gt;&gt;&gt;&gt;&gt;&gt;ALLIANCE DU Centaurio pulchelli-Blackstonion perfoliatae (M\u00fcll.-Stoll &amp; W. Pietsch 1965) B. Foucault 1988<\/em><\/p>\n\n\n\n<ul class=\"wp-block-list\">\n<li>F34b-44 \u2013 <em>Blackstonio perfoliatae-Ranunculetum sardoi<\/em> B. Foucault 2013<\/li>\n\n\n\n<li>F34b-49 \u2013 <em>Centaurio pulchelli-Filaginetum pyramidatae<\/em> J.-M. Royer <em>in <\/em>L-M. Royer, Felzines, Misset &amp; Th\u00e9venin 2006<\/li>\n\n\n\n<li>F34b-46 \u2013 <em>Erythraeo pulchellae-Blackstonietum serotinae<\/em> Oberd. 1957<\/li>\n\n\n\n<li>F34b-47 \u2013 <em>Euphorbio exiguae-Lythretum hyssopifoliae<\/em> Misset <em>in <\/em>J.-M. Royer, Felzines, Misset &amp; Th\u00e9venin, 2006<\/li>\n\n\n\n<li>F34b-45 \u2013 <em>Gentiano uliginosae-Erythraeetum littoralis<\/em> Braun-Blanq. &amp; De Leeuw 1936<\/li>\n\n\n\n<li>F34b-43 \u2013 <em>Isolepido setaceae-Centaurietum chloodis<\/em> Rivas Goday <em>ex <\/em>Brullo &amp; Minissale 1998<\/li>\n\n\n\n<li>F34b-48 \u2013 <em>Junco sphaerocarpi-Lythretum hyssopifoliae<\/em> de Laclos &amp; J.-M. Royer <em>ex <\/em>de Laclos &amp; J.-M. Royer <em>in <\/em>J.-M. Royer, Felzines, Misset &amp; Th\u00e9venin 2006<\/li>\n\n\n\n<li><em>Lino cathartici-Blackstonietum perfoliatae<\/em> B. Foucault &amp; JuIve 2002<\/li>\n\n\n\n<li>gr. \u00e0 <em>Blackstonia imperfoliata-Blackstonia perfoliata<\/em> B. Foucault, 1984<\/li>\n\n\n\n<li>gr. \u00e0 <em>Blackstonia imperfoliata<\/em> B. Foucault, in\u00e9dit ao\u00fbt 1986<\/li>\n\n\n\n<li>gr. \u00e0 <em>Centaurium maritimum-Blackstonia acuminata<\/em> Georgen, 1982<\/li>\n<\/ul>\n\n\n\n<p><em>&gt;&gt;&gt;&gt;&gt;&gt;&gt;&gt;&gt;&gt;ALLIANCE DU Cicendio filiformis-Solenopsion laurentiae Brullo &amp; Minissale 1998<\/em><\/p>\n\n\n\n<ul class=\"wp-block-list\">\n<li>F34b-28 \u2013 <em>Agrostio pourretii-Juncetum capitati<\/em> (Barbero 1965) B. Foucault 2013<\/li>\n\n\n\n<li>F34b-25 \u2013 <em>Bellido annuae-Cicendietum filiformis<\/em> B. Foucault <em>ex <\/em>Paradis &amp; Pozzo di Borgo 2005<\/li>\n\n\n\n<li>F34b-26 \u2013 <em>Junco pygmaei-Ranunculetum revelieri<\/em> Paradis &amp; Pozzo di Borgo 2005<\/li>\n\n\n\n<li>F34b-30 \u2013 <em>Laurentio michelii-Anthocerotetum dichotomi<\/em> Braun-Blanq. 1936<\/li>\n\n\n\n<li>F34b-29 \u2013 <em>Molineriello minutae-Juncetum fasciculati<\/em> (Poirion &amp; Barbero 1966) B. Foucault 2013<\/li>\n\n\n\n<li>F34b-51 \u2013 <em>Solenopsio laurentiae-Cicendietum filiformis<\/em> Paradis, Seinera &amp; Sorba 2014<\/li>\n\n\n\n<li>F34b-27 \u2013 <em>Solenopsio laurentiae-Lythretum borysthenici<\/em> Paradis &amp; Pozzo di Borgo 2005<\/li>\n\n\n\n<li>gr. \u00e0 <em>Centaurium spicatum-Crypsis aculeata<\/em> Barbero, 1965<\/li>\n\n\n\n<li>gr. \u00e0 <em>Polypogon maritimus-Bellis annua<\/em> Paradis <em>et al.<\/em>, 2002<\/li>\n<\/ul>\n\n\n\n<p><em>&gt;&gt;&gt;&gt;&gt;&gt;&gt;&gt;&gt;&gt;ALLIANCE DU Cicendion filiformis (Rivas Goday in Rivas Goday &amp; Borja 1961) Braun-Blanq. 1967<\/em><\/p>\n\n\n\n<ul class=\"wp-block-list\">\n<li>F34b-34 \u2013 <em>Centaurio maritimi-Juncetum capitati<\/em> Bioret <em>in <\/em>B. Foucault 2013<\/li>\n\n\n\n<li>F34b-32 \u2013 <em>Cicendietum filiformis<\/em> Allorge 1922<\/li>\n\n\n\n<li>F34b-31 \u2013 <em>Lythro thymifolii-Juncetum capitati<\/em> (Braun-Blanq. 1936) B. Foucault 2013<\/li>\n\n\n\n<li>F34b-33 \u2013 <em>Pseudognaphalio luteoalbi-Exaculetum pusilli<\/em> J.-M. Royer <em>in <\/em>J.-M. Royer, Felzines, Misset &amp; Th\u00e9venin 2006<\/li>\n\n\n\n<li>gr. \u00e0 <em>Montia fontana<\/em> subsp. <em>chondrosperma-Sedum villosum<\/em> B. Foucault, 1988<\/li>\n\n\n\n<li>gr. \u00e0 <em>Sedum villosum<\/em> subsp. <em>villosum<\/em> G\u00e9san 1978<\/li>\n<\/ul>\n\n\n\n<p><em>&gt;&gt;&gt;&gt;&gt;&gt;&gt;&gt;&gt;&gt;ALLIANCE DU Crassulo vaillantii-Lythrion borysthenici B. Foucault 1988<\/em><\/p>\n\n\n\n<ul class=\"wp-block-list\">\n<li>F34b-24 \u2013 <em>Antinorio insularis-Lythretum borysthenici<\/em> B. Foucault, Paradis, Lorenzoni-Pietri, Pozzo di Borgo &amp; Sorba <em>in<\/em> B. Foucault 2013<\/li>\n\n\n\n<li>F34b-20 \u2013 <em>Bellido annuae-Lythretum borysthenici<\/em> (Poirion &amp; Barbero 1966) B. Foucault 2013<\/li>\n\n\n\n<li>F34b-21 \u2013 <em>Junco pygmaei-Lythretum borysthenici<\/em> (Braun-Blanq. 1936) B. Foucault 2013<\/li>\n\n\n\n<li>F34b-22 \u2013 <em>lso\u00ebto velatae-Bulliardetum vaillantii<\/em> Poirion &amp; Barbero 1965<\/li>\n\n\n\n<li>F34b-19 \u2013 <em>Myosuro minimi-Bulliardetum vaillantii<\/em> Braun-Blanq. 1936<\/li>\n\n\n\n<li>F34b-23 \u2013 <em>Peplido erectae-Ranunculetum revelieri<\/em> Barbero 1965<\/li>\n\n\n\n<li>gr. \u00e0 <em>Lythrum borysthenicum-Lotus angustissimus<\/em> subsp. <em>hispidus<\/em> Lorenzoni &amp; Paradis, 2000<\/li>\n\n\n\n<li>gr. \u00e0 <em>Montia fontana<\/em> subsp. <em>chondrosperma-Ranunculus nodiflorus<\/em> Seytre, 2006<\/li>\n\n\n\n<li>gr. \u00e0 <em>Ranunculus nodiflorus-Lythrum portula<\/em> Gamisans, 1976<\/li>\n\n\n\n<li>gr. \u00e0 <em>Ranunculus sardous-Lythrum thymifolium<\/em> Seytre, 2006<\/li>\n<\/ul>\n\n\n\n<p><em>&gt;&gt;&gt;&gt;&gt;&gt;&gt;&gt;&gt;&gt;ALLIANCE DU Nanocyperion flavescentis (W. Koch 1926) Libbert 1932<\/em><\/p>\n\n\n\n<ul class=\"wp-block-list\">\n<li>F34b-41 \u2013 <em>Cyperetum flavescentis<\/em> W. Koch <em>ex<\/em> Aichinger 1933<\/li>\n\n\n\n<li><em>Gnaphalio uliginosi-Peplidetum portulae<\/em> O. Bolos 1979<\/li>\n\n\n\n<li>F34b-42 \u2013 <em>Stellario uliginosae-Scirpetum setacei<\/em> W. Koch <em>ex <\/em>Libbert 1932<\/li>\n\n\n\n<li>gr. \u00e0 <em>Illecebrum verticillatum<\/em> Billy, 2002<\/li>\n\n\n\n<li>gr. \u00e0 <em>Juncus bufonius-Gypsophila muralis<\/em> Billy, 2002<\/li>\n\n\n\n<li>gr. \u00e0 <em>Juncus bufonius-Myosurus minimus<\/em> Bourn\u00e9rias <em>et al.<\/em>, 1978<\/li>\n\n\n\n<li>gr. \u00e0 <em>Spergularia segetalis-Lythrum thymifolium<\/em> Seytre, 2006<\/li>\n<\/ul>\n\n\n\n<p><em>&gt;&gt;&gt;&gt;&gt;&gt;&gt;&gt;&gt;&gt;ALLIANCE DU Radiolion linoidis W. Pietsch 1973<\/em><\/p>\n\n\n\n<p><em>&gt;&gt;&gt;&gt;&gt;&gt;&gt;&gt;&gt;&gt;&gt;&gt;SOUS-ALLIANCE DU Centunculenion minimi<\/em> (Rivas Goday 1964) W. Pietsch 1973<\/p>\n\n\n\n<p><em>&gt;&gt;&gt;&gt;&gt;&gt;&gt;&gt;&gt;&gt;&gt;&gt;SOUS-ALLIANCE DU Radiolenion linoidis<\/em> B. Foucault 1988<\/p>\n\n\n\n<p>\u2013 <em>Montio fontanae-Cardaminetea amarae<\/em> Braun-Blanq. &amp; T\u00fcxen 1943. RANG&nbsp;: CLASSE.<\/p>\n\n\n\n<p>V\u00e9g\u00e9tation herbac\u00e9e vivace de petite taille colonisant les sources d\u2019eau vive bien oxyg\u00e9n\u00e9e, des suintements\/ \u00e9galement talus ombrag\u00e9s a\u00e9ro-hygrophiles.<\/p>\n\n\n\n<p><em>&gt;&gt;&gt;&gt;&gt;ORDRE DU Cardamino amarae-Chrysosplenietalia alternifolii Hinterlang ex B. Foucault 2018<\/em><\/p>\n\n\n\n<p><em>&gt;&gt;&gt;&gt;&gt;&gt;&gt;&gt;&gt;&gt;ALLIANCE DE L\u2019Arabidion soyeri Julve ex B. Foucault 2018<\/em><\/p>\n\n\n\n<ul class=\"wp-block-list\">\n<li>F43-25 \u2013 <em>Alchemillo coriaceae-Cardaminetum asarifoliae<\/em> (Guin. 1938) B. Foucault 2018<\/li>\n\n\n\n<li>F43-27 \u2013 <em>Chaerophyllo calabrici-Cardaminetum asarifoliae<\/em> Gerdol &amp; Tomaselli <em>ex <\/em>B. Foucault 2018<\/li>\n\n\n\n<li>F43-26 \u2013 <em>Cochlearietum pyrenaicae<\/em> Oberd. <em>ex <\/em>B. Foucault 2018<\/li>\n\n\n\n<li><em>(Cratoneuro falcati-) Arabidetum bellidifoliae<\/em> sensu Braun-Blanq. 1948<\/li>\n\n\n\n<li>F43-22 \u2013 <em>Epilobio alsinifolii-Saxifragetum stellaris<\/em> N\u00e8gre 1968<\/li>\n\n\n\n<li>F43-24 \u2013 <em>Saxifrago aizoidis-Arabidetum subcoriaceae<\/em> (W. Koch 1928) B. Foucault 2018<\/li>\n\n\n\n<li>F43-23 \u2013 <em>Saxifrago aizoidis-Cochlearietum pyrenaicae<\/em> Chouard <em>ex <\/em>Corriol &amp; B. Foucault 2018<\/li>\n<\/ul>\n\n\n\n<p><em>&gt;&gt;&gt;&gt;&gt;&gt;&gt;&gt;&gt;&gt;ALLIANCE DU Caricion remotae K\u00e4stner 1942<\/em><\/p>\n\n\n\n<ul class=\"wp-block-list\">\n<li>F43-17 \u2013 <em>Cardaminetum flexuosae<\/em> Oberd. 1957<\/li>\n\n\n\n<li>F43-10 \u2013 <em>Cardaminetum latifoliae<\/em> Braun-Blanq. <em>in <\/em>Braun- Blanq., Roussine &amp; N\u00e8gre 1952<\/li>\n\n\n\n<li>F43-13 \u2013 <em>Cardamino amarae-Chrysosplenietum alternifolii<\/em> F.M. Maas 1959<\/li>\n\n\n\n<li>F43-09 \u2013 <em>Cardamino flexuosae-Chrysosplenietum oppositifolii<\/em> O. Bol\u00f2s 1979<\/li>\n\n\n\n<li>F43-14 \u2013 <em>Chrysosplenio oppositifolii-Cardaminetum amarae<\/em> Jouanne <em>in <\/em>Chouard 1929<\/li>\n\n\n\n<li>F43-18 \u2013 <em>Epilobietum obscuri<\/em> Robbe <em>ex <\/em>J.-M. Royer, Felzines, Misset &amp; Th\u00e9venin 2006<\/li>\n\n\n\n<li>F43-16 \u2013 <em>Epilobio alsinifolii-Cardaminetum amarae<\/em> (Braun-Blanq. 1926) Seytre &amp; B. Foucault <em>in <\/em>B. Foucault 2018<\/li>\n\n\n\n<li>F43-12 \u2013 <em>Epilobio obscuri-Chrysosplenietum oppositifolii<\/em> B. Foucault 2018<\/li>\n\n\n\n<li>F43-19 \u2013 <em>Lysimachio nemorum-Caricetum remotae<\/em> Decocq 1999<\/li>\n\n\n\n<li>F43-15 \u2013 <em>Myosotido martini-Saxifragetum rotundifoliae<\/em> B. Foucault &amp; Delpech <em>ex <\/em>B. Foucault 2018<\/li>\n\n\n\n<li><em>Stellario nemorum-Chrysosplenietum alternifolii<\/em> Gallandat, Gillet, Havlicek &amp; Perrenoud 1995<\/li>\n\n\n\n<li>F43-11 \u2013 <em>Veronico montanae-Caricetum remotae<\/em> S\u00fdkora <em>in <\/em>Hada\u010d 1983<\/li>\n\n\n\n<li>F43-20 \u2013 <em>Veronico montanae-Rumicetum sanguinei<\/em> J.-M. Royer <em>in <\/em>J.-M. Royer, Felzines, Misset &amp; Th\u00e9venin 2006<\/li>\n\n\n\n<li><em>Violo biflorae-Stellarietum nemorum<\/em> Roulier 1998<\/li>\n<\/ul>\n\n\n\n<p><em>&gt;&gt;&gt;&gt;&gt;&gt;&gt;&gt;&gt;&gt;ALLIANCE DU Lysimachio nemorum-Saxifragion hirsutae B. Foucault 2018<\/em><\/p>\n\n\n\n<ul class=\"wp-block-list\">\n<li>F43-07 \u2013 <em>Cardamino flexuosae-Saxifragetum hirsutae<\/em> B. Foucault 1995<\/li>\n\n\n\n<li>F43-06 \u2013 <em>Saxifrago clusii-Soldanelletum villosae<\/em> P. Allorge <em>ex <\/em>Aizpuru &amp; Catal\u00e1n 1987<\/li>\n\n\n\n<li>F43-08 \u2013 <em>Veronico montanae-Saxifragetum hirsutae<\/em> B. Foucault 2018<\/li>\n<\/ul>\n\n\n\n<p><em>&gt;&gt;&gt;&gt;&gt;&gt;&gt;&gt;&gt;&gt;ALLIANCE DU Wahlenbergio hederaceae-Sibthorpion europaeae B. Foucault 2018<\/em><\/p>\n\n\n\n<ul class=\"wp-block-list\">\n<li>F43-21 \u2013 <em>Chrysosplenio oppositifolii-Sibthorpietum europaeae<\/em> B. Foucault 1981<\/li>\n<\/ul>\n\n\n\n<p><em>&gt;&gt;&gt;&gt;&gt;ORDRE DU Montio fontanae-Cardaminetalia amarae<\/em> Paw\u0142. <em>in <\/em>Paw\u0142., Soko\u0142owski &amp; Wallisch 1928<\/p>\n\n\n\n<p><em>&gt;&gt;&gt;&gt;&gt;&gt;&gt;&gt;&gt;&gt;ALLIANCE DU Cardamino amarae-Montion fontanae<\/em> Braun-Blanq. 1925<\/p>\n\n\n\n<ul class=\"wp-block-list\">\n<li>F43-02 \u2013 <em>Myosotido martini-Micranthetum stellaris<\/em> B. Foucault 2018<\/li>\n\n\n\n<li>F43-03 \u2013 <em>Sagino saginoidis-Micranthetum stellaris<\/em> (Rivas Mart. &amp; G\u00e9hu 1978) B. Foucault 2018<\/li>\n\n\n\n<li>F43-01 \u2013 <em>Saxifragetum aquaticae<\/em> Braun-Blanq. 1948<\/li>\n\n\n\n<li>F43-04 \u2013 <em>Saxifragetum stellaris<\/em> Litard. &amp; Malcuit 1926<\/li>\n\n\n\n<li>F43-05 \u2013 <em>Stellario alsines-Montietum hallii<\/em> B. Foucault 1981 <em>corr.<\/em> 2018<\/li>\n<\/ul>\n\n\n\n<p><\/p>\n\n\n\n<p>\u2013 <em>Nardetea strictae<\/em> Rivas Goday <em>in <\/em>Rivas Goday &amp; Rivas-Mart. 1963. RANG&nbsp;: CLASSE.<\/p>\n\n\n\n<p>Pelouses oligotrophiles, acidiphiles \u00e0 acidiclines, m\u00e9sophiles \u00e0 m\u00e9sohygrophiles. Caract\u00e9ristiques&nbsp;: Nardus stricta, Antennaria dioica, Botrychium lunaria, Hieracium lactucella, Arnica motana, <a href=\"https:\/\/lecompagnonrouge.fr\/?p=1459\">Luzula campestris<\/a>, Luzula multiflora subsp. multiflora, Dactylorhiza viridis \u2026<\/p>\n\n\n\n<p><em>&gt;&gt;&gt;&gt;&gt;ORDRE DU Festucetalia spadiceae<\/em> Barbero 1970<\/p>\n\n\n\n<p><em>&gt;&gt;&gt;&gt;&gt;&gt;&gt;&gt;&gt;&gt;ALLIANCE DU Campanulo barbatae-Potentillion aureae<\/em> B. Foucault 1994<\/p>\n\n\n\n<ul class=\"wp-block-list\">\n<li>F45-41 \u2013 <em>Potentillo aureae-Nardetum strictae<\/em> Braun-Blanq. 1950 <em>emend.<\/em> Rivas-Mart. &amp; G\u00e9hu 1978<\/li>\n<\/ul>\n\n\n\n<p><em>&gt;&gt;&gt;&gt;&gt;&gt;&gt;&gt;&gt;&gt;ALLIANCE DU Carici macrostyli-Nardion strictae<\/em> B. Foucault 1994<\/p>\n\n\n\n<ul class=\"wp-block-list\">\n<li>F45-44 \u2013 <em>Alchemillo flabellatae-Nardetum strictae<\/em> Gruber 1975<\/li>\n\n\n\n<li>F45-45 \u2013 <em>Botrychio lunariae-Nardetum strictae<\/em> Peeters &amp; Vanden Berghen 1981<\/li>\n\n\n\n<li>F45-42 \u2013 <em>Endressio pyrenaicae-Nardetum strictae<\/em> Vigo 1972<\/li>\n\n\n\n<li>F45-47 \u2013 <em>Festuco microphyllae-Nardetum strictae<\/em> T\u00fcxen &amp; Oberd. 1958<\/li>\n\n\n\n<li>F45-43 \u2013 <em>Polygalo serpyllifoliae-Nardetum strictae<\/em> N\u00e8gre 1969 <em>nom. inv.<\/em> <em>prop.<\/em><\/li>\n\n\n\n<li>F45-48 \u2013 <em>Selino pyrenaei-Nardetum strictae<\/em> Braun-Blanq. 1948<\/li>\n\n\n\n<li>F45-50 \u2013 <em>Trifolio alpini-Phleetum gerardi<\/em> Braun-Blanq. 1948<\/li>\n\n\n\n<li>F45-49 \u2013 <em>Trifolio alpini-Selinetum pyrenaei<\/em> N\u00e8gre 1969<\/li>\n\n\n\n<li>F45-46 \u2013 <em>Trifolio thalii-Nardetum strictae<\/em> Rivas-Mart. <em>et al.<\/em> 1991<\/li>\n\n\n\n<li>F45-87 \u2013 <em>Euphrasio minimae-Nardetum strictae<\/em> Michalet &amp; Philippe <em>ex<\/em> Th\u00e9baud, Roux, Bernard &amp; Delcoigne 2014<\/li>\n<\/ul>\n\n\n\n<h4 class=\"wp-block-heading\" id=\"festucion-eskiae\"><em>&gt;&gt;&gt;&gt;&gt;&gt;&gt;&gt;&gt;&gt;ALLIANCE DU Festucion eskiae<\/em> Braun-Blanq. 1948<\/h4>\n\n\n\n<ul class=\"wp-block-list\">\n<li>F45-71 \u2013 <em>Androsaco laggeri-Festucetum eskiae<\/em> Gruber 1975<\/li>\n\n\n\n<li><em>Armerio plantagineae-Festucetum paniculatae<\/em> N\u00e8gre 1977<\/li>\n\n\n\n<li>F45-63 \u2013 <em>Campanulo ficarioidis-Festucetum eskiae<\/em> Braun-Blanq. 1948 <em>corr.<\/em> Gruber 1975<\/li>\n\n\n\n<li>F45-69 \u2013 <em>Galeopsio pyrenaicae-Festucetum eskiae<\/em> N\u00e8gre 1974<\/li>\n\n\n\n<li>F45-66 \u2013 <em>Galio cespitosi-Festucetum eskiae<\/em> N\u00e8gre 1974<\/li>\n\n\n\n<li>F45-64 \u2013 <em>Hieracio hypeuryi-Festucetum spadiceae<\/em> Braun-Blanq. 1948 <em>corr.<\/em> Corriol 2008<\/li>\n\n\n\n<li>F45-68 \u2013 <em>Irido xiphioidis-Festucetum paniculatae<\/em> N\u00e8gre 1968<\/li>\n\n\n\n<li>F45-72 \u2013 <em>Luzulo spadiceae-Festucetum eskiae tenuifoliae<\/em> N\u00e8gre &amp; Serve 1979 <em>nom. inv.<\/em> <em>prop.<\/em><\/li>\n\n\n\n<li>F45-70 \u2013 <em>Ranunculo pyrenaei-Festucetum eskiae<\/em> N\u00e8gre 1969<\/li>\n\n\n\n<li>F45-67 \u2013 <em>Scorzonero aristatae-Festucetum paniculatae<\/em> N\u00e8gre, Dendaletche &amp;Villar 1975<\/li>\n\n\n\n<li><em>Soldanello alpinae-Luzuletum spadiceae<\/em> N\u00e8gre 1968<\/li>\n\n\n\n<li>F45-65 \u2013 <em>Trifolio alpini-Festucetum eskiae<\/em> N\u00e8gre 1974<\/li>\n<\/ul>\n\n\n\n<p><em>&gt;&gt;&gt;&gt;&gt;&gt;&gt;&gt;&gt;&gt;ALLIANCE DU Festucion variae<\/em> Braun-Blanq. 1926<\/p>\n\n\n\n<ul class=\"wp-block-list\">\n<li>F45-56 \u2013 <em>Anthoxantho odorati-Veronicetum allionii<\/em> Lavagne <em>et al.<\/em> 1983<\/li>\n\n\n\n<li>F45-58 \u2013 <em>Avenetum parlatorei<\/em> Lavagne <em>et al.<\/em> 1983<\/li>\n\n\n\n<li>F45-51 \u2013 <em>Festuco scabriculmis-Potentilletum valderiae<\/em> Guin. 1938 <em>emend.<\/em> Lacoste 1975<\/li>\n\n\n\n<li>F45-52 \u2013 <em>Leontodonto helvetici-Alchemilletum alpinae<\/em> Lacoste 1975<\/li>\n\n\n\n<li>F45-86 \u2013 <em>Leucanthemo delarbrei-Festucetum paniculatae <\/em>Braun-Blanq. 1926 <em>corr.<\/em> Th\u00e9baud, Roux, Bernard &amp; Delcoigne 2014<\/li>\n\n\n\n<li>F45-54 \u2013 <em>Nigritello cornelianae-Nardetum strictae<\/em> Barbero 1970<\/li>\n\n\n\n<li>F45-55 \u2013 <em>Phyteumato michelii-Poetum violaceae<\/em> Barbero 1970<\/li>\n\n\n\n<li>F45-53 \u2013 <em>Ranunculo pyrenaei-Alopecuretum gerardi<\/em> Lippmaa <em>ex <\/em>Guin. 1938<\/li>\n\n\n\n<li>F45-57 \u2013 <em>Trifolio alpini-Poetum violaceae<\/em> Lavagne <em>et al.<\/em> 1983 <em>nom. Inval.<\/em><\/li>\n<\/ul>\n\n\n\n<p><em>&gt;&gt;&gt;&gt;&gt;&gt;&gt;&gt;&gt;&gt;ALLIANCE DU Galio saxatilis-Patzkeion paniculatae<\/em> B. Foucault 2016<\/p>\n\n\n\n<ul class=\"wp-block-list\">\n<li>F45-83 \u2013 <em>Arnico montanae-Festucetum paniculatae<\/em> Michalet &amp; Philippe <em>ex<\/em> Th\u00e9baud, Roux, Bernard &amp; Delcoigne 2014<\/li>\n\n\n\n<li>F45-92 \u2013 <em>Jasiono arvernensis-Agrostietum rupestris<\/em> Michalet &amp; Philippe <em>ex<\/em> Th\u00e9baud, Roux, Bernard &amp; Delcoigne 2014 <em>corr.<\/em> B. Foucault 2016<\/li>\n\n\n\n<li>F45-85 \u2013 <em>Trollio europaei-Deschampsietum flexuosae<\/em> Michalet &amp; Philippe <em>ex<\/em> Th\u00e9baud, Roux, Bernard &amp; Delcoigne 2014<\/li>\n\n\n\n<li>F45-84 \u2013 <em>Vicio orobi-Festucetum paniculatae<\/em> Michalet &amp; Philippe <em>ex<\/em> Th\u00e9baud, Roux, Bernard &amp; Delcoigne 2014<\/li>\n<\/ul>\n\n\n\n<p><em>&gt;&gt;&gt;&gt;&gt;&gt;&gt;&gt;&gt;&gt;ALLIANCE DU Galio saxatilis-Potentillion aureae<\/em> B. Foucault 1994<\/p>\n\n\n\n<ul class=\"wp-block-list\">\n<li>F45-34 \u2013 <em>Brizo mediae-Agrostietum capillaris<\/em> Th\u00e9baud 2006<\/li>\n\n\n\n<li>F45-81 \u2013 <em>Carici piluliferae-Nardetum strictae<\/em> Michalet &amp; Philippe <em>ex<\/em> Th\u00e9baud, Roux, Bernard &amp; Delcoigne 2014<\/li>\n\n\n\n<li>F45-33 \u2013 <em>Diantho sylvatici-Leontodontetum helvetici<\/em> (Lachapelle 1964) Billy <em>ex<\/em> Th\u00e9baud, Roux, Bernard &amp; Delcoigne 2014<\/li>\n\n\n\n<li><em>Festuco rubrae-Nardetum strictae<\/em> Braun-Blanquet 1926<\/li>\n\n\n\n<li>F45-32 \u2013 <em>Leontodonto helvetici-Nardetum strictae<\/em> Bartsch &amp; Bartsch 1940<\/li>\n\n\n\n<li>F45-36 \u2013 <em>Luzulo multiflorae-Festucetum nigrescentis<\/em> Th\u00e9baud, Roux, Bernard &amp; Delcoigne 2014. Caract\u00e9ris\u00e9 par les esp\u00e8ce suivantes (taux de couverture d&rsquo;environ 85%): Festuca nigrescens (3), Gallium saxatile (2), Leontodon pyrenaicus (2), Deschampsia flexuosa (2), Agrostis capillaris (2), Thesium alpinum (1), Luzula multiflora (1), Anemone nemorosa (1), Vaccinium myrtillus (1), <a href=\"https:\/\/lecompagnonrouge.fr\/?p=1436\">Anthoxanthum odoratum<\/a> (1), Calluna vulgaris, Genista pilosa, Carex pilulifera<\/li>\n\n\n\n<li>F45-82 \u2013 <em>Plantagini alpinae-Nardetum strictae<\/em> Luquet 1926<\/li>\n\n\n\n<li>F45-35 \u2013 <em>Trifolio alpini-Nardetum strictae<\/em> Th\u00e9baud 2008<\/li>\n\n\n\n<li>F45-31 \u2013 <em>Violo luteae-Nardetum strictae<\/em> (Issler 1927) Oberd. 1957<\/li>\n\n\n\n<li>gr. \u00e0 <em>Alchemilla saxatilis-Nardus stricta<\/em> Choisnet &amp; Mulot 2008<\/li>\n\n\n\n<li>gr. \u00e0 <em>Dianthus seguieri s.l.- Viola lutea<\/em> Julve &amp; B. Foucault 1994<\/li>\n\n\n\n<li>gr. \u00e0 <em>Phyteuma hemisphaericum-Nardus stricta<\/em> Choisnet &amp; Mulot 2008<\/li>\n<\/ul>\n\n\n\n<p><em>&gt;&gt;&gt;&gt;&gt;&gt;&gt;&gt;&gt;&gt;ALLIANCE DE L\u2019Hyperico richeri-Festucion paniculatae<\/em> (Braun-Blanq. 1972) B. Foucault 2012<\/p>\n\n\n\n<ul class=\"wp-block-list\">\n<li>F45-62 \u2013 <em>Anemono alpinae-Meetum athamantici<\/em> Lippmaa 1933<\/li>\n\n\n\n<li>F45-60 \u2013 <em>Centaureo uniflorae-Festucetum spadiceae<\/em> Lippmaa 1933<\/li>\n\n\n\n<li>F45-61 \u2013 <em>Junipero nanae-Festucetum paniculatae<\/em> N\u00e8gre 1950<\/li>\n\n\n\n<li>F45-59 \u2013 <em>Lathyro lutei-Crepidetum blattarioidis<\/em> Braun-Blanq. 1972<\/li>\n<\/ul>\n\n\n\n<p><em>&gt;&gt;&gt;&gt;&gt;&gt;&gt;&gt;&gt;&gt;ALLIANCE DU Nardo strictae-Agrostion tenuis<\/em> Sill. 1933<\/p>\n\n\n\n<ul class=\"wp-block-list\">\n<li>F45-37 \u2013 <em>Campanulo rotundifoliae-Nardetum strictae<\/em> B\u00e9guin <em>in <\/em>Theurillat &amp; B\u00e9guin 1985<\/li>\n\n\n\n<li>F45-39 \u2013 <em>Dactylorhizo latifoliae-Nardetum strictae<\/em> Ritter &amp; B. Foucault 2012<\/li>\n\n\n\n<li>F45-38 \u2013 <em>Daphno cneori-Nardetum strictae<\/em> Ritter 1972<\/li>\n\n\n\n<li>F45-40 \u2013 <em>Festuco rubrae-Nardetum strictae<\/em> Braun-Blanq. 1926<\/li>\n\n\n\n<li><em>Polygalo vulgaris-Nardetum strictae<\/em> sensu Vert\u00e8s 1983<\/li>\n\n\n\n<li>F45-88 \u2013 <em>Plantagini alpinae-Agrostietum rupestris<\/em> Michalet &amp; Philippe <em>ex<\/em> Th\u00e9baud, Roux, Bernard &amp; Delcoigne 2014<\/li>\n<\/ul>\n\n\n\n<h4 class=\"wp-block-heading\" id=\"Nardetalia-strictae\"><em>&gt;&gt;&gt;&gt;&gt;ORDRE DU Nardetalia strictae<\/em> Oberd. <em>ex <\/em>Preising 1950<\/h4>\n\n\n\n<p><em>&gt;&gt;&gt;&gt;&gt;&gt;&gt;&gt;&gt;&gt;ALLIANCE DE L\u2019Agrostion curtisii<\/em> B. Foucault 1986<\/p>\n\n\n\n<ul class=\"wp-block-list\">\n<li>F45-04 \u2013 <em>Agrostietum capillari-curtisii<\/em> Wattez &amp; Godeau <em>ex <\/em>B. Foucault 1993<\/li>\n\n\n\n<li>F45-03 \u2013 <em>Agrostio curtisii-Avenuletum sulcatae<\/em> B. Foucault (1986) 1993<\/li>\n\n\n\n<li>F45-05 \u2013 <em>Carici binervis-Agrostietum curtisii<\/em> B. Foucault &amp; G\u00e9hu <em>ex <\/em>B. Foucault 2012<\/li>\n\n\n\n<li>F45-01 \u2013 <em>Carici piluliferae-Pseudarrhenatheretum longifolii<\/em> (Allorge 1941) B. Foucault 1986<\/li>\n\n\n\n<li>F45-06 \u2013 <em>Gladiolo gallaecici-Agrostietum curtisii<\/em> B. Foucault 1993 <em>corr.<\/em> 2016<\/li>\n\n\n\n<li>F45-02 \u2013 <em>Simethido planifoliae-Pseudarrhenatheretum longifolii<\/em> B. Foucault 1986<\/li>\n\n\n\n<li>gr. \u00e0 <em>Agrostis curtisii-Sedum anglicum<\/em> subsp. <em>anglicum<\/em> B. Foucault 1993<\/li>\n\n\n\n<li>gr. \u00e0 <em>Brachypodium pinnatum-Pseudarrhenatherum longifolium<\/em> B. Foucault 1986<\/li>\n<\/ul>\n\n\n\n<p><em>&gt;&gt;&gt;&gt;&gt;&gt;&gt;&gt;&gt;&gt;ALLIANCE DE L\u2019Avenulo sulcatae-Nardion strictae<\/em> Stieperaere <em>ex <\/em>B. Foucault 2012<\/p>\n\n\n\n<ul class=\"wp-block-list\">\n<li>F45-10 \u2013 <em>Jasiono laevis-Danthonietum decumbentis<\/em> Loidi 1983<\/li>\n<\/ul>\n\n\n\n<p><em>&gt;&gt;&gt;&gt;&gt;&gt;&gt;&gt;&gt;&gt;ALLIANCE DU Carici arenariae-Festucion filiformis<\/em> B. Foucault 1994<\/p>\n\n\n\n<ul class=\"wp-block-list\">\n<li>F45-22 \u2013 <em>Carici arenariae-Luzuletum campestris<\/em> B. Foucault 2016<\/li>\n\n\n\n<li>F45-23 \u2013 <em>Carici trinervis-Nardetum strictae<\/em> B. Foucault <em>et al.<\/em> 1978<\/li>\n<\/ul>\n\n\n\n<p><em>&gt;&gt;&gt;&gt;&gt;&gt;&gt;&gt;&gt;&gt;ALLIANCE DU Danthonio decumbentis-Serapiadion linguae<\/em> B. Foucault 1994<\/p>\n\n\n\n<ul class=\"wp-block-list\">\n<li>F45-89 \u2013 <em>Danthonio decumbentis-Iso\u00ebtetum histricis<\/em> Guitton &amp; Thomassin 2013<\/li>\n\n\n\n<li>F45-90 \u2013 <em>Danthonio decumbentis-Serapiadetum parviflorae<\/em> Guitton &amp; Thomassin 2013<\/li>\n\n\n\n<li>F45-25 \u2013 <em>Orchido morionis-Serapiadetum linguae<\/em> B. Foucault 1986<\/li>\n\n\n\n<li>F45-24 \u2013 <em>Platanthero bifoliae-Serapiadetum linguae<\/em> B. Foucault <em>et al.<\/em> 1992<\/li>\n\n\n\n<li>F45-91 \u2013 <em>Scorzonero humilis-Serapiadetum linguae<\/em> Billy <em>ex<\/em> Th\u00e9baud, Roux, Bernard &amp; Delcoigne 2014<\/li>\n\n\n\n<li>gr. \u00e0 <em>Serapias lingua-Viola lactea<\/em> B. Foucault 1994<\/li>\n<\/ul>\n\n\n\n<p><em>&gt;&gt;&gt;&gt;&gt;&gt;&gt;&gt;&gt;&gt;ALLIANCE DU Galio saxatilis-Festucion filiformis<\/em> B. Foucault 1994<\/p>\n\n\n\n<ul class=\"wp-block-list\">\n<li>F45-08 \u2013 <em>Galio hercynici-Festucetum tenuifoliae<\/em> Rasch <em>ex <\/em>Stieperaere 1969<\/li>\n\n\n\n<li>F45-09 \u2013 <em>Hyperico maculati-Meetum athamantici<\/em> (Schumacker 1975) B. Foucault &amp; Schumacker 2012<\/li>\n\n\n\n<li>F45-07 \u2013 <em>Potentillo erectae-Centaurietum scilloidis<\/em> (Lem\u00e9e 1938) B. Foucault 1995<\/li>\n\n\n\n<li>gr. \u00e0 <em>Simethis mattiazzii-Festuca filiformis <\/em>B. Foucault in\u00e9dit<\/li>\n<\/ul>\n\n\n\n<p><em>&gt;&gt;&gt;&gt;&gt;&gt;&gt;&gt;&gt;&gt;ALLIANCE DU Nardo strictae-Juncion squarrosi<\/em> (Oberd. 1957) Passarge 1964<\/p>\n\n\n\n<ul class=\"wp-block-list\">\n<li>F45-26 \u2013 <em>Carici binervis-Nardetum strictae<\/em> (Pethybridge &amp; Praeger 1905) Braun-Blanq. &amp; T\u00fcxen 1952<\/li>\n\n\n\n<li>F45-27 \u2013 <em>Caro verticillati-Juncetum squarrosi<\/em> B. Foucault &amp; Philippe <em>in <\/em>Royer <em>et al.<\/em> 2006<\/li>\n\n\n\n<li><em>Eriophoro angustifolii-Juncetum squarrosi<\/em> Lonati 2009<\/li>\n\n\n\n<li>F45-30 \u2013 <em>Gentiano pneumonanthes-Nardetum strictae<\/em> Preising 1950 <em>nom.<\/em> <em>invers.<\/em> Stieperaere 1990<\/li>\n\n\n\n<li>F45-28 \u2013 <em>Nardo strictae-Juncetum squarrosi<\/em> B\u00fcker <em>ex <\/em>P. Duvign. 1949<\/li>\n\n\n\n<li>F45-29 \u2013 <em>Polygalo vulgaris-Caricetum paniceae<\/em> Misset 2002<\/li>\n<\/ul>\n\n\n\n<p><em>&gt;&gt;&gt;&gt;&gt;&gt;&gt;&gt;&gt;&gt;ALLIANCE DU Violion caninae<\/em> Schwick. 1944<\/p>\n\n\n\n<ul class=\"wp-block-list\">\n<li>F45-15 \u2013 <em>Arnicetum montanae<\/em> Schwick. 1944<\/li>\n\n\n\n<li>F45-20 \u2013 <em>Aveno pratensis-Genistelletum sagittalis<\/em> (Kuhn 1937) Oberd. 1957<\/li>\n\n\n\n<li>F45-13 \u2013 <em>Diantho sylvatici-Meetum athamantici<\/em> (Luquet 1926) B. Foucault 1986<\/li>\n\n\n\n<li>F45-14 \u2013 <em>Festuco rubrae-Genistetum sagittalis<\/em> Issler 1927 <em>emend.<\/em> Oberd. 1957<\/li>\n\n\n\n<li>F45-12 \u2013 <em>Galio saxatilis-Festucetum rubrae<\/em> Oberd. 1957<\/li>\n\n\n\n<li>F45-16 \u2013 <em>Lathyro montani-Nardetum strictae<\/em> Sougnez 1977<\/li>\n\n\n\n<li>F45-17 \u2013 <em>Omalotheco sylvaticae-Nardetum strictae<\/em> Gillet <em>in <\/em>Ferrez <em>et al.<\/em> 2001<\/li>\n\n\n\n<li>F45-19 \u2013 <em>Polygalo vulgaris-Alchemilletum xanthochlorae<\/em> Misset 2005<\/li>\n\n\n\n<li>F45-18 \u2013 <em>Polygalo vulgaris-Caricetum caryophylleae<\/em> Misset 2002<\/li>\n\n\n\n<li>F45-11 \u2013 <em>Polygalo vulgaris-Nardetum strictae<\/em> Oberd. 1957<\/li>\n\n\n\n<li>F45-21 \u2013 <em>Thymo pulegioidis-Festucetum rubrae <\/em>Oberd. &amp; G\u00f6rs <em>in<\/em> G\u00f6rs 1968<\/li>\n<\/ul>\n\n\n\n<p><em>&gt;&gt;&gt;&gt;&gt;ORDRE DU Saginetalia piliferae<\/em> Gamisans 1977<\/p>\n\n\n\n<h4 class=\"wp-block-heading\" id=\"Caricion-caryophylleae\"><em>&gt;&gt;&gt;&gt;&gt;&gt;&gt;&gt;&gt;&gt;ALLIANCE DU Caricion caryophylleae<\/em> Gamisans 1977<\/h4>\n\n\n\n<ul class=\"wp-block-list\">\n<li>F45-74 \u2013 <em>Ophioglosso azorici-Nardetum strictae<\/em> Gamisans 1976<\/li>\n\n\n\n<li>F45-73 \u2013 <em>Sagino piliferae-Caricetum caryophylleae<\/em> Gamisans 1977<\/li>\n<\/ul>\n\n\n\n<p><em>&gt;&gt;&gt;&gt;&gt;&gt;&gt;&gt;&gt;&gt;ALLIANCE DU Sedo alpestris-Phleion brachystachyi<\/em> Gamisans 1977<\/p>\n\n\n\n<ul class=\"wp-block-list\">\n<li>F45-77 \u2013 <em>Geo montani-Phleetum brachystachyi<\/em> Gamisans 1977<\/li>\n\n\n\n<li>F45-78 \u2013 <em>Gnaphalio supini-Sibbaldietum procumbentis<\/em> Gamisans 1977<\/li>\n\n\n\n<li>F45-80 \u2013 <em>Huperzio selaginis-Caricetum ornithopodae<\/em> Gamisans 1977<\/li>\n\n\n\n<li>F45-79 \u2013 <em>Polygono alpini-Luzuletum sieberi<\/em> Gamisans 1977<\/li>\n<\/ul>\n\n\n\n<p><em>&gt;&gt;&gt;&gt;&gt;&gt;&gt;&gt;&gt;&gt;ALLIANCE DU Sesamoido pygmaeae-Poion violaceae<\/em> Gamisans 1977<\/p>\n\n\n\n<ul class=\"wp-block-list\">\n<li>F45-76 \u2013 <em>Acini corsici-Tanacetetum tomentosi<\/em> Litard. &amp; Malcuit <em>ex <\/em>Gamisans 1977<\/li>\n\n\n\n<li>F45-75 \u2013 <em>Paronychio polygonifoliae-Armerietum multicipitis<\/em> Gamisans 1977<\/li>\n<\/ul>\n\n\n\n<p><\/p>\n\n\n\n<p>\u2013 <em>Parietarietea judaicae<\/em> Rivas-Mart. <em>in <\/em>Rivas Goday 1964. RANG&nbsp;: CLASSE.<\/p>\n\n\n\n<p>Chasmophytes vivaces nitrophiles colonisant les murs et rochers ou parois, anthropophiles\/rud\u00e9raux. Caract\u00e9ris\u00e9 par <em><a href=\"https:\/\/lecompagnonrouge.fr\/?p=2096\">Parietaria judaica<\/a><\/em>, ainsi que <em>Centranthus ruber, Erysimum cheiri, Soleirolia soleirolii, <a href=\"https:\/\/lecompagnonrouge.fr\/?p=1070\">Erigeron karvinskianus<\/a>, <a href=\"https:\/\/lecompagnonrouge.fr\/?p=711\">Cymbalaria muralis<\/a>, Pseudofumaria alba, Pseudofumaria lutea, Arabis caucasica, Aubrieta deltoidea<\/em><\/p>\n\n\n\n<p><em>&gt;&gt;&gt;&gt;&gt;ORDRE DUCapparietalia spinosae<\/em> Biondi, Blasi &amp; Galdenzi <em>in <\/em>Biondi, Allegrezza, Casavecchia, Galdenzi, Gasparri, Pesaresi, Vagge &amp; Blasi 2014<\/p>\n\n\n\n<p><em>&gt;&gt;&gt;&gt;&gt;&gt;&gt;&gt;&gt;&gt;ALLIANCE DE L\u2019Artemisio arborescentis-Capparion spinosae<\/em> Biondi, Blasi &amp; Galdenzi <em>in<\/em> Biondi, Allegrezza, Casavecchia, Galdenzi, Gasparri, Pesaresi, Vagge &amp; Blasi 2014<\/p>\n\n\n\n<p><em>&gt;&gt;&gt;&gt;&gt;ORDRE DU Parietarietalia judaicae <\/em>Rivas-Mart. <em>in <\/em>Rivas Goday 1964<\/p>\n\n\n\n<p><em>&gt;&gt;&gt;&gt;&gt;&gt;&gt;&gt;&gt;&gt;ALLIANCE DE L\u2019Asplenio billotii-Cymbalarion muralis <\/em>B. Foucault 2014<\/p>\n\n\n\n<ul class=\"wp-block-list\">\n<li>F49-08 \u2013 <em>Asplenio billotii-Cymbalarietum muralis <\/em>G\u00e9hu 2005<\/li>\n\n\n\n<li>F49-09 \u2013 <em>Polypodio interjecti-Erigerontetum karvinskiani <\/em>G\u00e9hu 2006<\/li>\n<\/ul>\n\n\n\n<p><em>&gt;&gt;&gt;&gt;&gt;&gt;&gt;&gt;&gt;&gt;ALLIANCE DU Brassicion oleraceae <\/em>Rivas-Mart., Fern.Gonz. &amp; Loidi 1999<\/p>\n\n\n\n<ul class=\"wp-block-list\">\n<li>F49-15 \u2013 <em>Beto maritimae-Parietarietum judaicae <\/em>Bioret &amp; G\u00e9hu 2011<\/li>\n\n\n\n<li>F49-14 \u2013 <em>Crithmo maritimi-Centranthetum rubri <\/em>G\u00e9hu 2005<\/li>\n\n\n\n<li>F49-11 \u2013 <em>Euphorbio portlandicae-Cheiranthetum cheiri <\/em>G\u00e9hu 2005<\/li>\n\n\n\n<li>F49-10 \u2013 <em>Euphorbio portlandicae-Matthioletum incanae <\/em>G\u00e9hu 2005<\/li>\n\n\n\n<li>F49-13 \u2013 <em>Parietario judaicae-Senecionetum cinerariae <\/em>G\u00e9hu 2005<\/li>\n\n\n\n<li>F49-12 \u2013 <em>Spergulario rupicolae-Parietarietum judaicae <\/em>G\u00e9hu 2005<\/li>\n<\/ul>\n\n\n\n<p><em>&gt;&gt;&gt;&gt;&gt;&gt;&gt;&gt;&gt;&gt;ALLIANCE DU Centrantho rubri-Parietarion judaicae <\/em>Rivas-Mart. 1960<\/p>\n\n\n\n<ul class=\"wp-block-list\">\n<li>F49-01 \u2013 <em>Capparietum rupestris <\/em>O. Bol\u00f2s &amp; Molin. 1958<\/li>\n\n\n\n<li>F49-05 \u2013 <em>Centranthetum rubri <\/em>Oberd. 1969<\/li>\n\n\n\n<li>F49-06 \u2013 <em>Cymbalario muralis-Phyllitidetum scolopendrii <\/em>Brullo &amp; Guarino 1998<\/li>\n\n\n\n<li>F49-02 \u2013 <em>Cymbalario muralis-Trachelietum caerulei <\/em>Rivas-Mart. 1969<\/li>\n\n\n\n<li><em>Groupement \u00e0 Hyoscyamus albus<\/em> B. Foucault 2014<\/li>\n\n\n\n<li><em>Groupement \u00e0 Sarcocapnos enneaphylla<\/em> B. Foucault 2014<\/li>\n\n\n\n<li>F49-04 \u2013 <em>Hyoscyami albi-Parietarietum judaicae<\/em> Segal 1969<\/li>\n\n\n\n<li>F49-03 \u2013 <em>Oxalido corniculatae-Parietarietum judaicae <\/em>(Braun-Blanq., Roussine &amp; N\u00e8gre 1952) Segal 1969<\/li>\n\n\n\n<li>F49-07 \u2013 <em>Poo nemoralis-Cymbalarietum muralis <\/em>Focquet 1986<\/li>\n<\/ul>\n\n\n\n<p><em>&gt;&gt;&gt;&gt;&gt;&gt;&gt;&gt;&gt;&gt;ALLIANCE DU Cymbalario muralis-Asplenion rutae-murariae <\/em>Segal 1969<\/p>\n\n\n\n<ul class=\"wp-block-list\">\n<li>F49-16 \u2013 <em>Adianto capilli-veneris-Parietarietum judaicae <\/em>Segal 1969<\/li>\n\n\n\n<li>F49-22 \u2013 <em>Cheirantho cheiri-Parietarietum judaicae <\/em>Oberd. 1957<\/li>\n\n\n\n<li>F49-21 \u2013 <em>Corydalidetum luteae<\/em> Kaiser 1926<\/li>\n\n\n\n<li>F49-24 \u2013 <em>Cymbalarietum muralis<\/em> G\u00f6rs <em>ex <\/em>Oberd. 1977<\/li>\n\n\n\n<li>F49-23 \u2013 <em>Linario cymbalariae-Parietarietum ramiflorae <\/em>Pignatti 1952<\/li>\n\n\n\n<li>F49-18 \u2013 <em>Linario cymbalariae-Soleirolietum soleirolii<\/em> Segal 1969<\/li>\n\n\n\n<li>F49-17 \u2013 <em>Linario muralis-Erigerontetum mucronati <\/em>Segal 1969<\/li>\n\n\n\n<li>F49-19 \u2013 <em>Parietario judaicae-Chelidonietum majoris <\/em>O. Bol\u00f2s &amp; Masalles 2014<\/li>\n\n\n\n<li>F49-20 \u2013 <em>Parietario judaicae-Dianthetum caryophylli <\/em>G\u00e9hu 2006<\/li>\n\n\n\n<li>F49-25 \u2013 <em>Pallenido maritimae-Asplenietum sagittati<\/em> Knoerr <em>ex<\/em> B. Foucault 2016<\/li>\n<\/ul>\n\n\n\n<p><\/p>\n\n\n\n<h4 class=\"wp-block-heading\" id=\"Phragmito-Magnocaricetea\">\u2013 <em>Phragmito-Magnocaricetea<\/em> Klika <em>in <\/em>Klika &amp; V.Nov\u00e1k 1941. RANG&nbsp;: CLASSE.<\/h4>\n\n\n\n<p>Communaut\u00e9s des bords de plans d\u2019eau, rivi\u00e8res et marais m\u00e9sotrophes \u00e0 eutrophes, caract\u00e9ris\u00e9es par <em><a href=\"https:\/\/lecompagnonrouge.fr\/?p=1600\">Phragmites australis<\/a>, <a href=\"https:\/\/lecompagnonrouge.fr\/?p=2585\">Phalaris arundinacea<\/a>, <a href=\"https:\/\/lecompagnonrouge.fr\/?p=3939\">Typha angustifolia<\/a>, Typha latifolia, <a href=\"https:\/\/lecompagnonrouge.fr\/?p=1595\">Iris pseudacorus<\/a>, <a href=\"https:\/\/lecompagnonrouge.fr\/?p=157\">Lycopus europaeus<\/a>, <a href=\"https:\/\/lecompagnonrouge.fr\/?p=4353\">Lysimachia vulgaris<\/a>, <a href=\"https:\/\/lecompagnonrouge.fr\/?p=2192\">Mentha aquatica<\/a>, Myosotis scorpioides, Poa palustris, Persicaria amphibia, <a href=\"https:\/\/lecompagnonrouge.fr\/?p=2616\">Rumex conglomeratus<\/a>, <a href=\"https:\/\/lecompagnonrouge.fr\/?p=2144\">Solanum dulcamara<\/a>, Sparganium erectum, Cladium mariscus, Butomus umbellatus, Carex elata, Carex gracilis, Bolboschoenus maritimus, <a href=\"https:\/\/lecompagnonrouge.fr\/?p=10656\">Sagittaria sagittifolia<\/a>, Eleocharis palustris, Glyceria maxima, Acorus calamus, Equisetum fluviatile, Schoenoplectus lacustris.<\/em><\/p>\n\n\n\n<p><em>&gt;&gt;&gt;&gt;&gt;ORDRE DU Bolboschoenetalia maritimi<\/em> Hejn\u00fd <em>in <\/em>Holub, Hejn\u00fd, Moravec &amp; Neuh\u00e4usl 1967<\/p>\n\n\n\n<p><em>&gt;&gt;&gt;&gt;&gt;&gt;&gt;&gt;&gt;&gt;ALLIANCE DU Bolboschoeno maritimi-Schoenoplection litoralis<\/em> Rivas Mart., M.J.Costa, Castrov. &amp; Vald\u00e9s Berm. <em>ex <\/em>Delcoigne &amp; Th\u00e9baud 2018<\/p>\n\n\n\n<ul class=\"wp-block-list\">\n<li>F51-45 \u2013 <em>Bolboschoeno maritimi-Juncetum subulati<\/em> G\u00e9hu, Biondi, G\u00e9hu-Franck &amp; M.J.Costa 1992<\/li>\n\n\n\n<li>F51-41 \u2013 <em>Inulo crithmoidis-Phragmitetum australis<\/em> Gamisans 1992<\/li>\n\n\n\n<li>F51-40 \u2013 <em>Junco maritimi-Cladietum marisci<\/em> G\u00e9hu &amp; Biondi 1988<\/li>\n\n\n\n<li>F51-42 \u2013 <em>Scirpetum littoralis<\/em> Pignatti 1953<\/li>\n\n\n\n<li>F51-43 \u2013 <em>Typho domingensis-Phragmitetum maximi<\/em> M.J.Costa, Boira, Peris &amp; St\u00fcbing 1986<\/li>\n\n\n\n<li>F51-44 \u2013 <em>Typho domingensis-Schoenoplectetum tabernaemontani<\/em> Braun-Blanq. &amp; O.Bol\u00f2s 1957<\/li>\n<\/ul>\n\n\n\n<p><em>&gt;&gt;&gt;&gt;&gt;&gt;&gt;&gt;&gt;&gt;ALLIANCE DU Scirpion maritimi<\/em> \u00c5.E.Dahl &amp; Hada\u010d 1941<\/p>\n\n\n\n<ul class=\"wp-block-list\">\n<li>F51-48 \u2013 <em>Astero tripolii-Phragmitetum communis<\/em> Jeschke <em>ex <\/em>Krisch 1974<\/li>\n\n\n\n<li>F51-46 \u2013 <em>Cochleario aestuariae-Scirpetum maritimi<\/em> Bioret, G\u00e9hu &amp; Magnanon 1995<\/li>\n\n\n\n<li>F51-49 \u2013 <em>Eleocharito palustris-Bolboschoenetum maritimi<\/em> Delcoigne &amp; Th\u00e9baud 2018<\/li>\n\n\n\n<li>F51-50 \u2013 <em>Lythro salicariae-Scirpetum pungentis<\/em> (Corill. <em>ex <\/em>Vanden Berghen 1967) Delcoigne &amp; Th\u00e9baud 2018<\/li>\n\n\n\n<li>F51-47 \u2013 <em>Scirpetum maritimi<\/em> Langendonck 1932<\/li>\n<\/ul>\n\n\n\n<p><em>&gt;&gt;&gt;&gt;&gt;ORDRE DU Magnocaricetalia<\/em> Pignatti 1954<\/p>\n\n\n\n<p><em>&gt;&gt;&gt;&gt;&gt;&gt;&gt;&gt;&gt;&gt;ALLIANCE DU Carici pseudocyperi-Rumicion hydrolapathi<\/em> H.Passarge 1964<\/p>\n\n\n\n<ul class=\"wp-block-list\">\n<li>F51-33 \u2013 <em>Berulo erecti-Ranunculetum linguae<\/em> Prey &amp; Wattez <em>in <\/em>Catteau <em>et al.<\/em> 2017<\/li>\n\n\n\n<li>F51-35 \u2013 <em>Caricetum acutiformis<\/em> Eggler 1933<\/li>\n\n\n\n<li>F51-32 \u2013 <em>Caricetum ripario-acutiformis<\/em> Kobendza 1930<\/li>\n\n\n\n<li>F51-31 \u2013 <em>Cicuto virosae-Caricetum pseudocyperi<\/em> Boer &amp; G. Sissingh <em>in <\/em>Boer 1942<\/li>\n\n\n\n<li>F51-34 \u2013 <em>Galio palustris-Caricetum ripariae<\/em> Bal.-Tul., Mucina, Ellmauer &amp; B.Walln. <em>in <\/em>G.Grabherr &amp; Mucina 1993<\/li>\n<\/ul>\n\n\n\n<p><em>&gt;&gt;&gt;&gt;&gt;&gt;&gt;&gt;&gt;&gt;ALLIANCE DU Caricion gracilis<\/em> Neuh\u00e4usl 1959<\/p>\n\n\n\n<ul class=\"wp-block-list\">\n<li>F51-37 \u2013 <em>Caricetum gracilis<\/em> Almquist 1929 <em>nom. conserv.<\/em> <em>propos.<\/em><\/li>\n\n\n\n<li>F51-39 \u2013 <em>Caricetum vesicariae<\/em> Chouard 1924<\/li>\n\n\n\n<li>F51-36 \u2013 <em>Equiseto palustris-Caricetum distichae<\/em> (Steff en 1931) Delcoigne &amp; Th\u00e9baud 2018<\/li>\n\n\n\n<li>F51-38 \u2013 <em>Irido pseudacori-Caricetum acutae<\/em> Delcoigne <em>in <\/em>Th\u00e9baud, Roux, Bernard &amp; Delcoigne 2014<\/li>\n<\/ul>\n\n\n\n<p><em>&gt;&gt;&gt;&gt;&gt;&gt;&gt;&gt;&gt;&gt;ALLIANCE DU Magnocaricion elatae<\/em> W.Koch 1926<\/p>\n\n\n\n<ul class=\"wp-block-list\">\n<li>F51-30 \u2013 <em>Caricetum acutiformi-paniculatae<\/em> Vliegler &amp; Zind.-Bakker <em>in <\/em>Boer 1942<\/li>\n\n\n\n<li>F51-28 \u2013 <em>Caricetum elatae<\/em> W.Koch 1926<\/li>\n\n\n\n<li>F51-27 \u2013 <em>Caricetum paradoxae<\/em> Asz\u00f3d 1936<\/li>\n\n\n\n<li>F51-26 \u2013 <em>Eriophoro angustifolii-Caricetum rostratae<\/em> J.M.Royer &amp; Didier 1996<\/li>\n\n\n\n<li>F51-25 \u2013 <em>Galio palustris-Caricetum rostratae<\/em> H.Passarge 1999<\/li>\n\n\n\n<li>F51-29 \u2013 <em>Junco effusi-Caricetum paniculatae<\/em> Delcoigne <em>in <\/em>Th\u00e9baud, Roux, Bernard &amp; Delcoigne 2014<\/li>\n<\/ul>\n\n\n\n<p><em>&gt;&gt;&gt;&gt;&gt;ORDRE DU Phragmitetalia<\/em> W.Koch 1926<\/p>\n\n\n\n<p><em>&gt;&gt;&gt;&gt;&gt;&gt;&gt;&gt;&gt;&gt;ALLIANCE DU Bolboschoenion yagaro-laticarpion<\/em> Delcoigne &amp; Th\u00e9baud 2018<\/p>\n\n\n\n<ul class=\"wp-block-list\">\n<li>F51-24 \u2013 <em>Bolboschoenetum yagarae<\/em> Eggler 1933 <em>corr.<\/em> Hroudov\u00e1, Hrivn\u00e1k &amp; Chytr\u00fd 2009<\/li>\n<\/ul>\n\n\n\n<p><em>&gt;&gt;&gt;&gt;&gt;&gt;&gt;&gt;&gt;&gt;ALLIANCE DE L\u2019Eleocharito palustris-Sagittarion sagittifoliae<\/em> H.Passarge 1964<\/p>\n\n\n\n<ul class=\"wp-block-list\">\n<li><em>Alopecuro aequalis-Alismatetum plantaginis-aquaticae<\/em> Bolbrinker 1984<\/li>\n\n\n\n<li>F51-23 \u2013 <em>Apio nodiflori-Sparganietum neglecti<\/em> Gamisans 1992<\/li>\n\n\n\n<li>F51-22 \u2013 <em>Butometum umbellati<\/em> Konczak <em>ex <\/em>G.Phil. 1973<\/li>\n\n\n\n<li>F51-19 \u2013 <em>Eleocharitetum palustris<\/em> Ubrizsy 1948<\/li>\n\n\n\n<li>F51-20 \u2013 <em>Eleocharito palustris-Hippuridetum vulgaris<\/em> H.Passarge (1955) 1964<\/li>\n\n\n\n<li>F51-18 \u2013 <em>Oenantho aquaticae-Rorippetum amphibiae<\/em> W.Lohmeyer 1950<\/li>\n\n\n\n<li>F51-17 \u2013 <em>Rorippo amphibiae-Sietum latifolii<\/em> (G.Phil 1973) H.Passarge 1999<\/li>\n\n\n\n<li>F51-21 \u2013 <em>Sagittario sagittifoliae-Sparganietum simplicis<\/em> Sagittario sagittifoliae-Sparganietum simplicis T\u00fcxen 1953<\/li>\n\n\n\n<li>F51-16 \u2013 <em>Senecionetum paludosi<\/em> J.Duvign. 1986<\/li>\n<\/ul>\n\n\n\n<p><em>&gt;&gt;&gt;&gt;&gt;&gt;&gt;&gt;&gt;&gt;ALLIANCE DU Phalaridion arundinaceae<\/em> Kopeck\u00fd 1961<\/p>\n\n\n\n<ul class=\"wp-block-list\">\n<li>F51-14 \u2013 <em>Iridetum pseudacori<\/em> Eggler <em>ex <\/em>Brzeg &amp; M.Wojterska 2001<\/li>\n\n\n\n<li>F51-13 \u2013 <em>Lycopodo europaei-Phalaridetum arundinaceae<\/em> Delcoigne <em>in <\/em>Th\u00e9baud, Roux, Bernard &amp; Delcoigne 2014<\/li>\n\n\n\n<li>F51-12 \u2013 <em>Mentho spicatae-Phalaridetum arundinaceae<\/em> J.M.Royer <em>in <\/em>J.-M.Royer, Felzines, Misset &amp; Th\u00e9venin 2006<\/li>\n\n\n\n<li>F51-15 \u2013 <em>Rorippo sylvestris-Phalaridetum arundinaceae<\/em> Kopeck\u00fd 1961<\/li>\n<\/ul>\n\n\n\n<p><em>&gt;&gt;&gt;&gt;&gt;&gt;&gt;&gt;&gt;&gt;ALLIANCE DU Phragmition communis<\/em> W.Koch 1926<\/p>\n\n\n\n<ul class=\"wp-block-list\">\n<li>F51-06 \u2013 <em>Acoretum calami<\/em> Schulz 1941<\/li>\n\n\n\n<li>F51-01 \u2013 <em>Cladietum marisci<\/em> P.Allorge 1921<\/li>\n\n\n\n<li>F51-07 \u2013 <em>Equisetetum eleocharitis<\/em> Nowi\u0144ski 1930<\/li>\n\n\n\n<li>F51-05 \u2013 <em>Glycerietum aquaticae<\/em> Nowi\u0144ski 1930<\/li>\n\n\n\n<li>F51-02 \u2013 <em>Lathyro palustris-Lysimachietum vulgaris<\/em> Passarge 1978<\/li>\n\n\n\n<li>F51-04 \u2013 <em>Phragmitetum communis<\/em> Savi\u010d 1926<\/li>\n\n\n\n<li>F51-08 \u2013 <em>Scirpetum lacustris<\/em> Chouard 1924<\/li>\n\n\n\n<li>F51-09 \u2013 <em>Sparganietum ramosi<\/em> Roll 1938 <em>nom. mut.<\/em> <em>propos.<\/em> Delcoigne &amp; Thebaud 2018<\/li>\n\n\n\n<li>F51-03 \u2013 <em>Thelypterido palustris-Phragmitetum australis<\/em> Kuiper <em>ex <\/em>Donsel. <em>et al.<\/em> 1961<\/li>\n\n\n\n<li>F51-10 \u2013 <em>Typhetum angustifoliae<\/em> P.Allorge <em>ex <\/em>Pignatti 1953<\/li>\n\n\n\n<li>F51-11 \u2013 <em>Typhetum latifoliae<\/em> Nowi\u0144ski 1930<\/li>\n<\/ul>\n\n\n\n<p><\/p>\n\n\n\n<p>\u2013 <em>Polygono arenastri-Poetea annuae<\/em> Rivas-Mart. 1975 <em>corr.<\/em> Rivas-Mart. <em>et al.<\/em> 1991. RANG&nbsp;: CLASSE.<\/p>\n\n\n\n<p>Communaut\u00e9s pi\u00e9tin\u00e9es, subnitrophiles&nbsp;: <em>Lepidium didynum, <a href=\"https:\/\/lecompagnonrouge.fr\/?p=1911\">Plantago coronopus<\/a>, <a href=\"https:\/\/lecompagnonrouge.fr\/?p=6041\">Poa annua<\/a>, <a href=\"https:\/\/lecompagnonrouge.fr\/?p=1522\">Polygonum aviculare<\/a>, Spergularia rubra.<\/em><\/p>\n\n\n\n<p><em>&gt;&gt;&gt;&gt;&gt;ORDRE DU Polygono arenastri-Poetalia annuae<\/em> T\u00fcxen <em>in <\/em>G\u00e9hu <em>et al.<\/em> 1972<\/p>\n\n\n\n<p><em>&gt;&gt;&gt;&gt;&gt;&gt;&gt;&gt;&gt;&gt;ALLIANCE DU Polygono arenastri-Coronopodion squamati<\/em> Sissingh 1969<\/p>\n\n\n\n<ul class=\"wp-block-list\">\n<li>F53-02 \u2013 <em>Herniarietum glabrae<\/em> (Hohenester 1960) Hejn\u00fd &amp; Jehl\u00edk 1975<\/li>\n\n\n\n<li>F53-05 \u2013 <em>Polygono avicularis-Scleranthetum uncinati<\/em> B. Foucault &amp; Terrisse <em>in <\/em>B. Foucault 1987<\/li>\n\n\n\n<li>F53-06 \u2013 <em>Poo annuae-Coronopodetum squamati<\/em> (Oberd. 1957) Gutte 1966<\/li>\n\n\n\n<li>F53-03 \u2013 <em>Poo annuae-Plantaginetum coronopodis<\/em> (Le Neveu 1978) B. Foucault 2008<\/li>\n\n\n\n<li>F53-04 \u2013 <em>Rumici acetosellae-Spergularietum rubrae<\/em> H\u00fclbusch 1973<\/li>\n\n\n\n<li>F53-07 \u2013 <em>Sisymbrio supini-Poetum annuae<\/em> (J. Duvign. &amp; Worms 1987) Th\u00e9venin &amp; Royer <em>in <\/em>Royer <em>et al.<\/em> 2006<\/li>\n<\/ul>\n\n\n\n<p><em>&gt;&gt;&gt;&gt;&gt;&gt;&gt;&gt;&gt;&gt;ALLIANCE DU Saginion procumbentis<\/em> T\u00fcxen &amp; Ohba <em>in <\/em>G\u00e9hu <em>et al.<\/em> 1972<\/p>\n\n\n\n<ul class=\"wp-block-list\">\n<li>F53-01 \u2013 <em>Bryo argentei-Saginetum procumbentis<\/em> Diemont <em>et al.<\/em> 1940 <em>corr.<\/em> Rivas-Mart. <em>et al.<\/em> 2002<\/li>\n<\/ul>\n\n\n\n<p><em>&gt;&gt;&gt;&gt;&gt;&gt;&gt;&gt;&gt;&gt;ALLIANCE DU Sclerochloo durae-Coronopodion squamati<\/em> Rivas-Mart. 1975<\/p>\n\n\n\n<ul class=\"wp-block-list\">\n<li>F53-08 \u2013 <em>Coronopodo procumbentis-Sclerochloetum durae<\/em> Braun-Blanq. 1936<\/li>\n\n\n\n<li>F53-09 \u2013 <em>Sclerochloo durae-Polygonetum arenastri<\/em> So\u00f3 <em>ex <\/em>Korneck 1969 <em>corr.<\/em> Mucina <em>in <\/em>Mucina <em>et al.<\/em> 1993<\/li>\n<\/ul>\n\n\n\n<p><em>&gt;&gt;&gt;&gt;&gt;ORDRE DU Sagino apetalae-Polycarpetalia tetraphylli<\/em> B. Foucault 2010<\/p>\n\n\n\n<p><em>&gt;&gt;&gt;&gt;&gt;&gt;&gt;&gt;&gt;&gt;ALLIANCE DU Digitario sanguinalis-Polygonion avicularis<\/em> B. Foucault 2010<\/p>\n\n\n\n<ul class=\"wp-block-list\">\n<li><em>Amarantho deflexi-Polygonetum avicularis<\/em> Sissingh 1969<\/li>\n\n\n\n<li>F53-10b \u2013 <em>Eleusinetum indicae<\/em> Pignatti 1953<\/li>\n\n\n\n<li>F53-10 \u2013 <em>Eragrostio minoris-Polygonetum arenastri<\/em> Oberd. 1954 <em>corr.<\/em> Mucina <em>in <\/em>Mucina <em>et al.<\/em> 1993<\/li>\n<\/ul>\n\n\n\n<p><em>&gt;&gt;&gt;&gt;&gt;&gt;&gt;&gt;&gt;&gt;ALLIANCE DE L\u2019Euphorbion prostratae<\/em> Rivas Mart. 1976<\/p>\n\n\n\n<ul class=\"wp-block-list\">\n<li>F53-13 \u2013 <em>Trago racemosi-Euphorbietum prostratae<\/em> B. Foucault 2018<\/li>\n<\/ul>\n\n\n\n<p><em>&gt;&gt;&gt;&gt;&gt;&gt;&gt;&gt;&gt;&gt;ALLIANCE DU Polycarpion tetraphylli<\/em> Rivas-Mart. 1975<\/p>\n\n\n\n<ul class=\"wp-block-list\">\n<li>F53-11 \u2013 <em>Crassulo tillaeae-Saginetum apetalae<\/em> Rivas-Mart. 1975<\/li>\n\n\n\n<li>F53-12 \u2013 <em>Trifolio suffocati-Plantaginetum coronopodis<\/em> B. Foucault 2010<\/li>\n<\/ul>\n\n\n\n<p><\/p>\n\n\n\n<p>\u2013 <em>Quercetea pubescentis<\/em> Doing-Kraft <em>ex <\/em>Scamoni &amp; H. Passarge 1959. RANG&nbsp;: CLASSE.<\/p>\n\n\n\n<p>For\u00eats caducifoli\u00e9es plut\u00f4t claires, x\u00e9roclinophiles \u00e0 x\u00e9rophiles, g\u00e9n\u00e9ralement thermophiles. Plut\u00f4t m\u00e9diterran\u00e9ennes mais p\u00e9n\u00e9trantes jusqu\u2019en \u00cele de France.<\/p>\n\n\n\n<p><em>&gt;&gt;&gt;&gt;&gt;ORDRE DU Cotino coggygriae-Fraxinetalia orni<\/em> Jakucs 1960<\/p>\n\n\n\n<p><em>&gt;&gt;&gt;&gt;&gt;&gt;&gt;&gt;&gt;&gt;ALLIANCE DU Carpinion orientalis<\/em> Horvat 1958<\/p>\n\n\n\n<p><em>&gt;&gt;&gt;&gt;&gt;&gt;&gt;&gt;&gt;&gt;&gt;&gt;SOUS-ALLIANCE DU Campanulo mediae-Ostryenion carpinifoliae<\/em> (Ubaldi 1986) Ubaldi 1995<\/p>\n\n\n\n<p><em>&gt;&gt;&gt;&gt;&gt;&gt;&gt;&gt;&gt;&gt;&gt;&gt;SOUS-ALLIANCE DU Laburno anagyroidis-Ostryenion carpinifoliae<\/em> (Ubaldi 1995) Blasi, Di Pietro &amp; Filesi 2004<\/p>\n\n\n\n<p><em>&gt;&gt;&gt;&gt;&gt;&gt;&gt;&gt;&gt;&gt;&gt;&gt;SOUS-ALLIANCE DU Lauro nobilis-Quercenion pubescentis<\/em> (Ubaldi 1988) Ubaldi 1995<\/p>\n\n\n\n<p><em>&gt;&gt;&gt;&gt;&gt;&gt;&gt;&gt;&gt;&gt;ALLIANCE DU Lathyro veneti-Fraxinion orni<\/em> (Gamisans 1977) R. B\u0153uf 2014<\/p>\n\n\n\n<p><em>&gt;&gt;&gt;&gt;&gt;&gt;&gt;&gt;&gt;&gt;&gt;&gt;SOUS-ALLIANCE DU Buxenion sempervirentis<\/em> Gamisans 1977<\/p>\n\n\n\n<ul class=\"wp-block-list\">\n<li>F57a-20 \u2013 <em>Asperulo odoratae-Taxetum baccatae<\/em> Gamisans 1970<\/li>\n\n\n\n<li>F57a-19 \u2013 <em>Cardamino chelidoniae-Buxetum sempervirentis<\/em> Gamisans 1977<\/li>\n\n\n\n<li>F57a-21 \u2013 <em>Stellario montanae-Buxetum sempervirentis<\/em> Gamisans 1977<\/li>\n<\/ul>\n\n\n\n<p><em>&gt;&gt;&gt;&gt;&gt;&gt;&gt;&gt;&gt;&gt;&gt;&gt;SOUS-ALLIANCE DU Cyclamino repandi-Fraxinenion orni<\/em> Gamisans <em>in <\/em>Renaux, Timbal, Gauberville, R. Boeuf, Th\u00e9baud, Bardat, Lalanne, J.-M. Royer &amp; Seytre 2019<\/p>\n\n\n\n<ul class=\"wp-block-list\">\n<li>F57a-22 \u2013 <em>Digitali luteae-Castanetum sativae<\/em> Gamisans 1977<\/li>\n\n\n\n<li>F57a-24 \u2013 <em>Ilici aquifolii-Quercetum ilicis<\/em> Gamisans 1977<\/li>\n\n\n\n<li>F57a-23 \u2013 <em>Oenantho pimpinelloidis-Quercetum pubescentis<\/em> (Boyer, Gamisans, Gr\u00fcber &amp; Qu\u00e9zel 1983) Gamisans <em>in <\/em>Renaux, Timbal, Gauberville, R. Boeuf, Th\u00e9baud, Bardat, Lalanne, J.-M. Royer &amp; Seytre 2019<\/li>\n<\/ul>\n\n\n\n<p><em>&gt;&gt;&gt;&gt;&gt;ORDRE DU Quercetalia pubescenti-petraeae<\/em> Klika 1933<\/p>\n\n\n\n<p><em>&gt;&gt;&gt;&gt;&gt;&gt;&gt;&gt;&gt;&gt;ALLIANCE DE L\u2019 Avenello flexuosae-Quercion pubescentis<\/em> Choisnet <em>in <\/em>Renaux, Le H\u00e9naff &amp; Choisnet 2015<\/p>\n\n\n\n<ul class=\"wp-block-list\">\n<li>F57a-16 \u2013 <em>Arbuto unedonis-Quercetum petraeae<\/em> Lapraz 1962<\/li>\n\n\n\n<li>F57a-15 \u2013 <em>Avenello flexuosae-Quercetum pubescentis<\/em> Choisnet <em>in <\/em>Renaux, Le H\u00e9naff &amp; Choisnet 2015<\/li>\n<\/ul>\n\n\n\n<p><em>&gt;&gt;&gt;&gt;&gt;&gt;&gt;&gt;&gt;&gt;ALLIANCE DU Quercion petraeae<\/em> Issler 1931<\/p>\n\n\n\n<ul class=\"wp-block-list\">\n<li>F57a-14 \u2013 <em>Genisto sagittalis-Quercetum petraeae<\/em> (Issler 1926) T. M\u00fcll. <em>in <\/em>Oberd <em>ex <\/em>R. Boeuf &amp; N. Simler <em>in <\/em>R. Boeuf 2011<\/li>\n\n\n\n<li>F57a-13 \u2013 <em>Potentillo albae-Quercetum petraeae<\/em> Libbert 1933<\/li>\n<\/ul>\n\n\n\n<p><em>&gt;&gt;&gt;&gt;&gt;&gt;&gt;&gt;&gt;&gt;ALLIANCE DU Quercion pubescenti-petraeae<\/em> Braun-Blanq. 1932<\/p>\n\n\n\n<ul class=\"wp-block-list\">\n<li><em>Buxo sempervirentis-Quercenion pubescentis<\/em> (Z\u00f3lyomi &amp; Jakucs <em>ex <\/em>Jakucs 1960) Rivas-Martinez 1972<\/li>\n\n\n\n<li><em>Sorbo ariae-Quercenion pubescentis<\/em> Rameau <em>ex <\/em>J.-M. Royer, Felzines, Misset &amp; Th\u00e9venin 2009<\/li>\n<\/ul>\n\n\n\n<p><em>&gt;&gt;&gt;&gt;&gt;ORDRE DU Querco petraeae-Carpinetalia betuli<\/em> Moor <em>ex <\/em>R. B\u0153uf 2014<\/p>\n\n\n\n<p><em>&gt;&gt;&gt;&gt;&gt;&gt;&gt;&gt;&gt;&gt;ALLIANCE DU Carpinion betuli<\/em> Issler 1931<\/p>\n\n\n\n<p><em>&gt;&gt;&gt;&gt;&gt;&gt;&gt;&gt;&gt;&gt;&gt;&gt;SOUS-ALLIANCE DU Carpinenion betuli<\/em> R. Boeuf 2014<\/p>\n\n\n\n<ul class=\"wp-block-list\">\n<li>F57a-27 \u2013 <em>Carici albae-Tilietum cordatae<\/em> T. M\u00fcll. &amp; G\u00f6rs 1958<\/li>\n\n\n\n<li>F57a-25 \u2013 <em>Lithospermo purpureo-caerulei-Carpinetum betuli<\/em> (Issler 1924) Oberd. 1957 <em>nom. conserv.<\/em> <em>propos.<\/em> <em>in <\/em>Renaux, Timbal, Gauberville, R. Boeuf, Th\u00e9baud, Bardat, Lalanne, J.-M. Royer &amp; Seytre 2019<\/li>\n\n\n\n<li>F57a-26 \u2013 <em>Stellario holosteae-Quercetum petraeae<\/em> (Issler 1926) R. Boeuf &amp; N. Simler <em>in <\/em>R. Boeuf 2011<\/li>\n<\/ul>\n\n\n\n<p><em>&gt;&gt;&gt;&gt;&gt;&gt;&gt;&gt;&gt;&gt;&gt;&gt;SOUS-ALLIANCE DU Rusco aculeati-Carpinenion betuli<\/em> Renaux, Timbal, Gauberville, R. Boeuf, Th\u00e9baud, Bardat, Lalanne, J.-M. Royer &amp; Seytre 2019<\/p>\n\n\n\n<ul class=\"wp-block-list\">\n<li>F57a-32 \u2013 <em>Cephalanthero damasonii-Quercetum petraeae<\/em> Billy <em>ex <\/em>Renaux, Timbal, Gauberville, R. Boeuf, Th\u00e9baud, Bardat, Lalanne, J.-M. Royer &amp; Seytre 2019<\/li>\n\n\n\n<li>F57a-31 \u2013 <em>Ornithogalo pyrenaici-Carpinetum betuli<\/em> Billy <em>ex <\/em>Renaux, Timbal, Gauberville, R. Boeuf, Th\u00e9baud, Bardat, Lalanne, J.-M. Royer &amp; Seytre 2019<\/li>\n\n\n\n<li>F57a-30 \u2013 <em>Pulmonario affinis-Carpinetum betuli<\/em> Billy <em>ex <\/em>Renaux, Timbal, Gauberville, R. Boeuf, Th\u00e9baud, Bardat, Lalanne, J.-M. Royer &amp; Seytre 2019<\/li>\n\n\n\n<li>F57a-34 \u2013 <em>Pulmonario longifoliae-Carpinetum betuli<\/em> Lapraz <em>ex <\/em>Renaux, Timbal, Gauberville, R. Boeuf, Th\u00e9baud, Bardat, Lalanne, J.-M. Royer &amp; Seytre 2019<\/li>\n\n\n\n<li>F57a-28 \u2013 <em>Rusco aculeati-Quercetum petraeae<\/em> Noirfalise <em>ex <\/em>Renaux, Timbal, Gauberville, R. Boeuf, Th\u00e9baud, Bardat, Lalanne, J.-M. Royer &amp; Seytre 2019<\/li>\n\n\n\n<li>F57a-29 \u2013 <em>Sorbo ariae-Quercetum petraeae<\/em> Rameau <em>ex <\/em>Renaux, J.-M. Royer &amp; R. Boeuf <em>in <\/em>Renaux <em>et al.<\/em> 2011<\/li>\n\n\n\n<li>F57a-33 \u2013 <em>Viburno lantanae-Quercetum petraeae<\/em> Lapraz 1963<\/li>\n<\/ul>\n\n\n\n<p><em>&gt;&gt;&gt;&gt;&gt;&gt;&gt;&gt;&gt;&gt;&gt;&gt;SOUS-ALLIANCE DE L\u2019Erythronio dentis-canis-Carpinion betuli<\/em> (Horvat 1958) Marin\u010dek <em>in <\/em>S. Walln., Mucina &amp; Grass 1993<\/p>\n\n\n\n<ul class=\"wp-block-list\">\n<li>F57a-35 \u2013 <em>Euphorbio dulcis-Carpinetum betuli<\/em> Barbero &amp; Loisel 1970<\/li>\n<\/ul>\n\n\n\n<p><\/p>\n\n\n\n<p>\u2013 <em>Quercetea robori-petraeae<\/em> Braun-Blanq. &amp; T\u00fcxen <em>ex <\/em>Braun-Blanq., Roussine &amp; N\u00e8gre 1952. RANG&nbsp;: CLASSE.<\/p>\n\n\n\n<p>For\u00eats caducifoli\u00e9es acidiphiles, planitiaires \u00e0 collin\u00e9ennes, m\u00e9sohygrophiles \u00e0 x\u00e9rophile. <em>Quercus petraea, <a href=\"https:\/\/lecompagnonrouge.fr\/?p=6416\">Quercus robur<\/a>, (<a href=\"https:\/\/lecompagnonrouge.fr\/?p=9657\">Fagus sylvatica<\/a> selon les conditions stationelles),<a href=\"https:\/\/lecompagnonrouge.fr\/?p=10376\">Pinus sylvestris<\/a>,Betula pendula, Avenella flexuosa, Calluna vulgaris, Carex pilulifera, Hieracium groupe murorum, Hieracium sabaudum, Hieracium umbellatum, <a href=\"https:\/\/lecompagnonrouge.fr\/?p=6827\">Holcus mollis<\/a>, <a href=\"https:\/\/lecompagnonrouge.fr\/?p=4158\">Lonicera periclymenum<\/a>, <a href=\"https:\/\/lecompagnonrouge.fr\/?p=1983\">Pteridium aquilinum<\/a>, Melampyrum pratense, Vaccinium myrtillus.<\/em><\/p>\n\n\n\n<p><em>&gt;&gt;&gt;&gt;&gt;ORDRE DU Lonicero periclymeni-Betuletalia pubescentis<\/em> Willner &amp; Mucina <em>in <\/em>Willner <em>et al.<\/em> 2016<\/p>\n\n\n\n<p><em>&gt;&gt;&gt;&gt;&gt;&gt;&gt;&gt;&gt;&gt;ALLIANCE DU Betulion fontquerio-celtibericae<\/em> Rivas Mart. &amp; M.J. Costa <em>in <\/em>Rivas Mart. <em>et al.<\/em> 2002<\/p>\n\n\n\n<p><em>&gt;&gt;&gt;&gt;&gt;&gt;&gt;&gt;&gt;&gt;ALLIANCE DU Lonicero periclymeni-Betulion pubescentis<\/em> G\u00e9hu 2006<\/p>\n\n\n\n<p><em>&gt;&gt;&gt;&gt;&gt;ORDRE DU Molinio caeruleae-Quercetalia roboris<\/em> H. Passarge 1968<\/p>\n\n\n\n<p><em>&gt;&gt;&gt;&gt;&gt;&gt;&gt;&gt;&gt;&gt;ALLIANCE DU Molinio caeruleae-Quercion roboris<\/em> Scamoni &amp; H. Passarge <em>ex <\/em>H. Passarge 1968<\/p>\n\n\n\n<ul class=\"wp-block-list\">\n<li>F57b-23 \u2013 <em>Molinio caerulae-Quercetum roboris<\/em> (T\u00fcxen 1937) Scamoni &amp; H. Passarge <em>ex <\/em>H. Passarge 1968<\/li>\n<\/ul>\n\n\n\n<p><em>&gt;&gt;&gt;&gt;&gt;ORDRE DU Quercetalia roboris<\/em> T\u00fcxen 1931<\/p>\n\n\n\n<p><em>&gt;&gt;&gt;&gt;&gt;&gt;&gt;&gt;&gt;&gt;ALLIANCE DU Agrostio capillaris-Quercion petraeae<\/em> Agrostio capillaris-Quercion petraeae Scamoni et H.Passarge 1959<\/p>\n\n\n\n<ul class=\"wp-block-list\">\n<li>F57b-08 \u2013 <em>Hieracio glaucini-Quercetum petraeae<\/em> W. Lohmeyer 1978 <em>corr.<\/em> Denz 1994<\/li>\n<\/ul>\n\n\n\n<p><em>&gt;&gt;&gt;&gt;&gt;&gt;&gt;&gt;&gt;&gt;ALLIANCE DE l\u2019Hymenopyllo tunbrigensis-Quercion roboris<\/em> Je. Pall. 2000<\/p>\n\n\n\n<ul class=\"wp-block-list\">\n<li>F57b-22 \u2013 <em>Blechno spicant-Quercetum petraeae<\/em> Braun-Blanq. &amp; T\u00fcxen 1952<\/li>\n<\/ul>\n\n\n\n<p><em>&gt;&gt;&gt;&gt;&gt;&gt;&gt;&gt;&gt;&gt;ALLIANCE DE L\u2019Hyperico montani-Quercion petraeae<\/em> Rameau <em>ex <\/em>Renaux, Timbal, Gauberville, R. Boeuf, Th\u00e9baud, Bardat, Lalanne, J.-M. Royer &amp; Seytre 2019<\/p>\n\n\n\n<ul class=\"wp-block-list\">\n<li>F57b-13 \u2013 <em>Aristolochio pallidae-Castaneetum sativae<\/em> (R.J. Loisel &amp; Mercurin <em>in <\/em>R.J. Loisel 1971) Rameau <em>ex <\/em>Renaux, Timbal, Gauberville, R. Boeuf, Th\u00e9baud, Bardat, Lalanne, J.-M. Royer &amp; Seytre 2019<\/li>\n\n\n\n<li>F57b-09 \u2013 <em>Conopodio majoris-Quercetum roboris<\/em> Braun-Blanq. 1970<\/li>\n\n\n\n<li>F57b-12 \u2013 <em>Digitalo luteae-Quercetum petraeae<\/em> (Reboul 1992) Rameau 1996 <em>nom. inval.<\/em><\/li>\n\n\n\n<li>F57b-11 \u2013 <em>Dryopterido borreri-Fagetum sylvaticae<\/em> Savoie <em>ex <\/em>Renaux, Timbal, Gauberville, R. Boeuf, Th\u00e9baud, Bardat, Lalanne, J.-M. Royer &amp; Seytre 2019<\/li>\n\n\n\n<li>F57b-10 \u2013 <em>Lathyro montani-Quercetum petraeae<\/em> (Lapraz 1966) Rivas Mart. 1983<\/li>\n<\/ul>\n\n\n\n<p><em>&gt;&gt;&gt;&gt;&gt;&gt;&gt;&gt;&gt;&gt;ALLIANCE DU Quercion pyrenaicae<\/em> Rivas Goday <em>ex <\/em>Rivas Mart. 1965<\/p>\n\n\n\n<p><em>&gt;&gt;&gt;&gt;&gt;&gt;&gt;&gt;&gt;&gt;&gt;&gt;SOUS-ALLIANCE DU Quercenion robori-pyrenaicae<\/em> (Braun-Blanq., P. Silva &amp; Rozeira 1956) Rivas Mart. 1975<\/p>\n\n\n\n<ul class=\"wp-block-list\">\n<li>F57b-17 \u2013 <em>Arbuto unedonis-Quercetum roboris<\/em> Romeyer &amp; Lafon 2018<\/li>\n\n\n\n<li>F57b-15 \u2013 <em>Asphodelo albi-Quercetum pyrenaicae<\/em> Botineau, Bouzill\u00e9 &amp; Lahond\u00e8re 1990<\/li>\n\n\n\n<li>F57b-18 \u2013 <em>Blechno spicant-Quercetum roboris<\/em> T\u00fcxen &amp; Oberd. 1958<\/li>\n\n\n\n<li>F57b-19 \u2013 <em>Erico vagantis-Quercetum petraeae<\/em> Lazare 2013<\/li>\n\n\n\n<li>F57b-14 \u2013 <em>Lonicero periclymeni-Quercetum petraeae<\/em> (Lapraz 1963) Renaux, Timbal, Gauberville, R. Boeuf, Th\u00e9baud, Bardat, Lalanne, J.-M. Royer &amp; Seytre 2019<\/li>\n\n\n\n<li>F57b-16 \u2013 <em>Pino pinastri-Quercetum roboris<\/em> (Timbal 1985) Rameau <em>ex <\/em>Lafon 2019<\/li>\n<\/ul>\n\n\n\n<p><em>&gt;&gt;&gt;&gt;&gt;&gt;&gt;&gt;&gt;&gt;&gt;&gt;SOUS-ALLIANCE DU Sorbo torminalis-Quercenion petraea<\/em> Renaux, Timbal, Gauberville, R. Boeuf, Th\u00e9baud, Bardat, Lalanne, J.-M. Royer &amp; Seytre 2019<\/p>\n\n\n\n<ul class=\"wp-block-list\">\n<li>F57b-21 \u2013 <em>Betulo verrucosae-Quercetum pyrenaicae<\/em> Braun-Blanq. 1967<\/li>\n\n\n\n<li>F57b-20 \u2013 <em>Peucedano gallici-Quercetum roboris<\/em> (P. Allorge &amp; Gaume 1931) Braun-Blanq. 1967<\/li>\n<\/ul>\n\n\n\n<p><em>&gt;&gt;&gt;&gt;&gt;&gt;&gt;&gt;&gt;&gt;ALLIANCE DU Quercion roboris<\/em> Malcuit 1929<\/p>\n\n\n\n<p><em>&gt;&gt;&gt;&gt;&gt;&gt;&gt;&gt;&gt;&gt;&gt;&gt;SOUS-ALLIANCE DE L\u2019Ilici aquifolii-Quercenion petraeae<\/em> Rameau <em>ex <\/em>Renaux, Timbal, Gauberville, R. Boeuf, Th\u00e9baud, Bardat, Lalanne, J.-M. Royer &amp; Seytre 2019<\/p>\n\n\n\n<ul class=\"wp-block-list\">\n<li>F57b-07 \u2013 <em>Hieracio sabaudii-Quercetum petraeae<\/em> Billy <em>ex <\/em>Renaux, Timbal, Gauberville, R. Boeuf, Th\u00e9baud, Bardat, Lalanne, J.-M. Royer &amp; Seytre 2019<\/li>\n\n\n\n<li>F57b-05 \u2013 <em>Pyro cordatae-Quercetum petraeae<\/em> Bioret &amp; Magnanon 1991<\/li>\n\n\n\n<li>F57b-04 \u2013 <em>Teucrio scorodoniae-Fagetum sylvaticae<\/em> Billy <em>ex <\/em>Renaux, Le H\u00e9naff, Choisnet &amp; Seytre <em>in <\/em>Renaux, Le H\u00e9naff &amp; Choisnet 2015<\/li>\n\n\n\n<li>F57b-06 \u2013 <em>Umbilico rupestris-Quercetum roboris<\/em> G\u00e9hu &amp; Bournique 1993<\/li>\n\n\n\n<li>F57b-03 \u2013 <em>Vaccinio myrtilli-Quercetum petraeae<\/em> Cl\u00e9ment, Gloaguen &amp; Touffet 1975<\/li>\n<\/ul>\n\n\n\n<p><em>&gt;&gt;&gt;&gt;&gt;&gt;&gt;&gt;&gt;&gt;&gt;&gt;SOUS-ALLIANCE DU Quercenion robori-petraeae<\/em> Rivas Mart. 1975<\/p>\n\n\n\n<ul class=\"wp-block-list\">\n<li>F57b-02 \u2013 <em>Betulo pendulae-Quercetum petraeae<\/em> (Schwick. 1933) <em>nom.<\/em> <em>invers.<\/em> Je. Pall. 199<\/li>\n\n\n\n<li>F57b-01 \u2013 <em>Leucobryo glauci-Fagetum sylvaticae<\/em> H. Passarge <em>ex <\/em>H. Passarge &amp; Hofmann 1968<\/li>\n<\/ul>\n\n\n\n<p>\u2013 <em>Rhamno catharticae-Prunetea spinosae<\/em> Rivas Goday &amp; Borja <em>ex <\/em>T\u00fcxen 1952. RANG&nbsp;: CLASSE.<\/p>\n\n\n\n<p>V\u00e9g\u00e9tations arbustives de fourr\u00e9s, de manteaux pr\u00e9forestiers, de frutic\u00e9es ou de haies m\u00e9sotrophiles \u00e0 eutrophiles, hygrophiles \u00e0 x\u00e9rophiles.<\/p>\n\n\n\n<p><em>&gt;&gt;&gt;&gt;&gt;ORDRE DU Prunetalia spinosae<\/em> T\u00fcxen 1952<\/p>\n\n\n\n<p><em>&gt;&gt;&gt;&gt;&gt;&gt;&gt;&gt;&gt;&gt;ALLIANCE DE L\u2019Amelanchiero ovalis-Buxion sempervirentis<\/em> O. Bol\u00f2s &amp; Romo 1989<\/p>\n\n\n\n<p><em>&gt;&gt;&gt;&gt;&gt;&gt;&gt;&gt;&gt;&gt;&gt;&gt;SOUS-ALLIANCE DE L\u2019Amelanchiero ovalis-Buxenion sempervirentis<\/em> Soriano &amp; Sebasti\u00e1 1990<\/p>\n\n\n\n<ul class=\"wp-block-list\">\n<li>F20-50 \u2013 <em>Aceri monspessulani-Buxetum sempervirentis<\/em> Billy <em>ex <\/em>B. Foucault &amp; J.-M. Royer 2016<\/li>\n\n\n\n<li>F20-54 \u2013 <em>Amelanchiero ovalis-Juniperetum thuriferae<\/em> B. Foucault 1991<\/li>\n\n\n\n<li>F20-56 \u2013 <em>Coronillo emeri-Prunetum mahaleb<\/em> Gallandat 1972<\/li>\n\n\n\n<li>F20-51 \u2013 <em>Junipero communis-Amelanchieretum ovalis<\/em> Billy <em>ex <\/em>B. Foucault &amp; J.-M. Royer 2016<\/li>\n\n\n\n<li>F20-52 \u2013 <em>Pistacio terebinthi-Amelanchieretum ovalis<\/em> (Vanden Berghen 1963) B. Foucault &amp; J.-M. Royer 2016<\/li>\n\n\n\n<li>F20-57 \u2013 <em>Pruno mahaleb-Cotinetum coggygriae<\/em> Rivas Mart. &amp; G\u00e9hu 1978<\/li>\n\n\n\n<li>F20-58 \u2013 <em>Rhamno alpinae-Amelanchieretum ovalis<\/em> (Rameau 1974) B. Foucault &amp; J.-M. Royer 2016<\/li>\n\n\n\n<li>F20-55 \u2013 <em>Rhamno saxatilis-Buxetum sempervirentis<\/em> Bannes Puygiron <em>ex <\/em>T\u00fcxen 1952.<\/li>\n\n\n\n<li>F20-49 \u2013 <em>Taxo baccatae-Amelanchieretum ovalis<\/em> B. Foucault, Frileux &amp; Delelis <em>in <\/em>B. Foucault &amp; Frileux <em>ex <\/em>B. Foucault &amp; J.-M. Royer 2016<\/li>\n\n\n\n<li>F20-53 \u2013 <em>Violo hirtae-Buxetum sempervirentis<\/em> Gruber 1993<\/li>\n<\/ul>\n\n\n\n<p><em>&gt;&gt;&gt;&gt;&gt;&gt;&gt;&gt;&gt;&gt;&gt;&gt;SOUS-ALLIANCE DU Cotoneastro integerrimi-Amelanchierenion ovalis<\/em> B. Foucault &amp; Julve <em>ex <\/em>B. Foucault &amp; J.-M. Royer 2016<\/p>\n\n\n\n<ul class=\"wp-block-list\">\n<li>F20-59 \u2013 <em>Cotoneastro integerrimi-Amelanchieretum ovalis<\/em> Faber <em>ex <\/em>Korneck 1974<\/li>\n\n\n\n<li>F20-60 \u2013 <em>Cytiso sessilifolii-Amelanchieretum ovalis<\/em> B. Foucault 1991<\/li>\n\n\n\n<li>F20-62 \u2013 <em>Pino uncinatae-Amelanchieretum ovalis<\/em> B. Foucault 1991<\/li>\n\n\n\n<li>F20-61 \u2013 <em>Pruno brigantinae-Buxetum sempervirentis<\/em> Offerhaus &amp; Frachon <em>in <\/em>B. Foucault &amp; J.-M. Royer 2016<\/li>\n\n\n\n<li>F20-63 \u2013 <em>Roso montanae-Rhamnetum alpinae<\/em> Misset 2014<\/li>\n<\/ul>\n\n\n\n<p><em>&gt;&gt;&gt;&gt;&gt;&gt;&gt;&gt;&gt;&gt;ALLIANCE DU Berberidion vulgaris<\/em> Braun-Blanq. <em>ex <\/em>T\u00fcxen 1952<\/p>\n\n\n\n<p><em>&gt;&gt;&gt;&gt;&gt;&gt;&gt;&gt;&gt;&gt;&gt;&gt;SOUS-ALLIANCE DU Ligustro vulgaris-Prunenion spinosae<\/em> Theurillat <em>in <\/em>Theurillat, Aeschimann, P. K\u00fcpfer &amp; Spichiger 1995<\/p>\n\n\n\n<ul class=\"wp-block-list\">\n<li>F20-39 \u2013 <em>Convallario majalis-Coryletum avellanae<\/em> Guin.ex Vuillemenot &amp; Ferrez <em>in <\/em>B. Foucault &amp; J.-M. Royer 2016<\/li>\n\n\n\n<li>F20-36 \u2013 <em>Frangulo alni-Prunetum mahaleb<\/em> Th\u00e9venin &amp; J.- M. Royer 2001<\/li>\n\n\n\n<li>F20-35 \u2013 <em>Frangulo alni-Sorbetum ariae<\/em> Rameau <em>ex <\/em>J.-M. Royer, Felzines, Misset &amp; Th\u00e9venin 2006<\/li>\n\n\n\n<li>F20-33 \u2013 <em>Laburno anagyroidis-Prunetum mahaleb<\/em> B. Foucault &amp; Delelis <em>in <\/em>B. Foucault &amp; J.-M. Royer 2016<\/li>\n\n\n\n<li>F20-42 \u2013 <em>Ligustro vulgaris-Prunetum spinosae<\/em> T\u00fcxen 1952<\/li>\n\n\n\n<li>F20-32 \u2013 <em>Loniceretum periclymeno-xylostei<\/em> B. Foucault 1986<\/li>\n\n\n\n<li>F20-34 \u2013 <em>Lonicero xylostei-Prunetum mahaleb<\/em> B. Foucault &amp; Delelis <em>ex <\/em>J.-M. Royer, Felzines, Misset &amp; Th\u00e9venin 2006<\/li>\n\n\n\n<li>F20-31 \u2013 <em>Rubo ulmifolii-Juniperetum communis<\/em> Wattez &amp; B. Foucault <em>ex <\/em>B. Foucault &amp; J.-M. Royer 2016<\/li>\n\n\n\n<li>F20-40 \u2013 <em>Sambuco nigrae-Coryletum avellanae<\/em> Rameau <em>ex <\/em>J.-M. Royer, Felzines, Misset &amp; Th\u00e9venin 2006<\/li>\n\n\n\n<li>F20-38 \u2013 <em>Tamo communis-Coryletum avellanae<\/em> J.-L. Rich. <em>ex <\/em>B. Foucault &amp; J.-M Royer 2016<\/li>\n\n\n\n<li>F20-30 \u2013 <em>Tamo communis-Viburnetum lantanae<\/em> Delelis <em>ex <\/em>J.-M. Royer, Felzines, Misset &amp; Th\u00e9venin 2006<\/li>\n\n\n\n<li>F20-41 \u2013 <em>Viburno lantanae-Buxetum sempervirentis<\/em> Vanden Berghen <em>ex <\/em>J.-M. Royer, Felzines, Misset &amp; Th\u00e9venin 2006<\/li>\n\n\n\n<li>F20-37 \u2013 <em>Viburno opuli-Berberidetum vulgaris<\/em> J.-M. Royer &amp; Didier 1996<\/li>\n<\/ul>\n\n\n\n<p><em>&gt;&gt;&gt;&gt;&gt;&gt;&gt;&gt;&gt;&gt;ALLIANCE DU Clematido vitalbae-Acerion campestris<\/em> Felzines <em>in <\/em>J.-M. Royer, Felzines, Misset &amp; Th\u00e9venin 2006<\/p>\n\n\n\n<ul class=\"wp-block-list\">\n<li>F20-68 \u2013 <em>Lithospermo purpurocaerulei-Aceretum campestris<\/em> Felzines <em>in <\/em>J.-M. Royer, Felzines, Misset &amp; Th\u00e9venin 2006<\/li>\n\n\n\n<li>F20-66 \u2013 <em>Lonicero xylostei-Aceretum campestris<\/em> Felzines <em>in <\/em>J.-M. Royer, Felzines, Misset &amp; Th\u00e9venin 2006<\/li>\n\n\n\n<li>F20-71 \u2013 <em>Lonicero xylostei-Viburnetum lantanae<\/em> Billy <em>ex <\/em>B. Foucault &amp; J.-M. Royer 2016<\/li>\n\n\n\n<li>F20-70 \u2013 <em>Pyro pyrastri-Rhamnetum catharticae<\/em> (Billy 1997) B. Foucault &amp; Royer 2016<\/li>\n\n\n\n<li>F20-67 \u2013 <em>Ranunculo auricomi-Aceretum campestris<\/em> (Felzines <em>in <\/em>J.-M. Royer, Felzines, Misset &amp; Th\u00e9venin 2006) Felzines <em>in <\/em>B. Foucault &amp; J.-M. Royer 2016<\/li>\n\n\n\n<li>F20-69 \u2013 <em>Ranunculo ficariae-Aceretum campestris<\/em> Felzines <em>in <\/em>J.-M. Royer, Felzines, Misset &amp; Th\u00e9venin 2006<\/li>\n<\/ul>\n\n\n\n<p><em>&gt;&gt;&gt;&gt;&gt;&gt;&gt;&gt;&gt;&gt;ALLIANCE DU Corylo avellanae-Populion tremulae<\/em> Braun-Blanq. <em>ex <\/em>Rivas Mart. &amp; M.C. Costa 1998<\/p>\n\n\n\n<ul class=\"wp-block-list\">\n<li>F20-48 \u2013 <em>Anemono hepaticae-Coryletum avellanae<\/em> Braun-Blanq. <em>in <\/em>Braun-Blanq., Roussine &amp; N\u00e8gre 1952<\/li>\n\n\n\n<li>F20-44 \u2013 <em>Berberido vulgaris-Prunetum brigantiacae<\/em> Braun-Blanq. 1961<\/li>\n\n\n\n<li>F20-46 \u2013 <em>Lonicero nigrae-Viburnetum lantanae<\/em> B. Foucault <em>in <\/em>B. Foucault &amp; J.-M. Royer 2016<\/li>\n\n\n\n<li>F20-43 \u2013 <em>Roso mollis-Rhamnetum alpinae<\/em> J.-L. Rich. <em>ex <\/em>B. Foucault &amp; J.-M. Royer 2016<\/li>\n\n\n\n<li>F20-47 \u2013 <em>Roso vosagiacae-Viburnetum lantanae<\/em> Billy <em>ex <\/em>B. Foucault &amp; J.-M. Royer 2016<\/li>\n\n\n\n<li>F20-45 \u2013 <em>Rubo canescentis-Rosetum rubiginosae<\/em> Gallandat, Gillet, Havlicek &amp; Perrenoud 1995<\/li>\n<\/ul>\n\n\n\n<p><em>&gt;&gt;&gt;&gt;&gt;&gt;&gt;&gt;&gt;&gt;ALLIANCE DE L\u2019Hippophaion fluviatilis<\/em> R\u00fcbel <em>ex <\/em>B. Foucault &amp; J.-M. Royer 2016<\/p>\n\n\n\n<ul class=\"wp-block-list\">\n<li>F20-64 \u2013 <em>Berberido vulgaris-Hippophaetum fluviatilis<\/em> W. Koch <em>ex <\/em>Moor 1958<\/li>\n\n\n\n<li>F20-65 \u2013 <em>Salici incanae-Cornetum sanguineae<\/em> B. Foucault 1991<\/li>\n<\/ul>\n\n\n\n<p><em>&gt;&gt;&gt;&gt;&gt;&gt;&gt;&gt;&gt;&gt;ALLIANCE DU Rubo ulmifolii-Viburnion lantanae<\/em> B. Foucault &amp; Julve <em>ex <\/em>B. Foucault &amp; J.-M. Royer 2016<\/p>\n\n\n\n<ul class=\"wp-block-list\">\n<li>F20-112 \u2013 <em>Aceri monspessulani-Euonymetum europaei<\/em> Botineau, Delelis, Wattez\u2011Franger, B. Foucault, Froissard &amp; Decocq 1998<\/li>\n\n\n\n<li>F20-29 \u2013 <em>Coluteo arborescentis-Loniceretum etruscae<\/em> Billy <em>ex <\/em>B. Foucault &amp; J.-M. Royer 2016<\/li>\n\n\n\n<li>F20-27 \u2013 <em>Erico scopariae-Spiraeetum obovatae<\/em> Botineau &amp; Ghestem 1994<\/li>\n\n\n\n<li>F20-28 \u2013 <em>Rhamno infectoriae-Ericetum scopariae<\/em> Botineau &amp; Ghestem 1994<\/li>\n\n\n\n<li>F20-26 \u2013 <em>Roso micranthae-Prunetum spinosae<\/em> B. Foucault 1989<\/li>\n\n\n\n<li>F20-25 \u2013 <em>Rubio peregrinae-Viburnetum lantanae<\/em> B. Foucault &amp; Julve <em>ex <\/em>B. Foucault &amp; J.-M. Royer 2016<\/li>\n<\/ul>\n\n\n\n<p><em>&gt;&gt;&gt;&gt;&gt;ORDRE DU Pyro spinosae-Rubetalia ulmifolii<\/em> Biondi, Blasi &amp; Casavecchia <em>in <\/em>Biondi, Allegrezza, Casavecchia, Galdenzi, Gasparri, Pesaresi, Vagge &amp; Blasi 2014<\/p>\n\n\n\n<p><em>&gt;&gt;&gt;&gt;&gt;&gt;&gt;&gt;&gt;&gt;ALLIANCE DU Dioscoreo communis-Salicion atrocinereae<\/em> B. Foucault &amp; Julve <em>ex <\/em>B. Foucault &amp; J.-M. Royer 2016<\/p>\n\n\n\n<ul class=\"wp-block-list\">\n<li>F20-02 \u2013 <em>Salici atrocinereae-Euonymetum europaei<\/em> Delelis, Botineau, Wattez-Franger &amp; Ghestem <em>ex <\/em>B. Foucault &amp; J.-M. Royer 2016<\/li>\n\n\n\n<li>F20-01 \u2013 <em>Tamo communis-Salicetum atrocinereae<\/em> B. Foucault 1995 <em>nom. mut.<\/em> <em>Propos.<\/em><\/li>\n<\/ul>\n\n\n\n<p><em>&gt;&gt;&gt;&gt;&gt;&gt;&gt;&gt;&gt;&gt;ALLIANCE DU Lonicerion periclymeni<\/em> G\u00e9hu, B. Foucault &amp; Delelis <em>ex <\/em>B. Foucault &amp; J.-M. Royer 2016<\/p>\n\n\n\n<ul class=\"wp-block-list\">\n<li>F20-10 \u2013 <em>Corylo avellanae-Crataegetum monogynae<\/em> B. Foucault <em>in <\/em>B. Foucault &amp; J.-M. Royer 2016<\/li>\n\n\n\n<li>F20-15 \u2013 <em>Daphno gnidii-Ligustretum vulgaris<\/em> G\u00e9hu <em>ex <\/em>G\u00e9hu &amp; G\u00e9hu- Franck 1975<\/li>\n\n\n\n<li>F20-07 \u2013 <em>Hedero helicis-Atriplicetum halimi<\/em> G\u00e9hu 2008<\/li>\n\n\n\n<li>F20-17 \u2013 <em>Hedero helicis-Rhamnetum alaterni<\/em> G\u00e9hu 2007<\/li>\n\n\n\n<li>F20-09 \u2013 <em>Irido foetidissimae-Prunetum spinosae<\/em> G\u00e9hu 2008<\/li>\n\n\n\n<li>F20-03 \u2013 <em>Lonicero periclymeni-Rubetum ulmifolii<\/em> (T\u00fcxen <em>in <\/em>T\u00fcxen &amp; Oberd. 1958) Delelis 1975<\/li>\n\n\n\n<li>F20-08 \u2013 <em>Pteridio aquilini-Rubetum ulmifolii<\/em> G\u00e9hu 2008<\/li>\n\n\n\n<li>F20-18 \u2013 <em>Rubio peregrinae-Crataegetum maritimae<\/em> Bioret 2008<\/li>\n\n\n\n<li>F20-14 \u2013 <em>Rubio peregrinae-Prunetum spinosae<\/em> G\u00e9hu 2008<\/li>\n\n\n\n<li>F20-20 \u2013 <em>Rubio peregrinae-Salicetum arenariae<\/em> G\u00e9hu &amp; G\u00e9hu-Franck 1975<\/li>\n\n\n\n<li>F20-11 \u2013 <em>Rubio peregrinae-Sorbetum torminalis<\/em> Bouzill\u00e9 &amp; B. Foucault <em>ex <\/em>B. Foucault &amp; J.-M. Royer 2016<\/li>\n\n\n\n<li>F20-12 \u2013 <em>Rubio peregrinae-Ulicetum europaei<\/em> G\u00e9hu 1964<\/li>\n\n\n\n<li>F20-13 \u2013 <em>Rubio peregrinae-Ulicetum maritimi<\/em> Bioret 2008<\/li>\n\n\n\n<li>F20-19 \u2013 <em>Rubo ulmifolii-Clematidetum vitalbae<\/em> G\u00e9hu 2006<\/li>\n\n\n\n<li>F20-06 \u2013 <em>Schoeno nigricantis-Ulicetum maritimi<\/em> Bioret &amp; Davoust 2000<\/li>\n\n\n\n<li>F20-04 \u2013 <em>Ulici europaei-Prunetum spinosae<\/em> G\u00e9hu &amp; G\u00e9hu-Franck 1983<\/li>\n\n\n\n<li>F20-16 \u2013 <em>Ulici maritimi-Ligustretum vulgaris<\/em> Bioret 2008<\/li>\n\n\n\n<li>F20-05 \u2013 <em>Ulici maritimi-Prunetum spinosae<\/em> Bioret, Bouzill\u00e9, B. Foucault, G\u00e9hu &amp; Godeau <em>ex <\/em>G\u00e9hu 1996<\/li>\n<\/ul>\n\n\n\n<p><em>&gt;&gt;&gt;&gt;&gt;&gt;&gt;&gt;&gt;&gt;ALLIANCE DU Pruno spinosae-Rubion ulmifolii<\/em> O. Bol\u00f2s 1954<\/p>\n\n\n\n<ul class=\"wp-block-list\">\n<li>F20-22 \u2013 <em>Roso sempervirentis-Vitietum sylvestris<\/em> Lazare &amp; Bioret 2006<\/li>\n\n\n\n<li>F20-21 \u2013 <em>Rubo ulmifolii-Coriarietum myrtifoliae<\/em> O. Bol\u00f2s 1954<\/li>\n\n\n\n<li>F20-23 \u2013 <em>Rubo ulmifolii-Tametum communis<\/em> T\u00fcxen <em>in <\/em>T\u00fcxen &amp; Oberd. 1958<\/li>\n\n\n\n<li>F20-24 \u2013 <em>Spartio juncei-Clematidetum vitalbae<\/em> R.J. Loisel <em>in <\/em>B. Foucault &amp; J.-M. Royer 2016<\/li>\n<\/ul>\n\n\n\n<p><em>&gt;&gt;&gt;&gt;&gt;ORDRE DU Sambucetalia racemosae<\/em> Oberd. <em>ex <\/em>H. Passarge <em>in <\/em>Scamoni 1963<\/p>\n\n\n\n<p><em>&gt;&gt;&gt;&gt;&gt;&gt;&gt;&gt;&gt;&gt;ALLIANCE DE L\u2019Humulo lupuli-Sambucion nigrae<\/em> B. Foucault &amp; Julve <em>ex <\/em>B. Foucault &amp; J.-M. Royer 2016<\/p>\n\n\n\n<ul class=\"wp-block-list\">\n<li>F20-84 \u2013 <em>Humulo lupuli-Sambucetum nigrae<\/em> T. M\u00fcll. <em>ex <\/em>B. Foucault 1991<\/li>\n\n\n\n<li>F20-86 \u2013 <em>Pruno fruticantis-Euonymetum europaei<\/em> Felzines &amp; Loiseau <em>in <\/em>J.-M. Royer, Felzines, Misser &amp; Th\u00e9venin 2006<\/li>\n\n\n\n<li>F20-87 \u2013 <em>Roso caninae-Ulmetum minoris<\/em> Mahn &amp; Schubert 1962<\/li>\n\n\n\n<li>F20-85 \u2013 <em>Rubo ulmifolii-Crataegetum laevigatae<\/em> Julve <em>in <\/em>B. Foucault &amp; Julve 2001<\/li>\n<\/ul>\n\n\n\n<p><em>&gt;&gt;&gt;&gt;&gt;&gt;&gt;&gt;&gt;&gt;ALLIANCE DU Lonicero nigrae-Corylion avellanae<\/em> B. Foucault &amp; Julve <em>ex <\/em>B. Foucault &amp; J.-M. Royer 2016<\/p>\n\n\n\n<ul class=\"wp-block-list\">\n<li>F20-111 \u2013 <em>Pruno spinosae-Rosetum vosagiacae<\/em> Billy <em>ex <\/em>B. Foucault &amp; J.-M. Royer 2016<\/li>\n\n\n\n<li>F20-110 \u2013 <em>Roso glaucae-Coryletum avellanae<\/em> Oberd. 1957<\/li>\n<\/ul>\n\n\n\n<p><em>&gt;&gt;&gt;&gt;&gt;&gt;&gt;&gt;&gt;&gt;ALLIANCE DU Mespilo germanicae-Ilicion aquifolii<\/em> B. Foucault &amp; Julve <em>ex <\/em>B. Foucault &amp; J.-M. Royer 2016<\/p>\n\n\n\n<ul class=\"wp-block-list\">\n<li>F20-88 \u2013 <em>Ilici aquifolii-Prunetum spinosae<\/em> Delelis <em>in <\/em>B. Foucault &amp; J.-M. Royer 2016<\/li>\n\n\n\n<li>F20-89 \u2013 <em>Rubo gillotii-Prunetum spinosae<\/em> J.-M. Royer <em>in <\/em>B. Foucault &amp; J.-M. Royer 2016<\/li>\n<\/ul>\n\n\n\n<p><em>&gt;&gt;&gt;&gt;&gt;&gt;&gt;&gt;&gt;&gt;ALLIANCE DU Pruno spinosae-Rubion radulae<\/em> H.E. Weber 1974<\/p>\n\n\n\n<ul class=\"wp-block-list\">\n<li>F20-107 \u2013 <em>Pruno spinosae-Rubetum bifrontis<\/em> H.E. Weber 1990<\/li>\n\n\n\n<li>F20-109 \u2013 <em>Pruno spinosae-Rubetum praecocis<\/em> H.E. Weber 1986<\/li>\n\n\n\n<li>F20-108 \u2013 <em>Pruno spinosae-Rubetum radulae<\/em> H.E. Weber 1967<\/li>\n<\/ul>\n\n\n\n<p><em>&gt;&gt;&gt;&gt;&gt;&gt;&gt;&gt;&gt;&gt;ALLIANCE DU Rubion grabowskii-vestiti<\/em> J.-M. Royer 2013<\/p>\n\n\n\n<ul class=\"wp-block-list\">\n<li>F20-105 \u2013 <em>Rubetum canescenti-vestiti<\/em> J.-M. Royer 2013<\/li>\n\n\n\n<li>F20-104 \u2013 <em>Rubetum constricto-sulcati<\/em> J.-M. Royer 2013<\/li>\n\n\n\n<li>F20-106 \u2013 <em>Rubetum pericrispato-vestiti<\/em> J.-M. Royer <em>in <\/em>B. Foucault &amp; J.-M. Royer 2016<\/li>\n\n\n\n<li>F20-103 \u2013 <em>Rubetum subcordato-vestiti<\/em> J.-M. Royer 2013<\/li>\n<\/ul>\n\n\n\n<p><em>&gt;&gt;&gt;&gt;&gt;&gt;&gt;&gt;&gt;&gt;ALLIANCE DU Rubo idaei-Viburnion opuli<\/em> B. Foucault &amp; J.-M. Royer 2016<\/p>\n\n\n\n<ul class=\"wp-block-list\">\n<li>F20-83 \u2013 <em>Crataego monogynae-Salicetum pentandrae<\/em> Billy <em>ex <\/em>B. Foucault &amp; J.-M. Royer 2016<\/li>\n\n\n\n<li>F20-82 \u2013 <em>Prunetum pado-spinosae<\/em> Dumont &amp; Lebrun <em>ex <\/em>B. Foucault &amp; J.-M. Royer 2016<\/li>\n<\/ul>\n\n\n\n<p><em>&gt;&gt;&gt;&gt;&gt;&gt;&gt;&gt;&gt;&gt;ALLIANCE DU Salici cinereae-Rhamnion catharticae<\/em> (G\u00e9hu, B. Foucault &amp; Delelis 1983) B. Foucault &amp; J.-M. Royer 2016<\/p>\n\n\n\n<p><em>&gt;&gt;&gt;&gt;&gt;&gt;&gt;&gt;&gt;&gt;&gt;&gt;SOUS-ALLIANCE DU Lonicero periclymeni-Viburnenion opuli<\/em> B. Foucault &amp; Julve <em>ex <\/em>B. Foucault &amp; J.- M. Royer 2016<\/p>\n\n\n\n<ul class=\"wp-block-list\">\n<li>F20-80 \u2013 <em>Frangulo alni-Crataegetum monogynae<\/em> Delelis <em>in <\/em>B. Foucault &amp; J.-M. Royer 2016<\/li>\n\n\n\n<li>F20-81 \u2013 <em>Lonicero periclymeni-Viburnetum opuli<\/em> B. Foucault &amp; Philippe <em>ex <\/em>B. Foucault &amp; J.-M. Royer 2016<\/li>\n<\/ul>\n\n\n\n<p><em>&gt;&gt;&gt;&gt;&gt;&gt;&gt;&gt;&gt;&gt;&gt;&gt;SOUS-ALLIANCE DU Salici cinereae-Rhamnenion catharticae<\/em> G\u00e9hu, B. Foucault &amp; Delelis 1983<\/p>\n\n\n\n<ul class=\"wp-block-list\">\n<li>F20-75 \u2013 <em>Frangulo alni-Salicetum purpureae<\/em> J.-M. Royer &amp; Didier <em>in <\/em>J.-M. Royer, Felzines, Misset &amp; Th\u00e9venin 2006<\/li>\n\n\n\n<li>F20-76 \u2013 <em>Ligustro vulgaris-Salicetum cinereae<\/em> J.-M. Royer &amp; Didier <em>in <\/em>B. Foucault &amp; J.-M. Royer 2016<\/li>\n\n\n\n<li>F20-77 \u2013 <em>Lonicero xylostei-Salicetum cinereae<\/em> B. Foucault &amp; Amat <em>in <\/em>B. Foucault &amp; J.-M. Royer 2016<\/li>\n\n\n\n<li>F20-74 \u2013 <em>Pruno padi-Coryletum avellanae<\/em> Moor 1958<\/li>\n\n\n\n<li>F20-78 \u2013 <em>Rhamno catharticae-Cornetum sanguineae<\/em> H. Passarge 1962<\/li>\n\n\n\n<li>F20-72 \u2013 <em>Rhamno catharticae-Viburnetum opuli<\/em> Bon <em>ex <\/em>B. Foucault 1991<\/li>\n\n\n\n<li>F20-73 \u2013 <em>Salici myrsinifoliae-Viburnetum opuli<\/em> Moor 1958 <em>in <\/em>B. Foucault &amp; Royer 2016<\/li>\n\n\n\n<li>F20-79 \u2013 <em>Salici purpureae-Viburnetum opuli<\/em> B. Foucault 1999<\/li>\n<\/ul>\n\n\n\n<p><em>&gt;&gt;&gt;&gt;&gt;&gt;&gt;&gt;&gt;&gt;ALLIANCE DU Salicion arenariae<\/em> T\u00fcxen <em>ex <\/em>H. Passarge <em>in <\/em>Scamoni 1963<\/p>\n\n\n\n<ul class=\"wp-block-list\">\n<li>F20-91 \u2013 <em>Hippophao rhamnoidis-Ligustretum vulgaris<\/em> Boerboom 1960<\/li>\n\n\n\n<li>F20-92 \u2013 <em>Pyrolo maritimae-Hippophaetum rhamnoidis<\/em> G\u00e9hu &amp; G\u00e9hu-Franck 1983<\/li>\n\n\n\n<li>F20-90 \u2013 <em>Sambuco nigrae-Hippophaetum rhamnoidis<\/em> Sambuco nigrae-Hippophaetum rhamnoidis Boerboom 1960<\/li>\n<\/ul>\n\n\n\n<p><em>&gt;&gt;&gt;&gt;&gt;&gt;&gt;&gt;&gt;&gt;ALLIANCE DU Sambuco nigrae-Salicion capreae<\/em> T\u00fcxen &amp; Neumann <em>ex <\/em>Oberd. 1957<\/p>\n\n\n\n<ul class=\"wp-block-list\">\n<li>F20-102 \u2013 <em>Betulo pendulae-Salicetum capreae<\/em> Billy <em>ex <\/em>B. Foucault <em>in <\/em>B. Foucault &amp; J.-M. Royer 2016<\/li>\n\n\n\n<li>F20-100 \u2013 <em>Fraxino excelsioris-Sambucetum nigrae<\/em> B. Foucault 1991<\/li>\n\n\n\n<li>F20-99 \u2013 <em>Pruno spinosae-Crataegetum monogynae<\/em> Hueck 1931<\/li>\n\n\n\n<li>F20-95 \u2013 <em>Ribeso uvae-crispae-Sambucetum racemosae<\/em> B. Foucault 1991<\/li>\n\n\n\n<li>F20-101 \u2013 <em>Salicetum capreae<\/em> Schreier 1955<\/li>\n\n\n\n<li>F20-93 \u2013 <em>Sambucetum nigrae<\/em> Oberd. 1973<\/li>\n\n\n\n<li>F20-98 \u2013 <em>Sambuco nigrae-Crataegetum laevigatae<\/em> B. Foucault &amp; Julve <em>ex <\/em>B. Foucault J.-M. Royer 2016<\/li>\n\n\n\n<li>F20-97 \u2013 <em>Sambuco racemosae-Prunetum padi<\/em> Rivas Mart., M.C. Costa &amp; Soriano <em>in <\/em>Rivas Mart., T.E. D\u00edaz, Fern.Gonz., Izco, Loidi, Lous\u00e3 &amp; Penas 2002<\/li>\n\n\n\n<li>F20-96 \u2013 <em>Sambuco racemosae-Rosetum corymbiferae<\/em> Gallandat, Gillet, Havlicek &amp; Perrenoud 1995<\/li>\n\n\n\n<li>F20-94 \u2013 <em>Senecioni fuchsii-Sambucetum racemosae<\/em> Noirfalise <em>ex <\/em>Oberd. 1957<\/li>\n<\/ul>\n\n\n\n<p><\/p>\n\n\n\n<p><\/p>\n\n\n\n<p>\u2013 <em>Sisymbrietea officinalis<\/em> Korneck 1974. RANG&nbsp;: CLASSE.<\/p>\n\n\n\n<p>Communaut\u00e9s \u00e0 dominance th\u00e9rophytique, et anthropog\u00e8nes\/ rud\u00e9rales (irr\u00e9guli\u00e8rement perturb\u00e9es), souvent en voile au-dessus de friches ou de pelouses vivaces&nbsp;: <em><a href=\"https:\/\/lecompagnonrouge.fr\/?p=2421\">Bromus sterilis<\/a>, <a href=\"https:\/\/lecompagnonrouge.fr\/?p=6095\">Bromus tectorum<\/a>, <a href=\"https:\/\/lecompagnonrouge.fr\/?p=5142\">Sisymbrium officinale<\/a>.<\/em><\/p>\n\n\n\n<p><em>&gt;&gt;&gt;&gt;&gt;ORDRE DU Brometalia rubenti-tectorum<\/em> Rivas-Mart. &amp; Izco 1977<\/p>\n\n\n\n<p><em>&gt;&gt;&gt;&gt;&gt;&gt;&gt;&gt;&gt;&gt;ALLIANCE DE L\u2019Echio lycopsis-Galactition tomentosae<\/em> O. Bol\u00f2s &amp; Molin. 1969<\/p>\n\n\n\n<ul class=\"wp-block-list\">\n<li>F66-02 \u2013 <em>Alyssetum corsici<\/em> Molin. 1959 <em>in <\/em>Julve 1993<\/li>\n\n\n\n<li>F66-01 \u2013 <em>Echio lycopsis-Galactitetum tomentosae<\/em> Molin. 1937<\/li>\n\n\n\n<li>F66-40 \u2013 <em>Plantagini afrae-Lamarckietum aureae<\/em> Paradis, Pana\u00efotis &amp; Piazza 2014<\/li>\n<\/ul>\n\n\n\n<p><em>&gt;&gt;&gt;&gt;&gt;&gt;&gt;&gt;&gt;&gt;ALLIANCE DE L\u2019Hordeion leporini<\/em> Braun-Blanq. <em>ex<\/em> Braun-Blanq. <em>et al.<\/em> 1947<\/p>\n\n\n\n<ul class=\"wp-block-list\">\n<li>F66-07 \u2013 <em>Asphodelo fistulosi-Hordeetum leporini<\/em> A. &amp; O. Bol\u00f2s 1950 <em>prov.<\/em> <em>in<\/em> A. Bol\u00f2s 1950<\/li>\n\n\n\n<li>F66-06 \u2013 <em>Carduo tenuiflori-Onopordetum illyrici<\/em> (Molin. &amp; Tallon 1950) B. Foucault 2012<\/li>\n\n\n\n<li>F66-08 \u2013 <em>Hordeetum leporini<\/em> Braun-Blanq. 1936<\/li>\n<\/ul>\n\n\n\n<p><em>&gt;&gt;&gt;&gt;&gt;&gt;&gt;&gt;&gt;&gt;ALLIANCE DU Laguro ovati-Bromion rigidi<\/em> G\u00e9hu &amp; G\u00e9hu-Franck 1985<\/p>\n\n\n\n<ul class=\"wp-block-list\">\n<li>F66-16 \u2013 <em>Hordeo murini-Arctothecetum calendulae<\/em> Campos <em>et al.<\/em> 2010<\/li>\n\n\n\n<li>F66-13 \u2013 <em>Laguro ovati-Avenetum barbatae<\/em> G\u00e9hu 2008<\/li>\n\n\n\n<li>F66-11 \u2013 <em>Laguro ovati-Brometum rigidi<\/em> G\u00e9hu &amp; G\u00e9hu-Franck 1985<\/li>\n\n\n\n<li>F66-15 \u2013 <em>Laguro ovati-Centaureetum asperae<\/em> G\u00e9hu 2000<\/li>\n\n\n\n<li>F66-14 \u2013 <em>Laguro ovati-Diplotaxietum tenuifoliae<\/em> G\u00e9hu 2008<\/li>\n\n\n\n<li>F66-12 \u2013 <em>Laguro ovati-Hordeetum leporini<\/em> G\u00e9hu &amp; G\u00e9hu-Franck 1985<\/li>\n\n\n\n<li>F66-10 \u2013 <em>Laguro ovati-Vulpietum fasciculatae<\/em> G\u00e9hu &amp; G\u00e9hu-Franck 1985<\/li>\n\n\n\n<li>F66-09 \u2013 <em>Laguro ovati-Vulpietum membranaceae<\/em> G\u00e9hu &amp; G\u00e9hu-Franck 1985<\/li>\n\n\n\n<li><em>Matricario maritimae-Raphanetum maritimi<\/em> G\u00e9hu 2000<\/li>\n\n\n\n<li>F66-39 \u2013 <em>Sileno gallicae-Brometum gussonei<\/em> G\u00e9hu &amp; Biondi 1994<\/li>\n\n\n\n<li>gr. \u00e0 <em>Silene conica-Bromus tectorum<\/em> Basso <em>et al.<\/em> 2003<\/li>\n<\/ul>\n\n\n\n<p><em>&gt;&gt;&gt;&gt;&gt;&gt;&gt;&gt;&gt;&gt;ALLIANCE DU Taeniathero capitis-medusae-Aegilopion geniculatae<\/em> Rivas-Mart. &amp; Izco 1977<\/p>\n\n\n\n<ul class=\"wp-block-list\">\n<li>F66-05 \u2013 <em>Bromo tectorum-Stipetum capensis<\/em> Rivas-Mart. &amp; Izco 1977<\/li>\n\n\n\n<li>F66-04 \u2013 <em>Medicagini rigidulae-Aegilopetum geniculatae<\/em> Rivas-Mart. &amp; Izco 1977<\/li>\n\n\n\n<li>F66-03 \u2013 <em>Trifolio cherleri-Taeniatheretum capitis-medusae<\/em> Rivas-Mart. &amp; Izco 1977<\/li>\n<\/ul>\n\n\n\n<p><em>&gt;&gt;&gt;&gt;&gt;ORDRE DU Chenopodietalia muralis<\/em> Braun-Blanq. 1936<\/p>\n\n\n\n<p><em>&gt;&gt;&gt;&gt;&gt;&gt;&gt;&gt;&gt;&gt;ALLIANCE DU Chenopodion muralis<\/em> Braun-Blanq. 1936<\/p>\n\n\n\n<ul class=\"wp-block-list\">\n<li>F66-18 \u2013 <em>Amarantho blitoidis-Chenopodietum ambrosioidis<\/em> O. Bol\u00f2s 1967<\/li>\n\n\n\n<li><em>Chenopodietum muralis sensu<\/em> Quantin 1947<\/li>\n\n\n\n<li>F66-17 \u2013 <em>Chenopodietum muralis<\/em> Braun- Blanq. &amp; Maire <em>ex <\/em>Braun- Blanq. 1936<\/li>\n\n\n\n<li>F66-19 \u2013 <em>Chenopodio muralis-Atriplicetum hastatae<\/em> Braun-Blanq. &amp; De Leeuw 1936<\/li>\n\n\n\n<li>F66-20 \u2013 <em>Chenopodio vulvariae-Atriplicetum roseae<\/em> Molin. &amp; Tallon 1970<\/li>\n<\/ul>\n\n\n\n<p><em>&gt;&gt;&gt;&gt;&gt;&gt;&gt;&gt;&gt;&gt;ALLIANCE DU Malvion parviflorae<\/em> (Rivas-Mart. 1978) Brullo <em>in <\/em>Brullo &amp; Marceno 1985<\/p>\n\n\n\n<ul class=\"wp-block-list\">\n<li>F66-21 \u2013 <em>Lavateretum cretico-arboreae<\/em> Braun-Blanq. &amp; Molin. 1935<\/li>\n\n\n\n<li>F66-22 \u2013 <em>Malvetum parvifloro-nicaeensis<\/em> Braun-Blanq. &amp; Maire 1924<\/li>\n<\/ul>\n\n\n\n<p><em>&gt;&gt;&gt;&gt;&gt;&gt;&gt;&gt;&gt;&gt;ALLIANCE DU Mesembryanthemion crystallini<\/em> Rivas-Mart., Wildpret, del Arco, Rodriguez, P\u00e9rez de Paz, Garcia-Gallo, Acebes, T.E. Di\u00e1z &amp; Fern.-Gonz. 1993<\/p>\n\n\n\n<ul class=\"wp-block-list\">\n<li>F66-43 \u2013 <em>Chenopodio muralis-Mesembryanthemetum crystallini<\/em> (Vanden Berghen 1979) Paradis, Pana\u00efotis &amp; Piazza 2014<\/li>\n\n\n\n<li>F66-42 \u2013 <em>Lavatero arboreae-Atriplicetum prostratae<\/em> Paradis, Pana\u00efotis &amp; Piazza 2014<\/li>\n\n\n\n<li>F66-41 \u2013 <em>Mesembryanthemo nodiflori-Atriplicetum prostratae<\/em> Paradis, Pana\u00efotis &amp; Piazza 2014<\/li>\n<\/ul>\n\n\n\n<p><em>&gt;&gt;&gt;&gt;&gt;ORDRE DUSisymbrietalia officinalis<\/em> J. T\u00fcxen <em>ex <\/em>G\u00f6rs 1966<\/p>\n\n\n\n<p><em>&gt;&gt;&gt;&gt;&gt;&gt;&gt;&gt;&gt;&gt;ALLIANCE DU Bromo-Hordeion murini<\/em> Hejn\u00fd 1978<\/p>\n\n\n\n<ul class=\"wp-block-list\">\n<li>F66-36 \u2013 <em>Coronopodo procumbentis-Centaureetum calcitrapae<\/em> Quantin 1947<\/li>\n\n\n\n<li>F66-33 \u2013 <em>Geranio mollis-Hordeetum murini<\/em> G\u00e9hu 2008<\/li>\n\n\n\n<li>F66-35 \u2013 <em>Hordeetum murini<\/em> Allorge 1922<\/li>\n\n\n\n<li>F66-34 \u2013 <em>Sisymbrio officinalis-Hordeetum murini<\/em> Braun-Blanq. 1967<\/li>\n<\/ul>\n\n\n\n<p><em>&gt;&gt;&gt;&gt;&gt;&gt;&gt;&gt;&gt;&gt;ALLIANCE DU Malvion neglectae<\/em> Hejn\u00fd 1978<\/p>\n\n\n\n<ul class=\"wp-block-list\">\n<li>F66-31 \u2013 <em>Chenopodietum vulvariae<\/em> Gutte &amp; Pysek 1976<\/li>\n\n\n\n<li>F66-31 \u2013 <em>Chenopodio vulvariae-Malvetum neglectae<\/em> Gutte 1972<\/li>\n\n\n\n<li>F66-32 \u2013 <em>Hyoscyamo nigri-Malvetum neglectae<\/em> Aichinger 1933<\/li>\n\n\n\n<li>F66-30 \u2013 <em>Urtico urentis-Malvetum neglectae<\/em> W. Lohmeyer <em>ex <\/em>Grosse-Beckmann 1954<\/li>\n<\/ul>\n\n\n\n<p><em>&gt;&gt;&gt;&gt;&gt;&gt;&gt;&gt;&gt;&gt;ALLIANCE DU Salsolion ruthenicae<\/em> G. Phil. <em>ex <\/em>Oberd. 1983<\/p>\n\n\n\n<ul class=\"wp-block-list\">\n<li>F66-37 \u2013 <em>Chenopodietum botryos<\/em> G. Phil. <em>ex <\/em>Sukopp 1973<\/li>\n\n\n\n<li>F66-38 \u2013 <em>Plantagini indicae-Senecionetum viscosi<\/em> G. Phil. <em>ex <\/em>Eli\u00e1s 1986<\/li>\n<\/ul>\n\n\n\n<p><em>&gt;&gt;&gt;&gt;&gt;&gt;&gt;&gt;&gt;&gt;ALLIANCE DU Sisymbrion officinalis<\/em> T\u00fcxen, Lohmeyer &amp; Preising <em>in <\/em>T\u00fcxen <em>ex <\/em>von Rochow 1951<\/p>\n\n\n\n<ul class=\"wp-block-list\">\n<li>F66-27 \u2013 <em>Chenopodietum stricti<\/em> Oberd. 1957<\/li>\n\n\n\n<li>F66-23 \u2013 <em>Erigeronto canadensis-Lactucetum serriolae<\/em> Lohmeyer <em>ex <\/em>Oberd. 1957<\/li>\n\n\n\n<li>F66-24 \u2013 <em>Lactuco serriolae-Sisymbrietum altissimi<\/em> Lohmeyer <em>ex <\/em>Kienast 1978<\/li>\n\n\n\n<li>F66-26 \u2013 <em>Sisymbrietum loeselii<\/em> Gutte 1972<\/li>\n\n\n\n<li><em>Sisymbrio altissimi-Brassicetum nigrae<\/em> Kruseman <em>in <\/em>Westhoff <em>et al.<\/em> 1946<\/li>\n\n\n\n<li>F66-28 \u2013 <em>Sisymbrio austriaci-Asperuginetum procumbentis<\/em> Braun- Blanq. <em>ex <\/em>Rebholz 1931<\/li>\n\n\n\n<li>F66-25 \u2013 <em>Sisymbrio sophiae-Atriplicetum oblongifoliae<\/em> Oberd. 1957<\/li>\n\n\n\n<li>F66-29 \u2013 <em>Vulpio myuri-Erigerontetum canadensis<\/em> Petit 1979<\/li>\n<\/ul>\n\n\n\n<p><\/p>\n\n\n\n<h3 class=\"wp-block-heading has-medium-font-size\" id=\"Stellarietea-mediae\"><strong>CLASSE du <em>Stellarietea mediae<\/em> T\u00fcxen, Lohmeyer &amp; Preising <em>ex <\/em>von Rochow 1951.<\/strong><\/h3>\n\n\n\n<p>Cette classe concerne les annuelles des zones cultiv\u00e9es. L\u2019Aperetalia spicae-venti et le Centaureetalia cyani se distinguent parce qu\u2019ils correspondent aux cultures de c\u00e9r\u00e9ales, et accueillent donc des arch\u00e9ophytes commensales du bl\u00e9. Le statut de commensales de culture de c\u00e9r\u00e9ales pr\u00e9sent\u00e9es ici pour les plantes actuellement non menac\u00e9es ou disparues est \u00e0 observer (i.e&nbsp;: par exemple, le grand coquelicot, <a href=\"https:\/\/lecompagnonrouge.fr\/?p=229\">Papaver rhoeas<\/a> est avant tout une rud\u00e9rale.)<\/p>\n\n\n\n<p><\/p>\n\n\n\n<h4 class=\"wp-block-heading\" id=\"Aperetalia-spicae-venti\"><em>&gt;&gt;&gt;&gt;&gt;ORDRE DE L\u2019 <\/em>68.0.1 \u2013 <em>Aperetalia spicae-venti<\/em> J. T\u00fcxen &amp; T\u00fcxen <em>in <\/em>Malato-Beliz, J. T\u00fcxen &amp; T\u00fcxen 1960<\/h4>\n\n\n\n<ul class=\"wp-block-list\">\n<li>68.0.1.0.1 \u2013 <em>Scleranthion annui<\/em> (Kruseman &amp; J. Vlieger 1939) Sissingh <em>in <\/em>Westhoff, Dijk, Passchier &amp; Sissingh 1946. Flore commensale de cultures de c\u00e9r\u00e9ales sur sols acide et caract\u00e9ris\u00e9e par <em>Apera spica-venti, <a href=\"https:\/\/lecompagnonrouge.fr\/?p=7409\">Anthemis arvensis<\/a>, <a href=\"https:\/\/lecompagnonrouge.fr\/?p=9260\">Aphanes arvensis<\/a>, Scleranthus annus, Spergula arvensis, Matricaria recutita, Vicia tetrasperma, Papaver argemone, Vicia villosa<\/em> \u2026<\/li>\n<\/ul>\n\n\n\n<p><em>&gt;&gt;&gt;&gt;&gt;&gt;&gt;&gt;&gt;&gt;&gt;&gt;SOUS-ALLIANCE DU <\/em>68.0.1.0.1.1 \u2013 <em>Arnoseridenion minimae<\/em> (Malato-Beliz, J. T\u00fcxen &amp; T\u00fcxen 1960) Oberdorfer 1983<\/p>\n\n\n\n<h4 class=\"wp-block-heading\" id=\"Scleranthenion-annui\"><em>&gt;&gt;&gt;&gt;&gt;&gt;&gt;&gt;&gt;&gt;&gt;&gt;SOUS-ALLIANCE DU <\/em>68.0.1.0.1.2 \u2013 <em>Scleranthenion annui<\/em> Kruseman &amp; J. Vlieger 1939<\/h4>\n\n\n\n<p><em>&gt;&gt;&gt;&gt;&gt;&gt;&gt;&gt;&gt;&gt;ALLIANCE DU <\/em>68.0.1.0.2 \u2013 <em>Rumicion bucephalori<\/em> Nezadal 1989<\/p>\n\n\n\n<h4 class=\"wp-block-heading\" id=\"Centaureetalia-cyani\"><em>&gt;&gt;&gt;&gt;&gt;ORDRE DU <\/em>68.0.2 \u2013 <em>Centaureetalia cyani<\/em> T\u00fcxen, Lohmeyer &amp; Preising <em>in <\/em>T\u00fcxen <em>ex <\/em>von Rochow 1951&nbsp;: flore annuelle commensale des cultures de c\u00e9r\u00e9ales, sur sol moyen (l\u00e9g\u00e8rement filtrant), neutro-basiphile. <\/h4>\n\n\n\n<p>Caract\u00e9ris\u00e9 (ici donn\u00e9 sans ordre d\u2019abondance\/dominance particulier) par <em>Adonis annua, Adonis microcarpa, <a href=\"https:\/\/lecompagnonrouge.fr\/?p=6631\">Agrostemma githago<\/a> <\/em>(disparu ou extr\u00eamement rare)<em>, <a href=\"https:\/\/lecompagnonrouge.fr\/?p=665\">Ammi majus<\/a>, Asperula arvensis, Avena brevis, <a href=\"https:\/\/lecompagnonrouge.fr\/?p=6546\">Avena fatua<\/a>, Avena sterilis, Caucalis platycarpos, Legousia speculum-veneris, Consolida regalis <\/em>(prot\u00e9g\u00e9e et n&rsquo;existe surtout que sous sa forme ornementale, et notamment ornementale r\u00e9cente)<em>, <a href=\"https:\/\/lecompagnonrouge.fr\/?p=9446\">Sherardia arvensis<\/a>, Bromus arvensis Bromus secalinus, Ajuga chamaepytis, Silene noctiflora, <a href=\"https:\/\/lecompagnonrouge.fr\/?p=210\">Fumaria vaillantii<\/a>, Stachys annua \u2026<\/em><\/p>\n\n\n\n<p>Les adventices de la culture du lin sont plus particuli\u00e8rement: <em>Camelina alyssum<\/em> (pr\u00e9sum\u00e9e disparue), <em>Cuscuta epilinum, Lolium remotum, Silene cretica, Silene linicola<\/em><\/p>\n\n\n\n<p><em>&gt;&gt;&gt;&gt;&gt;&gt;&gt;&gt;&gt;&gt;ALLIANCE DU <\/em>68.0.2.0.1 \u2013 <em>Caucalidion lappulae<\/em> T\u00fcxen 1950 <em>nom. Nud.<\/em> V\u00e9g\u00e9tations annuelles m\u00e9dio-europ\u00e9ennes commensales des cultures sur sol calcaire. Eunis 11.3<\/p>\n\n\n\n<ul class=\"wp-block-list\">\n<li><em>Kickxietum spuriae Kruseman &amp; Vlieger 1939<\/em>. V\u00e9g\u00e9tation annuelle des cultures m\u00e9so-eutrophes, sur sol argileux, calcaire ou marneux. Eunis 11.3. caract\u00e9ris\u00e9 par <em>Kickxia spuria, Kickxia elatine subsp. elatine, Euphorbia exigua, Atriplex patula, Aethusa cynapium, <a href=\"https:\/\/lecompagnonrouge.fr\/?p=9260\">Aphanes arvensis<\/a>, Chaenorrhinum minus subsp. minus, <a href=\"https:\/\/lecompagnonrouge.fr\/?p=5608\">Veronica polita<\/a><\/em><\/li>\n\n\n\n<li><em>Caucalido daucoides &#8211; Scandicetum pecten-veneris T\u00fcxen 1937<\/em>. V\u00e9g\u00e9tation annuelle thermophile, des cultures m\u00e9sotrophes, sur sol calcaire \u00e0 limoneux sec et peu profond. Eunis 11.3. Caract\u00e9ris\u00e9 par <em>Consolida ajacis, Adonis aestivalis, Caucalis platycarpos, Scandix pecten-veneris subsp. veneris, Euphorbia exigua, <a href=\"https:\/\/lecompagnonrouge.fr\/?p=9446\">Sherardia arvensis<\/a>, Thlapsi arvense<\/em><\/li>\n\n\n\n<li><em>Adonido &#8211; Iberidetum amarae (Allorge 1922) T\u00fcxen 1950<\/em>. V\u00e9g\u00e9tation annuelle atlantique, des cultures m\u00e9sotrophes, sur sol non ou peu argileux, calcaire ou crayeux. Eunis 11.3. Caract\u00e9ris\u00e9 par <em>Filago pyramidata, adonis annua, Iberis amara, Ajuga chamaepitys subsp. chamaepitys, Teucrium botrys, Stachys annua, Galium tricornutum, Lysimachia foemina, Melampyrum arvense, Fumaria parviflora, Nigella arvensis subsp. arvensis, Valerianella dentata, <a href=\"https:\/\/lecompagnonrouge.fr\/?p=681\">Torilis arvensis subsp. arvensis<\/a><\/em><\/li>\n\n\n\n<li>Apero spicae-venti &#8211; Lathyretum aphacae T\u00fcxen &amp; von Rochow in von Rochow 1951. V\u00e9g\u00e9tation annuelle des cultures m\u00e9sotrophe sur sol argilo-calcaire (\u00e9ventuellement marneux). Eunis 11.3. Caract\u00e9ris\u00e9 par <em>Lathyrus aphaca var aphaca, <a href=\"https:\/\/lecompagnonrouge.fr\/?p=9446\">Sherardia arvensis<\/a>, Legousia speculum-veneris, <a href=\"https:\/\/lecompagnonrouge.fr\/?p=6368\">Sonchus oleraceus<\/a>, <a href=\"https:\/\/lecompagnonrouge.fr\/?p=5091\">Sonchus asper subsp. asper<\/a>, <a href=\"https:\/\/lecompagnonrouge.fr\/?p=4017\">Mercurialis annua<\/a>, Vicia angustifolia<\/em><\/li>\n\n\n\n<li><\/li>\n<\/ul>\n\n\n\n<p><em>&gt;&gt;&gt;&gt;&gt;&gt;&gt;&gt;&gt;&gt;ALLIANCE DU <\/em>68.0.2.0.2 \u2013 <em>Roemerion hybridae<\/em> Br.-Bl. <em>ex <\/em>Rivas-Mart\u00ednez, Fern\u00e1ndez Gonz\u00e1lez &amp; Loidi 1998. Annuelles commensales des moissons basophiles thermophiles, m\u00e9diterran\u00e9e.  Caract\u00e9ris\u00e9e par <em>Anthemis asperula, Bifora radians, Bifora testiculata, Buplerum lancifolium, Buplerum subovatum, Calendula stellata, Cerastium dichotomum, Ceratocephala falcata, Cota altissima<\/em><\/p>\n\n\n\n<p><em>&gt;&gt;&gt;&gt;&gt;&gt;&gt;&gt;&gt;&gt;ALLIANCE DE L&rsquo;ERAGROSTION MINORIS<\/em>. Annuelles commensales des cultures basophiles (thermophiles) avec <em>Diplotaxis muralis s. l., Diplotaxis x witgenii (D. muralis x D. tenuifolia), Eragrostis cillianensis, <a href=\"https:\/\/lecompagnonrouge.fr\/?p=8874\">Eragrostis minor<\/a>, Eragrostis villosa, Solanum villosum s.l.<\/em><\/p>\n\n\n\n<p><\/p>\n\n\n\n<h4 class=\"wp-block-heading\" id=\"Chenopodietalia-albi\"><em>&gt;&gt;&gt;&gt;&gt;ORDRE DU 6<\/em>8.0.3 \u2013 <em>Chenopodietalia albi<\/em> T\u00fcxen &amp; Lohmeyer <em>ex <\/em>von Rochow 1951)<\/h4>\n\n\n\n<p>En ce qui concerne les petites surfaces cultiv\u00e9es, les jardins notamment, ceux qui re\u00e7oivent beaucoup de carbone en tous cas sous forme de paillage ne connaissent pas forc\u00e9ment le stade pionnier typique du sarclage. Cela renvoie donc en principe plut\u00f4t aux ourlets et lisi\u00e8res &#8230; Cependant, il reste peut-\u00eatre \u00e0 remarquer des diff\u00e9rence selon le C\/N du paillage: paillage en vert, paillage de tonte de pelouses jusqu&rsquo;au BRF.<\/p>\n\n\n\n<p><em>&gt;&gt;&gt;&gt;&gt;&gt;&gt;&gt;&gt;&gt;ALLIANCE DU<\/em> 68.0.3.0.1 &#8211; <em>Diplotaxion erucoidis<\/em> Br.-Bl. <em>in <\/em>Br.-Bl., Gajewski, Wraber &amp; Walas 1936<\/p>\n\n\n\n<p><em>&gt;&gt;&gt;&gt;&gt;&gt;&gt;&gt;&gt;&gt;ALLIANCE DU<\/em> 68.0.3.0.2 &#8211; <em>Panico crus-galli-Setarion viridis<\/em> Sissingh <em>in <\/em>Westhoff, Dijk, Passchier &amp; Sissingh 1946<\/p>\n\n\n\n<p><em>&gt;&gt;&gt;&gt;&gt;&gt;&gt;&gt;&gt;&gt;&gt;&gt;<\/em>Sous alliance du 68.0.3.0.2.1 &#8211; <em>Panico crus-galli-Setarenion viridis<\/em> (Sissingh <em>in <\/em>Westhoff, Dijk, Passchier &amp; Sissingh 1946) Oberdorfer 1957, caract\u00e9ris\u00e9 par (<a href=\"https:\/\/lecompagnonrouge.fr\/?p=5331\">Anchusa arvensis<\/a>), <\/p>\n\n\n\n<p><em>&gt;&gt;&gt;&gt;&gt;&gt;&gt;&gt;&gt;&gt;&gt;&gt;<\/em>Sous alliance du 68.0.3.0.2.2 &#8211; <em>Eu-Polygono persicariae-Chenopodenion polyspermi<\/em> Oberdorfer 1957<\/p>\n\n\n\n<h5 class=\"wp-block-heading\" id=\"Veronico-agrestis-Euphorbion-peplus\"><em>&gt;&gt;&gt;&gt;&gt;&gt;&gt;&gt;&gt;&gt;ALLIANCE DU<\/em> 68.0.3.0.3 &#8211; <em>Veronico agrestis-Euphorbion peplus<\/em> Sissingh <em>ex <\/em>Passarge 1964<\/h5>\n\n\n\n<p>Caract\u00e9ris\u00e9 par <em><a href=\"https:\/\/lecompagnonrouge.fr\/?p=440\">Arabidopsis thaliana<\/a>, <a href=\"https:\/\/lecompagnonrouge.fr\/?p=2421\">Anisantha sterilis<\/a>, Chenopodiastrum hybridum, Crepis pulchra, Euphorbia platyphyllos subsp. platyphyllos, <a href=\"https:\/\/lecompagnonrouge.fr\/?p=1202\">Fumaria capreolata<\/a>, Lamium amplexicaule, Lamium hybridum, Lepidium campestre, <a href=\"https:\/\/lecompagnonrouge.fr\/?p=9446\">Sherardia arvensis<\/a>, <a href=\"https:\/\/lecompagnonrouge.fr\/?p=5091\">Sonchus asper<\/a>, Veronica agrestis, <a href=\"https:\/\/lecompagnonrouge.fr\/?p=516\">Veronica hederifolia<\/a>, Veronica opaca, <a href=\"https:\/\/lecompagnonrouge.fr\/?p=5608\">Veronica polita<\/a><\/em><\/p>\n\n\n\n<p><\/p>\n\n\n\n<p><\/p>\n\n\n\n<h3 class=\"wp-block-heading has-medium-font-size\"><strong>Trifolio medii-Geranietea sanguinei T. M\u00fcll. 1962. RANG&nbsp;: CLASSE.<\/strong><\/h3>\n\n\n\n<p>Ourlets et pelouses pr\u00e9foresti\u00e8res h\u00e9liophiles \u00e0 sciaclines, x\u00e9rophiles \u00e0 m\u00e9sophiles, domin\u00e9es par des Lamiacae, Apiaceae, Fabaceae herbac\u00e9es de hautes tailles.<\/p>\n\n\n\n<p><em>&gt;&gt;&gt;&gt;&gt;ORDRE DE L\u2019Antherico ramosi-Geranietalia sanguinei<\/em> Julve <em>ex <\/em>Dengler <em>in <\/em>Dengler <em>et al.<\/em> 2003<\/p>\n\n\n\n<p><em>&gt;&gt;&gt;&gt;&gt;&gt;&gt;&gt;&gt;&gt;ALLIANCE DU Galio veri-Geranion sanguinei<\/em> G\u00e9hu &amp; G\u00e9hu-Franck 1983<\/p>\n\n\n\n<ul class=\"wp-block-list\">\n<li>F72-41 \u2013 <em>Astero armoricani-Geranietum sanguinei<\/em> Bioret 2008<\/li>\n\n\n\n<li>F72-46 \u2013 <em>Carici arenariae-Silenetum nutantis<\/em> B. Foucault 1986<\/li>\n\n\n\n<li>F72-42 \u2013 <em>Filipendulo vulgaris-Geranietum sanguinei<\/em> Malloch <em>ex <\/em>G\u00e9hu &amp; G\u00e9hu-Franck 1983<\/li>\n\n\n\n<li>F72-45 \u2013 <em>Inulo conyzae-Polygonatetum odorati<\/em> V. Westh <em>ex <\/em>V. Westh. &amp; den Held 1969<\/li>\n\n\n\n<li>F72-43 \u2013 <em>Serratulo seoanei-Brachypodietum rupestris<\/em> Bioret &amp; Glemarec <em>in <\/em>Bioret 2008<\/li>\n\n\n\n<li>F72-44 \u2013 <em>Ulici maritimi-Geranietum sanguinei<\/em> G\u00e9hu &amp; G\u00e9hu- Franck 1983<\/li>\n<\/ul>\n\n\n\n<p><em>&gt;&gt;&gt;&gt;&gt;&gt;&gt;&gt;&gt;&gt;ALLIANCE DU Geranion sanguinei<\/em> T\u00fcxen <em>in <\/em>T. M\u00fcll. 1962<\/p>\n\n\n\n<ul class=\"wp-block-list\">\n<li><em>Antherico ramosi-Geranienion sanguinei<\/em> J.-M. Royer 2016\n<ul class=\"wp-block-list\">\n<li>F72-08 \u2013 <em>Asperulo tinctoriae-Vincetoxicetum hirundinariae<\/em> Schmitt &amp; Rameau 1983<\/li>\n\n\n\n<li>F72-18 \u2013 <em>Asphodelo macrocarpi-Laserpitietum sileris<\/em> Misset 2013<\/li>\n\n\n\n<li>F72-03 \u2013 <em>Bupleuro longifolii-Laserpitietum latifolii<\/em> T. M\u00fcll. <em>in <\/em>Oberd. 1978<\/li>\n\n\n\n<li>F72-05 \u2013 <em>Campanulo medii-Geranietum sanguinei<\/em> Campanulo medii-Geranietum sanguinei van Althuis, van Gils &amp; Keysers <em>ex <\/em>J.-M. Royer 2016<\/li>\n\n\n\n<li>F72-09 \u2013 <em>Carici ornithopodae-Anthericetum ramosi<\/em> Th\u00e9venin <em>ex <\/em>Th\u00e9venin &amp; Misset <em>in <\/em>J.-M. Royer <em>et al.<\/em> 2006<\/li>\n\n\n\n<li>F72-21 \u2013 <em>Cervario rivini-Oreoselinetum nigri<\/em> Billy <em>ex <\/em>J.-M. Royer 2016<\/li>\n\n\n\n<li>F72-22 \u2013 <em>Diantho seguieri-Peucedanetum oreoselini<\/em> Oberd. 1964<\/li>\n\n\n\n<li>F72-26 \u2013 <em>Euphorbio angulatae-Spiraeetum obovatae<\/em> Braque &amp; Loiseau <em>ex <\/em>J.-M. Royer 2016<\/li>\n\n\n\n<li>F72-07 \u2013 <em>Gentiano luteae-Daphnetum cneori<\/em> J.-M. Royer 1971<\/li>\n\n\n\n<li>F72-01 \u2013 <em>Geranio sanguinei-Anemonetum sylvestris<\/em> T. M\u00fcll. 1962<\/li>\n\n\n\n<li>F72-06 \u2013 <em>Geranio sanguinei-Coronilletum coronatae<\/em> Rameau 1971<\/li>\n\n\n\n<li>F72-02 \u2013 <em>Geranio sanguinei-Dictamnetum albi<\/em> Wendelberger <em>ex <\/em>T. M\u00fcll. 1962<\/li>\n\n\n\n<li>F72-19 \u2013 <em>Geranio sanguinei-Laserpitietum sileris<\/em> van Althuis, van Gils &amp; Keysers <em>ex <\/em>J.-M. Royer 2016<\/li>\n\n\n\n<li>F72-04 \u2013 <em>Geranio sanguinei-Peucedanetum cervariae<\/em> Kuhn <em>ex <\/em>T. M\u00fcll. 1962<\/li>\n\n\n\n<li>F72-24 \u2013 <em>Geranio sanguinei-Rubietum peregrinae<\/em> B. Foucault &amp; Frileux 1983<\/li>\n\n\n\n<li>F72-14 \u2013 <em>Geranio sanguinei-Seslerietum argenteae<\/em> Offerhaus <em>in <\/em>J.-M. Royer 2016<\/li>\n\n\n\n<li>F72-10 \u2013 <em>Geranio sanguinei-Trifolietum alpestris<\/em> T. M\u00fcll. 1962<\/li>\n\n\n\n<li>F72-17 \u2013 <em>Lathyro heterophylli-Vicietum onobrychioidis<\/em> J.- M. Royer 2010<\/li>\n\n\n\n<li>F72-15 \u2013 <em>Lathyro latifolii-Brachypodietum rupestris<\/em> Misset <em>in <\/em>J.-M. Royer 2016<\/li>\n\n\n\n<li>F72-16 \u2013 <em>Lilio crocei-Laserpitietum sileris<\/em> J.-M. Royer 2010<\/li>\n\n\n\n<li>F72-27 \u2013 <em>Limodoro abortivi-Cytisetum lotoidis<\/em> Limodoro abortivi-Cytisetum lotoidis Braque <em>ex <\/em>J.-M. Royer 2016<\/li>\n\n\n\n<li>F72-11 \u2013 <em>Melampyro cristati-Trifolietum alpestris<\/em> Rameau 1974<\/li>\n\n\n\n<li>F72-23 \u2013 <em>Potentillo montanae-Polygonatetum odorati<\/em> Schmitt &amp; Rameau 1983<\/li>\n\n\n\n<li>F72-12 \u2013 <em>Potentillo pedatae-Geranietum lanuginosi<\/em> R.J. Loisel <em>in <\/em>J.-M. Royer 2016<\/li>\n\n\n\n<li>F72-25 \u2013 <em>Rubio peregrinae-Anthericetum ramosi<\/em> Braque <em>ex <\/em>J.-M. Royer 2016<\/li>\n\n\n\n<li>F72-20 \u2013 <em>Teucrio scorodoniae-Polygonatetum odorati<\/em> Korneck 1974<\/li>\n\n\n\n<li>F72-13 \u2013 <em>Xanthoselino veneti-Brachypodietum rupestris<\/em> Offerhaus <em>in <\/em>J.-M. Royer 2016<\/li>\n<\/ul>\n<\/li>\n<\/ul>\n\n\n\n<p><em>&gt;&gt;&gt;&gt;&gt;&gt;&gt;&gt;&gt;&gt;ALLIANCE DU Trifolio medii-Geranienion sanguinei<\/em> van Gils &amp; Gilissen 1976<\/p>\n\n\n\n<ul class=\"wp-block-list\">\n<li>F72-34 \u2013 <em>Bupleuro falcati-Laserpitietum latifolii<\/em> Billy <em>ex <\/em>J.-M. Royer 2016<\/li>\n\n\n\n<li>F72-28 \u2013 <em>Centaureo semidecurrentis-Melampyretum cristati<\/em> Braque &amp; Loiseau <em>ex <\/em>J.-M. Royer 2016<\/li>\n\n\n\n<li>F72-40 \u2013 <em>Chrysanthemo corymbosi-Oryzopsietum paradoxae<\/em> O. Bol\u00f2s 1978<\/li>\n\n\n\n<li>F72-37 \u2013 <em>Clinopodio vulgaris-Laseretum trilobi<\/em> Knapp <em>ex <\/em>T. M\u00fcll. <em>in <\/em>Oberd. 1978<\/li>\n\n\n\n<li>F72-38 \u2013 <em>Coronillo variae-Brachypodietum pinnati<\/em> J.-M. Royer &amp; Bidault <em>ex <\/em>J.-M. Royer 1973<\/li>\n\n\n\n<li>F72-36 \u2013 <em>Coronillo variae-Peucedanetum alsatici<\/em> J.-M. Royer, Rameau &amp; Prin 1983<\/li>\n\n\n\n<li>F72-35 \u2013 <em>Coronillo variae-Vicietum tenuifoliae<\/em> J.-M. Royer &amp; Rameau 1983<\/li>\n\n\n\n<li>F72-39 \u2013 <em>Galio maritimi-Origanetum vulgaris<\/em> O. Bol\u00f2s 1967<\/li>\n\n\n\n<li>F72-30 \u2013 <em>Lithospermo purpurocaerulei-Pulmonarietum longifoliae<\/em> B. Foucault 2008<\/li>\n\n\n\n<li>F72-29 \u2013 <em>Odontito chrysanthae-Phyteumatetum teneri<\/em> Braque &amp; Loiseau <em>ex <\/em>J.-M. Royer 2016<\/li>\n\n\n\n<li>F72-32 \u2013 <em>Pteroselini austriaci-Trifolietum alpestris<\/em> van Gils &amp; Keysers <em>ex <\/em>J.-M. Royer 2016<\/li>\n\n\n\n<li>F72-33 \u2013 <em>Trifolio medii-Laserpitietum latifolii<\/em> van Gils &amp; Gilissen 1976<\/li>\n\n\n\n<li>F72-31 \u2013 <em>Trifolio medii-Silaetum silai<\/em> Braque <em>ex <\/em>J.-M. Royer 2016<\/li>\n<\/ul>\n\n\n\n<p><em>&gt;&gt;&gt;&gt;&gt;ORDRE DE L\u2019Origanetalia vulgaris<\/em> T. M\u00fcll. 1962<\/p>\n\n\n\n<p><em>&gt;&gt;&gt;&gt;&gt;&gt;&gt;&gt;&gt;&gt;ALLIANCE DU Knaution dipsacifoliae<\/em> Julve <em>ex <\/em>Dengler &amp; Boch 2008<\/p>\n\n\n\n<p><em>&gt;&gt;&gt;&gt;&gt;&gt;&gt;&gt;&gt;&gt;ALLIANCE DU Trifolion medii<\/em> T. M\u00fcll. 1962<\/p>\n\n\n\n<p><em>&gt;&gt;&gt;&gt;&gt;&gt;&gt;&gt;&gt;&gt;&gt;&gt;SOUS-ALLIANCE DE L\u2019Agrimonio-Trifolienion medii<\/em> Knapp 1976<\/p>\n\n\n\n<ul class=\"wp-block-list\">\n<li>F72-55 \u2013 <em>Brachypodio sylvatici-Rubetum caesii<\/em> Th\u00e9venin &amp; J.-M. Royer <em>in <\/em>J.-M. Royer <em>et al.<\/em> 2006<\/li>\n\n\n\n<li>F72-60 \u2013 <em>Bunio bulbocastani-Brachypodietum pinnati<\/em> Wattez et Boullet 1988<\/li>\n\n\n\n<li>F72-53 \u2013 <em>Calamintho menthifoliae-Brachypodietum sylvatici<\/em> J.-M. Royer &amp; Rameau 1983<\/li>\n\n\n\n<li>F72-48 \u2013 <em>Campanulo persicifoliae-Digitalietum luteae<\/em> Billy <em>ex <\/em>J.-M. Royer 2016<\/li>\n\n\n\n<li>F72-59 \u2013 <em>Centaureo nemoralis-Origanetum vulgaris<\/em> B. Foucault, Frileux &amp; Wattez <em>in <\/em>B. Foucault &amp; 1983<\/li>\n\n\n\n<li>F72-57 \u2013 <em>Inulo helenii-Caricetum tomentosae<\/em> Didier &amp; J.-M. Royer <em>ex <\/em>J.-M. Royer <em>et al.<\/em> 2006<\/li>\n\n\n\n<li>F72-58 \u2013 <em>Lathyro latifolii-Centaureetum nemoralis<\/em> Rivas Mart. <em>et al.<\/em> 1984<\/li>\n\n\n\n<li>F72-56 \u2013 <em>Lathyro sylvestris-Astragaletum glycyphylli<\/em> Julve <em>ex <\/em>Julve &amp; Catteau <em>in <\/em>Royer 2016<\/li>\n\n\n\n<li>F72-61 \u2013 <em>Tephroserido helenitidis-Succisetum pratensis<\/em> Wattez <em>ex <\/em>Boullet <em>in <\/em>J.-M. Royer 2016<\/li>\n\n\n\n<li>F72-47 \u2013 <em>Trifolio medii-Agrimonietum eupatoriae<\/em> T. M\u00fcll. 1962<\/li>\n\n\n\n<li>F72-49 \u2013 <em>Trifolio medii-Melampyretum nemorosi<\/em> Dierschke 1974<\/li>\n\n\n\n<li>F72-54 \u2013 <em>Valeriano officinalis-Fragarietum vescae<\/em> O. Bol\u00f2s 1977<\/li>\n\n\n\n<li>F72-51 \u2013 <em>Vicio cassubicae-Agrimonietum eupatoriae<\/em> H. Passarge 1967<\/li>\n\n\n\n<li>F72-50 \u2013 Gr. \u00e0 <em>Melampyrum nemorosum<\/em> et <em>Vicia cracca<\/em> subsp. <em>incana<\/em> J.-M. Royer 2010<\/li>\n\n\n\n<li>F72-52 \u2013 Gr. \u00e0 <em>Vicia dumetorum<\/em> Rameau &amp; Schmitt 1983<\/li>\n<\/ul>\n\n\n\n<p><em>&gt;&gt;&gt;&gt;&gt;&gt;&gt;&gt;&gt;&gt;&gt;&gt;SOUS-ALLIANCE DU Teucrio scorodoniae-Trifolienion medii<\/em> Knapp 1976<\/p>\n\n\n\n<ul class=\"wp-block-list\">\n<li>F72-63 \u2013 <em>Agrimonio repentis-Brachypodietum sylvatici<\/em> J.-M. Royer &amp; Rameau 1983<\/li>\n\n\n\n<li>F72-65 \u2013 <em>Melittio melissophylli-Festucetum heterophyllae<\/em> Misset, Th\u00e9venin &amp; J.-M. Royer <em>in <\/em>J.-M. Royer <em>et al.<\/em> 2006<\/li>\n\n\n\n<li>F72-64 \u2013 <em>Pulmonario longifoliae-Brachypodietum sylvatici<\/em> Misset <em>in <\/em>J.-M. Royer <em>et al.<\/em> 2006<\/li>\n\n\n\n<li>F72-62 \u2013 <em>Teucrio scorodoniae-Centaureetum nemoralis<\/em> T. M\u00fcll. 1962<\/li>\n\n\n\n<li>F72-66 \u2013 <em>Violo rivinianae-Lathyretum nigri<\/em> Schmitt &amp; Rameau <em>ex <\/em>J.-M. Royer 2016<\/li>\n<\/ul>\n\n\n\n<p><\/p>\n\n\n\n<p><\/p>\n","protected":false},"excerpt":{"rendered":"<p>Les diff\u00e9rentes communaut\u00e9s de plantes t\u00e9moignent entre autres des conditions \u00e9cologiques dans lesquelles on les trouves. Les communaut\u00e9s de plantes pr\u00e9sent\u00e9es ici concernent d\u2019abord les prairies, mais cela n\u00e9cessite de s\u2019int\u00e9resser notamment aux pelousaires, aux m\u00e9gaphorbiaies, aux ourlets J&rsquo;essaie de penser \u00e0 indiquer la dynamique de successions des v\u00e9g\u00e9tations (au niveau syst\u00e9matique le plus haut)&#8230;.<\/p>\n","protected":false},"author":1,"featured_media":0,"parent":0,"menu_order":0,"comment_status":"closed","ping_status":"closed","template":"","meta":{"footnotes":""},"class_list":["post-3348","page","type-page","status-publish","hentry"],"yoast_head":"<!-- This site is optimized with the Yoast SEO plugin v27.4 - https:\/\/yoast.com\/product\/yoast-seo-wordpress\/ -->\n<title>Communaut\u00e9s. Boolel\u00e8en. - Le Compagnon rouge<\/title>\n<meta name=\"robots\" content=\"index, follow, max-snippet:-1, max-image-preview:large, max-video-preview:-1\" \/>\n<link rel=\"canonical\" href=\"https:\/\/lecompagnonrouge.fr\/?page_id=3348\" \/>\n<meta property=\"og:locale\" content=\"fr_FR\" \/>\n<meta property=\"og:type\" content=\"article\" \/>\n<meta property=\"og:title\" content=\"Communaut\u00e9s. Boolel\u00e8en. - Le Compagnon rouge\" \/>\n<meta property=\"og:description\" content=\"Les diff\u00e9rentes communaut\u00e9s de plantes t\u00e9moignent entre autres des conditions \u00e9cologiques dans lesquelles on les trouves. Les communaut\u00e9s de plantes pr\u00e9sent\u00e9es ici concernent d\u2019abord les prairies, mais cela n\u00e9cessite de s\u2019int\u00e9resser notamment aux pelousaires, aux m\u00e9gaphorbiaies, aux ourlets J&rsquo;essaie de penser \u00e0 indiquer la dynamique de successions des v\u00e9g\u00e9tations (au niveau syst\u00e9matique le plus haut)....\" \/>\n<meta property=\"og:url\" content=\"https:\/\/lecompagnonrouge.fr\/?page_id=3348\" \/>\n<meta property=\"og:site_name\" content=\"Le Compagnon rouge\" \/>\n<meta property=\"article:modified_time\" content=\"2026-02-21T09:18:59+00:00\" \/>\n<meta property=\"og:image\" content=\"https:\/\/lecompagnonrouge.fr\/wp-content\/uploads\/2023\/02\/bambouIMG_3597-1.jpg\" \/>\n\t<meta property=\"og:image:width\" content=\"850\" \/>\n\t<meta property=\"og:image:height\" content=\"567\" \/>\n\t<meta property=\"og:image:type\" content=\"image\/jpeg\" \/>\n<meta name=\"twitter:card\" content=\"summary_large_image\" \/>\n<meta name=\"twitter:label1\" content=\"Dur\u00e9e de lecture est.\" \/>\n\t<meta name=\"twitter:data1\" content=\"115 minutes\" \/>\n<script type=\"application\/ld+json\" class=\"yoast-schema-graph\">{\"@context\":\"https:\\\/\\\/schema.org\",\"@graph\":[{\"@type\":\"WebPage\",\"@id\":\"https:\\\/\\\/lecompagnonrouge.fr\\\/?page_id=3348\",\"url\":\"https:\\\/\\\/lecompagnonrouge.fr\\\/?page_id=3348\",\"name\":\"Communaut\u00e9s. Boolel\u00e8en. - Le Compagnon rouge\",\"isPartOf\":{\"@id\":\"https:\\\/\\\/lecompagnonrouge.fr\\\/#website\"},\"primaryImageOfPage\":{\"@id\":\"https:\\\/\\\/lecompagnonrouge.fr\\\/?page_id=3348#primaryimage\"},\"image\":{\"@id\":\"https:\\\/\\\/lecompagnonrouge.fr\\\/?page_id=3348#primaryimage\"},\"thumbnailUrl\":\"https:\\\/\\\/lecompagnonrouge.fr\\\/wp-content\\\/uploads\\\/2023\\\/02\\\/bambouIMG_3597-1.jpg\",\"datePublished\":\"2023-01-14T09:18:40+00:00\",\"dateModified\":\"2026-02-21T09:18:59+00:00\",\"breadcrumb\":{\"@id\":\"https:\\\/\\\/lecompagnonrouge.fr\\\/?page_id=3348#breadcrumb\"},\"inLanguage\":\"fr-BE\",\"potentialAction\":[{\"@type\":\"ReadAction\",\"target\":[\"https:\\\/\\\/lecompagnonrouge.fr\\\/?page_id=3348\"]}]},{\"@type\":\"ImageObject\",\"inLanguage\":\"fr-BE\",\"@id\":\"https:\\\/\\\/lecompagnonrouge.fr\\\/?page_id=3348#primaryimage\",\"url\":\"https:\\\/\\\/lecompagnonrouge.fr\\\/wp-content\\\/uploads\\\/2023\\\/02\\\/bambouIMG_3597-1.jpg\",\"contentUrl\":\"https:\\\/\\\/lecompagnonrouge.fr\\\/wp-content\\\/uploads\\\/2023\\\/02\\\/bambouIMG_3597-1.jpg\",\"width\":850,\"height\":567,\"caption\":\"binary comment\"},{\"@type\":\"BreadcrumbList\",\"@id\":\"https:\\\/\\\/lecompagnonrouge.fr\\\/?page_id=3348#breadcrumb\",\"itemListElement\":[{\"@type\":\"ListItem\",\"position\":1,\"name\":\"Accueil\",\"item\":\"https:\\\/\\\/lecompagnonrouge.fr\\\/\"},{\"@type\":\"ListItem\",\"position\":2,\"name\":\"Communaut\u00e9s. Boolel\u00e8en.\"}]},{\"@type\":\"WebSite\",\"@id\":\"https:\\\/\\\/lecompagnonrouge.fr\\\/#website\",\"url\":\"https:\\\/\\\/lecompagnonrouge.fr\\\/\",\"name\":\"Le Compagnon rouge\",\"description\":\"M\u00e9morandum.\",\"publisher\":{\"@id\":\"https:\\\/\\\/lecompagnonrouge.fr\\\/#\\\/schema\\\/person\\\/0025018a342b92eacca6f1e4c968a154\"},\"potentialAction\":[{\"@type\":\"SearchAction\",\"target\":{\"@type\":\"EntryPoint\",\"urlTemplate\":\"https:\\\/\\\/lecompagnonrouge.fr\\\/?s={search_term_string}\"},\"query-input\":{\"@type\":\"PropertyValueSpecification\",\"valueRequired\":true,\"valueName\":\"search_term_string\"}}],\"inLanguage\":\"fr-BE\"},{\"@type\":[\"Person\",\"Organization\"],\"@id\":\"https:\\\/\\\/lecompagnonrouge.fr\\\/#\\\/schema\\\/person\\\/0025018a342b92eacca6f1e4c968a154\",\"name\":\"R1\",\"image\":{\"@type\":\"ImageObject\",\"inLanguage\":\"fr-BE\",\"@id\":\"https:\\\/\\\/lecompagnonrouge.fr\\\/wp-content\\\/uploads\\\/2022\\\/03\\\/identit.jpg\",\"url\":\"https:\\\/\\\/lecompagnonrouge.fr\\\/wp-content\\\/uploads\\\/2022\\\/03\\\/identit.jpg\",\"contentUrl\":\"https:\\\/\\\/lecompagnonrouge.fr\\\/wp-content\\\/uploads\\\/2022\\\/03\\\/identit.jpg\",\"width\":425,\"height\":545,\"caption\":\"R1\"},\"logo\":{\"@id\":\"https:\\\/\\\/lecompagnonrouge.fr\\\/wp-content\\\/uploads\\\/2022\\\/03\\\/identit.jpg\"},\"sameAs\":[\"http:\\\/\\\/lecompagnonrouge.fr\"]}]}<\/script>\n<!-- \/ Yoast SEO plugin. -->","yoast_head_json":{"title":"Communaut\u00e9s. Boolel\u00e8en. - Le Compagnon rouge","robots":{"index":"index","follow":"follow","max-snippet":"max-snippet:-1","max-image-preview":"max-image-preview:large","max-video-preview":"max-video-preview:-1"},"canonical":"https:\/\/lecompagnonrouge.fr\/?page_id=3348","og_locale":"fr_FR","og_type":"article","og_title":"Communaut\u00e9s. Boolel\u00e8en. - Le Compagnon rouge","og_description":"Les diff\u00e9rentes communaut\u00e9s de plantes t\u00e9moignent entre autres des conditions \u00e9cologiques dans lesquelles on les trouves. Les communaut\u00e9s de plantes pr\u00e9sent\u00e9es ici concernent d\u2019abord les prairies, mais cela n\u00e9cessite de s\u2019int\u00e9resser notamment aux pelousaires, aux m\u00e9gaphorbiaies, aux ourlets J&rsquo;essaie de penser \u00e0 indiquer la dynamique de successions des v\u00e9g\u00e9tations (au niveau syst\u00e9matique le plus haut)....","og_url":"https:\/\/lecompagnonrouge.fr\/?page_id=3348","og_site_name":"Le Compagnon rouge","article_modified_time":"2026-02-21T09:18:59+00:00","og_image":[{"width":850,"height":567,"url":"https:\/\/lecompagnonrouge.fr\/wp-content\/uploads\/2023\/02\/bambouIMG_3597-1.jpg","type":"image\/jpeg"}],"twitter_card":"summary_large_image","twitter_misc":{"Dur\u00e9e de lecture est.":"115 minutes"},"schema":{"@context":"https:\/\/schema.org","@graph":[{"@type":"WebPage","@id":"https:\/\/lecompagnonrouge.fr\/?page_id=3348","url":"https:\/\/lecompagnonrouge.fr\/?page_id=3348","name":"Communaut\u00e9s. Boolel\u00e8en. - Le Compagnon rouge","isPartOf":{"@id":"https:\/\/lecompagnonrouge.fr\/#website"},"primaryImageOfPage":{"@id":"https:\/\/lecompagnonrouge.fr\/?page_id=3348#primaryimage"},"image":{"@id":"https:\/\/lecompagnonrouge.fr\/?page_id=3348#primaryimage"},"thumbnailUrl":"https:\/\/lecompagnonrouge.fr\/wp-content\/uploads\/2023\/02\/bambouIMG_3597-1.jpg","datePublished":"2023-01-14T09:18:40+00:00","dateModified":"2026-02-21T09:18:59+00:00","breadcrumb":{"@id":"https:\/\/lecompagnonrouge.fr\/?page_id=3348#breadcrumb"},"inLanguage":"fr-BE","potentialAction":[{"@type":"ReadAction","target":["https:\/\/lecompagnonrouge.fr\/?page_id=3348"]}]},{"@type":"ImageObject","inLanguage":"fr-BE","@id":"https:\/\/lecompagnonrouge.fr\/?page_id=3348#primaryimage","url":"https:\/\/lecompagnonrouge.fr\/wp-content\/uploads\/2023\/02\/bambouIMG_3597-1.jpg","contentUrl":"https:\/\/lecompagnonrouge.fr\/wp-content\/uploads\/2023\/02\/bambouIMG_3597-1.jpg","width":850,"height":567,"caption":"binary comment"},{"@type":"BreadcrumbList","@id":"https:\/\/lecompagnonrouge.fr\/?page_id=3348#breadcrumb","itemListElement":[{"@type":"ListItem","position":1,"name":"Accueil","item":"https:\/\/lecompagnonrouge.fr\/"},{"@type":"ListItem","position":2,"name":"Communaut\u00e9s. Boolel\u00e8en."}]},{"@type":"WebSite","@id":"https:\/\/lecompagnonrouge.fr\/#website","url":"https:\/\/lecompagnonrouge.fr\/","name":"Le Compagnon rouge","description":"M\u00e9morandum.","publisher":{"@id":"https:\/\/lecompagnonrouge.fr\/#\/schema\/person\/0025018a342b92eacca6f1e4c968a154"},"potentialAction":[{"@type":"SearchAction","target":{"@type":"EntryPoint","urlTemplate":"https:\/\/lecompagnonrouge.fr\/?s={search_term_string}"},"query-input":{"@type":"PropertyValueSpecification","valueRequired":true,"valueName":"search_term_string"}}],"inLanguage":"fr-BE"},{"@type":["Person","Organization"],"@id":"https:\/\/lecompagnonrouge.fr\/#\/schema\/person\/0025018a342b92eacca6f1e4c968a154","name":"R1","image":{"@type":"ImageObject","inLanguage":"fr-BE","@id":"https:\/\/lecompagnonrouge.fr\/wp-content\/uploads\/2022\/03\/identit.jpg","url":"https:\/\/lecompagnonrouge.fr\/wp-content\/uploads\/2022\/03\/identit.jpg","contentUrl":"https:\/\/lecompagnonrouge.fr\/wp-content\/uploads\/2022\/03\/identit.jpg","width":425,"height":545,"caption":"R1"},"logo":{"@id":"https:\/\/lecompagnonrouge.fr\/wp-content\/uploads\/2022\/03\/identit.jpg"},"sameAs":["http:\/\/lecompagnonrouge.fr"]}]}},"_links":{"self":[{"href":"https:\/\/lecompagnonrouge.fr\/index.php?rest_route=\/wp\/v2\/pages\/3348","targetHints":{"allow":["GET"]}}],"collection":[{"href":"https:\/\/lecompagnonrouge.fr\/index.php?rest_route=\/wp\/v2\/pages"}],"about":[{"href":"https:\/\/lecompagnonrouge.fr\/index.php?rest_route=\/wp\/v2\/types\/page"}],"author":[{"embeddable":true,"href":"https:\/\/lecompagnonrouge.fr\/index.php?rest_route=\/wp\/v2\/users\/1"}],"replies":[{"embeddable":true,"href":"https:\/\/lecompagnonrouge.fr\/index.php?rest_route=%2Fwp%2Fv2%2Fcomments&post=3348"}],"version-history":[{"count":168,"href":"https:\/\/lecompagnonrouge.fr\/index.php?rest_route=\/wp\/v2\/pages\/3348\/revisions"}],"predecessor-version":[{"id":11722,"href":"https:\/\/lecompagnonrouge.fr\/index.php?rest_route=\/wp\/v2\/pages\/3348\/revisions\/11722"}],"wp:attachment":[{"href":"https:\/\/lecompagnonrouge.fr\/index.php?rest_route=%2Fwp%2Fv2%2Fmedia&parent=3348"}],"curies":[{"name":"wp","href":"https:\/\/api.w.org\/{rel}","templated":true}]}}