{"id":324,"date":"2022-03-19T15:38:26","date_gmt":"2022-03-19T14:38:26","guid":{"rendered":"https:\/\/lecompagnonrouge.fr\/?page_id=324"},"modified":"2026-03-21T10:01:17","modified_gmt":"2026-03-21T09:01:17","slug":"index-des-plantes-bibliographie","status":"publish","type":"page","link":"https:\/\/lecompagnonrouge.fr\/?page_id=324","title":{"rendered":"Index des plantes et bibliographie."},"content":{"rendered":"\n<p>Tous d&rsquo;abord, les gune, bienvenue par ici dans <a href=\"https:\/\/lecompagnonrouge.fr\/?s=Gune.+Espace+enfant.\">le coin des enfants!<\/a><\/p>\n\n\n\n<p>Quelques billets montrent les graines: <a href=\"https:\/\/lecompagnonrouge.fr\/?s=Semen-Carpo\">semences et fruits.<\/a> Quelques billets montrent des plantes dans les tous premiers stades: <a href=\"https:\/\/lecompagnonrouge.fr\/?s=plantaria\">Plantules, semis et pousses<\/a>. Egalement lien vers les plantes envahissantes dite <a href=\"https:\/\/lecompagnonrouge.fr\/?s=eee\">EEE<\/a>.<\/p>\n\n\n\n<p>Economie des plantes, th\u00e8mes transverses: <a href=\"https:\/\/lecompagnonrouge.fr\/?s=abortives\">Abortives<\/a>, <a href=\"https:\/\/lecompagnonrouge.fr\/?s=nivr\">P\u00eaches \u00e0 la nivr\u00e9e europ\u00e9ennes<\/a>, <a href=\"https:\/\/lecompagnonrouge.fr\/?s=fun%C3%A9raire\">Rituels fun\u00e9raires<\/a>, <a href=\"https:\/\/lecompagnonrouge.fr\/?p=1651\">Alimentation des oiseaux<\/a>, <a href=\"https:\/\/lecompagnonrouge.fr\/?s=bois+de+fl%C3%A8ches\">Bois de fl\u00e8ches<\/a>, <a href=\"https:\/\/lecompagnonrouge.fr\/?s=ligneux+fourrager\">Arbres fourragers<\/a><\/p>\n\n\n\n<p>Zone de confort \u00e0 tenter: <a href=\"https:\/\/lecompagnonrouge.fr\/?s=pollen+allerg\">pollens r\u00e9put\u00e9s allerg\u00e8nes<\/a>. Comprend les inconforts tr\u00e8s furtifs, et pas seulement les situations pathologiques. Les <a href=\"https:\/\/lecompagnonrouge.fr\/?s=Lichen\">Lichens<\/a> qui ne sont pas des v\u00e9g\u00e9taux sont toutefois incorpor\u00e9s comme si ils en \u00e9taient. Mon int\u00e9r\u00eat pour eux tient \u00e0 leurs capacit\u00e9 de bio indication de la qualit\u00e9 de l&rsquo;air, certains disparaissant totalement en fonction du degr\u00e9 de pollut!on. On peut les retrouver en fond d&rsquo;index. Ils font suites aux pr\u00eales.<\/p>\n\n\n\n<p>Pour consulter la <a href=\"https:\/\/lecompagnonrouge.fr\/?page_id=324\/#Bibliographie\">biblio<\/a>, aller plus bas<\/p>\n\n\n\n<p><strong>DICOTS SL(INCLUS BASALES, MAGNOLIIDAE POUR RAISONS PRATIQUES):<\/strong><\/p>\n\n\n\n<p><strong><a href=\"https:\/\/lecompagnonrouge.fr\/?s=acanthaceae\">Acanthaceae<\/a><\/strong><\/p>\n\n\n\n<p><a href=\"https:\/\/lecompagnonrouge.fr\/?p=77\">Acanthe \u00e0 feuilles molles<\/a> <\/p>\n\n\n\n<div class=\"wp-block-media-text has-media-on-the-right\" style=\"grid-template-columns:auto 20%\"><div class=\"wp-block-media-text__content\">\n<p><a href=\"https:\/\/lecompagnonrouge.fr\/?p=77\">Acanthus mollis<\/a><\/p>\n<\/div><figure class=\"wp-block-media-text__media\"><a href=\"https:\/\/lecompagnonrouge.fr\/?p=77\"><img loading=\"lazy\" decoding=\"async\" width=\"709\" height=\"471\" src=\"https:\/\/lecompagnonrouge.fr\/wp-content\/uploads\/2022\/03\/acanthusflor1.jpg\" alt=\"\" class=\"wp-image-80 size-full\" srcset=\"https:\/\/lecompagnonrouge.fr\/wp-content\/uploads\/2022\/03\/acanthusflor1.jpg 709w, https:\/\/lecompagnonrouge.fr\/wp-content\/uploads\/2022\/03\/acanthusflor1-300x199.jpg 300w\" sizes=\"auto, (max-width: 709px) 100vw, 709px\" \/><\/a><\/figure><\/div>\n\n\n\n<p><\/p>\n\n\n\n<p><a href=\"https:\/\/lecompagnonrouge.fr\/?s=adoxaceae\"><strong>Adoxaceae<\/strong><\/a><\/p>\n\n\n\n<p><a href=\"https:\/\/lecompagnonrouge.fr\/?p=3996\">Adoxa moschatellina<\/a><\/p>\n\n\n\n<p><a href=\"https:\/\/lecompagnonrouge.fr\/?p=3996\">Adoxe<\/a><\/p>\n\n\n\n<p><a href=\"https:\/\/lecompagnonrouge.fr\/?p=9476\">Mancienne<\/a><\/p>\n\n\n\n<p><a href=\"https:\/\/lecompagnonrouge.fr\/?p=3959\">Sambucus ebulus<\/a><\/p>\n\n\n\n<p><a href=\"https:\/\/lecompagnonrouge.fr\/?p=4219\">Sambucus nigra<\/a><\/p>\n\n\n\n<p><a href=\"https:\/\/lecompagnonrouge.fr\/?p=4219\">Sureau noir<\/a><\/p>\n\n\n\n<p><a href=\"https:\/\/lecompagnonrouge.fr\/?p=3959\">Sureau y\u00e8ble<\/a><\/p>\n\n\n\n<div class=\"wp-block-media-text has-media-on-the-right\" style=\"grid-template-columns:auto 20%\"><div class=\"wp-block-media-text__content\">\n<p><a href=\"https:\/\/lecompagnonrouge.fr\/?p=9476\">Viburnum lantana<\/a><\/p>\n<\/div><figure class=\"wp-block-media-text__media\"><a href=\"https:\/\/lecompagnonrouge.fr\/?p=9476\"><img loading=\"lazy\" decoding=\"async\" width=\"150\" height=\"153\" src=\"https:\/\/lecompagnonrouge.fr\/wp-content\/uploads\/2025\/04\/miniIMG_2420.jpg\" alt=\"\" class=\"wp-image-9490 size-full\"\/><\/a><\/figure><\/div>\n\n\n\n<p><\/p>\n\n\n\n<p><a href=\"https:\/\/lecompagnonrouge.fr\/?p=9476\">Viorne lantane<\/a><\/p>\n\n\n\n<p><\/p>\n\n\n\n<p><a href=\"https:\/\/lecompagnonrouge.fr\/?s=alismataceae\"><strong>Alismataceae<\/strong><\/a><\/p>\n\n\n\n<p><a href=\"https:\/\/lecompagnonrouge.fr\/?p=10656\">Sagittaire \u00e0 feuilles en fl\u00e8che<\/a><\/p>\n\n\n\n<div class=\"wp-block-media-text has-media-on-the-right\" style=\"grid-template-columns:auto 20%\"><div class=\"wp-block-media-text__content\">\n<p><a href=\"https:\/\/lecompagnonrouge.fr\/?p=10656\">Sagittaria sagittifolia<\/a><\/p>\n<\/div><figure class=\"wp-block-media-text__media\"><a href=\"https:\/\/lecompagnonrouge.fr\/?p=10656\"><img loading=\"lazy\" decoding=\"async\" width=\"150\" height=\"162\" src=\"https:\/\/lecompagnonrouge.fr\/wp-content\/uploads\/2025\/07\/miniIMG_3053.jpg\" alt=\"\" class=\"wp-image-10663 size-full\"\/><\/a><\/figure><\/div>\n\n\n\n<p><\/p>\n\n\n\n<p><\/p>\n\n\n\n<p><strong><a href=\"https:\/\/lecompagnonrouge.fr\/?s=amaranthaceae\">Amaranthaceae<\/a><\/strong><\/p>\n\n\n\n<div class=\"wp-block-media-text has-media-on-the-right\" style=\"grid-template-columns:auto 20%\"><div class=\"wp-block-media-text__content\">\n<p><a href=\"https:\/\/lecompagnonrouge.fr\/?p=794\">Beta vulgaris subsp. maritima<\/a><\/p>\n<\/div><figure class=\"wp-block-media-text__media\"><a href=\"https:\/\/lecompagnonrouge.fr\/?p=794\"><img loading=\"lazy\" decoding=\"async\" width=\"850\" height=\"787\" src=\"https:\/\/lecompagnonrouge.fr\/wp-content\/uploads\/2022\/08\/betamaritima-inflo.jpg\" alt=\"\" class=\"wp-image-1905 size-full\" srcset=\"https:\/\/lecompagnonrouge.fr\/wp-content\/uploads\/2022\/08\/betamaritima-inflo.jpg 850w, https:\/\/lecompagnonrouge.fr\/wp-content\/uploads\/2022\/08\/betamaritima-inflo-300x278.jpg 300w, https:\/\/lecompagnonrouge.fr\/wp-content\/uploads\/2022\/08\/betamaritima-inflo-768x711.jpg 768w\" sizes=\"auto, (max-width: 850px) 100vw, 850px\" \/><\/a><\/figure><\/div>\n\n\n\n<p><\/p>\n\n\n\n<div class=\"wp-block-media-text has-media-on-the-right\" style=\"grid-template-columns:auto 20%\"><div class=\"wp-block-media-text__content\">\n<p><a href=\"https:\/\/lecompagnonrouge.fr\/?p=5097\">Beta vulgaris subsp. vulgaris<\/a><\/p>\n<\/div><figure class=\"wp-block-media-text__media\"><a href=\"https:\/\/lecompagnonrouge.fr\/?p=5097\"><img loading=\"lazy\" decoding=\"async\" width=\"768\" height=\"1024\" src=\"https:\/\/lecompagnonrouge.fr\/wp-content\/uploads\/2023\/12\/IMG_20230520_152003-768x1024.jpg\" alt=\"\" class=\"wp-image-5098 size-full\" srcset=\"https:\/\/lecompagnonrouge.fr\/wp-content\/uploads\/2023\/12\/IMG_20230520_152003-768x1024.jpg 768w, https:\/\/lecompagnonrouge.fr\/wp-content\/uploads\/2023\/12\/IMG_20230520_152003-225x300.jpg 225w, https:\/\/lecompagnonrouge.fr\/wp-content\/uploads\/2023\/12\/IMG_20230520_152003-300x400.jpg 300w, https:\/\/lecompagnonrouge.fr\/wp-content\/uploads\/2023\/12\/IMG_20230520_152003.jpg 850w\" sizes=\"auto, (max-width: 768px) 100vw, 768px\" \/><\/a><\/figure><\/div>\n\n\n\n<p><\/p>\n\n\n\n<p>   <a href=\"https:\/\/lecompagnonrouge.fr\/?p=794\">Bette maritime<\/a><\/p>\n\n\n\n<p><a href=\"https:\/\/lecompagnonrouge.fr\/?p=5097\">Betterave<\/a><\/p>\n\n\n\n<p><a href=\"https:\/\/lecompagnonrouge.fr\/?p=2866\">Ch\u00e9nopode des murs<\/a><\/p>\n\n\n\n<div class=\"wp-block-media-text has-media-on-the-right\" style=\"grid-template-columns:auto 20%\"><div class=\"wp-block-media-text__content\">\n<p><a href=\"https:\/\/lecompagnonrouge.fr\/?p=2866\">Chenopodiastrum murale<\/a><\/p>\n<\/div><figure class=\"wp-block-media-text__media\"><a href=\"https:\/\/lecompagnonrouge.fr\/?p=2866\"><img loading=\"lazy\" decoding=\"async\" width=\"768\" height=\"1024\" src=\"https:\/\/lecompagnonrouge.fr\/wp-content\/uploads\/2022\/10\/Chenopodiastrum-murale-768x1024.jpg\" alt=\"\" class=\"wp-image-2867 size-full\" srcset=\"https:\/\/lecompagnonrouge.fr\/wp-content\/uploads\/2022\/10\/Chenopodiastrum-murale-768x1024.jpg 768w, https:\/\/lecompagnonrouge.fr\/wp-content\/uploads\/2022\/10\/Chenopodiastrum-murale-225x300.jpg 225w, https:\/\/lecompagnonrouge.fr\/wp-content\/uploads\/2022\/10\/Chenopodiastrum-murale-300x400.jpg 300w, https:\/\/lecompagnonrouge.fr\/wp-content\/uploads\/2022\/10\/Chenopodiastrum-murale.jpg 850w\" sizes=\"auto, (max-width: 768px) 100vw, 768px\" \/><\/a><\/figure><\/div>\n\n\n\n<p><\/p>\n\n\n\n<p><a href=\"https:\/\/lecompagnonrouge.fr\/?p=1883\">Kali soda<\/a><\/p>\n\n\n\n<div class=\"wp-block-media-text has-media-on-the-right\" style=\"grid-template-columns:auto 20%\"><div class=\"wp-block-media-text__content\">\n<p><a href=\"https:\/\/lecompagnonrouge.fr\/?p=1883\">Salsola Kali<\/a><\/p>\n<\/div><figure class=\"wp-block-media-text__media\"><a href=\"https:\/\/lecompagnonrouge.fr\/?p=1883\"><img loading=\"lazy\" decoding=\"async\" width=\"768\" height=\"1024\" src=\"https:\/\/lecompagnonrouge.fr\/wp-content\/uploads\/2022\/08\/IMG_20220814_120613-768x1024.jpg\" alt=\"\" class=\"wp-image-1884 size-full\" srcset=\"https:\/\/lecompagnonrouge.fr\/wp-content\/uploads\/2022\/08\/IMG_20220814_120613-768x1024.jpg 768w, https:\/\/lecompagnonrouge.fr\/wp-content\/uploads\/2022\/08\/IMG_20220814_120613-225x300.jpg 225w, https:\/\/lecompagnonrouge.fr\/wp-content\/uploads\/2022\/08\/IMG_20220814_120613-300x400.jpg 300w, https:\/\/lecompagnonrouge.fr\/wp-content\/uploads\/2022\/08\/IMG_20220814_120613.jpg 850w\" sizes=\"auto, (max-width: 768px) 100vw, 768px\" \/><\/a><\/figure><\/div>\n\n\n\n<p><\/p>\n\n\n\n<p><a href=\"https:\/\/lecompagnonrouge.fr\/?p=1883\">Soude br\u00fbl\u00e9e<\/a><\/p>\n\n\n\n<p><strong><a href=\"https:\/\/lecompagnonrouge.fr\/?s=Anacardiaceae\">Anacardiaceae<\/a><\/strong><\/p>\n\n\n\n<p>  <a href=\"https:\/\/lecompagnonrouge.fr\/?p=1754\">Faux poivrier odorant<\/a><\/p>\n\n\n\n<p>  <a href=\"https:\/\/lecompagnonrouge.fr\/?p=1754\">Schinus molle<\/a><\/p>\n\n\n\n<p><strong><a href=\"https:\/\/lecompagnonrouge.fr\/?s=apiaceae\">Apiaceae<\/a><\/strong><\/p>\n\n\n\n<div class=\"wp-block-media-text has-media-on-the-right\" style=\"grid-template-columns:auto 20%\"><div class=\"wp-block-media-text__content\">\n<p><a href=\"https:\/\/lecompagnonrouge.fr\/?p=603\">Aethusa cynapium subsp elata<\/a><\/p>\n<\/div><figure class=\"wp-block-media-text__media\"><a href=\"https:\/\/lecompagnonrouge.fr\/?p=603\"><img loading=\"lazy\" decoding=\"async\" width=\"850\" height=\"544\" src=\"https:\/\/lecompagnonrouge.fr\/wp-content\/uploads\/2022\/04\/ae2.jpg\" alt=\"\" class=\"wp-image-605 size-full\" srcset=\"https:\/\/lecompagnonrouge.fr\/wp-content\/uploads\/2022\/04\/ae2.jpg 850w, https:\/\/lecompagnonrouge.fr\/wp-content\/uploads\/2022\/04\/ae2-300x192.jpg 300w, https:\/\/lecompagnonrouge.fr\/wp-content\/uploads\/2022\/04\/ae2-768x492.jpg 768w\" sizes=\"auto, (max-width: 850px) 100vw, 850px\" \/><\/a><\/figure><\/div>\n\n\n\n<p><\/p>\n\n\n\n<p><a href=\"https:\/\/lecompagnonrouge.fr\/?p=665\">Ammi majus<\/a><\/p>\n\n\n\n<p><a href=\"https:\/\/lecompagnonrouge.fr\/?p=10747\">Aneth<\/a><\/p>\n\n\n\n<div class=\"wp-block-media-text has-media-on-the-right\" style=\"grid-template-columns:auto 20%\"><div class=\"wp-block-media-text__content\">\n<p><a href=\"https:\/\/lecompagnonrouge.fr\/?p=10747\">Anethum graveolens subsp. graveolens<\/a><\/p>\n<\/div><figure class=\"wp-block-media-text__media\"><a href=\"https:\/\/lecompagnonrouge.fr\/?p=10747\"><img loading=\"lazy\" decoding=\"async\" width=\"150\" height=\"148\" src=\"https:\/\/lecompagnonrouge.fr\/wp-content\/uploads\/2025\/08\/miniIMG_3126.jpg\" alt=\"\" class=\"wp-image-10753 size-full\"\/><\/a><\/figure><\/div>\n\n\n\n<p><\/p>\n\n\n\n<p><a href=\"https:\/\/lecompagnonrouge.fr\/?p=1915\">Angelica sylvestris subsp. sylvestris<\/a><\/p>\n\n\n\n<p><a href=\"https:\/\/lecompagnonrouge.fr\/?p=1915\">Ang\u00e9lique des bois<\/a><\/p>\n\n\n\n<p><a href=\"https:\/\/lecompagnonrouge.fr\/?p=624\">Anthriscus sylvestris subsp. sylvestris<\/a><\/p>\n\n\n\n<p><a href=\"https:\/\/lecompagnonrouge.fr\/?p=2778\">Berce de Sib\u00e9rie<\/a><\/p>\n\n\n\n<p><a href=\"https:\/\/lecompagnonrouge.fr\/?p=652\">Carotte sauvage<\/a><\/p>\n\n\n\n<p><a href=\"https:\/\/lecompagnonrouge.fr\/?p=624\">Cerfeuil des bois<\/a><\/p>\n\n\n\n<p><a href=\"https:\/\/lecompagnonrouge.fr\/?p=617\">Cerfeuil des fous<\/a><\/p>\n\n\n\n<p><a href=\"https:\/\/lecompagnonrouge.fr\/?p=617\">Cerfeuil tremblant<\/a><\/p>\n\n\n\n<p> <a href=\"https:\/\/lecompagnonrouge.fr\/?p=617\">Cerfeuil pench\u00e9<\/a><\/p>\n\n\n\n<p><a href=\"https:\/\/lecompagnonrouge.fr\/?p=617\">Chaerophyllum temulum<\/a><\/p>\n\n\n\n<p> <a href=\"https:\/\/lecompagnonrouge.fr\/?p=1239\">Conopode d\u00e9nud\u00e9<\/a><\/p>\n\n\n\n<p> <a href=\"https:\/\/lecompagnonrouge.fr\/?p=1239\">Conopodium majus<\/a> <\/p>\n\n\n\n<p><a href=\"https:\/\/lecompagnonrouge.fr\/?p=1893\">Criste marine<\/a><\/p>\n\n\n\n<p><a href=\"https:\/\/lecompagnonrouge.fr\/?p=1893\">Crithmum maritimum<\/a> (+Chrysoperla carnea)<\/p>\n\n\n\n<p><a href=\"https:\/\/lecompagnonrouge.fr\/?p=652\">Daucus carota subsp carota var carota<\/a><\/p>\n\n\n\n<p><a href=\"https:\/\/lecompagnonrouge.fr\/?p=603\">Ethuse \u00e9lev\u00e9e<\/a><\/p>\n\n\n\n<p><a href=\"https:\/\/lecompagnonrouge.fr\/?p=645\">Fenouil commun<\/a><\/p>\n\n\n\n<p><a href=\"https:\/\/lecompagnonrouge.fr\/?p=645\">Foeniculum vulgare<\/a> (+Episyrphus balteatus)<\/p>\n\n\n\n<p> <a href=\"https:\/\/lecompagnonrouge.fr\/?p=665\">Grand Ammi<\/a><\/p>\n\n\n\n<p> <a href=\"https:\/\/lecompagnonrouge.fr\/?p=698\">Grande Berce<\/a><\/p>\n\n\n\n<p><a href=\"https:\/\/lecompagnonrouge.fr\/?p=2778\">Heracleum sibiricum subsp. sibiricum<\/a> forme latifolium<\/p>\n\n\n\n<p><a href=\"https:\/\/lecompagnonrouge.fr\/?p=698\">Heracleum sphondylium subsp. sphondylium<\/a> forme sphondylium et forme dissectum (+ Voluceria zonaria)<\/p>\n\n\n\n<p> <a href=\"https:\/\/lecompagnonrouge.fr\/?p=637\">Maceron<\/a><\/p>\n\n\n\n<p><a href=\"https:\/\/lecompagnonrouge.fr\/?p=1246\">Oenanthe crocata<\/a><\/p>\n\n\n\n<p><a href=\"https:\/\/lecompagnonrouge.fr\/?p=1246\">Oenanthe safran\u00e9e<\/a><\/p>\n\n\n\n<p> <a href=\"https:\/\/lecompagnonrouge.fr\/?p=726\">Panais br\u00fblant<\/a><\/p>\n\n\n\n<p> <a href=\"https:\/\/lecompagnonrouge.fr\/?p=716\">Panais cultiv\u00e9<\/a><\/p>\n\n\n\n<p><a href=\"https:\/\/lecompagnonrouge.fr\/?p=716\">Pastinaca sativa subsp. sativa<\/a><\/p>\n\n\n\n<p><a href=\"https:\/\/lecompagnonrouge.fr\/?p=726\">Pastinaca sativa subsp. urens<\/a><\/p>\n\n\n\n<p> <a href=\"https:\/\/lecompagnonrouge.fr\/?p=608\">Petit boucage<\/a><\/p>\n\n\n\n<p> <a href=\"https:\/\/lecompagnonrouge.fr\/?p=608\">Pimpinella saxifraga<\/a><\/p>\n\n\n\n<p><a href=\"https:\/\/lecompagnonrouge.fr\/?p=10080\">Sanicle d&rsquo;Europe<\/a><\/p>\n\n\n\n<div class=\"wp-block-media-text has-media-on-the-right\" style=\"grid-template-columns:auto 20%\"><div class=\"wp-block-media-text__content\">\n<p><a href=\"https:\/\/lecompagnonrouge.fr\/?p=10080\">Sanicula europaea<\/a><\/p>\n<\/div><figure class=\"wp-block-media-text__media\"><a href=\"https:\/\/lecompagnonrouge.fr\/?p=10080\"><img loading=\"lazy\" decoding=\"async\" width=\"150\" height=\"153\" src=\"https:\/\/lecompagnonrouge.fr\/wp-content\/uploads\/2025\/06\/miniIMG_2724.jpg\" alt=\"\" class=\"wp-image-10089 size-full\"\/><\/a><\/figure><\/div>\n\n\n\n<p><\/p>\n\n\n\n<p> <a href=\"https:\/\/lecompagnonrouge.fr\/?p=637\">Smyrnium olustratum<\/a><\/p>\n\n\n\n<p> <a href=\"https:\/\/lecompagnonrouge.fr\/?p=681\">Torilis arvensis subsp arvensis<\/a><\/p>\n\n\n\n<p> <a href=\"https:\/\/lecompagnonrouge.fr\/?p=681\">Torilis des champs<\/a><\/p>\n\n\n\n<p><strong><a href=\"https:\/\/lecompagnonrouge.fr\/?s=Apocynaceae\">Apocynaceae<\/a><\/strong><\/p>\n\n\n\n<p><a href=\"https:\/\/lecompagnonrouge.fr\/?p=5695\">Grande pervenche<\/a><\/p>\n\n\n\n<p><a href=\"https:\/\/lecompagnonrouge.fr\/?p=5803\">Petite pervenche<\/a><\/p>\n\n\n\n<p><a href=\"https:\/\/lecompagnonrouge.fr\/?p=5695\">Vinca major<\/a><\/p>\n\n\n\n<p><a href=\"https:\/\/lecompagnonrouge.fr\/?p=5803\">Vinca minor<\/a><\/p>\n\n\n\n<p><strong><a href=\"https:\/\/lecompagnonrouge.fr\/?s=Aquifoliaceae\">Aquifoliaceae<\/a><\/strong><\/p>\n\n\n\n<p><a href=\"https:\/\/lecompagnonrouge.fr\/?p=5815\">Houx<\/a><\/p>\n\n\n\n<p><a href=\"https:\/\/lecompagnonrouge.fr\/?p=5815\">Ilex aquifolium<\/a><\/p>\n\n\n\n<p><strong><a href=\"https:\/\/lecompagnonrouge.fr\/?s=Araliaceae\">Araliaceae<\/a><\/strong><\/p>\n\n\n\n<p>  <a href=\"https:\/\/lecompagnonrouge.fr\/?p=101\">Hedera helix<\/a><\/p>\n\n\n\n<p>  <a href=\"https:\/\/lecompagnonrouge.fr\/?p=101\">Lierre commun<\/a><\/p>\n\n\n\n<p><strong><a href=\"https:\/\/lecompagnonrouge.fr\/?s=asteraceae\">Asteraceae<\/a><\/strong><\/p>\n\n\n\n<p> <a href=\"https:\/\/lecompagnonrouge.fr\/?p=1687\">Absinthe<\/a><\/p>\n\n\n\n<p>  <a href=\"https:\/\/lecompagnonrouge.fr\/?p=1451\">Achillea millefolium<\/a><\/p>\n\n\n\n<div class=\"wp-block-media-text has-media-on-the-right\" style=\"grid-template-columns:auto 20%\"><div class=\"wp-block-media-text__content\">\n<p><a href=\"https:\/\/lecompagnonrouge.fr\/?p=7409\">Anthemis arvensis subsp. arvensis<\/a><\/p>\n<\/div><figure class=\"wp-block-media-text__media\"><img loading=\"lazy\" decoding=\"async\" width=\"150\" height=\"132\" src=\"https:\/\/lecompagnonrouge.fr\/wp-content\/uploads\/2024\/10\/minminiIMG_2085.jpg\" alt=\"\" class=\"wp-image-7482 size-full\"\/><\/figure><\/div>\n\n\n\n<p><a href=\"https:\/\/lecompagnonrouge.fr\/?p=7409\">Anth\u00e9mis des champs<\/a><\/p>\n\n\n\n<p> <a href=\"https:\/\/lecompagnonrouge.fr\/?p=1785\">Arctium minus<\/a><\/p>\n\n\n\n<p><a href=\"https:\/\/lecompagnonrouge.fr\/?p=2397\">Armoise annuelle<\/a><\/p>\n\n\n\n<p><a href=\"https:\/\/lecompagnonrouge.fr\/?p=2397\">Armoise de Chine<\/a><\/p>\n\n\n\n<p><a href=\"https:\/\/lecompagnonrouge.fr\/?p=1813\">Armoise des fr\u00e8res Verlot<\/a><\/p>\n\n\n\n<p>  <a href=\"https:\/\/lecompagnonrouge.fr\/?p=1687\">Artemisia absinthium<\/a><\/p>\n\n\n\n<p><a href=\"https:\/\/lecompagnonrouge.fr\/?p=2397\">Artemisia annua<\/a><\/p>\n\n\n\n<p><a href=\"https:\/\/lecompagnonrouge.fr\/?p=1813\">Artemisia verlotiorum<\/a><\/p>\n\n\n\n<p> <a href=\"https:\/\/lecompagnonrouge.fr\/?p=672\">Artemisia vulgaris<\/a>  + Artemisia herba-alba var. canescens<\/p>\n\n\n\n<p><a href=\"https:\/\/lecompagnonrouge.fr\/?p=2376\">Baccharis halimifolia<\/a><\/p>\n\n\n\n<p> <a href=\"https:\/\/lecompagnonrouge.fr\/?p=1785\">Bardane (petite)<\/a><\/p>\n\n\n\n<p> <a href=\"https:\/\/lecompagnonrouge.fr\/?p=509\">Bellis perennis<\/a><\/p>\n\n\n\n<p><a href=\"https:\/\/lecompagnonrouge.fr\/?p=5313\">Bleuet<\/a><\/p>\n\n\n\n<p><a href=\"https:\/\/lecompagnonrouge.fr\/?p=7123\">Camomille des teinturiers<\/a><\/p>\n\n\n\n<p><a href=\"https:\/\/lecompagnonrouge.fr\/?p=7474\">Camomille (grande)<\/a><\/p>\n\n\n\n<p><a href=\"https:\/\/lecompagnonrouge.fr\/?p=7409\">Camomille mixte<\/a><\/p>\n\n\n\n<p><a href=\"https:\/\/lecompagnonrouge.fr\/?p=3981\">Carduus acanthoides<\/a><\/p>\n\n\n\n<p><a href=\"https:\/\/lecompagnonrouge.fr\/?p=3946\">Carduus crispus subsp. multiflorus<\/a><\/p>\n\n\n\n<p><a href=\"https:\/\/lecompagnonrouge.fr\/?p=887\">Carduus tenuiflorus<\/a><\/p>\n\n\n\n<p><a href=\"https:\/\/lecompagnonrouge.fr\/?p=10166\">Cirse des champs<\/a><\/p>\n\n\n\n<p><a href=\"https:\/\/lecompagnonrouge.fr\/?p=6680\">Cirse vulgaire<\/a><\/p>\n\n\n\n<div class=\"wp-block-media-text has-media-on-the-right\" style=\"grid-template-columns:auto 20%\"><div class=\"wp-block-media-text__content\">\n<p><a href=\"https:\/\/lecompagnonrouge.fr\/?p=10166\">Cirsium arvense<\/a><\/p>\n<\/div><figure class=\"wp-block-media-text__media\"><a href=\"https:\/\/lecompagnonrouge.fr\/?p=10166\"><img loading=\"lazy\" decoding=\"async\" width=\"150\" height=\"173\" src=\"https:\/\/lecompagnonrouge.fr\/wp-content\/uploads\/2025\/06\/miniIMG_2910.jpg\" alt=\"\" class=\"wp-image-10177 size-full\"\/><\/a><\/figure><\/div>\n\n\n\n<p><\/p>\n\n\n\n<div class=\"wp-block-media-text has-media-on-the-right\" style=\"grid-template-columns:auto 20%\"><div class=\"wp-block-media-text__content\">\n<p><a href=\"https:\/\/lecompagnonrouge.fr\/?p=6680\">Cirsium vulgare subsp. vulgare<\/a><\/p>\n<\/div><figure class=\"wp-block-media-text__media\"><a href=\"https:\/\/lecompagnonrouge.fr\/?p=6680\"><img loading=\"lazy\" decoding=\"async\" width=\"150\" height=\"100\" src=\"https:\/\/lecompagnonrouge.fr\/wp-content\/uploads\/2024\/06\/miniIMG_1458-1.jpg\" alt=\"\" class=\"wp-image-6691 size-full\"\/><\/a><\/figure><\/div>\n\n\n\n<p>  <a href=\"https:\/\/lecompagnonrouge.fr\/?p=117\">Centaurea decipiens<\/a><\/p>\n\n\n\n<p>  C<a href=\"https:\/\/lecompagnonrouge.fr\/?p=121\">entaurea jacea subsp jacea<\/a><\/p>\n\n\n\n<p><a href=\"https:\/\/lecompagnonrouge.fr\/?p=2281\">Centaurea jacea subsp. timbalii<\/a><\/p>\n\n\n\n<p>  <a href=\"https:\/\/lecompagnonrouge.fr\/?p=111\">Centaurea nigra<\/a><\/p>\n\n\n\n<p> <a href=\"https:\/\/lecompagnonrouge.fr\/?p=107\"> Centaurea scabiosa<\/a><\/p>\n\n\n\n<p><a href=\"https:\/\/lecompagnonrouge.fr\/?p=2281\">Centaur\u00e9e de Timbal<\/a><\/p>\n\n\n\n<p><a href=\"https:\/\/lecompagnonrouge.fr\/?p=887\">Chardon \u00e0 petites fleurs<\/a><\/p>\n\n\n\n<p><a href=\"https:\/\/lecompagnonrouge.fr\/?p=3981\">Chardon faux acanthe<\/a><\/p>\n\n\n\n<p><a href=\"https:\/\/lecompagnonrouge.fr\/?p=6447\">Chardon Marie<\/a><\/p>\n\n\n\n<p><a href=\"https:\/\/lecompagnonrouge.fr\/?p=3946\">Chardon multiflore<\/a><\/p>\n\n\n\n<p><a href=\"https:\/\/lecompagnonrouge.fr\/?p=11587\">Cin\u00e9raire maritime<\/a><\/p>\n\n\n\n<div class=\"wp-block-media-text has-media-on-the-right\" style=\"grid-template-columns:auto 20%\"><div class=\"wp-block-media-text__content\">\n<p><a href=\"https:\/\/lecompagnonrouge.fr\/?p=7123\">Cota tinctoria<\/a><\/p>\n<\/div><figure class=\"wp-block-media-text__media\"><a href=\"https:\/\/lecompagnonrouge.fr\/?p=7123\"><img loading=\"lazy\" decoding=\"async\" width=\"150\" height=\"158\" src=\"https:\/\/lecompagnonrouge.fr\/wp-content\/uploads\/2024\/09\/miniIMG_20240807_092306-Copie-2.jpg\" alt=\"\" class=\"wp-image-7128 size-full\"\/><\/a><\/figure><\/div>\n\n\n\n<p><a href=\"https:\/\/lecompagnonrouge.fr\/?p=2079\">Cr\u00e9pide \u00e0 feuilles de capselle<\/a><\/p>\n\n\n\n<p><a href=\"https:\/\/lecompagnonrouge.fr\/?p=2523\">Cr\u00e9pide capillaire<\/a><\/p>\n\n\n\n<p><a href=\"https:\/\/lecompagnonrouge.fr\/?p=2079\">Crepis bursifolia<\/a><\/p>\n\n\n\n<p><a href=\"https:\/\/lecompagnonrouge.fr\/?p=2523\">Crepis capillaris<\/a><\/p>\n\n\n\n<p><a href=\"https:\/\/lecompagnonrouge.fr\/?p=5313\">Cyanus segetum<\/a><\/p>\n\n\n\n<p><a href=\"https:\/\/lecompagnonrouge.fr\/?p=6642\">Epervi\u00e8re orang\u00e9e<\/a><\/p>\n\n\n\n<p><a href=\"https:\/\/lecompagnonrouge.fr\/?p=4740\">Erigeron annuel<\/a><\/p>\n\n\n\n<p><a href=\"https:\/\/lecompagnonrouge.fr\/?p=4740\">Erigeron annuus<\/a><\/p>\n\n\n\n<p>  <a href=\"https:\/\/lecompagnonrouge.fr\/?p=1070\">Erigeron karvinskianus<\/a><\/p>\n\n\n\n<p><a href=\"https:\/\/lecompagnonrouge.fr\/?p=2027\">Eupatoire chanvrine<\/a><\/p>\n\n\n\n<p><a href=\"https:\/\/lecompagnonrouge.fr\/?p=2027\">Eupatorium cannabinum subsp. cannabinum<\/a><\/p>\n\n\n\n<p><a href=\"https:\/\/lecompagnonrouge.fr\/?p=1658\">Galinsoga \u00e0 petites fleurs<\/a><\/p>\n\n\n\n<p> <a href=\"https:\/\/lecompagnonrouge.fr\/?p=770\">Galinsoga cili\u00e9<\/a><\/p>\n\n\n\n<p> <a href=\"https:\/\/lecompagnonrouge.fr\/?p=1658\">Galinsoga parviflora<\/a><\/p>\n\n\n\n<p> <a href=\"https:\/\/lecompagnonrouge.fr\/?p=770\">Galinsoga quadriradiata<\/a><\/p>\n\n\n\n<p><a href=\"https:\/\/lecompagnonrouge.fr\/?p=1936\">Gnaphale des marais<\/a><\/p>\n\n\n\n<p><a href=\"https:\/\/lecompagnonrouge.fr\/?p=1936\">Gnaphalium uliginosum<\/a><\/p>\n\n\n\n<p><a href=\"https:\/\/lecompagnonrouge.fr\/?p=7474\">Grande camomille<\/a><\/p>\n\n\n\n<p> <a href=\"https:\/\/lecompagnonrouge.fr\/?p=748\">Helminthotheca echioides<\/a><\/p>\n\n\n\n<p><a href=\"https:\/\/lecompagnonrouge.fr\/?p=1844\">Hypochaeris radicata<\/a><\/p>\n\n\n\n<p><a href=\"https:\/\/lecompagnonrouge.fr\/?p=4363\">Jacobaea aquatica<\/a><\/p>\n\n\n\n<p><a href=\"https:\/\/lecompagnonrouge.fr\/?p=11587\">Jacobaea maritima subsp. maritima<\/a><\/p>\n\n\n\n<p><a href=\"https:\/\/lecompagnonrouge.fr\/?p=4343\">Jacobaea vulgaris<\/a><\/p>\n\n\n\n<p><a href=\"https:\/\/lecompagnonrouge.fr\/?p=1792\">Lactuca muralis<\/a><\/p>\n\n\n\n<p><a href=\"https:\/\/lecompagnonrouge.fr\/?p=6368\">Laiteron mara\u00eecher<\/a><\/p>\n\n\n\n<p><a href=\"https:\/\/lecompagnonrouge.fr\/?p=5091\">Laiteron rude<\/a><\/p>\n\n\n\n<p><a href=\"https:\/\/lecompagnonrouge.fr\/?p=1792\"> Laitue des murailles<\/a><\/p>\n\n\n\n<p><a href=\"https:\/\/lecompagnonrouge.fr\/?p=5304\">Lampsane<\/a><\/p>\n\n\n\n<p><a href=\"https:\/\/lecompagnonrouge.fr\/?p=5304\">Lapsana communis<\/a><\/p>\n\n\n\n<p><a href=\"https:\/\/lecompagnonrouge.fr\/?p=1955\">Leontodon saxatilis subsp. saxatilis<\/a><\/p>\n\n\n\n<p>  <a href=\"https:\/\/lecompagnonrouge.fr\/?p=1570\">Leucanthemum ircutianum<\/a><\/p>\n\n\n\n<div class=\"wp-block-media-text has-media-on-the-right\" style=\"grid-template-columns:auto 20%\"><div class=\"wp-block-media-text__content\">\n<p><a href=\"https:\/\/lecompagnonrouge.fr\/?p=1359\">Leucanthemum vulgare subsp. vulgare<\/a><\/p>\n<\/div><figure class=\"wp-block-media-text__media\"><a href=\"https:\/\/lecompagnonrouge.fr\/?p=1359\"><img loading=\"lazy\" decoding=\"async\" width=\"150\" height=\"155\" src=\"https:\/\/lecompagnonrouge.fr\/wp-content\/uploads\/2024\/11\/miniIMG_20220520_115221-Copie.jpg\" alt=\"\" class=\"wp-image-7741 size-full\"\/><\/a><\/figure><\/div>\n\n\n\n<p><\/p>\n\n\n\n<p> <a href=\"https:\/\/lecompagnonrouge.fr\/?p=1359\">Marguerite commune<\/a>  <\/p>\n\n\n\n<p><a href=\"https:\/\/lecompagnonrouge.fr\/?p=1570\">Marguerite d&rsquo;Irkutsk<\/a><\/p>\n\n\n\n<p><a href=\"https:\/\/lecompagnonrouge.fr\/?p=2135\">Matricaria discoidea<\/a><\/p>\n\n\n\n<p><a href=\"https:\/\/lecompagnonrouge.fr\/?p=1785\">Petite bardane<\/a><\/p>\n\n\n\n<p><a href=\"https:\/\/lecompagnonrouge.fr\/?p=1799\">Picride fausse \u00e9pervi\u00e8re<\/a><\/p>\n\n\n\n<p><a href=\"https:\/\/lecompagnonrouge.fr\/?p=1799\">Picris hieracoides subsp. hieracoides<\/a><\/p>\n\n\n\n<div class=\"wp-block-media-text has-media-on-the-right\" style=\"grid-template-columns:auto 20%\"><div class=\"wp-block-media-text__content\">\n<p><a href=\"https:\/\/lecompagnonrouge.fr\/?p=6642\">Pilosella auriantaca<\/a><\/p>\n<\/div><figure class=\"wp-block-media-text__media\"><a href=\"https:\/\/lecompagnonrouge.fr\/?p=6642\"><img loading=\"lazy\" decoding=\"async\" width=\"150\" height=\"150\" src=\"https:\/\/lecompagnonrouge.fr\/wp-content\/uploads\/2024\/06\/IMG_20240622_170231-1-150x150.jpg\" alt=\"\" class=\"wp-image-6647 size-thumbnail\"\/><\/a><\/figure><\/div>\n\n\n\n<p><\/p>\n\n\n\n<p><\/p>\n\n\n\n<p><a href=\"https:\/\/lecompagnonrouge.fr\/?p=1844\">Porcelle enracin\u00e9e<\/a><\/p>\n\n\n\n<p><a href=\"https:\/\/lecompagnonrouge.fr\/?p=2243\">Pulicaire dysent\u00e9rique<\/a><\/p>\n\n\n\n<p><a href=\"https:\/\/lecompagnonrouge.fr\/?p=2243\">Pulicaria dysenterica<\/a><\/p>\n\n\n\n<p><a href=\"https:\/\/lecompagnonrouge.fr\/?p=1399\">Salsifis des pr\u00e9s<\/a><\/p>\n\n\n\n<p><a href=\"https:\/\/lecompagnonrouge.fr\/?p=10122\">Salsifis douteux<\/a><\/p>\n\n\n\n<p><a href=\"https:\/\/lecompagnonrouge.fr\/?p=5324\">Senecio inaequidens<\/a><\/p>\n\n\n\n<p><a href=\"https:\/\/lecompagnonrouge.fr\/?p=4349\">Senecio squalidus subsp. squalidus<\/a><\/p>\n\n\n\n<p> <a href=\"https:\/\/lecompagnonrouge.fr\/?p=531\">Senecio vulgaris subsp vulgaris<\/a><\/p>\n\n\n\n<p><a href=\"https:\/\/lecompagnonrouge.fr\/?p=4363\">S\u00e9ne\u00e7on aquatique<\/a><\/p>\n\n\n\n<p><a href=\"https:\/\/lecompagnonrouge.fr\/?p=531\">S\u00e9ne\u00e7on commun<\/a><\/p>\n\n\n\n<p><a href=\"https:\/\/lecompagnonrouge.fr\/?p=5324\">S\u00e9ne\u00e7on du Cap<\/a><\/p>\n\n\n\n<p><a href=\"https:\/\/lecompagnonrouge.fr\/?p=2376\">S\u00e9ne\u00e7on en arbre<\/a><\/p>\n\n\n\n<p><a href=\"https:\/\/lecompagnonrouge.fr\/?p=4343\">S\u00e9ne\u00e7on jacob\u00e9e<\/a><\/p>\n\n\n\n<p><a href=\"https:\/\/lecompagnonrouge.fr\/?p=4349\">S\u00e9ne\u00e7on luisant<\/a><\/p>\n\n\n\n<p><a href=\"https:\/\/lecompagnonrouge.fr\/?p=6447\">Silybum marianum<\/a><\/p>\n\n\n\n<p><a href=\"https:\/\/lecompagnonrouge.fr\/?p=4329\">Solidago gigantea<\/a><\/p>\n\n\n\n<p><a href=\"https:\/\/lecompagnonrouge.fr\/?p=6368\">Sonchus oleraceus<\/a><\/p>\n\n\n\n<p><a href=\"https:\/\/lecompagnonrouge.fr\/?p=5091\">Sonchus asper subsp. asper<\/a><\/p>\n\n\n\n<p><a href=\"https:\/\/lecompagnonrouge.fr\/?p=2219\">Tanacetum vulgare<\/a><\/p>\n\n\n\n<div class=\"wp-block-media-text has-media-on-the-right\" style=\"grid-template-columns:auto 20%\"><div class=\"wp-block-media-text__content\">\n<p><a href=\"https:\/\/lecompagnonrouge.fr\/?p=7474\">Tanacetum parthenium<\/a><\/p>\n<\/div><figure class=\"wp-block-media-text__media\"><a href=\"https:\/\/lecompagnonrouge.fr\/?p=7474\"><img loading=\"lazy\" decoding=\"async\" width=\"150\" height=\"149\" src=\"https:\/\/lecompagnonrouge.fr\/wp-content\/uploads\/2024\/10\/miniIMG_20240806_101749.jpg\" alt=\"\" class=\"wp-image-7479 size-full\"\/><\/a><\/figure><\/div>\n\n\n\n<p><a href=\"https:\/\/lecompagnonrouge.fr\/?p=2219\">Tanaisie commune<\/a><\/p>\n\n\n\n<p>  <a href=\"https:\/\/lecompagnonrouge.fr\/?p=525\">Taraxacum sect. hamata<\/a><\/p>\n\n\n\n<p>  <a href=\"https:\/\/lecompagnonrouge.fr\/?p=301\">Taraxacum sect. taraxacum<\/a><\/p>\n\n\n\n<p><a href=\"https:\/\/lecompagnonrouge.fr\/?p=4329\">T\u00eate d&rsquo;or<\/a><\/p>\n\n\n\n<div class=\"wp-block-media-text has-media-on-the-right\" style=\"grid-template-columns:auto 20%\"><div class=\"wp-block-media-text__content\">\n<p><a href=\"https:\/\/lecompagnonrouge.fr\/?p=10122\">Tragopogon dubius<\/a><\/p>\n<\/div><figure class=\"wp-block-media-text__media\"><a href=\"https:\/\/lecompagnonrouge.fr\/?p=10122\"><img loading=\"lazy\" decoding=\"async\" width=\"150\" height=\"180\" src=\"https:\/\/lecompagnonrouge.fr\/wp-content\/uploads\/2025\/06\/miniIMG_2891.jpg\" alt=\"\" class=\"wp-image-10128 size-full\"\/><\/a><\/figure><\/div>\n\n\n\n<p><\/p>\n\n\n\n<p><a href=\"https:\/\/lecompagnonrouge.fr\/?p=1399\">Tragopogon pratensis subsp. pratensis<\/a><\/p>\n\n\n\n<p>  <a href=\"https:\/\/lecompagnonrouge.fr\/?p=168\">Tussilago farfara<\/a><\/p>\n\n\n\n<p><strong><a href=\"https:\/\/lecompagnonrouge.fr\/?s=balsaminaceae\">Balsaminaceae<\/a><\/strong><\/p>\n\n\n\n<p><a href=\"https:\/\/lecompagnonrouge.fr\/?p=4746\">Balsamine de Balfour<\/a><\/p>\n\n\n\n<p><a href=\"https:\/\/lecompagnonrouge.fr\/?p=6572\">Balsamine de l&rsquo;Himalaya<\/a><\/p>\n\n\n\n<p><a href=\"https:\/\/lecompagnonrouge.fr\/?p=4746\">Impatiens balfourii<\/a><\/p>\n\n\n\n<p><a href=\"https:\/\/lecompagnonrouge.fr\/?p=6572\">Impatiens glandulifera<\/a><\/p>\n\n\n\n<p><strong><a href=\"https:\/\/lecompagnonrouge.fr\/?s=betulaceae\">Betulaceae<\/a><\/strong><\/p>\n\n\n\n<div class=\"wp-block-media-text has-media-on-the-right\" style=\"grid-template-columns:auto 20%\"><div class=\"wp-block-media-text__content\">\n<p><a href=\"https:\/\/lecompagnonrouge.fr\/?p=9578\">Alnus gultinosa<\/a><\/p>\n<\/div><figure class=\"wp-block-media-text__media\"><a href=\"https:\/\/lecompagnonrouge.fr\/?p=9578\"><img loading=\"lazy\" decoding=\"async\" width=\"150\" height=\"170\" src=\"https:\/\/lecompagnonrouge.fr\/wp-content\/uploads\/2025\/04\/miniIMG_20240623_165141.jpg\" alt=\"\" class=\"wp-image-9585 size-full\"\/><\/a><\/figure><\/div>\n\n\n\n<p><\/p>\n\n\n\n<p><a href=\"https:\/\/lecompagnonrouge.fr\/?p=9578\">Aulne glutineux<\/a><\/p>\n\n\n\n<p><a href=\"https:\/\/lecompagnonrouge.fr\/?p=5567\">Carpinus betulus<\/a><\/p>\n\n\n\n<p><a href=\"https:\/\/lecompagnonrouge.fr\/?p=5567\">Charme commun<\/a><\/p>\n\n\n\n<div class=\"wp-block-media-text has-media-on-the-right\" style=\"grid-template-columns:auto 20%\"><div class=\"wp-block-media-text__content\">\n<p><a href=\"https:\/\/lecompagnonrouge.fr\/?p=3490\">Corylus avellana<\/a><\/p>\n<\/div><figure class=\"wp-block-media-text__media\"><a href=\"https:\/\/lecompagnonrouge.fr\/?p=3490\"><img loading=\"lazy\" decoding=\"async\" width=\"150\" height=\"151\" src=\"https:\/\/lecompagnonrouge.fr\/wp-content\/uploads\/2024\/09\/miniIMG_20240807_102201-Copie.jpg\" alt=\"\" class=\"wp-image-7000 size-full\"\/><\/a><\/figure><\/div>\n\n\n\n<p><\/p>\n\n\n\n<p><a href=\"https:\/\/lecompagnonrouge.fr\/?p=3490\">Noisetier commun<\/a><\/p>\n\n\n\n<p><a href=\"https:\/\/lecompagnonrouge.fr\/?p=9578\">Vergne<\/a><\/p>\n\n\n\n<p><strong><a href=\"https:\/\/lecompagnonrouge.fr\/?s=boraginaceae\">Boraginaceae<\/a><\/strong><\/p>\n\n\n\n<p><a href=\"https:\/\/lecompagnonrouge.fr\/?p=5331\">Buglosse des champs<\/a><\/p>\n\n\n\n<p><a href=\"https:\/\/lecompagnonrouge.fr\/?p=3785\">Echium vulgare var. vulgare<\/a>  <\/p>\n\n\n\n<p><a href=\"https:\/\/lecompagnonrouge.fr\/?p=5331\">Lycopsis arvensis<\/a><\/p>\n\n\n\n<div class=\"wp-block-media-text has-media-on-the-right\" style=\"grid-template-columns:auto 20%\"><div class=\"wp-block-media-text__content\">\n<p><a href=\"https:\/\/lecompagnonrouge.fr\/?p=6724\">Myosotis arvensis<\/a><\/p>\n<\/div><figure class=\"wp-block-media-text__media\"><a href=\"https:\/\/lecompagnonrouge.fr\/?p=6724\"><img loading=\"lazy\" decoding=\"async\" width=\"150\" height=\"100\" src=\"https:\/\/lecompagnonrouge.fr\/wp-content\/uploads\/2024\/06\/miniIMG_1907.jpg\" alt=\"\" class=\"wp-image-6734 size-full\"\/><\/a><\/figure><\/div>\n\n\n\n<p><a href=\"https:\/\/lecompagnonrouge.fr\/?p=5345\">Myosotis des bois (complexe)<\/a><\/p>\n\n\n\n<p><a href=\"https:\/\/lecompagnonrouge.fr\/?p=6724\">Myosotis des champs<\/a><\/p>\n\n\n\n<p><a href=\"https:\/\/lecompagnonrouge.fr\/?p=5345\">Myosotis sylvatica aggr.<\/a><\/p>\n\n\n\n<p><a href=\"https:\/\/lecompagnonrouge.fr\/?p=808\">Pulmonaria affinis<\/a>  <\/p>\n\n\n\n<p>  <a href=\"https:\/\/lecompagnonrouge.fr\/?p=802\">Pulmonaria longifolia subsp. longifolia<\/a><\/p>\n\n\n\n<p><a href=\"https:\/\/lecompagnonrouge.fr\/?p=3785\">Vip\u00e9rine commune<\/a><\/p>\n\n\n\n<p><strong><a href=\"https:\/\/lecompagnonrouge.fr\/?cat=103\">Brassicaceae<\/a><\/strong><\/p>\n\n\n\n<p>  <a href=\"https:\/\/lecompagnonrouge.fr\/?p=502\">Alliara petiolata<\/a><\/p>\n\n\n\n<p><a href=\"https:\/\/lecompagnonrouge.fr\/?p=2057\">Alysson maritime<\/a><\/p>\n\n\n\n<p><a href=\"https:\/\/lecompagnonrouge.fr\/?p=2057\">Alyssum maritimum<\/a><\/p>\n\n\n\n<p>  <a href=\"https:\/\/lecompagnonrouge.fr\/?p=440\">Arabidopsis thaliana<\/a><\/p>\n\n\n\n<p><a href=\"https:\/\/lecompagnonrouge.fr\/?p=5110\">Barbarea vulgaris var. vulgaris<\/a><\/p>\n\n\n\n<p><a href=\"https:\/\/lecompagnonrouge.fr\/?p=5110\">Barbar\u00e9e commune<\/a><\/p>\n\n\n\n<p><a href=\"https:\/\/lecompagnonrouge.fr\/?p=7727\">Brassica cf. napus (cultig\u00e8ne)<\/a><\/p>\n\n\n\n<p><a href=\"https:\/\/lecompagnonrouge.fr\/?p=1020\">Brassica rapa var. oleifera(cultig\u00e8ne)<\/a><\/p>\n\n\n\n<p><a href=\"https:\/\/lecompagnonrouge.fr\/?p=1877\">Cakile maritima subsp. integrifolia<\/a><\/p>\n\n\n\n<p><a href=\"https:\/\/lecompagnonrouge.fr\/?p=3746\">Capsella bursa-pastoris subsp. bursa-pastoris<\/a><\/p>\n\n\n\n<p><a href=\"https:\/\/lecompagnonrouge.fr\/?p=3742\">Capsella bursa-pastoris subsp. rubella<\/a><\/p>\n\n\n\n<p><a href=\"https:\/\/lecompagnonrouge.fr\/?p=3746\">Capselle bourse-\u00e0-pasteur<\/a><\/p>\n\n\n\n<p><a href=\"https:\/\/lecompagnonrouge.fr\/?p=3742\">Capselle rouge\u00e2tre<\/a><\/p>\n\n\n\n<p><a href=\"https:\/\/lecompagnonrouge.fr\/?p=3907\">Cardamine des bois<\/a><\/p>\n\n\n\n<p><a href=\"https:\/\/lecompagnonrouge.fr\/?p=1319\">Cardamine des pr\u00e9s<\/a><\/p>\n\n\n\n<p><a href=\"https:\/\/lecompagnonrouge.fr\/?p=3907\">Cardamine flexuosa<\/a><\/p>\n\n\n\n<p><a href=\"https:\/\/lecompagnonrouge.fr\/?p=3904\">Cardamine hirsuta<\/a><\/p>\n\n\n\n<p><a href=\"https:\/\/lecompagnonrouge.fr\/?p=3904\">Cardamine hirsute<\/a><\/p>\n\n\n\n<p>  <a href=\"https:\/\/lecompagnonrouge.fr\/?p=1319\">Cardamine pratensis<\/a><\/p>\n\n\n\n<p><a href=\"https:\/\/lecompagnonrouge.fr\/?p=5161\">Diplotaxe \u00e0 feuilles t\u00e9nue<\/a><\/p>\n\n\n\n<p><a href=\"https:\/\/lecompagnonrouge.fr\/?p=5161\">Diplotaxis tenuifolia<\/a><\/p>\n\n\n\n<p><a href=\"https:\/\/lecompagnonrouge.fr\/?p=3850\">Draba muralis<\/a><\/p>\n\n\n\n<p><a href=\"https:\/\/lecompagnonrouge.fr\/?p=5390\">Draba verna<\/a><\/p>\n\n\n\n<p><a href=\"https:\/\/lecompagnonrouge.fr\/?p=3850\">Drave des murailles<\/a><\/p>\n\n\n\n<p><a href=\"https:\/\/lecompagnonrouge.fr\/?p=5390\">Drave printani\u00e8re<\/a><\/p>\n\n\n\n<p>  <a href=\"https:\/\/lecompagnonrouge.fr\/?p=781\">Lepidium draba<\/a><\/p>\n\n\n\n<p>  <a href=\"https:\/\/lecompagnonrouge.fr\/?p=1219\">Lepidium graminifolium<\/a><\/p>\n\n\n\n<p><a href=\"https:\/\/lecompagnonrouge.fr\/?p=2057\">Lobularia maritima<\/a><\/p>\n\n\n\n<p><a href=\"https:\/\/lecompagnonrouge.fr\/?p=5119\">Moutarde des champs<\/a><\/p>\n\n\n\n<p><a href=\"https:\/\/lecompagnonrouge.fr\/?p=1877\">Roquette de mer<\/a><\/p>\n\n\n\n<p><a href=\"https:\/\/lecompagnonrouge.fr\/?p=5119\">Sinapis arvensis<\/a><\/p>\n\n\n\n<p><a href=\"https:\/\/lecompagnonrouge.fr\/?p=6031\">Sisymbre de Loesel<\/a><\/p>\n\n\n\n<p><a href=\"https:\/\/lecompagnonrouge.fr\/?p=6065\">Sisymbre irio<\/a><\/p>\n\n\n\n<p><a href=\"https:\/\/lecompagnonrouge.fr\/?p=5142\">Sisymbre officinal<\/a><\/p>\n\n\n\n<p><a href=\"https:\/\/lecompagnonrouge.fr\/?p=6065\">Sisymbrium irio<\/a><\/p>\n\n\n\n<p><a href=\"https:\/\/lecompagnonrouge.fr\/?p=6031\">Sisymbrium loeselii<\/a><\/p>\n\n\n\n<p><a href=\"https:\/\/lecompagnonrouge.fr\/?p=5142\">Sisymbrium officinale<\/a><\/p>\n\n\n\n<p><a href=\"https:\/\/lecompagnonrouge.fr\/?p=6065\">V\u00e9laret<\/a><\/p>\n\n\n\n<p><a href=\"https:\/\/lecompagnonrouge.fr\/?s=Campanulaceae\"><strong>Campanulaceae<\/strong><\/a><\/p>\n\n\n\n<div class=\"wp-block-media-text has-media-on-the-right\" style=\"grid-template-columns:auto 20%\"><div class=\"wp-block-media-text__content\">\n<p><a href=\"https:\/\/lecompagnonrouge.fr\/?p=6793\">Campanula patula<\/a><\/p>\n<\/div><figure class=\"wp-block-media-text__media\"><img loading=\"lazy\" decoding=\"async\" width=\"150\" height=\"112\" src=\"https:\/\/lecompagnonrouge.fr\/wp-content\/uploads\/2024\/07\/miniIMG_1838.jpg\" alt=\"\" class=\"wp-image-6807 size-full\"\/><\/figure><\/div>\n\n\n\n<p><a href=\"https:\/\/lecompagnonrouge.fr\/?p=2696\">Campanula portenschlagiana<\/a><\/p>\n\n\n\n<p><a href=\"https:\/\/lecompagnonrouge.fr\/?p=2696\">Campanule des murs<\/a><\/p>\n\n\n\n<p><a href=\"https:\/\/lecompagnonrouge.fr\/?p=6793\">Campanule \u00e9tal\u00e9e<\/a><\/p>\n\n\n\n<div class=\"wp-block-media-text has-media-on-the-right\" style=\"grid-template-columns:auto 20%\"><div class=\"wp-block-media-text__content\">\n<p><a href=\"https:\/\/lecompagnonrouge.fr\/?p=10461\">Jasione laevis<\/a><\/p>\n<\/div><figure class=\"wp-block-media-text__media\"><a href=\"https:\/\/lecompagnonrouge.fr\/?p=10461\"><img loading=\"lazy\" decoding=\"async\" width=\"150\" height=\"144\" src=\"https:\/\/lecompagnonrouge.fr\/wp-content\/uploads\/2025\/07\/miniIMG_2945.jpg\" alt=\"\" class=\"wp-image-10474 size-full\"\/><\/a><\/figure><\/div>\n\n\n\n<p><\/p>\n\n\n\n<p><a href=\"https:\/\/lecompagnonrouge.fr\/?p=10461\">Jasione lisse<\/a><\/p>\n\n\n\n<p><strong><a href=\"https:\/\/lecompagnonrouge.fr\/?s=Cannabaceae\">Cannabaceae<\/a><\/strong><\/p>\n\n\n\n<p><a href=\"https:\/\/lecompagnonrouge.fr\/?p=2091\">Houblon<\/a><\/p>\n\n\n\n<p><a href=\"https:\/\/lecompagnonrouge.fr\/?p=2091\">Humulus lupulus<\/a><\/p>\n\n\n\n<p><strong><a href=\"https:\/\/lecompagnonrouge.fr\/?s=caprifoliaceae\">Caprifoliaceae<\/a><\/strong><\/p>\n\n\n\n<p><a href=\"https:\/\/lecompagnonrouge.fr\/?p=4315\">Card\u00e8re sauvage<\/a><\/p>\n\n\n\n<p><a href=\"https:\/\/lecompagnonrouge.fr\/?p=4158\">Ch\u00e8vrefeuille des bois<\/a><\/p>\n\n\n\n<p><a href=\"https:\/\/lecompagnonrouge.fr\/?p=4315\">Dipsacus fullonum<\/a> + Dipsacus sativus<\/p>\n\n\n\n<p><a href=\"https:\/\/lecompagnonrouge.fr\/?p=2815\">Knautia arvensis<\/a><\/p>\n\n\n\n<p><a href=\"https:\/\/lecompagnonrouge.fr\/?p=2790\">Knautia arvernensis<\/a><\/p>\n\n\n\n<p><a href=\"https:\/\/lecompagnonrouge.fr\/?p=5153\">Knautia dipsacifolia<\/a><\/p>\n\n\n\n<p><a href=\"https:\/\/lecompagnonrouge.fr\/?p=5153\">Knautie \u00e0 feuilles de Card\u00e8re<\/a><\/p>\n\n\n\n<p><a href=\"https:\/\/lecompagnonrouge.fr\/?p=2790\">Knautie d&rsquo;Auvergne<\/a><\/p>\n\n\n\n<p><a href=\"https:\/\/lecompagnonrouge.fr\/?p=2815\">Knautie des champs<\/a><\/p>\n\n\n\n<p><a href=\"https:\/\/lecompagnonrouge.fr\/?p=4158\">Lonicera periclymenum<\/a><\/p>\n\n\n\n<div class=\"wp-block-media-text has-media-on-the-right\" style=\"grid-template-columns:auto 20%\"><div class=\"wp-block-media-text__content\">\n<p><a href=\"https:\/\/lecompagnonrouge.fr\/?p=10336\">Valeriana officinalis subsp. officinalis<\/a><\/p>\n<\/div><figure class=\"wp-block-media-text__media\"><a href=\"https:\/\/lecompagnonrouge.fr\/?p=10336\"><img loading=\"lazy\" decoding=\"async\" width=\"150\" height=\"171\" src=\"https:\/\/lecompagnonrouge.fr\/wp-content\/uploads\/2025\/07\/miniIMG_20250626_180313.jpg\" alt=\"\" class=\"wp-image-10343 size-full\"\/><\/a><\/figure><\/div>\n\n\n\n<p><\/p>\n\n\n\n<p><a href=\"https:\/\/lecompagnonrouge.fr\/?p=10336\">Val\u00e9riane officinale<\/a><\/p>\n\n\n\n<p><a href=\"https:\/\/lecompagnonrouge.fr\/?p=932\">Valerianella locusta f. carinata<\/a><\/p>\n\n\n\n<p><strong><a href=\"https:\/\/lecompagnonrouge.fr\/?s=caryophyllaceae\">Caryophyllaceae<\/a><\/strong><\/p>\n\n\n\n<p><\/p>\n\n\n\n<div class=\"wp-block-media-text has-media-on-the-right\" style=\"grid-template-columns:auto 20%\"><div class=\"wp-block-media-text__content\">\n<p><a href=\"https:\/\/lecompagnonrouge.fr\/?p=6631\">Agrostemma githago<\/a><\/p>\n<\/div><figure class=\"wp-block-media-text__media\"><a href=\"https:\/\/lecompagnonrouge.fr\/?p=6631\"><img loading=\"lazy\" decoding=\"async\" width=\"850\" height=\"1133\" src=\"https:\/\/lecompagnonrouge.fr\/wp-content\/uploads\/2024\/06\/IMG_20240612_174317-3.jpg\" alt=\"\" class=\"wp-image-6655 size-full\" srcset=\"https:\/\/lecompagnonrouge.fr\/wp-content\/uploads\/2024\/06\/IMG_20240612_174317-3.jpg 850w, https:\/\/lecompagnonrouge.fr\/wp-content\/uploads\/2024\/06\/IMG_20240612_174317-3-225x300.jpg 225w, https:\/\/lecompagnonrouge.fr\/wp-content\/uploads\/2024\/06\/IMG_20240612_174317-3-768x1024.jpg 768w, https:\/\/lecompagnonrouge.fr\/wp-content\/uploads\/2024\/06\/IMG_20240612_174317-3-300x400.jpg 300w\" sizes=\"auto, (max-width: 850px) 100vw, 850px\" \/><\/a><\/figure><\/div>\n\n\n\n<p>  <a href=\"https:\/\/lecompagnonrouge.fr\/?p=404\">C\u00e9raiste \u00e0 cinq \u00e9tamines<\/a><\/p>\n\n\n\n<p>  <a href=\"https:\/\/lecompagnonrouge.fr\/?p=388\">C\u00e9raiste agglom\u00e9r\u00e9<\/a><\/p>\n\n\n\n<p>  <a href=\"https:\/\/lecompagnonrouge.fr\/?p=1638\">C\u00e9raiste commun<\/a><\/p>\n\n\n\n<p><a href=\"https:\/\/lecompagnonrouge.fr\/?p=1638\">Cerastium fontanum subsp. vulgare<\/a><\/p>\n\n\n\n<p>  <a href=\"https:\/\/lecompagnonrouge.fr\/?p=388\">Cerastium glomeratum<\/a><\/p>\n\n\n\n<p> <a href=\"https:\/\/lecompagnonrouge.fr\/?p=404\"> Cerastium semidecandrum<\/a><\/p>\n\n\n\n<p><a href=\"https:\/\/lecompagnonrouge.fr\/?p=5490\">Compagnon blanc<\/a><\/p>\n\n\n\n<p>  <a href=\"https:\/\/lecompagnonrouge.fr\/?p=1632\">Compagnon rouge<\/a><\/p>\n\n\n\n<p><a href=\"https:\/\/lecompagnonrouge.fr\/?p=8999\">Fleur de Coucou<\/a><\/p>\n\n\n\n<div class=\"wp-block-media-text has-media-on-the-right\" style=\"grid-template-columns:auto 20%\"><div class=\"wp-block-media-text__content\">\n<p><a href=\"https:\/\/lecompagnonrouge.fr\/?p=8999\">Lychnis flos-cuculi<\/a><\/p>\n<\/div><figure class=\"wp-block-media-text__media\"><a href=\"https:\/\/lecompagnonrouge.fr\/?p=8999\"><img loading=\"lazy\" decoding=\"async\" width=\"150\" height=\"150\" src=\"https:\/\/lecompagnonrouge.fr\/wp-content\/uploads\/2025\/02\/miniIMG_1833.jpg\" alt=\"\" class=\"wp-image-9006 size-full\"\/><\/a><\/figure><\/div>\n\n\n\n<p><\/p>\n\n\n\n<p><\/p>\n\n\n\n<p><a href=\"https:\/\/lecompagnonrouge.fr\/?p=1651\">Mouron des oiseaux<\/a><\/p>\n\n\n\n<p><a href=\"https:\/\/lecompagnonrouge.fr\/?p=6631\">Nielle des bl\u00e9s<\/a><\/p>\n\n\n\n<p>  <a href=\"https:\/\/lecompagnonrouge.fr\/?p=413\">Polycarpe \u00e0 quatre feuilles<\/a><\/p>\n\n\n\n<p>  <a href=\"https:\/\/lecompagnonrouge.fr\/?p=413\">Polycarpon tetraphyllum subsp tetraphyllum<\/a><\/p>\n\n\n\n<div class=\"wp-block-media-text has-media-on-the-right\" style=\"grid-template-columns:auto 20%\"><div class=\"wp-block-media-text__content\">\n<p><a href=\"https:\/\/lecompagnonrouge.fr\/?p=9153\">Sagina procumbens<\/a><\/p>\n<\/div><figure class=\"wp-block-media-text__media\"><a href=\"https:\/\/lecompagnonrouge.fr\/?p=9153\"><img loading=\"lazy\" decoding=\"async\" width=\"150\" height=\"147\" src=\"https:\/\/lecompagnonrouge.fr\/wp-content\/uploads\/2025\/03\/miniIMG_1995.jpg\" alt=\"\" class=\"wp-image-9162 size-full\"\/><\/a><\/figure><\/div>\n\n\n\n<p><\/p>\n\n\n\n<p><\/p>\n\n\n\n<p><a href=\"https:\/\/lecompagnonrouge.fr\/?p=9153\">Sagine rampante<\/a><\/p>\n\n\n\n<p><a href=\"https:\/\/lecompagnonrouge.fr\/?p=4305\">Saponaria officinalis<\/a> + Mycrobotryum sp.<\/p>\n\n\n\n<p>  <a href=\"https:\/\/lecompagnonrouge.fr\/?p=1632\">Silene dioica<\/a><\/p>\n\n\n\n<p>  <a href=\"https:\/\/lecompagnonrouge.fr\/?p=969\">Sil\u00e8ne enfl\u00e9<\/a><\/p>\n\n\n\n<div class=\"wp-block-media-text has-media-on-the-right\" style=\"grid-template-columns:auto 20%\"><div class=\"wp-block-media-text__content\">\n<p><a href=\"https:\/\/lecompagnonrouge.fr\/?p=8999\">Silene flos-cuculi<\/a><\/p>\n<\/div><figure class=\"wp-block-media-text__media\"><a href=\"https:\/\/lecompagnonrouge.fr\/?p=8999\"><img loading=\"lazy\" decoding=\"async\" width=\"150\" height=\"150\" src=\"https:\/\/lecompagnonrouge.fr\/wp-content\/uploads\/2025\/02\/miniIMG_1833-1.jpg\" alt=\"\" class=\"wp-image-9007 size-full\"\/><\/a><\/figure><\/div>\n\n\n\n<p><\/p>\n\n\n\n<p><\/p>\n\n\n\n<p><a href=\"https:\/\/lecompagnonrouge.fr\/?p=5490\">Silene latifolia<\/a><\/p>\n\n\n\n<div class=\"wp-block-media-text has-media-on-the-right\" style=\"grid-template-columns:auto 20%\"><div class=\"wp-block-media-text__content\">\n<p><a href=\"https:\/\/lecompagnonrouge.fr\/?p=7394\">Silene nutans subsp. nutans<\/a><\/p>\n<\/div><figure class=\"wp-block-media-text__media\"><a href=\"https:\/\/lecompagnonrouge.fr\/?p=7394\"><img loading=\"lazy\" decoding=\"async\" width=\"150\" height=\"150\" src=\"https:\/\/lecompagnonrouge.fr\/wp-content\/uploads\/2024\/10\/miniIMG_1823.jpg\" alt=\"\" class=\"wp-image-7406 size-full\"\/><\/a><\/figure><\/div>\n\n\n\n<p><a href=\"https:\/\/lecompagnonrouge.fr\/?p=7394\">Sil\u00e8ne pench\u00e9<\/a><\/p>\n\n\n\n<p>  <a href=\"https:\/\/lecompagnonrouge.fr\/?p=969\">Silene vulgaris subsp. vulgaris<\/a><\/p>\n\n\n\n<p><a href=\"https:\/\/lecompagnonrouge.fr\/?p=9947\">Stellaire gramin\u00e9e<\/a><\/p>\n\n\n\n<p><a href=\"https:\/\/lecompagnonrouge.fr\/?p=3329\">Stellaire holost\u00e9e<\/a><\/p>\n\n\n\n<div class=\"wp-block-media-text has-media-on-the-right\" style=\"grid-template-columns:auto 20%\"><div class=\"wp-block-media-text__content\">\n<p><a href=\"https:\/\/lecompagnonrouge.fr\/?p=9947\">Stellaria graminea<\/a><\/p>\n<\/div><figure class=\"wp-block-media-text__media\"><a href=\"https:\/\/lecompagnonrouge.fr\/?p=9947\"><img loading=\"lazy\" decoding=\"async\" width=\"150\" height=\"151\" src=\"https:\/\/lecompagnonrouge.fr\/wp-content\/uploads\/2025\/06\/miniIMG_2807.jpg\" alt=\"\" class=\"wp-image-9958 size-full\"\/><\/a><\/figure><\/div>\n\n\n\n<p><\/p>\n\n\n\n<p><a href=\"https:\/\/lecompagnonrouge.fr\/?p=3329\">Stellaria holostea<\/a><\/p>\n\n\n\n<p>  <a href=\"https:\/\/lecompagnonrouge.fr\/?p=1651\">Stellaria media<\/a><\/p>\n\n\n\n<p><strong><a href=\"https:\/\/lecompagnonrouge.fr\/?s=Celastraceae\">Celastraceae<\/a><\/strong><\/p>\n\n\n\n<p><a href=\"https:\/\/lecompagnonrouge.fr\/?p=3814\">Euonymus europaeus<\/a><\/p>\n\n\n\n<p><a href=\"https:\/\/lecompagnonrouge.fr\/?p=3814\">Fusain d&rsquo;Europe<\/a><\/p>\n\n\n\n<p><strong><a href=\"https:\/\/lecompagnonrouge.fr\/?s=Ceratophyllaceae\">Ceratophyllaceae<\/a><\/strong><\/p>\n\n\n\n<p><a href=\"https:\/\/lecompagnonrouge.fr\/?p=2252\">Ceratophyllum demersum<\/a><\/p>\n\n\n\n<p><a href=\"https:\/\/lecompagnonrouge.fr\/?p=2252\">Cornifle immerg\u00e9<\/a><\/p>\n\n\n\n<p><strong><a href=\"https:\/\/lecompagnonrouge.fr\/?s=Convolvulaceae\">Convolvulaceae<\/a><\/strong><\/p>\n\n\n\n<p><a href=\"https:\/\/lecompagnonrouge.fr\/?p=10191\">Convolvulus arvensis<\/a><\/p>\n\n\n\n<p><a href=\"https:\/\/lecompagnonrouge.fr\/?p=1926\">Convolvulus sepium<\/a><\/p>\n\n\n\n<p><a href=\"https:\/\/lecompagnonrouge.fr\/?p=1856\">Convolvulus soldanella<\/a><\/p>\n\n\n\n<p><a href=\"https:\/\/lecompagnonrouge.fr\/?p=1856\">Liseron des dunes<\/a><\/p>\n\n\n\n<p><a href=\"https:\/\/lecompagnonrouge.fr\/?p=10191\">Liseron des champs<\/a><\/p>\n\n\n\n<p><a href=\"https:\/\/lecompagnonrouge.fr\/?p=1926\">Liseron des haies<\/a><\/p>\n\n\n\n<p><strong><a href=\"https:\/\/lecompagnonrouge.fr\/?s=Cornaceae\">Cornaceae<\/a><\/strong><\/p>\n\n\n\n<p><a href=\"https:\/\/lecompagnonrouge.fr\/?p=2460\">Cornus sanguinea subsp. sanguinea<\/a> (+ Calopterix virgo)<\/p>\n\n\n\n<p><a href=\"https:\/\/lecompagnonrouge.fr\/?s=crassulaceae\"><strong>Crassulaceae<\/strong><\/a><\/p>\n\n\n\n<p><a href=\"https:\/\/lecompagnonrouge.fr\/?p=3827\">Herbe \u00e0 la coupure<\/a><\/p>\n\n\n\n<div class=\"wp-block-media-text has-media-on-the-right\" style=\"grid-template-columns:auto 20%\"><div class=\"wp-block-media-text__content\">\n<p><a href=\"https:\/\/lecompagnonrouge.fr\/?p=3827\">Hylotelephium telephium<\/a><\/p>\n<\/div><figure class=\"wp-block-media-text__media\"><a href=\"https:\/\/lecompagnonrouge.fr\/?p=3827\"><img loading=\"lazy\" decoding=\"async\" width=\"150\" height=\"200\" src=\"https:\/\/lecompagnonrouge.fr\/wp-content\/uploads\/2024\/09\/miniIMG_20240805_172607-Copie.jpg\" alt=\"\" class=\"wp-image-7007 size-full\"\/><\/a><\/figure><\/div>\n\n\n\n<p><\/p>\n\n\n\n<p><a href=\"https:\/\/lecompagnonrouge.fr\/?p=4133\">Orpin \u00e2cre<\/a><\/p>\n\n\n\n<p><a href=\"https:\/\/lecompagnonrouge.fr\/?p=5011\">Orpin blanc<\/a><\/p>\n\n\n\n<p><a href=\"https:\/\/lecompagnonrouge.fr\/?p=9118\">Orpin de Forster<\/a><\/p>\n\n\n\n<p><a href=\"https:\/\/lecompagnonrouge.fr\/?p=3827\">Orpin reprise<\/a><\/p>\n\n\n\n<div class=\"wp-block-media-text has-media-on-the-right\" style=\"grid-template-columns:auto 20%\"><div class=\"wp-block-media-text__content\">\n<p><a href=\"https:\/\/lecompagnonrouge.fr\/?p=9118\">Petrosedum forsterianum<\/a><\/p>\n<\/div><figure class=\"wp-block-media-text__media\"><a href=\"https:\/\/lecompagnonrouge.fr\/?p=9118\"><img loading=\"lazy\" decoding=\"async\" width=\"150\" height=\"174\" src=\"https:\/\/lecompagnonrouge.fr\/wp-content\/uploads\/2025\/03\/miniIMG_1911.jpg\" alt=\"\" class=\"wp-image-9128 size-full\"\/><\/a><\/figure><\/div>\n\n\n\n<p><\/p>\n\n\n\n<p><\/p>\n\n\n\n<p><a href=\"https:\/\/lecompagnonrouge.fr\/?p=4133\">Sedum acre<\/a><\/p>\n\n\n\n<p><a href=\"https:\/\/lecompagnonrouge.fr\/?p=5011\">Sedum album<\/a><\/p>\n\n\n\n<div class=\"wp-block-media-text has-media-on-the-right\" style=\"grid-template-columns:auto 20%\"><div class=\"wp-block-media-text__content\">\n<p><a href=\"https:\/\/lecompagnonrouge.fr\/?p=9118\">Sedum forsterianum<\/a><\/p>\n<\/div><figure class=\"wp-block-media-text__media\"><a href=\"https:\/\/lecompagnonrouge.fr\/?p=9118\"><img loading=\"lazy\" decoding=\"async\" width=\"150\" height=\"174\" src=\"https:\/\/lecompagnonrouge.fr\/wp-content\/uploads\/2025\/03\/miniIMG_1911.jpg\" alt=\"\" class=\"wp-image-9128 size-full\"\/><\/a><\/figure><\/div>\n\n\n\n<p><\/p>\n\n\n\n<p><\/p>\n\n\n\n<p><strong><a href=\"https:\/\/lecompagnonrouge.fr\/?s=cucurbitaceae\">Cucurbitaceae<\/a><\/strong><\/p>\n\n\n\n<p><a href=\"https:\/\/lecompagnonrouge.fr\/?p=1763\">Bryonia dioica<\/a><\/p>\n\n\n\n<p><a href=\"https:\/\/lecompagnonrouge.fr\/?p=1763\">Bryonia cretica subsp. dioica (Jacq.)<\/a><\/p>\n\n\n\n<p><a href=\"https:\/\/lecompagnonrouge.fr\/?p=1763\">Bryone dioique<\/a><\/p>\n\n\n\n<p><\/p>\n\n\n\n<p><strong><a href=\"https:\/\/lecompagnonrouge.fr\/?s=ericaceae\">Ericaceae<\/a><\/strong><\/p>\n\n\n\n<p><a href=\"https:\/\/lecompagnonrouge.fr\/?p=10492\">Bruy\u00e8re cendr\u00e9e<\/a><\/p>\n\n\n\n<div class=\"wp-block-media-text has-media-on-the-right\" style=\"grid-template-columns:auto 20%\"><div class=\"wp-block-media-text__content\">\n<p><a href=\"https:\/\/lecompagnonrouge.fr\/?p=10492\">Erica cinerea<\/a><\/p>\n<\/div><figure class=\"wp-block-media-text__media\"><a href=\"https:\/\/lecompagnonrouge.fr\/?p=10492\"><img loading=\"lazy\" decoding=\"async\" width=\"150\" height=\"159\" src=\"https:\/\/lecompagnonrouge.fr\/wp-content\/uploads\/2025\/07\/miniIMG_3043.jpg\" alt=\"\" class=\"wp-image-10502 size-full\"\/><\/a><\/figure><\/div>\n\n\n\n<p><\/p>\n\n\n\n<p><\/p>\n\n\n\n<p><strong><a href=\"https:\/\/lecompagnonrouge.fr\/?s=Euphorbiaceae\">Euphorbiaceae<\/a><\/strong><\/p>\n\n\n\n<p><a href=\"https:\/\/lecompagnonrouge.fr\/?p=2111\">Epurge<\/a><\/p>\n\n\n\n<p><a href=\"https:\/\/lecompagnonrouge.fr\/?p=581\">Euphorbe des bois<\/a><\/p>\n\n\n\n<p><a href=\"https:\/\/lecompagnonrouge.fr\/?p=3436\">Euphorbe des jardins<\/a><\/p>\n\n\n\n<p><a href=\"https:\/\/lecompagnonrouge.fr\/?p=1867\">Euphorbe maritime<\/a><\/p>\n\n\n\n<p><a href=\"https:\/\/lecompagnonrouge.fr\/?p=9273\">Euphorbe r\u00e9veil matin<\/a><\/p>\n\n\n\n<p><a href=\"https:\/\/lecompagnonrouge.fr\/?p=581\">Euphorbia amygdaloides subsp. amygdaloides<\/a><\/p>\n\n\n\n<div class=\"wp-block-media-text has-media-on-the-right\" style=\"grid-template-columns:auto 20%\"><div class=\"wp-block-media-text__content\">\n<p><a href=\"https:\/\/lecompagnonrouge.fr\/?p=9273\">Euphorbia helioscopia<\/a><\/p>\n<\/div><figure class=\"wp-block-media-text__media\"><a href=\"https:\/\/lecompagnonrouge.fr\/?p=9273\"><img loading=\"lazy\" decoding=\"async\" width=\"150\" height=\"160\" src=\"https:\/\/lecompagnonrouge.fr\/wp-content\/uploads\/2025\/04\/miniIMG_2418.jpg\" alt=\"\" class=\"wp-image-9551 size-full\"\/><\/a><\/figure><\/div>\n\n\n\n<p><\/p>\n\n\n\n<p><\/p>\n\n\n\n<p><a href=\"https:\/\/lecompagnonrouge.fr\/?p=2111\">Euphorbia lathyris<\/a><\/p>\n\n\n\n<p> <a href=\"https:\/\/lecompagnonrouge.fr\/?p=1867\">Euphorbia paralias<\/a><\/p>\n\n\n\n<p><a href=\"https:\/\/lecompagnonrouge.fr\/?p=3436\">Euphorbia peplus<\/a><\/p>\n\n\n\n<p><a href=\"https:\/\/lecompagnonrouge.fr\/?p=2111\">Herbe \u00e0 taupe<\/a><\/p>\n\n\n\n<p><a href=\"https:\/\/lecompagnonrouge.fr\/?p=4017\">Mercuriale annuelle<\/a><\/p>\n\n\n\n<p><a href=\"https:\/\/lecompagnonrouge.fr\/?p=4020\">Mercuriale p\u00e9renne<\/a><\/p>\n\n\n\n<p><a href=\"https:\/\/lecompagnonrouge.fr\/?p=4017\">Mercurialis annua<\/a><\/p>\n\n\n\n<p><a href=\"https:\/\/lecompagnonrouge.fr\/?p=4020\">Mercurialis perennis<\/a><\/p>\n\n\n\n<p><\/p>\n\n\n\n<p><a href=\"https:\/\/lecompagnonrouge.fr\/?s=Fabaceae\"><strong>Fabacae<\/strong><\/a><\/p>\n\n\n\n<p><a href=\"https:\/\/lecompagnonrouge.fr\/?p=9886\">Anthyllis vuln\u00e9raire \u00e0 plusieurs feuilles<\/a><\/p>\n\n\n\n<div class=\"wp-block-media-text has-media-on-the-right\" style=\"grid-template-columns:auto 20%\"><div class=\"wp-block-media-text__content\">\n<p><a href=\"https:\/\/lecompagnonrouge.fr\/?p=9886\">Anthyllis vulneraria cf. polyphylla<\/a><\/p>\n<\/div><figure class=\"wp-block-media-text__media\"><a href=\"https:\/\/lecompagnonrouge.fr\/?p=9886\"><img loading=\"lazy\" decoding=\"async\" width=\"150\" height=\"154\" src=\"https:\/\/lecompagnonrouge.fr\/wp-content\/uploads\/2025\/05\/miniIMG_2653.jpg\" alt=\"\" class=\"wp-image-9893 size-full\"\/><\/a><\/figure><\/div>\n\n\n\n<p><\/p>\n\n\n\n<p><\/p>\n\n\n\n<p><a href=\"https:\/\/lecompagnonrouge.fr\/?p=3471\">Coronilla varia<\/a><\/p>\n\n\n\n<p><a href=\"https:\/\/lecompagnonrouge.fr\/?p=3471\">Coronille changeante<\/a><\/p>\n\n\n\n<div class=\"wp-block-media-text has-media-on-the-right\" style=\"grid-template-columns:auto 20%\"><div class=\"wp-block-media-text__content\">\n<p><a href=\"https:\/\/lecompagnonrouge.fr\/?p=9967\">Cytisus scoparius subsp. scoparius<\/a><\/p>\n<\/div><figure class=\"wp-block-media-text__media\"><a href=\"https:\/\/lecompagnonrouge.fr\/?p=9967\"><img loading=\"lazy\" decoding=\"async\" width=\"150\" height=\"144\" src=\"https:\/\/lecompagnonrouge.fr\/wp-content\/uploads\/2025\/06\/miniIMG_2661.jpg\" alt=\"\" class=\"wp-image-9976 size-full\"\/><\/a><\/figure><\/div>\n\n\n\n<p><\/p>\n\n\n\n<p><em><a href=\"https:\/\/lecompagnonrouge.fr\/?p=7187\">Dalbergia melanoxylon<\/a><\/em> (Flore du S\u00e9n\u00e9gal. Espace enfants ou \u00e0 leurs attentions)<\/p>\n\n\n\n<p><a href=\"https:\/\/lecompagnonrouge.fr\/?p=3499\">Ervilia hirsuta<\/a><\/p>\n\n\n\n<p><a href=\"https:\/\/lecompagnonrouge.fr\/?p=2272\">Galega officinalis<\/a><\/p>\n\n\n\n<p><a href=\"https:\/\/lecompagnonrouge.fr\/?p=9967\">Gen\u00eat \u00e0 balais<\/a><\/p>\n\n\n\n<p><a href=\"https:\/\/lecompagnonrouge.fr\/?p=10363\">Gen\u00eat ail\u00e9<\/a><\/p>\n\n\n\n<div class=\"wp-block-media-text has-media-on-the-right\" style=\"grid-template-columns:auto 20%\"><div class=\"wp-block-media-text__content\">\n<p><a href=\"https:\/\/lecompagnonrouge.fr\/?p=10363\">Genista sagittalis<\/a><\/p>\n<\/div><figure class=\"wp-block-media-text__media\"><a href=\"https:\/\/lecompagnonrouge.fr\/?p=10363\"><img loading=\"lazy\" decoding=\"async\" width=\"150\" height=\"154\" src=\"https:\/\/lecompagnonrouge.fr\/wp-content\/uploads\/2025\/07\/miniIMG_2971.jpg\" alt=\"\" class=\"wp-image-10371 size-full\"\/><\/a><\/figure><\/div>\n\n\n\n<p><a href=\"https:\/\/lecompagnonrouge.fr\/?p=10363\">Gen\u00eat sagitt\u00e9<\/a><\/p>\n\n\n\n<p><a href=\"https:\/\/lecompagnonrouge.fr\/?p=4207\">Gesse \u00e0 feuilles larges<\/a><\/p>\n\n\n\n<p><em><a href=\"https:\/\/lecompagnonrouge.fr\/?p=7187\">Jalambaan ou Dialambane <\/a><\/em>(Flore du S\u00e9n\u00e9gal. Espace enfants ou \u00e0 leurs attentions)<\/p>\n\n\n\n<p><a href=\"https:\/\/lecompagnonrouge.fr\/?p=4207\">Lathyrus latifolius<\/a><\/p>\n\n\n\n<p><a href=\"https:\/\/lecompagnonrouge.fr\/?p=2259\">Lotier cornicul\u00e9<\/a><\/p>\n\n\n\n<p><a href=\"https:\/\/lecompagnonrouge.fr\/?p=2259\">Lotus corniculatus subsp. corniculatus<\/a> <\/p>\n\n\n\n<p><a href=\"https:\/\/lecompagnonrouge.fr\/?p=3460\">Luzerne cultiv\u00e9e<\/a><\/p>\n\n\n\n<p><a href=\"https:\/\/lecompagnonrouge.fr\/?p=3569\">Luzerne lupuline<\/a><\/p>\n\n\n\n<p><a href=\"https:\/\/lecompagnonrouge.fr\/?p=3577\">Luzerne t\u00e2chet\u00e9e<\/a><\/p>\n\n\n\n<p><a href=\"https:\/\/lecompagnonrouge.fr\/?p=3577\">Medicago arabica<\/a><\/p>\n\n\n\n<p><a href=\"https:\/\/lecompagnonrouge.fr\/?p=3569\">Medicago lupulina<\/a><\/p>\n\n\n\n<p><a href=\"https:\/\/lecompagnonrouge.fr\/?p=3460\">Medicago sativa subsp. sativa<\/a><\/p>\n\n\n\n<p><a href=\"https:\/\/lecompagnonrouge.fr\/?p=473\">Melilotus albus<\/a><\/p>\n\n\n\n<p> <a href=\"https:\/\/lecompagnonrouge.fr\/?p=455\">Onobrychis viciifolia<\/a><\/p>\n\n\n\n<div class=\"wp-block-media-text has-media-on-the-right\" style=\"grid-template-columns:auto 20%\"><div class=\"wp-block-media-text__content\">\n<p><a href=\"https:\/\/lecompagnonrouge.fr\/?p=10049\">Ornithopus perpusillus<\/a><\/p>\n<\/div><figure class=\"wp-block-media-text__media\"><a href=\"https:\/\/lecompagnonrouge.fr\/?p=10049\"><img loading=\"lazy\" decoding=\"async\" width=\"150\" height=\"144\" src=\"https:\/\/lecompagnonrouge.fr\/wp-content\/uploads\/2025\/06\/miniIMG_2705.jpg\" alt=\"\" class=\"wp-image-10058 size-full\"\/><\/a><\/figure><\/div>\n\n\n\n<p><\/p>\n\n\n\n<p><a href=\"https:\/\/lecompagnonrouge.fr\/?p=4004\">Robinia pseudoacacia<\/a><\/p>\n\n\n\n<p><a href=\"https:\/\/lecompagnonrouge.fr\/?p=4004\">Robinier faux-acacia<\/a><\/p>\n\n\n\n<p> <a href=\"https:\/\/lecompagnonrouge.fr\/?p=466\">Trifolium fragiferum<\/a><\/p>\n\n\n\n<p> <a href=\"https:\/\/lecompagnonrouge.fr\/?p=461\">Trifolium pratense<\/a><\/p>\n\n\n\n<p> <a href=\"https:\/\/lecompagnonrouge.fr\/?p=1083\">Trifolium repens<\/a><\/p>\n\n\n\n<p> <a href=\"https:\/\/lecompagnonrouge.fr\/?p=1089\">Trifolium resupinatum<\/a><\/p>\n\n\n\n<p><a href=\"https:\/\/lecompagnonrouge.fr\/?p=473\">Trigonella alba<\/a><\/p>\n\n\n\n<p>  <a href=\"https:\/\/lecompagnonrouge.fr\/?p=1324\">Ulex europaeus<\/a><\/p>\n\n\n\n<p><a href=\"https:\/\/lecompagnonrouge.fr\/?p=3601\">Vesce des haies<\/a><\/p>\n\n\n\n<p><a href=\"https:\/\/lecompagnonrouge.fr\/?p=3499\">Vesce hirsute<\/a><\/p>\n\n\n\n<p><a href=\"https:\/\/lecompagnonrouge.fr\/?p=5435\">Vesce variable<\/a><\/p>\n\n\n\n<p><a href=\"https:\/\/lecompagnonrouge.fr\/?p=5435\">Vicia dasycarpa<\/a><\/p>\n\n\n\n<p><a href=\"https:\/\/lecompagnonrouge.fr\/?p=448\">Vicia segetalis<\/a> <\/p>\n\n\n\n<p><a href=\"https:\/\/lecompagnonrouge.fr\/?p=3601\">Vicia sepium<\/a> (+ Formica pratensis ?)<\/p>\n\n\n\n<p><\/p>\n\n\n\n<p><strong><a href=\"https:\/\/lecompagnonrouge.fr\/?s=fagaceae\">Fagaceae<\/a><\/strong><\/p>\n\n\n\n<div class=\"wp-block-media-text has-media-on-the-right\" style=\"grid-template-columns:auto 20%\"><div class=\"wp-block-media-text__content\">\n<p><a href=\"https:\/\/lecompagnonrouge.fr\/?p=10323\">Castanea sativa<\/a><\/p>\n<\/div><figure class=\"wp-block-media-text__media\"><a href=\"https:\/\/lecompagnonrouge.fr\/?p=10323\"><img loading=\"lazy\" decoding=\"async\" width=\"150\" height=\"146\" src=\"https:\/\/lecompagnonrouge.fr\/wp-content\/uploads\/2025\/07\/miniIMG_20250626_175216.jpg\" alt=\"\" class=\"wp-image-10332 size-full\"\/><\/a><\/figure><\/div>\n\n\n\n<p><\/p>\n\n\n\n<p><a href=\"https:\/\/lecompagnonrouge.fr\/?p=10323\">Chata\u00eegnier<\/a><\/p>\n\n\n\n<p><a href=\"https:\/\/lecompagnonrouge.fr\/?p=6416\">Ch\u00eane p\u00e9doncul\u00e9<\/a><\/p>\n\n\n\n<p><a href=\"https:\/\/lecompagnonrouge.fr\/?p=9657\">Fagus sylvatica<\/a><\/p>\n\n\n\n<p><a href=\"https:\/\/lecompagnonrouge.fr\/?p=9657\">H\u00eatre<\/a><\/p>\n\n\n\n<p><a href=\"https:\/\/lecompagnonrouge.fr\/?p=6416\">Quercus robur<\/a><\/p>\n\n\n\n<p><a href=\"https:\/\/lecompagnonrouge.fr\/?s=geraniaceae\"><strong>Geraniaceae<\/strong><\/a><\/p>\n\n\n\n<p><a href=\"https:\/\/lecompagnonrouge.fr\/?p=896\">Erodium cicutarium subsp. bipinnatum<\/a><\/p>\n\n\n\n<p><a href=\"https:\/\/lecompagnonrouge.fr\/?p=3134\">G\u00e9ranium \u00e0 feuilles rondes<\/a><\/p>\n\n\n\n<p><a href=\"https:\/\/lecompagnonrouge.fr\/?p=8915\">G\u00e9ranium colombin<\/a><\/p>\n\n\n\n<div class=\"wp-block-media-text has-media-on-the-right\" style=\"grid-template-columns:auto 20%\"><div class=\"wp-block-media-text__content\">\n<p><a href=\"https:\/\/lecompagnonrouge.fr\/?p=8915\">G\u00e9ranium columbinum<\/a><\/p>\n<\/div><figure class=\"wp-block-media-text__media\"><a href=\"https:\/\/lecompagnonrouge.fr\/?p=8915\"><img loading=\"lazy\" decoding=\"async\" width=\"150\" height=\"156\" src=\"https:\/\/lecompagnonrouge.fr\/wp-content\/uploads\/2025\/02\/miniIMG_1892.jpg\" alt=\"\" class=\"wp-image-8924 size-full\"\/><\/a><\/figure><\/div>\n\n\n\n<p><\/p>\n\n\n\n<p><\/p>\n\n\n\n<p><a href=\"https:\/\/lecompagnonrouge.fr\/?p=906\">Geranium dissectum<\/a><\/p>\n\n\n\n<p><a href=\"https:\/\/lecompagnonrouge.fr\/?p=6321\">G\u00e9ranium herbe-\u00e0-Robert<\/a><\/p>\n\n\n\n<p><a href=\"https:\/\/lecompagnonrouge.fr\/?p=1053\">Geranium molle<\/a><\/p>\n\n\n\n<p><a href=\"https:\/\/lecompagnonrouge.fr\/?p=2718\">Geranium nodosum<\/a><\/p>\n\n\n\n<p><a href=\"https:\/\/lecompagnonrouge.fr\/?p=2718\">G\u00e9ranium noueux<\/a><\/p>\n\n\n\n<p>  <a href=\"https:\/\/lecompagnonrouge.fr\/?p=1191\">Geranium pusillum<\/a><\/p>\n\n\n\n<p><a href=\"https:\/\/lecompagnonrouge.fr\/?p=923\">Geranium pyrenaicum<\/a><\/p>\n\n\n\n<p><a href=\"https:\/\/lecompagnonrouge.fr\/?p=6321\">Geranium robertianum<\/a><\/p>\n\n\n\n<p><a href=\"https:\/\/lecompagnonrouge.fr\/?p=3134\">Geranium rotundifolium<\/a><\/p>\n\n\n\n<p><strong><a href=\"https:\/\/lecompagnonrouge.fr\/?s=hypericaceae\">Hypericaceae<\/a><\/strong><\/p>\n\n\n\n<p>  <a href=\"https:\/\/lecompagnonrouge.fr\/?p=1163\">Hypericum perforatum<\/a><\/p>\n\n\n\n<p><strong><a href=\"https:\/\/lecompagnonrouge.fr\/?s=lamiaceae\">Lamiaceae<\/a><\/strong><\/p>\n\n\n\n<p>  <a href=\"https:\/\/lecompagnonrouge.fr\/?p=146\">Agripaume cardiaque<\/a><\/p>\n\n\n\n<p>  <a href=\"https:\/\/lecompagnonrouge.fr\/?p=1428\">Ajuga reptans<\/a><\/p>\n\n\n\n<p><a href=\"https:\/\/lecompagnonrouge.fr\/?p=2591\">Ballota nigra subsp. foetida<\/a><\/p>\n\n\n\n<p><a href=\"https:\/\/lecompagnonrouge.fr\/?p=2591\">Ballote du midi<\/a><\/p>\n\n\n\n<p><a href=\"https:\/\/lecompagnonrouge.fr\/?p=10393\">B\u00e9toine officinale<\/a><\/p>\n\n\n\n<div class=\"wp-block-media-text has-media-on-the-right\" style=\"grid-template-columns:auto 20%\"><div class=\"wp-block-media-text__content\">\n<p><a href=\"https:\/\/lecompagnonrouge.fr\/?p=10393\">Betonica officinalis<\/a><\/p>\n<\/div><figure class=\"wp-block-media-text__media\"><a href=\"https:\/\/lecompagnonrouge.fr\/?p=10393\"><img loading=\"lazy\" decoding=\"async\" width=\"150\" height=\"173\" src=\"https:\/\/lecompagnonrouge.fr\/wp-content\/uploads\/2025\/07\/miniIMG_2984.jpg\" alt=\"\" class=\"wp-image-10402 size-full\"\/><\/a><\/figure><\/div>\n\n\n\n<p><\/p>\n\n\n\n<p><\/p>\n\n\n\n<p><a href=\"https:\/\/lecompagnonrouge.fr\/?p=2019\">Brunelle commune<\/a><\/p>\n\n\n\n<p><a href=\"https:\/\/lecompagnonrouge.fr\/?p=7116\">Clinopode vulgaire<\/a><\/p>\n\n\n\n<div class=\"wp-block-media-text has-media-on-the-right\" style=\"grid-template-columns:auto 20%\"><div class=\"wp-block-media-text__content\">\n<p><a href=\"https:\/\/lecompagnonrouge.fr\/?p=7116\">Clinopodium vulgare subsp. vulgare<\/a><\/p>\n<\/div><figure class=\"wp-block-media-text__media\"><img loading=\"lazy\" decoding=\"async\" width=\"150\" height=\"177\" src=\"https:\/\/lecompagnonrouge.fr\/wp-content\/uploads\/2024\/09\/miniIMG_20240807_123324-Copie.jpg\" alt=\"\" class=\"wp-image-7121 size-full\"\/><\/figure><\/div>\n\n\n\n<p><a href=\"https:\/\/lecompagnonrouge.fr\/?p=6595\">Epiaire des for\u00eats<\/a><\/p>\n\n\n\n<p><a href=\"https:\/\/lecompagnonrouge.fr\/?p=10393\">Epiaire officinale<\/a><\/p>\n\n\n\n<p><a href=\"https:\/\/lecompagnonrouge.fr\/?p=2360\">Galeopsis tetrahit<\/a><\/p>\n\n\n\n<p>  <a href=\"https:\/\/lecompagnonrouge.fr\/?p=959\">Glechoma hederacea<\/a> <\/p>\n\n\n\n<p><a href=\"https:\/\/lecompagnonrouge.fr\/?p=4700\">Hysope<\/a><\/p>\n\n\n\n<div class=\"wp-block-media-text has-media-on-the-right\" style=\"grid-template-columns:auto 20%\"><div class=\"wp-block-media-text__content\">\n<p><a href=\"https:\/\/lecompagnonrouge.fr\/?p=4700\">Hyssopus officinalis<\/a><\/p>\n<\/div><figure class=\"wp-block-media-text__media\"><img loading=\"lazy\" decoding=\"async\" width=\"150\" height=\"151\" src=\"https:\/\/lecompagnonrouge.fr\/wp-content\/uploads\/2024\/10\/miniIMG_0456.jpg\" alt=\"\" class=\"wp-image-7689 size-full\"\/><\/figure><\/div>\n\n\n\n<p><\/p>\n\n\n\n<p>  <a href=\"https:\/\/lecompagnonrouge.fr\/?p=1255\">Lamium album<\/a> <\/p>\n\n\n\n<p>  <a href=\"https:\/\/lecompagnonrouge.fr\/?p=1260\">Lamium galeobdolon<\/a><\/p>\n\n\n\n<p>  <a href=\"https:\/\/lecompagnonrouge.fr\/?p=138\">Lamium purpureum<\/a><\/p>\n\n\n\n<p>  <a href=\"https:\/\/lecompagnonrouge.fr\/?p=146\">Leonurus cardiaca<\/a><\/p>\n\n\n\n<p>  <a href=\"https:\/\/lecompagnonrouge.fr\/?p=157\">Lycopus europeus<\/a><\/p>\n\n\n\n<p><a href=\"https:\/\/lecompagnonrouge.fr\/?p=2192\">Mentha aquatica subsp. aquatica<\/a> (+Rana dalmatina)<\/p>\n\n\n\n<div class=\"wp-block-media-text has-media-on-the-right\" style=\"grid-template-columns:auto 20%\"><div class=\"wp-block-media-text__content\">\n<p><a href=\"https:\/\/lecompagnonrouge.fr\/?page_id=3348#Paspalo-distichi-Polypogonion-viridis\">Mentha suaveolens subsp. suaveolens<\/a><\/p>\n<\/div><figure class=\"wp-block-media-text__media\"><a href=\"https:\/\/lecompagnonrouge.fr\/?page_id=3348#Paspalo-distichi-Polypogonion-viridis\"><img loading=\"lazy\" decoding=\"async\" width=\"150\" height=\"151\" src=\"https:\/\/lecompagnonrouge.fr\/wp-content\/uploads\/2025\/07\/miniIMG_3121.jpg\" alt=\"\" class=\"wp-image-10694 size-full\"\/><\/a><\/figure><\/div>\n\n\n\n<p><\/p>\n\n\n\n<p><\/p>\n\n\n\n<p><a href=\"https:\/\/lecompagnonrouge.fr\/?page_id=3348#Paspalo-distichi-Polypogonion-viridis\">Menthe \u00e0 feuilles rondes<\/a><\/p>\n\n\n\n<p><a href=\"https:\/\/lecompagnonrouge.fr\/?p=2192\">Menthe aquatique<\/a><\/p>\n\n\n\n<p><a href=\"https:\/\/lecompagnonrouge.fr\/?p=142\">Origanum vulgare<\/a><\/p>\n\n\n\n<p><a href=\"https:\/\/lecompagnonrouge.fr\/?p=2360\">Ortie royale<\/a><\/p>\n\n\n\n<p><a href=\"https:\/\/lecompagnonrouge.fr\/?p=2019\">Prunella vulgaris<\/a><\/p>\n\n\n\n<p><a href=\"https:\/\/lecompagnonrouge.fr\/?p=1000\">Salvia verbenaca<\/a><\/p>\n\n\n\n<p><a href=\"https:\/\/lecompagnonrouge.fr\/?p=6595\">Stachys sylvatica<\/a><\/p>\n\n\n\n<p>  <a href=\"https:\/\/lecompagnonrouge.fr\/?p=1476\">Teucrium scorodonia<\/a><\/p>\n\n\n\n<p>  <a href=\"https:\/\/lecompagnonrouge.fr\/?p=206\">Thymus pulegoides subsp pulegoides<\/a><\/p>\n\n\n\n<p><strong><a href=\"https:\/\/lecompagnonrouge.fr\/?s=lauraceae\">Lauraceae<\/a><\/strong><\/p>\n\n\n\n<p><a href=\"https:\/\/lecompagnonrouge.fr\/?p=5794\">Laurier noble<\/a><\/p>\n\n\n\n<p><a href=\"https:\/\/lecompagnonrouge.fr\/?p=5794\">Laurus nobilis<\/a><\/p>\n\n\n\n<p class=\"has-medium-font-size\"><strong><a href=\"https:\/\/lecompagnonrouge.fr\/?s=linaceae\">Linaceae<\/a><\/strong><\/p>\n\n\n\n<p><a href=\"https:\/\/lecompagnonrouge.fr\/?p=7498\">Lin \u00e0 grandes fleurs<\/a><\/p>\n\n\n\n<div class=\"wp-block-media-text has-media-on-the-right\" style=\"grid-template-columns:auto 20%\"><div class=\"wp-block-media-text__content\">\n<p><a href=\"https:\/\/lecompagnonrouge.fr\/?p=7498\">Linum grandiflorum<\/a><\/p>\n<\/div><figure class=\"wp-block-media-text__media\"><a href=\"https:\/\/lecompagnonrouge.fr\/?p=7498\"><img loading=\"lazy\" decoding=\"async\" width=\"150\" height=\"134\" src=\"https:\/\/lecompagnonrouge.fr\/wp-content\/uploads\/2024\/10\/miniIMG_2078.jpg\" alt=\"\" class=\"wp-image-7511 size-full\"\/><\/a><\/figure><\/div>\n\n\n\n<p><\/p>\n\n\n\n<p><\/p>\n\n\n\n<p><strong><a href=\"https:\/\/lecompagnonrouge.fr\/?s=Lythraceae\">Lythraceae<\/a><\/strong><\/p>\n\n\n\n<p><a href=\"https:\/\/lecompagnonrouge.fr\/?p=1587\">Lythrum salicaria<\/a><\/p>\n\n\n\n<p><a href=\"https:\/\/lecompagnonrouge.fr\/?p=1587\">Salicaire commune<\/a><\/p>\n\n\n\n<p><strong><a href=\"https:\/\/lecompagnonrouge.fr\/?s=malvaceae\">Malvaceae<\/a><\/strong><\/p>\n\n\n\n<p><a href=\"https:\/\/lecompagnonrouge.fr\/?p=7027\"><em>Adansonia digitata <\/em>(<\/a>flore du S\u00e9n\u00e9gal. Espace enfants ou \u00e0 leurs attentions)<\/p>\n\n\n\n<p><a href=\"https:\/\/lecompagnonrouge.fr\/?p=7027\"><em>Baobab -celui-l\u00e0<\/em><\/a> (flore du S\u00e9n\u00e9gal. Espace enfants ou \u00e0 leurs attentions)<\/p>\n\n\n\n<p><a href=\"https:\/\/lecompagnonrouge.fr\/?p=7101\"><em>Ceiba pentandra<\/em><\/a> (flore du S\u00e9n\u00e9gal. Espace enfants ou \u00e0 leurs attentions)<\/p>\n\n\n\n<p><em><a href=\"https:\/\/lecompagnonrouge.fr\/?p=7101\">Bente\u00f1e<\/a> <\/em>(flore du S\u00e9n\u00e9gal. Espace enfants ou \u00e0 leurs attentions)<\/p>\n\n\n\n<p><a href=\"https:\/\/lecompagnonrouge.fr\/?p=7101\"><em>Fromager<\/em><\/a> (flore du S\u00e9n\u00e9gal. Espace enfants ou \u00e0 leurs attentions)<\/p>\n\n\n\n<p><a href=\"https:\/\/lecompagnonrouge.fr\/?p=7027\"><em>Guye<\/em><\/a> (flore du S\u00e9n\u00e9gal. Espace enfants ou \u00e0 leurs attentions)<\/p>\n\n\n\n<div class=\"wp-block-media-text has-media-on-the-right\" style=\"grid-template-columns:auto 20%\"><div class=\"wp-block-media-text__content\">\n<p><a href=\"https:\/\/lecompagnonrouge.fr\/?p=3292\">Malva moschata<\/a><\/p>\n<\/div><figure class=\"wp-block-media-text__media\"><a href=\"https:\/\/lecompagnonrouge.fr\/?p=3292\"><img loading=\"lazy\" decoding=\"async\" width=\"150\" height=\"132\" src=\"https:\/\/lecompagnonrouge.fr\/wp-content\/uploads\/2024\/10\/miniIMG_1959.jpg\" alt=\"\" class=\"wp-image-7550 size-full\"\/><\/a><\/figure><\/div>\n\n\n\n<p><\/p>\n\n\n\n<p><a href=\"https:\/\/lecompagnonrouge.fr\/?p=1143\">Malva neglecta<\/a><\/p>\n\n\n\n<p><a href=\"https:\/\/lecompagnonrouge.fr\/?p=3452\">Malva sylvestris<\/a><\/p>\n\n\n\n<p><a href=\"https:\/\/lecompagnonrouge.fr\/?p=3292\">Mauve musqu\u00e9e<\/a><\/p>\n\n\n\n<p><a href=\"https:\/\/lecompagnonrouge.fr\/?p=1143\">Mauve oubli\u00e9e<\/a><\/p>\n\n\n\n<p><a href=\"https:\/\/lecompagnonrouge.fr\/?p=3452\">Mauve sylvestre<\/a><\/p>\n\n\n\n<div class=\"wp-block-media-text has-media-on-the-right\" style=\"grid-template-columns:auto 20%\"><div class=\"wp-block-media-text__content\">\n<p><a href=\"https:\/\/lecompagnonrouge.fr\/?p=6713\">Tilia platyphyllos<\/a><\/p>\n<\/div><figure class=\"wp-block-media-text__media\"><a href=\"https:\/\/lecompagnonrouge.fr\/?p=6713\"><img loading=\"lazy\" decoding=\"async\" width=\"150\" height=\"100\" src=\"https:\/\/lecompagnonrouge.fr\/wp-content\/uploads\/2024\/06\/miniIMG_1785.jpg\" alt=\"\" class=\"wp-image-6721 size-full\"\/><\/a><\/figure><\/div>\n\n\n\n<p><a href=\"https:\/\/lecompagnonrouge.fr\/?p=6713\">Tilleul \u00e0 larges feuilles<\/a><\/p>\n\n\n\n<p><strong><a href=\"https:\/\/lecompagnonrouge.fr\/?s=Montiaceae\">Montiaceae<\/a><\/strong><\/p>\n\n\n\n<p>  <a href=\"https:\/\/lecompagnonrouge.fr\/?p=126\">Claytonia perfoliata<\/a><\/p>\n\n\n\n<p><a href=\"https:\/\/lecompagnonrouge.fr\/?s=Nymphaeaceae\"><strong>Nymphaeaceae<\/strong><\/a><\/p>\n\n\n\n<p><a href=\"https:\/\/lecompagnonrouge.fr\/?p=2431\">Nuphar lutea<\/a><\/p>\n\n\n\n<p><strong><a href=\"https:\/\/lecompagnonrouge.fr\/?s=Oleaceae\">Oleaceae<\/a><\/strong><\/p>\n\n\n\n<p><a href=\"https:\/\/lecompagnonrouge.fr\/?p=5719\">Fraxinus excelsior<\/a><\/p>\n\n\n\n<p><a href=\"https:\/\/lecompagnonrouge.fr\/?p=5719\">Fr\u00eane commun<\/a><\/p>\n\n\n\n<p><a href=\"https:\/\/lecompagnonrouge.fr\/?p=5725\">Ligustrum vulgare<\/a><\/p>\n\n\n\n<p><a href=\"https:\/\/lecompagnonrouge.fr\/?p=5576\">Olea europea subsp. europea<\/a><\/p>\n\n\n\n<p><a href=\"https:\/\/lecompagnonrouge.fr\/?p=5576\">Olivier<\/a><\/p>\n\n\n\n<p><a href=\"https:\/\/lecompagnonrouge.fr\/?p=5725\">Tro\u00ebne commun<\/a><\/p>\n\n\n\n<p><strong><a href=\"https:\/\/lecompagnonrouge.fr\/?s=Onagraceae\">Onagraceae<\/a><\/strong><\/p>\n\n\n\n<p><a href=\"https:\/\/lecompagnonrouge.fr\/?p=10209\">Epilobe \u00e0 feuilles \u00e9troites<\/a><\/p>\n\n\n\n<p> <a href=\"https:\/\/lecompagnonrouge.fr\/?p=1617\">Epilobe \u00e0 petites fleurs<\/a><\/p>\n\n\n\n<p><a href=\"https:\/\/lecompagnonrouge.fr\/?p=5243\">Epilobe cili\u00e9<\/a><\/p>\n\n\n\n<p> <a href=\"https:\/\/lecompagnonrouge.fr\/?p=194\">Epilobe hirsute<\/a><\/p>\n\n\n\n<div class=\"wp-block-media-text has-media-on-the-right\" style=\"grid-template-columns:auto 20%\"><div class=\"wp-block-media-text__content\">\n<p><a href=\"https:\/\/lecompagnonrouge.fr\/?p=10209\">Epilobium angustifolium<\/a><\/p>\n<\/div><figure class=\"wp-block-media-text__media\"><a href=\"https:\/\/lecompagnonrouge.fr\/?p=10209\"><img loading=\"lazy\" decoding=\"async\" width=\"150\" height=\"185\" src=\"https:\/\/lecompagnonrouge.fr\/wp-content\/uploads\/2025\/06\/miniIMG_20250618_181900.jpg\" alt=\"\" class=\"wp-image-10218 size-full\"\/><\/a><\/figure><\/div>\n\n\n\n<p><\/p>\n\n\n\n<p><a href=\"https:\/\/lecompagnonrouge.fr\/?p=5243\">Epilobium ciliatum<\/a><\/p>\n\n\n\n<p> <a href=\"https:\/\/lecompagnonrouge.fr\/?p=194\">Epilobium hirsutum<\/a><\/p>\n\n\n\n<p> <a href=\"https:\/\/lecompagnonrouge.fr\/?p=1617\">Epilobium parviflorum<\/a><\/p>\n\n\n\n<p><a href=\"https:\/\/lecompagnonrouge.fr\/?p=5210\">Oenothera glazioviana<\/a><\/p>\n\n\n\n<p><a href=\"https:\/\/lecompagnonrouge.fr\/?p=5176\">Oenothera cf. ligerica<\/a><\/p>\n\n\n\n<p><a href=\"https:\/\/lecompagnonrouge.fr\/?p=5192\">Oenothera speciosa<\/a><\/p>\n\n\n\n<p><a href=\"https:\/\/lecompagnonrouge.fr\/?p=5210\">Onagre de Glaziou<\/a><\/p>\n\n\n\n<p><a href=\"https:\/\/lecompagnonrouge.fr\/?p=5176\">Onagre de la Loire<\/a> (pas totalement certain &#8230;)<\/p>\n\n\n\n<p><a href=\"https:\/\/lecompagnonrouge.fr\/?p=5192\">Onagre remarquable<\/a><\/p>\n\n\n\n<p><strong><a href=\"https:\/\/lecompagnonrouge.fr\/?s=Orobanchaceae\">Orobanchaceae<\/a><\/strong><\/p>\n\n\n\n<p>  <a href=\"https:\/\/lecompagnonrouge.fr\/?p=177\">Odontites vernus subsp serotinus<\/a><\/p>\n\n\n\n<p><a href=\"https:\/\/lecompagnonrouge.fr\/?p=9855\">Orobanche du tr\u00e8fle<\/a><\/p>\n\n\n\n<div class=\"wp-block-media-text has-media-on-the-right\" style=\"grid-template-columns:auto 20%\"><div class=\"wp-block-media-text__content\">\n<p><a href=\"https:\/\/lecompagnonrouge.fr\/?p=9855\">Orobanche minor<\/a><\/p>\n<\/div><figure class=\"wp-block-media-text__media\"><a href=\"https:\/\/lecompagnonrouge.fr\/?p=9855\"><img loading=\"lazy\" decoding=\"async\" width=\"150\" height=\"164\" src=\"https:\/\/lecompagnonrouge.fr\/wp-content\/uploads\/2025\/05\/miniIMG_2644.jpg\" alt=\"\" class=\"wp-image-9861 size-full\"\/><\/a><\/figure><\/div>\n\n\n\n<p><\/p>\n\n\n\n<p><a href=\"https:\/\/lecompagnonrouge.fr\/?p=9855\">Petite Orobanche<\/a><\/p>\n\n\n\n<p><a href=\"https:\/\/lecompagnonrouge.fr\/?p=185\">Rhinanthus alecterolophus<\/a><\/p>\n\n\n\n<p><strong><a href=\"https:\/\/lecompagnonrouge.fr\/?s=oxalidaceae\">Oxalidaceae<\/a><\/strong><\/p>\n\n\n\n<p><a href=\"https:\/\/lecompagnonrouge.fr\/?p=4057\">Oxalis acetosella<\/a><\/p>\n\n\n\n<p><a href=\"https:\/\/lecompagnonrouge.fr\/?p=4057\">Pain de coucou<\/a><\/p>\n\n\n\n<p><strong><a href=\"https:\/\/lecompagnonrouge.fr\/?s=papaveraceae\">Papaveracaeae<\/a><\/strong><\/p>\n\n\n\n<p>  <a href=\"https:\/\/lecompagnonrouge.fr\/?p=1016\">Chelidonium majus<\/a>  <\/p>\n\n\n\n<p>  <a href=\"https:\/\/lecompagnonrouge.fr\/?p=1202\">Fumaria capreolata<\/a><\/p>\n\n\n\n<p>  <a href=\"https:\/\/lecompagnonrouge.fr\/?p=210\">Fumaria vaillantii<\/a><\/p>\n\n\n\n<div class=\"wp-block-media-text has-media-on-the-right\" style=\"grid-template-columns:auto 20%\"><div class=\"wp-block-media-text__content\">\n<p><a href=\"https:\/\/lecompagnonrouge.fr\/?p=244\">Papaver dubium<\/a><\/p>\n<\/div><figure class=\"wp-block-media-text__media\"><a href=\"https:\/\/lecompagnonrouge.fr\/?p=244\"><img loading=\"lazy\" decoding=\"async\" width=\"150\" height=\"136\" src=\"https:\/\/lecompagnonrouge.fr\/wp-content\/uploads\/2024\/11\/miniIMG_1961.jpg\" alt=\"\" class=\"wp-image-7798 size-full\"\/><\/a><\/figure><\/div>\n\n\n\n<p><\/p>\n\n\n\n<p>  <a href=\"https:\/\/lecompagnonrouge.fr\/?p=229\">Papaver Rhoeas<\/a><\/p>\n\n\n\n<p><a href=\"https:\/\/lecompagnonrouge.fr\/?s=phytolaccaceae\"><strong>Phytolaccaceae<\/strong><\/a><\/p>\n\n\n\n<p><a href=\"https:\/\/lecompagnonrouge.fr\/?p=5519\">Phytolacca americana<\/a><\/p>\n\n\n\n<p><a href=\"https:\/\/lecompagnonrouge.fr\/?p=5519\">Raisin d&rsquo;Am\u00e9rique<\/a><\/p>\n\n\n\n<p><a href=\"https:\/\/lecompagnonrouge.fr\/?s=plantaginaceae\"><strong>Plantaginaceae<\/strong><\/a><\/p>\n\n\n\n<p><a href=\"https:\/\/lecompagnonrouge.fr\/?p=6747\">Cresson de cheval<\/a><\/p>\n\n\n\n<p><a href=\"https:\/\/lecompagnonrouge.fr\/?p=711\">Cymbalaria muralis<\/a><\/p>\n\n\n\n<p><a href=\"https:\/\/lecompagnonrouge.fr\/?p=6706\">Digitale pourpre<\/a><\/p>\n\n\n\n<div class=\"wp-block-media-text has-media-on-the-right\" style=\"grid-template-columns:auto 20%\"><div class=\"wp-block-media-text__content\">\n<p><a href=\"https:\/\/lecompagnonrouge.fr\/?p=6706\">Digitalis purpurea subsp. purpurea<\/a><\/p>\n<\/div><figure class=\"wp-block-media-text__media\"><a href=\"https:\/\/lecompagnonrouge.fr\/?p=6706\"><img loading=\"lazy\" decoding=\"async\" width=\"150\" height=\"200\" src=\"https:\/\/lecompagnonrouge.fr\/wp-content\/uploads\/2024\/06\/IMG_20220507_092255-Copie.jpg\" alt=\"\" class=\"wp-image-6710 size-full\"\/><\/a><\/figure><\/div>\n\n\n\n<p><a href=\"https:\/\/lecompagnonrouge.fr\/?p=6706\">Fox glove<\/a><\/p>\n\n\n\n<p><a href=\"https:\/\/lecompagnonrouge.fr\/?p=2224\">Hippuris vulgaris<\/a><\/p>\n\n\n\n<p><a href=\"https:\/\/lecompagnonrouge.fr\/?p=2348\">Linaire commune<\/a><\/p>\n\n\n\n<p><a href=\"https:\/\/lecompagnonrouge.fr\/?p=2353\">Linaire stri\u00e9e<\/a><\/p>\n\n\n\n<p><a href=\"https:\/\/lecompagnonrouge.fr\/?p=2353\">Linaria repens<\/a><\/p>\n\n\n\n<p><a href=\"https:\/\/lecompagnonrouge.fr\/?p=2348\">Linaria vulgaris<\/a><\/p>\n\n\n\n<p>  <a href=\"https:\/\/lecompagnonrouge.fr\/?p=2224\">Pesse<\/a><\/p>\n\n\n\n<p><a href=\"https:\/\/lecompagnonrouge.fr\/?p=1911\">Plantago coronopus subsp. coronopus<\/a><\/p>\n\n\n\n<p>  <a href=\"https:\/\/lecompagnonrouge.fr\/?p=946\">Plantago lanceolata<\/a><\/p>\n\n\n\n<p>  <a href=\"https:\/\/lecompagnonrouge.fr\/?p=954\">Plantago major subsp. major<\/a><\/p>\n\n\n\n<p><a href=\"https:\/\/lecompagnonrouge.fr\/?p=1911\">Plantain corne de cerf<\/a><\/p>\n\n\n\n<p><a href=\"https:\/\/lecompagnonrouge.fr\/?p=6747\">Salade de chouette<\/a><\/p>\n\n\n\n<p><a href=\"https:\/\/lecompagnonrouge.fr\/?p=6300\">Veronica arvensis<\/a><\/p>\n\n\n\n<div class=\"wp-block-media-text has-media-on-the-right\" style=\"grid-template-columns:auto 20%\"><div class=\"wp-block-media-text__content\">\n<p><a href=\"https:\/\/lecompagnonrouge.fr\/?p=6747\">Veronica beccabunga<\/a><\/p>\n<\/div><figure class=\"wp-block-media-text__media\"><a href=\"https:\/\/lecompagnonrouge.fr\/?p=6747\"><img loading=\"lazy\" decoding=\"async\" width=\"150\" height=\"100\" src=\"https:\/\/lecompagnonrouge.fr\/wp-content\/uploads\/2024\/06\/miniIMG_1974.jpg\" alt=\"\" class=\"wp-image-6754 size-full\"\/><\/a><\/figure><\/div>\n\n\n\n<p><\/p>\n\n\n\n<p><\/p>\n\n\n\n<p><\/p>\n\n\n\n<div class=\"wp-block-media-text has-media-on-the-right\" style=\"grid-template-columns:auto 20%\"><div class=\"wp-block-media-text__content\">\n<p><a href=\"https:\/\/lecompagnonrouge.fr\/?p=5748\">Veronica chamaedrys<\/a><\/p>\n<\/div><figure class=\"wp-block-media-text__media\"><a href=\"https:\/\/lecompagnonrouge.fr\/?p=5748\"><img loading=\"lazy\" decoding=\"async\" width=\"150\" height=\"168\" src=\"https:\/\/lecompagnonrouge.fr\/wp-content\/uploads\/2024\/06\/miniIMG_1320.jpg\" alt=\"\" class=\"wp-image-6757 size-full\"\/><\/a><\/figure><\/div>\n\n\n\n<p><\/p>\n\n\n\n<p><a href=\"https:\/\/lecompagnonrouge.fr\/?p=516\">Veronica hederifolia<\/a><\/p>\n\n\n\n<div class=\"wp-block-media-text has-media-on-the-right\" style=\"grid-template-columns:auto 20%\"><div class=\"wp-block-media-text__content\">\n<p><a href=\"https:\/\/lecompagnonrouge.fr\/?p=6739\">Veronica montana<\/a> + Jaapiella veronicae<\/p>\n<\/div><figure class=\"wp-block-media-text__media\"><a href=\"https:\/\/lecompagnonrouge.fr\/?p=6739\"><img loading=\"lazy\" decoding=\"async\" width=\"150\" height=\"100\" src=\"https:\/\/lecompagnonrouge.fr\/wp-content\/uploads\/2024\/06\/miniIMG_1992.jpg\" alt=\"\" class=\"wp-image-6744 size-full\"\/><\/a><\/figure><\/div>\n\n\n\n<p><a href=\"https:\/\/lecompagnonrouge.fr\/?p=5757\">Veronica persica<\/a><\/p>\n\n\n\n<p><a href=\"https:\/\/lecompagnonrouge.fr\/?p=5608\">Veronica polita<\/a><\/p>\n\n\n\n<p><a href=\"https:\/\/lecompagnonrouge.fr\/?p=516\">V\u00e9ronique \u00e0 feuille de lierre<\/a><\/p>\n\n\n\n<p><a href=\"https:\/\/lecompagnonrouge.fr\/?p=5757\">V\u00e9ronique de Perse<\/a><\/p>\n\n\n\n<p><a href=\"https:\/\/lecompagnonrouge.fr\/?p=6300\">V\u00e9ronique des champs<\/a><\/p>\n\n\n\n<p><a href=\"https:\/\/lecompagnonrouge.fr\/?p=6739\">V\u00e9ronique des montagnes<\/a><\/p>\n\n\n\n<p><a href=\"https:\/\/lecompagnonrouge.fr\/?p=6747\">V\u00e9ronique des ruisseaux<\/a><\/p>\n\n\n\n<p><a href=\"https:\/\/lecompagnonrouge.fr\/?p=5608\">V\u00e9ronique luisante<\/a><\/p>\n\n\n\n<p><a href=\"https:\/\/lecompagnonrouge.fr\/?p=5748\">V\u00e9ronique petit ch\u00eane<\/a><\/p>\n\n\n\n<p><strong><a href=\"https:\/\/lecompagnonrouge.fr\/?s=rumex+acetosella\">Polygonaceae<\/a><\/strong><\/p>\n\n\n\n<p><a href=\"https:\/\/lecompagnonrouge.fr\/?p=1931\">Fallopia convolvulus<\/a><\/p>\n\n\n\n<p><a href=\"https:\/\/lecompagnonrouge.fr\/?p=2630\">Oseille<\/a><\/p>\n\n\n\n<p><a href=\"https:\/\/lecompagnonrouge.fr\/?p=2616\">Patience agglom\u00e9r\u00e9e<\/a><\/p>\n\n\n\n<p><a href=\"https:\/\/lecompagnonrouge.fr\/?p=2622\">Patience cr\u00e9pue<\/a><\/p>\n\n\n\n<p><a href=\"https:\/\/lecompagnonrouge.fr\/?p=2826\">Persicaria lapahifolia<\/a><\/p>\n\n\n\n<p><a href=\"https:\/\/lecompagnonrouge.fr\/?p=2607\">Persicaria maculosa<\/a><\/p>\n\n\n\n<p><a href=\"https:\/\/lecompagnonrouge.fr\/?p=4270\">Patience \u00e0 cr\u00eates<\/a><\/p>\n\n\n\n<p><a href=\"https:\/\/lecompagnonrouge.fr\/?p=4091\">Patience \u00e0 feuilles obtuses<\/a><\/p>\n\n\n\n<p><a href=\"https:\/\/lecompagnonrouge.fr\/?p=1101\">Petite oseille<\/a>  <\/p>\n\n\n\n<p>  <a href=\"https:\/\/lecompagnonrouge.fr\/?p=1522\">Polygonum aviculare<\/a><\/p>\n\n\n\n<p><a href=\"https:\/\/lecompagnonrouge.fr\/?p=2826\">Renou\u00e9e \u00e0 feuilles de Patience<\/a><\/p>\n\n\n\n<p><a href=\"https:\/\/lecompagnonrouge.fr\/?p=1507\"> Renou\u00e9e de Boh\u00e8me <\/a> <\/p>\n\n\n\n<p>  <a href=\"https:\/\/lecompagnonrouge.fr\/?p=1522\">Renou\u00e9e des oiseaux<\/a><\/p>\n\n\n\n<p><a href=\"https:\/\/lecompagnonrouge.fr\/?p=5880\">Renou\u00e9e du japon<\/a><\/p>\n\n\n\n<p><a href=\"https:\/\/lecompagnonrouge.fr\/?p=1931\">Renou\u00e9e faux liseron<\/a><\/p>\n\n\n\n<p><a href=\"https:\/\/lecompagnonrouge.fr\/?p=2607\">Renou\u00e9e persicaire<\/a><\/p>\n\n\n\n<p><a href=\"https:\/\/lecompagnonrouge.fr\/?p=5880\">Reynoutrya japonica<\/a><\/p>\n\n\n\n<p>  <a href=\"https:\/\/lecompagnonrouge.fr\/?p=1507\">Reynoutria X Bohemica<\/a><\/p>\n\n\n\n<p><a href=\"https:\/\/lecompagnonrouge.fr\/?p=2630\">Rumex acetosa<\/a><\/p>\n\n\n\n<p>  <a href=\"https:\/\/lecompagnonrouge.fr\/?p=1101\">Rumex acetosella<\/a><\/p>\n\n\n\n<p><a href=\"https:\/\/lecompagnonrouge.fr\/?p=2616\">Rumex conglomeratus<\/a><\/p>\n\n\n\n<p><a href=\"https:\/\/lecompagnonrouge.fr\/?p=2622\">Rumex crispus var. crispus<\/a><\/p>\n\n\n\n<p><a href=\"https:\/\/lecompagnonrouge.fr\/?p=4270\">Rumex cristatus subsp. cristatus<\/a><\/p>\n\n\n\n<p><a href=\"https:\/\/lecompagnonrouge.fr\/?p=4091\">Rumex obtusifolius<\/a><\/p>\n\n\n\n<p><a href=\"https:\/\/lecompagnonrouge.fr\/?s=Portulacaceae\"><strong>Portulacaceae<\/strong><\/a><\/p>\n\n\n\n<p><a href=\"https:\/\/lecompagnonrouge.fr\/?p=1669\">Portulaca oleracea<\/a><\/p>\n\n\n\n<p><a href=\"https:\/\/lecompagnonrouge.fr\/?p=1669\">Pourpier mara\u00eecher<\/a><\/p>\n\n\n\n<p><strong><a href=\"https:\/\/lecompagnonrouge.fr\/?s=primulaceae\">Primulaceae<\/a><\/strong><\/p>\n\n\n\n<div class=\"wp-block-media-text has-media-on-the-right\" style=\"grid-template-columns:auto 20%\"><div class=\"wp-block-media-text__content\">\n<p><a href=\"https:\/\/lecompagnonrouge.fr\/?p=6698\">Lysimachia arvensis subsp. arvensis<\/a><\/p>\n<\/div><figure class=\"wp-block-media-text__media\"><a href=\"https:\/\/lecompagnonrouge.fr\/?p=6698\"><img loading=\"lazy\" decoding=\"async\" width=\"150\" height=\"190\" src=\"https:\/\/lecompagnonrouge.fr\/wp-content\/uploads\/2024\/06\/miniIMG_2016.jpg\" alt=\"\" class=\"wp-image-6703 size-full\"\/><\/a><\/figure><\/div>\n\n\n\n<p>  <a href=\"https:\/\/lecompagnonrouge.fr\/?p=1314\">Lysimachia nemorum<\/a><\/p>\n\n\n\n<p><a href=\"https:\/\/lecompagnonrouge.fr\/?p=4353\">Lysimachia vulgaris<\/a><\/p>\n\n\n\n<p><a href=\"https:\/\/lecompagnonrouge.fr\/?p=4353\">Lysimaque commune<\/a><\/p>\n\n\n\n<p><a href=\"https:\/\/lecompagnonrouge.fr\/?p=1314\">Lysimaque des bois<\/a><\/p>\n\n\n\n<p><a href=\"https:\/\/lecompagnonrouge.fr\/?p=6698\">Lysimaque des champs<\/a><\/p>\n\n\n\n<p><a href=\"https:\/\/lecompagnonrouge.fr\/?p=6698\">Mouron rouge<\/a><\/p>\n\n\n\n<p><a href=\"https:\/\/lecompagnonrouge.fr\/?p=4066\">Primev\u00e8re \u00e9lev\u00e9e<\/a><\/p>\n\n\n\n<p><a href=\"https:\/\/lecompagnonrouge.fr\/?p=4066\">Primula elatior subsp. elatior<\/a><\/p>\n\n\n\n<p><strong><a href=\"https:\/\/lecompagnonrouge.fr\/?s=Ranunculaceae\">Ranunculaceae<\/a><\/strong><\/p>\n\n\n\n<p><a href=\"https:\/\/lecompagnonrouge.fr\/?p=4111\">Caltha palustris<\/a><\/p>\n\n\n\n<p><a href=\"https:\/\/lecompagnonrouge.fr\/?p=3608\">Clematis vitalba<\/a><\/p>\n\n\n\n<p><a href=\"https:\/\/lecompagnonrouge.fr\/?p=3608\">Cl\u00e9matite vigne blanche<\/a><\/p>\n\n\n\n<p><a href=\"https:\/\/lecompagnonrouge.fr\/?p=5831\">Ficaire<\/a><\/p>\n\n\n\n<p><a href=\"https:\/\/lecompagnonrouge.fr\/?p=5831\">Ficaria verna<\/a><\/p>\n\n\n\n<div class=\"wp-block-media-text has-media-on-the-right\" style=\"grid-template-columns:auto 20%\"><div class=\"wp-block-media-text__content\">\n<p><a href=\"https:\/\/lecompagnonrouge.fr\/?p=6937\">Nigella damascena<\/a><\/p>\n<\/div><figure class=\"wp-block-media-text__media\"><a href=\"https:\/\/lecompagnonrouge.fr\/?p=6937\"><img loading=\"lazy\" decoding=\"async\" width=\"150\" height=\"117\" src=\"https:\/\/lecompagnonrouge.fr\/wp-content\/uploads\/2024\/07\/miniIMG_2001.jpg\" alt=\"\" class=\"wp-image-6943 size-full\"\/><\/a><\/figure><\/div>\n\n\n\n<p><\/p>\n\n\n\n<p><a href=\"https:\/\/lecompagnonrouge.fr\/?p=6937\">Nigelle de Damas<\/a><\/p>\n\n\n\n<p><a href=\"https:\/\/lecompagnonrouge.fr\/?p=4111\">Populage des marais<\/a><\/p>\n\n\n\n<p><a href=\"https:\/\/lecompagnonrouge.fr\/?p=2163\">Ranunculus acris subsp. acris<\/a><\/p>\n\n\n\n<p><a href=\"https:\/\/lecompagnonrouge.fr\/?p=3621\">Ranunculus bulbosus<\/a><\/p>\n\n\n\n<div class=\"wp-block-media-text has-media-on-the-right\" style=\"grid-template-columns:auto 20%\"><div class=\"wp-block-media-text__content\">\n<p><a href=\"https:\/\/lecompagnonrouge.fr\/?p=9458\">Ranunculus parviflorus subsp. parviflorus<\/a><\/p>\n<\/div><figure class=\"wp-block-media-text__media\"><a href=\"https:\/\/lecompagnonrouge.fr\/?p=9458\"><img loading=\"lazy\" decoding=\"async\" width=\"150\" height=\"145\" src=\"https:\/\/lecompagnonrouge.fr\/wp-content\/uploads\/2025\/04\/miniIMG_2404.jpg\" alt=\"\" class=\"wp-image-9469 size-full\"\/><\/a><\/figure><\/div>\n\n\n\n<p><\/p>\n\n\n\n<p><a href=\"https:\/\/lecompagnonrouge.fr\/?p=3676\">Ranunculus repens<\/a><\/p>\n\n\n\n<p><a href=\"https:\/\/lecompagnonrouge.fr\/?p=3923\">Ranunculus sceleratus<\/a><\/p>\n\n\n\n<p><a href=\"https:\/\/lecompagnonrouge.fr\/?p=2163\">Renoncule \u00e2cre<\/a><\/p>\n\n\n\n<p><a href=\"https:\/\/lecompagnonrouge.fr\/?p=9458\">Renoncule \u00e0 petites fleurs<\/a><\/p>\n\n\n\n<p><a href=\"https:\/\/lecompagnonrouge.fr\/?p=3621\">Renoncule bulbeuse<\/a><\/p>\n\n\n\n<p><a href=\"https:\/\/lecompagnonrouge.fr\/?p=3676\">Renoncule rampante<\/a><\/p>\n\n\n\n<p><a href=\"https:\/\/lecompagnonrouge.fr\/?p=3923\">Renoncule sc\u00e9l\u00e9rate<\/a><\/p>\n\n\n\n<p><strong><a href=\"https:\/\/lecompagnonrouge.fr\/?s=resedaceae\">Resedaceae<\/a><\/strong><\/p>\n\n\n\n<p><a href=\"https:\/\/lecompagnonrouge.fr\/?p=5055\">Gaude<\/a><\/p>\n\n\n\n<p><a href=\"https:\/\/lecompagnonrouge.fr\/?p=5052\">Reseda lutea<\/a><\/p>\n\n\n\n<p><a href=\"https:\/\/lecompagnonrouge.fr\/?p=5055\">Reseda luteola<\/a><\/p>\n\n\n\n<p><a href=\"https:\/\/lecompagnonrouge.fr\/?p=5052\">R\u00e9s\u00e9da jaune<\/a><\/p>\n\n\n\n<p><a href=\"https:\/\/lecompagnonrouge.fr\/?s=Rosaceae\"><strong>Rosaceae<\/strong><\/a><\/p>\n\n\n\n<p><a href=\"https:\/\/lecompagnonrouge.fr\/?p=2042\">Agrimonia eupatoria<\/a><\/p>\n\n\n\n<p><a href=\"https:\/\/lecompagnonrouge.fr\/?p=2042\">Aigremoine eupatoire<\/a><\/p>\n\n\n\n<p><a href=\"https:\/\/lecompagnonrouge.fr\/?p=9260\">Alchemilla arvensis<\/a><\/p>\n\n\n\n<p><a href=\"https:\/\/lecompagnonrouge.fr\/?p=9260\">Alch\u00e9mille des champs<\/a><\/p>\n\n\n\n<div class=\"wp-block-media-text has-media-on-the-right\" style=\"grid-template-columns:auto 20%\"><div class=\"wp-block-media-text__content\">\n<p><a href=\"https:\/\/lecompagnonrouge.fr\/?p=9260\">Aphanes arvensis<\/a><\/p>\n<\/div><figure class=\"wp-block-media-text__media\"><a href=\"https:\/\/lecompagnonrouge.fr\/?p=9260\"><img loading=\"lazy\" decoding=\"async\" width=\"150\" height=\"154\" src=\"https:\/\/lecompagnonrouge.fr\/wp-content\/uploads\/2025\/04\/miniIMG_2401.jpg\" alt=\"\" class=\"wp-image-9544 size-full\"\/><\/a><\/figure><\/div>\n\n\n\n<p><\/p>\n\n\n\n<p><\/p>\n\n\n\n<p><a href=\"https:\/\/lecompagnonrouge.fr\/?p=3861\">Aub\u00e9pine \u00e0 un style<\/a><\/p>\n\n\n\n<p><a href=\"https:\/\/lecompagnonrouge.fr\/?p=6430\">Beno\u00eete des villes<\/a><\/p>\n\n\n\n<p><a href=\"https:\/\/lecompagnonrouge.fr\/?p=3634\">Cognassier<\/a><\/p>\n\n\n\n<p><a href=\"https:\/\/lecompagnonrouge.fr\/?p=3861\">Crataegus monogyna<\/a><\/p>\n\n\n\n<p><a href=\"https:\/\/lecompagnonrouge.fr\/?p=3634\">Cydonia oblonga<\/a><\/p>\n\n\n\n<div class=\"wp-block-media-text has-media-on-the-right\" style=\"grid-template-columns:auto 20%\"><div class=\"wp-block-media-text__content\">\n<p><a href=\"https:\/\/lecompagnonrouge.fr\/?p=6841\">Filipendula ulmaria<\/a><\/p>\n<\/div><figure class=\"wp-block-media-text__media\"><a href=\"https:\/\/lecompagnonrouge.fr\/?p=6841\"><img loading=\"lazy\" decoding=\"async\" width=\"150\" height=\"144\" src=\"https:\/\/lecompagnonrouge.fr\/wp-content\/uploads\/2024\/07\/miniMG_2003.jpg\" alt=\"\" class=\"wp-image-6851 size-full\"\/><\/a><\/figure><\/div>\n\n\n\n<p><a href=\"https:\/\/lecompagnonrouge.fr\/?p=5033\">Fraisier de Duchesne<\/a><\/p>\n\n\n\n<p><a href=\"https:\/\/lecompagnonrouge.fr\/?p=6430\">Geum urbanum<\/a><\/p>\n\n\n\n<p><a href=\"https:\/\/lecompagnonrouge.fr\/?p=5785\">Laurier cerise<\/a><\/p>\n\n\n\n<p><a href=\"https:\/\/lecompagnonrouge.fr\/?p=5033\">Potentilla indica<\/a><\/p>\n\n\n\n<div class=\"wp-block-media-text has-media-on-the-right\" style=\"grid-template-columns:auto 20%\"><div class=\"wp-block-media-text__content\">\n<p><a href=\"https:\/\/lecompagnonrouge.fr\/?p=6959\">Potentilla recta<\/a><\/p>\n<\/div><figure class=\"wp-block-media-text__media\"><a href=\"https:\/\/lecompagnonrouge.fr\/?p=6959\"><img loading=\"lazy\" decoding=\"async\" width=\"150\" height=\"165\" src=\"https:\/\/lecompagnonrouge.fr\/wp-content\/uploads\/2024\/08\/IMG_20240807_181028-Copie.jpg\" alt=\"\" class=\"wp-image-6965 size-full\"\/><\/a><\/figure><\/div>\n\n\n\n<p><a href=\"https:\/\/lecompagnonrouge.fr\/?p=3592\">Potentilla reptans<\/a><\/p>\n\n\n\n<p><a href=\"https:\/\/lecompagnonrouge.fr\/?p=1674\">Potentilla sterilis<\/a><\/p>\n\n\n\n<p><a href=\"https:\/\/lecompagnonrouge.fr\/?p=6959\">Potentille droite<\/a><\/p>\n\n\n\n<p><a href=\"https:\/\/lecompagnonrouge.fr\/?p=3592\">Potentille rampante<\/a><\/p>\n\n\n\n<p><a href=\"https:\/\/lecompagnonrouge.fr\/?p=1674\">Potentille st\u00e9rile<\/a><\/p>\n\n\n\n<p><a href=\"https:\/\/lecompagnonrouge.fr\/?p=5257\">Poterium sanguisorba subsp. balearica<\/a><\/p>\n\n\n\n<p><a href=\"https:\/\/lecompagnonrouge.fr\/?p=3586\">Prunellier<\/a><\/p>\n\n\n\n<p><a href=\"https:\/\/lecompagnonrouge.fr\/?p=5785\">Prunus laurocerasus<\/a><\/p>\n\n\n\n<p><a href=\"https:\/\/lecompagnonrouge.fr\/?p=3586\">Prunus spinosa<\/a><\/p>\n\n\n\n<p><a href=\"https:\/\/lecompagnonrouge.fr\/?p=6841\">Reine des pr\u00e9s<\/a><\/p>\n\n\n\n<p><a href=\"https:\/\/lecompagnonrouge.fr\/?p=6138\">Ronce bleu\u00e2tre<\/a><\/p>\n\n\n\n<p><a href=\"https:\/\/lecompagnonrouge.fr\/?p=4038\">Rosa canina aggr.<\/a><\/p>\n\n\n\n<p><a href=\"https:\/\/lecompagnonrouge.fr\/?p=4038\">Rosier des chiens<\/a><\/p>\n\n\n\n<p><a href=\"https:\/\/lecompagnonrouge.fr\/?p=6138\">Rubus caesius<\/a><\/p>\n\n\n\n<p><a href=\"https:\/\/lecompagnonrouge.fr\/?p=5257\">Sanguisorbe polygame<\/a><\/p>\n\n\n\n<p><strong><a href=\"https:\/\/lecompagnonrouge.fr\/?s=rubiaceae\">Rubiaceae<\/a><\/strong><\/p>\n\n\n\n<p><a href=\"https:\/\/lecompagnonrouge.fr\/?p=3664\">Asp\u00e9rule odorante<\/a><\/p>\n\n\n\n<p><a href=\"https:\/\/lecompagnonrouge.fr\/?p=3777\">Cruciata laevipes<\/a><\/p>\n\n\n\n<p><a href=\"https:\/\/lecompagnonrouge.fr\/?p=3918\">Galium aparine subsp. aparine<\/a><\/p>\n\n\n\n<p><a href=\"https:\/\/lecompagnonrouge.fr\/?p=3770\">Galium mollugo<\/a><\/p>\n\n\n\n<p><a href=\"https:\/\/lecompagnonrouge.fr\/?p=10799\">Galium pumilum<\/a><\/p>\n\n\n\n<p><\/p>\n\n\n\n<p><a href=\"https:\/\/lecompagnonrouge.fr\/?p=3770\">Gaillet blanc<\/a><\/p>\n\n\n\n<p><a href=\"https:\/\/lecompagnonrouge.fr\/?p=10799\">Gaillet couch\u00e9<\/a><\/p>\n\n\n\n<p><a href=\"https:\/\/lecompagnonrouge.fr\/?p=3777\">Gaillet croisette<\/a><\/p>\n\n\n\n<p><a href=\"https:\/\/lecompagnonrouge.fr\/?p=3918\">Gaillet gratteron<\/a><\/p>\n\n\n\n<p><a href=\"https:\/\/lecompagnonrouge.fr\/?p=3664\">Galium odoratum<\/a><\/p>\n\n\n\n<p><a href=\"https:\/\/lecompagnonrouge.fr\/?p=3655\">Garance des teinturiers<\/a><\/p>\n\n\n\n<p><a href=\"https:\/\/lecompagnonrouge.fr\/?p=9446\">Rub\u00e9ole des champs<\/a><\/p>\n\n\n\n<p><a href=\"https:\/\/lecompagnonrouge.fr\/?p=3655\">Rubia tinctorum<\/a><\/p>\n\n\n\n<div class=\"wp-block-media-text has-media-on-the-right\" style=\"grid-template-columns:auto 20%\"><div class=\"wp-block-media-text__content\">\n<p><a href=\"https:\/\/lecompagnonrouge.fr\/?p=9446\">Sherardia arvenis<\/a><\/p>\n<\/div><figure class=\"wp-block-media-text__media\"><a href=\"https:\/\/lecompagnonrouge.fr\/?p=9446\"><img loading=\"lazy\" decoding=\"async\" width=\"150\" height=\"158\" src=\"https:\/\/lecompagnonrouge.fr\/wp-content\/uploads\/2025\/04\/miniIMG_2435.jpg\" alt=\"\" class=\"wp-image-9453 size-full\"\/><\/a><\/figure><\/div>\n\n\n\n<p><\/p>\n\n\n\n<p><a href=\"https:\/\/lecompagnonrouge.fr\/?p=9446\">Sh\u00e9rardie des champs<\/a><\/p>\n\n\n\n<p><\/p>\n\n\n\n<p><strong><a href=\"https:\/\/lecompagnonrouge.fr\/?s=Salicaceae\">Salicaceae<\/a><\/strong><\/p>\n\n\n\n<div class=\"wp-block-media-text has-media-on-the-right\" style=\"grid-template-columns:auto 20%\"><div class=\"wp-block-media-text__content\">\n<p><a href=\"https:\/\/lecompagnonrouge.fr\/?p=6660\">Salix aurita<\/a><\/p>\n<\/div><figure class=\"wp-block-media-text__media\"><a href=\"https:\/\/lecompagnonrouge.fr\/?p=6660\"><img loading=\"lazy\" decoding=\"async\" width=\"425\" height=\"585\" src=\"https:\/\/lecompagnonrouge.fr\/wp-content\/uploads\/2024\/06\/miniIMG_20240613_165251.jpg\" alt=\"\" class=\"wp-image-6665 size-full\" srcset=\"https:\/\/lecompagnonrouge.fr\/wp-content\/uploads\/2024\/06\/miniIMG_20240613_165251.jpg 425w, https:\/\/lecompagnonrouge.fr\/wp-content\/uploads\/2024\/06\/miniIMG_20240613_165251-218x300.jpg 218w, https:\/\/lecompagnonrouge.fr\/wp-content\/uploads\/2024\/06\/miniIMG_20240613_165251-300x413.jpg 300w\" sizes=\"auto, (max-width: 425px) 100vw, 425px\" \/><\/a><\/figure><\/div>\n\n\n\n<p><a href=\"https:\/\/lecompagnonrouge.fr\/?p=5916\">Salix caprea<\/a><\/p>\n\n\n\n<p><a href=\"https:\/\/lecompagnonrouge.fr\/?p=6660\">Saule \u00e0 oreillette<\/a><\/p>\n\n\n\n<p><a href=\"https:\/\/lecompagnonrouge.fr\/?p=5916\">Saule marsault<\/a><\/p>\n\n\n\n<p><strong><a href=\"https:\/\/lecompagnonrouge.fr\/?s=santalaceae\">Santalaceae<\/a><\/strong><\/p>\n\n\n\n<p><a href=\"https:\/\/lecompagnonrouge.fr\/?p=5399\">Gui des feuillus<\/a><\/p>\n\n\n\n<p><a href=\"https:\/\/lecompagnonrouge.fr\/?p=5399\">Viscum album subsp. album<\/a><\/p>\n\n\n\n<p><strong><a href=\"https:\/\/lecompagnonrouge.fr\/?s=sapindaceae\">Sapindaceae<\/a><\/strong><\/p>\n\n\n\n<p><a href=\"https:\/\/lecompagnonrouge.fr\/?p=6173\">Acer cappadocium<\/a><\/p>\n\n\n\n<p><a href=\"https:\/\/lecompagnonrouge.fr\/?p=6107\">Acer campestre<\/a><\/p>\n\n\n\n<p><a href=\"https:\/\/lecompagnonrouge.fr\/?p=6157\">Acer platanoides<\/a><\/p>\n\n\n\n<p><a href=\"https:\/\/lecompagnonrouge.fr\/?p=6162\">Acer pseudoplatanus<\/a><\/p>\n\n\n\n<p><a href=\"https:\/\/lecompagnonrouge.fr\/?p=6107\">Erable champ\u00eatre<\/a><\/p>\n\n\n\n<p><a href=\"https:\/\/lecompagnonrouge.fr\/?p=6173\">Erable de Cappadoce<\/a><\/p>\n\n\n\n<p><a href=\"https:\/\/lecompagnonrouge.fr\/?p=6162\">Erable des montagnes<\/a><\/p>\n\n\n\n<p><a href=\"https:\/\/lecompagnonrouge.fr\/?p=6157\">Erable plane<\/a><\/p>\n\n\n\n<p><a href=\"https:\/\/lecompagnonrouge.fr\/?p=6162\">Erable sycomore<\/a><\/p>\n\n\n\n<p><strong><a href=\"https:\/\/lecompagnonrouge.fr\/?cat=100\">Saxifragaceae<\/a><\/strong><\/p>\n\n\n\n<p>  <a href=\"https:\/\/lecompagnonrouge.fr\/?p=427\">Saxifraga tridactylites<\/a><\/p>\n\n\n\n<p><strong><a href=\"https:\/\/lecompagnonrouge.fr\/?s=Scrophulariaceae\">Scrophulariaceae<\/a><\/strong><\/p>\n\n\n\n<p><a href=\"https:\/\/lecompagnonrouge.fr\/?p=5510\">Arbre aux papillons<\/a><\/p>\n\n\n\n<p><a href=\"https:\/\/lecompagnonrouge.fr\/?p=3198\">Bouillon blanc<\/a><\/p>\n\n\n\n<p><a href=\"https:\/\/lecompagnonrouge.fr\/?p=5510\">Buddleia de David<\/a><\/p>\n\n\n\n<p><a href=\"https:\/\/lecompagnonrouge.fr\/?p=5510\">Buddleja davidii<\/a><\/p>\n\n\n\n<p><a href=\"https:\/\/lecompagnonrouge.fr\/?p=3205\">Mol\u00e8ne \u00e0 fleurs denses<\/a><\/p>\n\n\n\n<p><a href=\"https:\/\/lecompagnonrouge.fr\/?p=7013\">Mol\u00e8ne blanchie<\/a><\/p>\n\n\n\n<p><a href=\"https:\/\/lecompagnonrouge.fr\/?p=10671\">Mol\u00e8ne floconneuse<\/a><\/p>\n\n\n\n<p><a href=\"https:\/\/lecompagnonrouge.fr\/?p=10423\">Mol\u00e8ne lychnide<\/a><\/p>\n\n\n\n<p><a href=\"https:\/\/lecompagnonrouge.fr\/?p=3307\">Mol\u00e8ne noire<\/a><\/p>\n\n\n\n<p><a href=\"https:\/\/lecompagnonrouge.fr\/?p=1974\">Scrophulaire noueuse<\/a><\/p>\n\n\n\n<p><a href=\"https:\/\/lecompagnonrouge.fr\/?p=3028\">Scrophulaire aquatique<\/a><\/p>\n\n\n\n<p><a href=\"https:\/\/lecompagnonrouge.fr\/?p=3028\">Scrophularia auriculata subsp. auriculata<\/a><\/p>\n\n\n\n<div class=\"wp-block-media-text has-media-on-the-right\" style=\"grid-template-columns:auto 20%\"><div class=\"wp-block-media-text__content\">\n<p><a href=\"https:\/\/lecompagnonrouge.fr\/?p=1974\">Scrophularia nodosa<\/a><\/p>\n<\/div><figure class=\"wp-block-media-text__media\"><img loading=\"lazy\" decoding=\"async\" width=\"150\" height=\"129\" src=\"https:\/\/lecompagnonrouge.fr\/wp-content\/uploads\/2024\/11\/miniIMG_1852.jpg\" alt=\"\" class=\"wp-image-8307 size-full\"\/><\/figure><\/div>\n\n\n\n<p><\/p>\n\n\n\n<p><\/p>\n\n\n\n<p><a href=\"https:\/\/lecompagnonrouge.fr\/?p=3205\">Verbascum densiflorum<\/a><\/p>\n\n\n\n<div class=\"wp-block-media-text has-media-on-the-right\" style=\"grid-template-columns:auto 20%\"><div class=\"wp-block-media-text__content\">\n<p><a href=\"https:\/\/lecompagnonrouge.fr\/?p=10423\">Verbascum lychnitis<\/a><\/p>\n<\/div><figure class=\"wp-block-media-text__media\"><img loading=\"lazy\" decoding=\"async\" width=\"150\" height=\"199\" src=\"https:\/\/lecompagnonrouge.fr\/wp-content\/uploads\/2025\/07\/miniIMG_3031.jpg\" alt=\"\" class=\"wp-image-10431 size-full\"\/><\/figure><\/div>\n\n\n\n<p><\/p>\n\n\n\n<p><a href=\"https:\/\/lecompagnonrouge.fr\/?p=3307\">Verbascum nigrum subsp. nigrum<\/a><\/p>\n\n\n\n<p><a href=\"https:\/\/lecompagnonrouge.fr\/?p=10671\">Verbascum pulverulentum<\/a><\/p>\n\n\n\n<p><a href=\"https:\/\/lecompagnonrouge.fr\/?p=3198\">Verbascum thapsus subsp. thapsus<\/a><\/p>\n\n\n\n<div class=\"wp-block-media-text has-media-on-the-right\" style=\"grid-template-columns:auto 20%\"><div class=\"wp-block-media-text__content\">\n<p><a href=\"https:\/\/lecompagnonrouge.fr\/?p=7013\">Verbascum x incanum<\/a><\/p>\n<\/div><figure class=\"wp-block-media-text__media\"><a href=\"https:\/\/lecompagnonrouge.fr\/?p=7013\"><img loading=\"lazy\" decoding=\"async\" width=\"150\" height=\"200\" src=\"https:\/\/lecompagnonrouge.fr\/wp-content\/uploads\/2024\/09\/miniIMG_20240807_124651-Copie-Copie.jpg\" alt=\"\" class=\"wp-image-7019 size-full\"\/><\/a><\/figure><\/div>\n\n\n\n<p><\/p>\n\n\n\n<p><strong><a href=\"https:\/\/lecompagnonrouge.fr\/?s=Simabouraceae\">Simabouraceae<\/a><\/strong><\/p>\n\n\n\n<p><a href=\"https:\/\/lecompagnonrouge.fr\/?p=9818\">Ailante<\/a><\/p>\n\n\n\n<p><a href=\"https:\/\/lecompagnonrouge.fr\/?p=9818\">Ailanthus altissima<\/a><\/p>\n\n\n\n<p><a href=\"https:\/\/lecompagnonrouge.fr\/?s=Solanaceae\"><strong>Solanaceae<\/strong><\/a><\/p>\n\n\n\n<p><a href=\"https:\/\/lecompagnonrouge.fr\/?p=1964\">Datura stramoine<\/a><\/p>\n\n\n\n<p><a href=\"https:\/\/lecompagnonrouge.fr\/?p=1964\">Datura stramonium<\/a> (+Nicotiana sylvestris+ Brugmensia aurea + Brugmensia arborea*)<\/p>\n\n\n\n<p><\/p>\n\n\n\n<div class=\"wp-block-media-text has-media-on-the-right\" style=\"grid-template-columns:auto 20%\"><div class=\"wp-block-media-text__content\">\n<p><a href=\"https:\/\/lecompagnonrouge.fr\/?p=7249\">Nicotiana tabacum<\/a><\/p>\n<\/div><figure class=\"wp-block-media-text__media\"><a href=\"https:\/\/lecompagnonrouge.fr\/?p=7249\"><img loading=\"lazy\" decoding=\"async\" width=\"150\" height=\"200\" src=\"https:\/\/lecompagnonrouge.fr\/wp-content\/uploads\/2024\/10\/miniIMG_20241002_080156.jpg\" alt=\"\" class=\"wp-image-7335 size-full\"\/><\/a><\/figure><\/div>\n\n\n\n<p><\/p>\n\n\n\n<p><a href=\"https:\/\/lecompagnonrouge.fr\/?p=7249\">P\u00f3on<\/a><\/p>\n\n\n\n<p><a href=\"https:\/\/lecompagnonrouge.fr\/?p=7249\">Seri<\/a><\/p>\n\n\n\n<p><a href=\"https:\/\/lecompagnonrouge.fr\/?p=2144\">Solanum dulcamara var. dulcamara<\/a><\/p>\n\n\n\n<p><a href=\"https:\/\/lecompagnonrouge.fr\/?p=1943\">Solanum Lycospericum<\/a><\/p>\n\n\n\n<p><a href=\"https:\/\/lecompagnonrouge.fr\/?p=2140\">Solanum nigrum<\/a><\/p>\n\n\n\n<p><a href=\"https:\/\/lecompagnonrouge.fr\/?p=7249\">Tabac \u00e0 fumer, tabac d&rsquo;industrie<\/a><\/p>\n\n\n\n<p><a href=\"https:\/\/lecompagnonrouge.fr\/?p=1943\">Tomate<\/a><\/p>\n\n\n\n<p><strong><a href=\"https:\/\/lecompagnonrouge.fr\/?s=Ulmaceae\">Ulmaceae<\/a><\/strong><\/p>\n\n\n\n<p>  <a href=\"https:\/\/lecompagnonrouge.fr\/?p=1546\">Orme champ\u00eatre<\/a><\/p>\n\n\n\n<p>  <a href=\"https:\/\/lecompagnonrouge.fr\/?p=1546\">Ulmus minor<\/a><\/p>\n\n\n\n<p><strong><a href=\"https:\/\/lecompagnonrouge.fr\/?s=Urticaceae\">Urticaceae<\/a><\/strong><\/p>\n\n\n\n<p><a href=\"https:\/\/lecompagnonrouge.fr\/?p=2096\">Parietaria judaica<\/a><\/p>\n\n\n\n<div class=\"wp-block-media-text has-media-on-the-right\" style=\"grid-template-columns:auto 20%\"><div class=\"wp-block-media-text__content\">\n<p><a href=\"https:\/\/lecompagnonrouge.fr\/?p=2121\">Urtica dioica<\/a><\/p>\n<\/div><figure class=\"wp-block-media-text__media\"><a href=\"https:\/\/lecompagnonrouge.fr\/?p=2121\"><img loading=\"lazy\" decoding=\"async\" width=\"150\" height=\"127\" src=\"https:\/\/lecompagnonrouge.fr\/wp-content\/uploads\/2024\/11\/miniIMG_1534.jpg\" alt=\"\" class=\"wp-image-8345 size-full\"\/><\/a><\/figure><\/div>\n\n\n\n<p><\/p>\n\n\n\n<p><\/p>\n\n\n\n<div class=\"wp-block-media-text has-media-on-the-right\" style=\"grid-template-columns:auto 20%\"><div class=\"wp-block-media-text__content\">\n<p><a href=\"https:\/\/lecompagnonrouge.fr\/?p=2116\">Urtica urens<\/a><\/p>\n<\/div><figure class=\"wp-block-media-text__media\"><a href=\"https:\/\/lecompagnonrouge.fr\/?p=2116\"><img loading=\"lazy\" decoding=\"async\" width=\"850\" height=\"746\" src=\"https:\/\/lecompagnonrouge.fr\/wp-content\/uploads\/2024\/11\/miniIMG_1579.jpg\" alt=\"\" class=\"wp-image-8339 size-full\" srcset=\"https:\/\/lecompagnonrouge.fr\/wp-content\/uploads\/2024\/11\/miniIMG_1579.jpg 850w, https:\/\/lecompagnonrouge.fr\/wp-content\/uploads\/2024\/11\/miniIMG_1579-300x263.jpg 300w, https:\/\/lecompagnonrouge.fr\/wp-content\/uploads\/2024\/11\/miniIMG_1579-768x674.jpg 768w\" sizes=\"auto, (max-width: 850px) 100vw, 850px\" \/><\/a><\/figure><\/div>\n\n\n\n<p><\/p>\n\n\n\n<p><\/p>\n\n\n\n<p><strong><a href=\"https:\/\/lecompagnonrouge.fr\/?s=Verbenaceae\">Verbenaceae<\/a><\/strong><\/p>\n\n\n\n<div class=\"wp-block-media-text has-media-on-the-right\" style=\"grid-template-columns:auto 20%\"><div class=\"wp-block-media-text__content\">\n<p><a href=\"https:\/\/lecompagnonrouge.fr\/?p=8949\">Verbena bonariensis<\/a><\/p>\n<\/div><figure class=\"wp-block-media-text__media\"><a href=\"https:\/\/lecompagnonrouge.fr\/?p=8949\"><img loading=\"lazy\" decoding=\"async\" width=\"150\" height=\"143\" src=\"https:\/\/lecompagnonrouge.fr\/wp-content\/uploads\/2025\/02\/miniIMG_1624.jpg\" alt=\"\" class=\"wp-image-8957 size-full\"\/><\/a><\/figure><\/div>\n\n\n\n<p><\/p>\n\n\n\n<p><\/p>\n\n\n\n<p><a href=\"https:\/\/lecompagnonrouge.fr\/?p=4888\">Verbena officinalis<\/a><\/p>\n\n\n\n<p><a href=\"https:\/\/lecompagnonrouge.fr\/?p=8949\">Verveine de Buenos Aires<\/a><\/p>\n\n\n\n<p><a href=\"https:\/\/lecompagnonrouge.fr\/?p=4888\">Verveine officinale<\/a><\/p>\n\n\n\n<p><\/p>\n\n\n\n<p><strong><a href=\"https:\/\/lecompagnonrouge.fr\/?s=Violaceae\">Violaceae<\/a><\/strong><\/p>\n\n\n\n<p><a href=\"https:\/\/lecompagnonrouge.fr\/?p=563\">Pens\u00e9e des champs<\/a><\/p>\n\n\n\n<p><a href=\"https:\/\/lecompagnonrouge.fr\/?p=6761\">Pens\u00e9e sauvage<\/a><\/p>\n\n\n\n<p> <a href=\"https:\/\/lecompagnonrouge.fr\/?p=563\">Viola arvensis subsp arvensis<\/a> <\/p>\n\n\n\n<p> <a href=\"https:\/\/lecompagnonrouge.fr\/?p=548\">Viola odorota<\/a><\/p>\n\n\n\n<p>  <a href=\"https:\/\/lecompagnonrouge.fr\/?p=556\">Viola riviniana<\/a><\/p>\n\n\n\n<div class=\"wp-block-media-text has-media-on-the-right\" style=\"grid-template-columns:auto 20%\"><div class=\"wp-block-media-text__content\">\n<p><a href=\"https:\/\/lecompagnonrouge.fr\/?p=6761\">Viola tricolor<\/a><\/p>\n<\/div><figure class=\"wp-block-media-text__media\"><a href=\"https:\/\/lecompagnonrouge.fr\/?p=6761\"><img loading=\"lazy\" decoding=\"async\" width=\"150\" height=\"153\" src=\"https:\/\/lecompagnonrouge.fr\/wp-content\/uploads\/2024\/07\/miniIMG_1780.jpg\" alt=\"\" class=\"wp-image-6766 size-full\"\/><\/a><\/figure><\/div>\n\n\n\n<p><a href=\"https:\/\/lecompagnonrouge.fr\/?p=548\">Violette odorante<\/a><\/p>\n\n\n\n<p><a href=\"https:\/\/lecompagnonrouge.fr\/?p=556\">Violette de Rivinus<\/a><\/p>\n\n\n\n<p><strong>MONOCOTS:<\/strong><\/p>\n\n\n\n<p><\/p>\n\n\n\n<p><strong><a href=\"https:\/\/lecompagnonrouge.fr\/?s=Amaryllidaceae\">Amaryllidaceae<\/a><\/strong><\/p>\n\n\n\n<p><a href=\"https:\/\/lecompagnonrouge.fr\/?p=1043\">Ail des ours<\/a><\/p>\n\n\n\n<p><a href=\"https:\/\/lecompagnonrouge.fr\/?p=4289\">Ail des vignes<\/a><\/p>\n\n\n\n<p><a href=\"https:\/\/lecompagnonrouge.fr\/?p=3642\">Ail mara\u00eecher<\/a> <\/p>\n\n\n\n<p><a href=\"https:\/\/lecompagnonrouge.fr\/?p=3642\">Allium oleraceum<\/a><\/p>\n\n\n\n<p> <a href=\"https:\/\/lecompagnonrouge.fr\/?p=1043\">Allium ursinum<\/a><\/p>\n\n\n\n<p><a href=\"https:\/\/lecompagnonrouge.fr\/?p=4289\">Allium vineale<\/a><\/p>\n\n\n\n<p><\/p>\n\n\n\n<p><a href=\"https:\/\/lecompagnonrouge.fr\/?s=Asparagaceae\"><strong>Asparagaceae<\/strong><\/a><\/p>\n\n\n\n<p><a href=\"https:\/\/lecompagnonrouge.fr\/?p=1424\">Fragon petit houx<\/a><\/p>\n\n\n\n<p><a href=\"https:\/\/lecompagnonrouge.fr\/?p=1307\">Hyacinthoides non-scripta<\/a><\/p>\n\n\n\n<p><a href=\"https:\/\/lecompagnonrouge.fr\/?p=1307\">Jacinthe des bois<\/a><\/p>\n\n\n\n<p><a href=\"https:\/\/lecompagnonrouge.fr\/?p=6491\">Muscari \u00e0 toupet<\/a><\/p>\n\n\n\n<p><a href=\"https:\/\/lecompagnonrouge.fr\/?p=6491\">Muscari comosum<\/a><\/p>\n\n\n\n<p>  <a href=\"https:\/\/lecompagnonrouge.fr\/?p=1417\">Polygonatum multiflorum<\/a><\/p>\n\n\n\n<p><a href=\"https:\/\/lecompagnonrouge.fr\/?p=1424\">Ruscus aculeatus<\/a><\/p>\n\n\n\n<p><a href=\"https:\/\/lecompagnonrouge.fr\/?p=1417\">Sceau de Salomon multiflore<\/a><\/p>\n\n\n\n<p><strong><a href=\"https:\/\/lecompagnonrouge.fr\/?s=araceae\">Araceae<\/a><\/strong><\/p>\n\n\n\n<p><a href=\"https:\/\/lecompagnonrouge.fr\/?p=3874\">Arum italicum<\/a><\/p>\n\n\n\n<p><a href=\"https:\/\/lecompagnonrouge.fr\/?p=3887\">Arum maculatum<\/a><\/p>\n\n\n\n<p><a href=\"https:\/\/lecompagnonrouge.fr\/?p=3874\">Gouet d&rsquo;Italie<\/a><\/p>\n\n\n\n<p><a href=\"https:\/\/lecompagnonrouge.fr\/?p=3887\">Gouet tachet\u00e9<\/a><\/p>\n\n\n\n<p>  <a href=\"https:\/\/lecompagnonrouge.fr\/?p=964\">Lemna minor<\/a><\/p>\n\n\n\n<p><a href=\"https:\/\/lecompagnonrouge.fr\/?p=2297\">Lentille d&rsquo;eau \u00e0 racines nombreuses<\/a><\/p>\n\n\n\n<p><a href=\"https:\/\/lecompagnonrouge.fr\/?p=2297\">Spirodela polyrhiza<\/a><\/p>\n\n\n\n<p><strong><a href=\"https:\/\/lecompagnonrouge.fr\/?s=Cyperaceae\">Cyperaceae<\/a><\/strong><\/p>\n\n\n\n<div class=\"wp-block-media-text has-media-on-the-right\" style=\"grid-template-columns:auto 20%\"><div class=\"wp-block-media-text__content\">\n<p><a href=\"https:\/\/lecompagnonrouge.fr\/?p=10229\">Carex divulsa<\/a><\/p>\n<\/div><figure class=\"wp-block-media-text__media\"><a href=\"https:\/\/lecompagnonrouge.fr\/?p=10229\"><img loading=\"lazy\" decoding=\"async\" width=\"150\" height=\"160\" src=\"https:\/\/lecompagnonrouge.fr\/wp-content\/uploads\/2025\/06\/miniIMG_2896.jpg\" alt=\"\" class=\"wp-image-10237 size-full\"\/><\/a><\/figure><\/div>\n\n\n\n<p><\/p>\n\n\n\n<div class=\"wp-block-media-text has-media-on-the-right\" style=\"grid-template-columns:auto 20%\"><div class=\"wp-block-media-text__content\">\n<p><a href=\"https:\/\/lecompagnonrouge.fr\/?p=9554\">Carex hirta<\/a><\/p>\n<\/div><figure class=\"wp-block-media-text__media\"><a href=\"https:\/\/lecompagnonrouge.fr\/?p=9554\"><img loading=\"lazy\" decoding=\"async\" width=\"150\" height=\"172\" src=\"https:\/\/lecompagnonrouge.fr\/wp-content\/uploads\/2025\/04\/miniIMG_2522.jpg\" alt=\"\" class=\"wp-image-9568 size-full\"\/><\/a><\/figure><\/div>\n\n\n\n<p><\/p>\n\n\n\n<div class=\"wp-block-media-text has-media-on-the-right\" style=\"grid-template-columns:auto 20%\"><div class=\"wp-block-media-text__content\">\n<p><a href=\"https:\/\/lecompagnonrouge.fr\/?p=9998\">Carex leporina<\/a><\/p>\n<\/div><figure class=\"wp-block-media-text__media\"><img loading=\"lazy\" decoding=\"async\" width=\"150\" height=\"161\" src=\"https:\/\/lecompagnonrouge.fr\/wp-content\/uploads\/2025\/06\/miniIMG_2777.jpg\" alt=\"\" class=\"wp-image-10004 size-full\"\/><\/figure><\/div>\n\n\n\n<p><\/p>\n\n\n\n<div class=\"wp-block-media-text has-media-on-the-right\" style=\"grid-template-columns:auto 20%\"><div class=\"wp-block-media-text__content\">\n<p><a href=\"https:\/\/lecompagnonrouge.fr\/?p=3928\">Carex otrubae<\/a><\/p>\n<\/div><figure class=\"wp-block-media-text__media\"><img loading=\"lazy\" decoding=\"async\" width=\"150\" height=\"134\" src=\"https:\/\/lecompagnonrouge.fr\/wp-content\/uploads\/2025\/06\/miniIMG_9618.jpg\" alt=\"\" class=\"wp-image-10024 size-full\"\/><\/figure><\/div>\n\n\n\n<p><\/p>\n\n\n\n<div class=\"wp-block-media-text has-media-on-the-right\" style=\"grid-template-columns:auto 20%\"><div class=\"wp-block-media-text__content\">\n<p><a href=\"https:\/\/lecompagnonrouge.fr\/?p=10239\">Carex pendula<\/a><\/p>\n<\/div><figure class=\"wp-block-media-text__media\"><a href=\"https:\/\/lecompagnonrouge.fr\/?p=10239\"><img loading=\"lazy\" decoding=\"async\" width=\"150\" height=\"149\" src=\"https:\/\/lecompagnonrouge.fr\/wp-content\/uploads\/2025\/06\/miniIMG_1221.jpg\" alt=\"\" class=\"wp-image-10246 size-full\"\/><\/a><\/figure><\/div>\n\n\n\n<p><\/p>\n\n\n\n<div class=\"wp-block-media-text has-media-on-the-right\" style=\"grid-template-columns:auto 20%\"><div class=\"wp-block-media-text__content\">\n<p><a href=\"https:\/\/lecompagnonrouge.fr\/?p=9646\">Carex remota<\/a><\/p>\n<\/div><figure class=\"wp-block-media-text__media\"><a href=\"https:\/\/lecompagnonrouge.fr\/?p=9646\"><img loading=\"lazy\" decoding=\"async\" width=\"150\" height=\"158\" src=\"https:\/\/lecompagnonrouge.fr\/wp-content\/uploads\/2025\/05\/miniIMG_2545.jpg\" alt=\"\" class=\"wp-image-9653 size-full\"\/><\/a><\/figure><\/div>\n\n\n\n<p><\/p>\n\n\n\n<p><a href=\"https:\/\/lecompagnonrouge.fr\/?p=2236\">Cyperus eragrostis<\/a><\/p>\n\n\n\n<p><a href=\"https:\/\/lecompagnonrouge.fr\/?p=9646\">La\u00eeche \u00e0 \u00e9pis espac\u00e9s<\/a><\/p>\n\n\n\n<p><a href=\"https:\/\/lecompagnonrouge.fr\/?p=10239\">La\u00eeche \u00e0 \u00e9pis pendants<\/a><\/p>\n\n\n\n<p><a href=\"https:\/\/lecompagnonrouge.fr\/?p=10229\">La\u00eeche \u00e9cart\u00e9e<\/a><\/p>\n\n\n\n<p><a href=\"https:\/\/lecompagnonrouge.fr\/?p=3928\">La\u00eeche cuivr\u00e9e<\/a><\/p>\n\n\n\n<p><a href=\"https:\/\/lecompagnonrouge.fr\/?p=9554\">La\u00eeche h\u00e9riss\u00e9e<\/a><\/p>\n\n\n\n<p><a href=\"https:\/\/lecompagnonrouge.fr\/?p=9998\">La\u00eeche patte-de-li\u00e8vre<\/a><\/p>\n\n\n\n<p><a href=\"https:\/\/lecompagnonrouge.fr\/?p=2236\">Souchet vigoureux<\/a><\/p>\n\n\n\n<p><strong><a href=\"https:\/\/lecompagnonrouge.fr\/?s=Dioscoraceae\">Dioscoraceae<\/a><\/strong><\/p>\n\n\n\n<p>  <a href=\"https:\/\/lecompagnonrouge.fr\/?p=163\">Dioscorea communis<\/a><\/p>\n\n\n\n<p><\/p>\n\n\n\n<p><a href=\"https:\/\/lecompagnonrouge.fr\/?s=Iridaceae\"><strong>Iridaceae<\/strong><\/a><\/p>\n\n\n\n<p><\/p>\n\n\n\n<p><a href=\"https:\/\/lecompagnonrouge.fr\/?p=1595\">Iris des marais<\/a><\/p>\n\n\n\n<p><a href=\"https:\/\/lecompagnonrouge.fr\/?p=6584\">Iris F\u00e9tide<\/a><\/p>\n\n\n\n<p><a href=\"https:\/\/lecompagnonrouge.fr\/?p=6584\">Iris foetidissima<\/a><\/p>\n\n\n\n<p><a href=\"https:\/\/lecompagnonrouge.fr\/?p=1595\">Iris pseudoacorus<\/a><\/p>\n\n\n\n<p><strong><a href=\"https:\/\/lecompagnonrouge.fr\/?s=juncaceae\">Juncaceae<\/a><\/strong><\/p>\n\n\n\n<p><a href=\"https:\/\/lecompagnonrouge.fr\/?p=4117\">Jonc courb\u00e9<\/a><\/p>\n\n\n\n<p><a href=\"https:\/\/lecompagnonrouge.fr\/?p=4762\">Jonc diffus<\/a><\/p>\n\n\n\n<p><a href=\"https:\/\/lecompagnonrouge.fr\/?p=4234\">Jonc gr\u00eale<\/a> <\/p>\n\n\n\n<p><a href=\"https:\/\/lecompagnonrouge.fr\/?p=4762\">Juncus effusus<\/a><\/p>\n\n\n\n<p><a href=\"https:\/\/lecompagnonrouge.fr\/?p=4117\">Juncus inflexus<\/a><\/p>\n\n\n\n<p><a href=\"https:\/\/lecompagnonrouge.fr\/?p=4234\">Juncus tenuis subsp. tenuis<\/a> (+ Libellula quadrimaculata)<\/p>\n\n\n\n<p>  <a href=\"https:\/\/lecompagnonrouge.fr\/?p=1459\">Luzula campestris<\/a><\/p>\n\n\n\n<p><a href=\"https:\/\/lecompagnonrouge.fr\/?s=liliaceae\"><strong>Liliaceae<\/strong><\/a><\/p>\n\n\n\n<p> <a href=\"https:\/\/lecompagnonrouge.fr\/?p=478\">Fritillaria meleagris<\/a><\/p>\n\n\n\n<p><strong><a href=\"https:\/\/lecompagnonrouge.fr\/?s=orchidaceae\">Orchidaceae<\/a><\/strong><\/p>\n\n\n\n<p><a href=\"https:\/\/lecompagnonrouge.fr\/?p=8809\">Anacamptis pyramidalis<\/a><\/p>\n\n\n\n<p><a href=\"https:\/\/lecompagnonrouge.fr\/?p=6669\">Epipactis \u00e0 larges feuilles<\/a><\/p>\n\n\n\n<div class=\"wp-block-media-text has-media-on-the-right\" style=\"grid-template-columns:auto 20%\"><div class=\"wp-block-media-text__content\">\n<p><a href=\"https:\/\/lecompagnonrouge.fr\/?p=6669\">Epipactis helleborine subsp. helleborine<\/a><\/p>\n<\/div><figure class=\"wp-block-media-text__media\"><a href=\"https:\/\/lecompagnonrouge.fr\/?p=6669\"><img loading=\"lazy\" decoding=\"async\" width=\"150\" height=\"200\" src=\"https:\/\/lecompagnonrouge.fr\/wp-content\/uploads\/2024\/06\/miniIMG_20240613_170231.jpg\" alt=\"\" class=\"wp-image-6677 size-full\"\/><\/a><\/figure><\/div>\n\n\n\n<p><\/p>\n\n\n\n<div class=\"wp-block-media-text has-media-on-the-right\" style=\"grid-template-columns:auto 20%\"><div class=\"wp-block-media-text__content\">\n<p><a href=\"https:\/\/lecompagnonrouge.fr\/?p=7488\">Himantoglossum hircinum<\/a><\/p>\n<\/div><figure class=\"wp-block-media-text__media\"><a href=\"https:\/\/lecompagnonrouge.fr\/?p=7488\"><img loading=\"lazy\" decoding=\"async\" width=\"150\" height=\"157\" src=\"https:\/\/lecompagnonrouge.fr\/wp-content\/uploads\/2024\/10\/mini0IMG-20240614-WA0002.jpg\" alt=\"\" class=\"wp-image-7492 size-full\"\/><\/a><\/figure><\/div>\n\n\n\n<p><a href=\"https:\/\/lecompagnonrouge.fr\/?p=1298\">Orchis m\u00e2le<\/a><\/p>\n\n\n\n<p><a href=\"https:\/\/lecompagnonrouge.fr\/?p=1298\">Orchis mascula<\/a><\/p>\n\n\n\n<p><a href=\"https:\/\/lecompagnonrouge.fr\/?p=8809\">Orchis pyramidal<\/a><\/p>\n\n\n\n<p><a href=\"https:\/\/lecompagnonrouge.fr\/?s=poaceae\"><strong>Poaceae<\/strong><\/a><\/p>\n\n\n\n<p>Pour les Poaceae, autant que je les ai indiqu\u00e9s, il est conseill\u00e9 d&rsquo;utiliser les groupes dans la chaine taxonomique indiqu\u00e9e avec une police plus petite en fin de description des plantes et avant leur \u00e9cologies ou leurs \u00e9ventuels aspects \u00e9conomiques. Ces groupes reprennent, avec quelques diff\u00e9rences, le m\u00eame type de regroupements que ceux propos\u00e9s par Jauzein. Le principe \u00e9tant de se guider \u00e0 partir de ce qui est le plus g\u00e9n\u00e9ralement visible sur le terrain.<\/p>\n\n\n\n<p><a href=\"https:\/\/lecompagnonrouge.fr\/?p=1483\">Alpiste des Canaries<\/a> <\/p>\n\n\n\n<p><a href=\"https:\/\/lecompagnonrouge.fr\/?p=2585\">Alpiste faux-roseau<\/a><\/p>\n\n\n\n<p><a href=\"https:\/\/lecompagnonrouge.fr\/?p=1607\">Alopecurus pratensis<\/a><\/p>\n\n\n\n<p><a href=\"https:\/\/lecompagnonrouge.fr\/?p=9981\">Amourette<\/a><\/p>\n\n\n\n<p><a href=\"https:\/\/lecompagnonrouge.fr\/?p=6870\">Amourette (grande)<\/a><\/p>\n\n\n\n<p><a href=\"https:\/\/lecompagnonrouge.fr\/?p=6532\">Anisantha rubens<\/a><\/p>\n\n\n\n<p><a href=\"https:\/\/lecompagnonrouge.fr\/?p=2421\">Anisantha sterilis<\/a><\/p>\n\n\n\n<p><a href=\"https:\/\/lecompagnonrouge.fr\/?p=6095\">Anisantha tectorum<\/a><\/p>\n\n\n\n<div class=\"wp-block-media-text has-media-on-the-right\" style=\"grid-template-columns:auto 20%\"><div class=\"wp-block-media-text__content\">\n<p><a href=\"https:\/\/lecompagnonrouge.fr\/?p=1436\">Anthoxanthum odoratum<\/a><\/p>\n<\/div><figure class=\"wp-block-media-text__media\"><img loading=\"lazy\" decoding=\"async\" width=\"150\" height=\"149\" src=\"https:\/\/lecompagnonrouge.fr\/wp-content\/uploads\/2025\/06\/miniIMG_2697.jpg\" alt=\"\" class=\"wp-image-10027 size-full\"\/><\/figure><\/div>\n\n\n\n<p><\/p>\n\n\n\n<p><a href=\"https:\/\/lecompagnonrouge.fr\/?p=1280\">Arrhenatherum elatius subsp. elatius<\/a><\/p>\n\n\n\n<p><a href=\"https:\/\/lecompagnonrouge.fr\/?p=6546\">Avena sativa subsp. fatua<\/a><\/p>\n\n\n\n<p><a href=\"https:\/\/lecompagnonrouge.fr\/?p=2585\">Balding\u00e8re faux-roseau<\/a><\/p>\n\n\n\n<p><a href=\"https:\/\/lecompagnonrouge.fr\/?p=1488\">Bl\u00e9 tendre<\/a><\/p>\n\n\n\n<p><a href=\"https:\/\/lecompagnonrouge.fr\/?p=4194\">Brachypodium des bois<\/a><\/p>\n\n\n\n<p><a href=\"https:\/\/lecompagnonrouge.fr\/?p=4186\">Brachypode des rochers<\/a><\/p>\n\n\n\n<p><a href=\"https:\/\/lecompagnonrouge.fr\/?p=4186\">Brachypodium rupestre<\/a><\/p>\n\n\n\n<p><a href=\"https:\/\/lecompagnonrouge.fr\/?p=4194\">Brachypodium sylvaticum<\/a><\/p>\n\n\n\n<div class=\"wp-block-media-text has-media-on-the-right\" style=\"grid-template-columns:auto 20%\"><div class=\"wp-block-media-text__content\">\n<p><a href=\"https:\/\/lecompagnonrouge.fr\/?p=6870\">Briza maxima<\/a><\/p>\n<\/div><figure class=\"wp-block-media-text__media\"><a href=\"https:\/\/lecompagnonrouge.fr\/?p=6870\"><img loading=\"lazy\" decoding=\"async\" width=\"150\" height=\"179\" src=\"https:\/\/lecompagnonrouge.fr\/wp-content\/uploads\/2024\/07\/miniIMG_20240613_163447.jpg\" alt=\"\" class=\"wp-image-6877 size-full\"\/><\/a><\/figure><\/div>\n\n\n\n<p><\/p>\n\n\n\n<div class=\"wp-block-media-text has-media-on-the-right\" style=\"grid-template-columns:auto 20%\"><div class=\"wp-block-media-text__content\">\n<p><a href=\"https:\/\/lecompagnonrouge.fr\/?p=9981\">Briza media<\/a><\/p>\n<\/div><figure class=\"wp-block-media-text__media\"><a href=\"https:\/\/lecompagnonrouge.fr\/?p=9981\"><img loading=\"lazy\" decoding=\"async\" width=\"150\" height=\"146\" src=\"https:\/\/lecompagnonrouge.fr\/wp-content\/uploads\/2025\/06\/miniIMG_2840.jpg\" alt=\"\" class=\"wp-image-9993 size-full\"\/><\/a><\/figure><\/div>\n\n\n\n<p><\/p>\n\n\n\n<p><a href=\"https:\/\/lecompagnonrouge.fr\/?p=6532\">Brome rouge\u00e2tre<\/a><\/p>\n\n\n\n<p><a href=\"https:\/\/lecompagnonrouge.fr\/?p=6095\">Brome des toits<\/a><\/p>\n\n\n\n<p><a href=\"https:\/\/lecompagnonrouge.fr\/?p=4152\">Brome \u00e9rig\u00e9<\/a><\/p>\n\n\n\n<p><a href=\"https:\/\/lecompagnonrouge.fr\/?p=1371\">Brome mou<\/a><\/p>\n\n\n\n<p><a href=\"https:\/\/lecompagnonrouge.fr\/?p=9309\">Brome purgatif<\/a><\/p>\n\n\n\n<p><a href=\"https:\/\/lecompagnonrouge.fr\/?p=2421\">Brome st\u00e9rile<\/a><\/p>\n\n\n\n<p><a href=\"https:\/\/lecompagnonrouge.fr\/?p=4152\">Bromopsis erectus<\/a><\/p>\n\n\n\n<div class=\"wp-block-media-text has-media-on-the-right\" style=\"grid-template-columns:auto 20%\"><div class=\"wp-block-media-text__content\">\n<p><a href=\"https:\/\/lecompagnonrouge.fr\/?p=9309\">Bromus catharticus<\/a><\/p>\n<\/div><figure class=\"wp-block-media-text__media\"><a href=\"https:\/\/lecompagnonrouge.fr\/?p=9309\"><img loading=\"lazy\" decoding=\"async\" width=\"150\" height=\"142\" src=\"https:\/\/lecompagnonrouge.fr\/wp-content\/uploads\/2025\/04\/miniIMG_2380.jpg\" alt=\"\" class=\"wp-image-9340 size-full\"\/><\/a><\/figure><\/div>\n\n\n\n<p><\/p>\n\n\n\n<p><a href=\"https:\/\/lecompagnonrouge.fr\/?p=4152\">Bromus erectus<\/a><\/p>\n\n\n\n<p><a href=\"https:\/\/lecompagnonrouge.fr\/?p=1371\">Bromus hordaceus<\/a><\/p>\n\n\n\n<p><a href=\"https:\/\/lecompagnonrouge.fr\/?p=6532\">Bromus rubens<\/a> + Harmonia axyridis<\/p>\n\n\n\n<p><a href=\"https:\/\/lecompagnonrouge.fr\/?p=2421\">Bromus sterilis<\/a><\/p>\n\n\n\n<p><a href=\"https:\/\/lecompagnonrouge.fr\/?p=6095\">Bromus tectorum<\/a><\/p>\n\n\n\n<div class=\"wp-block-media-text has-media-on-the-right\" style=\"grid-template-columns:auto 20%\"><div class=\"wp-block-media-text__content\">\n<p><a href=\"https:\/\/lecompagnonrouge.fr\/?p=9309\">Ceratochloa cathartica<\/a><\/p>\n<\/div><figure class=\"wp-block-media-text__media\"><a href=\"https:\/\/lecompagnonrouge.fr\/?p=9309\"><img loading=\"lazy\" decoding=\"async\" width=\"150\" height=\"142\" src=\"https:\/\/lecompagnonrouge.fr\/wp-content\/uploads\/2025\/04\/miniIMG_2380.jpg\" alt=\"\" class=\"wp-image-9340 size-full\"\/><\/a><\/figure><\/div>\n\n\n\n<p><\/p>\n\n\n\n<p><\/p>\n\n\n\n<p><a href=\"https:\/\/lecompagnonrouge.fr\/?p=1443\">Cr\u00e9telle des pr\u00e9s<\/a><\/p>\n\n\n\n<div class=\"wp-block-media-text has-media-on-the-right\" style=\"grid-template-columns:auto 20%\"><div class=\"wp-block-media-text__content\">\n<p><a href=\"https:\/\/lecompagnonrouge.fr\/?p=1443\">Cynosurus cristatus<\/a><\/p>\n<\/div><figure class=\"wp-block-media-text__media\"><a href=\"https:\/\/lecompagnonrouge.fr\/?p=1443\"><img loading=\"lazy\" decoding=\"async\" width=\"150\" height=\"168\" src=\"https:\/\/lecompagnonrouge.fr\/wp-content\/uploads\/2024\/11\/miniIMG_1792.jpg\" alt=\"\" class=\"wp-image-8148 size-full\"\/><\/a><\/figure><\/div>\n\n\n\n<p> <a href=\"https:\/\/lecompagnonrouge.fr\/?p=1443\">Cynosurus cristatus<\/a><\/p>\n\n\n\n<p><a href=\"https:\/\/lecompagnonrouge.fr\/?p=1275\">Dactyle pelotonn\u00e9<\/a><\/p>\n\n\n\n<p><a href=\"https:\/\/lecompagnonrouge.fr\/?p=1275\">Dactylis glomerata subsp. glomerata<\/a> + Epichloe typhina<\/p>\n\n\n\n<p><a href=\"https:\/\/lecompagnonrouge.fr\/?p=1726\">Echinochloa crus-galli<\/a><\/p>\n\n\n\n<p><a href=\"https:\/\/lecompagnonrouge.fr\/?p=4258\">Elytrigia repens<\/a><\/p>\n\n\n\n<div class=\"wp-block-media-text has-media-on-the-right\" style=\"grid-template-columns:auto 20%\"><div class=\"wp-block-media-text__content\">\n<p><a href=\"https:\/\/lecompagnonrouge.fr\/?p=8874\">Eragrostis minor<\/a><\/p>\n<\/div><figure class=\"wp-block-media-text__media\"><img loading=\"lazy\" decoding=\"async\" width=\"150\" height=\"155\" src=\"https:\/\/lecompagnonrouge.fr\/wp-content\/uploads\/2025\/01\/miniIMG_20220807_123758.jpg\" alt=\"\" class=\"wp-image-8881 size-full\"\/><\/figure><\/div>\n\n\n\n<p><a href=\"https:\/\/lecompagnonrouge.fr\/?p=4954\">F\u00e9tuque faux roseau<\/a><\/p>\n\n\n\n<p><a href=\"https:\/\/lecompagnonrouge.fr\/?p=9061\">Fl\u00e9ole des pr\u00e9s<\/a><\/p>\n\n\n\n<p><a href=\"https:\/\/lecompagnonrouge.fr\/?p=1436\">Flouve odorante<\/a><\/p>\n\n\n\n<p><a href=\"https:\/\/lecompagnonrouge.fr\/?p=6546\">Folle avoine<\/a><\/p>\n\n\n\n<p><a href=\"https:\/\/lecompagnonrouge.fr\/?p=1280\">Fromental \u00e9lev\u00e9<\/a><\/p>\n\n\n\n<p><a href=\"https:\/\/lecompagnonrouge.fr\/?p=6870\">Grande amourette<\/a><\/p>\n\n\n\n<p><a href=\"https:\/\/lecompagnonrouge.fr\/?p=1389\">Holcus lanatus<\/a><\/p>\n\n\n\n<div class=\"wp-block-media-text has-media-on-the-right\" style=\"grid-template-columns:auto 20%\"><div class=\"wp-block-media-text__content\">\n<p><a href=\"https:\/\/lecompagnonrouge.fr\/?p=6827\">Holcus mollis subsp. mollis<\/a><\/p>\n<\/div><figure class=\"wp-block-media-text__media\"><a href=\"https:\/\/lecompagnonrouge.fr\/?p=6827\"><img loading=\"lazy\" decoding=\"async\" width=\"150\" height=\"133\" src=\"https:\/\/lecompagnonrouge.fr\/wp-content\/uploads\/2024\/07\/miniIMG_1843.jpg\" alt=\"\" class=\"wp-image-6835 size-full\"\/><\/a><\/figure><\/div>\n\n\n\n<p><a href=\"https:\/\/lecompagnonrouge.fr\/?p=4246\">Hordeum murinum subsp. leporinum<\/a><\/p>\n\n\n\n<p><a href=\"https:\/\/lecompagnonrouge.fr\/?p=2412\">Hordeum murinum subsp. murinum<\/a><\/p>\n\n\n\n<p><a href=\"https:\/\/lecompagnonrouge.fr\/?p=1389\">Houlque laineuse<\/a><\/p>\n\n\n\n<p><a href=\"https:\/\/lecompagnonrouge.fr\/?p=6827\">Houlque molle<\/a><\/p>\n\n\n\n<p><a href=\"https:\/\/lecompagnonrouge.fr\/?p=4954\">Ivraie faux roseau<\/a><\/p>\n\n\n\n<p><a href=\"https:\/\/lecompagnonrouge.fr\/?p=4141\">Ivraie vivace<\/a><\/p>\n\n\n\n<p><a href=\"https:\/\/lecompagnonrouge.fr\/?p=1227\">Lagure ovale<\/a><\/p>\n\n\n\n<p><a href=\"https:\/\/lecompagnonrouge.fr\/?p=1227\">Lagurus ovatus<\/a><\/p>\n\n\n\n<p><a href=\"https:\/\/lecompagnonrouge.fr\/?p=4954\">Lolium arundinaceum subsp. arundinaceum<\/a><\/p>\n\n\n\n<p><a href=\"https:\/\/lecompagnonrouge.fr\/?p=4141\">Lolium perenne<\/a><\/p>\n\n\n\n<p><a href=\"https:\/\/lecompagnonrouge.fr\/?p=1707\">Millet<\/a><\/p>\n\n\n\n<p><a href=\"https:\/\/lecompagnonrouge.fr\/?p=10825\">Millet des rivages<\/a><\/p>\n\n\n\n<p><a href=\"https:\/\/lecompagnonrouge.fr\/?p=4246\">Orge des li\u00e8vres<\/a><\/p>\n\n\n\n<p><a href=\"https:\/\/lecompagnonrouge.fr\/?p=2412\">Orge des rats<\/a><\/p>\n\n\n\n<p><a href=\"https:\/\/lecompagnonrouge.fr\/?p=1726\">Panic pied-de-coq<\/a><\/p>\n\n\n\n<p><a href=\"https:\/\/lecompagnonrouge.fr\/?p=10825\">Panicum capillare subsp. barbipulvinatum<\/a><\/p>\n\n\n\n<p><a href=\"https:\/\/lecompagnonrouge.fr\/?p=1707\">Panicum miliaceum subsp. miliaceum<\/a><\/p>\n\n\n\n<p><a href=\"https:\/\/lecompagnonrouge.fr\/?p=6041\">P\u00e2turin annuel<\/a><\/p>\n\n\n\n<p><a href=\"https:\/\/lecompagnonrouge.fr\/?p=6366\">P\u00e2turin bulbeux<\/a><\/p>\n\n\n\n<p><a href=\"https:\/\/lecompagnonrouge.fr\/?p=4391\">P\u00e2turin commun<\/a><\/p>\n\n\n\n<p><a href=\"https:\/\/lecompagnonrouge.fr\/?p=5599\">P\u00e2turin comprim\u00e9<\/a><\/p>\n\n\n\n<p><a href=\"https:\/\/lecompagnonrouge.fr\/?p=8967\">P\u00e2turin des bois<\/a><\/p>\n\n\n\n<p><a href=\"https:\/\/lecompagnonrouge.fr\/?p=8874\">Petit \u00e9ragrostis<\/a><\/p>\n\n\n\n<p><a href=\"https:\/\/lecompagnonrouge.fr\/?p=2585\">Phalaris arundinacea subsp. arundinacea<\/a><\/p>\n\n\n\n<p><a href=\"https:\/\/lecompagnonrouge.fr\/?p=1483\">Phalaris canariensis<\/a><\/p>\n\n\n\n<div class=\"wp-block-media-text has-media-on-the-right\" style=\"grid-template-columns:auto 20%\"><div class=\"wp-block-media-text__content\">\n<p><a href=\"https:\/\/lecompagnonrouge.fr\/?p=9061\">Phleum pratense<\/a><\/p>\n<\/div><figure class=\"wp-block-media-text__media\"><a href=\"https:\/\/lecompagnonrouge.fr\/?p=9061\"><img loading=\"lazy\" decoding=\"async\" width=\"150\" height=\"148\" src=\"https:\/\/lecompagnonrouge.fr\/wp-content\/uploads\/2025\/03\/miniIMG_1873.jpg\" alt=\"\" class=\"wp-image-9069 size-full\"\/><\/a><\/figure><\/div>\n\n\n\n<p><\/p>\n\n\n\n<p><\/p>\n\n\n\n<p><a href=\"https:\/\/lecompagnonrouge.fr\/?p=1600\">Phragmites australis<\/a><\/p>\n\n\n\n<p><a href=\"https:\/\/lecompagnonrouge.fr\/?p=6041\">Poa annua<\/a><\/p>\n\n\n\n<p><a href=\"https:\/\/lecompagnonrouge.fr\/?p=6366\">Poa bulbosa subsp. bulbosa<\/a><\/p>\n\n\n\n<p><a href=\"https:\/\/lecompagnonrouge.fr\/?p=5599\">Poa compressa<\/a><\/p>\n\n\n\n<div class=\"wp-block-media-text has-media-on-the-right\" style=\"grid-template-columns:auto 20%\"><div class=\"wp-block-media-text__content\">\n<p><a href=\"https:\/\/lecompagnonrouge.fr\/?p=8967\">Poa nemoralis<\/a><\/p>\n<\/div><figure class=\"wp-block-media-text__media\"><a href=\"https:\/\/lecompagnonrouge.fr\/?p=8967\"><img loading=\"lazy\" decoding=\"async\" width=\"150\" height=\"146\" src=\"https:\/\/lecompagnonrouge.fr\/wp-content\/uploads\/2025\/02\/miniIMG_1769.jpg\" alt=\"\" class=\"wp-image-8975 size-full\"\/><\/a><\/figure><\/div>\n\n\n\n<p><a href=\"https:\/\/lecompagnonrouge.fr\/?p=4391\">Poa trivialis<\/a><\/p>\n\n\n\n<p><a href=\"https:\/\/lecompagnonrouge.fr\/?p=10436\">Polypogon maritime<\/a><\/p>\n\n\n\n<p><\/p>\n\n\n\n<div class=\"wp-block-media-text has-media-on-the-right\" style=\"grid-template-columns:auto 20%\"><div class=\"wp-block-media-text__content\">\n<p><a href=\"https:\/\/lecompagnonrouge.fr\/?p=10436\">Polypogon maritimus subsp. maritimus<\/a><\/p>\n<\/div><figure class=\"wp-block-media-text__media\"><a href=\"https:\/\/lecompagnonrouge.fr\/?p=10436\"><img loading=\"lazy\" decoding=\"async\" width=\"150\" height=\"187\" src=\"https:\/\/lecompagnonrouge.fr\/wp-content\/uploads\/2025\/07\/miniIMG_20250711_172631.jpg\" alt=\"\" class=\"wp-image-10452 size-full\"\/><\/a><\/figure><\/div>\n\n\n\n<p><\/p>\n\n\n\n<p><a href=\"https:\/\/lecompagnonrouge.fr\/?p=4141\">Ray-grass anglais<\/a><\/p>\n\n\n\n<p><a href=\"https:\/\/lecompagnonrouge.fr\/?p=1600\">Roseau \u00e0 balai<\/a><\/p>\n\n\n\n<p><a href=\"https:\/\/lecompagnonrouge.fr\/?p=4954\">Schedonorus arundinaceus subsp. arundinaceus<\/a><\/p>\n\n\n\n<p><a href=\"https:\/\/lecompagnonrouge.fr\/?p=11335\">S\u00e9taire \u00e0 petites fleurs<\/a><\/p>\n\n\n\n<p><a href=\"https:\/\/lecompagnonrouge.fr\/?p=1748\">S\u00e9taire verticill\u00e9e<\/a><\/p>\n\n\n\n<p><a href=\"https:\/\/lecompagnonrouge.fr\/?p=11335\">Setaria parviflora<\/a><\/p>\n\n\n\n<p><a href=\"https:\/\/lecompagnonrouge.fr\/?p=1748\">Setaria verticillata<\/a><\/p>\n\n\n\n<p><a href=\"https:\/\/lecompagnonrouge.fr\/?p=1488\">Triticum aestivum<\/a><\/p>\n\n\n\n<div class=\"wp-block-media-text has-media-on-the-right\" style=\"grid-template-columns:auto 20%\"><div class=\"wp-block-media-text__content\">\n<p><a href=\"https:\/\/lecompagnonrouge.fr\/?p=8903\">Vulpia bromoides<\/a><\/p>\n<\/div><figure class=\"wp-block-media-text__media\"><a href=\"https:\/\/lecompagnonrouge.fr\/?p=8903\"><img loading=\"lazy\" decoding=\"async\" width=\"150\" height=\"171\" src=\"https:\/\/lecompagnonrouge.fr\/wp-content\/uploads\/2025\/02\/mini.jpg\" alt=\"\" class=\"wp-image-8911 size-full\"\/><\/a><\/figure><\/div>\n\n\n\n<p><a href=\"https:\/\/lecompagnonrouge.fr\/?p=8903\">Vulpie faux brome<\/a><\/p>\n\n\n\n<p><a href=\"https:\/\/lecompagnonrouge.fr\/?p=8903\">Vulpie queue d&rsquo;\u00e9cureuil<\/a> <\/p>\n\n\n\n<p><a href=\"https:\/\/lecompagnonrouge.fr\/?p=1607\">Vulpin des pr\u00e9s<\/a><\/p>\n\n\n\n<p><a href=\"https:\/\/lecompagnonrouge.fr\/?s=Potamogetonaceae\"><strong>Potamogetonaceae<\/strong><\/a><\/p>\n\n\n\n<p><a href=\"https:\/\/lecompagnonrouge.fr\/?p=2569\">Potamogeton nodosus<\/a><\/p>\n\n\n\n<p><a href=\"https:\/\/lecompagnonrouge.fr\/?s=Typhaceae\"><strong>Typhaceae<\/strong><\/a><\/p>\n\n\n\n<p><a href=\"https:\/\/lecompagnonrouge.fr\/?p=3939\">Massette \u00e0 feuillles \u00e9troites<\/a><\/p>\n\n\n\n<p><a href=\"https:\/\/lecompagnonrouge.fr\/?p=3939\">Typha angustifolia<\/a><\/p>\n\n\n\n<p><strong>PINOPSIDA(=GYMNOSPERMES)<\/strong><\/p>\n\n\n\n<p><strong><a href=\"https:\/\/lecompagnonrouge.fr\/?s=Cupressaceae\">Cupressaceae<\/a><\/strong><\/p>\n\n\n\n<p><a href=\"https:\/\/lecompagnonrouge.fr\/?p=5705\">Gen\u00e9vrier commun<\/a><\/p>\n\n\n\n<p><a href=\"https:\/\/lecompagnonrouge.fr\/?p=5705\">Juniperus communis<\/a><\/p>\n\n\n\n<p><a href=\"https:\/\/lecompagnonrouge.fr\/?s=pinaceae\"><strong>Pinaceae<\/strong><\/a><\/p>\n\n\n\n<p><a href=\"https:\/\/lecompagnonrouge.fr\/?p=10376\">Pin sylvestre<\/a><\/p>\n\n\n\n<div class=\"wp-block-media-text has-media-on-the-right\" style=\"grid-template-columns:auto 20%\"><div class=\"wp-block-media-text__content\">\n<p><a href=\"https:\/\/lecompagnonrouge.fr\/?p=10376\">Pinus sylvestris<\/a><\/p>\n<\/div><figure class=\"wp-block-media-text__media\"><a href=\"https:\/\/lecompagnonrouge.fr\/?p=10376\"><img loading=\"lazy\" decoding=\"async\" width=\"150\" height=\"138\" src=\"https:\/\/lecompagnonrouge.fr\/wp-content\/uploads\/2025\/07\/miniIMG_3025.jpg\" alt=\"\" class=\"wp-image-10382 size-full\"\/><\/a><\/figure><\/div>\n\n\n\n<p><\/p>\n\n\n\n<p><\/p>\n\n\n\n<p><strong><a href=\"https:\/\/lecompagnonrouge.fr\/?s=taxaceae\">Taxaceae<\/a><\/strong><\/p>\n\n\n\n<p><a href=\"https:\/\/lecompagnonrouge.fr\/?p=6074\">If commun<\/a><\/p>\n\n\n\n<p><a href=\"https:\/\/lecompagnonrouge.fr\/?p=6074\">Taxus baccata<\/a><\/p>\n\n\n\n<p><strong>POLYPODIIDAE (=PTERIDOPHYTES)<\/strong><\/p>\n\n\n\n<p><strong><a href=\"https:\/\/lecompagnonrouge.fr\/?s=aspleniaceae\">Aspleniaceae<\/a><\/strong><\/p>\n\n\n\n<div class=\"wp-block-media-text has-media-on-the-right\" style=\"grid-template-columns:auto 20%\"><div class=\"wp-block-media-text__content\">\n<p><a href=\"https:\/\/lecompagnonrouge.fr\/?p=6886\">Asplenium ceterach<\/a><\/p>\n<\/div><figure class=\"wp-block-media-text__media\"><a href=\"https:\/\/lecompagnonrouge.fr\/?p=6886\"><img loading=\"lazy\" decoding=\"async\" width=\"150\" height=\"123\" src=\"https:\/\/lecompagnonrouge.fr\/wp-content\/uploads\/2024\/07\/miniIMG_1928.jpg\" alt=\"\" class=\"wp-image-6894 size-full\"\/><\/a><\/figure><\/div>\n\n\n\n<p><\/p>\n\n\n\n<p><\/p>\n\n\n\n<p><a href=\"https:\/\/lecompagnonrouge.fr\/?p=6468\">Asplenium ruta-muraria<\/a><\/p>\n\n\n\n<div class=\"wp-block-media-text has-media-on-the-right\" style=\"grid-template-columns:auto 20%\"><div class=\"wp-block-media-text__content\">\n<p><a href=\"https:\/\/lecompagnonrouge.fr\/?p=7343\">Asplenium scolopendrium<\/a><\/p>\n<\/div><figure class=\"wp-block-media-text__media\"><a href=\"https:\/\/lecompagnonrouge.fr\/?p=7343\"><img loading=\"lazy\" decoding=\"async\" width=\"150\" height=\"135\" src=\"https:\/\/lecompagnonrouge.fr\/wp-content\/uploads\/2024\/10\/miniIMG_20240928_180011-Copie.jpg\" alt=\"\" class=\"wp-image-7347 size-full\"\/><\/a><\/figure><\/div>\n\n\n\n<p><\/p>\n\n\n\n<p><\/p>\n\n\n\n<p><a href=\"https:\/\/lecompagnonrouge.fr\/?p=3856\">Asplenium trichomanes subsp. quadrivalens<\/a><\/p>\n\n\n\n<p><a href=\"https:\/\/lecompagnonrouge.fr\/?p=6886\">Ceterach officinal<\/a><\/p>\n\n\n\n<p><a href=\"https:\/\/lecompagnonrouge.fr\/?p=7343\">Langue de cerf<\/a><\/p>\n\n\n\n<p><a href=\"https:\/\/lecompagnonrouge.fr\/?p=6468\">Rue des murailles<\/a><\/p>\n\n\n\n<p><a href=\"https:\/\/lecompagnonrouge.fr\/?p=7343\">Scolopendre<\/a><\/p>\n\n\n\n<p><strong><a href=\"https:\/\/lecompagnonrouge.fr\/?s=blechnaceae\">Blechnaceae<\/a><\/strong><\/p>\n\n\n\n<p><a href=\"https:\/\/lecompagnonrouge.fr\/?p=10347\">Blechnum en \u00e9pi<\/a><\/p>\n\n\n\n<div class=\"wp-block-media-text has-media-on-the-right\" style=\"grid-template-columns:auto 20%\"><div class=\"wp-block-media-text__content\">\n<p><a href=\"https:\/\/lecompagnonrouge.fr\/?p=10347\">Struthiopteris spicant<\/a><\/p>\n<\/div><figure class=\"wp-block-media-text__media\"><a href=\"https:\/\/lecompagnonrouge.fr\/?p=10347\"><img loading=\"lazy\" decoding=\"async\" width=\"150\" height=\"160\" src=\"https:\/\/lecompagnonrouge.fr\/wp-content\/uploads\/2025\/07\/miniIMG_20250626_180616.jpg\" alt=\"\" class=\"wp-image-10353 size-full\"\/><\/a><\/figure><\/div>\n\n\n\n<p><\/p>\n\n\n\n<p><strong><a href=\"https:\/\/lecompagnonrouge.fr\/?s=Dennstaedtiaceae\">Dennstaedtiaceae<\/a><\/strong><\/p>\n\n\n\n<p><a href=\"https:\/\/lecompagnonrouge.fr\/?p=1983\">Foug\u00e8re aigle<\/a><\/p>\n\n\n\n<p><a href=\"https:\/\/lecompagnonrouge.fr\/?p=1983\">Pteridium aquilinum<\/a><\/p>\n\n\n\n<p><strong><a href=\"https:\/\/lecompagnonrouge.fr\/?s=Dryopteridaceae\">Dryopteridaceae<\/a><\/strong><\/p>\n\n\n\n<p><a href=\"https:\/\/lecompagnonrouge.fr\/?p=1466\">Dryopteris filix-mas<\/a><\/p>\n\n\n\n<p><a href=\"https:\/\/lecompagnonrouge.fr\/?p=1466\">Foug\u00e8re m\u00e2le<\/a><\/p>\n\n\n\n<p><strong><a href=\"https:\/\/lecompagnonrouge.fr\/?s=Osmundaceae\">Osmundaceae<\/a><\/strong><\/p>\n\n\n\n<p><a href=\"https:\/\/lecompagnonrouge.fr\/?p=1998\">Foug\u00e8re royale<\/a><\/p>\n\n\n\n<p><a href=\"https:\/\/lecompagnonrouge.fr\/?p=1998\">Osmonde royale<\/a><\/p>\n\n\n\n<p><a href=\"https:\/\/lecompagnonrouge.fr\/?p=1998\">Osmunda regalis var. regalis<\/a><\/p>\n\n\n\n<p><strong><a href=\"https:\/\/lecompagnonrouge.fr\/?s=Polypodiaceae\">Polypodiaceae<\/a><\/strong><\/p>\n\n\n\n<p><a href=\"https:\/\/lecompagnonrouge.fr\/?p=8843\">Polypode commun<\/a><\/p>\n\n\n\n<p><a href=\"https:\/\/lecompagnonrouge.fr\/?p=1529\">Polypode interm\u00e9diaire<\/a><\/p>\n\n\n\n<p><a href=\"https:\/\/lecompagnonrouge.fr\/?p=1529\">Polypodium interjectum<\/a><\/p>\n\n\n\n<div class=\"wp-block-media-text has-media-on-the-right\" style=\"grid-template-columns:auto 20%\"><div class=\"wp-block-media-text__content\">\n<p><a href=\"https:\/\/lecompagnonrouge.fr\/?p=8843\">Polypodium vulgare<\/a><\/p>\n<\/div><figure class=\"wp-block-media-text__media\"><a href=\"https:\/\/lecompagnonrouge.fr\/?p=8843\"><img loading=\"lazy\" decoding=\"async\" width=\"150\" height=\"158\" src=\"https:\/\/lecompagnonrouge.fr\/wp-content\/uploads\/2025\/01\/miniIMG_1736.jpg\" alt=\"\" class=\"wp-image-8851 size-full\"\/><\/a><\/figure><\/div>\n\n\n\n<p><\/p>\n\n\n\n<p><strong>EQUISETIDAE<\/strong><\/p>\n\n\n\n<p><strong><a href=\"https:\/\/lecompagnonrouge.fr\/?s=equisetaceae\">Equisetaceae<\/a><\/strong><\/p>\n\n\n\n<div class=\"wp-block-media-text has-media-on-the-right\" style=\"grid-template-columns:auto 20%\"><div class=\"wp-block-media-text__content\">\n<p><a href=\"https:\/\/lecompagnonrouge.fr\/?p=9776\">Equisetum arvense<\/a><\/p>\n<\/div><figure class=\"wp-block-media-text__media\"><a href=\"https:\/\/lecompagnonrouge.fr\/?p=9776\"><img loading=\"lazy\" decoding=\"async\" width=\"150\" height=\"148\" src=\"https:\/\/lecompagnonrouge.fr\/wp-content\/uploads\/2025\/05\/miniIMG_2538.jpg\" alt=\"\" class=\"wp-image-9786 size-full\"\/><\/a><\/figure><\/div>\n\n\n\n<p><\/p>\n\n\n\n<p><a href=\"https:\/\/lecompagnonrouge.fr\/?p=9776\">Pr\u00eale des champs<\/a><\/p>\n\n\n\n<p><strong>MYCETES (ORGANISMES SYMBIOTIQUES): \u00ab\u00a0<a href=\"https:\/\/lecompagnonrouge.fr\/?s=Lichen\">LICHENS<\/a>\u00ab\u00a0<\/strong><\/p>\n\n\n\n<p>(Les lichens r\u00e9sultent d&rsquo;une association entre un champignon et un organisme algal ou encore avec une cyanobact\u00e9rie. Plusieurs d&rsquo;entre eux sont des bio-indicateurs de la qualit\u00e9 notamment de l&rsquo;air. Leur d\u00e9termination est souvent d\u00e9licate. Mais les moyens modernes, et la volont\u00e9 des sp\u00e9cialistes permet d&rsquo;atteindre la possibilit\u00e9 d&rsquo;identifier les plus simples d&rsquo;entre-eux)<\/p>\n\n\n\n<p><strong><a href=\"https:\/\/lecompagnonrouge.fr\/?s=peltigeraceae\">Peltigeraceae<\/a><\/strong><\/p>\n\n\n\n<p><a href=\"https:\/\/lecompagnonrouge.fr\/?p=5359\">Peltigera membranacea<\/a><\/p>\n\n\n\n<p><strong><a href=\"https:\/\/lecompagnonrouge.fr\/?s=Physciaceae\">Physciaceae<\/a><\/strong><\/p>\n\n\n\n<p><a href=\"https:\/\/lecompagnonrouge.fr\/?p=5896\">Amandinea punctata<\/a><\/p>\n\n\n\n<p><a href=\"https:\/\/lecompagnonrouge.fr\/?s=ramalinaceae\"><strong>Ramalinaceae<\/strong><\/a><\/p>\n\n\n\n<p><a href=\"https:\/\/lecompagnonrouge.fr\/?p=5380\">Ramalina farinacea aggr.<\/a><\/p>\n\n\n\n<p><strong><a href=\"https:\/\/lecompagnonrouge.fr\/?s=teloschistaceae\">Teloschistaceae<\/a><\/strong><\/p>\n\n\n\n<p><a href=\"https:\/\/lecompagnonrouge.fr\/?p=5593\">Xanthoria parietina subsp. parietina<\/a><\/p>\n\n\n\n<h2 class=\"wp-block-heading has-medium-font-size\" id=\"Bibliographie\" style=\"font-style:normal;font-weight:600\"><mark style=\"background-color:rgba(0, 0, 0, 0)\" class=\"has-inline-color has-luminous-vivid-orange-color\">Bibliographie du site<\/mark><\/h2>\n\n\n\n<p><strong>Identification des plantes<\/strong><\/p>\n\n\n\n<p>FLORES GENERALES ET REFERENTIELLES:<\/p>\n\n\n\n<p>ZONES TEMPEREES.<\/p>\n\n\n\n<p>Atlas biodivers!t\u00e9 Auvergne Rh\u00f4ne Alpes&nbsp;: <a href=\"https:\/\/atlas.biodiversite-auvergne-rhone-alpes.fr\/liste\/196545\">https:\/\/atlas.biodiversite-auvergne-rhone-alpes.fr\/liste\/196545<\/a>.<\/p>\n\n\n\n<p><mark style=\"background-color:rgba(0, 0, 0, 0)\" class=\"has-inline-color has-vivid-purple-color\">#R\u00e9gion Rh\u00f4ne Alpes.<\/mark> <mark style=\"background-color:rgba(0, 0, 0, 0)\" class=\"has-inline-color has-luminous-vivid-amber-color\">#Actuellement<\/mark><\/p>\n\n\n\n<p><\/p>\n\n\n\n<p>Eggenberg, S., M\u00f6hl, A., Purro, C., Jotterand, A., &amp; Wettstein, S. (2020). <em><strong>Flora vegetativa\u202f: Un guide pour d\u00e9terminer les plantes de Suisse \u00e0 l\u2019\u00e9tat v\u00e9g\u00e9tatif<\/strong><\/em> (3e \u00e9d., enti\u00e8rement remani\u00e9e et augment\u00e9e). Rossolis.<\/p>\n\n\n\n<p><mark style=\"background-color:rgba(0, 0, 0, 0)\" class=\"has-inline-color has-vivid-purple-color\">#Suisse. Etages (collin\u00e9en-) Alpin. Europe temp\u00e9r\u00e9e.<\/mark> <mark style=\"background-color:rgba(0, 0, 0, 0)\" class=\"has-inline-color has-luminous-vivid-amber-color\">#Actuellement<\/mark> <mark style=\"background-color:rgba(0, 0, 0, 0)\" class=\"has-inline-color has-vivid-cyan-blue-color\">#Etat v\u00e9g\u00e9tatif<\/mark> <strong>#r\u00e9f\u00e9rence<\/strong> (\/!\\ d\u00e9terminations toujours plus incertaines sur le v\u00e9g\u00e9tatif pur ou sur les plantules)<\/p>\n\n\n\n<p><\/p>\n\n\n\n<p>Etienne Aspord. Le site d\u2019Etienne Aspord : <a href=\"http:\/\/etienne.aspord.free.fr\/\">http:\/\/etienne.aspord.free.fr\/<\/a><\/p>\n\n\n\n<p><mark style=\"background-color:rgba(0, 0, 0, 0)\" class=\"has-inline-color has-vivid-purple-color\">#France hexagonale<\/mark><\/p>\n\n\n\n<p><\/p>\n\n\n\n<p>FloreAlpes de Franck Le Driant:&nbsp;<a href=\"https:\/\/www.florealpes.com\/index.php\"><u>https:\/\/www.florealpes.com\/index.php<\/u><\/a>&nbsp;<\/p>\n\n\n\n<p><mark style=\"background-color:rgba(0, 0, 0, 0)\" class=\"has-inline-color has-vivid-purple-color\"># Hautes Alpes, Provence, au-del\u00e0.<\/mark> <mark style=\"background-color:rgba(0, 0, 0, 0)\" class=\"has-inline-color has-luminous-vivid-amber-color\">#Actuellement<\/mark><\/p>\n\n\n\n<p><\/p>\n\n\n\n<p>Flore basque: <a href=\"http:\/\/floredupaysbasque.com\/pages\/plante-3659.html\">http:\/\/floredupaysbasque.com\/pages\/plante-3659.html<\/a><\/p>\n\n\n\n<p><mark style=\"background-color:rgba(0, 0, 0, 0)\" class=\"has-inline-color has-vivid-purple-color\">#Pays basque fran\u00e7ais.<\/mark><\/p>\n\n\n\n<p><\/p>\n\n\n\n<p>Flore de Coste. La. Elle est consultable sur <a href=\"https:\/\/www.tela-botanica.org\/\">Tela Botanica<\/a>, notamment.<\/p>\n\n\n\n<p><mark style=\"background-color:rgba(0, 0, 0, 0)\" class=\"has-inline-color has-vivid-purple-color\">#France hexagonale.<\/mark> <mark style=\"background-color:rgba(0, 0, 0, 0)\" class=\"has-inline-color has-luminous-vivid-amber-color\">#D\u00e9but XX \u00e8me si\u00e8cle.<\/mark><\/p>\n\n\n\n<p><\/p>\n\n\n\n<p>Flore du Puy-de-D\u00f4me: <a href=\"https:\/\/e-flore-puydedome.herbiers.uca.fr\/items\/browse\">https:\/\/e-flore-puydedome.herbiers.uca.fr\/items\/browse<\/a>.<\/p>\n\n\n\n<p><mark style=\"background-color:rgba(0, 0, 0, 0)\" class=\"has-inline-color has-vivid-purple-color\">#Puy-de-D\u00f4me. France hexagonale. Au del\u00e0.<\/mark> <mark style=\"background-color:rgba(0, 0, 0, 0)\" class=\"has-inline-color has-luminous-vivid-amber-color\">#Actuellement<\/mark><\/p>\n\n\n\n<p><\/p>\n\n\n\n<p>Infoflora: https:\/\/www.infoflora.ch\/fr\/<\/p>\n\n\n\n<p><mark style=\"background-color:rgba(0, 0, 0, 0)\" class=\"has-inline-color has-vivid-purple-color\">#Suisse. Au del\u00e0. Montagnes temp\u00e9r\u00e9es.<\/mark> <mark style=\"background-color:rgba(0, 0, 0, 0)\" class=\"has-inline-color has-luminous-vivid-amber-color\">#Actuellement<\/mark><\/p>\n\n\n\n<p><\/p>\n\n\n\n<p>Jauzein, P. (2011). <em><strong>Flore des champs cultiv\u00e9s<\/strong><\/em> (Nouvelle \u00e9d.). \u00c9d. Quae.<\/p>\n\n\n\n<p><mark style=\"background-color:rgba(0, 0, 0, 0)\" class=\"has-inline-color has-vivid-purple-color\">#France hexagonale.<\/mark> <mark style=\"background-color:rgba(0, 0, 0, 0)\" class=\"has-inline-color has-vivid-green-cyan-color\">#Centr\u00e9 sur les espaces sarcl\u00e9s.<\/mark> <mark style=\"background-color:rgba(0, 0, 0, 0)\" class=\"has-inline-color has-luminous-vivid-amber-color\">#Actuellement<\/mark><strong>#r\u00e9f\u00e9rence<\/strong><\/p>\n\n\n\n<p><\/p>\n\n\n\n<p>Jauzein, P. (avec Agence r\u00e9gionale de la biodiversit\u00e9). (2020). <em><strong>Cytotaxonomie de la flore francilienne<\/strong><\/em>. l\u2019Institut Paris r\u00e9gion, ARB, Agence r\u00e9gionale de la biodiversit\u00e9.<\/p>\n\n\n\n<p><mark style=\"background-color:rgba(0, 0, 0, 0)\" class=\"has-inline-color has-vivid-purple-color\">#\u00cele-de-France. France. Zones temp\u00e9r\u00e9es. Centr\u00e9 sur l\u2019\u00cele-de-France.<\/mark> <mark style=\"background-color:rgba(0, 0, 0, 0)\" class=\"has-inline-color has-luminous-vivid-amber-color\">#Actuellement<\/mark><strong>#r\u00e9f\u00e9rence<\/strong><\/p>\n\n\n\n<p><\/p>\n\n\n\n<p>Jauzein, P., &amp; Nawrot, O. (2011). <em>Flore d\u2019Ile-de-France<\/em> (Vol. 1). \u00c9d. Quae.<\/p>\n\n\n\n<p><mark style=\"background-color:rgba(0, 0, 0, 0)\" class=\"has-inline-color has-vivid-purple-color\">#\u00cele-de-France. Zone temp\u00e9r\u00e9e. Centr\u00e9 sur l\u2019\u00cele-de-France.<\/mark> <mark style=\"background-color:rgba(0, 0, 0, 0)\" class=\"has-inline-color has-luminous-vivid-amber-color\">#Actuellement<\/mark><\/p>\n\n\n\n<p><\/p>\n\n\n\n<p>Jauzein, P., &amp; Nawrot, O. (2013). <em><strong>Flore d\u2019\u00cele-de-France\u202f: Cl\u00e9s de d\u00e9termination, taxonomie, statuts<\/strong><\/em>(Vol. 2). \u00c9d. Quae.<\/p>\n\n\n\n<p><mark style=\"background-color:rgba(0, 0, 0, 0)\" class=\"has-inline-color has-vivid-purple-color\">#\u00cele-de-France. Zone temp\u00e9r\u00e9e. Centr\u00e9 sur l\u2019\u00cele-de-France.<\/mark> <mark style=\"background-color:rgba(0, 0, 0, 0)\" class=\"has-inline-color has-luminous-vivid-amber-color\">#Actuellement<\/mark><strong>#r\u00e9f\u00e9rence<\/strong><\/p>\n\n\n\n<p><\/p>\n\n\n\n<p>Lambinon, J., Delvosalle, L., &amp; Duvigneaud, J. (2004). <em><strong>Nouvelle flore de la Belgique, du Grand-Duch\u00e9 de Luxembourg, du Nord de la France et des r\u00e9gions voisines\u202f: Pt\u00e9ridophytes et spermatophytes<\/strong><\/em> (5e \u00e9d). Patrimoine du Jardin botanique national de Belgique. <\/p>\n\n\n\n<p><mark style=\"background-color:rgba(0, 0, 0, 0)\" class=\"has-inline-color has-vivid-purple-color\">#Belgique, Luxembourg, Nord de la France. Zones temp\u00e9r\u00e9es.<\/mark> <mark style=\"background-color:rgba(0, 0, 0, 0)\" class=\"has-inline-color has-luminous-vivid-amber-color\">#Actuellement<\/mark>. <strong>#r\u00e9f\u00e9rence<\/strong>. Note&nbsp;: cette flore est appel\u00e9e&nbsp;: Flore bleue.<\/p>\n\n\n\n<p>Mamarot, J., &amp; Rodriguez, A. (2014). <em><strong>Mauvaises herbes des cultures<\/strong><\/em> (4e \u00e9d). ACTA-le R\u00e9seau des instituts des fili\u00e8res animales et v\u00e9g\u00e9tales.<\/p>\n\n\n\n<p><mark style=\"background-color:rgba(0, 0, 0, 0)\" class=\"has-inline-color has-vivid-purple-color\">#France hexagonale. Au del\u00e0&nbsp;: zones temp\u00e9r\u00e9es<\/mark>. <mark style=\"background-color:rgba(0, 0, 0, 0)\" class=\"has-inline-color has-luminous-vivid-amber-color\">#Actuellement<\/mark>. <mark style=\"background-color:rgba(0, 0, 0, 0)\" class=\"has-inline-color has-vivid-cyan-blue-color\">#Plantules<\/mark> <mark style=\"background-color:rgba(0, 0, 0, 0)\" class=\"has-inline-color has-vivid-green-cyan-color\">#Centr\u00e9 sur les espaces sarcl\u00e9s<\/mark><strong>#r\u00e9f\u00e9rence<\/strong> (\/!\\ d\u00e9terminations toujours plus incertaines sur le v\u00e9g\u00e9tatif pur ou sur les plantules)<\/p>\n\n\n\n<p><\/p>\n\n\n\n<p>Manuel of alien plants of belgium:&nbsp;<a href=\"https:\/\/alienplantsbelgium.myspecies.info\/\"><u>https:\/\/alienplantsbelgium.myspecies.info<\/u><\/a><\/p>\n\n\n\n<p><mark style=\"background-color:rgba(0, 0, 0, 0)\" class=\"has-inline-color has-vivid-purple-color\">#Belgique. Zones temp\u00e9r\u00e9es (Monde).<\/mark> <mark style=\"background-color:rgba(0, 0, 0, 0)\" class=\"has-inline-color has-luminous-vivid-amber-color\">#Actuellement<\/mark><\/p>\n\n\n\n<p>Rameau, J.-C., Dum\u00e9, G., &amp; Mansion, D. (1989). <em><strong>Flore foresti\u00e8re fran\u00e7aise\u202f<\/strong><\/em><em>: Guide \u00e9cologique illustr\u00e9<\/em>. Institut pour le d\u00e9veloppement forestier Direction de l\u2019espace rural et de la for\u00eat Ecole nationale du g\u00e9nie rural des eaux et des for\u00eats.<\/p>\n\n\n\n<p><mark style=\"background-color:rgba(0, 0, 0, 0)\" class=\"has-inline-color has-vivid-purple-color\">#France hexagonale, <strong>Plaines et collines<\/strong>. Au del\u00e0&nbsp;: zones temp\u00e9r\u00e9es.<\/mark><strong>#r\u00e9f\u00e9rence<\/strong><\/p>\n\n\n\n<p><\/p>\n\n\n\n<p>Rameau, J.-C., Dum\u00e9, G., &amp; Mansion, D. (1993). <em>Flore foresti\u00e8re fran\u00e7aise\u202f: Guide \u00e9cologique illustr\u00e9<\/em>. Institut pour le d\u00e9veloppement forestier Direction de l\u2019espace rural et de la for\u00eat \u00c9cole nationale du g\u00e9nie rural des eaux et des for\u00eats.<\/p>\n\n\n\n<p><mark style=\"background-color:rgba(0, 0, 0, 0)\" class=\"has-inline-color has-vivid-purple-color\">#France hexagonale, Montagnes. Au del\u00e0&nbsp;: zones temp\u00e9r\u00e9es.<\/mark><\/p>\n\n\n\n<p><\/p>\n\n\n\n<p>Tison, J.-M., Foucault, B. de, &amp; Guiol, F. (avec Soci\u00e9t\u00e9 botanique de France). (2014). <em><strong>Flora Gallica<\/strong><\/em><em>\u202f: Flore de France<\/em>. Biotope.<\/p>\n\n\n\n<p><mark style=\"background-color:rgba(0, 0, 0, 0)\" class=\"has-inline-color has-vivid-purple-color\">#France hexagonale, Corse incluse. Au del\u00e0&nbsp;: zones temp\u00e9r\u00e9es.<\/mark> <mark style=\"background-color:rgba(0, 0, 0, 0)\" class=\"has-inline-color has-luminous-vivid-amber-color\">#Actuellement<\/mark><strong>#r\u00e9f\u00e9rence<\/strong><\/p>\n\n\n\n<p>SUBTROPICAL<\/p>\n\n\n\n<p>Flore alg\u00e9rienne du Maghreb: <a href=\"https:\/\/efloramaghreb.org\/genus\/189217\">https:\/\/efloramaghreb.org\/genus\/189217<\/a><\/p>\n\n\n\n<p><mark style=\"background-color:rgba(0, 0, 0, 0)\" class=\"has-inline-color has-vivid-purple-color\">#Maghreb.<\/mark> <mark style=\"background-color:rgba(0, 0, 0, 0)\" class=\"has-inline-color has-luminous-vivid-amber-color\">#Actuellement<\/mark><\/p>\n\n\n\n<p><\/p>\n\n\n\n<p>Flore du Maroc: <a href=\"https:\/\/www.floramaroccana.fr\/\">https:\/\/www.floramaroccana.fr\/<\/a><\/p>\n\n\n\n<p><mark style=\"background-color:rgba(0, 0, 0, 0)\" class=\"has-inline-color has-vivid-purple-color\">#Maroc, Maghreb<\/mark> <mark style=\"background-color:rgba(0, 0, 0, 0)\" class=\"has-inline-color has-luminous-vivid-amber-color\">#Actuellement<\/mark><\/p>\n\n\n\n<p><\/p>\n\n\n\n<p>Tison, Jauzein, Michaud, &amp; Huynh-Tan, B. (dir. ). (2014). <em><strong>Flore de la France m\u00e9diterran\u00e9enne continentale<\/strong><\/em><em>,<\/em>. CBNmed, Naturalia publication.<\/p>\n\n\n\n<p><mark style=\"background-color:rgba(0, 0, 0, 0)\" class=\"has-inline-color has-vivid-purple-color\">#M\u00e9diterran\u00e9e septentrionale&nbsp;de la France hexagonale (Hors Corse). Centr\u00e9e sur la m\u00e9diterran\u00e9e fran\u00e7aise<\/mark>. <mark style=\"background-color:rgba(0, 0, 0, 0)\" class=\"has-inline-color has-luminous-vivid-amber-color\">#Actuellement<\/mark><strong>#r\u00e9f\u00e9rence<\/strong><\/p>\n\n\n\n<p>TROPICAL<\/p>\n\n\n\n<p>Arbonnier, M. (2009). <em>Arbres, arbustes et lianes des zones s\u00e8ches d\u2019Afrique de l\u2019Ouest<\/em> (3\u00e8me \u00e9d). \u00c9ditions Qu\u00e6\u202f; Mus\u00e9um National d\u2019Histoire Naturelle.<\/p>\n\n\n\n<p><mark style=\"background-color:rgba(0, 0, 0, 0)\" class=\"has-inline-color has-vivid-purple-color\">#Afrique de l\u2019Ouest. Au del\u00e0.<\/mark> <mark style=\"background-color:rgba(0, 0, 0, 0)\" class=\"has-inline-color has-luminous-vivid-amber-color\">#Actuellement<\/mark><\/p>\n\n\n\n<p>Baumer, M. (1995). <em>Arbres, arbustes et arbrisseaux nourriciers en Afrique occidentale<\/em>. ENDA-Ed. <\/p>\n\n\n\n<p><mark style=\"background-color:rgba(0, 0, 0, 0)\" class=\"has-inline-color has-vivid-purple-color\">#Afrique de l\u2019Ouest. Au del\u00e0<\/mark><\/p>\n\n\n\n<p><\/p>\n\n\n\n<p>C\u00e9sar, J., &amp; Chatelain, C. (avec Universit\u00e9 de N\u2019Djam\u00e9na &amp; Conservatoire et Jardin botaniques de la Ville de Gen\u00e8ve). (2019). <em><strong>Flore illustr\u00e9e du Tchad<\/strong><\/em><strong>.<\/strong> Conservatoire et jardin botaniques de Gen\u00e8ve. Tchad. <\/p>\n\n\n\n<p><mark style=\"background-color:rgba(0, 0, 0, 0)\" class=\"has-inline-color has-vivid-purple-color\">#Afrique centrale, Afrique de l\u2019Ouest. Au del\u00e0<\/mark>. <mark style=\"background-color:rgba(0, 0, 0, 0)\" class=\"has-inline-color has-luminous-vivid-amber-color\">#Actuellement<\/mark><strong>#r\u00e9f\u00e9rence<\/strong><\/p>\n\n\n\n<p><\/p>\n\n\n\n<p>Flora e funga do brasil:&nbsp;<a href=\"https:\/\/reflora.jbrj.gov.br\/reflora\/PrincipalUC\/PrincipalUC.do\"><u>https:\/\/reflora.jbrj.gov.br\/reflora\/PrincipalUC\/PrincipalUC.do<\/u><\/a>.<\/p>\n\n\n\n<p><mark style=\"background-color:rgba(0, 0, 0, 0)\" class=\"has-inline-color has-vivid-purple-color\">#Br\u00e9sil, au-del\u00e0<\/mark>. <mark style=\"background-color:rgba(0, 0, 0, 0)\" class=\"has-inline-color has-luminous-vivid-amber-color\">#Actuellement<\/mark><\/p>\n\n\n\n<p>Flore de guyane:&nbsp;<a href=\"https:\/\/floredeguyane.piwigo.com\/\"><u>https:\/\/floredeguyane.piwigo.com\/<\/u><\/a>.<\/p>\n\n\n\n<p><mark style=\"background-color:rgba(0, 0, 0, 0)\" class=\"has-inline-color has-vivid-purple-color\">#Guyane. Amazonie.<\/mark> <mark style=\"background-color:rgba(0, 0, 0, 0)\" class=\"has-inline-color has-luminous-vivid-amber-color\">#Actuellement<\/mark><\/p>\n\n\n\n<p><\/p>\n\n\n\n<p>Goubault, O., &amp; al. (2012). <em>Quel est donc cet arbre<\/em>. F\u00e9d\u00e9ration des clubs CPN.<\/p>\n\n\n\n<p><mark style=\"background-color:rgba(0, 0, 0, 0)\" class=\"has-inline-color has-vivid-purple-color\">#Afrique de l\u2019Ouest.<\/mark><\/p>\n\n\n\n<p>MONDE<\/p>\n\n\n\n<p>Efloras. Flora of north america, Of China, Of Pakistan (\u2026): <a href=\"http:\/\/www.efloras.org\/\">http:\/\/www.efloras.org<\/a><\/p>\n\n\n\n<p>Herbier en ligne du MNHN France: <a href=\"https:\/\/science.mnhn.fr\/institution\/mnhn\/collection\/p\/item\/search\/form\">https:\/\/science.mnhn.fr\/institution\/mnhn\/collection\/p\/item\/search\/form<\/a><\/p>\n\n\n\n<p>Kew Botanical garden. Plants of the world on line. <a href=\"https:\/\/powo.science.kew.org\/taxon\/urn:lsid:ipni.org:names:60466967-2\/general-information\">https:\/\/powo.science.kew.org\/taxon\/urn:lsid:ipni.org:names:60466967-2\/general-information<\/a><\/p>\n\n\n\n<p><\/p>\n\n\n\n<p>DOCUMENTATION FLORISTIQUE SELON LE RANG TAXONOMIQUE:<\/p>\n\n\n\n<p>ADANSONIA (GENRE): <\/p>\n\n\n\n<p>Wan, JN., Wang, SW., Leitch, A.R. <em>et al.<\/em> The rise of baobab trees in Madagascar. <em>Nature<\/em> <strong>629<\/strong>, 1091\u20131099 (2024). <a href=\"https:\/\/doi.org\/10.1038\/s41586-024-07447-4\">https:\/\/doi.org\/10.1038\/s41586-024-07447-4<\/a><\/p>\n\n\n\n<p>A\u00efda Gabar DIOP, Mama SAKHO, Manuel DORNIER, Mady CISSE, Max REYNES, <em>Le baobab africain, principales caract\u00e9ristiques et utilisations<\/em>, dans Fruits, 2005, vol. 61, p. 55\u201369 \u00a9 2005 Cirad\/EDP Sciences, All rights reserved<br>DOI: <a href=\"https:\/\/doi.org\/10.1051\/fruits:2006005.\">10.1051\/fruits:2006005<\/a><\/p>\n\n\n\n<p>AGROSTEMMA GITHAGO (ESPECE):<\/p>\n\n\n\n<p>Digitale2, Conservatoire botanique de Bailleul, agrostemma githago: https:\/\/digitale.cbnbl.org\/digitale-rft\/Consultation\/Taxon_accueil.do?codeMetier=4239<\/p>\n\n\n\n<p>ANTHEMIDEAE (TRIBU)<\/p>\n\n\n\n<p>Presti, R.M.L., Oppolzer, S. and Oberprieler, C. (2010), A molecular phylogeny and a revised classification of the Mediterranean genus <em>Anthemis<\/em> s.l. (Compositae, Anthemideae) based on three molecular markers and micromorphological characters. Taxon, 59: 1441-1456. <a href=\"https:\/\/doi.org\/10.1002\/tax.595010\">https:\/\/doi.org\/10.1002\/tax.595010<\/a><\/p>\n\n\n\n<p>ANTHYLLIS VULNERARIA SUBSP. PPOLYPHYLLA (SOUS-ESPECE):<\/p>\n\n\n\n<p>Floraveg.eu: <a href=\"https:\/\/floraveg.eu\/en\/taxon\/overview\/Anthyllis%20vulneraria%20subsp.%20polyphylla\">https:\/\/floraveg.eu\/en\/taxon\/overview\/Anthyllis%20vulneraria%20subsp.%20polyphylla<\/a><\/p>\n\n\n\n<p>APIACEAE (GENRE):<\/p>\n\n\n\n<p>Jean-Pierre Reduron, Muckensturm Bernard, Ombellif\u00e8res de France, Monographie des Ombellif\u00e8res (Apiaceae) et plantes alli\u00e9es, indig\u00e8nes, naturalis\u00e9es, subspontan\u00e9es, adventices ou cultiv\u00e9es de la flore fran\u00e7aise. Vol1-5 , Num\u00e9ros sp\u00e9ciaux des Bulletins de la Soci\u00e9t\u00e9 Botanique du Centre-Ouest. Nouvelle s\u00e9rie, Nercillac, Soci\u00e9t\u00e9 botanique du Centre Ouest, 2007<\/p>\n\n\n\n<p>Jean-Pierre Reduron &amp; Krzysztof Spalik (1995) Le genre Anthriscus (Apiaceae) dans la flore fran\u00e7aise, Acta Botanica Gallica, 142:1, 55-96, DOI: 10.1080\/12538078.1995.10515691<br><a href=\"https:\/\/doi.org\/10.1080\/12538078.1995.10515691\">https:\/\/doi.org\/10.1080\/12538078.1995.10515691<\/a><\/p>\n\n\n\n<p><\/p>\n\n\n\n<p>ASPLENIUM SCOLOPENDRIUM (AGREGAT D&rsquo;ESPECES):<\/p>\n\n\n\n<p>Namjoo Heo, EVOLUTIONARY HISTORY AND DIVERGENCE OF ASPLENIUM SCOLOPENDRIUM COMPLEX<br>AND IMPLICATIONS FOR TAXONOMY AND CONSERVATION, dissertation submitted in partial fulfillment<br>of the requirements for the Doctor of Philosophy Degree State University of New York, College of Environmental Science and Forestry, Syracuse, New York, December 2021, Department of Environmental Biology: [pdf] <a href=\"https:\/\/experts.esf.edu\/view\/pdfCoverPage?instCode=01SUNY_ESF&amp;filePid=1364057350004826&amp;download=true\">https:\/\/experts.esf.edu\/view\/pdfCoverPage?instCode=01SUNY_ESF&amp;filePid=1364057350004826&amp;download=true<\/a><\/p>\n\n\n\n<p>Heo, Namjoo &amp; Yun, Seona &amp; Fernando, Danilo. (2023). Molecular phylogenetic assessment of three major taxa in the Asplenium scolopendrium complex (Aspleniaceae). TAXON. 72. 10.1002\/tax.12890. March 2023.<a href=\"https:\/\/www.researchgate.net\/journal\/Taxon-1996-8175\">Taxon<\/a> 72(2). DOI:<a href=\"http:\/\/dx.doi.org\/10.1002\/tax.12890\" target=\"_blank\" rel=\"noreferrer noopener\">10.1002\/tax.12890<\/a><\/p>\n\n\n\n<p>BROMUS (GENRE):<\/p>\n\n\n\n<p>Li, Shichao &amp; Tian, Chunyu &amp; Hu, Haihong &amp; Yang, Yanting &amp; Ma, Huiling &amp; Liu, Qian &amp; Liu, Lemeng &amp; Li, Zhiyong &amp; wu, Zinian. (2024). Characterization and Comparative Analysis of Complete Chloroplast Genomes of Four Bromus (Poaceae, Bromeae) Species. Genes. 15. 815. 10.3390\/genes15060815. https:\/\/www.researchgate.net\/publication\/381602983_Characterization_and_Comparative_Analysis_of_Complete_Chloroplast_Genomes_of_Four_Bromus_Poaceae_Bromeae_Species<\/p>\n\n\n\n<p>M. Tuna , H. \u00d6zkan , S. Kafkas , Phylogenetic Relationships Among Species of Section Pnigma of The Genus Bromus L. Determined by AFLP Analysis, in 3.10. Genetic resources and diversity utilisation: <a href=\"https:\/\/www.cabidigitallibrary.org\/doi\/pdf\/10.5555\/20073231318\">https:\/\/www.cabidigitallibrary.org\/doi\/pdf\/10.5555\/20073231318<\/a><\/p>\n\n\n\n<p>Nasiri A, Kazempour-Osaloo S, Hamzehee B, Bull RD, Saarela JM. A phylogenetic analysis of <em>Bromus<\/em> (Poaceae: Pooideae: Bromeae) based on nuclear ribosomal and plastid data, with a focus on <em>Bromus<\/em> sect. <em>Bromus<\/em>. PeerJ. 2022 Sep 28;10:e13884. doi: 10.7717\/peerj.13884. PMID: 36193423; PMCID: PMC9526414.<\/p>\n\n\n\n<p>CAREX (Genre):<\/p>\n\n\n\n<p>Diapo Carex remota du Conservatoire botanique de Brest: https:\/\/www.cbnbrest.fr\/files\/Fiche_ZH_BZH_Carex_remota_20230112.pdf<\/p>\n\n\n\n<p>DUBOC Pascal, 2012 \u2013 R\u00e9flexion sur <em>Carex leporina<\/em> L. var. <em>subfestiva<\/em> Lange 1860 \u2013 Bull. Soc. Bot. Centre-Ouest (nouv. s\u00e9r.) \u2013 43 : pp. 3 \u00e0 6: <a href=\"https:\/\/www.cbnmc.fr\/actualites\/235-carex-leporina-var-subfestiva-reste-une-simple-variete\">https:\/\/www.cbnmc.fr\/actualites\/235-carex-leporina-var-subfestiva-reste-une-simple-variete<\/a><\/p>\n\n\n\n<p>Koopman, Jacob &amp; Wieclaw, Helena. (2017). The section Phaestoglochin (Carex, Cyperaceae) in the Netherlands. Gorteria. 39. 79-87.<\/p>\n\n\n\n<p>Cordier, Cl\u00e9 de de d\u00e9termination du centre val-de-Loire, Compilation et adapatation, version 2, 2020: <a href=\"https:\/\/cbnbp.mnhn.fr\/cbnbp\/ressources\/telechargements\/Cordier_J_2020_Cle_determination_Flore_CVL_Cyperacees_V2.pdf\">https:\/\/cbnbp.mnhn.fr\/cbnbp\/ressources\/telechargements\/Cordier_J_2020_Cle_determination_Flore_CVL_Cyperacees_V2.pdf<\/a><\/p>\n\n\n\n<p>CEIBA (GENRE): <\/p>\n\n\n\n<p>Flore en ligne du Mexique. eFloraMex: <a href=\"https:\/\/efloramex.ib.unam.mx\/\">https:\/\/efloramex.ib.unam.mx\/<\/a> Ceiba pentandra: <a href=\"https:\/\/efloramex.ib.unam.mx\/cdm_dataportal\/taxon\/a83b3c26-340e-4345-a57e-4fd5f2fdcf77\">https:\/\/efloramex.ib.unam.mx\/cdm_dataportal\/taxon\/a83b3c26-340e-4345-a57e-4fd5f2fdcf77<\/a><br><br>G\u00f3mez-Maqueo X, Gamboa-deBuen A. The Biology of the Genus <em>Ceiba<\/em>, a Potential Source for Sustainable Production of Natural Fiber. Plants (Basel). 2022 Feb 15;11(4):521. doi: 10.3390\/plants11040521. PMID: 35214854; PMCID: PMC8876852.<\/p>\n\n\n\n<p>Gibbs, Peter &amp; Semir, Jo\u00e3o. (2002). A taxonomic revision of the genus Ceiba Mill (Bombacaceae). Anales del Jard\u00edn Bot\u00e1nico de Madrid, ISSN 0211-1322, Vol. 60, N\u00ba 2, 2002, pags. 259-300. <a href=\"https:\/\/www.researchgate.net\/publication\/28150456_A_taxonomic_revision_of_the_genus_Ceiba_Mill_Bombacaceae\">https:\/\/www.researchgate.net\/publication\/28150456_A_taxonomic_revision_of_the_genus_Ceiba_Mill_Bombacaceae<\/a><\/p>\n\n\n\n<p>Pezzini, Fl\u00e1via &amp; Dexter, Kyle &amp; Carvalho-Sobrinho, Jefferson &amp; Kidner, Catherine &amp; Nicholls, James &amp; Queiroz, Luciano &amp; Pennington, R.. (2020). Phylogeny and biogeography of Ceiba Mill. (Malvaceae, Bombacoideae). Frontiers of Biogeography. <a href=\"https:\/\/www.researchgate.net\/publication\/348241955_Phylogeny_and_biogeography_of_Ceiba_Mill_Malvaceae_Bombacoideae\">13. 10.21425\/F5FBG49226<\/a>. <\/p>\n\n\n\n<p><\/p>\n\n\n\n<p>EPILOBIUM (GENRE):<\/p>\n\n\n\n<p>Leurquin Jean, Etude des Epilobes et de leurs hybrides de la Belgique et des r\u00e9gions voisines: https:\/\/naturalistesdelahautelesse.be\/Publications\/CLES%20BOTA%20DE%20JEAN%20L\/Epilobium.pdf<\/p>\n\n\n\n<p>JASIONE (GENRE):<\/p>\n\n\n\n<p>Sales, F\u00e1tima &amp; HEDGE&nbsp;, I.&nbsp; &amp; Moeller, Michael. (2005). Phylogeny and species relationships in Jasione (Campanulaceae) with emphasis on the \u2018Montana-complex\u2019. Edinburgh Journal of Botany. 62. 29 &#8211; 51. <a href=\"http:\/\/dx.doi.org\/10.1017\/S0960428606000047\" target=\"_blank\" rel=\"noreferrer noopener\">10.1017\/S0960428606000047<\/a>.<\/p>\n\n\n\n<p>Sales, F\u00e1tima &amp; Hedge, I.C. &amp; Eddie, William &amp; Preston, Jill &amp; Moeller, Michael. (2004). Jasione L. taxonomy and phylogeny. 28. 253-259. https:\/\/www.researchgate.net\/publication\/291512606_Jasione_L_taxonomy_and_phylogeny<\/p>\n\n\n\n<p><\/p>\n\n\n\n<p>KNAUTIA ARVERNENSIS (ESPECE): <\/p>\n\n\n\n<p>Munoz Fran\u00e7ois. Identification, \u00e9cologie et distribution de&nbsp;<em>Knautia arvernensis<\/em>&nbsp;(Briq.) et&nbsp;<em>Knautia x chassagnei<\/em>Szab\u00f3 (<em>Caprifoliaceae<\/em>) dans le Haut Jura )dans le Haut Beaujolais (France). In:&nbsp;<em>Bulletin mensuel de la Soci\u00e9t\u00e9 linn\u00e9enne de Lyon<\/em>, 83\u1d49 ann\u00e9e, n\u00b03-4, Mars-avril 2014. pp. 55-60. DOI :&nbsp;<a href=\"https:\/\/doi.org\/10.3406\/linly.2014.13903\">https:\/\/doi.org\/10.3406\/linly.2014.13903<\/a><a href=\"https:\/\/www.persee.fr\/doc\/linly_0366-1326_2014_num_83_3_13903\">www.persee.fr\/doc\/linly_0366-1326_2014_num_83_3_13903<\/a><\/p>\n\n\n\n<p>LINUM (GENRE):<\/p>\n\n\n\n<p>McDill, Joshua &amp; Repplinger, Miriam &amp; Simpson, Beryl &amp; Kadereit, Joachim. (2009). The Phylogeny of Linum and Linaceae Subfamily Linoideae, with Implications for Their Systematics, Biogeography, and Evolution of Heterostyly. Systematic Botany. 34. 386-405. DOI:<a href=\"http:\/\/dx.doi.org\/10.1600\/036364409788606244\" target=\"_blank\" rel=\"noreferrer noopener\">10.1600\/036364409788606244<\/a><\/p>\n\n\n\n<p>OENOTHERA (GENRE):<\/p>\n\n\n\n<p>LE BAIL J. &#8211; Les Oenothera, section Oenothera, sous-section Oenothera Dietrich et al., actuellement reconnues dans la r\u00e9gion Pays de la Loire. E.R.I.C.A., 30 : 37-45. Consultable: https:\/\/www.cbnbrest.fr\/pmb_pdf\/ERICA_2016_63107.pdf<\/p>\n\n\n\n<p>Belhac\u00e8ne Lionel, 2017, \u00ab\u00a0Le genre Oenothera en Haute-Garonne\u00a0\u00bb, dans Isatis num\u00e9ro 17: <a href=\"https:\/\/sbocc.fr\/wp-content\/uploads\/2020\/06\/7-Le-genre-Oenothera-en-Haute.pdf\">7-Le-genre-Oenothera-en-Haute.pdf (sbocc.fr)<\/a><\/p>\n\n\n\n<p>ORCHIDACEAE (FAMILLE)<\/p>\n\n\n\n<p>Classe de CM2 de Mr Dugied, \u00e0 Valbonne (06), pr\u00e9face d&rsquo;Eroll V\u00e9la,&nbsp;Les chevaliers de l\u2019orchid\u00e9e sauvage, guide des orchid\u00e9es de l\u2019\u00cele verte et du plateau Saint-Barnab\u00e9, par la classe de CM2 de ce professeur, M Dugied, situ\u00e9e \u00e0 Valbonne (06), aux \u00e9ditions Le Mur de la Classe. Cote BNF: Recueil: 8-WZ-6509 (cote valide en 2025)<\/p>\n\n\n\n<p>Soci\u00e9t\u00e9 d&rsquo;orchidophilie en Normandie, Rechercher les orchid\u00e9es en Hiver: https:\/\/sfo-normandie.com\/actualites\/rechercher-les-orchidees-en-hiver\/<\/p>\n\n\n\n<p><\/p>\n\n\n\n<p>OROBANCHE (GENRE)<\/p>\n\n\n\n<p>Piwowarczyk R, Schneider AC, G\u00f3ralski G, Kwolek D, Denysenko-Bennett M, Burda A, Rura\u017c K, Joachimiak AJ, Pedraja \u00d3S (2021) Phylogeny and historical biogeography analysis support Caucasian and Mediterranean centres of origin of key holoparasitic Orobancheae (Orobanchaceae) lineages. PhytoKeys 174: 165-194. <a href=\"https:\/\/doi.org\/10.3897\/phytokeys.174.62524\" target=\"_blank\" rel=\"noreferrer noopener\">https:\/\/doi.org\/10.3897\/phytokeys.174.62524<\/a><\/p>\n\n\n\n<p>POLYPODIUM (GENRE):<\/p>\n\n\n\n<p>Froissard, Fons, Boudrie, Chabrol, Conference: Caract\u00e8res morphologiques des diff\u00e9rents taxons de Polypodes de France m\u00e9tropolitaine.At: XXI\u00e8mes Journ\u00e9es Scientifiques Nationales de Stolon (Clermont-Ferrand, France, 1-2\/09\/2011). visible: https:\/\/www.researchgate.net\/publication\/255485958_Caracteres_morphologiques_des_differents_taxons_de_Polypodes_de_France_metropolitaine<\/p>\n\n\n\n<p><\/p>\n\n\n\n<p>Connaissance et identification des foug\u00e8res: http:\/\/cifougeres.org\/especes-fougeres?populate=&amp;field_genre_target_id=Polypodium+%28384%29&amp;field_distribution_geographique_target_id=All&amp;field_statut_validation_target_id=All<\/p>\n\n\n\n<p>POTAMOGETON (GENRE):<\/p>\n\n\n\n<p>Leurquin Jean, Etudes des plantes aquatiques de Belgique et des r\u00e9gions limitrophes: https:\/\/naturalistesdelahautelesse.be\/Publications\/CLES%20BOTA%20DE%20JEAN%20L\/Aquatiques.pdf <\/p>\n\n\n\n<p>REYNOUTRIA (GENRE):<\/p>\n\n\n\n<p>CBNB: Reconnaissance des 3 grandes Renou\u00e9es asiatiques (&#8230;): https:\/\/www.cbnbrest.fr\/files\/Presentation_Renouees__FDortel_CBNBrest_dc2017.pdf<\/p>\n\n\n\n<p>RUBUS (GENRE): <\/p>\n\n\n\n<p>Ferrez Yorick, Royer Jean-Marie, 2021, Le genre Rubus dans le Nord-Est de la France, description, d\u00e9termination, \u00e9cologie &amp; Phytosociologie, SBFC, CBNFC-ORI &amp;GREFFE, format PDF &#8230; Disponible \u00e0 l&rsquo;achat depuis le CBNFC-ORI<\/p>\n\n\n\n<p>SALIX (GENRE): <\/p>\n\n\n\n<p>Leurquin Jean, Etudes des saules de Belgique et des r\u00e9gions voisines, cl\u00e9s de d\u00e9terminations, Donn\u00e9es morphologiques, stationnelles et socio-\u00e9cologique: https:\/\/naturalistesdelahautelesse.be\/Publications\/CLES%20BOTA%20DE%20JEAN%20L\/Salix.pdf<\/p>\n\n\n\n<p>SEDUM (GENRE): <\/p>\n\n\n\n<p>Gallo Lorenzo, Natural hybrids in Sedum series Rupestria berger (Crassulaceae): a rewiew of taxonomy and nomenclature, 20212 Forum Geobotanicum: http:\/\/www.forum-geobotanicum.net\/articles\/vol_6-2012\/gallo_sedum_rupestria\/Gallo_Sedum_Rupestria.pdf, Consult\u00e9 le 08\/03\/2025.<\/p>\n\n\n\n<p>International crassulaceae network, Sedum x brevierei: https:\/\/www.crassulaceae.ch\/de\/artikel?akID=157&amp;aaID=3&amp;aiID=B&amp;aID=2668<\/p>\n\n\n\n<p>STRUTHIOPTERIS=BLECHNUM (GENRE):<\/p>\n\n\n\n<p>Molino, Sonia &amp; Gabriel y Galan, Jose Maria &amp; Wasowicz, Pawel &amp; de la Fuente Brun, Pablo &amp; Sessa, Emily. (2019). The Struthiopteris spicant (Blechnaceae, Polypodiopsida) complex in Western Europe, with proposals for taxonomic and nomenclatural changes. Plant Systematics and Evolution. 305. 1-14.  DOI:<a href=\"https:\/\/link.springer.com\/article\/10.1007\/s00606-019-1565-0\" target=\"_blank\" rel=\"noreferrer noopener\">10.1007\/s00606-019-1565-0<\/a><\/p>\n\n\n\n<p>TARAXACUM (GENRE):<\/p>\n\n\n\n<p>Matysiak Jean-Patrick, Guide d&rsquo;identification des Taraxacum (asteraceae) du nord de la france &#8230; dispo sur Academia.edu. hop, \u00e7\u00e0 c&rsquo;est pour quand on doit rentrer dans le d\u00e9tail.<\/p>\n\n\n\n<p>ULMUS (GENRE):<\/p>\n\n\n\n<p>E. Collin, Les Ormes europ\u00e9ens, des esp\u00e8ces mal connues: https:\/\/hal.inrae.fr\/hal-02589518\/document hop, \u00e7\u00e0 c&rsquo;est pour quand on doit rentrer dans le d\u00e9tail.<\/p>\n\n\n\n<p>VERBASCUM (GENRE, ESPECES et HYBRYDES):<\/p>\n\n\n\n<p>Mol\u00e8ne hybride. Verbascum lychnitis x Verbascum nigrum: https:\/\/sbocc.fr\/publication\/molenes-hybrides-de-france-13-verbascum-xschiedeanum-koch-v-lychnitis-l-x-v-nigrum-l\/<\/p>\n\n\n\n<p>VERBENA (GENRE):<\/p>\n\n\n\n<p>New south wales flora on line, Verbena bonariensis, verbena incompta: <a href=\"https:\/\/plantnet.rbgsyd.nsw.gov.au\/cgi-bin\/NSWfl.pl?page=nswfl&amp;lvl=sp&amp;name=Verbena~bonariensis\">https:\/\/plantnet.rbgsyd.nsw.gov.au\/cgi-bin\/NSWfl.pl?page=nswfl&amp;lvl=sp&amp;name=Verbena~bonariensis<\/a><\/p>\n\n\n\n<p><a href=\"https:\/\/plantnet.rbgsyd.nsw.gov.au\/cgi-bin\/NSWfl.pl?page=nswfl&amp;lvl=sp&amp;name=Verbena~incompta\">https:\/\/plantnet.rbgsyd.nsw.gov.au\/cgi-bin\/NSWfl.pl?page=nswfl&amp;lvl=sp&amp;name=Verbena~incompta<\/a><\/p>\n\n\n\n<p><\/p>\n\n\n\n<p><\/p>\n\n\n\n<p><strong>MORPHOLOGIE DES PLANTES<\/strong><\/p>\n\n\n\n<p>Hall\u00e9 Francis, Oldeman Roelof, Essai sur l&rsquo;architecture et la dynamique de croissance des arbres tropicaux, Masson, 1970. Malheureusement, et malheureusement parce que c&rsquo;est un classique (la discipline a aussi \u00e9volu\u00e9e depuis), cette oeuvre magnifique n&rsquo;est plus disponible qu&rsquo;en biblioth\u00e8ques, et sur le site Arboritecture &#8230;<\/p>\n\n\n\n<p>Hall\u00e9 Francis, Keller Roland, Bonus num\u00e9rique \u00e0 l&rsquo;\u00e9dition de D&rsquo;o\u00f9 viennent les plantes: https:\/\/www.actes-sud.fr\/sites\/default\/files\/9782330126674_bd.pdf<\/p>\n\n\n\n<p>Millet, Jeanne, Le d\u00e9veloppement de l&rsquo;arbre &#8211; Guide de diagnostique, 2015, chez Multimondes, ebook<\/p>\n\n\n\n<p>Voir \u00e9galement le site <a href=\"https:\/\/www.arboritecture.org\/\">Arboritecture<\/a><\/p>\n\n\n\n<p><strong>CARPO-S\u00e9MINOTH\u00e8QUE SUPPL\u00e9MENTAIRE:<\/strong><\/p>\n\n\n\n<p>Herbarium de l&rsquo;universit\u00e9 de Barcelone: http:\/\/www.ub.edu\/cedocbiv\/en\/herbaribcn\/carpoteca<\/p>\n\n\n\n<p>Cappers Reinier Theodorus Jozephus, Neef Reinder, Handbook of plant paleoecology (2d revised ed.), Gr\u00f6ningen archeological studies 19, Barkuis et Gr\u00f6ningen Institute of Archeology, 2021<\/p>\n\n\n\n<p><\/p>\n\n\n\n<p><\/p>\n\n\n\n<p><strong>\u00c9COLOGIE DE LA PLANTE ET DES V\u00c9G\u00c9TATIONS<\/strong><\/p>\n\n\n\n<p>Foucault Bruno, Catteau Emmanuel, Contribution au prodrome des v\u00e9g\u00e9tations de France, Les Agrostietea stoloniferae Oberd. 1983,Journal botanique de la soci\u00e9t\u00e9 botanique de France, 59, 5-131, 2012 :https:\/\/habref-web.mnhn.fr\/uploads\/sources\/TYPO_PVF2_PDF_03_AGROSTIETEA_JB59_2012.pdf<\/p>\n\n\n\n<p>Foucault Bruno, Contribution au prodrome des v\u00e9g\u00e9tations de France, Les Arrhenateretea eliatoris Braun-Blanq., ex Braun-Blanq. Roussine &amp; N\u00e8gre, 1952, Prodrome des v\u00e9g\u00e9tations de France: Arrhenateretea et potametea, 2016, vol. 3 : http:\/\/phytosocio.fr\/download\/Classes%20PVF2\/TYPO_PVF2_PDF_06_ARRHENATHERETEA_DOCPHY3_2016.pdf<\/p>\n\n\n\n<p>Toujours Rameau J.C. Flore foresti\u00e8re&nbsp;: plaines et collines.<\/p>\n\n\n\n<p>Philippe Julve avec Baseflor: Julve, Ph., 1998 ff. &#8211; Baseflor. Index botanique, \u00e9cologique et chorologique de la flore de France. Version : \u00ab\u00a0version t\u00e9l\u00e9charg\u00e9e en 2022 ou 2021 je sais plus &#8230; en fin d&rsquo;ann\u00e9e\/d\u00e9but d&rsquo;ann\u00e9e\u00a0\u00bb. http:\/\/perso.wanadoo.fr\/philippe.julve\/catminat.htm<\/p>\n\n\n\n<p>Gillet Fran\u00e7ois, 1998 (1994), La phytosociologie synusiale int\u00e9gr\u00e9e, guide m\u00e9thodologique, Document 1, Documents du laboratoire d&rsquo;\u00e9cologie v\u00e9g\u00e9tale, Universit\u00e9 de Neufch\u00e2tel-Institut de botanique.<\/p>\n\n\n\n<p>E-veg et documents associ\u00e9s: https:\/\/.e-veg-.net\/accueil<\/p>\n\n\n\n<p>Colloques phytosociologiques XIII, V\u00e9g\u00e9tation et g\u00e9omorphologie, Cramer, 1986<\/p>\n\n\n\n<p>Colloques phytosociologiques XVI, Phytosociologie et pastoralisme, Cramer, 1988<\/p>\n\n\n\n<p>Billy Fran\u00e7ois, Prairies et p\u00e2turages en Basse-Auvergne, Soci\u00e9t\u00e9 botanique du Centre-Ouest, Num\u00e9ro sp\u00e9cial 20, Soci\u00e9t\u00e9 botanique du Centre-Ouest, 2000<\/p>\n\n\n\n<p>Catteau et al, V\u00e9g\u00e9tation du Nord de la France, Guide de d\u00e9termination, Conservatoire national botanique de Bailleul, Biotope Editions, 2021<\/p>\n\n\n\n<p>Digitale 2: https:\/\/www.cbnbl.org\/digitale2<\/p>\n\n\n\n<p>LAFON P., MADY M., CHABROL L., HENRY E., HOVER A., LEVY W., BELAUD A. &amp; PONTAGNIER C., 2021 &#8211; Catalogue des v\u00e9g\u00e9tations du Parc naturel r\u00e9gional P\u00e9rigord-Limousin. Audenge : Conservatoire botanique national Sud-Atlantique ; Chavaniac-Lafayette : Conservatoire botanique national du Massif central. 507 p.<\/p>\n\n\n\n<p>Botineau, M.,&nbsp;DESCUBES GOUILLY, C.,&nbsp;GEANDILLOU, J.&nbsp;et&nbsp;GHESTEM, A.&nbsp;(1985). La v\u00e9g\u00e9tation foresti\u00e8re acidiphile du pays de Vassivi\u00e8re (Limousin).&nbsp;<em>Annales Scientifiques du Limousin<\/em>, (1). https:\/\/doi.org\/10.25965\/asl.658<\/p>\n\n\n\n<p>Charles-\u00c9rick LABADILLE et Bruno de FOUCAULT, Donn\u00e9es compl\u00e9mentaires sur la v\u00e9g\u00e9tation des terrains arides de la Normandie armoricaine, une contribution \u00e0 l&rsquo;\u00e9tude du syst\u00e8me \u00ab\u00a0interm\u00e9diaire\u00a0\u00bb, BULLETIN DE LA SOCI\u00c9T\u00c9 BOTANIQUE DU CENTRE-OUEST, NOUVELLE S\u00c9RIE. TOME 28 \u2013 1997: http:\/\/www.sbco.fr\/pdf\/ArtBull\/Bull28\/SBCO-Bull28-p77-106-Labadille_Foucault-Etude_vegetation_terrains_arides_Normandie.pdf<\/p>\n\n\n\n<p>Th\u00e9baud Gilles, Roux Camille, Bernard Charles Etienne, Delcoigne Arnaud, Guide d&rsquo;identification du Nord du Massif central, associations v\u00e9g\u00e9tales et habitats naturels, Presses universitaires Blaise Pascal, 2014<\/p>\n\n\n\n<p>Inpn\/ Mnhn: https:\/\/inpn.mnhn.fr\/accueil\/index<\/p>\n\n\n\n<p>Conservatoire botanique national de Brest, R\u00e9f\u00e9rentiel des v\u00e9g\u00e9tations callunetea: https:\/\/www.cbnbrest.fr\/callunetea\/?page=default<\/p>\n\n\n\n<p>Rameau Jean-Claude, Accrus, succession v\u00e9g\u00e9tales, et mod\u00e8les de dynamique lin\u00e9aire foresti\u00e8re, dans Ing\u00e9nieries -EAT, Boisement naturels des espaces agricoles, 1999. Consultable: https:\/\/www.doc-developpement-durable.org\/file\/Culture\/Arbres-Bois-de-Rapport-Reforestation\/forets-preservation-restoration\/successions-ecologiques\/Accrus-successions%20v%C3%A9g%C3%A9tales-mod%C3%A8les%20de%20dynamique%20lin%C3%A9aire%20foresti%C3%A8re.pdf<\/p>\n\n\n\n<p>Rameau Jean-Claude, Dynamique des \u00e9cosyst\u00e8mes terrestres, dans La jaune et la rouge, n\u00b0566, juin-juillet 2001. Consultable: https:\/\/www.lajauneetlarouge.com\/dynamique-des-ecosystemes-terrestres\/<\/p>\n\n\n\n<p>Gaudin Sylvain, Observation des d\u00e9calages entre le caract\u00e8re indicateur de la flore du sous-bois et les formes d&rsquo;humus sur les stations foresti\u00e8res d&rsquo;Argonne, CRPF Ch\u00e2lons-en-Champagne: Consultable: http:\/\/sylvaingaudin.fr\/PDF\/Sesnr22-Decalages_flore-humus_Argonne.pdf<\/p>\n\n\n\n<p>B\u00e9geot Carole, Le comportement pollinique du Noistier (corylus avellana), son r\u00f4le comme indicateurs d&rsquo;impacts anthropiques? L&rsquo;exemple d&rsquo;un transect dans le sud du Jura, Acta botanica Gallica, 154:4, 271-279, DOI:<a href=\"https:\/\/doi.org\/10.1080\/12538078.1998.10516307\">10.1080\/12538078.1998.10516307<\/a><\/p>\n\n\n\n<p>Bruno De Foucault, Sur l\u2019extension \u00e0 la phytosociologie d\u2019un concept de la physique : le ph\u00e9nom\u00e8ne d\u2019hyst\u00e9r\u00e9sis, Braun-blanquetia num\u00e9ro 46, 2010<\/p>\n\n\n\n<p>Dupouey Jean Luc, Sciama Delphine, Waltraud Koerner, Dambrine Etienne, Rameau Jean-Claude, La v\u00e9g\u00e9tation des for\u00eats anciennes, dans Revue Foresti\u00e8re fran\u00e7aise LIV, juin 2002 : <a href=\"http:\/\/documents.irevues.inist.fr\/bitstream\/handle\/2042\/4940\/521_532.pdf\">http:\/\/documents.irevues.inist.fr\/bitstream\/handle\/2042\/4940\/521_532.pdf<\/a><\/p>\n\n\n\n<p>Molinier Roger et Ren\u00e9, Phytososociologie et pollut!on, dans Documents Phytosociologiques vii et viii, 1974<\/p>\n\n\n\n<p>Keffi Sonia, \u00c9cosyst\u00e8mes et transitions catastrophiques, Soci\u00e9t\u00e9 fran\u00e7aise d\u2019\u00e9cologie&nbsp;: <a href=\"https:\/\/sfecologie.org\/regard\/r37-hysteresis-sonia-kefi\/\">https:\/\/sfecologie.org\/regard\/r37-hysteresis-sonia-kefi\/<\/a><\/p>\n\n\n\n<p>Orliac F., D\u00e9prise agricole: \u00e9tude de la dynamique et \u00e9l\u00e9ments de gestion pour les espaces lib\u00e9r\u00e9s, Anost commune du Morvan, M\u00e9moire de DEA biologie foresti\u00e8re, milieu naturel, Ecole nationale du G\u00e9nie rural des Eaux et For\u00eats, Universit\u00e9 de Nancy 1, 1990<\/p>\n\n\n\n<p><strong>ESP\u00c8CES EXOTIQUES ENVAHISSANTES<\/strong><\/p>\n\n\n\n<p>AILLON A. (coord.), BONIFAIT S., CHABROL L., DAO J., LEBLOND N., RAGACHE Q., 2022 \u2013 Liste hi\u00e9rarchis\u00e9e des plantes exotiques envahissantes de Nouvelle-Aquitaine. \u2013 Conservatoire Botanique National Sud-Atlantique (coord.), Conservatoire Botanique National du Massif central et Conservatoire Botanique National des Pyr\u00e9n\u00e9es et de Midi-Pyr\u00e9n\u00e9es. 116 pages + annexes: https:\/\/obv-na.fr\/ofsa\/ressources\/5_ref_eee\/CBNSA_2022-Liste_hierarchisee_PEE_NA_v1.0.pdf<\/p>\n\n\n\n<p>CBNB: https:\/\/www.cbnbrest.fr\/site\/pdf\/Baccharis_halimifolia.pdf<\/p>\n\n\n\n<p>Fiches: Plantes envahissantes de la r\u00e9gion m\u00e9diterran\u00e9e. Plusieurs auteurs. Distribution: Agence m\u00e9diterran\u00e9enne de l&rsquo;environnement, R\u00e9gion Languedoc Roussillon, Agence r\u00e9gionale pour l&rsquo;environnement Provence C\u00f4te d&rsquo;Azur.<\/p>\n\n\n\n<p>UICN France, 2015. Les esp\u00e8ces exotiques envahissantes sur les sites d\u2019entreprises. Livret 2 : Identifier et g\u00e9rer les principales esp\u00e8ces, Paris, France, 96 pages. Consultable: https:\/\/uicn.fr\/wp-content\/uploads\/2016\/09\/UICN_France_Guide_EEE_LIVRET2_MODIFIE.pdf<\/p>\n\n\n\n<p>DUMONT, Q. (coord.), WATTERLOT, A., BUCHET, J., TOUSSAINT, B. &amp; HAUGUEL, J.-C., 2020.- Plantes exotiques envahissantes des Hauts-de-France : 34 fiches de reconnaissance et d\u2019aide \u00e0 la gestion. Centre r\u00e9gional de phytosociologie agr\u00e9\u00e9 Conservatoire botanique national de Bailleul, 156 p. Consultable: https:\/\/www.cbnbl.org\/system\/files\/2022-09\/CBNBL_GuidePEE_v2020%2007.01-web.pdf<\/p>\n\n\n\n<p>Invasive alien species implementation in Belgium: <a href=\"https:\/\/www.iasregulation.be\/358\/\">https:\/\/www.iasregulation.be\/358\/<\/a><\/p>\n\n\n\n<p>Levine, Jonathan, Vil\u00e0, Montserrat, D&rsquo;Antonio, Carla, Dukes, Jeffrey, Grigulis, Karl, Lavorel, Sandra, 2003\/05\/01, 270(1517):775-81, Mechanisms underlying the impacts of exotic plant invasion, Proceedings. Biological sciences \/ The Royal Society. DOI:<a href=\"http:\/\/dx.doi.org\/10.1098\/rspb.2003.2327\" target=\"_blank\" rel=\"noreferrer noopener\">10.1098\/rspb.2003.2327<\/a><br><\/p>\n\n\n\n<p>Chuine, I., Morin, X., Soni\u00e9, L., Collin, C., Fabreguettes, J., Degueldre, D., Salager, J.-L. and Roy, J. (2012), Climate change might increase the invasion potential of the alien C4 grass <em>Setaria parviflora<\/em> (Poaceae) in the Mediterranean Basin. Diversity and Distributions, 18: 661-672. <a href=\"https:\/\/doi.org\/10.1111\/j.1472-4642.2011.00880.x\" target=\"_blank\" rel=\"noreferrer noopener\">https:\/\/doi.org\/10.1111\/j.1472-4642.2011.00880.x<\/a><\/p>\n\n\n\n<p><em>CBNMed : MH, CC, CS<\/em>, <em>R\u00e9vision : 2021<\/em>, INVMED Flore, FIche Setaria parviflora (Poir.) Kergu\u00e9len, 1987 [syn. Cenchrus parviflorus Poir., 1804]: https:\/\/invmed.fr\/src\/listes\/evee-fiche.php?cd_ref=123138<\/p>\n\n\n\n<p><strong>POPULATIONS (Regards sur). Chorologie.<\/strong><\/p>\n\n\n\n<p>Images de la flore de Paris: https:\/\/images-flore-paris.net\/fiche_APG.php?id=169<\/p>\n\n\n\n<p>Jauzein Phillipe, Flore d&rsquo;ile de France, Volume 2, chez Quae<\/p>\n\n\n\n<p>Sites des conservatoires nationaux.<\/p>\n\n\n\n<p>Plateforme mondiale du GBIF (France): <a href=\"https:\/\/www.gbif.org\/fr\/occurrence\/map?publishing_org=1928bdf0-f5d2-11dc-8c12-b8a03c50a862\">https:\/\/www.gbif.org\/fr\/occurrence\/map?publishing_org=1928bdf0-f5d2-11dc-8c12-b8a03c50a862<\/a><\/p>\n\n\n\n<p>Observatoire de la biodivers!t\u00e9 de Nouvelle Aquitaine, Carte (SINP): <a href=\"https:\/\/obv-na.fr\/consulter\/carte\">OBV :: Cartographie (obv-na.fr)<\/a><\/p>\n\n\n\n<p>Inpn\/Mnhn: https:\/\/inpn.mnhn.fr\/accueil\/index<\/p>\n\n\n\n<p>SIG d&rsquo;observation de la flore de la f\u00e9d\u00e9ration des conservatoires botaniques nationaux : <a href=\"https:\/\/siflore.fcbn.fr\/?cd_ref=&amp;r=metro\">SI Observation Flore (fcbn.fr)<\/a><\/p>\n\n\n\n<p>Plants of the world on line, Royal Botanic garden Kew: https:\/\/powo.science.kew.org\/<\/p>\n\n\n\n<p><\/p>\n\n\n\n<p><strong>PARASITES<\/strong><\/p>\n\n\n\n<p>Dauphin Patrick, Aniotsbehere Jean-Claude, Les galles de France, T2, M\u00e9moire de la soci\u00e9t\u00e9 linn\u00e9enne de Bordeaux, 1997<\/p>\n\n\n\n<p>Plant parasites of Europe: https:\/\/bladmineerders.nl\/parasites\/unknown-causer\/terata\/teratology-plantago-lanceolata\/<\/p>\n\n\n\n<p><strong>SYMBIOTES<\/strong> (REGNE DES MYCETES)<\/p>\n\n\n\n<p>Association fran\u00e7aise de lichenologie: https:\/\/www.afl-lichenologie.fr\/<\/p>\n\n\n\n<p>Chantal Van Haluwyn<em>, <\/em>Juliette Asta , Jean-Pierre Gav\u00e9riaux, Compl\u00e9ments au Guide des Lichens de France, Lichens des arbres &#8211; \u00c9ditions Belin 2021, Tableaux d\u2019aide \u00e0 la d\u00e9termination: https:\/\/www.afl-lichenologie.fr\/Photos_AFL\/Photo_Afl_red\/Cplts%20Guide%20des%20Lichens%20de%20France%202023.pdf<\/p>\n\n\n\n<p>Chantal Van Haluyn, la sociologie des lichens corticoles en Europe, essai de synth\u00e8se, Bull. Ass. Fr. Lichenonologie-2010-Vol 35-Fasc 2: https:\/\/afl-lichenologie.fr\/telecharger\/Bull_AFL_old\/Bull_2010\/AFL_2010_2_Lichenosociologie_Chantal_VanHaluwyn.pdf<\/p>\n\n\n\n<p>Vertika Shukla, Upreti D.K., Rajesh Bajpai, Lichen to biomonitor the environement, Springer New Delhi, 2013, E book. Doi https:\/\/doi.org\/10.1007\/978-81-322-1503-5<\/p>\n\n\n\n<p>Serrusiaux Emmanu\u00ebl, Diederich Paul, Lambinon Jacques, 2004, \u00ab\u00a0Les macrolichens de Belgique, du Luxembourg et du nord de la France, Cl\u00e9s de d\u00e9termination\u00a0\u00bb, Ferrantia, Num\u00e9ro 40, Mus\u00e9e national d&rsquo;Histoire Naturelle, Luxembourg, 2006<\/p>\n\n\n\n<p><\/p>\n\n\n\n<p><strong>DU C\u00d4TE DES BESTIOLES<\/strong><\/p>\n\n\n\n<p>inpn. mnhn: https:\/\/inpn.mnhn.fr\/accueil\/index<\/p>\n\n\n\n<p>Atlas dynamique des Odonates de France: https:\/\/www.atlas-odonates.insectes.org\/<\/p>\n\n\n\n<p>Boudot JP, Doucet G., Grand D., Koch V., Hette S. Les libellules de France, Belgique, Luxembourg et Suisse, Cahiers d&rsquo;indentifications, Biotope \u00e9ditions, 2019. Seconde \u00e9dition.<\/p>\n\n\n\n<p>Alexandra Liarsou. Prise en compte de l&rsquo;incidence des activit\u00e9s du castor (C. fiber L.) sur la reconstitution des dynamiques d&rsquo;\u00e9volution du couvert v\u00e9g\u00e9tal et des processus de turbification : quelques pistes de r\u00e9interpr\u00e9tation des diagrammes palynologiques. 2013. <a href=\"https:\/\/shs.hal.science\/halshs-00798773v1\" target=\"_blank\" rel=\"noreferrer noopener\">\u27e8halshs-00798773\u27e9<\/a><\/p>\n\n\n\n<p><strong>ASPECTS DIVERS<\/strong><\/p>\n\n\n\n<p>eHaloph: https:\/\/www.sussex.ac.uk\/affiliates\/halophytes\/index.php Je ne consulte plus que rapidement ce riche site sur les plantes marines. Sur l&rsquo;estran, je laisse la slikke aux oiseaux (la mer aux enfants), et me dirige toujours vers le schorre. Ce site comprend un grand nombre de textes. Souvent des exp\u00e9riences de labo. Il contient les maxima th\u00e9oriques de salinit\u00e9 par esp\u00e8ces.<\/p>\n\n\n\n<p>Holm LG, Plucknett DL, Pancho JV, Herberger JP. 1977. The world&rsquo;s worst weeds: distribution and biology. Honolulu Hawaii (USA): The University of Hawaii Press. 609 p; Johnson, D.E., (1997) Vieux bouquin d\u00e9j\u00e0, int\u00e9ressant, et des illustrations magnifiques.<\/p>\n\n\n\n<p><strong>PEDOLOGIE ET GEOLOGIE<\/strong><\/p>\n\n\n\n<p>Duchaufour, Philippe, Faivre Pierre, Poulenard Jer\u00f4me, Gury Michel, 2018, Introduction \u00e0 la science du sol, Sol, v\u00e9g\u00e9tation, environnement, 7 \u00e8me \u00e9ditions, Dunod. Ebook.<\/p>\n\n\n\n<p><mark style=\"background-color:rgba(0, 0, 0, 0)\" class=\"has-inline-color has-vivid-purple-color\">#France hexagonale. Temp\u00e9r\u00e9. Subtropical<\/mark>. <strong>#r\u00e9f\u00e9rence<\/strong><\/p>\n\n\n\n<p>Guillaume Vilain, Josette Garnier, Nicolas Flipo, Ga\u00eblle Tallec, Fay\u00e7al Rejiba, et al.. Dynamique de<br>l\u2019azote et \u00e9mission de N2O dans un versant agricole du bassin de l\u2019Orgeval. 2011, 13 p. <a href=\"https:\/\/hal.science\/hal-01192381v1\" target=\"_blank\" rel=\"noreferrer noopener\">\u27e8hal-01192381\u27e9<\/a> <\/p>\n\n\n\n<p>Claude Plassard, Agn\u00e8s Robin, Edith Le Cadre, Claire Marsden, Jean Trap, et al.. Am\u00e9liorer la biodisponibilit\u00e9 du phosphore : comment valoriser les comp\u00e9tences des plantes et les m\u00e9canismes biologiques du sol. <em>Innovations Agronomiques<\/em>, 2015, 43, pp.115-138. <a href=\"https:\/\/hal.science\/hal-01223555v1\" target=\"_blank\" rel=\"noreferrer noopener\">\u27e8hal-01223555\u27e9<\/a><\/p>\n\n\n\n<p>Mousain, D. &amp; Matumoto-Pintro, Paula &amp; Quiquampoix, Herv\u00e9. (1997). Le R\u00f4le des mycorhizes dans la nutrition phosphat\u00e9e des arbres forestiers.. Revue Foresti\u00e8re Fran\u00e7aise. 67. DOI:<a href=\"http:\/\/dx.doi.org\/10.4267\/2042\/5676\" target=\"_blank\" rel=\"noreferrer noopener\">10.4267\/2042\/5676<\/a><\/p>\n\n\n\n<p>Randriamamonjy, Sitraka, 2021, Role of bacterial siderophores in the biogeochemical process controlling the mobility of copper in vineyard soils and its transfer to the plant [Th\u00e8se]: <a href=\"https:\/\/archive.bu.univ-nantes.fr\/pollux\/show\/show?id=f5e7e041-68c7-498b-9589-b33d2df268b2\">https:\/\/archive.bu.univ-nantes.fr\/pollux\/show\/show?id=f5e7e041-68c7-498b-9589-b33d2df268b2<\/a><\/p>\n\n\n\n<p>Follain, St\u00e9phane. (2015). G\u00e9omorphologie des sols cultiv\u00e9s. Des mod\u00e8les d\u2019\u00e9volution \u00e0 la conservation des sols.. DOI: <a href=\"http:\/\/dx.doi.org\/10.13140\/2.1.4820.8168\" target=\"_blank\" rel=\"noreferrer noopener\">10.13140\/2.1.4820.8168<\/a><\/p>\n\n\n\n<p>Butler, D. R. (1995). <em>Zoogeomorphology\u202f: Animals as geomorphic agents<\/em>. Cambridge university press.<br><\/p>\n\n\n\n<p>Concernant les donn\u00e9es g\u00e9ologiques, de mani\u00e8re g\u00e9n\u00e9rale, je t\u00e2che d&rsquo;utiliser les couches g\u00e9ologiques <strong>harmonis\u00e9es<\/strong> sur le site infoterre propos\u00e9 par le Bureau des recherches g\u00e9ologiques et mini\u00e8res (BRGM, mais je trouve plus joli en entier), couches harmonis\u00e9es que pour l&rsquo;instant je n&rsquo;ai pas encore trouv\u00e9es sur l&rsquo;application: <a href=\"https:\/\/infoterre.brgm.fr\/viewer\/MainTileForward.do\">https:\/\/infoterre.brgm.fr\/viewer\/MainTileForward.do<\/a><\/p>\n\n\n\n<p>Roger Jacques, Delhoume R., Floc&rsquo;h Jean-Pierre. L\u2019\u00e9tude des sarcophages (analyse critique et orientations nouvelles) : une contribution \u00e0 la question des cimeti\u00e8res du haut Moyen \u00c2ge en Creuse. In: <em>Aquitania : une revue inter-r\u00e9gionale d&rsquo;arch\u00e9ologie<\/em>, tome 29, 2013. pp. 239-310. DOI : <a href=\"https:\/\/doi.org\/10.3406\/aquit.2013.1409\" target=\"_blank\" rel=\"noreferrer noopener\">https:\/\/doi.org\/10.3406\/aquit.2013.1409<\/a>  <\/p>\n\n\n\n<p>Meyer, J. (2021). <em>Identifier les roches\u202f: Cl\u00e9s d\u2019identification pratiques<\/em>. Delachaux et Niestl\u00e9.<\/p>\n\n\n\n<p>#pratique<br><\/p>\n\n\n\n<p><strong>ASPECTS ETHNOBOTANIQUES, SHS, Pal\u00e9o, Arch\u00e9o:<\/strong><\/p>\n\n\n\n<p>Rostain Steph\u00e9n , Eliott Michelle (translator), 2013, Islands in the rainforest, Landscape management in the Pre-Columbian Amazonia, New frontier in Historical ecology 4, Left Coast Press, Walnut Creek. Cet ouvrage a ensuite, je crois 2 ans plus tard, \u00e9t\u00e9 publi\u00e9 en fran\u00e7ais.<\/p>\n\n\n\n<p>Rostain, S., &amp; Jaimes Betancourt, C. (2025). <em>Arch\u00e9ologie de l\u2019Amazonie<\/em>. \u00c9ditions de la Maison des sciences de l\u2019homme.<br><\/p>\n\n\n\n<p>Hadjouis Dj., Corbineau R., Ruas M.-P., Verdin P., \u00ab Techniques d\u2019embaumement sur le corps d\u2019un noble anglais mort de la peste (Saint-Maurice, Val-de-Marne), in : Charlier Ph. (dir.), Actes du 3\u00e8me Colloque International de Pathographie, Bourges, 3-5 avril 2009, Paris, \u00e9ditions de Boccard, 2011, 31-62.<\/p>\n\n\n\n<p>Lieutaghi: L&rsquo;herbe qui renouvelle, La plante compagne, Badasson et compagnie, Le livre des bonnes herbes, le tout chez Actes Sud<\/p>\n\n\n\n<p>S\u00e9minaire de Salagon (sous la direction de Pierre Lieutaghi et Danielle Musset): Les plantes des femmes, C\u2019est-\u00e0-dire \u00e9ditions, 2006<\/p>\n\n\n\n<p>Couplan: le r\u00e9gal v\u00e9g\u00e9tal, Sang de la Terre<\/p>\n\n\n\n<p>Cl\u00e9ment Bernard, Structures et dynamique des communaut\u00e9s et des populations v\u00e9g\u00e9tales des landes bretonnes, Th\u00e8se, sous la direction de Jean Touffej, 1987, Rennes 1<\/p>\n\n\n\n<p>Matterne V\u00e9ronique, Ruas Marie-Pierre, Bretin-Chabrol Marine, Luccioni Pascal, \u00ab&nbsp;Gestion des adventices de culture&nbsp;\u00bb, <em>Cultiver dans l&rsquo;Antiquit\u00e9 Les c\u00e9r\u00e9ales et les l\u00e9gumineuses<\/em> (en ligne&nbsp;<a href=\"http:\/\/agriculture-antiquite.huma-num.fr\/exist\/apps\/agroccol\/notices\/le_sarclage_et_la_gestion_des_adventices\">http:\/\/agriculture-antiquite.huma-num.fr\/exist\/apps\/agroccol\/notices\/le_sarclage_et_la_gestion_des_adventices<\/a>&nbsp;; consult\u00e9 2026-02-07).<\/p>\n\n\n\n<p>van&nbsp;Zeist, W., Woldring, H., &amp; Neef, R. (1994). Plant husbandry and vegetation of early medieval Douai, northern France. <em>Vegetation History and Archaeobotany<\/em>, <em>3<\/em>(4), 191\u2011218. <a href=\"https:\/\/doi.org\/10.1007\/BF00195197\">https:\/\/doi.org\/10.1007\/BF00195197<\/a><br><\/p>\n\n\n\n<p>Soci\u00e9t\u00e9 Fran\u00e7aise d&rsquo;ethnopharmacologie, base de donn\u00e9e Prelude: http:\/\/www.ethnopharmacologia.org\/recherche-dans-prelude\/<\/p>\n\n\n\n<p>Fourrag\u00e8res notamment: Universit\u00e9 de Lorraine, Inrae: E-flora-sys: https:\/\/eflorasys.univ-lorraine.fr\/index.php\/fr\/pages\/display\/home<\/p>\n\n\n\n<p><\/p>\n\n\n\n<p>Cl\u00e9ment Gilles, Une br\u00e8ve histoire du jardin, L\u2019Oeil neuf, 2011<\/p>\n\n\n\n<p>Jovet Paul, L&rsquo;Ormaie subrud\u00e9rale, dans Bulletin de la Soci\u00e9t\u00e9 botanique de France, T 83, 1936<\/p>\n\n\n\n<p>Jovet Paul, Paris, sa flore spontan\u00e9e, sa v\u00e9g\u00e9tation, dans Paris (Flore et V\u00e9g\u00e9tation), VIII congr\u00e8s international de Botanique, 1954<\/p>\n\n\n\n<p>Leroyer, Chantal. (2010). Apparition et diffusion du ch\u00e2taignier (Castanea sativa) en Dordogne : l\u2019apport de la palynologie. In book: Des hommes et des plantes : exploitation du milieu et gestion des ressources v\u00e9g\u00e9tales de la Pr\u00e9histoire \u00e0 nos jours, Actes des XXXe Rencontres internationales d&rsquo;arch\u00e9ologie et d&rsquo;histoire d&rsquo;Antibes, (pp.193-206). Edition: APDCA,Editors: C.Delhon, I. Th\u00e9ry-Parisot, S. Thi\u00e9bault<\/p>\n\n\n\n<p>Visible ici: https:\/\/www.researchgate.net\/publication\/272731792_Apparition_et_diffusion_du_chataignier_Castanea_sativa_en_Dordogne_l&rsquo;apport_de_la_palynologie<\/p>\n\n\n\n<p><em>Penn ar Bed<\/em>, 153-154, 1994<\/p>\n\n\n\n<p>Penn ar bed,257 , 2025: Lelong Emma, Peut-on prot\u00e9ger la nature par le statut juridique? R\u00e9flexions \u00e0 partir du cas de la m\u00e9diterran\u00e9e, pp 3-13; Clech Didier, Bestiaire de pierre en Bretagne, pp 15-24<\/p>\n\n\n\n<p>Antoine Annie, Marguerie Dominique (dir.), Bocages et Soci\u00e9t\u00e9s, PUR, 2007<\/p>\n\n\n\n<p>Lo\u00efc Gaudin. Les transformations spatio-temporelles de la v\u00e9g\u00e9tation du nord-ouest de la France depuis la fin de la derni\u00e8re glaciation. Reconstitutions pal\u00e9o-paysag\u00e8res.. domain_other. Universit\u00e9 Rennes 1, 2004. Fran\u00e7ais. <a href=\"https:\/\/www.theses.fr\/\" target=\"_blank\" rel=\"noreferrer noopener\">\u27e8NNT : \u27e9<\/a>. <a href=\"https:\/\/theses.hal.science\/tel-00470150v1\" target=\"_blank\" rel=\"noreferrer noopener\">\u27e8tel-00470150\u27e9<\/a><\/p>\n\n\n\n<p><strong>Brigitte Senut<\/strong>, \u00ab&nbsp;R\u00f4le des environnements dans les origines et l\u2019\u00e9volution de la bip\u00e9die chez les hominid\u00e9s&nbsp;: exemple des zones bois\u00e9es s\u00e8ches de l\u2019Afrique&nbsp;\u00bb,&nbsp;<em>Revue de primatologie<\/em> [En ligne], 12&nbsp;|&nbsp;2021, mis en ligne le 01 mars 2022, consult\u00e9 le 12 novembre 2025. URL&nbsp;: http:\/\/journals.openedition.org\/primatologie\/11037&nbsp;; DOI&nbsp;: https:\/\/doi.org\/10.4000\/primatologie.11037<\/p>\n\n\n\n<p>Gordon, J. D., Fagan, B., Finch, J., Gillson, L., Milner, N., &amp; Thomas, C. D. (2026). Black Death Land Abandonment Drove European Diversity Losses. <em>Ecology Letters<\/em>, <em>29<\/em>(3), e70325. <a href=\"https:\/\/doi.org\/10.1111\/ele.70325\">https:\/\/doi.org\/10.1111\/ele.70325<\/a><\/p>\n\n\n\n<p>Lyon, C., Gordon, J., Turns, A., &amp; Bainier, L. (2026, mars 13). <em>Quand la peste a d\u00e9cim\u00e9 la population mondiale, la biodiversit\u00e9 a, paradoxalement, elle aussi chut\u00e9<\/em>. The Conversation. <a href=\"https:\/\/doi.org\/10.64628\/AAK.edrdy6mp4\">https:\/\/doi.org\/10.64628\/AAK.edrdy6mp4<\/a><\/p>\n\n\n\n<p>Lumley, H. de. (2006). Il y a 400 000 ans\u202f: La domestication du feu, un formidable moteur d\u2019hominisation. <em>Comptes Rendus Palevol<\/em>, <em>5<\/em>(1), 149\u2011154. <a href=\"https:\/\/doi.org\/10.1016\/j.crpv.2005.11.014\">https:\/\/doi.org\/10.1016\/j.crpv.2005.11.014<\/a><\/p>\n\n\n\n<p>Davis, R., Hatch, M., Hoare, S., Lewis, S. G., Lucas, C., Parfitt, S. A., Bello, S. M., Lewis, M., Mansfield, J., Najorka, J., O\u2019Connor, S., Peglar, S., Sorensen, A., Stringer, C., &amp; Ashton, N. (2026). Earliest evidence of making fire. <em>Nature<\/em>, <em>649<\/em>(8097), 631\u2011637. <a href=\"https:\/\/doi.org\/10.1038\/s41586-025-09855-6\">https:\/\/doi.org\/10.1038\/s41586-025-09855-6<\/a><\/p>\n\n\n\n<p>Mathon Claude Charles, Courtil et courtillages du bourgeois parisien pendant la guerre de cent ans, Cnrs MNHN, septembre 1989<\/p>\n\n\n\n<p>Arnault Paul, Mathon Claude Charles, Les plantes du jardin carolingien, Les Mines d&rsquo;Argent des Rois Francs, Melle, 1991<\/p>\n\n\n\n<p>Clout H. D., Phillips A. D. M. Fertilisants min\u00e9raux en France au XIXe si\u00e8cle. In: <em>\u00c9tudes rurales<\/em>, n\u00b045, 1972. pp. 9-28. DOI : <a href=\"https:\/\/doi.org\/10.3406\/rural.1972.1708\" target=\"_blank\" rel=\"noreferrer noopener\">https:\/\/doi.org\/10.3406\/rural.1972.1708<\/a><\/p>\n\n\n\n<p>Vitores Julien, La nature \u00e0 hauteur d&rsquo;enfants, Socialisation \u00e9cologiques et gen\u00e8se des in\u00e9galit\u00e9s, L&rsquo;envers des arts, La d\u00e9couverte, Paris 2025<\/p>\n\n\n\n<p>Br\u00e8s, A., &amp; Devisme, L. (2020). 6. L\u2019urbain, \u00e0 ses limites&nbsp;?. In F. Adisson, S. Barles, N. Blanc, O. Coutard, L. Frouillou, &amp; F. Rassat (\u00e9ds.), <em>Pour la recherche urbaine<\/em>. Paris: CNRS \u00c9ditions. https:\/\/doi.org\/10.4000\/books.editionscnrs.37078<\/p>\n\n\n\n<p>\u00c9ric Mollard, &amp; Annie Walter. (2008). <em>Agricultures singuli\u00e8res<\/em>. IRD \u00c9ditions.<\/p>\n\n\n\n<p>Daniel CHICOUEN, XI\u00e8 COLLOQUE INTERNATIONAL SUR LA BIOLOGIE DES MAUVAISES HERBES, Dijon 6-8 septembre 2000, Effets de la suppression du labour sur les mauvaises herbes en climat temp\u00e9r\u00e9 oc\u00e9anique: http:\/\/dc.plantouz.chez-alice.fr\/BMH2000DChicoueneTCS.pdf<\/p>\n\n\n\n<p><br><\/p>\n\n\n\n<p><br><\/p>\n\n\n\n<p>SYSTEMES FAMILLIAUX:<\/p>\n\n\n\n<p>Zonabend Fran\u00e7oise, Mes fr\u00e8res mes \u00e9poux, fonctionnement de la parent\u00e9 et figures d&rsquo;alliance en Basse Normandie, Les complexit\u00e9s de l&rsquo;Alliance II (sous la dir. d&rsquo;H\u00e9ritier Fran\u00e7oise et al), \u00e9ditions des archives contemporaines<\/p>\n\n\n\n<p>Zonabend Fran\u00e7oise, Gestion de la parent\u00e9, gestion du troupeau, dans Les complexit\u00e9s de l&rsquo;Alliance IV (sous la dir. d&rsquo;H\u00e9ritier Fran\u00e7oise et al), \u00e9dition des archives contemporaines<\/p>\n\n\n\n<p>Zonabend Franoise, \u00ab&nbsp;Les ma\u00eetres de parent\u00e9&nbsp;\u00bb,&nbsp;<em>L\u2019Homme<\/em> [En ligne], 154-155&nbsp;|&nbsp;avril-septembre 2000, mis en ligne le 18 mai 2007, consult\u00e9 le 01 septembre 2025. URL&nbsp;: http:\/\/journals.openedition.org\/lhomme\/46&nbsp;; DOI&nbsp;: https:\/\/doi.org\/10.4000\/lhomme.46<\/p>\n\n\n\n<p>Base de donn\u00e9es Kinsources: <a href=\"https:\/\/www.kinsources.net\">https:\/\/www.kinsources.net<\/a><\/p>\n\n\n\n<p>Clastres, H\u00e9l\u00e8ne, et Solange Pinton. \u00ab&nbsp;Les ma\u00e7ons de la Creuse. La m\u00e9moire et le mythe&nbsp;\u00bb. <em>Une histoire \u00e0 soi<\/em>, \u00e9dit\u00e9 par Alban Bensa et Daniel Fabre, \u00c9ditions de la Maison des sciences de l\u2019homme, 2001, https:\/\/doi.org\/10.4000\/books.editionsmsh.2960.<\/p>\n\n\n\n<p><\/p>\n\n\n\n<p>Biget Jean-Louis, Tricard Jean. Livres de raison et d\u00e9mographie familiale en Limousin au XVe si\u00e8cle. In: <em>Annales de d\u00e9mographie historique<\/em>, 1981. D\u00e9mographie historique et condition f\u00e9minine. pp. 321-363.<\/p>\n\n\n\n<p>DOI : <a href=\"https:\/\/doi.org\/10.3406\/adh.1981.1509\" target=\"_blank\" rel=\"noreferrer noopener\">https:\/\/doi.org\/10.3406\/adh.1981.1509<\/a><\/p>\n\n\n\n<p><a href=\"https:\/\/www.persee.fr\/doc\/adh_0066-2062_1981_num_1981_1_1509\">www.persee.fr\/doc\/adh_0066-2062_1981_num_1981_1_1509<\/a><\/p>\n\n\n\n<p><\/p>\n\n\n\n<p>Lemaitre Nicole. III. Familles complexes en Bas-Limousin : Ussel au d\u00e9but du XIXe si\u00e8cle. In: <em>Annales du Midi : revue arch\u00e9ologique, historique et philologique de la France m\u00e9ridionale<\/em>, Tome 88, N\u00b0127, 1976. pp. 219-224.<\/p>\n\n\n\n<p>DOI : <a href=\"https:\/\/doi.org\/10.3406\/anami.1976.1639\" target=\"_blank\" rel=\"noreferrer noopener\">https:\/\/doi.org\/10.3406\/anami.1976.1639<\/a><\/p>\n\n\n\n<p><a href=\"https:\/\/www.persee.fr\/doc\/anami_0003-4398_1976_num_88_127_1639\">www.persee.fr\/doc\/anami_0003-4398_1976_num_88_127_1639<\/a><\/p>\n\n\n\n<p><\/p>\n\n\n\n<p>Moulin Marie-Annie. Les ma\u00e7ons de la Haute-Marche au XVIIIe si\u00e8cle. In: <em>Annales de d\u00e9mographie historique<\/em>, 1986. D\u00e9mographie historique en Am\u00e9rique Latine. pp. 227-233.<\/p>\n\n\n\n<p>DOI : <a href=\"https:\/\/doi.org\/10.3406\/adh.1987.1661\" target=\"_blank\" rel=\"noreferrer noopener\">https:\/\/doi.org\/10.3406\/adh.1987.1661<\/a><\/p>\n\n\n\n<p><a href=\"https:\/\/www.persee.fr\/doc\/adh_0066-2062_1987_num_1986_1_1661\">www.persee.fr\/doc\/adh_0066-2062_1987_num_1986_1_1661<\/a><\/p>\n\n\n\n<p>Amo, Kae. (2015). \u2013 Note de recherche \u2013 L\u2019Anthropologue \u00e0 l\u2019\u00e9cole coranique. Faire face \u00e0 la \u00ab bonne souffrance \u00bb des taalib\u00e9s (S\u00e9n\u00e9gal). AnthropoChildren. No 4.&nbsp;Consult\u00e9 le 04\/12\/2025. <a href=\"https:\/\/popups.uliege.be\/2034-8517\/index.php?id=1971#bodyftn56\">https:\/\/popups.uliege.be\/2034-8517\/index.php?id=1971#bodyftn56<\/a><\/p>\n\n\n\n<p>Antoine Philippe, 2018, la polygamie urbaine et la polygamie rurale au S\u00e9n\u00e9gal, dans Nouvelles dynamiques familiales en Afrique, sous la direction de Anne E Calves, Fatou Binetou Dial, Richard Marcoux, Soci\u00e9t\u00e9s africaine en mutation, Presses universitaire du Quebec<\/p>\n\n\n\n<p>Couty Philippe, Copens jans, travaux collectifs en milieu wolof mourides,dans&nbsp;Copans Jean,&nbsp;Couty Philippe,&nbsp;Roch Jean,&nbsp;Rocheteau Guy&nbsp;<em>Maintenance sociale et changement \u00e9conomique au S\u00e9n\u00e9gal : 1- Doctrine \u00e9conomique et pratique du travail chez les Mourides<\/em>&nbsp;ORSTOM (IRD) &#8211; aris : ORSTOM, 1972, p. 183-210 (Travaux et Documents de l&rsquo;ORSTOM ; 15)<br>disponible:&nbsp;<a href=\"https:\/\/www.documentation.ird.fr\/hor\/fdi:22246\" target=\"_blank\" rel=\"noreferrer noopener\">https:\/\/www.documentation.ird.fr\/hor\/fdi:22246<\/a><br>consult\u00e9 le 24\/08\/2023<\/p>\n\n\n\n<p>Cudeville Elisabeth, Gu\u00e9nard Charlotte, Robillard Anne Sophie, 2018, LA POLYGAMIE, LA COR\u00c9SIDENCE DES \u00c9POUX ET L\u2019OFFRE DE TRAVAIL DES FEMMES AU S\u00c9N\u00c9GAL QUE R\u00c9V\u00c8LENT LES DONN\u00c9ES DE L\u2019ENQU\u00caTE DE SUIVI DE LA PAUVRET\u00c9 AU S\u00c9N\u00c9GAL DE 2011? , dans Nouvelles dynamiques familiales en Afrique, sous la direction de Anne E Calves, Fatou Binetou Dial, Richard Marcoux, Soci\u00e9t\u00e9s africaine en mutation, Presses universitaire du Quebec<\/p>\n\n\n\n<p><a><\/a> Souleymane&nbsp;Diallo, MBagnick&nbsp;Faye&nbsp;et Hassan Bismarck&nbsp;Nacro, 2022, <strong>La variabilit\u00e9 pluviom\u00e9trique et ses impacts sur les rendements et les surfaces cultiv\u00e9es dans le bassin arachidier de la r\u00e9gion de Thi\u00e8s (S\u00e9n\u00e9gal), Vertigo. <\/strong><a href=\"https:\/\/doi.org\/10.4000\/vertigo.34710\">https:\/\/doi.org\/10.4000\/vertigo.34710<\/a><strong> .Consult\u00e9 le 31\/08\/2023<\/strong><\/p>\n\n\n\n<p>Diop Abdoulaye-Bara, La famille Wolof, Karthala<\/p>\n\n\n\n<p>Jacquemin m\u00e9lanie, Mogu\u00e9rou Laure, Diop Awa, Dial Fatou Binetou, 2018, C\u2019est elle qui doit tout g\u00e9rer, c\u2019est lui qui doit tout payer, Articulation vie familiale et vie professionnelle \u00e0 Dakar, dans Nouvelles dynamiques familiales en Afrique, sous la direction de Anne E Calves, Fatou Binetou Dial, Richard Marcoux, Soci\u00e9t\u00e9s africaine en mutation, Presses universitaire du Quebec<\/p>\n\n\n\n<p>N\u2019diaye Mari\u00e8me, 2018, L\u2019application du droit de la famille au prisme du genre, Les exemples du divorce et de la succession au Senegal, Dans Nouvelles dynamiques familiales en Afrique, sous la direction de Anne E Calves, Fatou Binetou Dial, Richard Marcoux, Soci\u00e9t\u00e9s africaine en mutation, Presses universitaire du Quebec<\/p>\n\n\n\n<p>Dial Fatou Bienetou, 2018, La prise en charge des personnes \u00e2g\u00e9es au S\u00e9n\u00e9gal, un portrait descriptif d\u2019un th\u00e9matique \u00e9mergeante, Dans Nouvelles dynamiques familiales en Afrique, sous la direction de Anne E Calves, Fatou Binetou Dial, Richard Marcoux, Soci\u00e9t\u00e9s africaine en mutation, Presses universitaire du Quebec<\/p>\n\n\n\n<p>Dial Fatou Binetou, 2008, Mariages et divorces \u00e0 Dakar, itin\u00e9raires f\u00e9minins, Karthala et Crepos<\/p>\n\n\n\n<p>Duboz, P., Macia, E., Gueye, L., Bo\u00ebtsch, G. &amp; Chapuis-Lucciani, N. (2011). Migrations internes au S\u00e9n\u00e9gal. Caract\u00e9ristiques socio\u00e9conomiques, d\u00e9mographiques et migratoires des Dakarois. Diversit\u00e9 urbaine, 11(2), 113\u2013135. https:\/\/doi.org\/10.7202\/1014687a<\/p>\n\n\n\n<p>Durand-Sall Delphine, La maison de ma m\u00e8re, de la patri-virilocalit\u00e9 au cycle domestique f\u00e9minin chez les Wolof, Journal des africanistes [en ligne], 91-1|2021, mis en ligne le 01 mai 2022, consult\u00e9 le 29 juillet 2023. URL&nbsp;: <a href=\"http:\/\/journal.openedition.org\/africanistes\/11049\">http:\/\/journal.openedition.org\/africanistes\/11049<\/a>; DOI&nbsp;: <a href=\"https:\/\/doi.org\/10.4000\/africanistes\">https:\/\/doi.org\/10.4000\/africanistes<\/a>. 11049<\/p>\n\n\n\n<p>Dupire Marguerite, 1990, Le mod\u00e8le Sereer Ndut de diversification des alliances et ses transformations, dans Les complexit\u00e9s de l\u2019Alliance (textes rassembl\u00e9s et pr\u00e9sent\u00e9s par H\u00e9ritier-Aug\u00e9 Fran\u00e7oise, Copet Rougier Elisabeth), les syst\u00e8mes semi-complexes, \u00e9ditions des archives contemporaines<\/p>\n\n\n\n<p>Fall Ababacar, \u00ab Du Ferlo au Bassin arachidier (S\u00e9n\u00e9gal) : analyse de la composition floristique de la v\u00e9g\u00e9tation envisag\u00e9e comme ressource et comme indicatrice des changements socio- environnementaux \u00bb, Physio-G\u00e9o [En ligne], Volume 11 | 2017, mis en ligne le 28 avril 2017, consult\u00e9 le<\/p>\n\n\n\n<p>19 ao\u00fbt 2023. URL :&nbsp;<a href=\"http:\/\/journals.openedition.org\/physio-geo\/5265\" target=\"_blank\" rel=\"noreferrer noopener\">http:\/\/journals.openedition.org\/physio-geo\/5265<\/a>&nbsp;; DOI :&nbsp;<a href=\"https:\/\/doi.org\/10.4000\/\" target=\"_blank\" rel=\"noreferrer noopener\">https:\/\/doi.org\/10.4000\/<\/a><\/p>\n\n\n\n<p>physio-geo.5265<\/p>\n\n\n\n<p>Kar anuja, Slavcheska Vanya, janvier 2019, Enqu\u00eate au N\u00e9pal et au S\u00e9n\u00e9gal&nbsp;: que deviennent les femmes quand les hommes quittent les exploitations agricoles, publi\u00e9 sur Banque Mondiale \u2026 Blog&nbsp;: <a href=\"https:\/\/blogs.worldbank.org\/fr\/voices\/que-deviennent-les-femmes-quand-les-hommes-quittent-les-exploitations-agricoles\">Enqu\u00eate au N\u00e9pal et au S\u00e9n\u00e9gal : que deviennent les femmes quand les hommes quittent les exploitations agricoles ? (worldbank.org)<\/a> consult\u00e9 le 31\/08\/2023<\/p>\n\n\n\n<p>Lampsar Sall Samba, Ndiadiane Ndiaye et les origines de l\u2019Empire Wolof, L\u2019harmattan<\/p>\n\n\n\n<p>MINISTERE DE L&rsquo;AGRICULTURE DIRECTION DE L&rsquo;AGRICULTURE BUREAU PEDOLOGIE DU SENEGAL, 1998, ETUDE SEMI-DETAILLEE DES SOLS DU BASS\u00cfN ARACHIDIER (ZONE DE KAFFRINE)&nbsp; , Dakar<br>disponible:&nbsp;<a href=\"https:\/\/edepot.wur.nl\/487351\" target=\"_blank\" rel=\"noreferrer noopener\">https:\/\/edepot.wur.nl\/487351<\/a>, consult\u00e9 le 23\/08\/2023<\/p>\n\n\n\n<p>Minist\u00e8re de l\u2019agriculture de l\u2019\u00e9quipement rural et de la souveraienet\u00e9 alimentaire du S\u00e9n\u00e9gal, tous les programmes&nbsp;: <a href=\"https:\/\/agriculture.gouv.sn\/projets-programmes\/\">Projets &amp; Programmes Archive &#8211; M.A.E.R.S.A (agriculture.gouv.sn)<\/a><br><br><\/p>\n\n\n\n<p>Ndiaye Lamine, 2009, Parent\u00e9 et mort chez les Wolof, Tradition et modernit\u00e9 au S\u00e9n\u00e9gal, Nouvelles \u00e9tudes anthropologiques, L\u2019Harmattan<\/p>\n\n\n\n<p>Nianti Kadit\u00e9, Trianneau Bour\u00e9, Dynamiques spatiales et mobilit\u00e9s paysannes&nbsp;: les relations agricultures\/\u00e9levage dans deux terroirs agro-pastoraux du Delta int\u00e9rieur du fleuve Niger (Mali) &#8230;<\/p>\n\n\n\n<p>P\u00e9lissier Paul, 1995, campagnes africaines en devenir, collection parcours et paroles, \u00e9ditions arguments<br><\/p>\n\n\n\n<p>Sidib\u00e9, M. (2003). La fid\u00e9lit\u00e9 au gnitatou bagane ou la constance des paysans wolof aux syst\u00e8mes de production extensifs. Les Cahiers d&rsquo;Outre-Mer, 224(4), 4-4. https:\/\/doi.org\/10.4000\/com.745.<\/p>\n\n\n\n<p>Sidib\u00e9 Mamady, 2017,<a href=\"https:\/\/books.openedition.org\/irdeditions\/10310\" target=\"_blank\" rel=\"noreferrer noopener\">Migrants de l\u2019arachide,<\/a>&nbsp;La conqu\u00eate de la for\u00eat class\u00e9e de Pata Casamance, S\u00e9n\u00e9gal, A travers champs, IRD \u00e9ditions, disponible:&nbsp;DOI&nbsp;:10.4000\/books.irdeditions.10304;&nbsp;<a href=\"https:\/\/books.openedition.org\/irdeditions\/10304\" target=\"_blank\" rel=\"noreferrer noopener\">https:\/\/books.openedition.org\/irdeditions\/10304<\/a>&nbsp;; consult\u00e9 le 23\/08\/2023<\/p>\n\n\n\n<p>Rabain-Jamin, J. (2003). Enfance, \u00e2ge et d\u00e9veloppement chez les Wolof du S\u00e9n\u00e9gal. L&rsquo;Homme, 167-168(3), 49-65. https:\/\/doi.org\/10.4000\/lhomme.21491.<\/p>\n\n\n\n<p>Rabain Jacqueline (1994), l\u2019enfant du lignage, du sevrage \u00e0 la classe d\u2019\u00e2ge, Payot, 1979<\/p>\n\n\n\n<p>Rocheteau Guy, soci\u00e9t\u00e9 wolof et mobilit\u00e9, dans Migrations s\u00e9n\u00e9galaises : 1. Le bassin arachidier, <em>Cahiers ORSTOM.S\u00e9rie Sciences Humaines<\/em>, 1975, 12 (1) consult\u00e9 en f\u00e9vrier 2021&nbsp;: <a href=\"https:\/\/www.documentation.ird.fr\/hor\/fdi:19962\">Soci\u00e9t\u00e9 Wolof et mobilit\u00e9- fdi:19962- Horizon (ird.fr)<\/a><\/p>\n\n\n\n<p>FAO. Base de donn\u00e9es Genre et le Droit \u00e0 la Terre, S\u00e9n\u00e9gal, droits inscrits dans la constitution. <a href=\"https:\/\/www.fao.org\/gender-landrights-database\/country-profiles\/listcountries\/nationallegalframework\/fr\/?country_iso3=SEN\">Cadre juridique national&nbsp;|&nbsp;Base de donn\u00e9es Genre et le Droit \u00e0 la Terre&nbsp;|&nbsp;Organisation des Nations Unies pour l&rsquo;alimentation et l&rsquo;agriculture (fao.org)<\/a><\/p>\n\n\n\n<h1 class=\"wp-block-heading\" style=\"font-size:15px\">Le Comit\u00e9 pour l&rsquo;\u00e9limination de la discrimination raciale examine le rapport du S\u00e9n\u00e9gal. <strong>15 ao\u00fbt 2012. <\/strong><a href=\"https:\/\/www.ohchr.org\/fr\/press-releases\/2012\/08\/committee-elimination-racial-discrimination-examines-report-senegal\">Le Comit\u00e9 pour l&rsquo;\u00e9limination de la discrimination raciale examine le rapport du S\u00e9n\u00e9gal | OHCHR<\/a><\/h1>\n\n\n\n<h1 class=\"wp-block-heading\" style=\"font-size:15px\">Divorce au S\u00e9n\u00e9gal : Rupture du lien conjugal, entre incidences morales et mat\u00e9rielles avec des proc\u00e9dures judiciaires complexes et m\u00e9connues. Dakar actu, 24 mai 2022 <a href=\"https:\/\/www.dakaractu.com\/Divorce-au-Senegal-Rupture-du-lien-conjugal-entre-incidences-morales-et-materielles-avec-des-procedures-judiciaires_a219115.html\">Divorce au S\u00e9n\u00e9gal : Rupture du lien conjugal, entre incidences morales et mat\u00e9rielles avec des proc\u00e9dures judiciaires complexes et m\u00e9connues. (dakaractu.com)<\/a><\/h1>\n\n\n\n<p>Todd emmanuel, L&rsquo;origine des syst\u00e8mes familiaux, t1 L&rsquo;Eurasie, Gallimard 2014<\/p>\n\n\n\n<p>GENERALITES ET AUTRES AMERIQUE DU SUD<\/p>\n\n\n\n<p>Arias Esteban Urizar: beaucoup de communications personnelles. Il travaille sur la langue. Et ne rencontre donc pas directement le travail des naturalistes dans ses r\u00e9flexions.<\/p>\n\n\n\n<p>Sheppard Glenn H. JR., Janvier 2022, Agony and Ecstasy in the Amazon: Tobacco and the hummingbird shamans of Peru, dans: https:\/\/chacruna.net\/tobacco-hummingbird-matsigenka-shamans-peru-amazon\/<\/p>\n\n\n\n<p>Glenn H. Shepard JR, A sensory ecology of medicinal plant therapy in two amazonian societies, dans American Anthropologist, Vol 106, Issue 2, pp 252-256, 2004<\/p>\n\n\n\n<p><br>Shepard, Glenn , Daly, Lewis, (2021). Sensory ecologies, plant-persons, and multinatural landscapes in Amazonia, V 100. 83-96.10.1139\/cjb-2021-0107<\/p>\n\n\n\n<p>Shepard, Glenn, pr\u00e9sentation des plantes utiles Machiguenga dans le Parc \u00ab\u00a0Manu, Peru: sur le site Living eden, \u00ab\u00a0Manu\u00a0\u00bb: https:\/\/www.pbs.org\/edens\/manu\/plants.htm<\/p>\n\n\n\n<p>Aguilar Panchi, Evelyn Michelle, Saetbyul Lee, Evgenia Brodetsky, and Matthias Urban (eds.). 2022. CINWA &#8211; Database of Cultivated plants and their names in the indigenous languages of South America. Version 1.0. Available online at cinwa.org. Accessed on 2023-11-22. http:\/\/cinwa.org\/<\/p>\n\n\n\n<p>Sol\u00eds Fonseca, Gustavo and Snell, Betty A. 2005. Tata Onkantakera Niagantsipage Anianeegiku: Diccionario Escolar Machiguenga. Lima: Instituto Ling\u00fc\u00edstico de Verano.<\/p>\n\n\n\n<p>Isendahl C. The Domestication and Early Spread of Manioc (Manihot Esculenta Crantz): A Brief Synthesis. <em>Latin American Antiquity<\/em>. 2011;22(4):452-468. doi:10.7183\/1045-6635.22.4.452&nbsp;<\/p>\n\n\n\n<p>ASIES<\/p>\n\n\n\n<p>De Padua Ludivina, Lugod Gregorio, Pancho Juan, Handbook on Philippine medicinal plants, Vol1+2, technical bulletin, Documentation and information section, Office of the director of the research, University of the Philippines at Los Banos, 1978<\/p>\n\n\n\n<p>Dy Phon, Pauline, Plantes utilis\u00e9es au Cambodge, 2000 (auto-\u00e9dition)<\/p>\n\n\n\n<p>Van Verschuer Charlotte, Le riz dans la culture du Heian, mythe et r\u00e9alit\u00e9, Coll\u00e8ge de France, Institut des Hautes \u00e9tudes japonaises, 2003<\/p>\n\n\n\n<p>He, Y., Zhang, K., Shi, Y. <em>et al.<\/em> Genomic insight into the origin, domestication, dispersal, diversification and human selection of Tartary buckwheat. <em>Genome Biol<\/em> <strong>25<\/strong>, 61 (2024). https:\/\/doi.org\/10.1186\/s13059-024-03203-z<\/p>\n\n\n\n<p>ABORTIVES<\/p>\n\n\n\n<p>Schiebinger Londa L, Plants and Empire, Colonial bioprospecting in the Atlantic world, Harvard University Press, 2004<\/p>\n\n\n\n<p><\/p>\n\n\n\n<p>LIGNEUX FOURRAGERS<\/p>\n\n\n\n<p>Gobin Alphonse, Guide pratique pour la culture des plantes fourrag\u00e8res, partie 1, Lacroix, 1865. Consultable sur Gallica: https:\/\/gallica.bnf.fr\/ark:\/12148\/bpt6k6547005r.texteImage<\/p>\n\n\n\n<p>Association Fran\u00e7aise d&rsquo;agroforesterie, Synth\u00e8se de donn\u00e9es sur les fourrages ligneux, Projet SORBIVOR, juin 2024<\/p>\n\n\n\n<p>Thi\u00e9bault St\u00e9phanie, 2005, L\u2019apport du fourrage d\u2019arbre dans l\u2019\u00e9levage depuis le N\u00e9olithique. Anthropozoologica 40(1) : 95-108<\/p>\n\n\n\n<p>REPRESENTATIONS DU BAOBAB, DU FROMAGER EN AFRIQUE DE L&rsquo;OUEST et Euphorbes.<\/p>\n\n\n\n<p>Diop N&rsquo;Diawar, 2021, Paak Ngawul (Baobab cimeti\u00e8re des griots): Tabous et interdits socioculturels, pr\u00e9jug\u00e9s et d\u00e9nigration sur Sunuker: https:\/\/sunuker.net\/%C6%A5aak-ngawul-baobab-cimetiere-des-griots-tabous-et-interdits-socioculturels-prejuges-et-denigrations\/<\/p>\n\n\n\n<p>Mane, O., Badiane, S. D., Niane, D. T., Sy, T. B., &amp; Deme, M. (2023). Caract\u00e9risation du Peuplement de Ceiba pentandra et Analyse de ses Fonctions Socio-Culturelles en milieu Diola (Basse-Casamance). <em>European Scientific Journal, ESJ<\/em>, <em>19<\/em>(41), 21. https:\/\/doi.org\/10.19044\/esj.2023.v19n41p21<\/p>\n\n\n\n<p>Larue Sebastien, L\u2019homme et l\u2019arbre chez les malink\u00e9 du S\u00e9n\u00e9gal oriental, <em>G\u00e9ographie et cultures<\/em>, 56, 2006.   <a href=\"https:\/\/doi.org\/10.4000\/gc.8499\">https:\/\/doi.org\/10.4000\/gc.8499<\/a><\/p>\n\n\n\n<p>Baumer Michel, 1995, Arbres, arbustes et arbrisseaux nourriciers en Afrique occidentale, Enda<\/p>\n\n\n\n<p>Alexander Lvingston-Smith et al, Manuel de terrain en Arch\u00e9ologie Africaine, Mus\u00e9e royal de l&rsquo;Afrique centrale, Tervuren, 2017: <a href=\"https:\/\/www.africamuseum.be\/docs\/publications\/FMAA\/fr\/LR\/FRA_FMA_Book_LR.pdf\">https:\/\/www.africamuseum.be\/docs\/publications\/FMAA\/fr\/LR\/FRA_FMA_Book_LR.pdf<\/a><\/p>\n\n\n\n<p>PISCICIDES:<\/p>\n\n\n\n<p>Kerhao J, Guichard F, Bouquet A, Les v\u00e9g\u00e9taux ichtyotoxiques, 2 \u00e8me partie, inventaire des poisons de p\u00eache, Biologie v\u00e9g\u00e9tale et mati\u00e8re m\u00e9dicale, Dans Extrait des Bulletins et m\u00e9moires de l&rsquo;\u00e9cole nationale de M\u00e9decine et de Pharmacie de Dakar, Tome VIII, 1960<\/p>\n\n\n\n<p>Acevedo-Rodriguez, The occurrence of Piscicides and stupefactants in the Plant Kingdom, dans Advances in Economoc Botany 8&nbsp;: 1-23, 1990, New-YorK Botanical Garden<\/p>\n\n\n\n<p>BOIS DE FLECHES:<\/p>\n\n\n\n<p><strong>Jean&nbsp;Sainty&nbsp;et Jean&nbsp;Marche<\/strong>,&nbsp;\u00ab&nbsp;Pointes de fl\u00e8che en fer forg\u00e9 du Moyen \u00c2ge&nbsp;: recherche exp\u00e9rimentale sur leur technique de fabrication&nbsp;\u00bb,&nbsp;<em>Revue arch\u00e9ologique de l\u2019Est<\/em>&nbsp;[En ligne], Tome 55&nbsp;|&nbsp;2006, mis en ligne le&nbsp;07 septembre 2008, consult\u00e9 le&nbsp;20 avril 2025.&nbsp;URL&nbsp;: http:\/\/journals.openedition.org\/rae\/994<\/p>\n\n\n\n<p>Cattelain Pierre, 2004, Apparition et \u00e9volution de l&rsquo;arc et des pointes de fl\u00e8ches dans la Pr\u00e9histoire europ\u00e9enne (Pal\u00e9olithique, M\u00e9solithique, N\u00e9olithique, dans Bulletin des Chercheurs de la Wallonie, XLIII, 2004, 11\u201327: Consult\u00e9 le 20\/04\/2025: https:\/\/leschercheursdelawallonie.be\/pdf\/bulletins\/Tome XLIII 2004\/bcw-43_pp.11-27.pdf?x22734<\/p>\n\n\n\n<p>Dagonneau: <a href=\"http:\/\/p.dagonneau.free.fr\/les_fleches_medievales.htm\">LES FLECHES MEDIEVALES<\/a><\/p>\n\n\n\n<p>AUTRES:<\/p>\n\n\n\n<p>Viegi et al, A review of plants uses in flok veterinary medicine in Italy as basis for a databank: https:\/\/d1wqtxts1xzle7.cloudfront.net\/31181437\/Viegi_et_al.2003-with-cover-page-v2.pdf?Expires= expir\u00e9<\/p>\n\n\n\n<p>Foucault Michel, Cours au Coll\u00e8ge de France 1977-1980, S\u00e9curit\u00e9 territoire population, Naissance de la Biopolitique, Du gouvernement des vivants, Hautes \u00e9tudes, ehess, Gallimard-Seuil<\/p>\n\n\n\n<p>Detienne Marcel, Les jardins d&rsquo;Adonis, Folio<\/p>\n\n\n\n<p>Descola Phillipe, Par del\u00e0 Nature et culture, FOlio<\/p>\n\n\n\n<p>HUMAIN CROISANT DES MOUSTIQUES<\/p>\n\n\n\n<p>A. Tarantola, F. Eltges, V. Ardillon, T. Lernout, D. Sissoko, E. Kendjo, A. Achirafi, J. Thiria, C. Flamand, E. D\u2019Ortenzio, S. Cohuet, I. Quatresous, P. Quenel, L. Filleul, M. Gastellu-Etchegorry, Le paludisme en France&nbsp;: m\u00e9tropole et outre-mer, M\u00e9decine et Maladies Infectieuses, Volume 41, Issue 6, 2011, Pages 301-306, ISSN 0399-077X, https:\/\/doi.org\/10.1016\/j.medmal.2011.02.004.(https:\/\/www.sciencedirect.com\/science\/article\/pii\/S0399077X11000576)<\/p>\n\n\n\n<p>SYLVIE LECOLLINET, DIDIER FONTENILLE, NONITO PAG\u00c8S, ANNA-BELLA FAILLOUX, 2022, Le moustique, ennemi public num\u00e9ro 1?, Enjeux et sciences, Quae, sous format PDF. DOI: http:\/\/doi.org\/10.35690\/978-2-7592-3598-8<\/p>\n\n\n\n<p>Vincent Robert, Filiz G\u00fcnay, Gilbert Le Goff, Philippe Bouss\u00e8s, Tatiana Sulesco, Alexei Khalin, Jolyon M. Medlock, Helge Kampen, Du\u0161an Petri\u0107, Francis Schaffner, Distribution chart for Euro-Mediterranean mosquitoes (western Palaearctic region), Journal of the European Mosquito Control Association 37: 1-28, 2019 : <a href=\"https:\/\/e-m-b.myspecies.info\/node\/1165\">Distribution chart for Euro-Mediterranean mosquitoes (western Palaearctic region) | Journal of the European Mosquito Control Association (myspecies.info)<\/a><\/p>\n\n\n\n<p>Identiciel IRD, EID M\u00e9diterran\u00e9e: Les moustiques d&rsquo;Europe au 06\/10\/2011: <a href=\"https:\/\/bioinfo-web.mpl.ird.fr\/identiciels\/culeurope\/html\/index.html\">Les moustiques d&rsquo;Europe au 06 10 2011 (ird.fr)<\/a><\/p>\n\n\n\n<p>HUMAINS CROISANT DU POLLEN.<\/p>\n\n\n\n<p>Hamy pauline, les plantes communes allerg\u00e8nes dans les jardins picards. Sciences pharmaceutiques 2015. Dumas-1366665. HAL Id: dumas-01366665 . https:\/\/dumas.ccsd.cnrs.fr\/dumas-01366665<\/p>\n\n\n\n<p>Allerdata: https:\/\/www.allerdata.com\/spip.php?rubrique41<\/p>\n\n\n\n<p><\/p>\n\n\n\n<p><strong>NOMENCLATURE, LEXICOGRAPHIE<\/strong><\/p>\n\n\n\n<p>[D&rsquo;autres documents peuvent \u00eatre cit\u00e9s plus haut]<\/p>\n\n\n\n<p>Sosef, Marc &amp; Degreef, J\u00e9r\u00f4me &amp; Engledow, Henry &amp; Meerts, Pierre. (2020). Classification botanique et nomenclature &#8211; une introduction. 10.5281\/zenodo.3706717.<\/p>\n\n\n\n<p>Fried G. et al, Revue Naturae  2024 (4), Analyse de la terminologie relative aux plantes vasculaires exog\u00e8nes : application \u00e0 l\u2019inventaire des arch\u00e9ophytes et n\u00e9ophytes de France hexagonale, MNHN<\/p>\n\n\n\n<p>Conservatoire botanique nationale de Brest. (bo\u00eete \u00e0 outil) Glossaire, guide des v\u00e9g\u00e9tations humides des Pays de la Loire: https:\/\/www.cbnbrest.fr\/observatoire-milieux\/boite-a-outils\/determination-milieux\/guide-zh-pdl\/glossaire-guide-zh-pdl<\/p>\n\n\n\n<p>Gillet Fran\u00e7ois, Foucault Bruno, Julve Phillipe, 1991, La phytosociologie synusiale int\u00e9gr\u00e9e: objets et concepts, Candollea, 46 : 315&#8211;340 : https:\/\/www.tela-botanica.org\/wp-content\/uploads\/2016\/10\/Candollea.pdf<\/p>\n\n\n\n<p>OFB, glossaire carto paysage, vol 1: https:\/\/professionnels.ofb.fr\/sites\/default\/files\/pdf\/documentation\/GP2017_Carto-paysage-vol1_A0-Glossaire.pdf<\/p>\n\n\n\n<p>Conservatoire botanique du bassin parisien. Glossaire du guide des v\u00e9g\u00e9taux, tome 2 : <a href=\"https:\/\/cbnbp.mnhn.fr\/cbnbp\/ressources\/telechargements\/Guide%20Vegetaux-Tome%202-glossaire%20taxons%20syntaxons-Web.pdf\">https:\/\/cbnbp.mnhn.fr\/cbnbp\/ressources\/telechargements\/Guide%20Vegetaux-Tome%202-glossaire%20taxons%20syntaxons-Web.pdf<\/a><\/p>\n\n\n\n<p>Bota et Phyto so flo, vocabulaire de phystosociologie et de syn\u00e9cologie: https:\/\/bota-phytoso-flo.blogspot.com\/2014\/09\/vocabulaire-de-phytosiologie-et-de.html<\/p>\n\n\n\n<p>MISCELLANEE DE LA LEXICOGRAPHIE:<\/p>\n\n\n\n<p>A new spatial mechanism for coexistence: Hidden patterns in tree distribution stabilize<br>biodiversity in forests (2025, February 26) retrieved 7 April 2025 from: https:\/\/phys.org\/news\/2025-02-spatial-mechanism-coexistence-hidden-patterns.html<\/p>\n\n\n\n<p>Berthet Melissa, Les bonobos font des phrases (presque) comme nous, The conversation, 3 avril 2025: https:\/\/theconversation.com\/les-bonobos-font-des-phrases-presque-comme-nous-253648<\/p>\n\n\n\n<p>Berthet et al, Extensive compositionality in the vocal system of bonobos, Science 388, Issue 6742, 104\u2013108 (2025). <a href=\"https:\/\/doi.org\/10.1126\/science.adv1170\" target=\"_blank\" rel=\"noreferrer noopener\">https:\/\/doi.org\/10.1126\/science.adv117<\/a><\/p>\n\n\n\n<p>De Wever Patrick, Bizarrerie arch\u00e9ologiques bretonnes: les murs vitrifi\u00e9s. Sur le site du MNHN, dans les pages histoire de la terre: <a href=\"https:\/\/www.mnhn.fr\/fr\/bizarreries-archeologiques-bretonnes-les-murs-vitrifies\">https:\/\/www.mnhn.fr\/fr\/bizarreries-archeologiques-bretonnes-les-murs-vitrifies<\/a><\/p>\n","protected":false},"excerpt":{"rendered":"<p>Tous d&rsquo;abord, les gune, bienvenue par ici dans le coin des enfants! Quelques billets montrent les graines: semences et fruits. Quelques billets montrent des plantes dans les tous premiers stades: Plantules, semis et pousses. Egalement lien vers les plantes envahissantes dite EEE. Economie des plantes, th\u00e8mes transverses: Abortives, P\u00eaches \u00e0 la nivr\u00e9e europ\u00e9ennes, Rituels fun\u00e9raires,&#8230;<\/p>\n","protected":false},"author":1,"featured_media":0,"parent":0,"menu_order":0,"comment_status":"closed","ping_status":"closed","template":"","meta":{"footnotes":""},"class_list":["post-324","page","type-page","status-publish","hentry"],"yoast_head":"<!-- This site is optimized with the Yoast SEO plugin v27.4 - https:\/\/yoast.com\/product\/yoast-seo-wordpress\/ -->\n<title>Index des plantes et bibliographie. Index des plantes. Bibliographie Le Compagnon rouge<\/title>\n<meta name=\"description\" content=\"Acc\u00e9der ici plus simplement aux esp\u00e8ces selon une liste organis\u00e9e syst\u00e9matiquement. Index des plantes et bibliographie\" \/>\n<meta name=\"robots\" content=\"index, follow, max-snippet:-1, max-image-preview:large, max-video-preview:-1\" \/>\n<link rel=\"canonical\" href=\"https:\/\/lecompagnonrouge.fr\/?page_id=324\" \/>\n<meta property=\"og:locale\" content=\"fr_FR\" \/>\n<meta property=\"og:type\" content=\"article\" \/>\n<meta property=\"og:title\" content=\"Index des plantes et bibliographie. Index des plantes. Bibliographie Le Compagnon rouge\" \/>\n<meta property=\"og:description\" content=\"Acc\u00e9der ici plus simplement aux esp\u00e8ces selon une liste organis\u00e9e syst\u00e9matiquement. Index des plantes et bibliographie\" \/>\n<meta property=\"og:url\" content=\"https:\/\/lecompagnonrouge.fr\/?page_id=324\" \/>\n<meta property=\"og:site_name\" content=\"Le Compagnon rouge\" \/>\n<meta property=\"article:modified_time\" content=\"2026-03-21T09:01:17+00:00\" \/>\n<meta property=\"og:image\" content=\"https:\/\/lecompagnonrouge.fr\/wp-content\/uploads\/2022\/03\/acanthusflor1.jpg\" \/>\n\t<meta property=\"og:image:width\" content=\"709\" \/>\n\t<meta property=\"og:image:height\" content=\"471\" \/>\n\t<meta property=\"og:image:type\" content=\"image\/jpeg\" \/>\n<meta name=\"twitter:card\" content=\"summary_large_image\" \/>\n<meta name=\"twitter:label1\" content=\"Dur\u00e9e de lecture est.\" \/>\n\t<meta name=\"twitter:data1\" content=\"65 minutes\" \/>\n<script type=\"application\/ld+json\" class=\"yoast-schema-graph\">{\"@context\":\"https:\\\/\\\/schema.org\",\"@graph\":[{\"@type\":[\"WebPage\",\"CollectionPage\"],\"@id\":\"https:\\\/\\\/lecompagnonrouge.fr\\\/?page_id=324\",\"url\":\"https:\\\/\\\/lecompagnonrouge.fr\\\/?page_id=324\",\"name\":\"Index des plantes et bibliographie. Index des plantes. Bibliographie Le Compagnon rouge\",\"isPartOf\":{\"@id\":\"https:\\\/\\\/lecompagnonrouge.fr\\\/#website\"},\"primaryImageOfPage\":{\"@id\":\"https:\\\/\\\/lecompagnonrouge.fr\\\/?page_id=324#primaryimage\"},\"image\":{\"@id\":\"https:\\\/\\\/lecompagnonrouge.fr\\\/?page_id=324#primaryimage\"},\"thumbnailUrl\":\"https:\\\/\\\/lecompagnonrouge.fr\\\/wp-content\\\/uploads\\\/2022\\\/03\\\/acanthusflor1.jpg\",\"datePublished\":\"2022-03-19T14:38:26+00:00\",\"dateModified\":\"2026-03-21T09:01:17+00:00\",\"description\":\"Acc\u00e9der ici plus simplement aux esp\u00e8ces selon une liste organis\u00e9e syst\u00e9matiquement. Index des plantes et bibliographie\",\"breadcrumb\":{\"@id\":\"https:\\\/\\\/lecompagnonrouge.fr\\\/?page_id=324#breadcrumb\"},\"inLanguage\":\"fr-BE\"},{\"@type\":\"ImageObject\",\"inLanguage\":\"fr-BE\",\"@id\":\"https:\\\/\\\/lecompagnonrouge.fr\\\/?page_id=324#primaryimage\",\"url\":\"https:\\\/\\\/lecompagnonrouge.fr\\\/wp-content\\\/uploads\\\/2022\\\/03\\\/acanthusflor1.jpg\",\"contentUrl\":\"https:\\\/\\\/lecompagnonrouge.fr\\\/wp-content\\\/uploads\\\/2022\\\/03\\\/acanthusflor1.jpg\",\"width\":709,\"height\":471,\"caption\":\"00100000\"},{\"@type\":\"BreadcrumbList\",\"@id\":\"https:\\\/\\\/lecompagnonrouge.fr\\\/?page_id=324#breadcrumb\",\"itemListElement\":[{\"@type\":\"ListItem\",\"position\":1,\"name\":\"Accueil\",\"item\":\"https:\\\/\\\/lecompagnonrouge.fr\\\/\"},{\"@type\":\"ListItem\",\"position\":2,\"name\":\"Index des plantes et bibliographie.\"}]},{\"@type\":\"WebSite\",\"@id\":\"https:\\\/\\\/lecompagnonrouge.fr\\\/#website\",\"url\":\"https:\\\/\\\/lecompagnonrouge.fr\\\/\",\"name\":\"Le Compagnon rouge\",\"description\":\"M\u00e9morandum.\",\"publisher\":{\"@id\":\"https:\\\/\\\/lecompagnonrouge.fr\\\/#\\\/schema\\\/person\\\/0025018a342b92eacca6f1e4c968a154\"},\"potentialAction\":[{\"@type\":\"SearchAction\",\"target\":{\"@type\":\"EntryPoint\",\"urlTemplate\":\"https:\\\/\\\/lecompagnonrouge.fr\\\/?s={search_term_string}\"},\"query-input\":{\"@type\":\"PropertyValueSpecification\",\"valueRequired\":true,\"valueName\":\"search_term_string\"}}],\"inLanguage\":\"fr-BE\"},{\"@type\":[\"Person\",\"Organization\"],\"@id\":\"https:\\\/\\\/lecompagnonrouge.fr\\\/#\\\/schema\\\/person\\\/0025018a342b92eacca6f1e4c968a154\",\"name\":\"R1\",\"image\":{\"@type\":\"ImageObject\",\"inLanguage\":\"fr-BE\",\"@id\":\"https:\\\/\\\/lecompagnonrouge.fr\\\/wp-content\\\/uploads\\\/2022\\\/03\\\/identit.jpg\",\"url\":\"https:\\\/\\\/lecompagnonrouge.fr\\\/wp-content\\\/uploads\\\/2022\\\/03\\\/identit.jpg\",\"contentUrl\":\"https:\\\/\\\/lecompagnonrouge.fr\\\/wp-content\\\/uploads\\\/2022\\\/03\\\/identit.jpg\",\"width\":425,\"height\":545,\"caption\":\"R1\"},\"logo\":{\"@id\":\"https:\\\/\\\/lecompagnonrouge.fr\\\/wp-content\\\/uploads\\\/2022\\\/03\\\/identit.jpg\"},\"sameAs\":[\"http:\\\/\\\/lecompagnonrouge.fr\"]}]}<\/script>\n<!-- \/ Yoast SEO plugin. -->","yoast_head_json":{"title":"Index des plantes et bibliographie. Index des plantes. Bibliographie Le Compagnon rouge","description":"Acc\u00e9der ici plus simplement aux esp\u00e8ces selon une liste organis\u00e9e syst\u00e9matiquement. Index des plantes et bibliographie","robots":{"index":"index","follow":"follow","max-snippet":"max-snippet:-1","max-image-preview":"max-image-preview:large","max-video-preview":"max-video-preview:-1"},"canonical":"https:\/\/lecompagnonrouge.fr\/?page_id=324","og_locale":"fr_FR","og_type":"article","og_title":"Index des plantes et bibliographie. Index des plantes. Bibliographie Le Compagnon rouge","og_description":"Acc\u00e9der ici plus simplement aux esp\u00e8ces selon une liste organis\u00e9e syst\u00e9matiquement. Index des plantes et bibliographie","og_url":"https:\/\/lecompagnonrouge.fr\/?page_id=324","og_site_name":"Le Compagnon rouge","article_modified_time":"2026-03-21T09:01:17+00:00","og_image":[{"width":709,"height":471,"url":"https:\/\/lecompagnonrouge.fr\/wp-content\/uploads\/2022\/03\/acanthusflor1.jpg","type":"image\/jpeg"}],"twitter_card":"summary_large_image","twitter_misc":{"Dur\u00e9e de lecture est.":"65 minutes"},"schema":{"@context":"https:\/\/schema.org","@graph":[{"@type":["WebPage","CollectionPage"],"@id":"https:\/\/lecompagnonrouge.fr\/?page_id=324","url":"https:\/\/lecompagnonrouge.fr\/?page_id=324","name":"Index des plantes et bibliographie. Index des plantes. Bibliographie Le Compagnon rouge","isPartOf":{"@id":"https:\/\/lecompagnonrouge.fr\/#website"},"primaryImageOfPage":{"@id":"https:\/\/lecompagnonrouge.fr\/?page_id=324#primaryimage"},"image":{"@id":"https:\/\/lecompagnonrouge.fr\/?page_id=324#primaryimage"},"thumbnailUrl":"https:\/\/lecompagnonrouge.fr\/wp-content\/uploads\/2022\/03\/acanthusflor1.jpg","datePublished":"2022-03-19T14:38:26+00:00","dateModified":"2026-03-21T09:01:17+00:00","description":"Acc\u00e9der ici plus simplement aux esp\u00e8ces selon une liste organis\u00e9e syst\u00e9matiquement. Index des plantes et bibliographie","breadcrumb":{"@id":"https:\/\/lecompagnonrouge.fr\/?page_id=324#breadcrumb"},"inLanguage":"fr-BE"},{"@type":"ImageObject","inLanguage":"fr-BE","@id":"https:\/\/lecompagnonrouge.fr\/?page_id=324#primaryimage","url":"https:\/\/lecompagnonrouge.fr\/wp-content\/uploads\/2022\/03\/acanthusflor1.jpg","contentUrl":"https:\/\/lecompagnonrouge.fr\/wp-content\/uploads\/2022\/03\/acanthusflor1.jpg","width":709,"height":471,"caption":"00100000"},{"@type":"BreadcrumbList","@id":"https:\/\/lecompagnonrouge.fr\/?page_id=324#breadcrumb","itemListElement":[{"@type":"ListItem","position":1,"name":"Accueil","item":"https:\/\/lecompagnonrouge.fr\/"},{"@type":"ListItem","position":2,"name":"Index des plantes et bibliographie."}]},{"@type":"WebSite","@id":"https:\/\/lecompagnonrouge.fr\/#website","url":"https:\/\/lecompagnonrouge.fr\/","name":"Le Compagnon rouge","description":"M\u00e9morandum.","publisher":{"@id":"https:\/\/lecompagnonrouge.fr\/#\/schema\/person\/0025018a342b92eacca6f1e4c968a154"},"potentialAction":[{"@type":"SearchAction","target":{"@type":"EntryPoint","urlTemplate":"https:\/\/lecompagnonrouge.fr\/?s={search_term_string}"},"query-input":{"@type":"PropertyValueSpecification","valueRequired":true,"valueName":"search_term_string"}}],"inLanguage":"fr-BE"},{"@type":["Person","Organization"],"@id":"https:\/\/lecompagnonrouge.fr\/#\/schema\/person\/0025018a342b92eacca6f1e4c968a154","name":"R1","image":{"@type":"ImageObject","inLanguage":"fr-BE","@id":"https:\/\/lecompagnonrouge.fr\/wp-content\/uploads\/2022\/03\/identit.jpg","url":"https:\/\/lecompagnonrouge.fr\/wp-content\/uploads\/2022\/03\/identit.jpg","contentUrl":"https:\/\/lecompagnonrouge.fr\/wp-content\/uploads\/2022\/03\/identit.jpg","width":425,"height":545,"caption":"R1"},"logo":{"@id":"https:\/\/lecompagnonrouge.fr\/wp-content\/uploads\/2022\/03\/identit.jpg"},"sameAs":["http:\/\/lecompagnonrouge.fr"]}]}},"_links":{"self":[{"href":"https:\/\/lecompagnonrouge.fr\/index.php?rest_route=\/wp\/v2\/pages\/324","targetHints":{"allow":["GET"]}}],"collection":[{"href":"https:\/\/lecompagnonrouge.fr\/index.php?rest_route=\/wp\/v2\/pages"}],"about":[{"href":"https:\/\/lecompagnonrouge.fr\/index.php?rest_route=\/wp\/v2\/types\/page"}],"author":[{"embeddable":true,"href":"https:\/\/lecompagnonrouge.fr\/index.php?rest_route=\/wp\/v2\/users\/1"}],"replies":[{"embeddable":true,"href":"https:\/\/lecompagnonrouge.fr\/index.php?rest_route=%2Fwp%2Fv2%2Fcomments&post=324"}],"version-history":[{"count":708,"href":"https:\/\/lecompagnonrouge.fr\/index.php?rest_route=\/wp\/v2\/pages\/324\/revisions"}],"predecessor-version":[{"id":11818,"href":"https:\/\/lecompagnonrouge.fr\/index.php?rest_route=\/wp\/v2\/pages\/324\/revisions\/11818"}],"wp:attachment":[{"href":"https:\/\/lecompagnonrouge.fr\/index.php?rest_route=%2Fwp%2Fv2%2Fmedia&parent=324"}],"curies":[{"name":"wp","href":"https:\/\/api.w.org\/{rel}","templated":true}]}}